{"id":89862,"date":"2024-01-23T18:22:45","date_gmt":"2024-01-24T00:22:45","guid":{"rendered":"https:\/\/programadestinosmexico.com\/?page_id=89862"},"modified":"2025-09-08T13:47:58","modified_gmt":"2025-09-08T19:47:58","slug":"fiestas-y-eventos-en-septiembre","status":"publish","type":"page","link":"https:\/\/programadestinosmexico.com\/en\/fiestas-y-eventos-en-septiembre\/","title":{"rendered":"Fiestas y Eventos en Septiembre"},"content":{"rendered":"<div data-elementor-type=\"wp-post\" data-elementor-id=\"89862\" class=\"elementor elementor-89862\" data-elementor-post-type=\"page\">\n\t\t\t\t\t\t<section class=\"elementor-section elementor-top-section elementor-element elementor-element-262f7890 elementor-section-full_width elementor-hidden-mobile elementor-section-height-default elementor-section-height-default\" data-id=\"262f7890\" data-element_type=\"section\" data-e-type=\"section\" data-settings=\"{&quot;jet_parallax_layout_list&quot;:[]}\">\n\t\t\t\t\t\t<div class=\"elementor-container elementor-column-gap-default\">\n\t\t\t\t\t<div class=\"elementor-column elementor-col-100 elementor-top-column elementor-element elementor-element-c27901e\" data-id=\"c27901e\" data-element_type=\"column\" data-e-type=\"column\">\n\t\t\t<div class=\"elementor-widget-wrap elementor-element-populated\">\n\t\t\t\t\t\t<div class=\"elementor-element elementor-element-2ee1e0ba elementor-hidden-mobile elementor-widget elementor-widget-jet-slider\" data-id=\"2ee1e0ba\" data-element_type=\"widget\" data-e-type=\"widget\" data-settings=\"{&quot;slider_height&quot;:{&quot;unit&quot;:&quot;px&quot;,&quot;size&quot;:552,&quot;sizes&quot;:[]},&quot;slider_height_tablet&quot;:{&quot;unit&quot;:&quot;px&quot;,&quot;size&quot;:&quot;&quot;,&quot;sizes&quot;:[]},&quot;slider_height_mobile&quot;:{&quot;unit&quot;:&quot;px&quot;,&quot;size&quot;:&quot;&quot;,&quot;sizes&quot;:[]}}\" data-widget_type=\"jet-slider.default\">\n\t\t\t\t<div class=\"elementor-widget-container\">\n\t\t\t\t\t<div class=\"elementor-jet-slider jet-elements\">\n<div class=\"jet-slider jet-slider__image-exact\" data-settings='{&quot;sliderWidth&quot;:1,&quot;sliderHeight&quot;:1,&quot;sliderNavigation&quot;:false,&quot;sliderNavigationIcon&quot;:&quot;jet-slider__arrow-icon-2ee1e0ba&quot;,&quot;sliderNaviOnHover&quot;:false,&quot;sliderPagination&quot;:false,&quot;sliderAutoplay&quot;:true,&quot;sliderAutoplayDelay&quot;:5000,&quot;sliderAutoplayOnHover&quot;:&quot;pause&quot;,&quot;sliderFullScreen&quot;:false,&quot;sliderFullscreenIcon&quot;:&quot;jet-slider__fullscreen-icon-2ee1e0ba&quot;,&quot;sliderShuffle&quot;:false,&quot;sliderLoop&quot;:true,&quot;sliderFadeMode&quot;:false,&quot;slideDistance&quot;:1,&quot;slideDuration&quot;:500,&quot;imageScaleMode&quot;:&quot;exact&quot;,&quot;thumbnails&quot;:false,&quot;thumbnailWidth&quot;:120,&quot;thumbnailHeight&quot;:80,&quot;rightToLeft&quot;:false,&quot;touchswipe&quot;:true,&quot;fractionPag&quot;:false,&quot;fractionPrefix&quot;:&quot;&quot;,&quot;fractionSeparator&quot;:&quot;\\\/&quot;,&quot;fractionSuffix&quot;:&quot;&quot;,&quot;autoSliderHeight&quot;:false}'>\n\t\n<div  class=\"slider-pro\">\n\t<div class=\"jet-slider__arrow-icon-2ee1e0ba hidden-html\"><\/div><div class=\"jet-slider__fullscreen-icon-2ee1e0ba hidden-html\"><\/div>\t<div class=\"jet-slider__items sp-slides\">\n\n\n<div  class=\"jet-slider__item sp-slide elementor-repeater-item-35bb368\"><img decoding=\"async\" class=\"sp-image\" src=\"https:\/\/programadestinosmexico.com\/wp-content\/uploads\/2024\/01\/SEPTIEMBRE-FIESTAS-Y-EVENTOS-1-scaled.jpg\" alt=\"SEPTIEMBRE-FIESTAS-Y-EVENTOS\" loading=\"lazy\"><div class=\"jet-slider__content sp-layer\" data-position=\"centerCenter\" data-width=\"100%\" data-height=\"100%\" data-horizontal=\"0%\" data-show-transition=\"up\" data-show-duration=\"400\" data-show-delay=\"400\" >\n\t\t<div class=\"jet-slider__content-item\">\n\t\t\t<div class=\"jet-slider__content-inner\"> \n\n\t\t\t\t\t\t<div class=\"jet-slider__button-wrapper\">\t\t\t\t\t\t<\/div><\/div>\n\t\t<\/div>\n\t\t\t<\/div>\n<\/div>\n\n<\/div>\n<\/div>\n<\/div>\n<\/div>\t\t\t\t<\/div>\n\t\t\t\t<\/div>\n\t\t\t\t\t<\/div>\n\t\t<\/div>\n\t\t\t\t\t<\/div>\n\t\t<\/section>\n\t\t\t\t<section class=\"elementor-section elementor-top-section elementor-element elementor-element-31add36 elementor-section-full_width elementor-hidden-desktop elementor-hidden-tablet elementor-section-height-default elementor-section-height-default\" data-id=\"31add36\" data-element_type=\"section\" data-e-type=\"section\" data-settings=\"{&quot;jet_parallax_layout_list&quot;:[]}\">\n\t\t\t\t\t\t<div class=\"elementor-container elementor-column-gap-default\">\n\t\t\t\t\t<div class=\"elementor-column elementor-col-100 elementor-top-column elementor-element elementor-element-db5ce37\" data-id=\"db5ce37\" data-element_type=\"column\" data-e-type=\"column\">\n\t\t\t<div class=\"elementor-widget-wrap elementor-element-populated\">\n\t\t\t\t\t\t<div class=\"elementor-element elementor-element-0713f36 elementor-widget elementor-widget-jet-slider\" data-id=\"0713f36\" data-element_type=\"widget\" data-e-type=\"widget\" data-settings=\"{&quot;slider_height&quot;:{&quot;unit&quot;:&quot;px&quot;,&quot;size&quot;:552,&quot;sizes&quot;:[]},&quot;slider_height_tablet&quot;:{&quot;unit&quot;:&quot;px&quot;,&quot;size&quot;:&quot;&quot;,&quot;sizes&quot;:[]},&quot;slider_height_mobile&quot;:{&quot;unit&quot;:&quot;px&quot;,&quot;size&quot;:&quot;&quot;,&quot;sizes&quot;:[]}}\" data-widget_type=\"jet-slider.default\">\n\t\t\t\t<div class=\"elementor-widget-container\">\n\t\t\t\t\t<div class=\"elementor-jet-slider jet-elements\">\n<div class=\"jet-slider jet-slider__image-exact\" data-settings='{&quot;sliderWidth&quot;:1,&quot;sliderHeight&quot;:1,&quot;sliderNavigation&quot;:false,&quot;sliderNavigationIcon&quot;:&quot;jet-slider__arrow-icon-0713f36&quot;,&quot;sliderNaviOnHover&quot;:false,&quot;sliderPagination&quot;:false,&quot;sliderAutoplay&quot;:true,&quot;sliderAutoplayDelay&quot;:5000,&quot;sliderAutoplayOnHover&quot;:&quot;pause&quot;,&quot;sliderFullScreen&quot;:false,&quot;sliderFullscreenIcon&quot;:&quot;jet-slider__fullscreen-icon-0713f36&quot;,&quot;sliderShuffle&quot;:false,&quot;sliderLoop&quot;:true,&quot;sliderFadeMode&quot;:false,&quot;slideDistance&quot;:1,&quot;slideDuration&quot;:500,&quot;imageScaleMode&quot;:&quot;exact&quot;,&quot;thumbnails&quot;:false,&quot;thumbnailWidth&quot;:120,&quot;thumbnailHeight&quot;:80,&quot;rightToLeft&quot;:false,&quot;touchswipe&quot;:true,&quot;fractionPag&quot;:false,&quot;fractionPrefix&quot;:&quot;&quot;,&quot;fractionSeparator&quot;:&quot;\\\/&quot;,&quot;fractionSuffix&quot;:&quot;&quot;,&quot;autoSliderHeight&quot;:false}'>\n\t\n<div  class=\"slider-pro\">\n\t<div class=\"jet-slider__arrow-icon-0713f36 hidden-html\"><\/div><div class=\"jet-slider__fullscreen-icon-0713f36 hidden-html\"><\/div>\t<div class=\"jet-slider__items sp-slides\">\n\n\n<div  class=\"jet-slider__item sp-slide elementor-repeater-item-35bb368\"><img decoding=\"async\" class=\"sp-image\" src=\"https:\/\/programadestinosmexico.com\/wp-content\/uploads\/2024\/01\/SEPTIEMBRE-FIESTAS-Y-EVENTOS-1-scaled.jpg\" alt=\"SEPTIEMBRE-FIESTAS-Y-EVENTOS\" loading=\"lazy\"><div class=\"jet-slider__content sp-layer\" data-position=\"centerCenter\" data-width=\"100%\" data-height=\"100%\" data-horizontal=\"0%\" data-show-transition=\"up\" data-show-duration=\"400\" data-show-delay=\"400\" >\n\t\t<div class=\"jet-slider__content-item\">\n\t\t\t<div class=\"jet-slider__content-inner\"> \n\n\t\t\t\t\t\t<div class=\"jet-slider__button-wrapper\">\t\t\t\t\t\t<\/div><\/div>\n\t\t<\/div>\n\t\t\t<\/div>\n<\/div>\n\n<\/div>\n<\/div>\n<\/div>\n<\/div>\t\t\t\t<\/div>\n\t\t\t\t<\/div>\n\t\t\t\t\t<\/div>\n\t\t<\/div>\n\t\t\t\t\t<\/div>\n\t\t<\/section>\n\t\t<div class=\"elementor-element elementor-element-23c25ed e-flex e-con-boxed elementor-invisible e-con e-parent\" data-id=\"23c25ed\" data-element_type=\"container\" data-e-type=\"container\" data-settings=\"{&quot;jet_parallax_layout_list&quot;:[],&quot;animation&quot;:&quot;fadeInUp&quot;}\">\n\t\t\t\t\t<div class=\"e-con-inner\">\n\t\t\t\t<div class=\"elementor-element elementor-element-1ca2473 elementor-widget elementor-widget-jet-accordion\" data-id=\"1ca2473\" data-element_type=\"widget\" data-e-type=\"widget\" data-widget_type=\"jet-accordion.default\">\n\t\t\t\t<div class=\"elementor-widget-container\">\n\t\t\t\t\t\t\t\t\t<div class=\"jet-accordion\" data-settings=\"{&quot;collapsible&quot;:false,&quot;ajaxTemplate&quot;:false,&quot;switchScrolling&quot;:false,&quot;switchScrollingOffset&quot;:0,&quot;switchScrollingDelay&quot;:500}\">\n\t\t\t<div class=\"jet-accordion__inner\">\n\t\t\t\t<div class=\"jet-accordion__item jet-toggle jet-toggle-move-up-effect\">\n\t\t\t\t\t\t\t<div id=\"jet-toggle-control-3001\" class=\"jet-toggle__control elementor-menu-anchor\" data-toggle=\"1\" role=\"button\" tabindex=\"0\" aria-controls=\"jet-toggle-content-3001\" aria-expanded=\"false\" data-template-id=\"89261\">\n\t\t\t\t\t\t\t\t<div class=\"jet-toggle__label-icon jet-toggle-icon-position-left\"><span class=\"jet-toggle__icon icon-normal jet-tabs-icon\"><i class=\"fas fa-plus\"><\/i><\/span><span class=\"jet-toggle__icon icon-active jet-tabs-icon\"><i class=\"fas fa-minus\"><\/i><\/span><\/div><div class=\"jet-toggle__label-text\">DISCOVER THE FESTIVALS, FAIRS, AND EVENTS OF MEXICO<\/div>\t\t\t\t\t\t\t<\/div>\n\t\t\t\t\t\t\t<div id=\"jet-toggle-content-3001\" class=\"jet-toggle__content\" data-toggle=\"1\" role=\"region\" data-template-id=\"89261\">\n\t\t\t\t\t\t\t\t<div class=\"jet-toggle__content-inner\">\t\t<div data-elementor-type=\"section\" data-elementor-id=\"89261\" class=\"elementor elementor-89261\" data-elementor-post-type=\"elementor_library\">\n\t\t\t<div class=\"elementor-element elementor-element-9d43558 elementor-hidden-mobile e-flex e-con-boxed e-con e-parent\" data-id=\"9d43558\" data-element_type=\"container\" data-e-type=\"container\" data-settings=\"{&quot;jet_parallax_layout_list&quot;:[]}\">\n\t\t\t\t\t<div class=\"e-con-inner\">\n\t\t<div class=\"elementor-element elementor-element-53c0950 e-con-full e-flex e-con e-child\" data-id=\"53c0950\" data-element_type=\"container\" data-e-type=\"container\" data-settings=\"{&quot;background_background&quot;:&quot;classic&quot;,&quot;jet_parallax_layout_list&quot;:[]}\">\n\t\t<div class=\"elementor-element elementor-element-4ba0f18 e-flex e-con-boxed e-con e-child\" data-id=\"4ba0f18\" data-element_type=\"container\" data-e-type=\"container\" data-settings=\"{&quot;background_background&quot;:&quot;classic&quot;,&quot;jet_parallax_layout_list&quot;:[]}\">\n\t\t\t\t\t<div class=\"e-con-inner\">\n\t\t\t\t<div class=\"elementor-element elementor-element-5ce528a elementor-widget elementor-widget-heading\" data-id=\"5ce528a\" data-element_type=\"widget\" data-e-type=\"widget\" data-widget_type=\"heading.default\">\n\t\t\t\t<div class=\"elementor-widget-container\">\n\t\t\t\t\t<h2 class=\"elementor-heading-title elementor-size-default\">September<\/h2>\t\t\t\t<\/div>\n\t\t\t\t<\/div>\n\t\t\t\t\t<\/div>\n\t\t\t\t<\/div>\n\t\t\t\t<div class=\"elementor-element elementor-element-141f390 elementor-widget elementor-widget-image\" data-id=\"141f390\" data-element_type=\"widget\" data-e-type=\"widget\" data-widget_type=\"image.default\">\n\t\t\t\t<div class=\"elementor-widget-container\">\n\t\t\t\t\t\t\t\t\t\t\t\t\t\t\t\t<a href=\"https:\/\/programadestinosmexico.com\/en\/fiestas-y-eventos-en-septiembre\/\">\n\t\t\t\t\t\t\t<img fetchpriority=\"high\" decoding=\"async\" width=\"768\" height=\"510\" src=\"https:\/\/programadestinosmexico.com\/wp-content\/uploads\/2024\/01\/SEPTIEMBRE-FIESTAS-Y-EVENTOS-768x510.jpg\" class=\"attachment-medium_large size-medium_large wp-image-89781\" alt=\"\" srcset=\"https:\/\/programadestinosmexico.com\/wp-content\/uploads\/2024\/01\/SEPTIEMBRE-FIESTAS-Y-EVENTOS-768x510.jpg 768w, https:\/\/programadestinosmexico.com\/wp-content\/uploads\/2024\/01\/SEPTIEMBRE-FIESTAS-Y-EVENTOS-300x199.jpg 300w, https:\/\/programadestinosmexico.com\/wp-content\/uploads\/2024\/01\/SEPTIEMBRE-FIESTAS-Y-EVENTOS-1024x680.jpg 1024w, https:\/\/programadestinosmexico.com\/wp-content\/uploads\/2024\/01\/SEPTIEMBRE-FIESTAS-Y-EVENTOS-1536x1020.jpg 1536w, https:\/\/programadestinosmexico.com\/wp-content\/uploads\/2024\/01\/SEPTIEMBRE-FIESTAS-Y-EVENTOS-2048x1360.jpg 2048w, https:\/\/programadestinosmexico.com\/wp-content\/uploads\/2024\/01\/SEPTIEMBRE-FIESTAS-Y-EVENTOS-18x12.jpg 18w\" sizes=\"(max-width: 768px) 100vw, 768px\" \/>\t\t\t\t\t\t\t\t<\/a>\n\t\t\t\t\t\t\t\t\t\t\t\t\t\t\t<\/div>\n\t\t\t\t<\/div>\n\t\t<div class=\"elementor-element elementor-element-49a7974 e-flex e-con-boxed e-con e-child\" data-id=\"49a7974\" data-element_type=\"container\" data-e-type=\"container\" data-settings=\"{&quot;background_background&quot;:&quot;classic&quot;,&quot;jet_parallax_layout_list&quot;:[]}\">\n\t\t\t\t\t<div class=\"e-con-inner\">\n\t\t\t\t<div class=\"elementor-element elementor-element-9afad28 elementor-widget elementor-widget-heading\" data-id=\"9afad28\" data-element_type=\"widget\" data-e-type=\"widget\" data-widget_type=\"heading.default\">\n\t\t\t\t<div class=\"elementor-widget-container\">\n\t\t\t\t\t<h2 class=\"elementor-heading-title elementor-size-default\">December<\/h2>\t\t\t\t<\/div>\n\t\t\t\t<\/div>\n\t\t\t\t\t<\/div>\n\t\t\t\t<\/div>\n\t\t\t\t<div class=\"elementor-element elementor-element-ef27143 elementor-widget elementor-widget-image\" data-id=\"ef27143\" data-element_type=\"widget\" data-e-type=\"widget\" data-widget_type=\"image.default\">\n\t\t\t\t<div class=\"elementor-widget-container\">\n\t\t\t\t\t\t\t\t\t\t\t\t\t\t\t\t<a href=\"https:\/\/programadestinosmexico.com\/en\/fiestas-y-eventos-en-diciembre\/\">\n\t\t\t\t\t\t\t<img decoding=\"async\" width=\"768\" height=\"510\" src=\"https:\/\/programadestinosmexico.com\/wp-content\/uploads\/2024\/01\/DICIEMBRE-FIESTAS-Y-EVENTOS-768x510.jpg\" class=\"attachment-medium_large size-medium_large wp-image-89782\" alt=\"\" srcset=\"https:\/\/programadestinosmexico.com\/wp-content\/uploads\/2024\/01\/DICIEMBRE-FIESTAS-Y-EVENTOS-768x510.jpg 768w, https:\/\/programadestinosmexico.com\/wp-content\/uploads\/2024\/01\/DICIEMBRE-FIESTAS-Y-EVENTOS-300x199.jpg 300w, https:\/\/programadestinosmexico.com\/wp-content\/uploads\/2024\/01\/DICIEMBRE-FIESTAS-Y-EVENTOS-1024x680.jpg 1024w, https:\/\/programadestinosmexico.com\/wp-content\/uploads\/2024\/01\/DICIEMBRE-FIESTAS-Y-EVENTOS-1536x1020.jpg 1536w, https:\/\/programadestinosmexico.com\/wp-content\/uploads\/2024\/01\/DICIEMBRE-FIESTAS-Y-EVENTOS-2048x1360.jpg 2048w, https:\/\/programadestinosmexico.com\/wp-content\/uploads\/2024\/01\/DICIEMBRE-FIESTAS-Y-EVENTOS-18x12.jpg 18w\" sizes=\"(max-width: 768px) 100vw, 768px\" \/>\t\t\t\t\t\t\t\t<\/a>\n\t\t\t\t\t\t\t\t\t\t\t\t\t\t\t<\/div>\n\t\t\t\t<\/div>\n\t\t\t\t<\/div>\n\t\t<div class=\"elementor-element elementor-element-ffb7ef9 e-con-full e-flex e-con e-child\" data-id=\"ffb7ef9\" data-element_type=\"container\" data-e-type=\"container\" data-settings=\"{&quot;background_background&quot;:&quot;classic&quot;,&quot;jet_parallax_layout_list&quot;:[]}\">\n\t\t<div class=\"elementor-element elementor-element-4bd09d2 e-flex e-con-boxed e-con e-child\" data-id=\"4bd09d2\" data-element_type=\"container\" data-e-type=\"container\" data-settings=\"{&quot;jet_parallax_layout_list&quot;:[],&quot;background_background&quot;:&quot;classic&quot;}\">\n\t\t\t\t\t<div class=\"e-con-inner\">\n\t\t<div class=\"elementor-element elementor-element-827333d e-con-full e-flex e-con e-child\" data-id=\"827333d\" data-element_type=\"container\" data-e-type=\"container\" data-settings=\"{&quot;jet_parallax_layout_list&quot;:[],&quot;background_background&quot;:&quot;classic&quot;}\">\n\t\t\t\t<div class=\"elementor-element elementor-element-47c4674 elementor-widget elementor-widget-heading\" data-id=\"47c4674\" data-element_type=\"widget\" data-e-type=\"widget\" data-widget_type=\"heading.default\">\n\t\t\t\t<div class=\"elementor-widget-container\">\n\t\t\t\t\t<h2 class=\"elementor-heading-title elementor-size-default\"><a href=\"https:\/\/programadestinosmexico.com\/en\/fiestas-y-eventos-en-enero\/\">January<\/a><\/h2>\t\t\t\t<\/div>\n\t\t\t\t<\/div>\n\t\t\t\t<div class=\"elementor-element elementor-element-8d25154 elementor-widget elementor-widget-heading\" data-id=\"8d25154\" data-element_type=\"widget\" data-e-type=\"widget\" data-widget_type=\"heading.default\">\n\t\t\t\t<div class=\"elementor-widget-container\">\n\t\t\t\t\t<h2 class=\"elementor-heading-title elementor-size-default\"><a href=\"https:\/\/programadestinosmexico.com\/en\/fiestas-y-eventos-en-febrero\/\">February<\/a><\/h2>\t\t\t\t<\/div>\n\t\t\t\t<\/div>\n\t\t\t\t<div class=\"elementor-element elementor-element-7fedeae elementor-widget elementor-widget-heading\" data-id=\"7fedeae\" data-element_type=\"widget\" data-e-type=\"widget\" data-widget_type=\"heading.default\">\n\t\t\t\t<div class=\"elementor-widget-container\">\n\t\t\t\t\t<h2 class=\"elementor-heading-title elementor-size-default\"><a href=\"https:\/\/programadestinosmexico.com\/en\/fiestas-y-eventos-en-marzo\/\">March<\/a><\/h2>\t\t\t\t<\/div>\n\t\t\t\t<\/div>\n\t\t\t\t<div class=\"elementor-element elementor-element-7bb0c77 elementor-widget elementor-widget-heading\" data-id=\"7bb0c77\" data-element_type=\"widget\" data-e-type=\"widget\" data-widget_type=\"heading.default\">\n\t\t\t\t<div class=\"elementor-widget-container\">\n\t\t\t\t\t<h2 class=\"elementor-heading-title elementor-size-default\"><a href=\"https:\/\/programadestinosmexico.com\/en\/fiestas-y-eventos-en-abril\/\">April<\/a><\/h2>\t\t\t\t<\/div>\n\t\t\t\t<\/div>\n\t\t\t\t<\/div>\n\t\t<div class=\"elementor-element elementor-element-bdb16f8 e-con-full e-flex e-con e-child\" data-id=\"bdb16f8\" data-element_type=\"container\" data-e-type=\"container\" data-settings=\"{&quot;jet_parallax_layout_list&quot;:[]}\">\n\t\t\t\t<div class=\"elementor-element elementor-element-a44123c elementor-widget elementor-widget-heading\" data-id=\"a44123c\" data-element_type=\"widget\" data-e-type=\"widget\" data-widget_type=\"heading.default\">\n\t\t\t\t<div class=\"elementor-widget-container\">\n\t\t\t\t\t<h2 class=\"elementor-heading-title elementor-size-default\"><a href=\"https:\/\/programadestinosmexico.com\/en\/fiestas-y-eventos-en-mayo\/\">May<\/a><\/h2>\t\t\t\t<\/div>\n\t\t\t\t<\/div>\n\t\t\t\t<div class=\"elementor-element elementor-element-766a079 elementor-widget elementor-widget-heading\" data-id=\"766a079\" data-element_type=\"widget\" data-e-type=\"widget\" data-widget_type=\"heading.default\">\n\t\t\t\t<div class=\"elementor-widget-container\">\n\t\t\t\t\t<h2 class=\"elementor-heading-title elementor-size-default\"><a href=\"https:\/\/programadestinosmexico.com\/en\/fiestas-y-eventos-en-junio\/\">June<\/a><\/h2>\t\t\t\t<\/div>\n\t\t\t\t<\/div>\n\t\t\t\t<div class=\"elementor-element elementor-element-a1c9654 elementor-widget elementor-widget-heading\" data-id=\"a1c9654\" data-element_type=\"widget\" data-e-type=\"widget\" data-widget_type=\"heading.default\">\n\t\t\t\t<div class=\"elementor-widget-container\">\n\t\t\t\t\t<h2 class=\"elementor-heading-title elementor-size-default\"><a href=\"https:\/\/programadestinosmexico.com\/en\/fiestas-y-eventos-en-julio\/\">July<\/a><\/h2>\t\t\t\t<\/div>\n\t\t\t\t<\/div>\n\t\t\t\t<div class=\"elementor-element elementor-element-282f75e elementor-widget elementor-widget-heading\" data-id=\"282f75e\" data-element_type=\"widget\" data-e-type=\"widget\" data-widget_type=\"heading.default\">\n\t\t\t\t<div class=\"elementor-widget-container\">\n\t\t\t\t\t<h2 class=\"elementor-heading-title elementor-size-default\"><a href=\"https:\/\/programadestinosmexico.com\/en\/fiestas-y-eventos-en-agosto\/\">August<\/a><\/h2>\t\t\t\t<\/div>\n\t\t\t\t<\/div>\n\t\t\t\t<\/div>\n\t\t<div class=\"elementor-element elementor-element-568ef71 e-con-full e-flex e-con e-child\" data-id=\"568ef71\" data-element_type=\"container\" data-e-type=\"container\" data-settings=\"{&quot;jet_parallax_layout_list&quot;:[]}\">\n\t\t\t\t<div class=\"elementor-element elementor-element-49fea09 elementor-widget elementor-widget-heading\" data-id=\"49fea09\" data-element_type=\"widget\" data-e-type=\"widget\" data-widget_type=\"heading.default\">\n\t\t\t\t<div class=\"elementor-widget-container\">\n\t\t\t\t\t<h2 class=\"elementor-heading-title elementor-size-default\"><a href=\"https:\/\/programadestinosmexico.com\/en\/fiestas-y-eventos-en-septiembre\/\">September<\/a><\/h2>\t\t\t\t<\/div>\n\t\t\t\t<\/div>\n\t\t\t\t<div class=\"elementor-element elementor-element-93b5ed5 elementor-widget elementor-widget-heading\" data-id=\"93b5ed5\" data-element_type=\"widget\" data-e-type=\"widget\" data-widget_type=\"heading.default\">\n\t\t\t\t<div class=\"elementor-widget-container\">\n\t\t\t\t\t<h2 class=\"elementor-heading-title elementor-size-default\"><a href=\"https:\/\/programadestinosmexico.com\/en\/fiestas-y-eventos-en-octubre\/\">October<\/a><\/h2>\t\t\t\t<\/div>\n\t\t\t\t<\/div>\n\t\t\t\t<div class=\"elementor-element elementor-element-bb112bc elementor-widget elementor-widget-heading\" data-id=\"bb112bc\" data-element_type=\"widget\" data-e-type=\"widget\" data-widget_type=\"heading.default\">\n\t\t\t\t<div class=\"elementor-widget-container\">\n\t\t\t\t\t<h2 class=\"elementor-heading-title elementor-size-default\"><a href=\"https:\/\/programadestinosmexico.com\/en\/fiestas-y-eventos-en-noviembre\/\">November<\/a><\/h2>\t\t\t\t<\/div>\n\t\t\t\t<\/div>\n\t\t\t\t<div class=\"elementor-element elementor-element-552c4f4 elementor-widget elementor-widget-heading\" data-id=\"552c4f4\" data-element_type=\"widget\" data-e-type=\"widget\" data-widget_type=\"heading.default\">\n\t\t\t\t<div class=\"elementor-widget-container\">\n\t\t\t\t\t<h2 class=\"elementor-heading-title elementor-size-default\"><a href=\"https:\/\/programadestinosmexico.com\/en\/fiestas-y-eventos-en-diciembre\/\">December<\/a><\/h2>\t\t\t\t<\/div>\n\t\t\t\t<\/div>\n\t\t\t\t<\/div>\n\t\t\t\t\t<\/div>\n\t\t\t\t<\/div>\n\t\t\t\t<\/div>\n\t\t\t\t\t<\/div>\n\t\t\t\t<\/div>\n\t\t<div class=\"elementor-element elementor-element-8d07c69 elementor-hidden-tablet elementor-hidden-desktop e-flex e-con-boxed e-con e-parent\" data-id=\"8d07c69\" data-element_type=\"container\" data-e-type=\"container\" data-settings=\"{&quot;jet_parallax_layout_list&quot;:[]}\">\n\t\t\t\t\t<div class=\"e-con-inner\">\n\t\t<div class=\"elementor-element elementor-element-ddbc732 e-con-full e-flex e-con e-child\" data-id=\"ddbc732\" data-element_type=\"container\" data-e-type=\"container\" data-settings=\"{&quot;background_background&quot;:&quot;classic&quot;,&quot;jet_parallax_layout_list&quot;:[]}\">\n\t\t<div class=\"elementor-element elementor-element-d665ffb e-flex e-con-boxed e-con e-child\" data-id=\"d665ffb\" data-element_type=\"container\" data-e-type=\"container\" data-settings=\"{&quot;background_background&quot;:&quot;classic&quot;,&quot;jet_parallax_layout_list&quot;:[]}\">\n\t\t\t\t\t<div class=\"e-con-inner\">\n\t\t\t\t<div class=\"elementor-element elementor-element-4552de0 elementor-widget elementor-widget-heading\" data-id=\"4552de0\" data-element_type=\"widget\" data-e-type=\"widget\" data-widget_type=\"heading.default\">\n\t\t\t\t<div class=\"elementor-widget-container\">\n\t\t\t\t\t<h2 class=\"elementor-heading-title elementor-size-default\">September<\/h2>\t\t\t\t<\/div>\n\t\t\t\t<\/div>\n\t\t\t\t\t<\/div>\n\t\t\t\t<\/div>\n\t\t\t\t<div class=\"elementor-element elementor-element-9545fcf elementor-widget elementor-widget-image\" data-id=\"9545fcf\" data-element_type=\"widget\" data-e-type=\"widget\" data-widget_type=\"image.default\">\n\t\t\t\t<div class=\"elementor-widget-container\">\n\t\t\t\t\t\t\t\t\t\t\t\t\t\t\t\t<a href=\"https:\/\/programadestinosmexico.com\/en\/fiestas-y-eventos-en-septiembre\/\">\n\t\t\t\t\t\t\t<img fetchpriority=\"high\" decoding=\"async\" width=\"768\" height=\"510\" src=\"https:\/\/programadestinosmexico.com\/wp-content\/uploads\/2024\/01\/SEPTIEMBRE-FIESTAS-Y-EVENTOS-768x510.jpg\" class=\"attachment-medium_large size-medium_large wp-image-89781\" alt=\"\" srcset=\"https:\/\/programadestinosmexico.com\/wp-content\/uploads\/2024\/01\/SEPTIEMBRE-FIESTAS-Y-EVENTOS-768x510.jpg 768w, https:\/\/programadestinosmexico.com\/wp-content\/uploads\/2024\/01\/SEPTIEMBRE-FIESTAS-Y-EVENTOS-300x199.jpg 300w, https:\/\/programadestinosmexico.com\/wp-content\/uploads\/2024\/01\/SEPTIEMBRE-FIESTAS-Y-EVENTOS-1024x680.jpg 1024w, https:\/\/programadestinosmexico.com\/wp-content\/uploads\/2024\/01\/SEPTIEMBRE-FIESTAS-Y-EVENTOS-1536x1020.jpg 1536w, https:\/\/programadestinosmexico.com\/wp-content\/uploads\/2024\/01\/SEPTIEMBRE-FIESTAS-Y-EVENTOS-2048x1360.jpg 2048w, https:\/\/programadestinosmexico.com\/wp-content\/uploads\/2024\/01\/SEPTIEMBRE-FIESTAS-Y-EVENTOS-18x12.jpg 18w\" sizes=\"(max-width: 768px) 100vw, 768px\" \/>\t\t\t\t\t\t\t\t<\/a>\n\t\t\t\t\t\t\t\t\t\t\t\t\t\t\t<\/div>\n\t\t\t\t<\/div>\n\t\t<div class=\"elementor-element elementor-element-4a0f6b4 e-flex e-con-boxed e-con e-child\" data-id=\"4a0f6b4\" data-element_type=\"container\" data-e-type=\"container\" data-settings=\"{&quot;background_background&quot;:&quot;classic&quot;,&quot;jet_parallax_layout_list&quot;:[]}\">\n\t\t\t\t\t<div class=\"e-con-inner\">\n\t\t\t\t<div class=\"elementor-element elementor-element-3258a94 elementor-widget elementor-widget-heading\" data-id=\"3258a94\" data-element_type=\"widget\" data-e-type=\"widget\" data-widget_type=\"heading.default\">\n\t\t\t\t<div class=\"elementor-widget-container\">\n\t\t\t\t\t<h2 class=\"elementor-heading-title elementor-size-default\">December<\/h2>\t\t\t\t<\/div>\n\t\t\t\t<\/div>\n\t\t\t\t\t<\/div>\n\t\t\t\t<\/div>\n\t\t\t\t<div class=\"elementor-element elementor-element-82cd744 elementor-widget elementor-widget-image\" data-id=\"82cd744\" data-element_type=\"widget\" data-e-type=\"widget\" data-widget_type=\"image.default\">\n\t\t\t\t<div class=\"elementor-widget-container\">\n\t\t\t\t\t\t\t\t\t\t\t\t\t\t\t\t<a href=\"https:\/\/programadestinosmexico.com\/en\/fiestas-y-eventos-en-diciembre\/\">\n\t\t\t\t\t\t\t<img decoding=\"async\" width=\"768\" height=\"510\" src=\"https:\/\/programadestinosmexico.com\/wp-content\/uploads\/2024\/01\/DICIEMBRE-FIESTAS-Y-EVENTOS-768x510.jpg\" class=\"attachment-medium_large size-medium_large wp-image-89782\" alt=\"\" srcset=\"https:\/\/programadestinosmexico.com\/wp-content\/uploads\/2024\/01\/DICIEMBRE-FIESTAS-Y-EVENTOS-768x510.jpg 768w, https:\/\/programadestinosmexico.com\/wp-content\/uploads\/2024\/01\/DICIEMBRE-FIESTAS-Y-EVENTOS-300x199.jpg 300w, https:\/\/programadestinosmexico.com\/wp-content\/uploads\/2024\/01\/DICIEMBRE-FIESTAS-Y-EVENTOS-1024x680.jpg 1024w, https:\/\/programadestinosmexico.com\/wp-content\/uploads\/2024\/01\/DICIEMBRE-FIESTAS-Y-EVENTOS-1536x1020.jpg 1536w, https:\/\/programadestinosmexico.com\/wp-content\/uploads\/2024\/01\/DICIEMBRE-FIESTAS-Y-EVENTOS-2048x1360.jpg 2048w, https:\/\/programadestinosmexico.com\/wp-content\/uploads\/2024\/01\/DICIEMBRE-FIESTAS-Y-EVENTOS-18x12.jpg 18w\" sizes=\"(max-width: 768px) 100vw, 768px\" \/>\t\t\t\t\t\t\t\t<\/a>\n\t\t\t\t\t\t\t\t\t\t\t\t\t\t\t<\/div>\n\t\t\t\t<\/div>\n\t\t\t\t<\/div>\n\t\t<div class=\"elementor-element elementor-element-b9b9d89 e-con-full e-flex e-con e-child\" data-id=\"b9b9d89\" data-element_type=\"container\" data-e-type=\"container\" data-settings=\"{&quot;background_background&quot;:&quot;classic&quot;,&quot;jet_parallax_layout_list&quot;:[]}\">\n\t\t<div class=\"elementor-element elementor-element-9dccd08 e-con-full e-flex e-con e-child\" data-id=\"9dccd08\" data-element_type=\"container\" data-e-type=\"container\" data-settings=\"{&quot;jet_parallax_layout_list&quot;:[]}\">\n\t\t\t\t<div class=\"elementor-element elementor-element-93338f8 elementor-widget elementor-widget-heading\" data-id=\"93338f8\" data-element_type=\"widget\" data-e-type=\"widget\" data-widget_type=\"heading.default\">\n\t\t\t\t<div class=\"elementor-widget-container\">\n\t\t\t\t\t<h2 class=\"elementor-heading-title elementor-size-default\"><a href=\"https:\/\/programadestinosmexico.com\/en\/fiestas-y-eventos-en-enero\/\">January<\/a><\/h2>\t\t\t\t<\/div>\n\t\t\t\t<\/div>\n\t\t\t\t<\/div>\n\t\t\t\t<div class=\"elementor-element elementor-element-07bfbe6 elementor-widget elementor-widget-heading\" data-id=\"07bfbe6\" data-element_type=\"widget\" data-e-type=\"widget\" data-widget_type=\"heading.default\">\n\t\t\t\t<div class=\"elementor-widget-container\">\n\t\t\t\t\t<h2 class=\"elementor-heading-title elementor-size-default\"><a href=\"https:\/\/programadestinosmexico.com\/en\/fiestas-y-eventos-en-febrero\/\">February<\/a><\/h2>\t\t\t\t<\/div>\n\t\t\t\t<\/div>\n\t\t\t\t<div class=\"elementor-element elementor-element-dc22ba7 elementor-widget elementor-widget-heading\" data-id=\"dc22ba7\" data-element_type=\"widget\" data-e-type=\"widget\" data-widget_type=\"heading.default\">\n\t\t\t\t<div class=\"elementor-widget-container\">\n\t\t\t\t\t<h2 class=\"elementor-heading-title elementor-size-default\"><a href=\"https:\/\/programadestinosmexico.com\/en\/fiestas-y-eventos-en-marzo\/\">March<\/a><\/h2>\t\t\t\t<\/div>\n\t\t\t\t<\/div>\n\t\t\t\t<div class=\"elementor-element elementor-element-2d2554e elementor-widget elementor-widget-heading\" data-id=\"2d2554e\" data-element_type=\"widget\" data-e-type=\"widget\" data-widget_type=\"heading.default\">\n\t\t\t\t<div class=\"elementor-widget-container\">\n\t\t\t\t\t<h2 class=\"elementor-heading-title elementor-size-default\"><a href=\"https:\/\/programadestinosmexico.com\/en\/fiestas-y-eventos-en-abril\/\">April<\/a><\/h2>\t\t\t\t<\/div>\n\t\t\t\t<\/div>\n\t\t\t\t<div class=\"elementor-element elementor-element-eb93db3 elementor-widget elementor-widget-heading\" data-id=\"eb93db3\" data-element_type=\"widget\" data-e-type=\"widget\" data-widget_type=\"heading.default\">\n\t\t\t\t<div class=\"elementor-widget-container\">\n\t\t\t\t\t<h2 class=\"elementor-heading-title elementor-size-default\"><a href=\"https:\/\/programadestinosmexico.com\/en\/fiestas-y-eventos-en-mayo\/\">May<\/a><\/h2>\t\t\t\t<\/div>\n\t\t\t\t<\/div>\n\t\t\t\t<div class=\"elementor-element elementor-element-1af5161 elementor-widget elementor-widget-heading\" data-id=\"1af5161\" data-element_type=\"widget\" data-e-type=\"widget\" data-widget_type=\"heading.default\">\n\t\t\t\t<div class=\"elementor-widget-container\">\n\t\t\t\t\t<h2 class=\"elementor-heading-title elementor-size-default\"><a href=\"https:\/\/programadestinosmexico.com\/en\/fiestas-y-eventos-en-junio\/\">June<\/a><\/h2>\t\t\t\t<\/div>\n\t\t\t\t<\/div>\n\t\t\t\t<div class=\"elementor-element elementor-element-69a8fe7 elementor-widget elementor-widget-heading\" data-id=\"69a8fe7\" data-element_type=\"widget\" data-e-type=\"widget\" data-widget_type=\"heading.default\">\n\t\t\t\t<div class=\"elementor-widget-container\">\n\t\t\t\t\t<h2 class=\"elementor-heading-title elementor-size-default\"><a href=\"https:\/\/programadestinosmexico.com\/en\/fiestas-y-eventos-en-julio\/\">July<\/a><\/h2>\t\t\t\t<\/div>\n\t\t\t\t<\/div>\n\t\t\t\t<div class=\"elementor-element elementor-element-41fe929 elementor-widget elementor-widget-heading\" data-id=\"41fe929\" data-element_type=\"widget\" data-e-type=\"widget\" data-widget_type=\"heading.default\">\n\t\t\t\t<div class=\"elementor-widget-container\">\n\t\t\t\t\t<h2 class=\"elementor-heading-title elementor-size-default\"><a href=\"https:\/\/programadestinosmexico.com\/en\/fiestas-y-eventos-en-agosto\/\">August<\/a><\/h2>\t\t\t\t<\/div>\n\t\t\t\t<\/div>\n\t\t\t\t<div class=\"elementor-element elementor-element-6e72ea3 elementor-widget elementor-widget-heading\" data-id=\"6e72ea3\" data-element_type=\"widget\" data-e-type=\"widget\" data-widget_type=\"heading.default\">\n\t\t\t\t<div class=\"elementor-widget-container\">\n\t\t\t\t\t<h2 class=\"elementor-heading-title elementor-size-default\"><a href=\"https:\/\/programadestinosmexico.com\/en\/fiestas-y-eventos-en-septiembre\/\">September<\/a><\/h2>\t\t\t\t<\/div>\n\t\t\t\t<\/div>\n\t\t\t\t<div class=\"elementor-element elementor-element-3fa4e43 elementor-widget elementor-widget-heading\" data-id=\"3fa4e43\" data-element_type=\"widget\" data-e-type=\"widget\" data-widget_type=\"heading.default\">\n\t\t\t\t<div class=\"elementor-widget-container\">\n\t\t\t\t\t<h2 class=\"elementor-heading-title elementor-size-default\"><a href=\"https:\/\/programadestinosmexico.com\/en\/fiestas-y-eventos-en-octubre\/\">October<\/a><\/h2>\t\t\t\t<\/div>\n\t\t\t\t<\/div>\n\t\t\t\t<div class=\"elementor-element elementor-element-56fd846 elementor-widget elementor-widget-heading\" data-id=\"56fd846\" data-element_type=\"widget\" data-e-type=\"widget\" data-widget_type=\"heading.default\">\n\t\t\t\t<div class=\"elementor-widget-container\">\n\t\t\t\t\t<h2 class=\"elementor-heading-title elementor-size-default\"><a href=\"https:\/\/programadestinosmexico.com\/en\/fiestas-y-eventos-en-noviembre\/\">November<\/a><\/h2>\t\t\t\t<\/div>\n\t\t\t\t<\/div>\n\t\t\t\t<div class=\"elementor-element elementor-element-7f19f10 elementor-widget elementor-widget-heading\" data-id=\"7f19f10\" data-element_type=\"widget\" data-e-type=\"widget\" data-widget_type=\"heading.default\">\n\t\t\t\t<div class=\"elementor-widget-container\">\n\t\t\t\t\t<h2 class=\"elementor-heading-title elementor-size-default\"><a href=\"https:\/\/programadestinosmexico.com\/en\/fiestas-y-eventos-en-diciembre\/\">December<\/a><\/h2>\t\t\t\t<\/div>\n\t\t\t\t<\/div>\n\t\t\t\t<\/div>\n\t\t\t\t\t<\/div>\n\t\t\t\t<\/div>\n\t\t\t\t<\/div>\n\t\t<\/div>\n\t\t\t\t\t\t\t<\/div>\n\t\t\t\t\t\t<\/div>\t\t\t<\/div>\n\t\t<\/div>\n\t\t\t\t\t\t<\/div>\n\t\t\t\t<\/div>\n\t\t\t\t\t<\/div>\n\t\t\t\t<\/div>\n\t\t<div class=\"elementor-element elementor-element-924bc45 e-flex e-con-boxed e-con e-parent\" data-id=\"924bc45\" data-element_type=\"container\" data-e-type=\"container\" data-settings=\"{&quot;background_background&quot;:&quot;classic&quot;,&quot;jet_parallax_layout_list&quot;:[]}\">\n\t\t\t\t\t<div class=\"e-con-inner\">\n\t\t\t\t<div class=\"elementor-element elementor-element-2ebcea1 elementor-widget elementor-widget-heading\" data-id=\"2ebcea1\" data-element_type=\"widget\" data-e-type=\"widget\" data-widget_type=\"heading.default\">\n\t\t\t\t<div class=\"elementor-widget-container\">\n\t\t\t\t\t<h1 class=\"elementor-heading-title elementor-size-default\">FESTIVALS AND EVENTS IN SEPTEMBER\n\n\n\n\n<\/h1>\t\t\t\t<\/div>\n\t\t\t\t<\/div>\n\t\t\t\t\t<\/div>\n\t\t\t\t<\/div>\n\t\t<div class=\"elementor-element elementor-element-6f40684 e-flex e-con-boxed e-con e-parent\" data-id=\"6f40684\" data-element_type=\"container\" data-e-type=\"container\" data-settings=\"{&quot;jet_parallax_layout_list&quot;:[]}\">\n\t\t\t\t\t<div class=\"e-con-inner\">\n\t\t<div class=\"elementor-element elementor-element-f62d229 e-con-full animated-slow e-flex elementor-invisible e-con e-child\" data-id=\"f62d229\" data-element_type=\"container\" data-e-type=\"container\" data-settings=\"{&quot;jet_parallax_layout_list&quot;:[],&quot;animation&quot;:&quot;fadeInLeft&quot;}\">\n\t\t\t\t<div class=\"elementor-element elementor-element-65246d5 elementor-widget elementor-widget-heading\" data-id=\"65246d5\" data-element_type=\"widget\" data-e-type=\"widget\" data-widget_type=\"heading.default\">\n\t\t\t\t<div class=\"elementor-widget-container\">\n\t\t\t\t\t<h1 class=\"elementor-heading-title elementor-size-default\">Fiestas Patrias Ixtapan de la Sal\n\n\n\n\n<\/h1>\t\t\t\t<\/div>\n\t\t\t\t<\/div>\n\t\t<div class=\"elementor-element elementor-element-6b5c9c9 e-con-full animated-slow e-flex elementor-invisible e-con e-child\" data-id=\"6b5c9c9\" data-element_type=\"container\" data-e-type=\"container\" data-settings=\"{&quot;jet_parallax_layout_list&quot;:[],&quot;animation&quot;:&quot;fadeInLeft&quot;}\">\n\t\t<div class=\"elementor-element elementor-element-d5521d3 e-flex e-con-boxed e-con e-child\" data-id=\"d5521d3\" data-element_type=\"container\" data-e-type=\"container\" data-settings=\"{&quot;jet_parallax_layout_list&quot;:[],&quot;background_background&quot;:&quot;gradient&quot;}\">\n\t\t\t\t\t<div class=\"e-con-inner\">\n\t\t<div class=\"elementor-element elementor-element-b988b69 e-con-full animated-slow e-flex elementor-invisible e-con e-child\" data-id=\"b988b69\" data-element_type=\"container\" data-e-type=\"container\" data-settings=\"{&quot;jet_parallax_layout_list&quot;:[],&quot;animation&quot;:&quot;fadeInLeft&quot;,&quot;background_background&quot;:&quot;gradient&quot;}\">\n\t\t\t\t<div class=\"elementor-element elementor-element-f78f276 elementor-widget__width-initial elementor-widget elementor-widget-text-editor\" data-id=\"f78f276\" data-element_type=\"widget\" data-e-type=\"widget\" data-widget_type=\"text-editor.default\">\n\t\t\t\t<div class=\"elementor-widget-container\">\n\t\t\t\t\t\t\t\t\t<p>Date: August 23 to September 16<\/p><p>Location: Ixtapan de la Sal, State of Mexico<\/p>\t\t\t\t\t\t\t\t<\/div>\n\t\t\t\t<\/div>\n\t\t\t\t<\/div>\n\t\t\t\t\t<\/div>\n\t\t\t\t<\/div>\n\t\t\t\t<\/div>\n\t\t\t\t<div class=\"elementor-element elementor-element-f58dacd elementor-widget elementor-widget-text-editor\" data-id=\"f58dacd\" data-element_type=\"widget\" data-e-type=\"widget\" data-widget_type=\"text-editor.default\">\n\t\t\t\t<div class=\"elementor-widget-container\">\n\t\t\t\t\t\t\t\t\t<p>The event includes parades with colorful attire along the main streets of the Magic Town\u2019s downtown, the \u201cpepeto and gordita\u201d fair, as well as the performance of Los de la Oficial in the Central Garden.<span class=\"Apple-converted-space\">\u00a0<\/span><\/p><p>This fair also features a gastronomic showcase and live music events.<\/p>\t\t\t\t\t\t\t\t<\/div>\n\t\t\t\t<\/div>\n\t\t\t\t<\/div>\n\t\t<div class=\"elementor-element elementor-element-a30a5a8 e-con-full e-flex e-con e-child\" data-id=\"a30a5a8\" data-element_type=\"container\" data-e-type=\"container\" data-settings=\"{&quot;jet_parallax_layout_list&quot;:[]}\">\n\t\t\t\t<div class=\"elementor-element elementor-element-c1ff6cb elementor-widget elementor-widget-image\" data-id=\"c1ff6cb\" data-element_type=\"widget\" data-e-type=\"widget\" data-widget_type=\"image.default\">\n\t\t\t\t<div class=\"elementor-widget-container\">\n\t\t\t\t\t\t\t\t\t\t\t\t\t\t\t<img decoding=\"async\" width=\"768\" height=\"576\" src=\"https:\/\/programadestinosmexico.com\/wp-content\/uploads\/2025\/09\/Fiestas-Patrias-Ixtapan-de-la-Sal-768x576.jpg\" class=\"attachment-medium_large size-medium_large wp-image-173343\" alt=\"\" srcset=\"https:\/\/programadestinosmexico.com\/wp-content\/uploads\/2025\/09\/Fiestas-Patrias-Ixtapan-de-la-Sal-768x576.jpg 768w, https:\/\/programadestinosmexico.com\/wp-content\/uploads\/2025\/09\/Fiestas-Patrias-Ixtapan-de-la-Sal-300x225.jpg 300w, https:\/\/programadestinosmexico.com\/wp-content\/uploads\/2025\/09\/Fiestas-Patrias-Ixtapan-de-la-Sal-16x12.jpg 16w, https:\/\/programadestinosmexico.com\/wp-content\/uploads\/2025\/09\/Fiestas-Patrias-Ixtapan-de-la-Sal.jpg 850w\" sizes=\"(max-width: 768px) 100vw, 768px\" \/>\t\t\t\t\t\t\t\t\t\t\t\t\t\t\t<\/div>\n\t\t\t\t<\/div>\n\t\t\t\t<\/div>\n\t\t\t\t\t<\/div>\n\t\t\t\t<\/div>\n\t\t<div class=\"elementor-element elementor-element-a4fd869 e-flex e-con-boxed e-con e-parent\" data-id=\"a4fd869\" data-element_type=\"container\" data-e-type=\"container\" data-settings=\"{&quot;jet_parallax_layout_list&quot;:[]}\">\n\t\t\t\t\t<div class=\"e-con-inner\">\n\t\t<div class=\"elementor-element elementor-element-ba74fad e-con-full animated-slow e-flex elementor-invisible e-con e-child\" data-id=\"ba74fad\" data-element_type=\"container\" data-e-type=\"container\" data-settings=\"{&quot;jet_parallax_layout_list&quot;:[],&quot;animation&quot;:&quot;fadeInLeft&quot;}\">\n\t\t\t\t<div class=\"elementor-element elementor-element-930bb99 elementor-widget elementor-widget-heading\" data-id=\"930bb99\" data-element_type=\"widget\" data-e-type=\"widget\" data-widget_type=\"heading.default\">\n\t\t\t\t<div class=\"elementor-widget-container\">\n\t\t\t\t\t<h1 class=\"elementor-heading-title elementor-size-default\">Mariachi and Charrer\u00eda Festival\n\n\n\n\n<\/h1>\t\t\t\t<\/div>\n\t\t\t\t<\/div>\n\t\t<div class=\"elementor-element elementor-element-4576aef e-con-full animated-slow e-flex elementor-invisible e-con e-child\" data-id=\"4576aef\" data-element_type=\"container\" data-e-type=\"container\" data-settings=\"{&quot;jet_parallax_layout_list&quot;:[],&quot;animation&quot;:&quot;fadeInLeft&quot;}\">\n\t\t<div class=\"elementor-element elementor-element-f97de56 e-flex e-con-boxed e-con e-child\" data-id=\"f97de56\" data-element_type=\"container\" data-e-type=\"container\" data-settings=\"{&quot;jet_parallax_layout_list&quot;:[],&quot;background_background&quot;:&quot;gradient&quot;}\">\n\t\t\t\t\t<div class=\"e-con-inner\">\n\t\t<div class=\"elementor-element elementor-element-daacacf e-con-full animated-slow e-flex elementor-invisible e-con e-child\" data-id=\"daacacf\" data-element_type=\"container\" data-e-type=\"container\" data-settings=\"{&quot;jet_parallax_layout_list&quot;:[],&quot;animation&quot;:&quot;fadeInLeft&quot;,&quot;background_background&quot;:&quot;gradient&quot;}\">\n\t\t\t\t<div class=\"elementor-element elementor-element-127cab1 elementor-widget__width-initial elementor-widget elementor-widget-text-editor\" data-id=\"127cab1\" data-element_type=\"widget\" data-e-type=\"widget\" data-widget_type=\"text-editor.default\">\n\t\t\t\t<div class=\"elementor-widget-container\">\n\t\t\t\t\t\t\t\t\t<p>Date: August 27 to September 7<\/p><p>Location: Guadalajara, Jalisco<\/p>\t\t\t\t\t\t\t\t<\/div>\n\t\t\t\t<\/div>\n\t\t\t\t<\/div>\n\t\t\t\t\t<\/div>\n\t\t\t\t<\/div>\n\t\t\t\t<\/div>\n\t\t\t\t<div class=\"elementor-element elementor-element-c03104f elementor-widget elementor-widget-text-editor\" data-id=\"c03104f\" data-element_type=\"widget\" data-e-type=\"widget\" data-widget_type=\"text-editor.default\">\n\t\t\t\t<div class=\"elementor-widget-container\">\n\t\t\t\t\t\t\t\t\t<div><p>With over 30 years of tradition, the festival always offers an attractive program of music and dance activities, with both national and international participants.<\/p><p>It includes Grand Concerts featuring mariachi groups with musical ensembles, regional Sinaloan music, and the Philharmonic Orchestra.<\/p><p>If you enjoy Mexican festivities, charrer\u00eda (Mexican rodeo), escaramuzas (equestrian performances), and everything related to Mexican sports, then you should not miss this event.<\/p><\/div><div><p>\u00a0<\/p><\/div>\t\t\t\t\t\t\t\t<\/div>\n\t\t\t\t<\/div>\n\t\t\t\t<\/div>\n\t\t<div class=\"elementor-element elementor-element-26b2af6 e-con-full e-flex e-con e-child\" data-id=\"26b2af6\" data-element_type=\"container\" data-e-type=\"container\" data-settings=\"{&quot;jet_parallax_layout_list&quot;:[]}\">\n\t\t\t\t<div class=\"elementor-element elementor-element-71ba379 elementor-widget elementor-widget-image\" data-id=\"71ba379\" data-element_type=\"widget\" data-e-type=\"widget\" data-widget_type=\"image.default\">\n\t\t\t\t<div class=\"elementor-widget-container\">\n\t\t\t\t\t\t\t\t\t\t\t\t\t\t\t<img loading=\"lazy\" decoding=\"async\" width=\"768\" height=\"768\" src=\"https:\/\/programadestinosmexico.com\/wp-content\/uploads\/2024\/10\/Encuentro-del-Mariachi-y-la-Charreria-768x768.jpeg\" class=\"attachment-medium_large size-medium_large wp-image-143497\" alt=\"\" srcset=\"https:\/\/programadestinosmexico.com\/wp-content\/uploads\/2024\/10\/Encuentro-del-Mariachi-y-la-Charreria-768x768.jpeg 768w, https:\/\/programadestinosmexico.com\/wp-content\/uploads\/2024\/10\/Encuentro-del-Mariachi-y-la-Charreria-300x300.jpeg 300w, https:\/\/programadestinosmexico.com\/wp-content\/uploads\/2024\/10\/Encuentro-del-Mariachi-y-la-Charreria-1024x1024.jpeg 1024w, https:\/\/programadestinosmexico.com\/wp-content\/uploads\/2024\/10\/Encuentro-del-Mariachi-y-la-Charreria-1536x1536.jpeg 1536w, https:\/\/programadestinosmexico.com\/wp-content\/uploads\/2024\/10\/Encuentro-del-Mariachi-y-la-Charreria-12x12.jpeg 12w, https:\/\/programadestinosmexico.com\/wp-content\/uploads\/2024\/10\/Encuentro-del-Mariachi-y-la-Charreria.jpeg 1600w\" sizes=\"(max-width: 768px) 100vw, 768px\" \/>\t\t\t\t\t\t\t\t\t\t\t\t\t\t\t<\/div>\n\t\t\t\t<\/div>\n\t\t\t\t<\/div>\n\t\t\t\t\t<\/div>\n\t\t\t\t<\/div>\n\t\t<div class=\"elementor-element elementor-element-2dc3b8a e-flex e-con-boxed e-con e-parent\" data-id=\"2dc3b8a\" data-element_type=\"container\" data-e-type=\"container\" data-settings=\"{&quot;jet_parallax_layout_list&quot;:[]}\">\n\t\t\t\t\t<div class=\"e-con-inner\">\n\t\t<div class=\"elementor-element elementor-element-abdb0b8 e-con-full animated-slow e-flex elementor-invisible e-con e-child\" data-id=\"abdb0b8\" data-element_type=\"container\" data-e-type=\"container\" data-settings=\"{&quot;jet_parallax_layout_list&quot;:[],&quot;animation&quot;:&quot;fadeInLeft&quot;}\">\n\t\t\t\t<div class=\"elementor-element elementor-element-244ad9e elementor-widget elementor-widget-heading\" data-id=\"244ad9e\" data-element_type=\"widget\" data-e-type=\"widget\" data-widget_type=\"heading.default\">\n\t\t\t\t<div class=\"elementor-widget-container\">\n\t\t\t\t\t<h1 class=\"elementor-heading-title elementor-size-default\">National Fair of Tijuana\n\n\n\n<\/h1>\t\t\t\t<\/div>\n\t\t\t\t<\/div>\n\t\t<div class=\"elementor-element elementor-element-5b34104 e-con-full animated-slow e-flex elementor-invisible e-con e-child\" data-id=\"5b34104\" data-element_type=\"container\" data-e-type=\"container\" data-settings=\"{&quot;jet_parallax_layout_list&quot;:[],&quot;animation&quot;:&quot;fadeInLeft&quot;}\">\n\t\t<div class=\"elementor-element elementor-element-31087e1 e-flex e-con-boxed e-con e-child\" data-id=\"31087e1\" data-element_type=\"container\" data-e-type=\"container\" data-settings=\"{&quot;jet_parallax_layout_list&quot;:[],&quot;background_background&quot;:&quot;gradient&quot;}\">\n\t\t\t\t\t<div class=\"e-con-inner\">\n\t\t<div class=\"elementor-element elementor-element-b3d8d3c e-con-full animated-slow e-flex elementor-invisible e-con e-child\" data-id=\"b3d8d3c\" data-element_type=\"container\" data-e-type=\"container\" data-settings=\"{&quot;jet_parallax_layout_list&quot;:[],&quot;animation&quot;:&quot;fadeInLeft&quot;,&quot;background_background&quot;:&quot;gradient&quot;}\">\n\t\t\t\t<div class=\"elementor-element elementor-element-17415e6 elementor-widget__width-initial elementor-widget elementor-widget-text-editor\" data-id=\"17415e6\" data-element_type=\"widget\" data-e-type=\"widget\" data-widget_type=\"text-editor.default\">\n\t\t\t\t<div class=\"elementor-widget-container\">\n\t\t\t\t\t\t\t\t\t<p>Date: August 28 to September 28<\/p><p>Location: Tijuana, BC<\/p>\t\t\t\t\t\t\t\t<\/div>\n\t\t\t\t<\/div>\n\t\t\t\t<\/div>\n\t\t\t\t\t<\/div>\n\t\t\t\t<\/div>\n\t\t\t\t<\/div>\n\t\t\t\t<div class=\"elementor-element elementor-element-77aa8eb elementor-widget elementor-widget-text-editor\" data-id=\"77aa8eb\" data-element_type=\"widget\" data-e-type=\"widget\" data-widget_type=\"text-editor.default\">\n\t\t\t\t<div class=\"elementor-widget-container\">\n\t\t\t\t\t\t\t\t\t<div><p>This event offers amusement rides, concerts, Mexican food, and more.<\/p><p>At the Palenque, you can enjoy performances by various artists in a very Mexican style, while at the Audiorama, alternative genres captivate all attendees.<\/p><\/div>\t\t\t\t\t\t\t\t<\/div>\n\t\t\t\t<\/div>\n\t\t\t\t<\/div>\n\t\t<div class=\"elementor-element elementor-element-d2d5534 e-con-full e-flex e-con e-child\" data-id=\"d2d5534\" data-element_type=\"container\" data-e-type=\"container\" data-settings=\"{&quot;jet_parallax_layout_list&quot;:[]}\">\n\t\t\t\t<div class=\"elementor-element elementor-element-b3276c8 elementor-widget elementor-widget-image\" data-id=\"b3276c8\" data-element_type=\"widget\" data-e-type=\"widget\" data-widget_type=\"image.default\">\n\t\t\t\t<div class=\"elementor-widget-container\">\n\t\t\t\t\t\t\t\t\t\t\t\t\t\t\t<img loading=\"lazy\" decoding=\"async\" width=\"768\" height=\"974\" src=\"https:\/\/programadestinosmexico.com\/wp-content\/uploads\/2025\/09\/Feria-de-Tijuana-768x974.jpg\" class=\"attachment-medium_large size-medium_large wp-image-173330\" alt=\"\" srcset=\"https:\/\/programadestinosmexico.com\/wp-content\/uploads\/2025\/09\/Feria-de-Tijuana-768x974.jpg 768w, https:\/\/programadestinosmexico.com\/wp-content\/uploads\/2025\/09\/Feria-de-Tijuana-237x300.jpg 237w, https:\/\/programadestinosmexico.com\/wp-content\/uploads\/2025\/09\/Feria-de-Tijuana-807x1024.jpg 807w, https:\/\/programadestinosmexico.com\/wp-content\/uploads\/2025\/09\/Feria-de-Tijuana-9x12.jpg 9w, https:\/\/programadestinosmexico.com\/wp-content\/uploads\/2025\/09\/Feria-de-Tijuana.jpg 1055w\" sizes=\"(max-width: 768px) 100vw, 768px\" \/>\t\t\t\t\t\t\t\t\t\t\t\t\t\t\t<\/div>\n\t\t\t\t<\/div>\n\t\t\t\t<\/div>\n\t\t\t\t\t<\/div>\n\t\t\t\t<\/div>\n\t\t<div class=\"elementor-element elementor-element-a572fdc e-flex e-con-boxed e-con e-parent\" data-id=\"a572fdc\" data-element_type=\"container\" data-e-type=\"container\" data-settings=\"{&quot;jet_parallax_layout_list&quot;:[]}\">\n\t\t\t\t\t<div class=\"e-con-inner\">\n\t\t<div class=\"elementor-element elementor-element-2f85b44 e-con-full animated-slow e-flex elementor-invisible e-con e-child\" data-id=\"2f85b44\" data-element_type=\"container\" data-e-type=\"container\" data-settings=\"{&quot;jet_parallax_layout_list&quot;:[],&quot;animation&quot;:&quot;fadeInLeft&quot;}\">\n\t\t\t\t<div class=\"elementor-element elementor-element-1030088 elementor-widget elementor-widget-heading\" data-id=\"1030088\" data-element_type=\"widget\" data-e-type=\"widget\" data-widget_type=\"heading.default\">\n\t\t\t\t<div class=\"elementor-widget-container\">\n\t\t\t\t\t<h1 class=\"elementor-heading-title elementor-size-default\">San Pedro Cholula Fair\n\n\n\n\n<\/h1>\t\t\t\t<\/div>\n\t\t\t\t<\/div>\n\t\t<div class=\"elementor-element elementor-element-22ba450 e-con-full animated-slow e-flex elementor-invisible e-con e-child\" data-id=\"22ba450\" data-element_type=\"container\" data-e-type=\"container\" data-settings=\"{&quot;jet_parallax_layout_list&quot;:[],&quot;animation&quot;:&quot;fadeInLeft&quot;}\">\n\t\t<div class=\"elementor-element elementor-element-c864fe6 e-flex e-con-boxed e-con e-child\" data-id=\"c864fe6\" data-element_type=\"container\" data-e-type=\"container\" data-settings=\"{&quot;jet_parallax_layout_list&quot;:[],&quot;background_background&quot;:&quot;gradient&quot;}\">\n\t\t\t\t\t<div class=\"e-con-inner\">\n\t\t<div class=\"elementor-element elementor-element-4dcfb98 e-con-full animated-slow e-flex elementor-invisible e-con e-child\" data-id=\"4dcfb98\" data-element_type=\"container\" data-e-type=\"container\" data-settings=\"{&quot;jet_parallax_layout_list&quot;:[],&quot;animation&quot;:&quot;fadeInLeft&quot;,&quot;background_background&quot;:&quot;gradient&quot;}\">\n\t\t\t\t<div class=\"elementor-element elementor-element-70c1fcc elementor-widget__width-initial elementor-widget elementor-widget-text-editor\" data-id=\"70c1fcc\" data-element_type=\"widget\" data-e-type=\"widget\" data-widget_type=\"text-editor.default\">\n\t\t\t\t<div class=\"elementor-widget-container\">\n\t\t\t\t\t\t\t\t\t<p>Date: August 29 to September 15<\/p><p>Location: San Pedro Cholula, Puebla<\/p>\t\t\t\t\t\t\t\t<\/div>\n\t\t\t\t<\/div>\n\t\t\t\t<\/div>\n\t\t\t\t\t<\/div>\n\t\t\t\t<\/div>\n\t\t\t\t<\/div>\n\t\t\t\t<div class=\"elementor-element elementor-element-5850802 elementor-widget elementor-widget-text-editor\" data-id=\"5850802\" data-element_type=\"widget\" data-e-type=\"widget\" data-widget_type=\"text-editor.default\">\n\t\t\t\t<div class=\"elementor-widget-container\">\n\t\t\t\t\t\t\t\t\t<div><p>With more than 70 years of tradition, this fair reflects Puebla\u2019s religious and festive heritage.<\/p><p>The fair begins with the traditional Voladores de Papantla ritual. This ancestral ceremony, declared Intangible Cultural Heritage of Humanity by UNESCO, is one of the most emblematic activities of the event.<\/p><p>The fair is also a patron celebration in honor of Our Lady of Remedies. On September 8, thousands of devotees and pilgrims from different parts of Mexico gather at the church crowning the Great Pyramid, bringing offerings and flowers to give thanks and ask for blessings from the Virgin.<span class=\"Apple-converted-space\">\u00a0<\/span><\/p><p>It includes cultural events such as art, photography, and handicraft exhibitions, as well as gastronomic showcases like the Corn Festival.<span class=\"Apple-converted-space\">\u00a0<\/span><\/p><p>There are also amusement rides and a variety of live music performances.<\/p><\/div><div><p>\u00a0<\/p><\/div>\t\t\t\t\t\t\t\t<\/div>\n\t\t\t\t<\/div>\n\t\t\t\t<\/div>\n\t\t<div class=\"elementor-element elementor-element-adae8ca e-con-full e-flex e-con e-child\" data-id=\"adae8ca\" data-element_type=\"container\" data-e-type=\"container\" data-settings=\"{&quot;jet_parallax_layout_list&quot;:[]}\">\n\t\t\t\t<div class=\"elementor-element elementor-element-f9a7956 elementor-widget elementor-widget-image\" data-id=\"f9a7956\" data-element_type=\"widget\" data-e-type=\"widget\" data-widget_type=\"image.default\">\n\t\t\t\t<div class=\"elementor-widget-container\">\n\t\t\t\t\t\t\t\t\t\t\t\t\t\t\t<img loading=\"lazy\" decoding=\"async\" width=\"768\" height=\"768\" src=\"https:\/\/programadestinosmexico.com\/wp-content\/uploads\/2025\/09\/Feria-de-san-pedro-Cholula-2025-768x768.jpg\" class=\"attachment-medium_large size-medium_large wp-image-173336\" alt=\"\" srcset=\"https:\/\/programadestinosmexico.com\/wp-content\/uploads\/2025\/09\/Feria-de-san-pedro-Cholula-2025-768x768.jpg 768w, https:\/\/programadestinosmexico.com\/wp-content\/uploads\/2025\/09\/Feria-de-san-pedro-Cholula-2025-300x300.jpg 300w, https:\/\/programadestinosmexico.com\/wp-content\/uploads\/2025\/09\/Feria-de-san-pedro-Cholula-2025-1024x1024.jpg 1024w, https:\/\/programadestinosmexico.com\/wp-content\/uploads\/2025\/09\/Feria-de-san-pedro-Cholula-2025-12x12.jpg 12w, https:\/\/programadestinosmexico.com\/wp-content\/uploads\/2025\/09\/Feria-de-san-pedro-Cholula-2025.jpg 1200w\" sizes=\"(max-width: 768px) 100vw, 768px\" \/>\t\t\t\t\t\t\t\t\t\t\t\t\t\t\t<\/div>\n\t\t\t\t<\/div>\n\t\t\t\t<\/div>\n\t\t\t\t\t<\/div>\n\t\t\t\t<\/div>\n\t\t<div class=\"elementor-element elementor-element-44f59cb e-flex e-con-boxed e-con e-parent\" data-id=\"44f59cb\" data-element_type=\"container\" data-e-type=\"container\" data-settings=\"{&quot;jet_parallax_layout_list&quot;:[]}\">\n\t\t\t\t\t<div class=\"e-con-inner\">\n\t\t<div class=\"elementor-element elementor-element-1f04a22 e-con-full animated-slow e-flex elementor-invisible e-con e-child\" data-id=\"1f04a22\" data-element_type=\"container\" data-e-type=\"container\" data-settings=\"{&quot;jet_parallax_layout_list&quot;:[],&quot;animation&quot;:&quot;fadeInLeft&quot;}\">\n\t\t\t\t<div class=\"elementor-element elementor-element-3edba53 elementor-widget elementor-widget-heading\" data-id=\"3edba53\" data-element_type=\"widget\" data-e-type=\"widget\" data-widget_type=\"heading.default\">\n\t\t\t\t<div class=\"elementor-widget-container\">\n\t\t\t\t\t<h1 class=\"elementor-heading-title elementor-size-default\">Morismas de Bracho\n\n\n\n\n<\/h1>\t\t\t\t<\/div>\n\t\t\t\t<\/div>\n\t\t<div class=\"elementor-element elementor-element-87d41ae e-con-full animated-slow e-flex elementor-invisible e-con e-child\" data-id=\"87d41ae\" data-element_type=\"container\" data-e-type=\"container\" data-settings=\"{&quot;jet_parallax_layout_list&quot;:[],&quot;animation&quot;:&quot;fadeInLeft&quot;}\">\n\t\t<div class=\"elementor-element elementor-element-a276efa e-flex e-con-boxed e-con e-child\" data-id=\"a276efa\" data-element_type=\"container\" data-e-type=\"container\" data-settings=\"{&quot;jet_parallax_layout_list&quot;:[],&quot;background_background&quot;:&quot;gradient&quot;}\">\n\t\t\t\t\t<div class=\"e-con-inner\">\n\t\t<div class=\"elementor-element elementor-element-c14a8c1 e-con-full animated-slow e-flex elementor-invisible e-con e-child\" data-id=\"c14a8c1\" data-element_type=\"container\" data-e-type=\"container\" data-settings=\"{&quot;jet_parallax_layout_list&quot;:[],&quot;animation&quot;:&quot;fadeInLeft&quot;,&quot;background_background&quot;:&quot;gradient&quot;}\">\n\t\t\t\t<div class=\"elementor-element elementor-element-743b80c elementor-widget__width-initial elementor-widget elementor-widget-text-editor\" data-id=\"743b80c\" data-element_type=\"widget\" data-e-type=\"widget\" data-widget_type=\"text-editor.default\">\n\t\t\t\t<div class=\"elementor-widget-container\">\n\t\t\t\t\t\t\t\t\t<p>Date: August 31 to September 3<\/p><p>Location: Zacatecas, Zacatecas<\/p>\t\t\t\t\t\t\t\t<\/div>\n\t\t\t\t<\/div>\n\t\t\t\t<\/div>\n\t\t\t\t\t<\/div>\n\t\t\t\t<\/div>\n\t\t\t\t<\/div>\n\t\t\t\t<div class=\"elementor-element elementor-element-f0ade84 elementor-widget elementor-widget-text-editor\" data-id=\"f0ade84\" data-element_type=\"widget\" data-e-type=\"widget\" data-widget_type=\"text-editor.default\">\n\t\t\t\t<div class=\"elementor-widget-container\">\n\t\t\t\t\t\t\t\t\t<div><p>This is an ancient tradition carried out by the representatives of the Brotherhood of Saint John the Baptist, in which more than 10,000 actors and street performers participate in the three stages of the Morismas.<\/p><p>The first representation is the beheading of John the Baptist; the second is the reenactment of the battle led by Charlemagne against the Muslims; and the third is the Battle of Lepanto between Christians and Turks, which took place in the 16th century.<\/p><p>The parade takes place along the main streets of the Historic Center.<\/p><\/div>\t\t\t\t\t\t\t\t<\/div>\n\t\t\t\t<\/div>\n\t\t\t\t<\/div>\n\t\t<div class=\"elementor-element elementor-element-1db7e2b e-con-full e-flex e-con e-child\" data-id=\"1db7e2b\" data-element_type=\"container\" data-e-type=\"container\" data-settings=\"{&quot;jet_parallax_layout_list&quot;:[]}\">\n\t\t\t\t<div class=\"elementor-element elementor-element-1814756 elementor-widget elementor-widget-image\" data-id=\"1814756\" data-element_type=\"widget\" data-e-type=\"widget\" data-widget_type=\"image.default\">\n\t\t\t\t<div class=\"elementor-widget-container\">\n\t\t\t\t\t\t\t\t\t\t\t\t\t\t\t<img loading=\"lazy\" decoding=\"async\" width=\"768\" height=\"514\" src=\"https:\/\/programadestinosmexico.com\/wp-content\/uploads\/2025\/08\/Morismas-de-Bracho-768x514.jpg\" class=\"attachment-medium_large size-medium_large wp-image-173154\" alt=\"\" srcset=\"https:\/\/programadestinosmexico.com\/wp-content\/uploads\/2025\/08\/Morismas-de-Bracho-768x514.jpg 768w, https:\/\/programadestinosmexico.com\/wp-content\/uploads\/2025\/08\/Morismas-de-Bracho-300x201.jpg 300w, https:\/\/programadestinosmexico.com\/wp-content\/uploads\/2025\/08\/Morismas-de-Bracho-1024x685.jpg 1024w, https:\/\/programadestinosmexico.com\/wp-content\/uploads\/2025\/08\/Morismas-de-Bracho-1536x1028.jpg 1536w, https:\/\/programadestinosmexico.com\/wp-content\/uploads\/2025\/08\/Morismas-de-Bracho-18x12.jpg 18w, https:\/\/programadestinosmexico.com\/wp-content\/uploads\/2025\/08\/Morismas-de-Bracho.jpg 1600w\" sizes=\"(max-width: 768px) 100vw, 768px\" \/>\t\t\t\t\t\t\t\t\t\t\t\t\t\t\t<\/div>\n\t\t\t\t<\/div>\n\t\t\t\t<\/div>\n\t\t\t\t\t<\/div>\n\t\t\t\t<\/div>\n\t\t<div class=\"elementor-element elementor-element-d536768 e-flex e-con-boxed e-con e-parent\" data-id=\"d536768\" data-element_type=\"container\" data-e-type=\"container\" data-settings=\"{&quot;jet_parallax_layout_list&quot;:[]}\">\n\t\t\t\t\t<div class=\"e-con-inner\">\n\t\t<div class=\"elementor-element elementor-element-7de8573 e-con-full animated-slow e-flex elementor-invisible e-con e-child\" data-id=\"7de8573\" data-element_type=\"container\" data-e-type=\"container\" data-settings=\"{&quot;jet_parallax_layout_list&quot;:[],&quot;animation&quot;:&quot;fadeInLeft&quot;}\">\n\t\t\t\t<div class=\"elementor-element elementor-element-b4812bc elementor-widget elementor-widget-heading\" data-id=\"b4812bc\" data-element_type=\"widget\" data-e-type=\"widget\" data-widget_type=\"heading.default\">\n\t\t\t\t<div class=\"elementor-widget-container\">\n\t\t\t\t\t<h1 class=\"elementor-heading-title elementor-size-default\">Enchilada Festival\n\n\n\n\n<\/h1>\t\t\t\t<\/div>\n\t\t\t\t<\/div>\n\t\t<div class=\"elementor-element elementor-element-17a2c76 e-con-full animated-slow e-flex elementor-invisible e-con e-child\" data-id=\"17a2c76\" data-element_type=\"container\" data-e-type=\"container\" data-settings=\"{&quot;jet_parallax_layout_list&quot;:[],&quot;animation&quot;:&quot;fadeInLeft&quot;}\">\n\t\t<div class=\"elementor-element elementor-element-6da9413 e-flex e-con-boxed e-con e-child\" data-id=\"6da9413\" data-element_type=\"container\" data-e-type=\"container\" data-settings=\"{&quot;jet_parallax_layout_list&quot;:[],&quot;background_background&quot;:&quot;gradient&quot;}\">\n\t\t\t\t\t<div class=\"e-con-inner\">\n\t\t<div class=\"elementor-element elementor-element-0a046ae e-con-full animated-slow e-flex elementor-invisible e-con e-child\" data-id=\"0a046ae\" data-element_type=\"container\" data-e-type=\"container\" data-settings=\"{&quot;jet_parallax_layout_list&quot;:[],&quot;animation&quot;:&quot;fadeInLeft&quot;,&quot;background_background&quot;:&quot;gradient&quot;}\">\n\t\t\t\t<div class=\"elementor-element elementor-element-0082a26 elementor-widget__width-initial elementor-widget elementor-widget-text-editor\" data-id=\"0082a26\" data-element_type=\"widget\" data-e-type=\"widget\" data-widget_type=\"text-editor.default\">\n\t\t\t\t<div class=\"elementor-widget-container\">\n\t\t\t\t\t\t\t\t\t<p>Date: August 31 to September 7<span class=\"Apple-converted-space\">\u00a0<\/span><\/p><p>Location: Cuitl\u00e1huac Macroplaza, Iztapalapa, Mexico City<\/p>\t\t\t\t\t\t\t\t<\/div>\n\t\t\t\t<\/div>\n\t\t\t\t<\/div>\n\t\t\t\t\t<\/div>\n\t\t\t\t<\/div>\n\t\t\t\t<\/div>\n\t\t\t\t<div class=\"elementor-element elementor-element-d4d7de2 elementor-widget elementor-widget-text-editor\" data-id=\"d4d7de2\" data-element_type=\"widget\" data-e-type=\"widget\" data-widget_type=\"text-editor.default\">\n\t\t\t\t<div class=\"elementor-widget-container\">\n\t\t\t\t\t\t\t\t\t<div><p>This is one of the top gastronomic events in Mexico City, with more than 20 restaurants offering over 200 types of enchiladas, including mole, green, and red versions, sometimes prepared with exotic ingredients.<\/p><p>The festival also features cultural activities and live concerts with local bands and dance groups.<\/p><p>The highlight of the event is the world\u2019s largest enchilada, with an attempt to break a Guinness World Record \u2014 a title already held by this same festival.<\/p><\/div><div>\u00a0<\/div>\t\t\t\t\t\t\t\t<\/div>\n\t\t\t\t<\/div>\n\t\t\t\t<\/div>\n\t\t<div class=\"elementor-element elementor-element-ace9d67 e-con-full e-flex e-con e-child\" data-id=\"ace9d67\" data-element_type=\"container\" data-e-type=\"container\" data-settings=\"{&quot;jet_parallax_layout_list&quot;:[]}\">\n\t\t\t\t<div class=\"elementor-element elementor-element-2cd4206 elementor-widget elementor-widget-image\" data-id=\"2cd4206\" data-element_type=\"widget\" data-e-type=\"widget\" data-widget_type=\"image.default\">\n\t\t\t\t<div class=\"elementor-widget-container\">\n\t\t\t\t\t\t\t\t\t\t\t\t\t\t\t<img loading=\"lazy\" decoding=\"async\" width=\"768\" height=\"960\" src=\"https:\/\/programadestinosmexico.com\/wp-content\/uploads\/2025\/09\/Festival-de-la-Enchilada-768x960.jpg\" class=\"attachment-medium_large size-medium_large wp-image-173338\" alt=\"\" srcset=\"https:\/\/programadestinosmexico.com\/wp-content\/uploads\/2025\/09\/Festival-de-la-Enchilada-768x960.jpg 768w, https:\/\/programadestinosmexico.com\/wp-content\/uploads\/2025\/09\/Festival-de-la-Enchilada-240x300.jpg 240w, https:\/\/programadestinosmexico.com\/wp-content\/uploads\/2025\/09\/Festival-de-la-Enchilada-819x1024.jpg 819w, https:\/\/programadestinosmexico.com\/wp-content\/uploads\/2025\/09\/Festival-de-la-Enchilada-1229x1536.jpg 1229w, https:\/\/programadestinosmexico.com\/wp-content\/uploads\/2025\/09\/Festival-de-la-Enchilada-10x12.jpg 10w, https:\/\/programadestinosmexico.com\/wp-content\/uploads\/2025\/09\/Festival-de-la-Enchilada.jpg 1280w\" sizes=\"(max-width: 768px) 100vw, 768px\" \/>\t\t\t\t\t\t\t\t\t\t\t\t\t\t\t<\/div>\n\t\t\t\t<\/div>\n\t\t\t\t<\/div>\n\t\t\t\t\t<\/div>\n\t\t\t\t<\/div>\n\t\t<div class=\"elementor-element elementor-element-7bf2ded e-flex e-con-boxed e-con e-parent\" data-id=\"7bf2ded\" data-element_type=\"container\" data-e-type=\"container\" data-settings=\"{&quot;jet_parallax_layout_list&quot;:[]}\">\n\t\t\t\t\t<div class=\"e-con-inner\">\n\t\t<div class=\"elementor-element elementor-element-0ed0472 e-con-full animated-slow e-flex elementor-invisible e-con e-child\" data-id=\"0ed0472\" data-element_type=\"container\" data-e-type=\"container\" data-settings=\"{&quot;jet_parallax_layout_list&quot;:[],&quot;animation&quot;:&quot;fadeInLeft&quot;}\">\n\t\t\t\t<div class=\"elementor-element elementor-element-2a8266b elementor-widget elementor-widget-heading\" data-id=\"2a8266b\" data-element_type=\"widget\" data-e-type=\"widget\" data-widget_type=\"heading.default\">\n\t\t\t\t<div class=\"elementor-widget-container\">\n\t\t\t\t\t<h1 class=\"elementor-heading-title elementor-size-default\">International Film Showcase with a Gender Perspective\n\n\n<\/h1>\t\t\t\t<\/div>\n\t\t\t\t<\/div>\n\t\t<div class=\"elementor-element elementor-element-1d07d82 e-con-full animated-slow e-flex elementor-invisible e-con e-child\" data-id=\"1d07d82\" data-element_type=\"container\" data-e-type=\"container\" data-settings=\"{&quot;jet_parallax_layout_list&quot;:[],&quot;animation&quot;:&quot;fadeInLeft&quot;}\">\n\t\t<div class=\"elementor-element elementor-element-9861dc7 e-flex e-con-boxed e-con e-child\" data-id=\"9861dc7\" data-element_type=\"container\" data-e-type=\"container\" data-settings=\"{&quot;jet_parallax_layout_list&quot;:[],&quot;background_background&quot;:&quot;gradient&quot;}\">\n\t\t\t\t\t<div class=\"e-con-inner\">\n\t\t<div class=\"elementor-element elementor-element-94e4f3a e-con-full animated-slow e-flex elementor-invisible e-con e-child\" data-id=\"94e4f3a\" data-element_type=\"container\" data-e-type=\"container\" data-settings=\"{&quot;jet_parallax_layout_list&quot;:[],&quot;animation&quot;:&quot;fadeInLeft&quot;,&quot;background_background&quot;:&quot;gradient&quot;}\">\n\t\t\t\t<div class=\"elementor-element elementor-element-e8bea7f elementor-widget__width-initial elementor-widget elementor-widget-text-editor\" data-id=\"e8bea7f\" data-element_type=\"widget\" data-e-type=\"widget\" data-widget_type=\"text-editor.default\">\n\t\t\t\t<div class=\"elementor-widget-container\">\n\t\t\t\t\t\t\t\t\t<p>Date: September 1 to 11<span class=\"Apple-converted-space\">\u00a0<\/span><\/p><p>Location: \u201cJaime Torres Bodet\u201d Cultural Center, IPN, Av. Wilfrido Massieu s\/n, Nueva Industrial Vallejo, Gustavo A. Madero, Mexico City<\/p>\t\t\t\t\t\t\t\t<\/div>\n\t\t\t\t<\/div>\n\t\t\t\t<\/div>\n\t\t\t\t\t<\/div>\n\t\t\t\t<\/div>\n\t\t\t\t<\/div>\n\t\t\t\t<div class=\"elementor-element elementor-element-b14e325 elementor-widget elementor-widget-text-editor\" data-id=\"b14e325\" data-element_type=\"widget\" data-e-type=\"widget\" data-widget_type=\"text-editor.default\">\n\t\t\t\t<div class=\"elementor-widget-container\">\n\t\t\t\t\t\t\t\t\t<div><p>A festival presenting films from around the world that address various themes related to gender perspective.<\/p><\/div>\t\t\t\t\t\t\t\t<\/div>\n\t\t\t\t<\/div>\n\t\t\t\t<\/div>\n\t\t<div class=\"elementor-element elementor-element-efca6dc e-con-full e-flex e-con e-child\" data-id=\"efca6dc\" data-element_type=\"container\" data-e-type=\"container\" data-settings=\"{&quot;jet_parallax_layout_list&quot;:[]}\">\n\t\t\t\t<div class=\"elementor-element elementor-element-9f8d291 elementor-widget elementor-widget-image\" data-id=\"9f8d291\" data-element_type=\"widget\" data-e-type=\"widget\" data-widget_type=\"image.default\">\n\t\t\t\t<div class=\"elementor-widget-container\">\n\t\t\t\t\t\t\t\t\t\t\t\t\t\t\t<img loading=\"lazy\" decoding=\"async\" width=\"768\" height=\"1152\" src=\"https:\/\/programadestinosmexico.com\/wp-content\/uploads\/2025\/09\/Muestra-Internacional-de-Cine-con-perspectiva-de-genero-768x1152.jpg\" class=\"attachment-medium_large size-medium_large wp-image-173349\" alt=\"\" srcset=\"https:\/\/programadestinosmexico.com\/wp-content\/uploads\/2025\/09\/Muestra-Internacional-de-Cine-con-perspectiva-de-genero-768x1152.jpg 768w, https:\/\/programadestinosmexico.com\/wp-content\/uploads\/2025\/09\/Muestra-Internacional-de-Cine-con-perspectiva-de-genero-200x300.jpg 200w, https:\/\/programadestinosmexico.com\/wp-content\/uploads\/2025\/09\/Muestra-Internacional-de-Cine-con-perspectiva-de-genero-683x1024.jpg 683w, https:\/\/programadestinosmexico.com\/wp-content\/uploads\/2025\/09\/Muestra-Internacional-de-Cine-con-perspectiva-de-genero-8x12.jpg 8w, https:\/\/programadestinosmexico.com\/wp-content\/uploads\/2025\/09\/Muestra-Internacional-de-Cine-con-perspectiva-de-genero.jpg 920w\" sizes=\"(max-width: 768px) 100vw, 768px\" \/>\t\t\t\t\t\t\t\t\t\t\t\t\t\t\t<\/div>\n\t\t\t\t<\/div>\n\t\t\t\t<\/div>\n\t\t\t\t\t<\/div>\n\t\t\t\t<\/div>\n\t\t<div class=\"elementor-element elementor-element-c6d08f2 e-flex e-con-boxed e-con e-parent\" data-id=\"c6d08f2\" data-element_type=\"container\" data-e-type=\"container\" data-settings=\"{&quot;jet_parallax_layout_list&quot;:[]}\">\n\t\t\t\t\t<div class=\"e-con-inner\">\n\t\t<div class=\"elementor-element elementor-element-d668ed0 e-con-full animated-slow e-flex elementor-invisible e-con e-child\" data-id=\"d668ed0\" data-element_type=\"container\" data-e-type=\"container\" data-settings=\"{&quot;jet_parallax_layout_list&quot;:[],&quot;animation&quot;:&quot;fadeInLeft&quot;}\">\n\t\t\t\t<div class=\"elementor-element elementor-element-a6e7441 elementor-widget elementor-widget-heading\" data-id=\"a6e7441\" data-element_type=\"widget\" data-e-type=\"widget\" data-widget_type=\"heading.default\">\n\t\t\t\t<div class=\"elementor-widget-container\">\n\t\t\t\t\t<h1 class=\"elementor-heading-title elementor-size-default\">Festival del Caldo Tlalpe\u00f1o (Tlalpe\u00f1o Broth Festival)\n\n\n\n\n<\/h1>\t\t\t\t<\/div>\n\t\t\t\t<\/div>\n\t\t<div class=\"elementor-element elementor-element-4a60955 e-con-full animated-slow e-flex elementor-invisible e-con e-child\" data-id=\"4a60955\" data-element_type=\"container\" data-e-type=\"container\" data-settings=\"{&quot;jet_parallax_layout_list&quot;:[],&quot;animation&quot;:&quot;fadeInLeft&quot;}\">\n\t\t<div class=\"elementor-element elementor-element-b2f38d8 e-flex e-con-boxed e-con e-child\" data-id=\"b2f38d8\" data-element_type=\"container\" data-e-type=\"container\" data-settings=\"{&quot;jet_parallax_layout_list&quot;:[],&quot;background_background&quot;:&quot;gradient&quot;}\">\n\t\t\t\t\t<div class=\"e-con-inner\">\n\t\t<div class=\"elementor-element elementor-element-10099a4 e-con-full animated-slow e-flex elementor-invisible e-con e-child\" data-id=\"10099a4\" data-element_type=\"container\" data-e-type=\"container\" data-settings=\"{&quot;jet_parallax_layout_list&quot;:[],&quot;animation&quot;:&quot;fadeInLeft&quot;,&quot;background_background&quot;:&quot;gradient&quot;}\">\n\t\t\t\t<div class=\"elementor-element elementor-element-9c03993 elementor-widget__width-initial elementor-widget elementor-widget-text-editor\" data-id=\"9c03993\" data-element_type=\"widget\" data-e-type=\"widget\" data-widget_type=\"text-editor.default\">\n\t\t\t\t<div class=\"elementor-widget-container\">\n\t\t\t\t\t\t\t\t\t<p>Date: September 1 to 30<span class=\"Apple-converted-space\">\u00a0<\/span><\/p><p>Location: Tlalpan Borough, Mexico City<\/p>\t\t\t\t\t\t\t\t<\/div>\n\t\t\t\t<\/div>\n\t\t\t\t<\/div>\n\t\t\t\t\t<\/div>\n\t\t\t\t<\/div>\n\t\t\t\t<\/div>\n\t\t\t\t<div class=\"elementor-element elementor-element-aabf8c5 elementor-widget elementor-widget-text-editor\" data-id=\"aabf8c5\" data-element_type=\"widget\" data-e-type=\"widget\" data-widget_type=\"text-editor.default\">\n\t\t\t\t<div class=\"elementor-widget-container\">\n\t\t\t\t\t\t\t\t\t<div><p>This festival brings together various restaurants and markets from the Tlalpan borough, where visitors can enjoy this delicious traditional dish. Activities include the Best Tlalpe\u00f1o Broth Contest. Entry to the contest is free and open to all ages. The event takes place at Hacienda San Fernando.<\/p><\/div><div>\u00a0<\/div>\t\t\t\t\t\t\t\t<\/div>\n\t\t\t\t<\/div>\n\t\t\t\t<\/div>\n\t\t<div class=\"elementor-element elementor-element-bfb5639 e-con-full e-flex e-con e-child\" data-id=\"bfb5639\" data-element_type=\"container\" data-e-type=\"container\" data-settings=\"{&quot;jet_parallax_layout_list&quot;:[]}\">\n\t\t\t\t<div class=\"elementor-element elementor-element-d2b7f60 elementor-widget elementor-widget-image\" data-id=\"d2b7f60\" data-element_type=\"widget\" data-e-type=\"widget\" data-widget_type=\"image.default\">\n\t\t\t\t<div class=\"elementor-widget-container\">\n\t\t\t\t\t\t\t\t\t\t\t\t\t\t\t<img loading=\"lazy\" decoding=\"async\" width=\"768\" height=\"961\" src=\"https:\/\/programadestinosmexico.com\/wp-content\/uploads\/2025\/09\/Festival-del-Caldo-Tlalpeno-768x961.jpg\" class=\"attachment-medium_large size-medium_large wp-image-173339\" alt=\"\" srcset=\"https:\/\/programadestinosmexico.com\/wp-content\/uploads\/2025\/09\/Festival-del-Caldo-Tlalpeno-768x961.jpg 768w, https:\/\/programadestinosmexico.com\/wp-content\/uploads\/2025\/09\/Festival-del-Caldo-Tlalpeno-240x300.jpg 240w, https:\/\/programadestinosmexico.com\/wp-content\/uploads\/2025\/09\/Festival-del-Caldo-Tlalpeno-819x1024.jpg 819w, https:\/\/programadestinosmexico.com\/wp-content\/uploads\/2025\/09\/Festival-del-Caldo-Tlalpeno-1228x1536.jpg 1228w, https:\/\/programadestinosmexico.com\/wp-content\/uploads\/2025\/09\/Festival-del-Caldo-Tlalpeno-10x12.jpg 10w, https:\/\/programadestinosmexico.com\/wp-content\/uploads\/2025\/09\/Festival-del-Caldo-Tlalpeno.jpg 1279w\" sizes=\"(max-width: 768px) 100vw, 768px\" \/>\t\t\t\t\t\t\t\t\t\t\t\t\t\t\t<\/div>\n\t\t\t\t<\/div>\n\t\t\t\t<\/div>\n\t\t\t\t\t<\/div>\n\t\t\t\t<\/div>\n\t\t<div class=\"elementor-element elementor-element-fad99f6 e-flex e-con-boxed e-con e-parent\" data-id=\"fad99f6\" data-element_type=\"container\" data-e-type=\"container\" data-settings=\"{&quot;jet_parallax_layout_list&quot;:[]}\">\n\t\t\t\t\t<div class=\"e-con-inner\">\n\t\t<div class=\"elementor-element elementor-element-be5b939 e-con-full animated-slow e-flex elementor-invisible e-con e-child\" data-id=\"be5b939\" data-element_type=\"container\" data-e-type=\"container\" data-settings=\"{&quot;jet_parallax_layout_list&quot;:[],&quot;animation&quot;:&quot;fadeInLeft&quot;}\">\n\t\t\t\t<div class=\"elementor-element elementor-element-0e323cc elementor-widget elementor-widget-heading\" data-id=\"0e323cc\" data-element_type=\"widget\" data-e-type=\"widget\" data-widget_type=\"heading.default\">\n\t\t\t\t<div class=\"elementor-widget-container\">\n\t\t\t\t\t<h1 class=\"elementor-heading-title elementor-size-default\">National Fair of Zacatecas\n\n\n<\/h1>\t\t\t\t<\/div>\n\t\t\t\t<\/div>\n\t\t<div class=\"elementor-element elementor-element-240e65a e-con-full animated-slow e-flex elementor-invisible e-con e-child\" data-id=\"240e65a\" data-element_type=\"container\" data-e-type=\"container\" data-settings=\"{&quot;jet_parallax_layout_list&quot;:[],&quot;animation&quot;:&quot;fadeInLeft&quot;}\">\n\t\t<div class=\"elementor-element elementor-element-920b255 e-flex e-con-boxed e-con e-child\" data-id=\"920b255\" data-element_type=\"container\" data-e-type=\"container\" data-settings=\"{&quot;jet_parallax_layout_list&quot;:[],&quot;background_background&quot;:&quot;gradient&quot;}\">\n\t\t\t\t\t<div class=\"e-con-inner\">\n\t\t<div class=\"elementor-element elementor-element-9aabf38 e-con-full animated-slow e-flex elementor-invisible e-con e-child\" data-id=\"9aabf38\" data-element_type=\"container\" data-e-type=\"container\" data-settings=\"{&quot;jet_parallax_layout_list&quot;:[],&quot;animation&quot;:&quot;fadeInLeft&quot;,&quot;background_background&quot;:&quot;gradient&quot;}\">\n\t\t\t\t<div class=\"elementor-element elementor-element-fc2be35 elementor-widget__width-initial elementor-widget elementor-widget-text-editor\" data-id=\"fc2be35\" data-element_type=\"widget\" data-e-type=\"widget\" data-widget_type=\"text-editor.default\">\n\t\t\t\t<div class=\"elementor-widget-container\">\n\t\t\t\t\t\t\t\t\t<p>Date: September 5 to 21<\/p><p>Location: Zacatecas, Zacatecas<\/p>\t\t\t\t\t\t\t\t<\/div>\n\t\t\t\t<\/div>\n\t\t\t\t<\/div>\n\t\t\t\t\t<\/div>\n\t\t\t\t<\/div>\n\t\t\t\t<\/div>\n\t\t\t\t<div class=\"elementor-element elementor-element-789ac6c elementor-widget elementor-widget-text-editor\" data-id=\"789ac6c\" data-element_type=\"widget\" data-e-type=\"widget\" data-widget_type=\"text-editor.default\">\n\t\t\t\t<div class=\"elementor-widget-container\">\n\t\t\t\t\t\t\t\t\t<p>During this event, the city of Zacatecas transforms into a hub of celebration, with daily activities ranging from massive concerts to parades, livestock exhibitions, religious events, sports tournaments, and an outstanding cultural program.<\/p><p>The fair also features amusement rides, interactive areas, guided tours of the city\u2019s museums, local product sales, and countless activities for the whole family.<span class=\"Apple-converted-space\">\u00a0<\/span><\/p>\t\t\t\t\t\t\t\t<\/div>\n\t\t\t\t<\/div>\n\t\t\t\t<\/div>\n\t\t<div class=\"elementor-element elementor-element-bfa0a80 e-con-full e-flex e-con e-child\" data-id=\"bfa0a80\" data-element_type=\"container\" data-e-type=\"container\" data-settings=\"{&quot;jet_parallax_layout_list&quot;:[]}\">\n\t\t\t\t<div class=\"elementor-element elementor-element-613ed64 elementor-widget elementor-widget-image\" data-id=\"613ed64\" data-element_type=\"widget\" data-e-type=\"widget\" data-widget_type=\"image.default\">\n\t\t\t\t<div class=\"elementor-widget-container\">\n\t\t\t\t\t\t\t\t\t\t\t\t\t\t\t<img loading=\"lazy\" decoding=\"async\" width=\"768\" height=\"960\" src=\"https:\/\/programadestinosmexico.com\/wp-content\/uploads\/2025\/09\/Feria-Nacional-de-Zacatecas-768x960.jpg\" class=\"attachment-medium_large size-medium_large wp-image-173333\" alt=\"\" srcset=\"https:\/\/programadestinosmexico.com\/wp-content\/uploads\/2025\/09\/Feria-Nacional-de-Zacatecas-768x960.jpg 768w, https:\/\/programadestinosmexico.com\/wp-content\/uploads\/2025\/09\/Feria-Nacional-de-Zacatecas-240x300.jpg 240w, https:\/\/programadestinosmexico.com\/wp-content\/uploads\/2025\/09\/Feria-Nacional-de-Zacatecas-819x1024.jpg 819w, https:\/\/programadestinosmexico.com\/wp-content\/uploads\/2025\/09\/Feria-Nacional-de-Zacatecas-10x12.jpg 10w, https:\/\/programadestinosmexico.com\/wp-content\/uploads\/2025\/09\/Feria-Nacional-de-Zacatecas.jpg 1080w\" sizes=\"(max-width: 768px) 100vw, 768px\" \/>\t\t\t\t\t\t\t\t\t\t\t\t\t\t\t<\/div>\n\t\t\t\t<\/div>\n\t\t\t\t<\/div>\n\t\t\t\t\t<\/div>\n\t\t\t\t<\/div>\n\t\t<div class=\"elementor-element elementor-element-5cf2997 e-flex e-con-boxed e-con e-parent\" data-id=\"5cf2997\" data-element_type=\"container\" data-e-type=\"container\" data-settings=\"{&quot;jet_parallax_layout_list&quot;:[]}\">\n\t\t\t\t\t<div class=\"e-con-inner\">\n\t\t<div class=\"elementor-element elementor-element-f9ef3cd e-con-full animated-slow e-flex elementor-invisible e-con e-child\" data-id=\"f9ef3cd\" data-element_type=\"container\" data-e-type=\"container\" data-settings=\"{&quot;jet_parallax_layout_list&quot;:[],&quot;animation&quot;:&quot;fadeInLeft&quot;}\">\n\t\t\t\t<div class=\"elementor-element elementor-element-377a20f elementor-widget elementor-widget-heading\" data-id=\"377a20f\" data-element_type=\"widget\" data-e-type=\"widget\" data-widget_type=\"heading.default\">\n\t\t\t\t<div class=\"elementor-widget-container\">\n\t\t\t\t\t<h1 class=\"elementor-heading-title elementor-size-default\">Torre\u00f3n Fair\n\n\n\n\n<\/h1>\t\t\t\t<\/div>\n\t\t\t\t<\/div>\n\t\t<div class=\"elementor-element elementor-element-2a3fabd e-con-full animated-slow e-flex elementor-invisible e-con e-child\" data-id=\"2a3fabd\" data-element_type=\"container\" data-e-type=\"container\" data-settings=\"{&quot;jet_parallax_layout_list&quot;:[],&quot;animation&quot;:&quot;fadeInLeft&quot;}\">\n\t\t<div class=\"elementor-element elementor-element-79e9695 e-flex e-con-boxed e-con e-child\" data-id=\"79e9695\" data-element_type=\"container\" data-e-type=\"container\" data-settings=\"{&quot;jet_parallax_layout_list&quot;:[],&quot;background_background&quot;:&quot;gradient&quot;}\">\n\t\t\t\t\t<div class=\"e-con-inner\">\n\t\t<div class=\"elementor-element elementor-element-174f682 e-con-full animated-slow e-flex elementor-invisible e-con e-child\" data-id=\"174f682\" data-element_type=\"container\" data-e-type=\"container\" data-settings=\"{&quot;jet_parallax_layout_list&quot;:[],&quot;animation&quot;:&quot;fadeInLeft&quot;,&quot;background_background&quot;:&quot;gradient&quot;}\">\n\t\t\t\t<div class=\"elementor-element elementor-element-af7c3d0 elementor-widget__width-initial elementor-widget elementor-widget-text-editor\" data-id=\"af7c3d0\" data-element_type=\"widget\" data-e-type=\"widget\" data-widget_type=\"text-editor.default\">\n\t\t\t\t<div class=\"elementor-widget-container\">\n\t\t\t\t\t\t\t\t\t<p>Fecha: 5 de septiembre a 5 de octubre<\/p><p>Location: Torre\u00f3n, Coahuila<\/p>\t\t\t\t\t\t\t\t<\/div>\n\t\t\t\t<\/div>\n\t\t\t\t<\/div>\n\t\t\t\t\t<\/div>\n\t\t\t\t<\/div>\n\t\t\t\t<\/div>\n\t\t\t\t<div class=\"elementor-element elementor-element-20ce4bd elementor-widget elementor-widget-text-editor\" data-id=\"20ce4bd\" data-element_type=\"widget\" data-e-type=\"widget\" data-widget_type=\"text-editor.default\">\n\t\t\t\t<div class=\"elementor-widget-container\">\n\t\t\t\t\t\t\t\t\t<div><p>The fair offers a whole month of fun and entertainment with cultural events, concerts, and great opportunities to explore this region of the country.<\/p><p>The festivities include the traditional Artisan Market, the Star Forum, the Mayagoittia Theater, Las Jarras, the Ferris wheel, and a variety of amusement rides. You'll also have the chance to taste a wide variety of typical dishes and snacks.<\/p><\/div>\t\t\t\t\t\t\t\t<\/div>\n\t\t\t\t<\/div>\n\t\t\t\t<\/div>\n\t\t<div class=\"elementor-element elementor-element-efa67b3 e-con-full e-flex e-con e-child\" data-id=\"efa67b3\" data-element_type=\"container\" data-e-type=\"container\" data-settings=\"{&quot;jet_parallax_layout_list&quot;:[]}\">\n\t\t\t\t<div class=\"elementor-element elementor-element-5eee9c9 elementor-widget elementor-widget-image\" data-id=\"5eee9c9\" data-element_type=\"widget\" data-e-type=\"widget\" data-widget_type=\"image.default\">\n\t\t\t\t<div class=\"elementor-widget-container\">\n\t\t\t\t\t\t\t\t\t\t\t\t\t\t\t<img loading=\"lazy\" decoding=\"async\" width=\"768\" height=\"768\" src=\"https:\/\/programadestinosmexico.com\/wp-content\/uploads\/2025\/09\/Feria-Torreon-768x768.jpg\" class=\"attachment-medium_large size-medium_large wp-image-173335\" alt=\"\" srcset=\"https:\/\/programadestinosmexico.com\/wp-content\/uploads\/2025\/09\/Feria-Torreon-768x768.jpg 768w, https:\/\/programadestinosmexico.com\/wp-content\/uploads\/2025\/09\/Feria-Torreon-300x300.jpg 300w, https:\/\/programadestinosmexico.com\/wp-content\/uploads\/2025\/09\/Feria-Torreon-1024x1024.jpg 1024w, https:\/\/programadestinosmexico.com\/wp-content\/uploads\/2025\/09\/Feria-Torreon-12x12.jpg 12w, https:\/\/programadestinosmexico.com\/wp-content\/uploads\/2025\/09\/Feria-Torreon.jpg 1080w\" sizes=\"(max-width: 768px) 100vw, 768px\" \/>\t\t\t\t\t\t\t\t\t\t\t\t\t\t\t<\/div>\n\t\t\t\t<\/div>\n\t\t\t\t<\/div>\n\t\t\t\t\t<\/div>\n\t\t\t\t<\/div>\n\t\t<div class=\"elementor-element elementor-element-9a9f121 e-flex e-con-boxed e-con e-parent\" data-id=\"9a9f121\" data-element_type=\"container\" data-e-type=\"container\" data-settings=\"{&quot;jet_parallax_layout_list&quot;:[]}\">\n\t\t\t\t\t<div class=\"e-con-inner\">\n\t\t<div class=\"elementor-element elementor-element-dac8174 e-con-full animated-slow e-flex elementor-invisible e-con e-child\" data-id=\"dac8174\" data-element_type=\"container\" data-e-type=\"container\" data-settings=\"{&quot;jet_parallax_layout_list&quot;:[],&quot;animation&quot;:&quot;fadeInLeft&quot;}\">\n\t\t\t\t<div class=\"elementor-element elementor-element-658fd94 elementor-widget elementor-widget-heading\" data-id=\"658fd94\" data-element_type=\"widget\" data-e-type=\"widget\" data-widget_type=\"heading.default\">\n\t\t\t\t<div class=\"elementor-widget-container\">\n\t\t\t\t\t<h1 class=\"elementor-heading-title elementor-size-default\">Handmade Mexico \u2013 Craft and Gastronomy Festival\n\n\n<\/h1>\t\t\t\t<\/div>\n\t\t\t\t<\/div>\n\t\t<div class=\"elementor-element elementor-element-ada0b02 e-con-full animated-slow e-flex elementor-invisible e-con e-child\" data-id=\"ada0b02\" data-element_type=\"container\" data-e-type=\"container\" data-settings=\"{&quot;jet_parallax_layout_list&quot;:[],&quot;animation&quot;:&quot;fadeInLeft&quot;}\">\n\t\t<div class=\"elementor-element elementor-element-3e228db e-flex e-con-boxed e-con e-child\" data-id=\"3e228db\" data-element_type=\"container\" data-e-type=\"container\" data-settings=\"{&quot;jet_parallax_layout_list&quot;:[],&quot;background_background&quot;:&quot;gradient&quot;}\">\n\t\t\t\t\t<div class=\"e-con-inner\">\n\t\t<div class=\"elementor-element elementor-element-b2cef4c e-con-full animated-slow e-flex elementor-invisible e-con e-child\" data-id=\"b2cef4c\" data-element_type=\"container\" data-e-type=\"container\" data-settings=\"{&quot;jet_parallax_layout_list&quot;:[],&quot;animation&quot;:&quot;fadeInLeft&quot;,&quot;background_background&quot;:&quot;gradient&quot;}\">\n\t\t\t\t<div class=\"elementor-element elementor-element-fcf3005 elementor-widget__width-initial elementor-widget elementor-widget-text-editor\" data-id=\"fcf3005\" data-element_type=\"widget\" data-e-type=\"widget\" data-widget_type=\"text-editor.default\">\n\t\t\t\t<div class=\"elementor-widget-container\">\n\t\t\t\t\t\t\t\t\t<p>Date: September 5 to October 5<span class=\"Apple-converted-space\">\u00a0<\/span><\/p><p>Location: Museo Casa del Risco, Mexico City<\/p>\t\t\t\t\t\t\t\t<\/div>\n\t\t\t\t<\/div>\n\t\t\t\t<\/div>\n\t\t\t\t\t<\/div>\n\t\t\t\t<\/div>\n\t\t\t\t<\/div>\n\t\t\t\t<div class=\"elementor-element elementor-element-aba7ccf elementor-widget elementor-widget-text-editor\" data-id=\"aba7ccf\" data-element_type=\"widget\" data-e-type=\"widget\" data-widget_type=\"text-editor.default\">\n\t\t\t\t<div class=\"elementor-widget-container\">\n\t\t\t\t\t\t\t\t\t<p>En este festival se lleva a cabo en el Museo Casa del Risco en San \u00c1ngel y aqu\u00ed puedes <b>Held at Museo Casa del Risco in San \u00c1ngel, this festival showcases and celebrates a wide variety of unique handcrafted creations, including embroidery, weaving, ceramics, traditional sweets, mezcal, artisan bread, and much more.<\/b> de una gran variedad de creaciones artesanales \u00fanicas, incluyendo: bordados, tejidos, cer\u00e1mica, dulces, mezcales y pan artesanal, entre otros muchos.<\/p><p>Every product comes directly from its creators, who travel from communities in Hidalgo, Veracruz, Oaxaca, Chiapas, Guerrero, Morelos, Puebla, Guanajuato, State of Mexico, Aguascalientes, Quer\u00e9taro, Michoac\u00e1n, and Mexico City.<\/p>\t\t\t\t\t\t\t\t<\/div>\n\t\t\t\t<\/div>\n\t\t\t\t<\/div>\n\t\t<div class=\"elementor-element elementor-element-f4867bd e-con-full e-flex e-con e-child\" data-id=\"f4867bd\" data-element_type=\"container\" data-e-type=\"container\" data-settings=\"{&quot;jet_parallax_layout_list&quot;:[]}\">\n\t\t\t\t<div class=\"elementor-element elementor-element-c635e0b elementor-widget elementor-widget-image\" data-id=\"c635e0b\" data-element_type=\"widget\" data-e-type=\"widget\" data-widget_type=\"image.default\">\n\t\t\t\t<div class=\"elementor-widget-container\">\n\t\t\t\t\t\t\t\t\t\t\t\t\t\t\t<img loading=\"lazy\" decoding=\"async\" width=\"768\" height=\"768\" src=\"https:\/\/programadestinosmexico.com\/wp-content\/uploads\/2025\/09\/dce03d_38d683f28d054e4ebd478441ba8f38e9mv2.jpeg-768x768.avif\" class=\"attachment-medium_large size-medium_large wp-image-173346\" alt=\"\" srcset=\"https:\/\/programadestinosmexico.com\/wp-content\/uploads\/2025\/09\/dce03d_38d683f28d054e4ebd478441ba8f38e9mv2.jpeg-768x768.avif 768w, https:\/\/programadestinosmexico.com\/wp-content\/uploads\/2025\/09\/dce03d_38d683f28d054e4ebd478441ba8f38e9mv2.jpeg-300x300.avif 300w, https:\/\/programadestinosmexico.com\/wp-content\/uploads\/2025\/09\/dce03d_38d683f28d054e4ebd478441ba8f38e9mv2.jpeg-12x12.avif 12w, https:\/\/programadestinosmexico.com\/wp-content\/uploads\/2025\/09\/dce03d_38d683f28d054e4ebd478441ba8f38e9mv2.jpeg.avif 980w\" sizes=\"(max-width: 768px) 100vw, 768px\" \/>\t\t\t\t\t\t\t\t\t\t\t\t\t\t\t<\/div>\n\t\t\t\t<\/div>\n\t\t\t\t<\/div>\n\t\t\t\t\t<\/div>\n\t\t\t\t<\/div>\n\t\t<div class=\"elementor-element elementor-element-e4cd5fd e-flex e-con-boxed e-con e-parent\" data-id=\"e4cd5fd\" data-element_type=\"container\" data-e-type=\"container\" data-settings=\"{&quot;jet_parallax_layout_list&quot;:[]}\">\n\t\t\t\t\t<div class=\"e-con-inner\">\n\t\t<div class=\"elementor-element elementor-element-86eb594 e-con-full animated-slow e-flex elementor-invisible e-con e-child\" data-id=\"86eb594\" data-element_type=\"container\" data-e-type=\"container\" data-settings=\"{&quot;jet_parallax_layout_list&quot;:[],&quot;animation&quot;:&quot;fadeInLeft&quot;}\">\n\t\t\t\t<div class=\"elementor-element elementor-element-8be9422 elementor-widget elementor-widget-heading\" data-id=\"8be9422\" data-element_type=\"widget\" data-e-type=\"widget\" data-widget_type=\"heading.default\">\n\t\t\t\t<div class=\"elementor-widget-container\">\n\t\t\t\t\t<h1 class=\"elementor-heading-title elementor-size-default\">Fiestas Patrias Dolores Hidalgo\n\n\n\n\n<\/h1>\t\t\t\t<\/div>\n\t\t\t\t<\/div>\n\t\t<div class=\"elementor-element elementor-element-2af2834 e-con-full animated-slow e-flex elementor-invisible e-con e-child\" data-id=\"2af2834\" data-element_type=\"container\" data-e-type=\"container\" data-settings=\"{&quot;jet_parallax_layout_list&quot;:[],&quot;animation&quot;:&quot;fadeInLeft&quot;}\">\n\t\t<div class=\"elementor-element elementor-element-4a16a1e e-flex e-con-boxed e-con e-child\" data-id=\"4a16a1e\" data-element_type=\"container\" data-e-type=\"container\" data-settings=\"{&quot;jet_parallax_layout_list&quot;:[],&quot;background_background&quot;:&quot;gradient&quot;}\">\n\t\t\t\t\t<div class=\"e-con-inner\">\n\t\t<div class=\"elementor-element elementor-element-361f4f5 e-con-full animated-slow e-flex elementor-invisible e-con e-child\" data-id=\"361f4f5\" data-element_type=\"container\" data-e-type=\"container\" data-settings=\"{&quot;jet_parallax_layout_list&quot;:[],&quot;animation&quot;:&quot;fadeInLeft&quot;,&quot;background_background&quot;:&quot;gradient&quot;}\">\n\t\t\t\t<div class=\"elementor-element elementor-element-fcc77a7 elementor-widget__width-initial elementor-widget elementor-widget-text-editor\" data-id=\"fcc77a7\" data-element_type=\"widget\" data-e-type=\"widget\" data-widget_type=\"text-editor.default\">\n\t\t\t\t<div class=\"elementor-widget-container\">\n\t\t\t\t\t\t\t\t\t<p>Date: September 5 to 21<span class=\"Apple-converted-space\">\u00a0<\/span><\/p><p>Location: Dolores Hidalgo, Guanajuato<\/p>\t\t\t\t\t\t\t\t<\/div>\n\t\t\t\t<\/div>\n\t\t\t\t<\/div>\n\t\t\t\t\t<\/div>\n\t\t\t\t<\/div>\n\t\t\t\t<\/div>\n\t\t\t\t<div class=\"elementor-element elementor-element-58ed59b elementor-widget elementor-widget-text-editor\" data-id=\"58ed59b\" data-element_type=\"widget\" data-e-type=\"widget\" data-widget_type=\"text-editor.default\">\n\t\t\t\t<div class=\"elementor-widget-container\">\n\t\t\t\t\t\t\t\t\t<p>This Magic Town is an ideal place to experience Mexico\u2019s Independence Day celebrations. Its streets are decorated with tricolor lights, papel picado, flags, mariachi music, and a festive national atmosphere that captivates all visitors.<\/p><p>The program includes civic parades, processions, solemn masses, traditional costume contests, folkloric dance, live music performances, and cultural exhibitions.<\/p>\t\t\t\t\t\t\t\t<\/div>\n\t\t\t\t<\/div>\n\t\t\t\t<\/div>\n\t\t<div class=\"elementor-element elementor-element-b00890c e-con-full e-flex e-con e-child\" data-id=\"b00890c\" data-element_type=\"container\" data-e-type=\"container\" data-settings=\"{&quot;jet_parallax_layout_list&quot;:[]}\">\n\t\t\t\t<div class=\"elementor-element elementor-element-d492425 elementor-widget elementor-widget-image\" data-id=\"d492425\" data-element_type=\"widget\" data-e-type=\"widget\" data-widget_type=\"image.default\">\n\t\t\t\t<div class=\"elementor-widget-container\">\n\t\t\t\t\t\t\t\t\t\t\t\t\t\t\t<img loading=\"lazy\" decoding=\"async\" width=\"768\" height=\"1030\" src=\"https:\/\/programadestinosmexico.com\/wp-content\/uploads\/2025\/09\/Fiestas-Patrias-Dolores-Hidalgo-768x1030.jpg\" class=\"attachment-medium_large size-medium_large wp-image-173342\" alt=\"\" srcset=\"https:\/\/programadestinosmexico.com\/wp-content\/uploads\/2025\/09\/Fiestas-Patrias-Dolores-Hidalgo-768x1030.jpg 768w, https:\/\/programadestinosmexico.com\/wp-content\/uploads\/2025\/09\/Fiestas-Patrias-Dolores-Hidalgo-224x300.jpg 224w, https:\/\/programadestinosmexico.com\/wp-content\/uploads\/2025\/09\/Fiestas-Patrias-Dolores-Hidalgo-764x1024.jpg 764w, https:\/\/programadestinosmexico.com\/wp-content\/uploads\/2025\/09\/Fiestas-Patrias-Dolores-Hidalgo-9x12.jpg 9w, https:\/\/programadestinosmexico.com\/wp-content\/uploads\/2025\/09\/Fiestas-Patrias-Dolores-Hidalgo.jpg 1080w\" sizes=\"(max-width: 768px) 100vw, 768px\" \/>\t\t\t\t\t\t\t\t\t\t\t\t\t\t\t<\/div>\n\t\t\t\t<\/div>\n\t\t\t\t<\/div>\n\t\t\t\t\t<\/div>\n\t\t\t\t<\/div>\n\t\t<div class=\"elementor-element elementor-element-bc3bb6b e-flex e-con-boxed e-con e-parent\" data-id=\"bc3bb6b\" data-element_type=\"container\" data-e-type=\"container\" data-settings=\"{&quot;jet_parallax_layout_list&quot;:[]}\">\n\t\t\t\t\t<div class=\"e-con-inner\">\n\t\t<div class=\"elementor-element elementor-element-9019df5 e-con-full animated-slow e-flex elementor-invisible e-con e-child\" data-id=\"9019df5\" data-element_type=\"container\" data-e-type=\"container\" data-settings=\"{&quot;jet_parallax_layout_list&quot;:[],&quot;animation&quot;:&quot;fadeInLeft&quot;}\">\n\t\t\t\t<div class=\"elementor-element elementor-element-70b7bac elementor-widget elementor-widget-heading\" data-id=\"70b7bac\" data-element_type=\"widget\" data-e-type=\"widget\" data-widget_type=\"heading.default\">\n\t\t\t\t<div class=\"elementor-widget-container\">\n\t\t\t\t\t<h1 class=\"elementor-heading-title elementor-size-default\">Expomex Fair Nuevo Laredo \n\n\n<\/h1>\t\t\t\t<\/div>\n\t\t\t\t<\/div>\n\t\t<div class=\"elementor-element elementor-element-6e23710 e-con-full animated-slow e-flex elementor-invisible e-con e-child\" data-id=\"6e23710\" data-element_type=\"container\" data-e-type=\"container\" data-settings=\"{&quot;jet_parallax_layout_list&quot;:[],&quot;animation&quot;:&quot;fadeInLeft&quot;}\">\n\t\t<div class=\"elementor-element elementor-element-5dd1835 e-flex e-con-boxed e-con e-child\" data-id=\"5dd1835\" data-element_type=\"container\" data-e-type=\"container\" data-settings=\"{&quot;jet_parallax_layout_list&quot;:[],&quot;background_background&quot;:&quot;gradient&quot;}\">\n\t\t\t\t\t<div class=\"e-con-inner\">\n\t\t<div class=\"elementor-element elementor-element-b6c1cae e-con-full animated-slow e-flex elementor-invisible e-con e-child\" data-id=\"b6c1cae\" data-element_type=\"container\" data-e-type=\"container\" data-settings=\"{&quot;jet_parallax_layout_list&quot;:[],&quot;animation&quot;:&quot;fadeInLeft&quot;,&quot;background_background&quot;:&quot;gradient&quot;}\">\n\t\t\t\t<div class=\"elementor-element elementor-element-a13641b elementor-widget__width-initial elementor-widget elementor-widget-text-editor\" data-id=\"a13641b\" data-element_type=\"widget\" data-e-type=\"widget\" data-widget_type=\"text-editor.default\">\n\t\t\t\t<div class=\"elementor-widget-container\">\n\t\t\t\t\t\t\t\t\t<p>Date: September 5 to 28<span class=\"Apple-converted-space\">\u00a0<\/span><\/p><p>Location: Nuevo Laredo, Tamaulipas<\/p>\t\t\t\t\t\t\t\t<\/div>\n\t\t\t\t<\/div>\n\t\t\t\t<\/div>\n\t\t\t\t\t<\/div>\n\t\t\t\t<\/div>\n\t\t\t\t<\/div>\n\t\t\t\t<div class=\"elementor-element elementor-element-9a53825 elementor-widget elementor-widget-text-editor\" data-id=\"9a53825\" data-element_type=\"widget\" data-e-type=\"widget\" data-widget_type=\"text-editor.default\">\n\t\t\t\t<div class=\"elementor-widget-container\">\n\t\t\t\t\t\t\t\t\t<p>This festival offers a wide variety of activities, shows, and attractions for the whole family, combining music, culture, gastronomy, and entertainment.<\/p><p>It features a rich and diverse lineup at both the Palenque and the Teatro del Pueblo, along with a gastronomic showcase.<\/p>\t\t\t\t\t\t\t\t<\/div>\n\t\t\t\t<\/div>\n\t\t\t\t<\/div>\n\t\t<div class=\"elementor-element elementor-element-26594d8 e-con-full e-flex e-con e-child\" data-id=\"26594d8\" data-element_type=\"container\" data-e-type=\"container\" data-settings=\"{&quot;jet_parallax_layout_list&quot;:[]}\">\n\t\t\t\t<div class=\"elementor-element elementor-element-8b8368a elementor-widget elementor-widget-image\" data-id=\"8b8368a\" data-element_type=\"widget\" data-e-type=\"widget\" data-widget_type=\"image.default\">\n\t\t\t\t<div class=\"elementor-widget-container\">\n\t\t\t\t\t\t\t\t\t\t\t\t\t\t\t<img loading=\"lazy\" decoding=\"async\" width=\"720\" height=\"720\" src=\"https:\/\/programadestinosmexico.com\/wp-content\/uploads\/2025\/09\/Feria-Expomex-Nuevo-Laredo-.jpg\" class=\"attachment-medium_large size-medium_large wp-image-173350\" alt=\"\" srcset=\"https:\/\/programadestinosmexico.com\/wp-content\/uploads\/2025\/09\/Feria-Expomex-Nuevo-Laredo-.jpg 720w, https:\/\/programadestinosmexico.com\/wp-content\/uploads\/2025\/09\/Feria-Expomex-Nuevo-Laredo--300x300.jpg 300w, https:\/\/programadestinosmexico.com\/wp-content\/uploads\/2025\/09\/Feria-Expomex-Nuevo-Laredo--12x12.jpg 12w\" sizes=\"(max-width: 720px) 100vw, 720px\" \/>\t\t\t\t\t\t\t\t\t\t\t\t\t\t\t<\/div>\n\t\t\t\t<\/div>\n\t\t\t\t<\/div>\n\t\t\t\t\t<\/div>\n\t\t\t\t<\/div>\n\t\t<div class=\"elementor-element elementor-element-1df901b e-flex e-con-boxed e-con e-parent\" data-id=\"1df901b\" data-element_type=\"container\" data-e-type=\"container\" data-settings=\"{&quot;jet_parallax_layout_list&quot;:[]}\">\n\t\t\t\t\t<div class=\"e-con-inner\">\n\t\t<div class=\"elementor-element elementor-element-3a2debf e-con-full animated-slow e-flex elementor-invisible e-con e-child\" data-id=\"3a2debf\" data-element_type=\"container\" data-e-type=\"container\" data-settings=\"{&quot;jet_parallax_layout_list&quot;:[],&quot;animation&quot;:&quot;fadeInLeft&quot;}\">\n\t\t\t\t<div class=\"elementor-element elementor-element-012b3ab elementor-widget elementor-widget-heading\" data-id=\"012b3ab\" data-element_type=\"widget\" data-e-type=\"widget\" data-widget_type=\"heading.default\">\n\t\t\t\t<div class=\"elementor-widget-container\">\n\t\t\t\t\t<h1 class=\"elementor-heading-title elementor-size-default\">Bee Honey and Other Pollinators Expo\n\n\n\n\n<\/h1>\t\t\t\t<\/div>\n\t\t\t\t<\/div>\n\t\t<div class=\"elementor-element elementor-element-00dcdad e-con-full animated-slow e-flex elementor-invisible e-con e-child\" data-id=\"00dcdad\" data-element_type=\"container\" data-e-type=\"container\" data-settings=\"{&quot;jet_parallax_layout_list&quot;:[],&quot;animation&quot;:&quot;fadeInLeft&quot;}\">\n\t\t<div class=\"elementor-element elementor-element-d73be02 e-flex e-con-boxed e-con e-child\" data-id=\"d73be02\" data-element_type=\"container\" data-e-type=\"container\" data-settings=\"{&quot;jet_parallax_layout_list&quot;:[],&quot;background_background&quot;:&quot;gradient&quot;}\">\n\t\t\t\t\t<div class=\"e-con-inner\">\n\t\t<div class=\"elementor-element elementor-element-39d530c e-con-full animated-slow e-flex elementor-invisible e-con e-child\" data-id=\"39d530c\" data-element_type=\"container\" data-e-type=\"container\" data-settings=\"{&quot;jet_parallax_layout_list&quot;:[],&quot;animation&quot;:&quot;fadeInLeft&quot;,&quot;background_background&quot;:&quot;gradient&quot;}\">\n\t\t\t\t<div class=\"elementor-element elementor-element-522d99e elementor-widget__width-initial elementor-widget elementor-widget-text-editor\" data-id=\"522d99e\" data-element_type=\"widget\" data-e-type=\"widget\" data-widget_type=\"text-editor.default\">\n\t\t\t\t<div class=\"elementor-widget-container\">\n\t\t\t\t\t\t\t\t\t<p>Date: September 6\u20137<span class=\"Apple-converted-space\">\u00a0<\/span><\/p><p>Location: National Museum of Popular Cultures, Av. Miguel Hidalgo 289, Del Carmen, Coyoac\u00e1n, Mexico City<\/p>\t\t\t\t\t\t\t\t<\/div>\n\t\t\t\t<\/div>\n\t\t\t\t<\/div>\n\t\t\t\t\t<\/div>\n\t\t\t\t<\/div>\n\t\t\t\t<\/div>\n\t\t\t\t<div class=\"elementor-element elementor-element-a72c447 elementor-widget elementor-widget-text-editor\" data-id=\"a72c447\" data-element_type=\"widget\" data-e-type=\"widget\" data-widget_type=\"text-editor.default\">\n\t\t\t\t<div class=\"elementor-widget-container\">\n\t\t\t\t\t\t\t\t\t<p>This expo aims to promote honey production, beekeeping, and other hive products to encourage consumption, highlight health benefits, and support environmental conservation. It also emphasizes the importance of pollinators in the Conservation Land and Mexico City.<\/p><p>The program includes conferences on the importance of these insects, tasting workshops, candle-making activities, and much more.<\/p>\t\t\t\t\t\t\t\t<\/div>\n\t\t\t\t<\/div>\n\t\t\t\t<\/div>\n\t\t<div class=\"elementor-element elementor-element-5089e56 e-con-full e-flex e-con e-child\" data-id=\"5089e56\" data-element_type=\"container\" data-e-type=\"container\" data-settings=\"{&quot;jet_parallax_layout_list&quot;:[]}\">\n\t\t\t\t<div class=\"elementor-element elementor-element-e923db3 elementor-widget elementor-widget-image\" data-id=\"e923db3\" data-element_type=\"widget\" data-e-type=\"widget\" data-widget_type=\"image.default\">\n\t\t\t\t<div class=\"elementor-widget-container\">\n\t\t\t\t\t\t\t\t\t\t\t\t\t\t\t<img loading=\"lazy\" decoding=\"async\" width=\"660\" height=\"495\" src=\"https:\/\/programadestinosmexico.com\/wp-content\/uploads\/2025\/09\/Expo-miel-abejas-y-otro-polinizadores.jpg.webp\" class=\"attachment-medium_large size-medium_large wp-image-173351\" alt=\"\" srcset=\"https:\/\/programadestinosmexico.com\/wp-content\/uploads\/2025\/09\/Expo-miel-abejas-y-otro-polinizadores.jpg.webp 660w, https:\/\/programadestinosmexico.com\/wp-content\/uploads\/2025\/09\/Expo-miel-abejas-y-otro-polinizadores.jpg-300x225.webp 300w, https:\/\/programadestinosmexico.com\/wp-content\/uploads\/2025\/09\/Expo-miel-abejas-y-otro-polinizadores.jpg-16x12.webp 16w\" sizes=\"(max-width: 660px) 100vw, 660px\" \/>\t\t\t\t\t\t\t\t\t\t\t\t\t\t\t<\/div>\n\t\t\t\t<\/div>\n\t\t\t\t<\/div>\n\t\t\t\t\t<\/div>\n\t\t\t\t<\/div>\n\t\t<div class=\"elementor-element elementor-element-7c6d7f3 e-flex e-con-boxed e-con e-parent\" data-id=\"7c6d7f3\" data-element_type=\"container\" data-e-type=\"container\" data-settings=\"{&quot;jet_parallax_layout_list&quot;:[]}\">\n\t\t\t\t\t<div class=\"e-con-inner\">\n\t\t<div class=\"elementor-element elementor-element-e01fed8 e-con-full animated-slow e-flex elementor-invisible e-con e-child\" data-id=\"e01fed8\" data-element_type=\"container\" data-e-type=\"container\" data-settings=\"{&quot;jet_parallax_layout_list&quot;:[],&quot;animation&quot;:&quot;fadeInLeft&quot;}\">\n\t\t\t\t<div class=\"elementor-element elementor-element-40a6168 elementor-widget elementor-widget-heading\" data-id=\"40a6168\" data-element_type=\"widget\" data-e-type=\"widget\" data-widget_type=\"heading.default\">\n\t\t\t\t<div class=\"elementor-widget-container\">\n\t\t\t\t\t<h1 class=\"elementor-heading-title elementor-size-default\">Festival \u201cSon Resistencia\u201d\n\n\n<\/h1>\t\t\t\t<\/div>\n\t\t\t\t<\/div>\n\t\t<div class=\"elementor-element elementor-element-a1080ae e-con-full animated-slow e-flex elementor-invisible e-con e-child\" data-id=\"a1080ae\" data-element_type=\"container\" data-e-type=\"container\" data-settings=\"{&quot;jet_parallax_layout_list&quot;:[],&quot;animation&quot;:&quot;fadeInLeft&quot;}\">\n\t\t<div class=\"elementor-element elementor-element-ddf97fb e-flex e-con-boxed e-con e-child\" data-id=\"ddf97fb\" data-element_type=\"container\" data-e-type=\"container\" data-settings=\"{&quot;jet_parallax_layout_list&quot;:[],&quot;background_background&quot;:&quot;gradient&quot;}\">\n\t\t\t\t\t<div class=\"e-con-inner\">\n\t\t<div class=\"elementor-element elementor-element-ab3bdc1 e-con-full animated-slow e-flex elementor-invisible e-con e-child\" data-id=\"ab3bdc1\" data-element_type=\"container\" data-e-type=\"container\" data-settings=\"{&quot;jet_parallax_layout_list&quot;:[],&quot;animation&quot;:&quot;fadeInLeft&quot;,&quot;background_background&quot;:&quot;gradient&quot;}\">\n\t\t\t\t<div class=\"elementor-element elementor-element-af24583 elementor-widget__width-initial elementor-widget elementor-widget-text-editor\" data-id=\"af24583\" data-element_type=\"widget\" data-e-type=\"widget\" data-widget_type=\"text-editor.default\">\n\t\t\t\t<div class=\"elementor-widget-container\">\n\t\t\t\t\t\t\t\t\t<p>Date: September 6<span class=\"Apple-converted-space\">\u00a0<\/span><\/p><p>Location: Los Pinos Cultural Center, Mexico City<\/p>\t\t\t\t\t\t\t\t<\/div>\n\t\t\t\t<\/div>\n\t\t\t\t<\/div>\n\t\t\t\t\t<\/div>\n\t\t\t\t<\/div>\n\t\t\t\t<\/div>\n\t\t\t\t<div class=\"elementor-element elementor-element-1ab14b7 elementor-widget elementor-widget-text-editor\" data-id=\"1ab14b7\" data-element_type=\"widget\" data-e-type=\"widget\" data-widget_type=\"text-editor.default\">\n\t\t\t\t<div class=\"elementor-widget-container\">\n\t\t\t\t\t\t\t\t\t<p>During this festival, attendees can enjoy a program full of traditional sounds, dance, poetry, and a powerful message of identity and the fight for recognition and dignity.<span class=\"Apple-converted-space\">\u00a0<\/span><\/p><p>It is completely free and celebrates cultural diversity.<\/p>\t\t\t\t\t\t\t\t<\/div>\n\t\t\t\t<\/div>\n\t\t\t\t<\/div>\n\t\t<div class=\"elementor-element elementor-element-e6c1b18 e-con-full e-flex e-con e-child\" data-id=\"e6c1b18\" data-element_type=\"container\" data-e-type=\"container\" data-settings=\"{&quot;jet_parallax_layout_list&quot;:[]}\">\n\t\t\t\t<div class=\"elementor-element elementor-element-dc448d4 elementor-widget elementor-widget-image\" data-id=\"dc448d4\" data-element_type=\"widget\" data-e-type=\"widget\" data-widget_type=\"image.default\">\n\t\t\t\t<div class=\"elementor-widget-container\">\n\t\t\t\t\t\t\t\t\t\t\t\t\t\t\t<img loading=\"lazy\" decoding=\"async\" width=\"768\" height=\"960\" src=\"https:\/\/programadestinosmexico.com\/wp-content\/uploads\/2025\/09\/Festival-Son-Resistencia-768x960.jpg\" class=\"attachment-medium_large size-medium_large wp-image-173352\" alt=\"\" srcset=\"https:\/\/programadestinosmexico.com\/wp-content\/uploads\/2025\/09\/Festival-Son-Resistencia-768x960.jpg 768w, https:\/\/programadestinosmexico.com\/wp-content\/uploads\/2025\/09\/Festival-Son-Resistencia-240x300.jpg 240w, https:\/\/programadestinosmexico.com\/wp-content\/uploads\/2025\/09\/Festival-Son-Resistencia-10x12.jpg 10w, https:\/\/programadestinosmexico.com\/wp-content\/uploads\/2025\/09\/Festival-Son-Resistencia.jpg 819w\" sizes=\"(max-width: 768px) 100vw, 768px\" \/>\t\t\t\t\t\t\t\t\t\t\t\t\t\t\t<\/div>\n\t\t\t\t<\/div>\n\t\t\t\t<\/div>\n\t\t\t\t\t<\/div>\n\t\t\t\t<\/div>\n\t\t<div class=\"elementor-element elementor-element-4f0a350 e-flex e-con-boxed e-con e-parent\" data-id=\"4f0a350\" data-element_type=\"container\" data-e-type=\"container\" data-settings=\"{&quot;jet_parallax_layout_list&quot;:[]}\">\n\t\t\t\t\t<div class=\"e-con-inner\">\n\t\t<div class=\"elementor-element elementor-element-5b94617 e-con-full animated-slow e-flex elementor-invisible e-con e-child\" data-id=\"5b94617\" data-element_type=\"container\" data-e-type=\"container\" data-settings=\"{&quot;jet_parallax_layout_list&quot;:[],&quot;animation&quot;:&quot;fadeInLeft&quot;}\">\n\t\t\t\t<div class=\"elementor-element elementor-element-f46d84f elementor-widget elementor-widget-heading\" data-id=\"f46d84f\" data-element_type=\"widget\" data-e-type=\"widget\" data-widget_type=\"heading.default\">\n\t\t\t\t<div class=\"elementor-widget-container\">\n\t\t\t\t\t<h1 class=\"elementor-heading-title elementor-size-default\">\u201cLive Your Body\u201d Festival\n\n\n\n\n<\/h1>\t\t\t\t<\/div>\n\t\t\t\t<\/div>\n\t\t<div class=\"elementor-element elementor-element-5659db0 e-con-full animated-slow e-flex elementor-invisible e-con e-child\" data-id=\"5659db0\" data-element_type=\"container\" data-e-type=\"container\" data-settings=\"{&quot;jet_parallax_layout_list&quot;:[],&quot;animation&quot;:&quot;fadeInLeft&quot;}\">\n\t\t<div class=\"elementor-element elementor-element-6bbb1c0 e-flex e-con-boxed e-con e-child\" data-id=\"6bbb1c0\" data-element_type=\"container\" data-e-type=\"container\" data-settings=\"{&quot;jet_parallax_layout_list&quot;:[],&quot;background_background&quot;:&quot;gradient&quot;}\">\n\t\t\t\t\t<div class=\"e-con-inner\">\n\t\t<div class=\"elementor-element elementor-element-f6473b7 e-con-full animated-slow e-flex elementor-invisible e-con e-child\" data-id=\"f6473b7\" data-element_type=\"container\" data-e-type=\"container\" data-settings=\"{&quot;jet_parallax_layout_list&quot;:[],&quot;animation&quot;:&quot;fadeInLeft&quot;,&quot;background_background&quot;:&quot;gradient&quot;}\">\n\t\t\t\t<div class=\"elementor-element elementor-element-e845621 elementor-widget__width-initial elementor-widget elementor-widget-text-editor\" data-id=\"e845621\" data-element_type=\"widget\" data-e-type=\"widget\" data-widget_type=\"text-editor.default\">\n\t\t\t\t<div class=\"elementor-widget-container\">\n\t\t\t\t\t\t\t\t\t<p>Date: September 6<span class=\"Apple-converted-space\">\u00a0<\/span><\/p><p>Location: Xochimilco Lake, Mexico City<\/p>\t\t\t\t\t\t\t\t<\/div>\n\t\t\t\t<\/div>\n\t\t\t\t<\/div>\n\t\t\t\t\t<\/div>\n\t\t\t\t<\/div>\n\t\t\t\t<\/div>\n\t\t\t\t<div class=\"elementor-element elementor-element-b45e08d elementor-widget elementor-widget-text-editor\" data-id=\"b45e08d\" data-element_type=\"widget\" data-e-type=\"widget\" data-widget_type=\"text-editor.default\">\n\t\t\t\t<div class=\"elementor-widget-container\">\n\t\t\t\t\t\t\t\t\t<p>Held at El Faro del Saber in Parque Salesiano, the festival features:\nAn upcycling workshop with DENNJS to give new life to clothing and a clothing swap.\nAn embroidery workshop with the collective Hilos de Vida to reflect on the relationship with the body.\nA stencil technique activity to customize tote bags with messages of resistance and sexual autonomy with Paste Up Morras, an anti-patriarchal collective.<span class=\"Apple-converted-space\">\u00a0<\/span><\/p><p>It also addresses self-care, self-knowledge, and self-defense with a martial arts workshop by DoJo Wadokan.<\/p>\t\t\t\t\t\t\t\t<\/div>\n\t\t\t\t<\/div>\n\t\t\t\t<\/div>\n\t\t<div class=\"elementor-element elementor-element-d431630 e-con-full e-flex e-con e-child\" data-id=\"d431630\" data-element_type=\"container\" data-e-type=\"container\" data-settings=\"{&quot;jet_parallax_layout_list&quot;:[]}\">\n\t\t\t\t<div class=\"elementor-element elementor-element-e734526 elementor-widget elementor-widget-image\" data-id=\"e734526\" data-element_type=\"widget\" data-e-type=\"widget\" data-widget_type=\"image.default\">\n\t\t\t\t<div class=\"elementor-widget-container\">\n\t\t\t\t\t\t\t\t\t\t\t\t\t\t\t<img loading=\"lazy\" decoding=\"async\" width=\"1\" height=\"1\" src=\"https:\/\/programadestinosmexico.com\/wp-content\/uploads\/2025\/09\/Festival-Vive-tu-Cuerpo.jpg.avif\" class=\"attachment-medium_large size-medium_large wp-image-173348\" alt=\"\" \/>\t\t\t\t\t\t\t\t\t\t\t\t\t\t\t<\/div>\n\t\t\t\t<\/div>\n\t\t\t\t<\/div>\n\t\t\t\t\t<\/div>\n\t\t\t\t<\/div>\n\t\t<div class=\"elementor-element elementor-element-6264e24 e-flex e-con-boxed e-con e-parent\" data-id=\"6264e24\" data-element_type=\"container\" data-e-type=\"container\" data-settings=\"{&quot;jet_parallax_layout_list&quot;:[]}\">\n\t\t\t\t\t<div class=\"e-con-inner\">\n\t\t<div class=\"elementor-element elementor-element-b90a387 e-con-full animated-slow e-flex elementor-invisible e-con e-child\" data-id=\"b90a387\" data-element_type=\"container\" data-e-type=\"container\" data-settings=\"{&quot;jet_parallax_layout_list&quot;:[],&quot;animation&quot;:&quot;fadeInLeft&quot;}\">\n\t\t\t\t<div class=\"elementor-element elementor-element-7cbe6a3 elementor-widget elementor-widget-heading\" data-id=\"7cbe6a3\" data-element_type=\"widget\" data-e-type=\"widget\" data-widget_type=\"heading.default\">\n\t\t\t\t<div class=\"elementor-widget-container\">\n\t\t\t\t\t<h1 class=\"elementor-heading-title elementor-size-default\">Cadereyta Fair, Quer\u00e9taro\n\n\n<\/h1>\t\t\t\t<\/div>\n\t\t\t\t<\/div>\n\t\t<div class=\"elementor-element elementor-element-3e4f811 e-con-full animated-slow e-flex elementor-invisible e-con e-child\" data-id=\"3e4f811\" data-element_type=\"container\" data-e-type=\"container\" data-settings=\"{&quot;jet_parallax_layout_list&quot;:[],&quot;animation&quot;:&quot;fadeInLeft&quot;}\">\n\t\t<div class=\"elementor-element elementor-element-5771362 e-flex e-con-boxed e-con e-child\" data-id=\"5771362\" data-element_type=\"container\" data-e-type=\"container\" data-settings=\"{&quot;jet_parallax_layout_list&quot;:[],&quot;background_background&quot;:&quot;gradient&quot;}\">\n\t\t\t\t\t<div class=\"e-con-inner\">\n\t\t<div class=\"elementor-element elementor-element-1ad5984 e-con-full animated-slow e-flex elementor-invisible e-con e-child\" data-id=\"1ad5984\" data-element_type=\"container\" data-e-type=\"container\" data-settings=\"{&quot;jet_parallax_layout_list&quot;:[],&quot;animation&quot;:&quot;fadeInLeft&quot;,&quot;background_background&quot;:&quot;gradient&quot;}\">\n\t\t\t\t<div class=\"elementor-element elementor-element-4ecbd8a elementor-widget__width-initial elementor-widget elementor-widget-text-editor\" data-id=\"4ecbd8a\" data-element_type=\"widget\" data-e-type=\"widget\" data-widget_type=\"text-editor.default\">\n\t\t\t\t<div class=\"elementor-widget-container\">\n\t\t\t\t\t\t\t\t\t<p>Date: September 6\u201315\u2028<\/p><p>Location: Cadereyta, Quer\u00e9taro<\/p>\t\t\t\t\t\t\t\t<\/div>\n\t\t\t\t<\/div>\n\t\t\t\t<\/div>\n\t\t\t\t\t<\/div>\n\t\t\t\t<\/div>\n\t\t\t\t<\/div>\n\t\t\t\t<div class=\"elementor-element elementor-element-c91da14 elementor-widget elementor-widget-text-editor\" data-id=\"c91da14\" data-element_type=\"widget\" data-e-type=\"widget\" data-widget_type=\"text-editor.default\">\n\t\t\t\t<div class=\"elementor-widget-container\">\n\t\t\t\t\t\t\t\t\t<p>This patronal fair in honor of Our Lady of Refuge brings together the best of music, culture, gastronomy, and regional identity.<span class=\"Apple-converted-space\">\u00a0<\/span><\/p><p>It features live musical performances of regional, cumbia, and pop genres, among others.<\/p><p>There are also amusement rides, craft exhibitions, cultural events, traditional cuisine, equestrian shows, and much more.<\/p>\t\t\t\t\t\t\t\t<\/div>\n\t\t\t\t<\/div>\n\t\t\t\t<\/div>\n\t\t<div class=\"elementor-element elementor-element-e456f88 e-con-full e-flex e-con e-child\" data-id=\"e456f88\" data-element_type=\"container\" data-e-type=\"container\" data-settings=\"{&quot;jet_parallax_layout_list&quot;:[]}\">\n\t\t\t\t<div class=\"elementor-element elementor-element-bc915bc elementor-widget elementor-widget-image\" data-id=\"bc915bc\" data-element_type=\"widget\" data-e-type=\"widget\" data-widget_type=\"image.default\">\n\t\t\t\t<div class=\"elementor-widget-container\">\n\t\t\t\t\t\t\t\t\t\t\t\t\t\t\t<img loading=\"lazy\" decoding=\"async\" width=\"500\" height=\"500\" src=\"https:\/\/programadestinosmexico.com\/wp-content\/uploads\/2025\/09\/Feria-Cadereyta-Queretaro.jpg\" class=\"attachment-medium_large size-medium_large wp-image-173329\" alt=\"\" srcset=\"https:\/\/programadestinosmexico.com\/wp-content\/uploads\/2025\/09\/Feria-Cadereyta-Queretaro.jpg 500w, https:\/\/programadestinosmexico.com\/wp-content\/uploads\/2025\/09\/Feria-Cadereyta-Queretaro-300x300.jpg 300w, https:\/\/programadestinosmexico.com\/wp-content\/uploads\/2025\/09\/Feria-Cadereyta-Queretaro-12x12.jpg 12w\" sizes=\"(max-width: 500px) 100vw, 500px\" \/>\t\t\t\t\t\t\t\t\t\t\t\t\t\t\t<\/div>\n\t\t\t\t<\/div>\n\t\t\t\t<\/div>\n\t\t\t\t\t<\/div>\n\t\t\t\t<\/div>\n\t\t<div class=\"elementor-element elementor-element-548e167 e-flex e-con-boxed e-con e-parent\" data-id=\"548e167\" data-element_type=\"container\" data-e-type=\"container\" data-settings=\"{&quot;jet_parallax_layout_list&quot;:[]}\">\n\t\t\t\t\t<div class=\"e-con-inner\">\n\t\t<div class=\"elementor-element elementor-element-c2e6735 e-con-full animated-slow e-flex elementor-invisible e-con e-child\" data-id=\"c2e6735\" data-element_type=\"container\" data-e-type=\"container\" data-settings=\"{&quot;jet_parallax_layout_list&quot;:[],&quot;animation&quot;:&quot;fadeInLeft&quot;}\">\n\t\t\t\t<div class=\"elementor-element elementor-element-8a8de0e elementor-widget elementor-widget-heading\" data-id=\"8a8de0e\" data-element_type=\"widget\" data-e-type=\"widget\" data-widget_type=\"heading.default\">\n\t\t\t\t<div class=\"elementor-widget-container\">\n\t\t\t\t\t<h1 class=\"elementor-heading-title elementor-size-default\">Ixtl\u00e1n Fair \n\n\n\n\n<\/h1>\t\t\t\t<\/div>\n\t\t\t\t<\/div>\n\t\t<div class=\"elementor-element elementor-element-2b78cbc e-con-full animated-slow e-flex elementor-invisible e-con e-child\" data-id=\"2b78cbc\" data-element_type=\"container\" data-e-type=\"container\" data-settings=\"{&quot;jet_parallax_layout_list&quot;:[],&quot;animation&quot;:&quot;fadeInLeft&quot;}\">\n\t\t<div class=\"elementor-element elementor-element-23a9c49 e-flex e-con-boxed e-con e-child\" data-id=\"23a9c49\" data-element_type=\"container\" data-e-type=\"container\" data-settings=\"{&quot;jet_parallax_layout_list&quot;:[],&quot;background_background&quot;:&quot;gradient&quot;}\">\n\t\t\t\t\t<div class=\"e-con-inner\">\n\t\t<div class=\"elementor-element elementor-element-bba8d7a e-con-full animated-slow e-flex elementor-invisible e-con e-child\" data-id=\"bba8d7a\" data-element_type=\"container\" data-e-type=\"container\" data-settings=\"{&quot;jet_parallax_layout_list&quot;:[],&quot;animation&quot;:&quot;fadeInLeft&quot;,&quot;background_background&quot;:&quot;gradient&quot;}\">\n\t\t\t\t<div class=\"elementor-element elementor-element-c570358 elementor-widget__width-initial elementor-widget elementor-widget-text-editor\" data-id=\"c570358\" data-element_type=\"widget\" data-e-type=\"widget\" data-widget_type=\"text-editor.default\">\n\t\t\t\t<div class=\"elementor-widget-container\">\n\t\t\t\t\t\t\t\t\t<p>Date: September 6\u201316<\/p><p>Location: Ixtl\u00e1n del R\u00edo, Nayarit<\/p>\t\t\t\t\t\t\t\t<\/div>\n\t\t\t\t<\/div>\n\t\t\t\t<\/div>\n\t\t\t\t\t<\/div>\n\t\t\t\t<\/div>\n\t\t\t\t<\/div>\n\t\t\t\t<div class=\"elementor-element elementor-element-db32d02 elementor-widget elementor-widget-text-editor\" data-id=\"db32d02\" data-element_type=\"widget\" data-e-type=\"widget\" data-widget_type=\"text-editor.default\">\n\t\t\t\t<div class=\"elementor-widget-container\">\n\t\t\t\t\t\t\t\t\t<p>During the fair, the historic center is decorated with festoons, tricolor flags, and ornaments evoking the spirit of independence.<\/p><p>Highlights include a lively inaugural parade with floats and popular music.<\/p><p>The program also includes agricultural, livestock, and industrial exhibitions, rodeos, folkloric contests, amusement rides, horseback parades, sports competitions, and fireworks.\u2028<\/p><p>Evenings come alive with popular dances accompanied by regional bands and guest artists.<span class=\"Apple-converted-space\">\u00a0<\/span><\/p>\t\t\t\t\t\t\t\t<\/div>\n\t\t\t\t<\/div>\n\t\t\t\t<\/div>\n\t\t<div class=\"elementor-element elementor-element-2137aa7 e-con-full e-flex e-con e-child\" data-id=\"2137aa7\" data-element_type=\"container\" data-e-type=\"container\" data-settings=\"{&quot;jet_parallax_layout_list&quot;:[]}\">\n\t\t\t\t<div class=\"elementor-element elementor-element-c0684b6 elementor-widget elementor-widget-image\" data-id=\"c0684b6\" data-element_type=\"widget\" data-e-type=\"widget\" data-widget_type=\"image.default\">\n\t\t\t\t<div class=\"elementor-widget-container\">\n\t\t\t\t\t\t\t\t\t\t\t\t\t\t\t<img loading=\"lazy\" decoding=\"async\" width=\"768\" height=\"768\" src=\"https:\/\/programadestinosmexico.com\/wp-content\/uploads\/2025\/09\/Expo-Feria-Ixtlan.jpg-768x768.webp\" class=\"attachment-medium_large size-medium_large wp-image-173353\" alt=\"\" srcset=\"https:\/\/programadestinosmexico.com\/wp-content\/uploads\/2025\/09\/Expo-Feria-Ixtlan.jpg-768x768.webp 768w, https:\/\/programadestinosmexico.com\/wp-content\/uploads\/2025\/09\/Expo-Feria-Ixtlan.jpg-300x300.webp 300w, https:\/\/programadestinosmexico.com\/wp-content\/uploads\/2025\/09\/Expo-Feria-Ixtlan.jpg-1024x1024.webp 1024w, https:\/\/programadestinosmexico.com\/wp-content\/uploads\/2025\/09\/Expo-Feria-Ixtlan.jpg-12x12.webp 12w, https:\/\/programadestinosmexico.com\/wp-content\/uploads\/2025\/09\/Expo-Feria-Ixtlan.jpg.webp 1200w\" sizes=\"(max-width: 768px) 100vw, 768px\" \/>\t\t\t\t\t\t\t\t\t\t\t\t\t\t\t<\/div>\n\t\t\t\t<\/div>\n\t\t\t\t<\/div>\n\t\t\t\t\t<\/div>\n\t\t\t\t<\/div>\n\t\t<div class=\"elementor-element elementor-element-b45e53e e-flex e-con-boxed e-con e-parent\" data-id=\"b45e53e\" data-element_type=\"container\" data-e-type=\"container\" data-settings=\"{&quot;jet_parallax_layout_list&quot;:[]}\">\n\t\t\t\t\t<div class=\"e-con-inner\">\n\t\t<div class=\"elementor-element elementor-element-d254c9b e-con-full animated-slow e-flex elementor-invisible e-con e-child\" data-id=\"d254c9b\" data-element_type=\"container\" data-e-type=\"container\" data-settings=\"{&quot;jet_parallax_layout_list&quot;:[],&quot;animation&quot;:&quot;fadeInLeft&quot;}\">\n\t\t\t\t<div class=\"elementor-element elementor-element-06554f0 elementor-widget elementor-widget-heading\" data-id=\"06554f0\" data-element_type=\"widget\" data-e-type=\"widget\" data-widget_type=\"heading.default\">\n\t\t\t\t<div class=\"elementor-widget-container\">\n\t\t\t\t\t<h1 class=\"elementor-heading-title elementor-size-default\">Gastronomy and Corn Festival\n\n\n<\/h1>\t\t\t\t<\/div>\n\t\t\t\t<\/div>\n\t\t<div class=\"elementor-element elementor-element-687ede7 e-con-full animated-slow e-flex elementor-invisible e-con e-child\" data-id=\"687ede7\" data-element_type=\"container\" data-e-type=\"container\" data-settings=\"{&quot;jet_parallax_layout_list&quot;:[],&quot;animation&quot;:&quot;fadeInLeft&quot;}\">\n\t\t<div class=\"elementor-element elementor-element-dd57ddf e-flex e-con-boxed e-con e-child\" data-id=\"dd57ddf\" data-element_type=\"container\" data-e-type=\"container\" data-settings=\"{&quot;jet_parallax_layout_list&quot;:[],&quot;background_background&quot;:&quot;gradient&quot;}\">\n\t\t\t\t\t<div class=\"e-con-inner\">\n\t\t<div class=\"elementor-element elementor-element-09ec31d e-con-full animated-slow e-flex elementor-invisible e-con e-child\" data-id=\"09ec31d\" data-element_type=\"container\" data-e-type=\"container\" data-settings=\"{&quot;jet_parallax_layout_list&quot;:[],&quot;animation&quot;:&quot;fadeInLeft&quot;,&quot;background_background&quot;:&quot;gradient&quot;}\">\n\t\t\t\t<div class=\"elementor-element elementor-element-349b2b8 elementor-widget__width-initial elementor-widget elementor-widget-text-editor\" data-id=\"349b2b8\" data-element_type=\"widget\" data-e-type=\"widget\" data-widget_type=\"text-editor.default\">\n\t\t\t\t<div class=\"elementor-widget-container\">\n\t\t\t\t\t\t\t\t\t<p>Date: September 6\u201321<span class=\"Apple-converted-space\">\u00a0<\/span><\/p><p>Location: Km 26 Xochimilco Highway, San Jos\u00e9, Milpa Alta, Mexico City<\/p>\t\t\t\t\t\t\t\t<\/div>\n\t\t\t\t<\/div>\n\t\t\t\t<\/div>\n\t\t\t\t\t<\/div>\n\t\t\t\t<\/div>\n\t\t\t\t<\/div>\n\t\t\t\t<div class=\"elementor-element elementor-element-a020caa elementor-widget elementor-widget-text-editor\" data-id=\"a020caa\" data-element_type=\"widget\" data-e-type=\"widget\" data-widget_type=\"text-editor.default\">\n\t\t\t\t<div class=\"elementor-widget-container\">\n\t\t\t\t\t\t\t\t\t<p>Held in Santa Ana Tlacotenco, Milpa Alta, this event features traditional dishes prepared by local women cooks, offering a true feast of flavors.<\/p><p>It also includes various artistic performances and folkloric dance presentations.<\/p><p>There are also amusement rides, craft exhibitions, cultural events, traditional cuisine, equestrian shows, and much more.<\/p>\t\t\t\t\t\t\t\t<\/div>\n\t\t\t\t<\/div>\n\t\t\t\t<\/div>\n\t\t<div class=\"elementor-element elementor-element-fd19e84 e-con-full e-flex e-con e-child\" data-id=\"fd19e84\" data-element_type=\"container\" data-e-type=\"container\" data-settings=\"{&quot;jet_parallax_layout_list&quot;:[]}\">\n\t\t\t\t<div class=\"elementor-element elementor-element-1ba945b elementor-widget elementor-widget-image\" data-id=\"1ba945b\" data-element_type=\"widget\" data-e-type=\"widget\" data-widget_type=\"image.default\">\n\t\t\t\t<div class=\"elementor-widget-container\">\n\t\t\t\t\t\t\t\t\t\t\t\t\t\t\t<img loading=\"lazy\" decoding=\"async\" width=\"768\" height=\"1152\" src=\"https:\/\/programadestinosmexico.com\/wp-content\/uploads\/2025\/09\/Feria-Gastronomica-y-del-Elote-768x1152.jpg\" class=\"attachment-medium_large size-medium_large wp-image-173332\" alt=\"\" srcset=\"https:\/\/programadestinosmexico.com\/wp-content\/uploads\/2025\/09\/Feria-Gastronomica-y-del-Elote-768x1152.jpg 768w, https:\/\/programadestinosmexico.com\/wp-content\/uploads\/2025\/09\/Feria-Gastronomica-y-del-Elote-200x300.jpg 200w, https:\/\/programadestinosmexico.com\/wp-content\/uploads\/2025\/09\/Feria-Gastronomica-y-del-Elote-683x1024.jpg 683w, https:\/\/programadestinosmexico.com\/wp-content\/uploads\/2025\/09\/Feria-Gastronomica-y-del-Elote-1024x1536.jpg 1024w, https:\/\/programadestinosmexico.com\/wp-content\/uploads\/2025\/09\/Feria-Gastronomica-y-del-Elote-8x12.jpg 8w, https:\/\/programadestinosmexico.com\/wp-content\/uploads\/2025\/09\/Feria-Gastronomica-y-del-Elote.jpg 1365w\" sizes=\"(max-width: 768px) 100vw, 768px\" \/>\t\t\t\t\t\t\t\t\t\t\t\t\t\t\t<\/div>\n\t\t\t\t<\/div>\n\t\t\t\t<\/div>\n\t\t\t\t\t<\/div>\n\t\t\t\t<\/div>\n\t\t<div class=\"elementor-element elementor-element-aa677ac e-flex e-con-boxed e-con e-parent\" data-id=\"aa677ac\" data-element_type=\"container\" data-e-type=\"container\" data-settings=\"{&quot;jet_parallax_layout_list&quot;:[]}\">\n\t\t\t\t\t<div class=\"e-con-inner\">\n\t\t<div class=\"elementor-element elementor-element-2573a38 e-con-full animated-slow e-flex elementor-invisible e-con e-child\" data-id=\"2573a38\" data-element_type=\"container\" data-e-type=\"container\" data-settings=\"{&quot;jet_parallax_layout_list&quot;:[],&quot;animation&quot;:&quot;fadeInLeft&quot;}\">\n\t\t\t\t<div class=\"elementor-element elementor-element-e694a55 elementor-widget elementor-widget-heading\" data-id=\"e694a55\" data-element_type=\"widget\" data-e-type=\"widget\" data-widget_type=\"heading.default\">\n\t\t\t\t<div class=\"elementor-widget-container\">\n\t\t\t\t\t<h1 class=\"elementor-heading-title elementor-size-default\">Independent Book Fair in Mexico City\n\n\n\n\n<\/h1>\t\t\t\t<\/div>\n\t\t\t\t<\/div>\n\t\t<div class=\"elementor-element elementor-element-c3d0e68 e-con-full animated-slow e-flex elementor-invisible e-con e-child\" data-id=\"c3d0e68\" data-element_type=\"container\" data-e-type=\"container\" data-settings=\"{&quot;jet_parallax_layout_list&quot;:[],&quot;animation&quot;:&quot;fadeInLeft&quot;}\">\n\t\t<div class=\"elementor-element elementor-element-bc5113b e-flex e-con-boxed e-con e-child\" data-id=\"bc5113b\" data-element_type=\"container\" data-e-type=\"container\" data-settings=\"{&quot;jet_parallax_layout_list&quot;:[],&quot;background_background&quot;:&quot;gradient&quot;}\">\n\t\t\t\t\t<div class=\"e-con-inner\">\n\t\t<div class=\"elementor-element elementor-element-bd9ff80 e-con-full animated-slow e-flex elementor-invisible e-con e-child\" data-id=\"bd9ff80\" data-element_type=\"container\" data-e-type=\"container\" data-settings=\"{&quot;jet_parallax_layout_list&quot;:[],&quot;animation&quot;:&quot;fadeInLeft&quot;,&quot;background_background&quot;:&quot;gradient&quot;}\">\n\t\t\t\t<div class=\"elementor-element elementor-element-593a0d7 elementor-widget__width-initial elementor-widget elementor-widget-text-editor\" data-id=\"593a0d7\" data-element_type=\"widget\" data-e-type=\"widget\" data-widget_type=\"text-editor.default\">\n\t\t\t\t<div class=\"elementor-widget-container\">\n\t\t\t\t\t\t\t\t\t<p>Date: September 7<span class=\"Apple-converted-space\">\u00a0<\/span><\/p><p>Location: Foro Alicia, Santa Mar\u00eda la Ribera, Mexico City<\/p>\t\t\t\t\t\t\t\t<\/div>\n\t\t\t\t<\/div>\n\t\t\t\t<\/div>\n\t\t\t\t\t<\/div>\n\t\t\t\t<\/div>\n\t\t\t\t<\/div>\n\t\t\t\t<div class=\"elementor-element elementor-element-a53c8cd elementor-widget elementor-widget-text-editor\" data-id=\"a53c8cd\" data-element_type=\"widget\" data-e-type=\"widget\" data-widget_type=\"text-editor.default\">\n\t\t\t\t<div class=\"elementor-widget-container\">\n\t\t\t\t\t\t\t\t\t<p>This event is more than just a book fair: it is a space where new voices, alternative publishers, and an irreverent spirit converge. Admission is free, and it brings together authors representing diverse voices of independent literature.<span class=\"Apple-converted-space\">\u00a0<\/span><\/p>\t\t\t\t\t\t\t\t<\/div>\n\t\t\t\t<\/div>\n\t\t\t\t<\/div>\n\t\t<div class=\"elementor-element elementor-element-05b6cb0 e-con-full e-flex e-con e-child\" data-id=\"05b6cb0\" data-element_type=\"container\" data-e-type=\"container\" data-settings=\"{&quot;jet_parallax_layout_list&quot;:[]}\">\n\t\t\t\t<div class=\"elementor-element elementor-element-2b4bc67 elementor-widget elementor-widget-image\" data-id=\"2b4bc67\" data-element_type=\"widget\" data-e-type=\"widget\" data-widget_type=\"image.default\">\n\t\t\t\t<div class=\"elementor-widget-container\">\n\t\t\t\t\t\t\t\t\t\t\t\t\t\t\t<img loading=\"lazy\" decoding=\"async\" width=\"768\" height=\"960\" src=\"https:\/\/programadestinosmexico.com\/wp-content\/uploads\/2025\/09\/Feria-del-Libro-Independiente-en-CDMX-768x960.jpg\" class=\"attachment-medium_large size-medium_large wp-image-173331\" alt=\"\" srcset=\"https:\/\/programadestinosmexico.com\/wp-content\/uploads\/2025\/09\/Feria-del-Libro-Independiente-en-CDMX-768x960.jpg 768w, https:\/\/programadestinosmexico.com\/wp-content\/uploads\/2025\/09\/Feria-del-Libro-Independiente-en-CDMX-240x300.jpg 240w, https:\/\/programadestinosmexico.com\/wp-content\/uploads\/2025\/09\/Feria-del-Libro-Independiente-en-CDMX-819x1024.jpg 819w, https:\/\/programadestinosmexico.com\/wp-content\/uploads\/2025\/09\/Feria-del-Libro-Independiente-en-CDMX-10x12.jpg 10w, https:\/\/programadestinosmexico.com\/wp-content\/uploads\/2025\/09\/Feria-del-Libro-Independiente-en-CDMX.jpg 1080w\" sizes=\"(max-width: 768px) 100vw, 768px\" \/>\t\t\t\t\t\t\t\t\t\t\t\t\t\t\t<\/div>\n\t\t\t\t<\/div>\n\t\t\t\t<\/div>\n\t\t\t\t\t<\/div>\n\t\t\t\t<\/div>\n\t\t<div class=\"elementor-element elementor-element-606ca04 e-flex e-con-boxed e-con e-parent\" data-id=\"606ca04\" data-element_type=\"container\" data-e-type=\"container\" data-settings=\"{&quot;jet_parallax_layout_list&quot;:[]}\">\n\t\t\t\t\t<div class=\"e-con-inner\">\n\t\t<div class=\"elementor-element elementor-element-1d9bfc5 e-con-full animated-slow e-flex elementor-invisible e-con e-child\" data-id=\"1d9bfc5\" data-element_type=\"container\" data-e-type=\"container\" data-settings=\"{&quot;jet_parallax_layout_list&quot;:[],&quot;animation&quot;:&quot;fadeInLeft&quot;}\">\n\t\t\t\t<div class=\"elementor-element elementor-element-4242ef3 elementor-widget elementor-widget-heading\" data-id=\"4242ef3\" data-element_type=\"widget\" data-e-type=\"widget\" data-widget_type=\"heading.default\">\n\t\t\t\t<div class=\"elementor-widget-container\">\n\t\t\t\t\t<h1 class=\"elementor-heading-title elementor-size-default\">National Corn Festival\n\n\n\n\n<\/h1>\t\t\t\t<\/div>\n\t\t\t\t<\/div>\n\t\t<div class=\"elementor-element elementor-element-a19ed53 e-con-full animated-slow e-flex elementor-invisible e-con e-child\" data-id=\"a19ed53\" data-element_type=\"container\" data-e-type=\"container\" data-settings=\"{&quot;jet_parallax_layout_list&quot;:[],&quot;animation&quot;:&quot;fadeInLeft&quot;}\">\n\t\t<div class=\"elementor-element elementor-element-891e66b e-flex e-con-boxed e-con e-child\" data-id=\"891e66b\" data-element_type=\"container\" data-e-type=\"container\" data-settings=\"{&quot;jet_parallax_layout_list&quot;:[],&quot;background_background&quot;:&quot;gradient&quot;}\">\n\t\t\t\t\t<div class=\"e-con-inner\">\n\t\t<div class=\"elementor-element elementor-element-f5f8259 e-con-full animated-slow e-flex elementor-invisible e-con e-child\" data-id=\"f5f8259\" data-element_type=\"container\" data-e-type=\"container\" data-settings=\"{&quot;jet_parallax_layout_list&quot;:[],&quot;animation&quot;:&quot;fadeInLeft&quot;,&quot;background_background&quot;:&quot;gradient&quot;}\">\n\t\t\t\t<div class=\"elementor-element elementor-element-9fb79c5 elementor-widget__width-initial elementor-widget elementor-widget-text-editor\" data-id=\"9fb79c5\" data-element_type=\"widget\" data-e-type=\"widget\" data-widget_type=\"text-editor.default\">\n\t\t\t\t<div class=\"elementor-widget-container\">\n\t\t\t\t\t\t\t\t\t<p>Date: September 12\u201316<span class=\"Apple-converted-space\">\u00a0<\/span><\/p><p>Location: Las Maravillas Ecotourism Park, San Miguel Topilejo, Mexico City<\/p>\t\t\t\t\t\t\t\t<\/div>\n\t\t\t\t<\/div>\n\t\t\t\t<\/div>\n\t\t\t\t\t<\/div>\n\t\t\t\t<\/div>\n\t\t\t\t<\/div>\n\t\t\t\t<div class=\"elementor-element elementor-element-9dbbdcc elementor-widget elementor-widget-text-editor\" data-id=\"9dbbdcc\" data-element_type=\"widget\" data-e-type=\"widget\" data-widget_type=\"text-editor.default\">\n\t\t\t\t<div class=\"elementor-widget-container\">\n\t\t\t\t\t\t\t\t\t<p>A cultural, tourist, and community gathering showcasing the different varieties of corn grown in the region, paired with dishes ranging from traditional to innovative.<\/p><p>Traditional cooks offer a wide variety of foods, from roasted corn with chili powder to garnachas and pan de elote (corn bread).<\/p><p>In addition to gastronomy, the festival features cultural and artistic activities such as folkloric dance, live music, mariachi performances, traditional games, children\u2019s activities, and agricultural exhibitions.<\/p>\t\t\t\t\t\t\t\t<\/div>\n\t\t\t\t<\/div>\n\t\t\t\t<\/div>\n\t\t<div class=\"elementor-element elementor-element-6235b9f e-con-full e-flex e-con e-child\" data-id=\"6235b9f\" data-element_type=\"container\" data-e-type=\"container\" data-settings=\"{&quot;jet_parallax_layout_list&quot;:[]}\">\n\t\t\t\t<div class=\"elementor-element elementor-element-e6c8b9f elementor-widget elementor-widget-image\" data-id=\"e6c8b9f\" data-element_type=\"widget\" data-e-type=\"widget\" data-widget_type=\"image.default\">\n\t\t\t\t<div class=\"elementor-widget-container\">\n\t\t\t\t\t\t\t\t\t\t\t\t\t\t\t<img loading=\"lazy\" decoding=\"async\" width=\"768\" height=\"961\" src=\"https:\/\/programadestinosmexico.com\/wp-content\/uploads\/2025\/09\/Feria-Nacional-del-Elote-768x961.jpg\" class=\"attachment-medium_large size-medium_large wp-image-173334\" alt=\"\" srcset=\"https:\/\/programadestinosmexico.com\/wp-content\/uploads\/2025\/09\/Feria-Nacional-del-Elote-768x961.jpg 768w, https:\/\/programadestinosmexico.com\/wp-content\/uploads\/2025\/09\/Feria-Nacional-del-Elote-240x300.jpg 240w, https:\/\/programadestinosmexico.com\/wp-content\/uploads\/2025\/09\/Feria-Nacional-del-Elote-819x1024.jpg 819w, https:\/\/programadestinosmexico.com\/wp-content\/uploads\/2025\/09\/Feria-Nacional-del-Elote-10x12.jpg 10w, https:\/\/programadestinosmexico.com\/wp-content\/uploads\/2025\/09\/Feria-Nacional-del-Elote.jpg 1200w\" sizes=\"(max-width: 768px) 100vw, 768px\" \/>\t\t\t\t\t\t\t\t\t\t\t\t\t\t\t<\/div>\n\t\t\t\t<\/div>\n\t\t\t\t<\/div>\n\t\t\t\t\t<\/div>\n\t\t\t\t<\/div>\n\t\t<div class=\"elementor-element elementor-element-24ab549 e-flex e-con-boxed e-con e-parent\" data-id=\"24ab549\" data-element_type=\"container\" data-e-type=\"container\" data-settings=\"{&quot;jet_parallax_layout_list&quot;:[]}\">\n\t\t\t\t\t<div class=\"e-con-inner\">\n\t\t<div class=\"elementor-element elementor-element-e131a90 e-con-full animated-slow e-flex elementor-invisible e-con e-child\" data-id=\"e131a90\" data-element_type=\"container\" data-e-type=\"container\" data-settings=\"{&quot;jet_parallax_layout_list&quot;:[],&quot;animation&quot;:&quot;fadeInLeft&quot;}\">\n\t\t\t\t<div class=\"elementor-element elementor-element-d99bb47 elementor-widget elementor-widget-heading\" data-id=\"d99bb47\" data-element_type=\"widget\" data-e-type=\"widget\" data-widget_type=\"heading.default\">\n\t\t\t\t<div class=\"elementor-widget-container\">\n\t\t\t\t\t<h1 class=\"elementor-heading-title elementor-size-default\">Independence Day\n\n\n\n\n<\/h1>\t\t\t\t<\/div>\n\t\t\t\t<\/div>\n\t\t<div class=\"elementor-element elementor-element-8b076e4 e-con-full animated-slow e-flex elementor-invisible e-con e-child\" data-id=\"8b076e4\" data-element_type=\"container\" data-e-type=\"container\" data-settings=\"{&quot;jet_parallax_layout_list&quot;:[],&quot;animation&quot;:&quot;fadeInLeft&quot;}\">\n\t\t<div class=\"elementor-element elementor-element-3b73035 e-flex e-con-boxed e-con e-child\" data-id=\"3b73035\" data-element_type=\"container\" data-e-type=\"container\" data-settings=\"{&quot;jet_parallax_layout_list&quot;:[],&quot;background_background&quot;:&quot;gradient&quot;}\">\n\t\t\t\t\t<div class=\"e-con-inner\">\n\t\t<div class=\"elementor-element elementor-element-04a7345 e-con-full animated-slow e-flex elementor-invisible e-con e-child\" data-id=\"04a7345\" data-element_type=\"container\" data-e-type=\"container\" data-settings=\"{&quot;jet_parallax_layout_list&quot;:[],&quot;animation&quot;:&quot;fadeInLeft&quot;,&quot;background_background&quot;:&quot;gradient&quot;}\">\n\t\t\t\t<div class=\"elementor-element elementor-element-cec0aed elementor-widget__width-initial elementor-widget elementor-widget-text-editor\" data-id=\"cec0aed\" data-element_type=\"widget\" data-e-type=\"widget\" data-widget_type=\"text-editor.default\">\n\t\t\t\t<div class=\"elementor-widget-container\">\n\t\t\t\t\t\t\t\t\t<p>Date: September 15 and 16<\/p><p>Location: Nationwide<\/p>\t\t\t\t\t\t\t\t<\/div>\n\t\t\t\t<\/div>\n\t\t\t\t<\/div>\n\t\t\t\t\t<\/div>\n\t\t\t\t<\/div>\n\t\t\t\t<\/div>\n\t\t\t\t<div class=\"elementor-element elementor-element-9c89ff3 elementor-widget elementor-widget-text-editor\" data-id=\"9c89ff3\" data-element_type=\"widget\" data-e-type=\"widget\" data-widget_type=\"text-editor.default\">\n\t\t\t\t<div class=\"elementor-widget-container\">\n\t\t\t\t\t\t\t\t\t<p>These dates mark the celebration of Mexico\u2019s Independence anniversary. In fact, throughout the month, streets and houses are decorated with flags and tricolored ornaments.<\/p><p>On the night of September 15 at 11:00 PM, the \"Cry of Independence\" takes place. In Mexico City, the president of the Republic leads the ceremony from the National Palace.<\/p><p>The ceremony consists of the president appearing with the national flag and ringing the bell that Miguel Hidalgo y Costilla, the Father of the Nation, rang in 1810 in what is known as the \"Cry of Dolores,\" when he called on the people to rise up against the Spanish. After the national heroes have been hailed, a fireworks display and a musical event follow.<\/p><p>This ceremony is replicated in each state at their respective Government Palace, where the governors lead the celebration.<\/p><p>The ceremony holds the most significance in Dolores Hidalgo, where Father Hidalgo called for the revolt to begin, and in Quer\u00e9taro, where the entire independence movement was planned.<\/p><p><a href=\"https:\/\/programadestinosmexico.com\/en\/fiestas-patrias-de-mexico\/\"><span style=\"color: #333399;\">More information<\/span><\/a><\/p>\t\t\t\t\t\t\t\t<\/div>\n\t\t\t\t<\/div>\n\t\t\t\t<\/div>\n\t\t<div class=\"elementor-element elementor-element-01274f0 e-con-full e-flex e-con e-child\" data-id=\"01274f0\" data-element_type=\"container\" data-e-type=\"container\" data-settings=\"{&quot;jet_parallax_layout_list&quot;:[]}\">\n\t\t\t\t<div class=\"elementor-element elementor-element-c3fbba4 elementor-widget elementor-widget-image\" data-id=\"c3fbba4\" data-element_type=\"widget\" data-e-type=\"widget\" data-widget_type=\"image.default\">\n\t\t\t\t<div class=\"elementor-widget-container\">\n\t\t\t\t\t\t\t\t\t\t\t\t\t\t\t<img loading=\"lazy\" decoding=\"async\" width=\"630\" height=\"630\" src=\"https:\/\/programadestinosmexico.com\/wp-content\/uploads\/2024\/01\/Fiestas-Patrias.jpg\" class=\"attachment-medium_large size-medium_large wp-image-89747\" alt=\"\" srcset=\"https:\/\/programadestinosmexico.com\/wp-content\/uploads\/2024\/01\/Fiestas-Patrias.jpg 630w, https:\/\/programadestinosmexico.com\/wp-content\/uploads\/2024\/01\/Fiestas-Patrias-300x300.jpg 300w, https:\/\/programadestinosmexico.com\/wp-content\/uploads\/2024\/01\/Fiestas-Patrias-12x12.jpg 12w\" sizes=\"(max-width: 630px) 100vw, 630px\" \/>\t\t\t\t\t\t\t\t\t\t\t\t\t\t\t<\/div>\n\t\t\t\t<\/div>\n\t\t\t\t<\/div>\n\t\t\t\t\t<\/div>\n\t\t\t\t<\/div>\n\t\t<div class=\"elementor-element elementor-element-f2da7b2 e-flex e-con-boxed e-con e-parent\" data-id=\"f2da7b2\" data-element_type=\"container\" data-e-type=\"container\" data-settings=\"{&quot;jet_parallax_layout_list&quot;:[]}\">\n\t\t\t\t\t<div class=\"e-con-inner\">\n\t\t<div class=\"elementor-element elementor-element-658455c e-con-full animated-slow e-flex elementor-invisible e-con e-child\" data-id=\"658455c\" data-element_type=\"container\" data-e-type=\"container\" data-settings=\"{&quot;jet_parallax_layout_list&quot;:[],&quot;animation&quot;:&quot;fadeInLeft&quot;}\">\n\t\t\t\t<div class=\"elementor-element elementor-element-bf20e3c elementor-widget elementor-widget-heading\" data-id=\"bf20e3c\" data-element_type=\"widget\" data-e-type=\"widget\" data-widget_type=\"heading.default\">\n\t\t\t\t<div class=\"elementor-widget-container\">\n\t\t\t\t\t<h1 class=\"elementor-heading-title elementor-size-default\">Adventure Book Festival\n\n\n\n\n<\/h1>\t\t\t\t<\/div>\n\t\t\t\t<\/div>\n\t\t<div class=\"elementor-element elementor-element-befd693 e-con-full animated-slow e-flex elementor-invisible e-con e-child\" data-id=\"befd693\" data-element_type=\"container\" data-e-type=\"container\" data-settings=\"{&quot;jet_parallax_layout_list&quot;:[],&quot;animation&quot;:&quot;fadeInLeft&quot;}\">\n\t\t<div class=\"elementor-element elementor-element-1d19027 e-flex e-con-boxed e-con e-child\" data-id=\"1d19027\" data-element_type=\"container\" data-e-type=\"container\" data-settings=\"{&quot;jet_parallax_layout_list&quot;:[],&quot;background_background&quot;:&quot;gradient&quot;}\">\n\t\t\t\t\t<div class=\"e-con-inner\">\n\t\t<div class=\"elementor-element elementor-element-bf6e27a e-con-full animated-slow e-flex elementor-invisible e-con e-child\" data-id=\"bf6e27a\" data-element_type=\"container\" data-e-type=\"container\" data-settings=\"{&quot;jet_parallax_layout_list&quot;:[],&quot;animation&quot;:&quot;fadeInLeft&quot;,&quot;background_background&quot;:&quot;gradient&quot;}\">\n\t\t\t\t<div class=\"elementor-element elementor-element-da34601 elementor-widget__width-initial elementor-widget elementor-widget-text-editor\" data-id=\"da34601\" data-element_type=\"widget\" data-e-type=\"widget\" data-widget_type=\"text-editor.default\">\n\t\t\t\t<div class=\"elementor-widget-container\">\n\t\t\t\t\t\t\t\t\t<p>Date: September 18\u201321<\/p><p>Location: CENART, Coyoac\u00e1n, Mexico City<\/p>\t\t\t\t\t\t\t\t<\/div>\n\t\t\t\t<\/div>\n\t\t\t\t<\/div>\n\t\t\t\t\t<\/div>\n\t\t\t\t<\/div>\n\t\t\t\t<\/div>\n\t\t\t\t<div class=\"elementor-element elementor-element-fc928d1 elementor-widget elementor-widget-text-editor\" data-id=\"fc928d1\" data-element_type=\"widget\" data-e-type=\"widget\" data-widget_type=\"text-editor.default\">\n\t\t\t\t<div class=\"elementor-widget-container\">\n\t\t\t\t\t\t\t\t\t<p>At this event, visitors can immerse themselves in the world of adventure literature through talks, workshops, and a wide variety of interactive activities designed to spark readers\u2019 imagination.<\/p>\t\t\t\t\t\t\t\t<\/div>\n\t\t\t\t<\/div>\n\t\t\t\t<\/div>\n\t\t<div class=\"elementor-element elementor-element-398efdd e-con-full e-flex e-con e-child\" data-id=\"398efdd\" data-element_type=\"container\" data-e-type=\"container\" data-settings=\"{&quot;jet_parallax_layout_list&quot;:[]}\">\n\t\t\t\t<div class=\"elementor-element elementor-element-d5372c3 elementor-widget elementor-widget-image\" data-id=\"d5372c3\" data-element_type=\"widget\" data-e-type=\"widget\" data-widget_type=\"image.default\">\n\t\t\t\t<div class=\"elementor-widget-container\">\n\t\t\t\t\t\t\t\t\t\t\t\t\t\t\t<img loading=\"lazy\" decoding=\"async\" width=\"768\" height=\"509\" src=\"https:\/\/programadestinosmexico.com\/wp-content\/uploads\/2025\/09\/Festival-del-Libro-de-Aventuras-768x509.jpg\" class=\"attachment-medium_large size-medium_large wp-image-173347\" alt=\"\" srcset=\"https:\/\/programadestinosmexico.com\/wp-content\/uploads\/2025\/09\/Festival-del-Libro-de-Aventuras-768x509.jpg 768w, https:\/\/programadestinosmexico.com\/wp-content\/uploads\/2025\/09\/Festival-del-Libro-de-Aventuras-300x199.jpg 300w, https:\/\/programadestinosmexico.com\/wp-content\/uploads\/2025\/09\/Festival-del-Libro-de-Aventuras-18x12.jpg 18w, https:\/\/programadestinosmexico.com\/wp-content\/uploads\/2025\/09\/Festival-del-Libro-de-Aventuras.jpg 1024w\" sizes=\"(max-width: 768px) 100vw, 768px\" \/>\t\t\t\t\t\t\t\t\t\t\t\t\t\t\t<\/div>\n\t\t\t\t<\/div>\n\t\t\t\t<\/div>\n\t\t\t\t\t<\/div>\n\t\t\t\t<\/div>\n\t\t<div class=\"elementor-element elementor-element-3775e84 e-flex e-con-boxed e-con e-parent\" data-id=\"3775e84\" data-element_type=\"container\" data-e-type=\"container\" data-settings=\"{&quot;jet_parallax_layout_list&quot;:[]}\">\n\t\t\t\t\t<div class=\"e-con-inner\">\n\t\t<div class=\"elementor-element elementor-element-f3445ef e-con-full animated-slow e-flex elementor-invisible e-con e-child\" data-id=\"f3445ef\" data-element_type=\"container\" data-e-type=\"container\" data-settings=\"{&quot;jet_parallax_layout_list&quot;:[],&quot;animation&quot;:&quot;fadeInLeft&quot;}\">\n\t\t\t\t<div class=\"elementor-element elementor-element-d5a55a8 elementor-widget elementor-widget-heading\" data-id=\"d5a55a8\" data-element_type=\"widget\" data-e-type=\"widget\" data-widget_type=\"heading.default\">\n\t\t\t\t<div class=\"elementor-widget-container\">\n\t\t\t\t\t<h1 class=\"elementor-heading-title elementor-size-default\">San Miguel de Allende Fair\n\n\n\n\n\n<\/h1>\t\t\t\t<\/div>\n\t\t\t\t<\/div>\n\t\t<div class=\"elementor-element elementor-element-0ea1bcf e-con-full animated-slow e-flex elementor-invisible e-con e-child\" data-id=\"0ea1bcf\" data-element_type=\"container\" data-e-type=\"container\" data-settings=\"{&quot;jet_parallax_layout_list&quot;:[],&quot;animation&quot;:&quot;fadeInLeft&quot;}\">\n\t\t<div class=\"elementor-element elementor-element-fbb1f25 e-flex e-con-boxed e-con e-child\" data-id=\"fbb1f25\" data-element_type=\"container\" data-e-type=\"container\" data-settings=\"{&quot;jet_parallax_layout_list&quot;:[],&quot;background_background&quot;:&quot;gradient&quot;}\">\n\t\t\t\t\t<div class=\"e-con-inner\">\n\t\t<div class=\"elementor-element elementor-element-dbb4df4 e-con-full animated-slow e-flex elementor-invisible e-con e-child\" data-id=\"dbb4df4\" data-element_type=\"container\" data-e-type=\"container\" data-settings=\"{&quot;jet_parallax_layout_list&quot;:[],&quot;animation&quot;:&quot;fadeInLeft&quot;,&quot;background_background&quot;:&quot;gradient&quot;}\">\n\t\t\t\t<div class=\"elementor-element elementor-element-9e63809 elementor-widget__width-initial elementor-widget elementor-widget-text-editor\" data-id=\"9e63809\" data-element_type=\"widget\" data-e-type=\"widget\" data-widget_type=\"text-editor.default\">\n\t\t\t\t<div class=\"elementor-widget-container\">\n\t\t\t\t\t\t\t\t\t<p>Date: September 20 to 29<\/p><p>Location: San Miguel de Allende, Guanajuato<\/p>\t\t\t\t\t\t\t\t<\/div>\n\t\t\t\t<\/div>\n\t\t\t\t<\/div>\n\t\t\t\t\t<\/div>\n\t\t\t\t<\/div>\n\t\t\t\t<\/div>\n\t\t\t\t<div class=\"elementor-element elementor-element-493f2ee elementor-widget elementor-widget-text-editor\" data-id=\"493f2ee\" data-element_type=\"widget\" data-e-type=\"widget\" data-widget_type=\"text-editor.default\">\n\t\t\t\t<div class=\"elementor-widget-container\">\n\t\t\t\t\t\t\t\t\t<p>The fair offers an entertainment-filled experience for all ages, including amusement rides, food stalls, and much more.<\/p><p>Among the main attractions of the 2024 San Miguel de Allende Fair is the People\u2019s Theater, where excellent artists and musical groups perform.<\/p><p>\u00a0<\/p>\t\t\t\t\t\t\t\t<\/div>\n\t\t\t\t<\/div>\n\t\t\t\t<\/div>\n\t\t<div class=\"elementor-element elementor-element-017e86c e-con-full e-flex e-con e-child\" data-id=\"017e86c\" data-element_type=\"container\" data-e-type=\"container\" data-settings=\"{&quot;jet_parallax_layout_list&quot;:[]}\">\n\t\t\t\t<div class=\"elementor-element elementor-element-fc98337 elementor-widget elementor-widget-image\" data-id=\"fc98337\" data-element_type=\"widget\" data-e-type=\"widget\" data-widget_type=\"image.default\">\n\t\t\t\t<div class=\"elementor-widget-container\">\n\t\t\t\t\t\t\t\t\t\t\t\t\t\t\t<img loading=\"lazy\" decoding=\"async\" width=\"768\" height=\"765\" src=\"https:\/\/programadestinosmexico.com\/wp-content\/uploads\/2025\/09\/Feria-San-Miguel-de-Allende-768x765.jpg\" class=\"attachment-medium_large size-medium_large wp-image-173337\" alt=\"\" srcset=\"https:\/\/programadestinosmexico.com\/wp-content\/uploads\/2025\/09\/Feria-San-Miguel-de-Allende-768x765.jpg 768w, https:\/\/programadestinosmexico.com\/wp-content\/uploads\/2025\/09\/Feria-San-Miguel-de-Allende-300x300.jpg 300w, https:\/\/programadestinosmexico.com\/wp-content\/uploads\/2025\/09\/Feria-San-Miguel-de-Allende-1024x1021.jpg 1024w, https:\/\/programadestinosmexico.com\/wp-content\/uploads\/2025\/09\/Feria-San-Miguel-de-Allende-12x12.jpg 12w, https:\/\/programadestinosmexico.com\/wp-content\/uploads\/2025\/09\/Feria-San-Miguel-de-Allende.jpg 1182w\" sizes=\"(max-width: 768px) 100vw, 768px\" \/>\t\t\t\t\t\t\t\t\t\t\t\t\t\t\t<\/div>\n\t\t\t\t<\/div>\n\t\t\t\t<\/div>\n\t\t\t\t\t<\/div>\n\t\t\t\t<\/div>\n\t\t<div class=\"elementor-element elementor-element-6c93b56 e-flex e-con-boxed e-con e-parent\" data-id=\"6c93b56\" data-element_type=\"container\" data-e-type=\"container\" data-settings=\"{&quot;jet_parallax_layout_list&quot;:[]}\">\n\t\t\t\t\t<div class=\"e-con-inner\">\n\t\t<div class=\"elementor-element elementor-element-0e33139 e-con-full animated-slow e-flex elementor-invisible e-con e-child\" data-id=\"0e33139\" data-element_type=\"container\" data-e-type=\"container\" data-settings=\"{&quot;jet_parallax_layout_list&quot;:[],&quot;animation&quot;:&quot;fadeInLeft&quot;}\">\n\t\t\t\t<div class=\"elementor-element elementor-element-0e836ab elementor-widget elementor-widget-heading\" data-id=\"0e836ab\" data-element_type=\"widget\" data-e-type=\"widget\" data-widget_type=\"heading.default\">\n\t\t\t\t<div class=\"elementor-widget-container\">\n\t\t\t\t\t<h1 class=\"elementor-heading-title elementor-size-default\">Ironman 70.3 Cozumel\n\n\n\n\n<\/h1>\t\t\t\t<\/div>\n\t\t\t\t<\/div>\n\t\t<div class=\"elementor-element elementor-element-4ee1862 e-con-full animated-slow e-flex elementor-invisible e-con e-child\" data-id=\"4ee1862\" data-element_type=\"container\" data-e-type=\"container\" data-settings=\"{&quot;jet_parallax_layout_list&quot;:[],&quot;animation&quot;:&quot;fadeInLeft&quot;}\">\n\t\t<div class=\"elementor-element elementor-element-64b3fa7 e-flex e-con-boxed e-con e-child\" data-id=\"64b3fa7\" data-element_type=\"container\" data-e-type=\"container\" data-settings=\"{&quot;jet_parallax_layout_list&quot;:[],&quot;background_background&quot;:&quot;gradient&quot;}\">\n\t\t\t\t\t<div class=\"e-con-inner\">\n\t\t<div class=\"elementor-element elementor-element-466362c e-con-full animated-slow e-flex elementor-invisible e-con e-child\" data-id=\"466362c\" data-element_type=\"container\" data-e-type=\"container\" data-settings=\"{&quot;jet_parallax_layout_list&quot;:[],&quot;animation&quot;:&quot;fadeInLeft&quot;,&quot;background_background&quot;:&quot;gradient&quot;}\">\n\t\t\t\t<div class=\"elementor-element elementor-element-2b91618 elementor-widget__width-initial elementor-widget elementor-widget-text-editor\" data-id=\"2b91618\" data-element_type=\"widget\" data-e-type=\"widget\" data-widget_type=\"text-editor.default\">\n\t\t\t\t<div class=\"elementor-widget-container\">\n\t\t\t\t\t\t\t\t\t<p>Fecha: 21 de Septiembre<\/p><p>Location: Cozumel, Quintana Roo<\/p>\t\t\t\t\t\t\t\t<\/div>\n\t\t\t\t<\/div>\n\t\t\t\t<\/div>\n\t\t\t\t\t<\/div>\n\t\t\t\t<\/div>\n\t\t\t\t<\/div>\n\t\t\t\t<div class=\"elementor-element elementor-element-1ebf29d elementor-widget elementor-widget-text-editor\" data-id=\"1ebf29d\" data-element_type=\"widget\" data-e-type=\"widget\" data-widget_type=\"text-editor.default\">\n\t\t\t\t<div class=\"elementor-widget-container\">\n\t\t\t\t\t\t\t\t\t<p>This race involves swimming, cycling on a flat and fast course, and a rapid run, all set against the beautiful landscapes of the island.<\/p><p>There is also a sports expo featuring various gear.<\/p>\t\t\t\t\t\t\t\t<\/div>\n\t\t\t\t<\/div>\n\t\t\t\t<\/div>\n\t\t<div class=\"elementor-element elementor-element-1d41ab0 e-con-full e-flex e-con e-child\" data-id=\"1d41ab0\" data-element_type=\"container\" data-e-type=\"container\" data-settings=\"{&quot;jet_parallax_layout_list&quot;:[]}\">\n\t\t\t\t<div class=\"elementor-element elementor-element-0ffa6a2 elementor-widget elementor-widget-image\" data-id=\"0ffa6a2\" data-element_type=\"widget\" data-e-type=\"widget\" data-widget_type=\"image.default\">\n\t\t\t\t<div class=\"elementor-widget-container\">\n\t\t\t\t\t\t\t\t\t\t\t\t\t\t\t<img loading=\"lazy\" decoding=\"async\" width=\"768\" height=\"768\" src=\"https:\/\/programadestinosmexico.com\/wp-content\/uploads\/2025\/09\/iron-man-768x768.jpg\" class=\"attachment-medium_large size-medium_large wp-image-173344\" alt=\"\" srcset=\"https:\/\/programadestinosmexico.com\/wp-content\/uploads\/2025\/09\/iron-man-768x768.jpg 768w, https:\/\/programadestinosmexico.com\/wp-content\/uploads\/2025\/09\/iron-man-300x300.jpg 300w, https:\/\/programadestinosmexico.com\/wp-content\/uploads\/2025\/09\/iron-man-1024x1024.jpg 1024w, https:\/\/programadestinosmexico.com\/wp-content\/uploads\/2025\/09\/iron-man-12x12.jpg 12w, https:\/\/programadestinosmexico.com\/wp-content\/uploads\/2025\/09\/iron-man.jpg 1280w\" sizes=\"(max-width: 768px) 100vw, 768px\" \/>\t\t\t\t\t\t\t\t\t\t\t\t\t\t\t<\/div>\n\t\t\t\t<\/div>\n\t\t\t\t<\/div>\n\t\t\t\t\t<\/div>\n\t\t\t\t<\/div>\n\t\t<div class=\"elementor-element elementor-element-b733171 e-flex e-con-boxed e-con e-parent\" data-id=\"b733171\" data-element_type=\"container\" data-e-type=\"container\" data-settings=\"{&quot;jet_parallax_layout_list&quot;:[]}\">\n\t\t\t\t\t<div class=\"e-con-inner\">\n\t\t<div class=\"elementor-element elementor-element-0f25cf6 e-con-full animated-slow e-flex elementor-invisible e-con e-child\" data-id=\"0f25cf6\" data-element_type=\"container\" data-e-type=\"container\" data-settings=\"{&quot;jet_parallax_layout_list&quot;:[],&quot;animation&quot;:&quot;fadeInLeft&quot;}\">\n\t\t\t\t<div class=\"elementor-element elementor-element-5252823 elementor-widget elementor-widget-heading\" data-id=\"5252823\" data-element_type=\"widget\" data-e-type=\"widget\" data-widget_type=\"heading.default\">\n\t\t\t\t<div class=\"elementor-widget-container\">\n\t\t\t\t\t<h1 class=\"elementor-heading-title elementor-size-default\">National Storytelling Gathering\n\n\n\n\n\n<\/h1>\t\t\t\t<\/div>\n\t\t\t\t<\/div>\n\t\t<div class=\"elementor-element elementor-element-3308d81 e-con-full animated-slow e-flex elementor-invisible e-con e-child\" data-id=\"3308d81\" data-element_type=\"container\" data-e-type=\"container\" data-settings=\"{&quot;jet_parallax_layout_list&quot;:[],&quot;animation&quot;:&quot;fadeInLeft&quot;}\">\n\t\t<div class=\"elementor-element elementor-element-b747fa0 e-flex e-con-boxed e-con e-child\" data-id=\"b747fa0\" data-element_type=\"container\" data-e-type=\"container\" data-settings=\"{&quot;jet_parallax_layout_list&quot;:[],&quot;background_background&quot;:&quot;gradient&quot;}\">\n\t\t\t\t\t<div class=\"e-con-inner\">\n\t\t<div class=\"elementor-element elementor-element-75e03dd e-con-full animated-slow e-flex elementor-invisible e-con e-child\" data-id=\"75e03dd\" data-element_type=\"container\" data-e-type=\"container\" data-settings=\"{&quot;jet_parallax_layout_list&quot;:[],&quot;animation&quot;:&quot;fadeInLeft&quot;,&quot;background_background&quot;:&quot;gradient&quot;}\">\n\t\t\t\t<div class=\"elementor-element elementor-element-b7dff89 elementor-widget__width-initial elementor-widget elementor-widget-text-editor\" data-id=\"b7dff89\" data-element_type=\"widget\" data-e-type=\"widget\" data-widget_type=\"text-editor.default\">\n\t\t\t\t<div class=\"elementor-widget-container\">\n\t\t\t\t\t\t\t\t\t<p>Date: September 26\u201328<\/p><p>Location: Museo Vivo del Muralismo, Historic Center, Mexico City<\/p>\t\t\t\t\t\t\t\t<\/div>\n\t\t\t\t<\/div>\n\t\t\t\t<\/div>\n\t\t\t\t\t<\/div>\n\t\t\t\t<\/div>\n\t\t\t\t<\/div>\n\t\t\t\t<div class=\"elementor-element elementor-element-e59c246 elementor-widget elementor-widget-text-editor\" data-id=\"e59c246\" data-element_type=\"widget\" data-e-type=\"widget\" data-widget_type=\"text-editor.default\">\n\t\t\t\t<div class=\"elementor-widget-container\">\n\t\t\t\t\t\t\t\t\t<p>If you enjoy telling and listening to stories, this is the event for you. For three days, participants can share knowledge, narratives, and even a little magic.<\/p>\t\t\t\t\t\t\t\t<\/div>\n\t\t\t\t<\/div>\n\t\t\t\t<\/div>\n\t\t<div class=\"elementor-element elementor-element-f8d2b53 e-con-full e-flex e-con e-child\" data-id=\"f8d2b53\" data-element_type=\"container\" data-e-type=\"container\" data-settings=\"{&quot;jet_parallax_layout_list&quot;:[]}\">\n\t\t\t\t<div class=\"elementor-element elementor-element-04ea92b elementor-widget elementor-widget-image\" data-id=\"04ea92b\" data-element_type=\"widget\" data-e-type=\"widget\" data-widget_type=\"image.default\">\n\t\t\t\t<div class=\"elementor-widget-container\">\n\t\t\t\t\t\t\t\t\t\t\t\t\t\t\t<img loading=\"lazy\" decoding=\"async\" width=\"1\" height=\"1\" src=\"https:\/\/programadestinosmexico.com\/wp-content\/uploads\/2025\/09\/Encuento-de-Cuentacuentos-2025-en-el-Museo-Vivo-del-Muralismo-fechas.avif\" class=\"attachment-medium_large size-medium_large wp-image-173345\" alt=\"\" \/>\t\t\t\t\t\t\t\t\t\t\t\t\t\t\t<\/div>\n\t\t\t\t<\/div>\n\t\t\t\t<\/div>\n\t\t\t\t\t<\/div>\n\t\t\t\t<\/div>\n\t\t<div class=\"elementor-element elementor-element-8b1ae82 e-flex e-con-boxed e-con e-parent\" data-id=\"8b1ae82\" data-element_type=\"container\" data-e-type=\"container\" data-settings=\"{&quot;jet_parallax_layout_list&quot;:[]}\">\n\t\t\t\t\t<div class=\"e-con-inner\">\n\t\t<div class=\"elementor-element elementor-element-2071f39 e-con-full animated-slow e-flex elementor-invisible e-con e-child\" data-id=\"2071f39\" data-element_type=\"container\" data-e-type=\"container\" data-settings=\"{&quot;jet_parallax_layout_list&quot;:[],&quot;animation&quot;:&quot;fadeInLeft&quot;}\">\n\t\t\t\t<div class=\"elementor-element elementor-element-804d5c7 elementor-widget elementor-widget-heading\" data-id=\"804d5c7\" data-element_type=\"widget\" data-e-type=\"widget\" data-widget_type=\"heading.default\">\n\t\t\t\t<div class=\"elementor-widget-container\">\n\t\t\t\t\t<h1 class=\"elementor-heading-title elementor-size-default\">Fiestas del Sol\n\n\n\n\n<\/h1>\t\t\t\t<\/div>\n\t\t\t\t<\/div>\n\t\t<div class=\"elementor-element elementor-element-bcd1eee e-con-full animated-slow e-flex elementor-invisible e-con e-child\" data-id=\"bcd1eee\" data-element_type=\"container\" data-e-type=\"container\" data-settings=\"{&quot;jet_parallax_layout_list&quot;:[],&quot;animation&quot;:&quot;fadeInLeft&quot;}\">\n\t\t<div class=\"elementor-element elementor-element-2eecfb5 e-flex e-con-boxed e-con e-child\" data-id=\"2eecfb5\" data-element_type=\"container\" data-e-type=\"container\" data-settings=\"{&quot;jet_parallax_layout_list&quot;:[],&quot;background_background&quot;:&quot;gradient&quot;}\">\n\t\t\t\t\t<div class=\"e-con-inner\">\n\t\t<div class=\"elementor-element elementor-element-555bcfb e-con-full animated-slow e-flex elementor-invisible e-con e-child\" data-id=\"555bcfb\" data-element_type=\"container\" data-e-type=\"container\" data-settings=\"{&quot;jet_parallax_layout_list&quot;:[],&quot;animation&quot;:&quot;fadeInLeft&quot;,&quot;background_background&quot;:&quot;gradient&quot;}\">\n\t\t\t\t<div class=\"elementor-element elementor-element-74f82a8 elementor-widget__width-initial elementor-widget elementor-widget-text-editor\" data-id=\"74f82a8\" data-element_type=\"widget\" data-e-type=\"widget\" data-widget_type=\"text-editor.default\">\n\t\t\t\t<div class=\"elementor-widget-container\">\n\t\t\t\t\t\t\t\t\t<p>Date: September 26 to October 12<\/p><p>Location: Mexicali, BC<\/p>\t\t\t\t\t\t\t\t<\/div>\n\t\t\t\t<\/div>\n\t\t\t\t<\/div>\n\t\t\t\t\t<\/div>\n\t\t\t\t<\/div>\n\t\t\t\t<\/div>\n\t\t\t\t<div class=\"elementor-element elementor-element-46325f4 elementor-widget elementor-widget-text-editor\" data-id=\"46325f4\" data-element_type=\"widget\" data-e-type=\"widget\" data-widget_type=\"text-editor.default\">\n\t\t\t\t<div class=\"elementor-widget-container\">\n\t\t\t\t\t\t\t\t\t<p>This is one of the region\u2019s most important events, featuring the Isla de las Estrellas, a free stage within the fair where local, national, and international artists perform.<\/p>\t\t\t\t\t\t\t\t<\/div>\n\t\t\t\t<\/div>\n\t\t\t\t<\/div>\n\t\t<div class=\"elementor-element elementor-element-9213f8b e-con-full e-flex e-con e-child\" data-id=\"9213f8b\" data-element_type=\"container\" data-e-type=\"container\" data-settings=\"{&quot;jet_parallax_layout_list&quot;:[]}\">\n\t\t\t\t<div class=\"elementor-element elementor-element-5fdf8ee elementor-widget elementor-widget-image\" data-id=\"5fdf8ee\" data-element_type=\"widget\" data-e-type=\"widget\" data-widget_type=\"image.default\">\n\t\t\t\t<div class=\"elementor-widget-container\">\n\t\t\t\t\t\t\t\t\t\t\t\t\t\t\t<img loading=\"lazy\" decoding=\"async\" width=\"768\" height=\"768\" src=\"https:\/\/programadestinosmexico.com\/wp-content\/uploads\/2025\/09\/fiestas-del-sol-768x768.jpg\" class=\"attachment-medium_large size-medium_large wp-image-173341\" alt=\"\" srcset=\"https:\/\/programadestinosmexico.com\/wp-content\/uploads\/2025\/09\/fiestas-del-sol-768x768.jpg 768w, https:\/\/programadestinosmexico.com\/wp-content\/uploads\/2025\/09\/fiestas-del-sol-300x300.jpg 300w, https:\/\/programadestinosmexico.com\/wp-content\/uploads\/2025\/09\/fiestas-del-sol-1024x1024.jpg 1024w, https:\/\/programadestinosmexico.com\/wp-content\/uploads\/2025\/09\/fiestas-del-sol-1536x1536.jpg 1536w, https:\/\/programadestinosmexico.com\/wp-content\/uploads\/2025\/09\/fiestas-del-sol-12x12.jpg 12w, https:\/\/programadestinosmexico.com\/wp-content\/uploads\/2025\/09\/fiestas-del-sol.jpg 2048w\" sizes=\"(max-width: 768px) 100vw, 768px\" \/>\t\t\t\t\t\t\t\t\t\t\t\t\t\t\t<\/div>\n\t\t\t\t<\/div>\n\t\t\t\t<\/div>\n\t\t\t\t\t<\/div>\n\t\t\t\t<\/div>\n\t\t<div class=\"elementor-element elementor-element-c5809b0 e-flex e-con-boxed e-con e-parent\" data-id=\"c5809b0\" data-element_type=\"container\" data-e-type=\"container\" data-settings=\"{&quot;jet_parallax_layout_list&quot;:[]}\">\n\t\t\t\t\t<div class=\"e-con-inner\">\n\t\t<div class=\"elementor-element elementor-element-54d7f1e e-con-full animated-slow e-flex elementor-invisible e-con e-child\" data-id=\"54d7f1e\" data-element_type=\"container\" data-e-type=\"container\" data-settings=\"{&quot;jet_parallax_layout_list&quot;:[],&quot;animation&quot;:&quot;fadeInLeft&quot;}\">\n\t\t\t\t<div class=\"elementor-element elementor-element-e720847 elementor-widget elementor-widget-heading\" data-id=\"e720847\" data-element_type=\"widget\" data-e-type=\"widget\" data-widget_type=\"heading.default\">\n\t\t\t\t<div class=\"elementor-widget-container\">\n\t\t\t\t\t<h1 class=\"elementor-heading-title elementor-size-default\">Music Against Forgetting Festival\n\n\n\n\n\n<\/h1>\t\t\t\t<\/div>\n\t\t\t\t<\/div>\n\t\t<div class=\"elementor-element elementor-element-a615c1f e-con-full animated-slow e-flex elementor-invisible e-con e-child\" data-id=\"a615c1f\" data-element_type=\"container\" data-e-type=\"container\" data-settings=\"{&quot;jet_parallax_layout_list&quot;:[],&quot;animation&quot;:&quot;fadeInLeft&quot;}\">\n\t\t<div class=\"elementor-element elementor-element-e68cd36 e-flex e-con-boxed e-con e-child\" data-id=\"e68cd36\" data-element_type=\"container\" data-e-type=\"container\" data-settings=\"{&quot;jet_parallax_layout_list&quot;:[],&quot;background_background&quot;:&quot;gradient&quot;}\">\n\t\t\t\t\t<div class=\"e-con-inner\">\n\t\t<div class=\"elementor-element elementor-element-443c208 e-con-full animated-slow e-flex elementor-invisible e-con e-child\" data-id=\"443c208\" data-element_type=\"container\" data-e-type=\"container\" data-settings=\"{&quot;jet_parallax_layout_list&quot;:[],&quot;animation&quot;:&quot;fadeInLeft&quot;,&quot;background_background&quot;:&quot;gradient&quot;}\">\n\t\t\t\t<div class=\"elementor-element elementor-element-8debf00 elementor-widget__width-initial elementor-widget elementor-widget-text-editor\" data-id=\"8debf00\" data-element_type=\"widget\" data-e-type=\"widget\" data-widget_type=\"text-editor.default\">\n\t\t\t\t<div class=\"elementor-widget-container\">\n\t\t\t\t\t\t\t\t\t<p>Date: September 26\u201328<\/p><p>Location: Ciudad Universitaria, Mexico City<\/p>\t\t\t\t\t\t\t\t<\/div>\n\t\t\t\t<\/div>\n\t\t\t\t<\/div>\n\t\t\t\t\t<\/div>\n\t\t\t\t<\/div>\n\t\t\t\t<\/div>\n\t\t\t\t<div class=\"elementor-element elementor-element-0c6d48a elementor-widget elementor-widget-text-editor\" data-id=\"0c6d48a\" data-element_type=\"widget\" data-e-type=\"widget\" data-widget_type=\"text-editor.default\">\n\t\t\t\t<div class=\"elementor-widget-container\">\n\t\t\t\t\t\t\t\t\t<p>Held on the lawns known as Las Islas in Ciudad Universitaria, the festival presents artists such as EMJAY, Luisa Almaguer, Kevis y Maykyy, Erich, Los Eclipses, Djiby Diabate, Rita Donte, Victoria Sur, Basasa, Cantores del Son, and Que siempre s\u00ed.<\/p><p>It is a festival to enjoy live outdoor music.<\/p>\t\t\t\t\t\t\t\t<\/div>\n\t\t\t\t<\/div>\n\t\t\t\t<\/div>\n\t\t<div class=\"elementor-element elementor-element-7bd9cc9 e-con-full e-flex e-con e-child\" data-id=\"7bd9cc9\" data-element_type=\"container\" data-e-type=\"container\" data-settings=\"{&quot;jet_parallax_layout_list&quot;:[]}\">\n\t\t\t\t<div class=\"elementor-element elementor-element-be12439 elementor-widget elementor-widget-image\" data-id=\"be12439\" data-element_type=\"widget\" data-e-type=\"widget\" data-widget_type=\"image.default\">\n\t\t\t\t<div class=\"elementor-widget-container\">\n\t\t\t\t\t\t\t\t\t\t\t\t\t\t\t<img loading=\"lazy\" decoding=\"async\" width=\"768\" height=\"768\" src=\"https:\/\/programadestinosmexico.com\/wp-content\/uploads\/2025\/09\/Festival-Musica-contra-el-Olvido-768x768.jpg\" class=\"attachment-medium_large size-medium_large wp-image-173340\" alt=\"\" srcset=\"https:\/\/programadestinosmexico.com\/wp-content\/uploads\/2025\/09\/Festival-Musica-contra-el-Olvido-768x768.jpg 768w, https:\/\/programadestinosmexico.com\/wp-content\/uploads\/2025\/09\/Festival-Musica-contra-el-Olvido-300x300.jpg 300w, https:\/\/programadestinosmexico.com\/wp-content\/uploads\/2025\/09\/Festival-Musica-contra-el-Olvido-12x12.jpg 12w, https:\/\/programadestinosmexico.com\/wp-content\/uploads\/2025\/09\/Festival-Musica-contra-el-Olvido.jpg 1024w\" sizes=\"(max-width: 768px) 100vw, 768px\" \/>\t\t\t\t\t\t\t\t\t\t\t\t\t\t\t<\/div>\n\t\t\t\t<\/div>\n\t\t\t\t<\/div>\n\t\t\t\t\t<\/div>\n\t\t\t\t<\/div>\n\t\t<div class=\"elementor-element elementor-element-ac6e0a9 e-flex e-con-boxed e-con e-parent\" data-id=\"ac6e0a9\" data-element_type=\"container\" data-e-type=\"container\" data-settings=\"{&quot;jet_parallax_layout_list&quot;:[],&quot;background_background&quot;:&quot;classic&quot;}\">\n\t\t\t\t\t<div class=\"e-con-inner\">\n\t\t<div class=\"elementor-element elementor-element-49eb9be e-con-full animated-slow e-flex elementor-invisible e-con e-child\" data-id=\"49eb9be\" data-element_type=\"container\" data-e-type=\"container\" data-settings=\"{&quot;jet_parallax_layout_list&quot;:[],&quot;animation&quot;:&quot;fadeInUp&quot;}\">\n\t\t\t\t<div class=\"elementor-element elementor-element-e33a0e8 elementor-widget elementor-widget-image\" data-id=\"e33a0e8\" data-element_type=\"widget\" data-e-type=\"widget\" data-widget_type=\"image.default\">\n\t\t\t\t<div class=\"elementor-widget-container\">\n\t\t\t\t\t\t\t\t\t\t\t\t\t\t\t\t<a href=\"https:\/\/programadestinosmexico.com\/en\/guias-turisticas-de-mexico\/cd-mexico-guia\/guia-turistica-ciudad-de-mexico.pdf\/\">\n\t\t\t\t\t\t\t<img loading=\"lazy\" decoding=\"async\" width=\"768\" height=\"257\" src=\"https:\/\/programadestinosmexico.com\/wp-content\/uploads\/2024\/01\/banner-septiembre-1-768x257.jpg\" class=\"attachment-medium_large size-medium_large wp-image-89877\" alt=\"\" srcset=\"https:\/\/programadestinosmexico.com\/wp-content\/uploads\/2024\/01\/banner-septiembre-1-768x257.jpg 768w, https:\/\/programadestinosmexico.com\/wp-content\/uploads\/2024\/01\/banner-septiembre-1-300x100.jpg 300w, https:\/\/programadestinosmexico.com\/wp-content\/uploads\/2024\/01\/banner-septiembre-1-1024x343.jpg 1024w, https:\/\/programadestinosmexico.com\/wp-content\/uploads\/2024\/01\/banner-septiembre-1-1536x514.jpg 1536w, https:\/\/programadestinosmexico.com\/wp-content\/uploads\/2024\/01\/banner-septiembre-1-18x6.jpg 18w, https:\/\/programadestinosmexico.com\/wp-content\/uploads\/2024\/01\/banner-septiembre-1.jpg 1596w\" sizes=\"(max-width: 768px) 100vw, 768px\" \/>\t\t\t\t\t\t\t\t<\/a>\n\t\t\t\t\t\t\t\t\t\t\t\t\t\t\t<\/div>\n\t\t\t\t<\/div>\n\t\t\t\t<\/div>\n\t\t<div class=\"elementor-element elementor-element-9544666 e-con-full animated-slow e-flex elementor-invisible e-con e-child\" data-id=\"9544666\" data-element_type=\"container\" data-e-type=\"container\" data-settings=\"{&quot;jet_parallax_layout_list&quot;:[],&quot;animation&quot;:&quot;fadeInRight&quot;,&quot;background_background&quot;:&quot;classic&quot;}\">\n\t\t\t\t<div class=\"elementor-element elementor-element-f0121ad elementor-widget elementor-widget-heading\" data-id=\"f0121ad\" data-element_type=\"widget\" data-e-type=\"widget\" data-widget_type=\"heading.default\">\n\t\t\t\t<div class=\"elementor-widget-container\">\n\t\t\t\t\t<h2 class=\"elementor-heading-title elementor-size-default\"><a href=\"https:\/\/programadestinosmexico.com\/en\/guias-turisticas-de-mexico\/cd-mexico-guia\/guia-turistica-ciudad-de-mexico.pdf\/\">Download your Free Travel Guide<\/a><\/h2>\t\t\t\t<\/div>\n\t\t\t\t<\/div>\n\t\t\t\t<div class=\"elementor-element elementor-element-ab77c9d elementor-widget elementor-widget-text-editor\" data-id=\"ab77c9d\" data-element_type=\"widget\" data-e-type=\"widget\" data-widget_type=\"text-editor.default\">\n\t\t\t\t<div class=\"elementor-widget-container\">\n\t\t\t\t\t\t\t\t\t<p>and enjoy an unforgettable vacation<\/p>\t\t\t\t\t\t\t\t<\/div>\n\t\t\t\t<\/div>\n\t\t\t\t<div class=\"elementor-element elementor-element-4e9355a elementor-widget elementor-widget-jet-button\" data-id=\"4e9355a\" data-element_type=\"widget\" data-e-type=\"widget\" data-widget_type=\"jet-button.default\">\n\t\t\t\t<div class=\"elementor-widget-container\">\n\t\t\t\t\t<div class=\"elementor-jet-button jet-elements\"><div class=\"jet-button__container\">\n\t<a class=\"jet-button__instance jet-button__instance--icon-right hover-effect-0\" href=\"https:\/\/programadestinosmexico.com\/en\/guias-turisticas-de-mexico\/cd-mexico-guia\/guia-turistica-ciudad-de-mexico.pdf\/\">\n\t\t<div class=\"jet-button__plane jet-button__plane-normal\"><\/div>\n\t\t<div class=\"jet-button__plane jet-button__plane-hover\"><\/div>\n\t\t<div class=\"jet-button__state jet-button__state-normal\">\n\t\t\t<span class=\"jet-button__icon jet-elements-icon\"><i aria-hidden=\"true\" class=\"fas fa-arrow-right\"><\/i><\/span><span class=\"jet-button__label\">Click Here<\/span>\t\t<\/div>\n\t\t<div class=\"jet-button__state jet-button__state-hover\">\n\t\t\t<span class=\"jet-button__icon jet-elements-icon\"><i aria-hidden=\"true\" class=\"fas fa-arrow-right\"><\/i><\/span><span class=\"jet-button__label\">Click Here<\/span>\t\t<\/div>\n\t<\/a>\n<\/div>\n<\/div>\t\t\t\t<\/div>\n\t\t\t\t<\/div>\n\t\t\t\t<\/div>\n\t\t\t\t\t<\/div>\n\t\t\t\t<\/div>\n\t\t\t\t<\/div>","protected":false},"excerpt":{"rendered":"<p>DESCUBRE LAS FIESTAS, FERIAS Y EVENTOS DE M\u00c9XICO Septiembre Diciembre Enero Febrero Marzo Abril Mayo Junio Julio Agosto Septiembre Octubre Noviembre Diciembre Septiembre Diciembre Enero Febrero Marzo Abril Mayo Junio Julio Agosto Septiembre Octubre Noviembre Diciembre FIESTAS Y EVENTOS EN SEPTIEMBRE Fiestas Patrias Ixtapan de la Sal Fecha: 23 de agosto al 16 de septiembre [&hellip;]<\/p>\n","protected":false},"author":2,"featured_media":89876,"parent":0,"menu_order":0,"comment_status":"closed","ping_status":"closed","template":"","meta":{"om_disable_all_campaigns":false,"_monsterinsights_skip_tracking":false,"_monsterinsights_sitenote_active":false,"_monsterinsights_sitenote_note":"","_monsterinsights_sitenote_category":0,"footnotes":""},"class_list":["post-89862","page","type-page","status-publish","has-post-thumbnail","hentry"],"_links":{"self":[{"href":"https:\/\/programadestinosmexico.com\/en\/wp-json\/wp\/v2\/pages\/89862","targetHints":{"allow":["GET"]}}],"collection":[{"href":"https:\/\/programadestinosmexico.com\/en\/wp-json\/wp\/v2\/pages"}],"about":[{"href":"https:\/\/programadestinosmexico.com\/en\/wp-json\/wp\/v2\/types\/page"}],"author":[{"embeddable":true,"href":"https:\/\/programadestinosmexico.com\/en\/wp-json\/wp\/v2\/users\/2"}],"replies":[{"embeddable":true,"href":"https:\/\/programadestinosmexico.com\/en\/wp-json\/wp\/v2\/comments?post=89862"}],"version-history":[{"count":23,"href":"https:\/\/programadestinosmexico.com\/en\/wp-json\/wp\/v2\/pages\/89862\/revisions"}],"predecessor-version":[{"id":173356,"href":"https:\/\/programadestinosmexico.com\/en\/wp-json\/wp\/v2\/pages\/89862\/revisions\/173356"}],"wp:featuredmedia":[{"embeddable":true,"href":"https:\/\/programadestinosmexico.com\/en\/wp-json\/wp\/v2\/media\/89876"}],"wp:attachment":[{"href":"https:\/\/programadestinosmexico.com\/en\/wp-json\/wp\/v2\/media?parent=89862"}],"curies":[{"name":"wp","href":"https:\/\/api.w.org\/{rel}","templated":true}]}}