{"id":89811,"date":"2024-01-23T16:30:53","date_gmt":"2024-01-23T22:30:53","guid":{"rendered":"https:\/\/programadestinosmexico.com\/?page_id=89811"},"modified":"2025-05-08T16:59:32","modified_gmt":"2025-05-08T22:59:32","slug":"fiestas-y-eventos-en-mayo","status":"publish","type":"page","link":"https:\/\/programadestinosmexico.com\/en\/fiestas-y-eventos-en-mayo\/","title":{"rendered":"Fiestas y Eventos en Mayo"},"content":{"rendered":"<div data-elementor-type=\"wp-post\" data-elementor-id=\"89811\" class=\"elementor elementor-89811\" data-elementor-post-type=\"page\">\n\t\t\t\t\t\t<section class=\"elementor-section elementor-top-section elementor-element elementor-element-262f7890 elementor-section-full_width elementor-hidden-mobile elementor-section-height-default elementor-section-height-default\" data-id=\"262f7890\" data-element_type=\"section\" data-e-type=\"section\" data-settings=\"{&quot;jet_parallax_layout_list&quot;:[]}\">\n\t\t\t\t\t\t<div class=\"elementor-container elementor-column-gap-default\">\n\t\t\t\t\t<div class=\"elementor-column elementor-col-100 elementor-top-column elementor-element elementor-element-c27901e\" data-id=\"c27901e\" data-element_type=\"column\" data-e-type=\"column\">\n\t\t\t<div class=\"elementor-widget-wrap elementor-element-populated\">\n\t\t\t\t\t\t<div class=\"elementor-element elementor-element-2ee1e0ba elementor-hidden-mobile elementor-widget elementor-widget-jet-slider\" data-id=\"2ee1e0ba\" data-element_type=\"widget\" data-e-type=\"widget\" data-settings=\"{&quot;slider_height&quot;:{&quot;unit&quot;:&quot;px&quot;,&quot;size&quot;:552,&quot;sizes&quot;:[]},&quot;slider_height_tablet&quot;:{&quot;unit&quot;:&quot;px&quot;,&quot;size&quot;:&quot;&quot;,&quot;sizes&quot;:[]},&quot;slider_height_mobile&quot;:{&quot;unit&quot;:&quot;px&quot;,&quot;size&quot;:&quot;&quot;,&quot;sizes&quot;:[]}}\" data-widget_type=\"jet-slider.default\">\n\t\t\t\t<div class=\"elementor-widget-container\">\n\t\t\t\t\t<div class=\"elementor-jet-slider jet-elements\">\n<div class=\"jet-slider jet-slider__image-exact\" data-settings='{&quot;sliderWidth&quot;:1,&quot;sliderHeight&quot;:1,&quot;sliderNavigation&quot;:false,&quot;sliderNavigationIcon&quot;:&quot;jet-slider__arrow-icon-2ee1e0ba&quot;,&quot;sliderNaviOnHover&quot;:false,&quot;sliderPagination&quot;:false,&quot;sliderAutoplay&quot;:true,&quot;sliderAutoplayDelay&quot;:5000,&quot;sliderAutoplayOnHover&quot;:&quot;pause&quot;,&quot;sliderFullScreen&quot;:false,&quot;sliderFullscreenIcon&quot;:&quot;jet-slider__fullscreen-icon-2ee1e0ba&quot;,&quot;sliderShuffle&quot;:false,&quot;sliderLoop&quot;:true,&quot;sliderFadeMode&quot;:false,&quot;slideDistance&quot;:1,&quot;slideDuration&quot;:500,&quot;imageScaleMode&quot;:&quot;exact&quot;,&quot;thumbnails&quot;:false,&quot;thumbnailWidth&quot;:120,&quot;thumbnailHeight&quot;:80,&quot;rightToLeft&quot;:false,&quot;touchswipe&quot;:true,&quot;fractionPag&quot;:false,&quot;fractionPrefix&quot;:&quot;&quot;,&quot;fractionSeparator&quot;:&quot;\\\/&quot;,&quot;fractionSuffix&quot;:&quot;&quot;,&quot;autoSliderHeight&quot;:false}'>\n\t\n<div  class=\"slider-pro\">\n\t<div class=\"jet-slider__arrow-icon-2ee1e0ba hidden-html\"><\/div><div class=\"jet-slider__fullscreen-icon-2ee1e0ba hidden-html\"><\/div>\t<div class=\"jet-slider__items sp-slides\">\n\n\n<div  class=\"jet-slider__item sp-slide elementor-repeater-item-35bb368\"><img decoding=\"async\" class=\"sp-image\" src=\"https:\/\/programadestinosmexico.com\/wp-content\/uploads\/2024\/01\/MAYO-FIESTAS-Y-EVENTOS-scaled.jpg\" alt=\"MAYO-FIESTAS-Y-EVENTOS\" loading=\"lazy\"><div class=\"jet-slider__content sp-layer\" data-position=\"centerCenter\" data-width=\"100%\" data-height=\"100%\" data-horizontal=\"0%\" data-show-transition=\"up\" data-show-duration=\"400\" data-show-delay=\"400\" >\n\t\t<div class=\"jet-slider__content-item\">\n\t\t\t<div class=\"jet-slider__content-inner\"> \n\n\t\t\t\t\t\t<div class=\"jet-slider__button-wrapper\">\t\t\t\t\t\t<\/div><\/div>\n\t\t<\/div>\n\t\t\t<\/div>\n<\/div>\n\n<\/div>\n<\/div>\n<\/div>\n<\/div>\t\t\t\t<\/div>\n\t\t\t\t<\/div>\n\t\t\t\t\t<\/div>\n\t\t<\/div>\n\t\t\t\t\t<\/div>\n\t\t<\/section>\n\t\t\t\t<section class=\"elementor-section elementor-top-section elementor-element elementor-element-ed578cd elementor-section-full_width elementor-hidden-desktop elementor-hidden-tablet elementor-section-height-default elementor-section-height-default\" data-id=\"ed578cd\" data-element_type=\"section\" data-e-type=\"section\" data-settings=\"{&quot;jet_parallax_layout_list&quot;:[]}\">\n\t\t\t\t\t\t<div class=\"elementor-container elementor-column-gap-default\">\n\t\t\t\t\t<div class=\"elementor-column elementor-col-100 elementor-top-column elementor-element elementor-element-70e7e22\" data-id=\"70e7e22\" data-element_type=\"column\" data-e-type=\"column\">\n\t\t\t<div class=\"elementor-widget-wrap elementor-element-populated\">\n\t\t\t\t\t\t<div class=\"elementor-element elementor-element-e846353 elementor-widget elementor-widget-jet-slider\" data-id=\"e846353\" data-element_type=\"widget\" data-e-type=\"widget\" data-settings=\"{&quot;slider_height&quot;:{&quot;unit&quot;:&quot;px&quot;,&quot;size&quot;:552,&quot;sizes&quot;:[]},&quot;slider_height_tablet&quot;:{&quot;unit&quot;:&quot;px&quot;,&quot;size&quot;:&quot;&quot;,&quot;sizes&quot;:[]},&quot;slider_height_mobile&quot;:{&quot;unit&quot;:&quot;px&quot;,&quot;size&quot;:&quot;&quot;,&quot;sizes&quot;:[]}}\" data-widget_type=\"jet-slider.default\">\n\t\t\t\t<div class=\"elementor-widget-container\">\n\t\t\t\t\t<div class=\"elementor-jet-slider jet-elements\">\n<div class=\"jet-slider jet-slider__image-exact\" data-settings='{&quot;sliderWidth&quot;:1,&quot;sliderHeight&quot;:1,&quot;sliderNavigation&quot;:false,&quot;sliderNavigationIcon&quot;:&quot;jet-slider__arrow-icon-e846353&quot;,&quot;sliderNaviOnHover&quot;:false,&quot;sliderPagination&quot;:false,&quot;sliderAutoplay&quot;:true,&quot;sliderAutoplayDelay&quot;:5000,&quot;sliderAutoplayOnHover&quot;:&quot;pause&quot;,&quot;sliderFullScreen&quot;:false,&quot;sliderFullscreenIcon&quot;:&quot;jet-slider__fullscreen-icon-e846353&quot;,&quot;sliderShuffle&quot;:false,&quot;sliderLoop&quot;:true,&quot;sliderFadeMode&quot;:false,&quot;slideDistance&quot;:1,&quot;slideDuration&quot;:500,&quot;imageScaleMode&quot;:&quot;exact&quot;,&quot;thumbnails&quot;:false,&quot;thumbnailWidth&quot;:120,&quot;thumbnailHeight&quot;:80,&quot;rightToLeft&quot;:false,&quot;touchswipe&quot;:true,&quot;fractionPag&quot;:false,&quot;fractionPrefix&quot;:&quot;&quot;,&quot;fractionSeparator&quot;:&quot;\\\/&quot;,&quot;fractionSuffix&quot;:&quot;&quot;,&quot;autoSliderHeight&quot;:false}'>\n\t\n<div  class=\"slider-pro\">\n\t<div class=\"jet-slider__arrow-icon-e846353 hidden-html\"><\/div><div class=\"jet-slider__fullscreen-icon-e846353 hidden-html\"><\/div>\t<div class=\"jet-slider__items sp-slides\">\n\n\n<div  class=\"jet-slider__item sp-slide elementor-repeater-item-35bb368\"><img decoding=\"async\" class=\"sp-image\" src=\"https:\/\/programadestinosmexico.com\/wp-content\/uploads\/2024\/01\/MAYO-FIESTAS-Y-EVENTOS-scaled.jpg\" alt=\"MAYO-FIESTAS-Y-EVENTOS\" loading=\"lazy\"><div class=\"jet-slider__content sp-layer\" data-position=\"centerCenter\" data-width=\"100%\" data-height=\"100%\" data-horizontal=\"0%\" data-show-transition=\"up\" data-show-duration=\"400\" data-show-delay=\"400\" >\n\t\t<div class=\"jet-slider__content-item\">\n\t\t\t<div class=\"jet-slider__content-inner\"> \n\n\t\t\t\t\t\t<div class=\"jet-slider__button-wrapper\">\t\t\t\t\t\t<\/div><\/div>\n\t\t<\/div>\n\t\t\t<\/div>\n<\/div>\n\n<\/div>\n<\/div>\n<\/div>\n<\/div>\t\t\t\t<\/div>\n\t\t\t\t<\/div>\n\t\t\t\t\t<\/div>\n\t\t<\/div>\n\t\t\t\t\t<\/div>\n\t\t<\/section>\n\t\t<div class=\"elementor-element elementor-element-23c25ed e-flex e-con-boxed elementor-invisible e-con e-parent\" data-id=\"23c25ed\" data-element_type=\"container\" data-e-type=\"container\" data-settings=\"{&quot;jet_parallax_layout_list&quot;:[],&quot;animation&quot;:&quot;fadeInUp&quot;}\">\n\t\t\t\t\t<div class=\"e-con-inner\">\n\t\t\t\t<div class=\"elementor-element elementor-element-1ca2473 elementor-widget elementor-widget-jet-accordion\" data-id=\"1ca2473\" data-element_type=\"widget\" data-e-type=\"widget\" data-widget_type=\"jet-accordion.default\">\n\t\t\t\t<div class=\"elementor-widget-container\">\n\t\t\t\t\t\t\t\t\t<div class=\"jet-accordion\" data-settings=\"{&quot;collapsible&quot;:false,&quot;ajaxTemplate&quot;:false,&quot;switchScrolling&quot;:false,&quot;switchScrollingOffset&quot;:0,&quot;switchScrollingDelay&quot;:500}\">\n\t\t\t<div class=\"jet-accordion__inner\">\n\t\t\t\t<div class=\"jet-accordion__item jet-toggle jet-toggle-move-up-effect\">\n\t\t\t\t\t\t\t<div id=\"jet-toggle-control-3001\" class=\"jet-toggle__control elementor-menu-anchor\" data-toggle=\"1\" role=\"button\" tabindex=\"0\" aria-controls=\"jet-toggle-content-3001\" aria-expanded=\"false\" data-template-id=\"89261\">\n\t\t\t\t\t\t\t\t<div class=\"jet-toggle__label-icon jet-toggle-icon-position-left\"><span class=\"jet-toggle__icon icon-normal jet-tabs-icon\"><i class=\"fas fa-plus\"><\/i><\/span><span class=\"jet-toggle__icon icon-active jet-tabs-icon\"><i class=\"fas fa-minus\"><\/i><\/span><\/div><div class=\"jet-toggle__label-text\">DISCOVER THE FESTIVALS, FAIRS, AND EVENTS OF MEXICO<\/div>\t\t\t\t\t\t\t<\/div>\n\t\t\t\t\t\t\t<div id=\"jet-toggle-content-3001\" class=\"jet-toggle__content\" data-toggle=\"1\" role=\"region\" data-template-id=\"89261\">\n\t\t\t\t\t\t\t\t<div class=\"jet-toggle__content-inner\">\t\t<div data-elementor-type=\"section\" data-elementor-id=\"89261\" class=\"elementor elementor-89261\" data-elementor-post-type=\"elementor_library\">\n\t\t\t<div class=\"elementor-element elementor-element-9d43558 elementor-hidden-mobile e-flex e-con-boxed e-con e-parent\" data-id=\"9d43558\" data-element_type=\"container\" data-e-type=\"container\" data-settings=\"{&quot;jet_parallax_layout_list&quot;:[]}\">\n\t\t\t\t\t<div class=\"e-con-inner\">\n\t\t<div class=\"elementor-element elementor-element-53c0950 e-con-full e-flex e-con e-child\" data-id=\"53c0950\" data-element_type=\"container\" data-e-type=\"container\" data-settings=\"{&quot;background_background&quot;:&quot;classic&quot;,&quot;jet_parallax_layout_list&quot;:[]}\">\n\t\t<div class=\"elementor-element elementor-element-4ba0f18 e-flex e-con-boxed e-con e-child\" data-id=\"4ba0f18\" data-element_type=\"container\" data-e-type=\"container\" data-settings=\"{&quot;background_background&quot;:&quot;classic&quot;,&quot;jet_parallax_layout_list&quot;:[]}\">\n\t\t\t\t\t<div class=\"e-con-inner\">\n\t\t\t\t<div class=\"elementor-element elementor-element-5ce528a elementor-widget elementor-widget-heading\" data-id=\"5ce528a\" data-element_type=\"widget\" data-e-type=\"widget\" data-widget_type=\"heading.default\">\n\t\t\t\t<div class=\"elementor-widget-container\">\n\t\t\t\t\t<h2 class=\"elementor-heading-title elementor-size-default\">September<\/h2>\t\t\t\t<\/div>\n\t\t\t\t<\/div>\n\t\t\t\t\t<\/div>\n\t\t\t\t<\/div>\n\t\t\t\t<div class=\"elementor-element elementor-element-141f390 elementor-widget elementor-widget-image\" data-id=\"141f390\" data-element_type=\"widget\" data-e-type=\"widget\" data-widget_type=\"image.default\">\n\t\t\t\t<div class=\"elementor-widget-container\">\n\t\t\t\t\t\t\t\t\t\t\t\t\t\t\t\t<a href=\"https:\/\/programadestinosmexico.com\/en\/fiestas-y-eventos-en-septiembre\/\">\n\t\t\t\t\t\t\t<img fetchpriority=\"high\" decoding=\"async\" width=\"768\" height=\"510\" src=\"https:\/\/programadestinosmexico.com\/wp-content\/uploads\/2024\/01\/SEPTIEMBRE-FIESTAS-Y-EVENTOS-768x510.jpg\" class=\"attachment-medium_large size-medium_large wp-image-89781\" alt=\"\" srcset=\"https:\/\/programadestinosmexico.com\/wp-content\/uploads\/2024\/01\/SEPTIEMBRE-FIESTAS-Y-EVENTOS-768x510.jpg 768w, https:\/\/programadestinosmexico.com\/wp-content\/uploads\/2024\/01\/SEPTIEMBRE-FIESTAS-Y-EVENTOS-300x199.jpg 300w, https:\/\/programadestinosmexico.com\/wp-content\/uploads\/2024\/01\/SEPTIEMBRE-FIESTAS-Y-EVENTOS-1024x680.jpg 1024w, https:\/\/programadestinosmexico.com\/wp-content\/uploads\/2024\/01\/SEPTIEMBRE-FIESTAS-Y-EVENTOS-1536x1020.jpg 1536w, https:\/\/programadestinosmexico.com\/wp-content\/uploads\/2024\/01\/SEPTIEMBRE-FIESTAS-Y-EVENTOS-2048x1360.jpg 2048w, https:\/\/programadestinosmexico.com\/wp-content\/uploads\/2024\/01\/SEPTIEMBRE-FIESTAS-Y-EVENTOS-18x12.jpg 18w\" sizes=\"(max-width: 768px) 100vw, 768px\" \/>\t\t\t\t\t\t\t\t<\/a>\n\t\t\t\t\t\t\t\t\t\t\t\t\t\t\t<\/div>\n\t\t\t\t<\/div>\n\t\t<div class=\"elementor-element elementor-element-49a7974 e-flex e-con-boxed e-con e-child\" data-id=\"49a7974\" data-element_type=\"container\" data-e-type=\"container\" data-settings=\"{&quot;background_background&quot;:&quot;classic&quot;,&quot;jet_parallax_layout_list&quot;:[]}\">\n\t\t\t\t\t<div class=\"e-con-inner\">\n\t\t\t\t<div class=\"elementor-element elementor-element-9afad28 elementor-widget elementor-widget-heading\" data-id=\"9afad28\" data-element_type=\"widget\" data-e-type=\"widget\" data-widget_type=\"heading.default\">\n\t\t\t\t<div class=\"elementor-widget-container\">\n\t\t\t\t\t<h2 class=\"elementor-heading-title elementor-size-default\">December<\/h2>\t\t\t\t<\/div>\n\t\t\t\t<\/div>\n\t\t\t\t\t<\/div>\n\t\t\t\t<\/div>\n\t\t\t\t<div class=\"elementor-element elementor-element-ef27143 elementor-widget elementor-widget-image\" data-id=\"ef27143\" data-element_type=\"widget\" data-e-type=\"widget\" data-widget_type=\"image.default\">\n\t\t\t\t<div class=\"elementor-widget-container\">\n\t\t\t\t\t\t\t\t\t\t\t\t\t\t\t\t<a href=\"https:\/\/programadestinosmexico.com\/en\/fiestas-y-eventos-en-diciembre\/\">\n\t\t\t\t\t\t\t<img decoding=\"async\" width=\"768\" height=\"510\" src=\"https:\/\/programadestinosmexico.com\/wp-content\/uploads\/2024\/01\/DICIEMBRE-FIESTAS-Y-EVENTOS-768x510.jpg\" class=\"attachment-medium_large size-medium_large wp-image-89782\" alt=\"\" srcset=\"https:\/\/programadestinosmexico.com\/wp-content\/uploads\/2024\/01\/DICIEMBRE-FIESTAS-Y-EVENTOS-768x510.jpg 768w, https:\/\/programadestinosmexico.com\/wp-content\/uploads\/2024\/01\/DICIEMBRE-FIESTAS-Y-EVENTOS-300x199.jpg 300w, https:\/\/programadestinosmexico.com\/wp-content\/uploads\/2024\/01\/DICIEMBRE-FIESTAS-Y-EVENTOS-1024x680.jpg 1024w, https:\/\/programadestinosmexico.com\/wp-content\/uploads\/2024\/01\/DICIEMBRE-FIESTAS-Y-EVENTOS-1536x1020.jpg 1536w, https:\/\/programadestinosmexico.com\/wp-content\/uploads\/2024\/01\/DICIEMBRE-FIESTAS-Y-EVENTOS-2048x1360.jpg 2048w, https:\/\/programadestinosmexico.com\/wp-content\/uploads\/2024\/01\/DICIEMBRE-FIESTAS-Y-EVENTOS-18x12.jpg 18w\" sizes=\"(max-width: 768px) 100vw, 768px\" \/>\t\t\t\t\t\t\t\t<\/a>\n\t\t\t\t\t\t\t\t\t\t\t\t\t\t\t<\/div>\n\t\t\t\t<\/div>\n\t\t\t\t<\/div>\n\t\t<div class=\"elementor-element elementor-element-ffb7ef9 e-con-full e-flex e-con e-child\" data-id=\"ffb7ef9\" data-element_type=\"container\" data-e-type=\"container\" data-settings=\"{&quot;background_background&quot;:&quot;classic&quot;,&quot;jet_parallax_layout_list&quot;:[]}\">\n\t\t<div class=\"elementor-element elementor-element-4bd09d2 e-flex e-con-boxed e-con e-child\" data-id=\"4bd09d2\" data-element_type=\"container\" data-e-type=\"container\" data-settings=\"{&quot;jet_parallax_layout_list&quot;:[],&quot;background_background&quot;:&quot;classic&quot;}\">\n\t\t\t\t\t<div class=\"e-con-inner\">\n\t\t<div class=\"elementor-element elementor-element-827333d e-con-full e-flex e-con e-child\" data-id=\"827333d\" data-element_type=\"container\" data-e-type=\"container\" data-settings=\"{&quot;jet_parallax_layout_list&quot;:[],&quot;background_background&quot;:&quot;classic&quot;}\">\n\t\t\t\t<div class=\"elementor-element elementor-element-47c4674 elementor-widget elementor-widget-heading\" data-id=\"47c4674\" data-element_type=\"widget\" data-e-type=\"widget\" data-widget_type=\"heading.default\">\n\t\t\t\t<div class=\"elementor-widget-container\">\n\t\t\t\t\t<h2 class=\"elementor-heading-title elementor-size-default\"><a href=\"https:\/\/programadestinosmexico.com\/en\/fiestas-y-eventos-en-enero\/\">January<\/a><\/h2>\t\t\t\t<\/div>\n\t\t\t\t<\/div>\n\t\t\t\t<div class=\"elementor-element elementor-element-8d25154 elementor-widget elementor-widget-heading\" data-id=\"8d25154\" data-element_type=\"widget\" data-e-type=\"widget\" data-widget_type=\"heading.default\">\n\t\t\t\t<div class=\"elementor-widget-container\">\n\t\t\t\t\t<h2 class=\"elementor-heading-title elementor-size-default\"><a href=\"https:\/\/programadestinosmexico.com\/en\/fiestas-y-eventos-en-febrero\/\">February<\/a><\/h2>\t\t\t\t<\/div>\n\t\t\t\t<\/div>\n\t\t\t\t<div class=\"elementor-element elementor-element-7fedeae elementor-widget elementor-widget-heading\" data-id=\"7fedeae\" data-element_type=\"widget\" data-e-type=\"widget\" data-widget_type=\"heading.default\">\n\t\t\t\t<div class=\"elementor-widget-container\">\n\t\t\t\t\t<h2 class=\"elementor-heading-title elementor-size-default\"><a href=\"https:\/\/programadestinosmexico.com\/en\/fiestas-y-eventos-en-marzo\/\">March<\/a><\/h2>\t\t\t\t<\/div>\n\t\t\t\t<\/div>\n\t\t\t\t<div class=\"elementor-element elementor-element-7bb0c77 elementor-widget elementor-widget-heading\" data-id=\"7bb0c77\" data-element_type=\"widget\" data-e-type=\"widget\" data-widget_type=\"heading.default\">\n\t\t\t\t<div class=\"elementor-widget-container\">\n\t\t\t\t\t<h2 class=\"elementor-heading-title elementor-size-default\"><a href=\"https:\/\/programadestinosmexico.com\/en\/fiestas-y-eventos-en-abril\/\">April<\/a><\/h2>\t\t\t\t<\/div>\n\t\t\t\t<\/div>\n\t\t\t\t<\/div>\n\t\t<div class=\"elementor-element elementor-element-bdb16f8 e-con-full e-flex e-con e-child\" data-id=\"bdb16f8\" data-element_type=\"container\" data-e-type=\"container\" data-settings=\"{&quot;jet_parallax_layout_list&quot;:[]}\">\n\t\t\t\t<div class=\"elementor-element elementor-element-a44123c elementor-widget elementor-widget-heading\" data-id=\"a44123c\" data-element_type=\"widget\" data-e-type=\"widget\" data-widget_type=\"heading.default\">\n\t\t\t\t<div class=\"elementor-widget-container\">\n\t\t\t\t\t<h2 class=\"elementor-heading-title elementor-size-default\"><a href=\"https:\/\/programadestinosmexico.com\/en\/fiestas-y-eventos-en-mayo\/\">May<\/a><\/h2>\t\t\t\t<\/div>\n\t\t\t\t<\/div>\n\t\t\t\t<div class=\"elementor-element elementor-element-766a079 elementor-widget elementor-widget-heading\" data-id=\"766a079\" data-element_type=\"widget\" data-e-type=\"widget\" data-widget_type=\"heading.default\">\n\t\t\t\t<div class=\"elementor-widget-container\">\n\t\t\t\t\t<h2 class=\"elementor-heading-title elementor-size-default\"><a href=\"https:\/\/programadestinosmexico.com\/en\/fiestas-y-eventos-en-junio\/\">June<\/a><\/h2>\t\t\t\t<\/div>\n\t\t\t\t<\/div>\n\t\t\t\t<div class=\"elementor-element elementor-element-a1c9654 elementor-widget elementor-widget-heading\" data-id=\"a1c9654\" data-element_type=\"widget\" data-e-type=\"widget\" data-widget_type=\"heading.default\">\n\t\t\t\t<div class=\"elementor-widget-container\">\n\t\t\t\t\t<h2 class=\"elementor-heading-title elementor-size-default\"><a href=\"https:\/\/programadestinosmexico.com\/en\/fiestas-y-eventos-en-julio\/\">July<\/a><\/h2>\t\t\t\t<\/div>\n\t\t\t\t<\/div>\n\t\t\t\t<div class=\"elementor-element elementor-element-282f75e elementor-widget elementor-widget-heading\" data-id=\"282f75e\" data-element_type=\"widget\" data-e-type=\"widget\" data-widget_type=\"heading.default\">\n\t\t\t\t<div class=\"elementor-widget-container\">\n\t\t\t\t\t<h2 class=\"elementor-heading-title elementor-size-default\"><a href=\"https:\/\/programadestinosmexico.com\/en\/fiestas-y-eventos-en-agosto\/\">August<\/a><\/h2>\t\t\t\t<\/div>\n\t\t\t\t<\/div>\n\t\t\t\t<\/div>\n\t\t<div class=\"elementor-element elementor-element-568ef71 e-con-full e-flex e-con e-child\" data-id=\"568ef71\" data-element_type=\"container\" data-e-type=\"container\" data-settings=\"{&quot;jet_parallax_layout_list&quot;:[]}\">\n\t\t\t\t<div class=\"elementor-element elementor-element-49fea09 elementor-widget elementor-widget-heading\" data-id=\"49fea09\" data-element_type=\"widget\" data-e-type=\"widget\" data-widget_type=\"heading.default\">\n\t\t\t\t<div class=\"elementor-widget-container\">\n\t\t\t\t\t<h2 class=\"elementor-heading-title elementor-size-default\"><a href=\"https:\/\/programadestinosmexico.com\/en\/fiestas-y-eventos-en-septiembre\/\">September<\/a><\/h2>\t\t\t\t<\/div>\n\t\t\t\t<\/div>\n\t\t\t\t<div class=\"elementor-element elementor-element-93b5ed5 elementor-widget elementor-widget-heading\" data-id=\"93b5ed5\" data-element_type=\"widget\" data-e-type=\"widget\" data-widget_type=\"heading.default\">\n\t\t\t\t<div class=\"elementor-widget-container\">\n\t\t\t\t\t<h2 class=\"elementor-heading-title elementor-size-default\"><a href=\"https:\/\/programadestinosmexico.com\/en\/fiestas-y-eventos-en-octubre\/\">October<\/a><\/h2>\t\t\t\t<\/div>\n\t\t\t\t<\/div>\n\t\t\t\t<div class=\"elementor-element elementor-element-bb112bc elementor-widget elementor-widget-heading\" data-id=\"bb112bc\" data-element_type=\"widget\" data-e-type=\"widget\" data-widget_type=\"heading.default\">\n\t\t\t\t<div class=\"elementor-widget-container\">\n\t\t\t\t\t<h2 class=\"elementor-heading-title elementor-size-default\"><a href=\"https:\/\/programadestinosmexico.com\/en\/fiestas-y-eventos-en-noviembre\/\">November<\/a><\/h2>\t\t\t\t<\/div>\n\t\t\t\t<\/div>\n\t\t\t\t<div class=\"elementor-element elementor-element-552c4f4 elementor-widget elementor-widget-heading\" data-id=\"552c4f4\" data-element_type=\"widget\" data-e-type=\"widget\" data-widget_type=\"heading.default\">\n\t\t\t\t<div class=\"elementor-widget-container\">\n\t\t\t\t\t<h2 class=\"elementor-heading-title elementor-size-default\"><a href=\"https:\/\/programadestinosmexico.com\/en\/fiestas-y-eventos-en-diciembre\/\">December<\/a><\/h2>\t\t\t\t<\/div>\n\t\t\t\t<\/div>\n\t\t\t\t<\/div>\n\t\t\t\t\t<\/div>\n\t\t\t\t<\/div>\n\t\t\t\t<\/div>\n\t\t\t\t\t<\/div>\n\t\t\t\t<\/div>\n\t\t<div class=\"elementor-element elementor-element-8d07c69 elementor-hidden-tablet elementor-hidden-desktop e-flex e-con-boxed e-con e-parent\" data-id=\"8d07c69\" data-element_type=\"container\" data-e-type=\"container\" data-settings=\"{&quot;jet_parallax_layout_list&quot;:[]}\">\n\t\t\t\t\t<div class=\"e-con-inner\">\n\t\t<div class=\"elementor-element elementor-element-ddbc732 e-con-full e-flex e-con e-child\" data-id=\"ddbc732\" data-element_type=\"container\" data-e-type=\"container\" data-settings=\"{&quot;background_background&quot;:&quot;classic&quot;,&quot;jet_parallax_layout_list&quot;:[]}\">\n\t\t<div class=\"elementor-element elementor-element-d665ffb e-flex e-con-boxed e-con e-child\" data-id=\"d665ffb\" data-element_type=\"container\" data-e-type=\"container\" data-settings=\"{&quot;background_background&quot;:&quot;classic&quot;,&quot;jet_parallax_layout_list&quot;:[]}\">\n\t\t\t\t\t<div class=\"e-con-inner\">\n\t\t\t\t<div class=\"elementor-element elementor-element-4552de0 elementor-widget elementor-widget-heading\" data-id=\"4552de0\" data-element_type=\"widget\" data-e-type=\"widget\" data-widget_type=\"heading.default\">\n\t\t\t\t<div class=\"elementor-widget-container\">\n\t\t\t\t\t<h2 class=\"elementor-heading-title elementor-size-default\">September<\/h2>\t\t\t\t<\/div>\n\t\t\t\t<\/div>\n\t\t\t\t\t<\/div>\n\t\t\t\t<\/div>\n\t\t\t\t<div class=\"elementor-element elementor-element-9545fcf elementor-widget elementor-widget-image\" data-id=\"9545fcf\" data-element_type=\"widget\" data-e-type=\"widget\" data-widget_type=\"image.default\">\n\t\t\t\t<div class=\"elementor-widget-container\">\n\t\t\t\t\t\t\t\t\t\t\t\t\t\t\t\t<a href=\"https:\/\/programadestinosmexico.com\/en\/fiestas-y-eventos-en-septiembre\/\">\n\t\t\t\t\t\t\t<img fetchpriority=\"high\" decoding=\"async\" width=\"768\" height=\"510\" src=\"https:\/\/programadestinosmexico.com\/wp-content\/uploads\/2024\/01\/SEPTIEMBRE-FIESTAS-Y-EVENTOS-768x510.jpg\" class=\"attachment-medium_large size-medium_large wp-image-89781\" alt=\"\" srcset=\"https:\/\/programadestinosmexico.com\/wp-content\/uploads\/2024\/01\/SEPTIEMBRE-FIESTAS-Y-EVENTOS-768x510.jpg 768w, https:\/\/programadestinosmexico.com\/wp-content\/uploads\/2024\/01\/SEPTIEMBRE-FIESTAS-Y-EVENTOS-300x199.jpg 300w, https:\/\/programadestinosmexico.com\/wp-content\/uploads\/2024\/01\/SEPTIEMBRE-FIESTAS-Y-EVENTOS-1024x680.jpg 1024w, https:\/\/programadestinosmexico.com\/wp-content\/uploads\/2024\/01\/SEPTIEMBRE-FIESTAS-Y-EVENTOS-1536x1020.jpg 1536w, https:\/\/programadestinosmexico.com\/wp-content\/uploads\/2024\/01\/SEPTIEMBRE-FIESTAS-Y-EVENTOS-2048x1360.jpg 2048w, https:\/\/programadestinosmexico.com\/wp-content\/uploads\/2024\/01\/SEPTIEMBRE-FIESTAS-Y-EVENTOS-18x12.jpg 18w\" sizes=\"(max-width: 768px) 100vw, 768px\" \/>\t\t\t\t\t\t\t\t<\/a>\n\t\t\t\t\t\t\t\t\t\t\t\t\t\t\t<\/div>\n\t\t\t\t<\/div>\n\t\t<div class=\"elementor-element elementor-element-4a0f6b4 e-flex e-con-boxed e-con e-child\" data-id=\"4a0f6b4\" data-element_type=\"container\" data-e-type=\"container\" data-settings=\"{&quot;background_background&quot;:&quot;classic&quot;,&quot;jet_parallax_layout_list&quot;:[]}\">\n\t\t\t\t\t<div class=\"e-con-inner\">\n\t\t\t\t<div class=\"elementor-element elementor-element-3258a94 elementor-widget elementor-widget-heading\" data-id=\"3258a94\" data-element_type=\"widget\" data-e-type=\"widget\" data-widget_type=\"heading.default\">\n\t\t\t\t<div class=\"elementor-widget-container\">\n\t\t\t\t\t<h2 class=\"elementor-heading-title elementor-size-default\">December<\/h2>\t\t\t\t<\/div>\n\t\t\t\t<\/div>\n\t\t\t\t\t<\/div>\n\t\t\t\t<\/div>\n\t\t\t\t<div class=\"elementor-element elementor-element-82cd744 elementor-widget elementor-widget-image\" data-id=\"82cd744\" data-element_type=\"widget\" data-e-type=\"widget\" data-widget_type=\"image.default\">\n\t\t\t\t<div class=\"elementor-widget-container\">\n\t\t\t\t\t\t\t\t\t\t\t\t\t\t\t\t<a href=\"https:\/\/programadestinosmexico.com\/en\/fiestas-y-eventos-en-diciembre\/\">\n\t\t\t\t\t\t\t<img decoding=\"async\" width=\"768\" height=\"510\" src=\"https:\/\/programadestinosmexico.com\/wp-content\/uploads\/2024\/01\/DICIEMBRE-FIESTAS-Y-EVENTOS-768x510.jpg\" class=\"attachment-medium_large size-medium_large wp-image-89782\" alt=\"\" srcset=\"https:\/\/programadestinosmexico.com\/wp-content\/uploads\/2024\/01\/DICIEMBRE-FIESTAS-Y-EVENTOS-768x510.jpg 768w, https:\/\/programadestinosmexico.com\/wp-content\/uploads\/2024\/01\/DICIEMBRE-FIESTAS-Y-EVENTOS-300x199.jpg 300w, https:\/\/programadestinosmexico.com\/wp-content\/uploads\/2024\/01\/DICIEMBRE-FIESTAS-Y-EVENTOS-1024x680.jpg 1024w, https:\/\/programadestinosmexico.com\/wp-content\/uploads\/2024\/01\/DICIEMBRE-FIESTAS-Y-EVENTOS-1536x1020.jpg 1536w, https:\/\/programadestinosmexico.com\/wp-content\/uploads\/2024\/01\/DICIEMBRE-FIESTAS-Y-EVENTOS-2048x1360.jpg 2048w, https:\/\/programadestinosmexico.com\/wp-content\/uploads\/2024\/01\/DICIEMBRE-FIESTAS-Y-EVENTOS-18x12.jpg 18w\" sizes=\"(max-width: 768px) 100vw, 768px\" \/>\t\t\t\t\t\t\t\t<\/a>\n\t\t\t\t\t\t\t\t\t\t\t\t\t\t\t<\/div>\n\t\t\t\t<\/div>\n\t\t\t\t<\/div>\n\t\t<div class=\"elementor-element elementor-element-b9b9d89 e-con-full e-flex e-con e-child\" data-id=\"b9b9d89\" data-element_type=\"container\" data-e-type=\"container\" data-settings=\"{&quot;background_background&quot;:&quot;classic&quot;,&quot;jet_parallax_layout_list&quot;:[]}\">\n\t\t<div class=\"elementor-element elementor-element-9dccd08 e-con-full e-flex e-con e-child\" data-id=\"9dccd08\" data-element_type=\"container\" data-e-type=\"container\" data-settings=\"{&quot;jet_parallax_layout_list&quot;:[]}\">\n\t\t\t\t<div class=\"elementor-element elementor-element-93338f8 elementor-widget elementor-widget-heading\" data-id=\"93338f8\" data-element_type=\"widget\" data-e-type=\"widget\" data-widget_type=\"heading.default\">\n\t\t\t\t<div class=\"elementor-widget-container\">\n\t\t\t\t\t<h2 class=\"elementor-heading-title elementor-size-default\"><a href=\"https:\/\/programadestinosmexico.com\/en\/fiestas-y-eventos-en-enero\/\">January<\/a><\/h2>\t\t\t\t<\/div>\n\t\t\t\t<\/div>\n\t\t\t\t<\/div>\n\t\t\t\t<div class=\"elementor-element elementor-element-07bfbe6 elementor-widget elementor-widget-heading\" data-id=\"07bfbe6\" data-element_type=\"widget\" data-e-type=\"widget\" data-widget_type=\"heading.default\">\n\t\t\t\t<div class=\"elementor-widget-container\">\n\t\t\t\t\t<h2 class=\"elementor-heading-title elementor-size-default\"><a href=\"https:\/\/programadestinosmexico.com\/en\/fiestas-y-eventos-en-febrero\/\">February<\/a><\/h2>\t\t\t\t<\/div>\n\t\t\t\t<\/div>\n\t\t\t\t<div class=\"elementor-element elementor-element-dc22ba7 elementor-widget elementor-widget-heading\" data-id=\"dc22ba7\" data-element_type=\"widget\" data-e-type=\"widget\" data-widget_type=\"heading.default\">\n\t\t\t\t<div class=\"elementor-widget-container\">\n\t\t\t\t\t<h2 class=\"elementor-heading-title elementor-size-default\"><a href=\"https:\/\/programadestinosmexico.com\/en\/fiestas-y-eventos-en-marzo\/\">March<\/a><\/h2>\t\t\t\t<\/div>\n\t\t\t\t<\/div>\n\t\t\t\t<div class=\"elementor-element elementor-element-2d2554e elementor-widget elementor-widget-heading\" data-id=\"2d2554e\" data-element_type=\"widget\" data-e-type=\"widget\" data-widget_type=\"heading.default\">\n\t\t\t\t<div class=\"elementor-widget-container\">\n\t\t\t\t\t<h2 class=\"elementor-heading-title elementor-size-default\"><a href=\"https:\/\/programadestinosmexico.com\/en\/fiestas-y-eventos-en-abril\/\">April<\/a><\/h2>\t\t\t\t<\/div>\n\t\t\t\t<\/div>\n\t\t\t\t<div class=\"elementor-element elementor-element-eb93db3 elementor-widget elementor-widget-heading\" data-id=\"eb93db3\" data-element_type=\"widget\" data-e-type=\"widget\" data-widget_type=\"heading.default\">\n\t\t\t\t<div class=\"elementor-widget-container\">\n\t\t\t\t\t<h2 class=\"elementor-heading-title elementor-size-default\"><a href=\"https:\/\/programadestinosmexico.com\/en\/fiestas-y-eventos-en-mayo\/\">May<\/a><\/h2>\t\t\t\t<\/div>\n\t\t\t\t<\/div>\n\t\t\t\t<div class=\"elementor-element elementor-element-1af5161 elementor-widget elementor-widget-heading\" data-id=\"1af5161\" data-element_type=\"widget\" data-e-type=\"widget\" data-widget_type=\"heading.default\">\n\t\t\t\t<div class=\"elementor-widget-container\">\n\t\t\t\t\t<h2 class=\"elementor-heading-title elementor-size-default\"><a href=\"https:\/\/programadestinosmexico.com\/en\/fiestas-y-eventos-en-junio\/\">June<\/a><\/h2>\t\t\t\t<\/div>\n\t\t\t\t<\/div>\n\t\t\t\t<div class=\"elementor-element elementor-element-69a8fe7 elementor-widget elementor-widget-heading\" data-id=\"69a8fe7\" data-element_type=\"widget\" data-e-type=\"widget\" data-widget_type=\"heading.default\">\n\t\t\t\t<div class=\"elementor-widget-container\">\n\t\t\t\t\t<h2 class=\"elementor-heading-title elementor-size-default\"><a href=\"https:\/\/programadestinosmexico.com\/en\/fiestas-y-eventos-en-julio\/\">July<\/a><\/h2>\t\t\t\t<\/div>\n\t\t\t\t<\/div>\n\t\t\t\t<div class=\"elementor-element elementor-element-41fe929 elementor-widget elementor-widget-heading\" data-id=\"41fe929\" data-element_type=\"widget\" data-e-type=\"widget\" data-widget_type=\"heading.default\">\n\t\t\t\t<div class=\"elementor-widget-container\">\n\t\t\t\t\t<h2 class=\"elementor-heading-title elementor-size-default\"><a href=\"https:\/\/programadestinosmexico.com\/en\/fiestas-y-eventos-en-agosto\/\">August<\/a><\/h2>\t\t\t\t<\/div>\n\t\t\t\t<\/div>\n\t\t\t\t<div class=\"elementor-element elementor-element-6e72ea3 elementor-widget elementor-widget-heading\" data-id=\"6e72ea3\" data-element_type=\"widget\" data-e-type=\"widget\" data-widget_type=\"heading.default\">\n\t\t\t\t<div class=\"elementor-widget-container\">\n\t\t\t\t\t<h2 class=\"elementor-heading-title elementor-size-default\"><a href=\"https:\/\/programadestinosmexico.com\/en\/fiestas-y-eventos-en-septiembre\/\">September<\/a><\/h2>\t\t\t\t<\/div>\n\t\t\t\t<\/div>\n\t\t\t\t<div class=\"elementor-element elementor-element-3fa4e43 elementor-widget elementor-widget-heading\" data-id=\"3fa4e43\" data-element_type=\"widget\" data-e-type=\"widget\" data-widget_type=\"heading.default\">\n\t\t\t\t<div class=\"elementor-widget-container\">\n\t\t\t\t\t<h2 class=\"elementor-heading-title elementor-size-default\"><a href=\"https:\/\/programadestinosmexico.com\/en\/fiestas-y-eventos-en-octubre\/\">October<\/a><\/h2>\t\t\t\t<\/div>\n\t\t\t\t<\/div>\n\t\t\t\t<div class=\"elementor-element elementor-element-56fd846 elementor-widget elementor-widget-heading\" data-id=\"56fd846\" data-element_type=\"widget\" data-e-type=\"widget\" data-widget_type=\"heading.default\">\n\t\t\t\t<div class=\"elementor-widget-container\">\n\t\t\t\t\t<h2 class=\"elementor-heading-title elementor-size-default\"><a href=\"https:\/\/programadestinosmexico.com\/en\/fiestas-y-eventos-en-noviembre\/\">November<\/a><\/h2>\t\t\t\t<\/div>\n\t\t\t\t<\/div>\n\t\t\t\t<div class=\"elementor-element elementor-element-7f19f10 elementor-widget elementor-widget-heading\" data-id=\"7f19f10\" data-element_type=\"widget\" data-e-type=\"widget\" data-widget_type=\"heading.default\">\n\t\t\t\t<div class=\"elementor-widget-container\">\n\t\t\t\t\t<h2 class=\"elementor-heading-title elementor-size-default\"><a href=\"https:\/\/programadestinosmexico.com\/en\/fiestas-y-eventos-en-diciembre\/\">December<\/a><\/h2>\t\t\t\t<\/div>\n\t\t\t\t<\/div>\n\t\t\t\t<\/div>\n\t\t\t\t\t<\/div>\n\t\t\t\t<\/div>\n\t\t\t\t<\/div>\n\t\t<\/div>\n\t\t\t\t\t\t\t<\/div>\n\t\t\t\t\t\t<\/div>\t\t\t<\/div>\n\t\t<\/div>\n\t\t\t\t\t\t<\/div>\n\t\t\t\t<\/div>\n\t\t\t\t\t<\/div>\n\t\t\t\t<\/div>\n\t\t<div class=\"elementor-element elementor-element-924bc45 e-flex e-con-boxed e-con e-parent\" data-id=\"924bc45\" data-element_type=\"container\" data-e-type=\"container\" data-settings=\"{&quot;background_background&quot;:&quot;classic&quot;,&quot;jet_parallax_layout_list&quot;:[]}\">\n\t\t\t\t\t<div class=\"e-con-inner\">\n\t\t\t\t<div class=\"elementor-element elementor-element-2ebcea1 elementor-widget elementor-widget-heading\" data-id=\"2ebcea1\" data-element_type=\"widget\" data-e-type=\"widget\" data-widget_type=\"heading.default\">\n\t\t\t\t<div class=\"elementor-widget-container\">\n\t\t\t\t\t<h1 class=\"elementor-heading-title elementor-size-default\">FIESTAS Y EVENTOS EN MAYO\n\n\n\n\n<\/h1>\t\t\t\t<\/div>\n\t\t\t\t<\/div>\n\t\t\t\t\t<\/div>\n\t\t\t\t<\/div>\n\t\t<div class=\"elementor-element elementor-element-df0bf2e e-flex e-con-boxed e-con e-parent\" data-id=\"df0bf2e\" data-element_type=\"container\" data-e-type=\"container\" data-settings=\"{&quot;jet_parallax_layout_list&quot;:[]}\">\n\t\t\t\t\t<div class=\"e-con-inner\">\n\t\t<div class=\"elementor-element elementor-element-7be062c e-con-full animated-slow e-flex elementor-invisible e-con e-child\" data-id=\"7be062c\" data-element_type=\"container\" data-e-type=\"container\" data-settings=\"{&quot;jet_parallax_layout_list&quot;:[],&quot;animation&quot;:&quot;fadeInLeft&quot;}\">\n\t\t\t\t<div class=\"elementor-element elementor-element-1d32af1 elementor-widget elementor-widget-heading\" data-id=\"1d32af1\" data-element_type=\"widget\" data-e-type=\"widget\" data-widget_type=\"heading.default\">\n\t\t\t\t<div class=\"elementor-widget-container\">\n\t\t\t\t\t<h1 class=\"elementor-heading-title elementor-size-default\">National Fair of San Marcos\n\n\n<\/h1>\t\t\t\t<\/div>\n\t\t\t\t<\/div>\n\t\t<div class=\"elementor-element elementor-element-0414bae e-con-full animated-slow e-flex elementor-invisible e-con e-child\" data-id=\"0414bae\" data-element_type=\"container\" data-e-type=\"container\" data-settings=\"{&quot;jet_parallax_layout_list&quot;:[],&quot;animation&quot;:&quot;fadeInLeft&quot;}\">\n\t\t<div class=\"elementor-element elementor-element-a735a78 e-flex e-con-boxed e-con e-child\" data-id=\"a735a78\" data-element_type=\"container\" data-e-type=\"container\" data-settings=\"{&quot;jet_parallax_layout_list&quot;:[],&quot;background_background&quot;:&quot;gradient&quot;}\">\n\t\t\t\t\t<div class=\"e-con-inner\">\n\t\t<div class=\"elementor-element elementor-element-38d46c4 e-con-full animated-slow e-flex elementor-invisible e-con e-child\" data-id=\"38d46c4\" data-element_type=\"container\" data-e-type=\"container\" data-settings=\"{&quot;jet_parallax_layout_list&quot;:[],&quot;animation&quot;:&quot;fadeInLeft&quot;,&quot;background_background&quot;:&quot;gradient&quot;}\">\n\t\t\t\t<div class=\"elementor-element elementor-element-54e906c elementor-widget__width-initial elementor-widget elementor-widget-text-editor\" data-id=\"54e906c\" data-element_type=\"widget\" data-e-type=\"widget\" data-widget_type=\"text-editor.default\">\n\t\t\t\t<div class=\"elementor-widget-container\">\n\t\t\t\t\t\t\t\t\t<p>Fecha: 19 de abril al 11 de mayo<\/p><p>Location: Aguascalientes, Aguascalientes<\/p>\t\t\t\t\t\t\t\t<\/div>\n\t\t\t\t<\/div>\n\t\t\t\t<\/div>\n\t\t\t\t\t<\/div>\n\t\t\t\t<\/div>\n\t\t\t\t<\/div>\n\t\t\t\t<div class=\"elementor-element elementor-element-460398c elementor-widget elementor-widget-text-editor\" data-id=\"460398c\" data-element_type=\"widget\" data-e-type=\"widget\" data-widget_type=\"text-editor.default\">\n\t\t\t\t<div class=\"elementor-widget-container\">\n\t\t\t\t\t\t\t\t\t<p>This is the largest and one of the oldest fairs in Mexico, attracting over 8 million visitors each year.<\/p><p>The event spans over 90 hectares with areas specially adapted for various activities.<\/p><p>Highlights include the San Marcos Island, also known as \"The Family Place,\" featuring a beautiful artificial lake, diverse gastronomic offerings, mechanical rides, commercial areas, a large zip line, and the most notable livestock exhibition in Latin America.<\/p><p>The People\u2019s Theater, with a capacity of up to 20,000 spectators, presents various free evening shows.<\/p><p>There is also a \"Club Zone (Zona de Astros),\u201d considered the largest in the country, with various themed nightclubs offering different music genres.<span class=\"Apple-converted-space\">\u00a0<\/span><\/p><p>The Monumental Bullring hosts top bullfighters for all bullfighting enthusiasts.<span class=\"Apple-converted-space\">\u00a0<\/span><\/p><p>Additionally, there are spaces for various artistic expressions such as music, painting, theater, dance, sculpture, and cinematography.<\/p>\t\t\t\t\t\t\t\t<\/div>\n\t\t\t\t<\/div>\n\t\t\t\t<\/div>\n\t\t<div class=\"elementor-element elementor-element-0f09e20 e-con-full e-flex e-con e-child\" data-id=\"0f09e20\" data-element_type=\"container\" data-e-type=\"container\" data-settings=\"{&quot;jet_parallax_layout_list&quot;:[]}\">\n\t\t\t\t<div class=\"elementor-element elementor-element-67b41d2 elementor-widget elementor-widget-image\" data-id=\"67b41d2\" data-element_type=\"widget\" data-e-type=\"widget\" data-widget_type=\"image.default\">\n\t\t\t\t<div class=\"elementor-widget-container\">\n\t\t\t\t\t\t\t\t\t\t\t\t\t\t\t<img decoding=\"async\" src=\"https:\/\/programadestinosmexico.com\/wp-content\/uploads\/2025\/05\/feria-nacional-san-marcos.jpeg\" title=\"\" alt=\"\" loading=\"lazy\" \/>\t\t\t\t\t\t\t\t\t\t\t\t\t\t\t<\/div>\n\t\t\t\t<\/div>\n\t\t\t\t<\/div>\n\t\t\t\t\t<\/div>\n\t\t\t\t<\/div>\n\t\t<div class=\"elementor-element elementor-element-1cf2a49 e-flex e-con-boxed e-con e-parent\" data-id=\"1cf2a49\" data-element_type=\"container\" data-e-type=\"container\" data-settings=\"{&quot;jet_parallax_layout_list&quot;:[]}\">\n\t\t\t\t\t<div class=\"e-con-inner\">\n\t\t<div class=\"elementor-element elementor-element-3eb6707 e-con-full animated-slow e-flex elementor-invisible e-con e-child\" data-id=\"3eb6707\" data-element_type=\"container\" data-e-type=\"container\" data-settings=\"{&quot;jet_parallax_layout_list&quot;:[],&quot;animation&quot;:&quot;fadeInLeft&quot;}\">\n\t\t\t\t<div class=\"elementor-element elementor-element-f402a5e elementor-widget elementor-widget-heading\" data-id=\"f402a5e\" data-element_type=\"widget\" data-e-type=\"widget\" data-widget_type=\"heading.default\">\n\t\t\t\t<div class=\"elementor-widget-container\">\n\t\t\t\t\t<h1 class=\"elementor-heading-title elementor-size-default\">Nogales Flower Fair\n\n<\/h1>\t\t\t\t<\/div>\n\t\t\t\t<\/div>\n\t\t<div class=\"elementor-element elementor-element-f232e9a e-con-full animated-slow e-flex elementor-invisible e-con e-child\" data-id=\"f232e9a\" data-element_type=\"container\" data-e-type=\"container\" data-settings=\"{&quot;jet_parallax_layout_list&quot;:[],&quot;animation&quot;:&quot;fadeInLeft&quot;}\">\n\t\t<div class=\"elementor-element elementor-element-e44e272 e-flex e-con-boxed e-con e-child\" data-id=\"e44e272\" data-element_type=\"container\" data-e-type=\"container\" data-settings=\"{&quot;jet_parallax_layout_list&quot;:[],&quot;background_background&quot;:&quot;gradient&quot;}\">\n\t\t\t\t\t<div class=\"e-con-inner\">\n\t\t<div class=\"elementor-element elementor-element-e1d682a e-con-full animated-slow e-flex elementor-invisible e-con e-child\" data-id=\"e1d682a\" data-element_type=\"container\" data-e-type=\"container\" data-settings=\"{&quot;jet_parallax_layout_list&quot;:[],&quot;animation&quot;:&quot;fadeInLeft&quot;,&quot;background_background&quot;:&quot;gradient&quot;}\">\n\t\t\t\t<div class=\"elementor-element elementor-element-665b5a2 elementor-widget__width-initial elementor-widget elementor-widget-text-editor\" data-id=\"665b5a2\" data-element_type=\"widget\" data-e-type=\"widget\" data-widget_type=\"text-editor.default\">\n\t\t\t\t<div class=\"elementor-widget-container\">\n\t\t\t\t\t\t\t\t\t<p>Fecha: 22 de abril al 5 de mayo<\/p><p>Location: Nogales, Sonora<\/p>\t\t\t\t\t\t\t\t<\/div>\n\t\t\t\t<\/div>\n\t\t\t\t<\/div>\n\t\t\t\t\t<\/div>\n\t\t\t\t<\/div>\n\t\t\t\t<\/div>\n\t\t\t\t<div class=\"elementor-element elementor-element-e0a674c elementor-widget elementor-widget-text-editor\" data-id=\"e0a674c\" data-element_type=\"widget\" data-e-type=\"widget\" data-widget_type=\"text-editor.default\">\n\t\t\t\t<div class=\"elementor-widget-container\">\n\t\t\t\t\t\t\t\t\t<p>La festividad ofrece: teatro del pueblo, Palenque, eventos deportivos, art\u00edsticos y culturales, juegos mec\u00e1nicos y zona comercial, artesanal y gastron\u00f3mica.<\/p><p>El evento incluye un desfile por la Avenida Obreg\u00f3n en el cual se incluyen escoltas escolares y carros aleg\u00f3ricos.<\/p>\t\t\t\t\t\t\t\t<\/div>\n\t\t\t\t<\/div>\n\t\t\t\t<\/div>\n\t\t<div class=\"elementor-element elementor-element-06cc6df e-con-full e-flex e-con e-child\" data-id=\"06cc6df\" data-element_type=\"container\" data-e-type=\"container\" data-settings=\"{&quot;jet_parallax_layout_list&quot;:[]}\">\n\t\t\t\t<div class=\"elementor-element elementor-element-8d5761e elementor-widget elementor-widget-image\" data-id=\"8d5761e\" data-element_type=\"widget\" data-e-type=\"widget\" data-widget_type=\"image.default\">\n\t\t\t\t<div class=\"elementor-widget-container\">\n\t\t\t\t\t\t\t\t\t\t\t\t\t\t\t<img decoding=\"async\" src=\"https:\/\/programadestinosmexico.com\/wp-content\/uploads\/2025\/05\/Feria-de-las-Flores-Nogales.jpg\" title=\"\" alt=\"\" loading=\"lazy\" \/>\t\t\t\t\t\t\t\t\t\t\t\t\t\t\t<\/div>\n\t\t\t\t<\/div>\n\t\t\t\t<\/div>\n\t\t\t\t\t<\/div>\n\t\t\t\t<\/div>\n\t\t<div class=\"elementor-element elementor-element-d00e838 e-flex e-con-boxed e-con e-parent\" data-id=\"d00e838\" data-element_type=\"container\" data-e-type=\"container\" data-settings=\"{&quot;jet_parallax_layout_list&quot;:[]}\">\n\t\t\t\t\t<div class=\"e-con-inner\">\n\t\t<div class=\"elementor-element elementor-element-209ff23 e-con-full animated-slow e-flex elementor-invisible e-con e-child\" data-id=\"209ff23\" data-element_type=\"container\" data-e-type=\"container\" data-settings=\"{&quot;jet_parallax_layout_list&quot;:[],&quot;animation&quot;:&quot;fadeInLeft&quot;}\">\n\t\t\t\t<div class=\"elementor-element elementor-element-16553cf elementor-widget elementor-widget-heading\" data-id=\"16553cf\" data-element_type=\"widget\" data-e-type=\"widget\" data-widget_type=\"heading.default\">\n\t\t\t\t<div class=\"elementor-widget-container\">\n\t\t\t\t\t<h1 class=\"elementor-heading-title elementor-size-default\">Puebla Fair\n\n<\/h1>\t\t\t\t<\/div>\n\t\t\t\t<\/div>\n\t\t<div class=\"elementor-element elementor-element-a40068a e-con-full animated-slow e-flex elementor-invisible e-con e-child\" data-id=\"a40068a\" data-element_type=\"container\" data-e-type=\"container\" data-settings=\"{&quot;jet_parallax_layout_list&quot;:[],&quot;animation&quot;:&quot;fadeInLeft&quot;}\">\n\t\t<div class=\"elementor-element elementor-element-133a452 e-flex e-con-boxed e-con e-child\" data-id=\"133a452\" data-element_type=\"container\" data-e-type=\"container\" data-settings=\"{&quot;jet_parallax_layout_list&quot;:[],&quot;background_background&quot;:&quot;gradient&quot;}\">\n\t\t\t\t\t<div class=\"e-con-inner\">\n\t\t<div class=\"elementor-element elementor-element-d54718f e-con-full animated-slow e-flex elementor-invisible e-con e-child\" data-id=\"d54718f\" data-element_type=\"container\" data-e-type=\"container\" data-settings=\"{&quot;jet_parallax_layout_list&quot;:[],&quot;animation&quot;:&quot;fadeInLeft&quot;,&quot;background_background&quot;:&quot;gradient&quot;}\">\n\t\t\t\t<div class=\"elementor-element elementor-element-2b4aedb elementor-widget__width-initial elementor-widget elementor-widget-text-editor\" data-id=\"2b4aedb\" data-element_type=\"widget\" data-e-type=\"widget\" data-widget_type=\"text-editor.default\">\n\t\t\t\t<div class=\"elementor-widget-container\">\n\t\t\t\t\t\t\t\t\t<p>Fecha: 24 de abril al 11 de mayo<span class=\"Apple-converted-space\">\u00a0<\/span><\/p><p>Location: Puebla, Puebla<\/p>\t\t\t\t\t\t\t\t<\/div>\n\t\t\t\t<\/div>\n\t\t\t\t<\/div>\n\t\t\t\t\t<\/div>\n\t\t\t\t<\/div>\n\t\t\t\t<\/div>\n\t\t\t\t<div class=\"elementor-element elementor-element-d48a346 elementor-widget elementor-widget-text-editor\" data-id=\"d48a346\" data-element_type=\"widget\" data-e-type=\"widget\" data-widget_type=\"text-editor.default\">\n\t\t\t\t<div class=\"elementor-widget-container\">\n\t\t\t\t\t\t\t\t\t<p>The Puebla Fair is part of the celebrations commemorating the Battle of May 5th and is one of the country's most important celebrations. It features high-quality shows in its two forums: the Artistic Forum and the Palenque.<\/p><p>At the Civic Cultural Center 5 de Mayo in the Forts area, a wide variety of artistic, gastronomic, and cultural activities are presented, along with mechanical rides and various shows.<\/p>\t\t\t\t\t\t\t\t<\/div>\n\t\t\t\t<\/div>\n\t\t\t\t<\/div>\n\t\t<div class=\"elementor-element elementor-element-9975458 e-con-full e-flex e-con e-child\" data-id=\"9975458\" data-element_type=\"container\" data-e-type=\"container\" data-settings=\"{&quot;jet_parallax_layout_list&quot;:[]}\">\n\t\t\t\t<div class=\"elementor-element elementor-element-7c0ce09 elementor-widget elementor-widget-image\" data-id=\"7c0ce09\" data-element_type=\"widget\" data-e-type=\"widget\" data-widget_type=\"image.default\">\n\t\t\t\t<div class=\"elementor-widget-container\">\n\t\t\t\t\t\t\t\t\t\t\t\t\t\t\t<img decoding=\"async\" src=\"https:\/\/programadestinosmexico.com\/wp-content\/uploads\/2025\/05\/feria-de-puebla.jpg\" title=\"\" alt=\"\" loading=\"lazy\" \/>\t\t\t\t\t\t\t\t\t\t\t\t\t\t\t<\/div>\n\t\t\t\t<\/div>\n\t\t\t\t<\/div>\n\t\t\t\t\t<\/div>\n\t\t\t\t<\/div>\n\t\t<div class=\"elementor-element elementor-element-ca3e9f4 e-flex e-con-boxed e-con e-parent\" data-id=\"ca3e9f4\" data-element_type=\"container\" data-e-type=\"container\" data-settings=\"{&quot;jet_parallax_layout_list&quot;:[]}\">\n\t\t\t\t\t<div class=\"e-con-inner\">\n\t\t<div class=\"elementor-element elementor-element-11e3f9b e-con-full animated-slow e-flex elementor-invisible e-con e-child\" data-id=\"11e3f9b\" data-element_type=\"container\" data-e-type=\"container\" data-settings=\"{&quot;jet_parallax_layout_list&quot;:[],&quot;animation&quot;:&quot;fadeInLeft&quot;}\">\n\t\t\t\t<div class=\"elementor-element elementor-element-d0a1f7d elementor-widget elementor-widget-heading\" data-id=\"d0a1f7d\" data-element_type=\"widget\" data-e-type=\"widget\" data-widget_type=\"heading.default\">\n\t\t\t\t<div class=\"elementor-widget-container\">\n\t\t\t\t\t<h1 class=\"elementor-heading-title elementor-size-default\">Livestock and Industrial Expo EXPOGAN\n\n<\/h1>\t\t\t\t<\/div>\n\t\t\t\t<\/div>\n\t\t<div class=\"elementor-element elementor-element-9157059 e-con-full animated-slow e-flex elementor-invisible e-con e-child\" data-id=\"9157059\" data-element_type=\"container\" data-e-type=\"container\" data-settings=\"{&quot;jet_parallax_layout_list&quot;:[],&quot;animation&quot;:&quot;fadeInLeft&quot;}\">\n\t\t<div class=\"elementor-element elementor-element-0951cf5 e-flex e-con-boxed e-con e-child\" data-id=\"0951cf5\" data-element_type=\"container\" data-e-type=\"container\" data-settings=\"{&quot;jet_parallax_layout_list&quot;:[],&quot;background_background&quot;:&quot;gradient&quot;}\">\n\t\t\t\t\t<div class=\"e-con-inner\">\n\t\t<div class=\"elementor-element elementor-element-2e00315 e-con-full animated-slow e-flex elementor-invisible e-con e-child\" data-id=\"2e00315\" data-element_type=\"container\" data-e-type=\"container\" data-settings=\"{&quot;jet_parallax_layout_list&quot;:[],&quot;animation&quot;:&quot;fadeInLeft&quot;,&quot;background_background&quot;:&quot;gradient&quot;}\">\n\t\t\t\t<div class=\"elementor-element elementor-element-75e751d elementor-widget__width-initial elementor-widget elementor-widget-text-editor\" data-id=\"75e751d\" data-element_type=\"widget\" data-e-type=\"widget\" data-widget_type=\"text-editor.default\">\n\t\t\t\t<div class=\"elementor-widget-container\">\n\t\t\t\t\t\t\t\t\t<p>Fecha: 30 de abril al 25 de mayo<\/p><p>Location: Hermosillo, Sonora<\/p>\t\t\t\t\t\t\t\t<\/div>\n\t\t\t\t<\/div>\n\t\t\t\t<\/div>\n\t\t\t\t\t<\/div>\n\t\t\t\t<\/div>\n\t\t\t\t<\/div>\n\t\t\t\t<div class=\"elementor-element elementor-element-fa8b606 elementor-widget elementor-widget-text-editor\" data-id=\"fa8b606\" data-element_type=\"widget\" data-e-type=\"widget\" data-widget_type=\"text-editor.default\">\n\t\t\t\t<div class=\"elementor-widget-container\">\n\t\t\t\t\t\t\t\t\t<p>One of the most anticipated fairs in northern Mexico, offering a wide range of attractions and activities.<\/p><p>The Palenque features shows by internationally renowned artists. In addition, there is an important livestock, commercial, and industrial exhibition, as well as a \u201cteatro del pueblo,\u201d rodeo shows, extreme zone, amusement rides, circus, and sports and cultural events.<span class=\"Apple-converted-space\">\u00a0<\/span><\/p>\t\t\t\t\t\t\t\t<\/div>\n\t\t\t\t<\/div>\n\t\t\t\t<\/div>\n\t\t<div class=\"elementor-element elementor-element-55c2183 e-con-full e-flex e-con e-child\" data-id=\"55c2183\" data-element_type=\"container\" data-e-type=\"container\" data-settings=\"{&quot;jet_parallax_layout_list&quot;:[]}\">\n\t\t\t\t<div class=\"elementor-element elementor-element-4ebf674 elementor-widget elementor-widget-image\" data-id=\"4ebf674\" data-element_type=\"widget\" data-e-type=\"widget\" data-widget_type=\"image.default\">\n\t\t\t\t<div class=\"elementor-widget-container\">\n\t\t\t\t\t\t\t\t\t\t\t\t\t\t\t<img decoding=\"async\" src=\"https:\/\/programadestinosmexico.com\/wp-content\/uploads\/2025\/05\/expo-gan-sonora.jpg\" title=\"\" alt=\"\" loading=\"lazy\" \/>\t\t\t\t\t\t\t\t\t\t\t\t\t\t\t<\/div>\n\t\t\t\t<\/div>\n\t\t\t\t<\/div>\n\t\t\t\t\t<\/div>\n\t\t\t\t<\/div>\n\t\t<div class=\"elementor-element elementor-element-d959519 e-flex e-con-boxed e-con e-parent\" data-id=\"d959519\" data-element_type=\"container\" data-e-type=\"container\" data-settings=\"{&quot;jet_parallax_layout_list&quot;:[]}\">\n\t\t\t\t\t<div class=\"e-con-inner\">\n\t\t<div class=\"elementor-element elementor-element-d653648 e-con-full animated-slow e-flex elementor-invisible e-con e-child\" data-id=\"d653648\" data-element_type=\"container\" data-e-type=\"container\" data-settings=\"{&quot;jet_parallax_layout_list&quot;:[],&quot;animation&quot;:&quot;fadeInLeft&quot;}\">\n\t\t\t\t<div class=\"elementor-element elementor-element-2b389bc elementor-widget elementor-widget-heading\" data-id=\"2b389bc\" data-element_type=\"widget\" data-e-type=\"widget\" data-widget_type=\"heading.default\">\n\t\t\t\t<div class=\"elementor-widget-container\">\n\t\t\t\t\t<h1 class=\"elementor-heading-title elementor-size-default\">Feria Nacional del Libro de Le\u00f3n (FENAL)\n\n<\/h1>\t\t\t\t<\/div>\n\t\t\t\t<\/div>\n\t\t<div class=\"elementor-element elementor-element-89a1ed0 e-con-full animated-slow e-flex elementor-invisible e-con e-child\" data-id=\"89a1ed0\" data-element_type=\"container\" data-e-type=\"container\" data-settings=\"{&quot;jet_parallax_layout_list&quot;:[],&quot;animation&quot;:&quot;fadeInLeft&quot;}\">\n\t\t<div class=\"elementor-element elementor-element-3f6b439 e-flex e-con-boxed e-con e-child\" data-id=\"3f6b439\" data-element_type=\"container\" data-e-type=\"container\" data-settings=\"{&quot;jet_parallax_layout_list&quot;:[],&quot;background_background&quot;:&quot;gradient&quot;}\">\n\t\t\t\t\t<div class=\"e-con-inner\">\n\t\t<div class=\"elementor-element elementor-element-0a8ee4b e-con-full animated-slow e-flex elementor-invisible e-con e-child\" data-id=\"0a8ee4b\" data-element_type=\"container\" data-e-type=\"container\" data-settings=\"{&quot;jet_parallax_layout_list&quot;:[],&quot;animation&quot;:&quot;fadeInLeft&quot;,&quot;background_background&quot;:&quot;gradient&quot;}\">\n\t\t\t\t<div class=\"elementor-element elementor-element-3c42d28 elementor-widget__width-initial elementor-widget elementor-widget-text-editor\" data-id=\"3c42d28\" data-element_type=\"widget\" data-e-type=\"widget\" data-widget_type=\"text-editor.default\">\n\t\t\t\t<div class=\"elementor-widget-container\">\n\t\t\t\t\t\t\t\t\t<p>Fecha: 25 de abril al 4 de Mayo<\/p><p>Location: Le\u00f3n, Guanajuato<\/p>\t\t\t\t\t\t\t\t<\/div>\n\t\t\t\t<\/div>\n\t\t\t\t<\/div>\n\t\t\t\t\t<\/div>\n\t\t\t\t<\/div>\n\t\t\t\t<\/div>\n\t\t\t\t<div class=\"elementor-element elementor-element-50235ee elementor-widget elementor-widget-text-editor\" data-id=\"50235ee\" data-element_type=\"widget\" data-e-type=\"widget\" data-widget_type=\"text-editor.default\">\n\t\t\t\t<div class=\"elementor-widget-container\">\n\t\t\t\t\t\t\t\t\t<p>La feria tiene el prop\u00f3sito de fomentar y promover la lectura y la cultura, con la participaci\u00f3n de expositores, profesores, escritores, artistas y m\u00e1s.\u00a0<\/p><p>Se pueden adquirir diversos t\u00edtulos bibliogr\u00e1ficos, estar en contacto con los autores y participar en distintos espect\u00e1culos art\u00edsticos y culturales.<\/p>\t\t\t\t\t\t\t\t<\/div>\n\t\t\t\t<\/div>\n\t\t\t\t<\/div>\n\t\t<div class=\"elementor-element elementor-element-254a1e7 e-con-full e-flex e-con e-child\" data-id=\"254a1e7\" data-element_type=\"container\" data-e-type=\"container\" data-settings=\"{&quot;jet_parallax_layout_list&quot;:[]}\">\n\t\t\t\t<div class=\"elementor-element elementor-element-e7e17a0 elementor-widget elementor-widget-image\" data-id=\"e7e17a0\" data-element_type=\"widget\" data-e-type=\"widget\" data-widget_type=\"image.default\">\n\t\t\t\t<div class=\"elementor-widget-container\">\n\t\t\t\t\t\t\t\t\t\t\t\t\t\t\t<img decoding=\"async\" src=\"https:\/\/programadestinosmexico.com\/wp-content\/uploads\/2025\/05\/feria-nadcional-del-libro-leon.jpg\" title=\"\" alt=\"\" loading=\"lazy\" \/>\t\t\t\t\t\t\t\t\t\t\t\t\t\t\t<\/div>\n\t\t\t\t<\/div>\n\t\t\t\t<\/div>\n\t\t\t\t\t<\/div>\n\t\t\t\t<\/div>\n\t\t<div class=\"elementor-element elementor-element-a1742a6 e-flex e-con-boxed e-con e-parent\" data-id=\"a1742a6\" data-element_type=\"container\" data-e-type=\"container\" data-settings=\"{&quot;jet_parallax_layout_list&quot;:[]}\">\n\t\t\t\t\t<div class=\"e-con-inner\">\n\t\t<div class=\"elementor-element elementor-element-bb01f7b e-con-full animated-slow e-flex elementor-invisible e-con e-child\" data-id=\"bb01f7b\" data-element_type=\"container\" data-e-type=\"container\" data-settings=\"{&quot;jet_parallax_layout_list&quot;:[],&quot;animation&quot;:&quot;fadeInLeft&quot;}\">\n\t\t\t\t<div class=\"elementor-element elementor-element-e33f6a1 elementor-widget elementor-widget-heading\" data-id=\"e33f6a1\" data-element_type=\"widget\" data-e-type=\"widget\" data-widget_type=\"heading.default\">\n\t\t\t\t<div class=\"elementor-widget-container\">\n\t\t\t\t\t<h1 class=\"elementor-heading-title elementor-size-default\">May Festivities Manzanillo\n\n<\/h1>\t\t\t\t<\/div>\n\t\t\t\t<\/div>\n\t\t<div class=\"elementor-element elementor-element-4a66cef e-con-full animated-slow e-flex elementor-invisible e-con e-child\" data-id=\"4a66cef\" data-element_type=\"container\" data-e-type=\"container\" data-settings=\"{&quot;jet_parallax_layout_list&quot;:[],&quot;animation&quot;:&quot;fadeInLeft&quot;}\">\n\t\t<div class=\"elementor-element elementor-element-9e8ae71 e-flex e-con-boxed e-con e-child\" data-id=\"9e8ae71\" data-element_type=\"container\" data-e-type=\"container\" data-settings=\"{&quot;jet_parallax_layout_list&quot;:[],&quot;background_background&quot;:&quot;gradient&quot;}\">\n\t\t\t\t\t<div class=\"e-con-inner\">\n\t\t<div class=\"elementor-element elementor-element-4aab049 e-con-full animated-slow e-flex elementor-invisible e-con e-child\" data-id=\"4aab049\" data-element_type=\"container\" data-e-type=\"container\" data-settings=\"{&quot;jet_parallax_layout_list&quot;:[],&quot;animation&quot;:&quot;fadeInLeft&quot;,&quot;background_background&quot;:&quot;gradient&quot;}\">\n\t\t\t\t<div class=\"elementor-element elementor-element-2631455 elementor-widget__width-initial elementor-widget elementor-widget-text-editor\" data-id=\"2631455\" data-element_type=\"widget\" data-e-type=\"widget\" data-widget_type=\"text-editor.default\">\n\t\t\t\t<div class=\"elementor-widget-container\">\n\t\t\t\t\t\t\t\t\t<p>Fecha: 26 de abril al 11 de mayo<\/p><p>Location: Manzanillo, Colima<\/p>\t\t\t\t\t\t\t\t<\/div>\n\t\t\t\t<\/div>\n\t\t\t\t<\/div>\n\t\t\t\t\t<\/div>\n\t\t\t\t<\/div>\n\t\t\t\t<\/div>\n\t\t\t\t<div class=\"elementor-element elementor-element-2bce55b elementor-widget elementor-widget-text-editor\" data-id=\"2bce55b\" data-element_type=\"widget\" data-e-type=\"widget\" data-widget_type=\"text-editor.default\">\n\t\t\t\t<div class=\"elementor-widget-container\">\n\t\t\t\t\t\t\t\t\t<p>The festivities include a beauty pageant, Palenque, horseback riding, sports and cultural events, commercial, craft, and gastronomic expos, fireworks, and aquatic events, as well as Palenque shows with nationally recognized artists.<span class=\"Apple-converted-space\">\u00a0<\/span><\/p>\t\t\t\t\t\t\t\t<\/div>\n\t\t\t\t<\/div>\n\t\t\t\t<\/div>\n\t\t<div class=\"elementor-element elementor-element-9985ed7 e-con-full e-flex e-con e-child\" data-id=\"9985ed7\" data-element_type=\"container\" data-e-type=\"container\" data-settings=\"{&quot;jet_parallax_layout_list&quot;:[]}\">\n\t\t\t\t<div class=\"elementor-element elementor-element-2db592e elementor-widget elementor-widget-image\" data-id=\"2db592e\" data-element_type=\"widget\" data-e-type=\"widget\" data-widget_type=\"image.default\">\n\t\t\t\t<div class=\"elementor-widget-container\">\n\t\t\t\t\t\t\t\t\t\t\t\t\t\t\t<img decoding=\"async\" src=\"https:\/\/programadestinosmexico.com\/wp-content\/uploads\/2025\/05\/fiestas-de-abril-manzanillo.jpg\" title=\"\" alt=\"\" loading=\"lazy\" \/>\t\t\t\t\t\t\t\t\t\t\t\t\t\t\t<\/div>\n\t\t\t\t<\/div>\n\t\t\t\t<\/div>\n\t\t\t\t\t<\/div>\n\t\t\t\t<\/div>\n\t\t<div class=\"elementor-element elementor-element-55cba42 e-flex e-con-boxed e-con e-parent\" data-id=\"55cba42\" data-element_type=\"container\" data-e-type=\"container\" data-settings=\"{&quot;jet_parallax_layout_list&quot;:[]}\">\n\t\t\t\t\t<div class=\"e-con-inner\">\n\t\t<div class=\"elementor-element elementor-element-f8bf199 e-con-full animated-slow e-flex elementor-invisible e-con e-child\" data-id=\"f8bf199\" data-element_type=\"container\" data-e-type=\"container\" data-settings=\"{&quot;jet_parallax_layout_list&quot;:[],&quot;animation&quot;:&quot;fadeInLeft&quot;}\">\n\t\t\t\t<div class=\"elementor-element elementor-element-cae0d91 elementor-widget elementor-widget-heading\" data-id=\"cae0d91\" data-element_type=\"widget\" data-e-type=\"widget\" data-widget_type=\"heading.default\">\n\t\t\t\t<div class=\"elementor-widget-container\">\n\t\t\t\t\t<h1 class=\"elementor-heading-title elementor-size-default\">National Donkey Fair\n<\/h1>\t\t\t\t<\/div>\n\t\t\t\t<\/div>\n\t\t<div class=\"elementor-element elementor-element-0b11e12 e-con-full animated-slow e-flex elementor-invisible e-con e-child\" data-id=\"0b11e12\" data-element_type=\"container\" data-e-type=\"container\" data-settings=\"{&quot;jet_parallax_layout_list&quot;:[],&quot;animation&quot;:&quot;fadeInLeft&quot;}\">\n\t\t<div class=\"elementor-element elementor-element-37f1ed8 e-flex e-con-boxed e-con e-child\" data-id=\"37f1ed8\" data-element_type=\"container\" data-e-type=\"container\" data-settings=\"{&quot;jet_parallax_layout_list&quot;:[],&quot;background_background&quot;:&quot;gradient&quot;}\">\n\t\t\t\t\t<div class=\"e-con-inner\">\n\t\t<div class=\"elementor-element elementor-element-17e1bf3 e-con-full animated-slow e-flex elementor-invisible e-con e-child\" data-id=\"17e1bf3\" data-element_type=\"container\" data-e-type=\"container\" data-settings=\"{&quot;jet_parallax_layout_list&quot;:[],&quot;animation&quot;:&quot;fadeInLeft&quot;,&quot;background_background&quot;:&quot;gradient&quot;}\">\n\t\t\t\t<div class=\"elementor-element elementor-element-ba804bf elementor-widget__width-initial elementor-widget elementor-widget-text-editor\" data-id=\"ba804bf\" data-element_type=\"widget\" data-e-type=\"widget\" data-widget_type=\"text-editor.default\">\n\t\t\t\t<div class=\"elementor-widget-container\">\n\t\t\t\t\t\t\t\t\t<p>Fecha: 26 de abril al 1 de mayo<\/p><p>Location: Otumba, State of Mexico<\/p>\t\t\t\t\t\t\t\t<\/div>\n\t\t\t\t<\/div>\n\t\t\t\t<\/div>\n\t\t\t\t\t<\/div>\n\t\t\t\t<\/div>\n\t\t\t\t<\/div>\n\t\t\t\t<div class=\"elementor-element elementor-element-74a1272 elementor-widget elementor-widget-text-editor\" data-id=\"74a1272\" data-element_type=\"widget\" data-e-type=\"widget\" data-widget_type=\"text-editor.default\">\n\t\t\t\t<div class=\"elementor-widget-container\">\n\t\t\t\t\t\t\t\t\t<p>A unique fair where the donkey is the main attraction. Events include donkey races, donkey polo, and a contest for donkeys dressed up as political and entertainment figures.<\/p><p>There is also a burrodrome, mechanical rides, agricultural expo, craft and tourism pavilion, theater, and cultural events.<\/p><p>The event also features a craft exhibition and a gastronomic showcase with typical regional dishes such as barbecue, mixiotes, and curado pulque.<\/p><p>The fair concludes with a grand dance featuring a prominent guest artist.<\/p>\t\t\t\t\t\t\t\t<\/div>\n\t\t\t\t<\/div>\n\t\t\t\t<\/div>\n\t\t<div class=\"elementor-element elementor-element-8b7d419 e-con-full e-flex e-con e-child\" data-id=\"8b7d419\" data-element_type=\"container\" data-e-type=\"container\" data-settings=\"{&quot;jet_parallax_layout_list&quot;:[]}\">\n\t\t\t\t<div class=\"elementor-element elementor-element-3d08ab3 elementor-widget elementor-widget-image\" data-id=\"3d08ab3\" data-element_type=\"widget\" data-e-type=\"widget\" data-widget_type=\"image.default\">\n\t\t\t\t<div class=\"elementor-widget-container\">\n\t\t\t\t\t\t\t\t\t\t\t\t\t\t\t<img decoding=\"async\" src=\"https:\/\/programadestinosmexico.com\/wp-content\/uploads\/2025\/05\/feria-del-burro-otumba.jpg\" title=\"\" alt=\"\" loading=\"lazy\" \/>\t\t\t\t\t\t\t\t\t\t\t\t\t\t\t<\/div>\n\t\t\t\t<\/div>\n\t\t\t\t<\/div>\n\t\t\t\t\t<\/div>\n\t\t\t\t<\/div>\n\t\t<div class=\"elementor-element elementor-element-6f40684 e-flex e-con-boxed e-con e-parent\" data-id=\"6f40684\" data-element_type=\"container\" data-e-type=\"container\" data-settings=\"{&quot;jet_parallax_layout_list&quot;:[]}\">\n\t\t\t\t\t<div class=\"e-con-inner\">\n\t\t<div class=\"elementor-element elementor-element-f62d229 e-con-full animated-slow e-flex elementor-invisible e-con e-child\" data-id=\"f62d229\" data-element_type=\"container\" data-e-type=\"container\" data-settings=\"{&quot;jet_parallax_layout_list&quot;:[],&quot;animation&quot;:&quot;fadeInLeft&quot;}\">\n\t\t\t\t<div class=\"elementor-element elementor-element-65246d5 elementor-widget elementor-widget-heading\" data-id=\"65246d5\" data-element_type=\"widget\" data-e-type=\"widget\" data-widget_type=\"heading.default\">\n\t\t\t\t<div class=\"elementor-widget-container\">\n\t\t\t\t\t<h1 class=\"elementor-heading-title elementor-size-default\">National Ice Cream Fair (Feria Nacional de las Nieves)\n\n\n\n\n<\/h1>\t\t\t\t<\/div>\n\t\t\t\t<\/div>\n\t\t<div class=\"elementor-element elementor-element-6b5c9c9 e-con-full animated-slow e-flex elementor-invisible e-con e-child\" data-id=\"6b5c9c9\" data-element_type=\"container\" data-e-type=\"container\" data-settings=\"{&quot;jet_parallax_layout_list&quot;:[],&quot;animation&quot;:&quot;fadeInLeft&quot;}\">\n\t\t<div class=\"elementor-element elementor-element-d5521d3 e-flex e-con-boxed e-con e-child\" data-id=\"d5521d3\" data-element_type=\"container\" data-e-type=\"container\" data-settings=\"{&quot;jet_parallax_layout_list&quot;:[],&quot;background_background&quot;:&quot;gradient&quot;}\">\n\t\t\t\t\t<div class=\"e-con-inner\">\n\t\t<div class=\"elementor-element elementor-element-b988b69 e-con-full animated-slow e-flex elementor-invisible e-con e-child\" data-id=\"b988b69\" data-element_type=\"container\" data-e-type=\"container\" data-settings=\"{&quot;jet_parallax_layout_list&quot;:[],&quot;animation&quot;:&quot;fadeInLeft&quot;,&quot;background_background&quot;:&quot;gradient&quot;}\">\n\t\t\t\t<div class=\"elementor-element elementor-element-f78f276 elementor-widget__width-initial elementor-widget elementor-widget-text-editor\" data-id=\"f78f276\" data-element_type=\"widget\" data-e-type=\"widget\" data-widget_type=\"text-editor.default\">\n\t\t\t\t<div class=\"elementor-widget-container\">\n\t\t\t\t\t\t\t\t\t<p>Fecha: 1 al 4 de mayo<\/p><p>Location: Dolores Hidalgo, Guanajuato<\/p>\t\t\t\t\t\t\t\t<\/div>\n\t\t\t\t<\/div>\n\t\t\t\t<\/div>\n\t\t\t\t\t<\/div>\n\t\t\t\t<\/div>\n\t\t\t\t<\/div>\n\t\t\t\t<div class=\"elementor-element elementor-element-f58dacd elementor-widget elementor-widget-text-editor\" data-id=\"f58dacd\" data-element_type=\"widget\" data-e-type=\"widget\" data-widget_type=\"text-editor.default\">\n\t\t\t\t<div class=\"elementor-widget-container\">\n\t\t\t\t\t\t\t\t\t<p>In the main square of this Magic Town, more than 20 ice cream producers, cooks, and artisans gather to showcase their products.<span class=\"Apple-converted-space\">\u00a0<\/span><\/p><p>Traditional and exotic ice cream flavors are offered, such as borrachita, angel kiss, shrimp, tequila, cheese, beer, pitaya, xoconostle, cappuccino, pork cracklings, avocado, and corn, among many others.<\/p><p>The festival includes artistic and cultural events, as well as workshops on making ice cream and masks from recycled materials.<\/p>\t\t\t\t\t\t\t\t<\/div>\n\t\t\t\t<\/div>\n\t\t\t\t<\/div>\n\t\t<div class=\"elementor-element elementor-element-a30a5a8 e-con-full e-flex e-con e-child\" data-id=\"a30a5a8\" data-element_type=\"container\" data-e-type=\"container\" data-settings=\"{&quot;jet_parallax_layout_list&quot;:[]}\">\n\t\t\t\t<div class=\"elementor-element elementor-element-c1ff6cb elementor-widget elementor-widget-image\" data-id=\"c1ff6cb\" data-element_type=\"widget\" data-e-type=\"widget\" data-widget_type=\"image.default\">\n\t\t\t\t<div class=\"elementor-widget-container\">\n\t\t\t\t\t\t\t\t\t\t\t\t\t\t\t<img decoding=\"async\" width=\"526\" height=\"526\" src=\"https:\/\/programadestinosmexico.com\/wp-content\/uploads\/2025\/05\/Feria-Nacional-de-las-Nieves.jpg\" class=\"attachment-medium_large size-medium_large wp-image-167915\" alt=\"\" srcset=\"https:\/\/programadestinosmexico.com\/wp-content\/uploads\/2025\/05\/Feria-Nacional-de-las-Nieves.jpg 526w, https:\/\/programadestinosmexico.com\/wp-content\/uploads\/2025\/05\/Feria-Nacional-de-las-Nieves-300x300.jpg 300w, https:\/\/programadestinosmexico.com\/wp-content\/uploads\/2025\/05\/Feria-Nacional-de-las-Nieves-12x12.jpg 12w\" sizes=\"(max-width: 526px) 100vw, 526px\" \/>\t\t\t\t\t\t\t\t\t\t\t\t\t\t\t<\/div>\n\t\t\t\t<\/div>\n\t\t\t\t<\/div>\n\t\t\t\t\t<\/div>\n\t\t\t\t<\/div>\n\t\t<div class=\"elementor-element elementor-element-6ec68aa e-flex e-con-boxed e-con e-parent\" data-id=\"6ec68aa\" data-element_type=\"container\" data-e-type=\"container\" data-settings=\"{&quot;jet_parallax_layout_list&quot;:[]}\">\n\t\t\t\t\t<div class=\"e-con-inner\">\n\t\t<div class=\"elementor-element elementor-element-dde7c3a e-con-full animated-slow e-flex elementor-invisible e-con e-child\" data-id=\"dde7c3a\" data-element_type=\"container\" data-e-type=\"container\" data-settings=\"{&quot;jet_parallax_layout_list&quot;:[],&quot;animation&quot;:&quot;fadeInLeft&quot;}\">\n\t\t\t\t<div class=\"elementor-element elementor-element-08f1ca2 elementor-widget elementor-widget-heading\" data-id=\"08f1ca2\" data-element_type=\"widget\" data-e-type=\"widget\" data-widget_type=\"heading.default\">\n\t\t\t\t<div class=\"elementor-widget-container\">\n\t\t\t\t\t<h1 class=\"elementor-heading-title elementor-size-default\">Feria de la Barbacoa\n\n\n\n<\/h1>\t\t\t\t<\/div>\n\t\t\t\t<\/div>\n\t\t<div class=\"elementor-element elementor-element-5a25f32 e-con-full animated-slow e-flex elementor-invisible e-con e-child\" data-id=\"5a25f32\" data-element_type=\"container\" data-e-type=\"container\" data-settings=\"{&quot;jet_parallax_layout_list&quot;:[],&quot;animation&quot;:&quot;fadeInLeft&quot;}\">\n\t\t<div class=\"elementor-element elementor-element-46b6e46 e-flex e-con-boxed e-con e-child\" data-id=\"46b6e46\" data-element_type=\"container\" data-e-type=\"container\" data-settings=\"{&quot;jet_parallax_layout_list&quot;:[],&quot;background_background&quot;:&quot;gradient&quot;}\">\n\t\t\t\t\t<div class=\"e-con-inner\">\n\t\t<div class=\"elementor-element elementor-element-67d1747 e-con-full animated-slow e-flex elementor-invisible e-con e-child\" data-id=\"67d1747\" data-element_type=\"container\" data-e-type=\"container\" data-settings=\"{&quot;jet_parallax_layout_list&quot;:[],&quot;animation&quot;:&quot;fadeInLeft&quot;,&quot;background_background&quot;:&quot;gradient&quot;}\">\n\t\t\t\t<div class=\"elementor-element elementor-element-3b6bc91 elementor-widget__width-initial elementor-widget elementor-widget-text-editor\" data-id=\"3b6bc91\" data-element_type=\"widget\" data-e-type=\"widget\" data-widget_type=\"text-editor.default\">\n\t\t\t\t<div class=\"elementor-widget-container\">\n\t\t\t\t\t\t\t\t\t<p>Fecha: 1 al 10 de mayo<\/p><p>Lugar: Av. de la Noria y, Prolongaci\u00f3n Ignacio Aldama, Xochimilco, CDMX<\/p>\t\t\t\t\t\t\t\t<\/div>\n\t\t\t\t<\/div>\n\t\t\t\t<\/div>\n\t\t\t\t\t<\/div>\n\t\t\t\t<\/div>\n\t\t\t\t<\/div>\n\t\t\t\t<div class=\"elementor-element elementor-element-bf736c3 elementor-widget elementor-widget-text-editor\" data-id=\"bf736c3\" data-element_type=\"widget\" data-e-type=\"widget\" data-widget_type=\"text-editor.default\">\n\t\t\t\t<div class=\"elementor-widget-container\">\n\t\t\t\t\t\t\t\t\t<p>Este evento conjunto a m\u00e1s de 80 expositores que ofrecen platillos t\u00edpicos como misione, cabrito, birria y por supuesto barbacoa.<\/p><p>Adem\u00e1s, cuenta con actividades culturales, muestra artesanal, una granja did\u00e1ctica y un jaripeo infantil.<\/p>\t\t\t\t\t\t\t\t<\/div>\n\t\t\t\t<\/div>\n\t\t\t\t<\/div>\n\t\t<div class=\"elementor-element elementor-element-a46d56c e-con-full e-flex e-con e-child\" data-id=\"a46d56c\" data-element_type=\"container\" data-e-type=\"container\" data-settings=\"{&quot;jet_parallax_layout_list&quot;:[]}\">\n\t\t\t\t<div class=\"elementor-element elementor-element-0235049 elementor-widget elementor-widget-image\" data-id=\"0235049\" data-element_type=\"widget\" data-e-type=\"widget\" data-widget_type=\"image.default\">\n\t\t\t\t<div class=\"elementor-widget-container\">\n\t\t\t\t\t\t\t\t\t\t\t\t\t\t\t<img loading=\"lazy\" decoding=\"async\" width=\"768\" height=\"1001\" src=\"https:\/\/programadestinosmexico.com\/wp-content\/uploads\/2025\/05\/feria-de-la-barbacoa-xochimilco-768x1001.jpg\" class=\"attachment-medium_large size-medium_large wp-image-167953\" alt=\"\" srcset=\"https:\/\/programadestinosmexico.com\/wp-content\/uploads\/2025\/05\/feria-de-la-barbacoa-xochimilco-768x1001.jpg 768w, https:\/\/programadestinosmexico.com\/wp-content\/uploads\/2025\/05\/feria-de-la-barbacoa-xochimilco-230x300.jpg 230w, https:\/\/programadestinosmexico.com\/wp-content\/uploads\/2025\/05\/feria-de-la-barbacoa-xochimilco-786x1024.jpg 786w, https:\/\/programadestinosmexico.com\/wp-content\/uploads\/2025\/05\/feria-de-la-barbacoa-xochimilco-9x12.jpg 9w, https:\/\/programadestinosmexico.com\/wp-content\/uploads\/2025\/05\/feria-de-la-barbacoa-xochimilco.jpg 921w\" sizes=\"(max-width: 768px) 100vw, 768px\" \/>\t\t\t\t\t\t\t\t\t\t\t\t\t\t\t<\/div>\n\t\t\t\t<\/div>\n\t\t\t\t<\/div>\n\t\t\t\t\t<\/div>\n\t\t\t\t<\/div>\n\t\t<div class=\"elementor-element elementor-element-c7bff21 e-flex e-con-boxed e-con e-parent\" data-id=\"c7bff21\" data-element_type=\"container\" data-e-type=\"container\" data-settings=\"{&quot;jet_parallax_layout_list&quot;:[]}\">\n\t\t\t\t\t<div class=\"e-con-inner\">\n\t\t<div class=\"elementor-element elementor-element-dce2456 e-con-full animated-slow e-flex elementor-invisible e-con e-child\" data-id=\"dce2456\" data-element_type=\"container\" data-e-type=\"container\" data-settings=\"{&quot;jet_parallax_layout_list&quot;:[],&quot;animation&quot;:&quot;fadeInLeft&quot;}\">\n\t\t\t\t<div class=\"elementor-element elementor-element-ae6bb29 elementor-widget elementor-widget-heading\" data-id=\"ae6bb29\" data-element_type=\"widget\" data-e-type=\"widget\" data-widget_type=\"heading.default\">\n\t\t\t\t<div class=\"elementor-widget-container\">\n\t\t\t\t\t<h1 class=\"elementor-heading-title elementor-size-default\">5 de Mayo\n\n\n\n\n<\/h1>\t\t\t\t<\/div>\n\t\t\t\t<\/div>\n\t\t<div class=\"elementor-element elementor-element-9ecfbb2 e-con-full animated-slow e-flex elementor-invisible e-con e-child\" data-id=\"9ecfbb2\" data-element_type=\"container\" data-e-type=\"container\" data-settings=\"{&quot;jet_parallax_layout_list&quot;:[],&quot;animation&quot;:&quot;fadeInLeft&quot;}\">\n\t\t<div class=\"elementor-element elementor-element-6142caa e-flex e-con-boxed e-con e-child\" data-id=\"6142caa\" data-element_type=\"container\" data-e-type=\"container\" data-settings=\"{&quot;jet_parallax_layout_list&quot;:[],&quot;background_background&quot;:&quot;gradient&quot;}\">\n\t\t\t\t\t<div class=\"e-con-inner\">\n\t\t<div class=\"elementor-element elementor-element-432d26f e-con-full animated-slow e-flex elementor-invisible e-con e-child\" data-id=\"432d26f\" data-element_type=\"container\" data-e-type=\"container\" data-settings=\"{&quot;jet_parallax_layout_list&quot;:[],&quot;animation&quot;:&quot;fadeInLeft&quot;,&quot;background_background&quot;:&quot;gradient&quot;}\">\n\t\t\t\t<div class=\"elementor-element elementor-element-3a98e26 elementor-widget__width-initial elementor-widget elementor-widget-text-editor\" data-id=\"3a98e26\" data-element_type=\"widget\" data-e-type=\"widget\" data-widget_type=\"text-editor.default\">\n\t\t\t\t<div class=\"elementor-widget-container\">\n\t\t\t\t\t\t\t\t\t<p>Date: May 5<\/p><p>Location: Nationwide<\/p>\t\t\t\t\t\t\t\t<\/div>\n\t\t\t\t<\/div>\n\t\t\t\t<\/div>\n\t\t\t\t\t<\/div>\n\t\t\t\t<\/div>\n\t\t\t\t<\/div>\n\t\t\t\t<div class=\"elementor-element elementor-element-a5cabf7 elementor-widget elementor-widget-text-editor\" data-id=\"a5cabf7\" data-element_type=\"widget\" data-e-type=\"widget\" data-widget_type=\"text-editor.default\">\n\t\t\t\t<div class=\"elementor-widget-container\">\n\t\t\t\t\t\t\t\t\t<div><p>This day commemorates the Mexican victory at the Battle of Puebla in 1862. General Laurencez, leading French troops, ordered an assault on the Forts of Loreto and Guadalupe defended by the Mexican army under General Ignacio Zaragoza. The invaders were repelled and pursued by the Mexican cavalry.<\/p><\/div><div><p>Today, it is celebrated across the country with civic ceremonies.<\/p><\/div><p>\u00a0<\/p>\t\t\t\t\t\t\t\t<\/div>\n\t\t\t\t<\/div>\n\t\t\t\t<\/div>\n\t\t<div class=\"elementor-element elementor-element-b17a2e3 e-con-full e-flex e-con e-child\" data-id=\"b17a2e3\" data-element_type=\"container\" data-e-type=\"container\" data-settings=\"{&quot;jet_parallax_layout_list&quot;:[]}\">\n\t\t\t\t<div class=\"elementor-element elementor-element-d644d83 elementor-widget elementor-widget-image\" data-id=\"d644d83\" data-element_type=\"widget\" data-e-type=\"widget\" data-widget_type=\"image.default\">\n\t\t\t\t<div class=\"elementor-widget-container\">\n\t\t\t\t\t\t\t\t\t\t\t\t\t\t\t<img loading=\"lazy\" decoding=\"async\" width=\"630\" height=\"630\" src=\"https:\/\/programadestinosmexico.com\/wp-content\/uploads\/2024\/01\/5-de-Mayo.jpg\" class=\"attachment-medium_large size-medium_large wp-image-89749\" alt=\"\" srcset=\"https:\/\/programadestinosmexico.com\/wp-content\/uploads\/2024\/01\/5-de-Mayo.jpg 630w, https:\/\/programadestinosmexico.com\/wp-content\/uploads\/2024\/01\/5-de-Mayo-300x300.jpg 300w, https:\/\/programadestinosmexico.com\/wp-content\/uploads\/2024\/01\/5-de-Mayo-12x12.jpg 12w\" sizes=\"(max-width: 630px) 100vw, 630px\" \/>\t\t\t\t\t\t\t\t\t\t\t\t\t\t\t<\/div>\n\t\t\t\t<\/div>\n\t\t\t\t<\/div>\n\t\t\t\t\t<\/div>\n\t\t\t\t<\/div>\n\t\t<div class=\"elementor-element elementor-element-04e09b1 e-flex e-con-boxed e-con e-parent\" data-id=\"04e09b1\" data-element_type=\"container\" data-e-type=\"container\" data-settings=\"{&quot;jet_parallax_layout_list&quot;:[]}\">\n\t\t\t\t\t<div class=\"e-con-inner\">\n\t\t<div class=\"elementor-element elementor-element-3ff16a2 e-con-full animated-slow e-flex elementor-invisible e-con e-child\" data-id=\"3ff16a2\" data-element_type=\"container\" data-e-type=\"container\" data-settings=\"{&quot;jet_parallax_layout_list&quot;:[],&quot;animation&quot;:&quot;fadeInLeft&quot;}\">\n\t\t\t\t<div class=\"elementor-element elementor-element-5117750 elementor-widget elementor-widget-heading\" data-id=\"5117750\" data-element_type=\"widget\" data-e-type=\"widget\" data-widget_type=\"heading.default\">\n\t\t\t\t<div class=\"elementor-widget-container\">\n\t\t\t\t\t<h1 class=\"elementor-heading-title elementor-size-default\">Tabasco Fair\n\n\n\n<\/h1>\t\t\t\t<\/div>\n\t\t\t\t<\/div>\n\t\t<div class=\"elementor-element elementor-element-fba2169 e-con-full animated-slow e-flex elementor-invisible e-con e-child\" data-id=\"fba2169\" data-element_type=\"container\" data-e-type=\"container\" data-settings=\"{&quot;jet_parallax_layout_list&quot;:[],&quot;animation&quot;:&quot;fadeInLeft&quot;}\">\n\t\t<div class=\"elementor-element elementor-element-29f90fb e-flex e-con-boxed e-con e-child\" data-id=\"29f90fb\" data-element_type=\"container\" data-e-type=\"container\" data-settings=\"{&quot;jet_parallax_layout_list&quot;:[],&quot;background_background&quot;:&quot;gradient&quot;}\">\n\t\t\t\t\t<div class=\"e-con-inner\">\n\t\t<div class=\"elementor-element elementor-element-87766ff e-con-full animated-slow e-flex elementor-invisible e-con e-child\" data-id=\"87766ff\" data-element_type=\"container\" data-e-type=\"container\" data-settings=\"{&quot;jet_parallax_layout_list&quot;:[],&quot;animation&quot;:&quot;fadeInLeft&quot;,&quot;background_background&quot;:&quot;gradient&quot;}\">\n\t\t\t\t<div class=\"elementor-element elementor-element-779cafd elementor-widget__width-initial elementor-widget elementor-widget-text-editor\" data-id=\"779cafd\" data-element_type=\"widget\" data-e-type=\"widget\" data-widget_type=\"text-editor.default\">\n\t\t\t\t<div class=\"elementor-widget-container\">\n\t\t\t\t\t\t\t\t\t<p>Fecha: 1 al 11 de mayo<\/p><p>Location: Villahermosa, Tabasco<\/p>\t\t\t\t\t\t\t\t<\/div>\n\t\t\t\t<\/div>\n\t\t\t\t<\/div>\n\t\t\t\t\t<\/div>\n\t\t\t\t<\/div>\n\t\t\t\t<\/div>\n\t\t\t\t<div class=\"elementor-element elementor-element-e910f40 elementor-widget elementor-widget-text-editor\" data-id=\"e910f40\" data-element_type=\"widget\" data-e-type=\"widget\" data-widget_type=\"text-editor.default\">\n\t\t\t\t<div class=\"elementor-widget-container\">\n\t\t\t\t\t\t\t\t\t<p>One of the most important fairs in southeastern Mexico. Parque Tabasco hosts the event, which includes livestock, gastronomic, and musical presentations.<\/p><p>It features mechanical rides, a fashion show, multiple artistic and cultural events, and the traditional election of the Flor de Tabasco or the fair queen.<\/p><p>The Palenque and theater present top-level artist performances.<\/p>\t\t\t\t\t\t\t\t<\/div>\n\t\t\t\t<\/div>\n\t\t\t\t<\/div>\n\t\t<div class=\"elementor-element elementor-element-6aef44b e-con-full e-flex e-con e-child\" data-id=\"6aef44b\" data-element_type=\"container\" data-e-type=\"container\" data-settings=\"{&quot;jet_parallax_layout_list&quot;:[]}\">\n\t\t\t\t<div class=\"elementor-element elementor-element-703c3f1 elementor-widget elementor-widget-image\" data-id=\"703c3f1\" data-element_type=\"widget\" data-e-type=\"widget\" data-widget_type=\"image.default\">\n\t\t\t\t<div class=\"elementor-widget-container\">\n\t\t\t\t\t\t\t\t\t\t\t\t\t\t\t<img loading=\"lazy\" decoding=\"async\" width=\"225\" height=\"225\" src=\"https:\/\/programadestinosmexico.com\/wp-content\/uploads\/2025\/05\/feria-de-tabasco.jpeg\" class=\"attachment-medium_large size-medium_large wp-image-167940\" alt=\"\" srcset=\"https:\/\/programadestinosmexico.com\/wp-content\/uploads\/2025\/05\/feria-de-tabasco.jpeg 225w, https:\/\/programadestinosmexico.com\/wp-content\/uploads\/2025\/05\/feria-de-tabasco-12x12.jpeg 12w\" sizes=\"(max-width: 225px) 100vw, 225px\" \/>\t\t\t\t\t\t\t\t\t\t\t\t\t\t\t<\/div>\n\t\t\t\t<\/div>\n\t\t\t\t<\/div>\n\t\t\t\t\t<\/div>\n\t\t\t\t<\/div>\n\t\t<div class=\"elementor-element elementor-element-c87a845 e-flex e-con-boxed e-con e-parent\" data-id=\"c87a845\" data-element_type=\"container\" data-e-type=\"container\" data-settings=\"{&quot;jet_parallax_layout_list&quot;:[]}\">\n\t\t\t\t\t<div class=\"e-con-inner\">\n\t\t<div class=\"elementor-element elementor-element-df83a86 e-con-full animated-slow e-flex elementor-invisible e-con e-child\" data-id=\"df83a86\" data-element_type=\"container\" data-e-type=\"container\" data-settings=\"{&quot;jet_parallax_layout_list&quot;:[],&quot;animation&quot;:&quot;fadeInLeft&quot;}\">\n\t\t\t\t<div class=\"elementor-element elementor-element-95273cd elementor-widget elementor-widget-heading\" data-id=\"95273cd\" data-element_type=\"widget\" data-e-type=\"widget\" data-widget_type=\"heading.default\">\n\t\t\t\t<div class=\"elementor-widget-container\">\n\t\t\t\t\t<h1 class=\"elementor-heading-title elementor-size-default\">Mother's Day\n\n\n\n\n<\/h1>\t\t\t\t<\/div>\n\t\t\t\t<\/div>\n\t\t<div class=\"elementor-element elementor-element-c06591d e-con-full animated-slow e-flex elementor-invisible e-con e-child\" data-id=\"c06591d\" data-element_type=\"container\" data-e-type=\"container\" data-settings=\"{&quot;jet_parallax_layout_list&quot;:[],&quot;animation&quot;:&quot;fadeInLeft&quot;}\">\n\t\t<div class=\"elementor-element elementor-element-9444a04 e-flex e-con-boxed e-con e-child\" data-id=\"9444a04\" data-element_type=\"container\" data-e-type=\"container\" data-settings=\"{&quot;jet_parallax_layout_list&quot;:[],&quot;background_background&quot;:&quot;gradient&quot;}\">\n\t\t\t\t\t<div class=\"e-con-inner\">\n\t\t<div class=\"elementor-element elementor-element-ed1c060 e-con-full animated-slow e-flex elementor-invisible e-con e-child\" data-id=\"ed1c060\" data-element_type=\"container\" data-e-type=\"container\" data-settings=\"{&quot;jet_parallax_layout_list&quot;:[],&quot;animation&quot;:&quot;fadeInLeft&quot;,&quot;background_background&quot;:&quot;gradient&quot;}\">\n\t\t\t\t<div class=\"elementor-element elementor-element-73acde5 elementor-widget__width-initial elementor-widget elementor-widget-text-editor\" data-id=\"73acde5\" data-element_type=\"widget\" data-e-type=\"widget\" data-widget_type=\"text-editor.default\">\n\t\t\t\t<div class=\"elementor-widget-container\">\n\t\t\t\t\t\t\t\t\t<p>Date: May 10<\/p><p>Location: Nationwide<\/p>\t\t\t\t\t\t\t\t<\/div>\n\t\t\t\t<\/div>\n\t\t\t\t<\/div>\n\t\t\t\t\t<\/div>\n\t\t\t\t<\/div>\n\t\t\t\t<\/div>\n\t\t\t\t<div class=\"elementor-element elementor-element-83f1fbf elementor-widget elementor-widget-text-editor\" data-id=\"83f1fbf\" data-element_type=\"widget\" data-e-type=\"widget\" data-widget_type=\"text-editor.default\">\n\t\t\t\t<div class=\"elementor-widget-container\">\n\t\t\t\t\t\t\t\t\t<p>This day is dedicated to celebrating mothers throughout the country.<\/p>\t\t\t\t\t\t\t\t<\/div>\n\t\t\t\t<\/div>\n\t\t\t\t<\/div>\n\t\t<div class=\"elementor-element elementor-element-271ce4f e-con-full e-flex e-con e-child\" data-id=\"271ce4f\" data-element_type=\"container\" data-e-type=\"container\" data-settings=\"{&quot;jet_parallax_layout_list&quot;:[]}\">\n\t\t\t\t<div class=\"elementor-element elementor-element-4945e9d elementor-widget elementor-widget-image\" data-id=\"4945e9d\" data-element_type=\"widget\" data-e-type=\"widget\" data-widget_type=\"image.default\">\n\t\t\t\t<div class=\"elementor-widget-container\">\n\t\t\t\t\t\t\t\t\t\t\t\t\t\t\t<img loading=\"lazy\" decoding=\"async\" width=\"768\" height=\"512\" src=\"https:\/\/programadestinosmexico.com\/wp-content\/uploads\/2024\/06\/dia-de-la-madre-768x512.jpg\" class=\"attachment-medium_large size-medium_large wp-image-126384\" alt=\"\" srcset=\"https:\/\/programadestinosmexico.com\/wp-content\/uploads\/2024\/06\/dia-de-la-madre-768x512.jpg 768w, https:\/\/programadestinosmexico.com\/wp-content\/uploads\/2024\/06\/dia-de-la-madre-300x200.jpg 300w, https:\/\/programadestinosmexico.com\/wp-content\/uploads\/2024\/06\/dia-de-la-madre-1024x683.jpg 1024w, https:\/\/programadestinosmexico.com\/wp-content\/uploads\/2024\/06\/dia-de-la-madre-1536x1024.jpg 1536w, https:\/\/programadestinosmexico.com\/wp-content\/uploads\/2024\/06\/dia-de-la-madre-18x12.jpg 18w, https:\/\/programadestinosmexico.com\/wp-content\/uploads\/2024\/06\/dia-de-la-madre.jpg 2048w\" sizes=\"(max-width: 768px) 100vw, 768px\" \/>\t\t\t\t\t\t\t\t\t\t\t\t\t\t\t<\/div>\n\t\t\t\t<\/div>\n\t\t\t\t<\/div>\n\t\t\t\t\t<\/div>\n\t\t\t\t<\/div>\n\t\t<div class=\"elementor-element elementor-element-a0c617a e-flex e-con-boxed e-con e-parent\" data-id=\"a0c617a\" data-element_type=\"container\" data-e-type=\"container\" data-settings=\"{&quot;jet_parallax_layout_list&quot;:[]}\">\n\t\t\t\t\t<div class=\"e-con-inner\">\n\t\t<div class=\"elementor-element elementor-element-ff51b2d e-con-full animated-slow e-flex elementor-invisible e-con e-child\" data-id=\"ff51b2d\" data-element_type=\"container\" data-e-type=\"container\" data-settings=\"{&quot;jet_parallax_layout_list&quot;:[],&quot;animation&quot;:&quot;fadeInLeft&quot;}\">\n\t\t\t\t<div class=\"elementor-element elementor-element-2e1efb6 elementor-widget elementor-widget-heading\" data-id=\"2e1efb6\" data-element_type=\"widget\" data-e-type=\"widget\" data-widget_type=\"heading.default\">\n\t\t\t\t<div class=\"elementor-widget-container\">\n\t\t\t\t\t<h1 class=\"elementor-heading-title elementor-size-default\">May Festivities P\u00e9njamo\n\n\n\n\n<\/h1>\t\t\t\t<\/div>\n\t\t\t\t<\/div>\n\t\t<div class=\"elementor-element elementor-element-1660e6d e-con-full animated-slow e-flex elementor-invisible e-con e-child\" data-id=\"1660e6d\" data-element_type=\"container\" data-e-type=\"container\" data-settings=\"{&quot;jet_parallax_layout_list&quot;:[],&quot;animation&quot;:&quot;fadeInLeft&quot;}\">\n\t\t<div class=\"elementor-element elementor-element-4c407f9 e-flex e-con-boxed e-con e-child\" data-id=\"4c407f9\" data-element_type=\"container\" data-e-type=\"container\" data-settings=\"{&quot;jet_parallax_layout_list&quot;:[],&quot;background_background&quot;:&quot;gradient&quot;}\">\n\t\t\t\t\t<div class=\"e-con-inner\">\n\t\t<div class=\"elementor-element elementor-element-868b9df e-con-full animated-slow e-flex elementor-invisible e-con e-child\" data-id=\"868b9df\" data-element_type=\"container\" data-e-type=\"container\" data-settings=\"{&quot;jet_parallax_layout_list&quot;:[],&quot;animation&quot;:&quot;fadeInLeft&quot;,&quot;background_background&quot;:&quot;gradient&quot;}\">\n\t\t\t\t<div class=\"elementor-element elementor-element-6a3d11a elementor-widget__width-initial elementor-widget elementor-widget-text-editor\" data-id=\"6a3d11a\" data-element_type=\"widget\" data-e-type=\"widget\" data-widget_type=\"text-editor.default\">\n\t\t\t\t<div class=\"elementor-widget-container\">\n\t\t\t\t\t\t\t\t\t<p>Fecha: 2 al 12 de mayo<\/p><p>Location: P\u00e9njamo, Guanajuato<\/p>\t\t\t\t\t\t\t\t<\/div>\n\t\t\t\t<\/div>\n\t\t\t\t<\/div>\n\t\t\t\t\t<\/div>\n\t\t\t\t<\/div>\n\t\t\t\t<\/div>\n\t\t\t\t<div class=\"elementor-element elementor-element-eb9aa41 elementor-widget elementor-widget-text-editor\" data-id=\"eb9aa41\" data-element_type=\"widget\" data-e-type=\"widget\" data-widget_type=\"text-editor.default\">\n\t\t\t\t<div class=\"elementor-widget-container\">\n\t\t\t\t\t\t\t\t\t<p>The festivity includes a wide variety of events and attractions, starting with a commemorative parade for Children's Day featuring colorful floats.<\/p><p>The event also includes the crowning of the queen, cultural rally, children's tricycle race, musical performances, sports and cultural events, commercial, livestock, and craft expos, a popular dance, and much more.<\/p>\t\t\t\t\t\t\t\t<\/div>\n\t\t\t\t<\/div>\n\t\t\t\t<\/div>\n\t\t<div class=\"elementor-element elementor-element-aa1bcd6 e-con-full e-flex e-con e-child\" data-id=\"aa1bcd6\" data-element_type=\"container\" data-e-type=\"container\" data-settings=\"{&quot;jet_parallax_layout_list&quot;:[]}\">\n\t\t\t\t<div class=\"elementor-element elementor-element-baba123 elementor-widget elementor-widget-image\" data-id=\"baba123\" data-element_type=\"widget\" data-e-type=\"widget\" data-widget_type=\"image.default\">\n\t\t\t\t<div class=\"elementor-widget-container\">\n\t\t\t\t\t\t\t\t\t\t\t\t\t\t\t<img loading=\"lazy\" decoding=\"async\" width=\"225\" height=\"225\" src=\"https:\/\/programadestinosmexico.com\/wp-content\/uploads\/2025\/05\/fiestas-de-mayo-penjamo.jpeg\" class=\"attachment-medium_large size-medium_large wp-image-167949\" alt=\"\" srcset=\"https:\/\/programadestinosmexico.com\/wp-content\/uploads\/2025\/05\/fiestas-de-mayo-penjamo.jpeg 225w, https:\/\/programadestinosmexico.com\/wp-content\/uploads\/2025\/05\/fiestas-de-mayo-penjamo-12x12.jpeg 12w\" sizes=\"(max-width: 225px) 100vw, 225px\" \/>\t\t\t\t\t\t\t\t\t\t\t\t\t\t\t<\/div>\n\t\t\t\t<\/div>\n\t\t\t\t<\/div>\n\t\t\t\t\t<\/div>\n\t\t\t\t<\/div>\n\t\t<div class=\"elementor-element elementor-element-9a2ca2c e-flex e-con-boxed e-con e-parent\" data-id=\"9a2ca2c\" data-element_type=\"container\" data-e-type=\"container\" data-settings=\"{&quot;jet_parallax_layout_list&quot;:[]}\">\n\t\t\t\t\t<div class=\"e-con-inner\">\n\t\t<div class=\"elementor-element elementor-element-8cbaa9f e-con-full animated-slow e-flex elementor-invisible e-con e-child\" data-id=\"8cbaa9f\" data-element_type=\"container\" data-e-type=\"container\" data-settings=\"{&quot;jet_parallax_layout_list&quot;:[],&quot;animation&quot;:&quot;fadeInLeft&quot;}\">\n\t\t\t\t<div class=\"elementor-element elementor-element-93b4806 elementor-widget elementor-widget-heading\" data-id=\"93b4806\" data-element_type=\"widget\" data-e-type=\"widget\" data-widget_type=\"heading.default\">\n\t\t\t\t<div class=\"elementor-widget-container\">\n\t\t\t\t\t<h1 class=\"elementor-heading-title elementor-size-default\">La Paz Fundation Festival\n\n\n\n<\/h1>\t\t\t\t<\/div>\n\t\t\t\t<\/div>\n\t\t<div class=\"elementor-element elementor-element-0181662 e-con-full animated-slow e-flex elementor-invisible e-con e-child\" data-id=\"0181662\" data-element_type=\"container\" data-e-type=\"container\" data-settings=\"{&quot;jet_parallax_layout_list&quot;:[],&quot;animation&quot;:&quot;fadeInLeft&quot;}\">\n\t\t<div class=\"elementor-element elementor-element-86faa8d e-flex e-con-boxed e-con e-child\" data-id=\"86faa8d\" data-element_type=\"container\" data-e-type=\"container\" data-settings=\"{&quot;jet_parallax_layout_list&quot;:[],&quot;background_background&quot;:&quot;gradient&quot;}\">\n\t\t\t\t\t<div class=\"e-con-inner\">\n\t\t<div class=\"elementor-element elementor-element-8b7ca94 e-con-full animated-slow e-flex elementor-invisible e-con e-child\" data-id=\"8b7ca94\" data-element_type=\"container\" data-e-type=\"container\" data-settings=\"{&quot;jet_parallax_layout_list&quot;:[],&quot;animation&quot;:&quot;fadeInLeft&quot;,&quot;background_background&quot;:&quot;gradient&quot;}\">\n\t\t\t\t<div class=\"elementor-element elementor-element-888e6b5 elementor-widget__width-initial elementor-widget elementor-widget-text-editor\" data-id=\"888e6b5\" data-element_type=\"widget\" data-e-type=\"widget\" data-widget_type=\"text-editor.default\">\n\t\t\t\t<div class=\"elementor-widget-container\">\n\t\t\t\t\t\t\t\t\t<p>Fecha: 3 y 4 de mayo<span class=\"Apple-converted-space\">\u00a0<\/span><\/p><p>Location: La Paz, Baja California Sur<\/p>\t\t\t\t\t\t\t\t<\/div>\n\t\t\t\t<\/div>\n\t\t\t\t<\/div>\n\t\t\t\t\t<\/div>\n\t\t\t\t<\/div>\n\t\t\t\t<\/div>\n\t\t\t\t<div class=\"elementor-element elementor-element-9bc35bd elementor-widget elementor-widget-text-editor\" data-id=\"9bc35bd\" data-element_type=\"widget\" data-e-type=\"widget\" data-widget_type=\"text-editor.default\">\n\t\t\t\t<div class=\"elementor-widget-container\">\n\t\t\t\t\t\t\t\t\t<p>This celebration commemorates the founding of the city on May 3, 1535. Many events take place along the city's Malecon.<\/p><p>The event includes singing, dance, theater, music, cinema, and photography activities, as well as performances by prominent artists.<\/p><p>Some cultural activities continue until May 31.<span class=\"Apple-converted-space\">\u00a0<\/span><\/p>\t\t\t\t\t\t\t\t<\/div>\n\t\t\t\t<\/div>\n\t\t\t\t<\/div>\n\t\t<div class=\"elementor-element elementor-element-e327c4b e-con-full e-flex e-con e-child\" data-id=\"e327c4b\" data-element_type=\"container\" data-e-type=\"container\" data-settings=\"{&quot;jet_parallax_layout_list&quot;:[]}\">\n\t\t\t\t<div class=\"elementor-element elementor-element-18a9f4f elementor-widget elementor-widget-image\" data-id=\"18a9f4f\" data-element_type=\"widget\" data-e-type=\"widget\" data-widget_type=\"image.default\">\n\t\t\t\t<div class=\"elementor-widget-container\">\n\t\t\t\t\t\t\t\t\t\t\t\t\t\t\t<img loading=\"lazy\" decoding=\"async\" width=\"768\" height=\"433\" src=\"https:\/\/programadestinosmexico.com\/wp-content\/uploads\/2025\/05\/fiestas-de-la-fundacion-768x433.jpg\" class=\"attachment-medium_large size-medium_large wp-image-167948\" alt=\"\" srcset=\"https:\/\/programadestinosmexico.com\/wp-content\/uploads\/2025\/05\/fiestas-de-la-fundacion-768x433.jpg 768w, https:\/\/programadestinosmexico.com\/wp-content\/uploads\/2025\/05\/fiestas-de-la-fundacion-300x169.jpg 300w, https:\/\/programadestinosmexico.com\/wp-content\/uploads\/2025\/05\/fiestas-de-la-fundacion-1024x577.jpg 1024w, https:\/\/programadestinosmexico.com\/wp-content\/uploads\/2025\/05\/fiestas-de-la-fundacion-1536x866.jpg 1536w, https:\/\/programadestinosmexico.com\/wp-content\/uploads\/2025\/05\/fiestas-de-la-fundacion-18x10.jpg 18w, https:\/\/programadestinosmexico.com\/wp-content\/uploads\/2025\/05\/fiestas-de-la-fundacion.jpg 2048w\" sizes=\"(max-width: 768px) 100vw, 768px\" \/>\t\t\t\t\t\t\t\t\t\t\t\t\t\t\t<\/div>\n\t\t\t\t<\/div>\n\t\t\t\t<\/div>\n\t\t\t\t\t<\/div>\n\t\t\t\t<\/div>\n\t\t<div class=\"elementor-element elementor-element-1c3a686 e-flex e-con-boxed e-con e-parent\" data-id=\"1c3a686\" data-element_type=\"container\" data-e-type=\"container\" data-settings=\"{&quot;jet_parallax_layout_list&quot;:[]}\">\n\t\t\t\t\t<div class=\"e-con-inner\">\n\t\t<div class=\"elementor-element elementor-element-493a99b e-con-full animated-slow e-flex elementor-invisible e-con e-child\" data-id=\"493a99b\" data-element_type=\"container\" data-e-type=\"container\" data-settings=\"{&quot;jet_parallax_layout_list&quot;:[],&quot;animation&quot;:&quot;fadeInLeft&quot;}\">\n\t\t\t\t<div class=\"elementor-element elementor-element-f06e0fb elementor-widget elementor-widget-heading\" data-id=\"f06e0fb\" data-element_type=\"widget\" data-e-type=\"widget\" data-widget_type=\"heading.default\">\n\t\t\t\t<div class=\"elementor-widget-container\">\n\t\t\t\t\t<h1 class=\"elementor-heading-title elementor-size-default\">San Isidro Metepec Fair\n\n\n\n\n<\/h1>\t\t\t\t<\/div>\n\t\t\t\t<\/div>\n\t\t<div class=\"elementor-element elementor-element-81d32f3 e-con-full animated-slow e-flex elementor-invisible e-con e-child\" data-id=\"81d32f3\" data-element_type=\"container\" data-e-type=\"container\" data-settings=\"{&quot;jet_parallax_layout_list&quot;:[],&quot;animation&quot;:&quot;fadeInLeft&quot;}\">\n\t\t<div class=\"elementor-element elementor-element-59c674c e-flex e-con-boxed e-con e-child\" data-id=\"59c674c\" data-element_type=\"container\" data-e-type=\"container\" data-settings=\"{&quot;jet_parallax_layout_list&quot;:[],&quot;background_background&quot;:&quot;gradient&quot;}\">\n\t\t\t\t\t<div class=\"e-con-inner\">\n\t\t<div class=\"elementor-element elementor-element-952a9e0 e-con-full animated-slow e-flex elementor-invisible e-con e-child\" data-id=\"952a9e0\" data-element_type=\"container\" data-e-type=\"container\" data-settings=\"{&quot;jet_parallax_layout_list&quot;:[],&quot;animation&quot;:&quot;fadeInLeft&quot;,&quot;background_background&quot;:&quot;gradient&quot;}\">\n\t\t\t\t<div class=\"elementor-element elementor-element-2229aeb elementor-widget__width-initial elementor-widget elementor-widget-text-editor\" data-id=\"2229aeb\" data-element_type=\"widget\" data-e-type=\"widget\" data-widget_type=\"text-editor.default\">\n\t\t\t\t<div class=\"elementor-widget-container\">\n\t\t\t\t\t\t\t\t\t<p>Fecha: 3 al 18 de mayo,<span class=\"Apple-converted-space\">\u00a0<\/span><\/p><p>Location: Metepec, Estado de M\u00e9xico<\/p>\t\t\t\t\t\t\t\t<\/div>\n\t\t\t\t<\/div>\n\t\t\t\t<\/div>\n\t\t\t\t\t<\/div>\n\t\t\t\t<\/div>\n\t\t\t\t<\/div>\n\t\t\t\t<div class=\"elementor-element elementor-element-5c8cba9 elementor-widget elementor-widget-text-editor\" data-id=\"5c8cba9\" data-element_type=\"widget\" data-e-type=\"widget\" data-widget_type=\"text-editor.default\">\n\t\t\t\t<div class=\"elementor-widget-container\">\n\t\t\t\t\t\t\t\t\t<p>This Magic Town is filled with joy during the fair, featuring a theater, mechanical rides, craft and gastronomic expos, an international pavilion, and sports, artistic, and cultural events.<\/p><p>Additional attractions include a haunted house, animatronic dinosaurs, and an educational farm.<\/p>\t\t\t\t\t\t\t\t<\/div>\n\t\t\t\t<\/div>\n\t\t\t\t<\/div>\n\t\t<div class=\"elementor-element elementor-element-fb74c5a e-con-full e-flex e-con e-child\" data-id=\"fb74c5a\" data-element_type=\"container\" data-e-type=\"container\" data-settings=\"{&quot;jet_parallax_layout_list&quot;:[]}\">\n\t\t\t\t<div class=\"elementor-element elementor-element-afbac2e elementor-widget elementor-widget-image\" data-id=\"afbac2e\" data-element_type=\"widget\" data-e-type=\"widget\" data-widget_type=\"image.default\">\n\t\t\t\t<div class=\"elementor-widget-container\">\n\t\t\t\t\t\t\t\t\t\t\t\t\t\t\t<img loading=\"lazy\" decoding=\"async\" width=\"224\" height=\"225\" src=\"https:\/\/programadestinosmexico.com\/wp-content\/uploads\/2025\/05\/feria-san-isidro-metepec.jpeg\" class=\"attachment-medium_large size-medium_large wp-image-167944\" alt=\"\" srcset=\"https:\/\/programadestinosmexico.com\/wp-content\/uploads\/2025\/05\/feria-san-isidro-metepec.jpeg 224w, https:\/\/programadestinosmexico.com\/wp-content\/uploads\/2025\/05\/feria-san-isidro-metepec-12x12.jpeg 12w\" sizes=\"(max-width: 224px) 100vw, 224px\" \/>\t\t\t\t\t\t\t\t\t\t\t\t\t\t\t<\/div>\n\t\t\t\t<\/div>\n\t\t\t\t<\/div>\n\t\t\t\t\t<\/div>\n\t\t\t\t<\/div>\n\t\t<div class=\"elementor-element elementor-element-39576a5 e-flex e-con-boxed e-con e-parent\" data-id=\"39576a5\" data-element_type=\"container\" data-e-type=\"container\" data-settings=\"{&quot;jet_parallax_layout_list&quot;:[]}\">\n\t\t\t\t\t<div class=\"e-con-inner\">\n\t\t<div class=\"elementor-element elementor-element-c9ef441 e-con-full animated-slow e-flex elementor-invisible e-con e-child\" data-id=\"c9ef441\" data-element_type=\"container\" data-e-type=\"container\" data-settings=\"{&quot;jet_parallax_layout_list&quot;:[],&quot;animation&quot;:&quot;fadeInLeft&quot;}\">\n\t\t\t\t<div class=\"elementor-element elementor-element-c01648c elementor-widget elementor-widget-heading\" data-id=\"c01648c\" data-element_type=\"widget\" data-e-type=\"widget\" data-widget_type=\"heading.default\">\n\t\t\t\t<div class=\"elementor-widget-container\">\n\t\t\t\t\t<h1 class=\"elementor-heading-title elementor-size-default\">Actopan Mango Fair\n\n\n\n<\/h1>\t\t\t\t<\/div>\n\t\t\t\t<\/div>\n\t\t<div class=\"elementor-element elementor-element-5d2fa74 e-con-full animated-slow e-flex elementor-invisible e-con e-child\" data-id=\"5d2fa74\" data-element_type=\"container\" data-e-type=\"container\" data-settings=\"{&quot;jet_parallax_layout_list&quot;:[],&quot;animation&quot;:&quot;fadeInLeft&quot;}\">\n\t\t<div class=\"elementor-element elementor-element-fa695de e-flex e-con-boxed e-con e-child\" data-id=\"fa695de\" data-element_type=\"container\" data-e-type=\"container\" data-settings=\"{&quot;jet_parallax_layout_list&quot;:[],&quot;background_background&quot;:&quot;gradient&quot;}\">\n\t\t\t\t\t<div class=\"e-con-inner\">\n\t\t<div class=\"elementor-element elementor-element-9979ae4 e-con-full animated-slow e-flex elementor-invisible e-con e-child\" data-id=\"9979ae4\" data-element_type=\"container\" data-e-type=\"container\" data-settings=\"{&quot;jet_parallax_layout_list&quot;:[],&quot;animation&quot;:&quot;fadeInLeft&quot;,&quot;background_background&quot;:&quot;gradient&quot;}\">\n\t\t\t\t<div class=\"elementor-element elementor-element-a4afbd4 elementor-widget__width-initial elementor-widget elementor-widget-text-editor\" data-id=\"a4afbd4\" data-element_type=\"widget\" data-e-type=\"widget\" data-widget_type=\"text-editor.default\">\n\t\t\t\t<div class=\"elementor-widget-container\">\n\t\t\t\t\t\t\t\t\t<p>Fecha: 8 al 11 de mayo<span class=\"Apple-converted-space\">\u00a0<\/span><\/p><p>Location: Actopan, Veracruz<\/p>\t\t\t\t\t\t\t\t<\/div>\n\t\t\t\t<\/div>\n\t\t\t\t<\/div>\n\t\t\t\t\t<\/div>\n\t\t\t\t<\/div>\n\t\t\t\t<\/div>\n\t\t\t\t<div class=\"elementor-element elementor-element-c2ccc47 elementor-widget elementor-widget-text-editor\" data-id=\"c2ccc47\" data-element_type=\"widget\" data-e-type=\"widget\" data-widget_type=\"text-editor.default\">\n\t\t\t\t<div class=\"elementor-widget-container\">\n\t\t\t\t\t\t\t\t\t<p>This town is characterized by its natural landscapes and offers a variety of attractions, including mechanical rides, craft exhibitions, culinary contests where mango is the star, and, of course, the opportunity to taste this delicious fruit.<span class=\"Apple-converted-space\">\u00a0 \u00a0<\/span><\/p>\t\t\t\t\t\t\t\t<\/div>\n\t\t\t\t<\/div>\n\t\t\t\t<\/div>\n\t\t<div class=\"elementor-element elementor-element-7a4b03f e-con-full e-flex e-con e-child\" data-id=\"7a4b03f\" data-element_type=\"container\" data-e-type=\"container\" data-settings=\"{&quot;jet_parallax_layout_list&quot;:[]}\">\n\t\t\t\t<div class=\"elementor-element elementor-element-ae58c24 elementor-widget elementor-widget-image\" data-id=\"ae58c24\" data-element_type=\"widget\" data-e-type=\"widget\" data-widget_type=\"image.default\">\n\t\t\t\t<div class=\"elementor-widget-container\">\n\t\t\t\t\t\t\t\t\t\t\t\t\t\t\t<img loading=\"lazy\" decoding=\"async\" width=\"255\" height=\"197\" src=\"https:\/\/programadestinosmexico.com\/wp-content\/uploads\/2025\/05\/feria-del-mango.jpg\" class=\"attachment-medium_large size-medium_large wp-image-167941\" alt=\"\" srcset=\"https:\/\/programadestinosmexico.com\/wp-content\/uploads\/2025\/05\/feria-del-mango.jpg 255w, https:\/\/programadestinosmexico.com\/wp-content\/uploads\/2025\/05\/feria-del-mango-16x12.jpg 16w\" sizes=\"(max-width: 255px) 100vw, 255px\" \/>\t\t\t\t\t\t\t\t\t\t\t\t\t\t\t<\/div>\n\t\t\t\t<\/div>\n\t\t\t\t<\/div>\n\t\t\t\t\t<\/div>\n\t\t\t\t<\/div>\n\t\t<div class=\"elementor-element elementor-element-9bebd9a e-flex e-con-boxed e-con e-parent\" data-id=\"9bebd9a\" data-element_type=\"container\" data-e-type=\"container\" data-settings=\"{&quot;jet_parallax_layout_list&quot;:[]}\">\n\t\t\t\t\t<div class=\"e-con-inner\">\n\t\t<div class=\"elementor-element elementor-element-aac4c0a e-con-full animated-slow e-flex elementor-invisible e-con e-child\" data-id=\"aac4c0a\" data-element_type=\"container\" data-e-type=\"container\" data-settings=\"{&quot;jet_parallax_layout_list&quot;:[],&quot;animation&quot;:&quot;fadeInLeft&quot;}\">\n\t\t\t\t<div class=\"elementor-element elementor-element-0286b79 elementor-widget elementor-widget-heading\" data-id=\"0286b79\" data-element_type=\"widget\" data-e-type=\"widget\" data-widget_type=\"heading.default\">\n\t\t\t\t<div class=\"elementor-widget-container\">\n\t\t\t\t\t<h1 class=\"elementor-heading-title elementor-size-default\">May Cultural Festival (Festival Cultural de Mayo FCM)\n\n\n\n\n<\/h1>\t\t\t\t<\/div>\n\t\t\t\t<\/div>\n\t\t<div class=\"elementor-element elementor-element-acc7998 e-con-full animated-slow e-flex elementor-invisible e-con e-child\" data-id=\"acc7998\" data-element_type=\"container\" data-e-type=\"container\" data-settings=\"{&quot;jet_parallax_layout_list&quot;:[],&quot;animation&quot;:&quot;fadeInLeft&quot;}\">\n\t\t<div class=\"elementor-element elementor-element-e1366d2 e-flex e-con-boxed e-con e-child\" data-id=\"e1366d2\" data-element_type=\"container\" data-e-type=\"container\" data-settings=\"{&quot;jet_parallax_layout_list&quot;:[],&quot;background_background&quot;:&quot;gradient&quot;}\">\n\t\t\t\t\t<div class=\"e-con-inner\">\n\t\t<div class=\"elementor-element elementor-element-fce0ea3 e-con-full animated-slow e-flex elementor-invisible e-con e-child\" data-id=\"fce0ea3\" data-element_type=\"container\" data-e-type=\"container\" data-settings=\"{&quot;jet_parallax_layout_list&quot;:[],&quot;animation&quot;:&quot;fadeInLeft&quot;,&quot;background_background&quot;:&quot;gradient&quot;}\">\n\t\t\t\t<div class=\"elementor-element elementor-element-ad4a695 elementor-widget__width-initial elementor-widget elementor-widget-text-editor\" data-id=\"ad4a695\" data-element_type=\"widget\" data-e-type=\"widget\" data-widget_type=\"text-editor.default\">\n\t\t\t\t<div class=\"elementor-widget-container\">\n\t\t\t\t\t\t\t\t\t<p>Fecha: 8 al 30 de mayo<\/p><p>Location: Guadalajara, Jalisco<\/p>\t\t\t\t\t\t\t\t<\/div>\n\t\t\t\t<\/div>\n\t\t\t\t<\/div>\n\t\t\t\t\t<\/div>\n\t\t\t\t<\/div>\n\t\t\t\t<\/div>\n\t\t\t\t<div class=\"elementor-element elementor-element-e1f436d elementor-widget elementor-widget-text-editor\" data-id=\"e1f436d\" data-element_type=\"widget\" data-e-type=\"widget\" data-widget_type=\"text-editor.default\">\n\t\t\t\t<div class=\"elementor-widget-container\">\n\t\t\t\t\t\t\t\t\t<p>This festival aims to stimulate recreation and cultural exchange, showcasing the main artistic expressions from various countries and particularly the state of Jalisco.<\/p><p>It takes place in the state's main cultural forums and spaces, such as the Degollado Theater and the Caba\u00f1as Cultural Institute.<\/p><p>El evento ofrece conciertos de diversos g\u00e9neros con artistas de primer nivel, as\u00ed como<span class=\"Apple-converted-space\">\u00a0 <\/span>The event offers concerts of various genres with top-level artists, as well as exhibitions, conferences, workshops, classes, films, contemporary circus, and street animation. It also includes forums for literary and gastronomic expressions.<span class=\"Apple-converted-space\">\u00a0<\/span><\/p>\t\t\t\t\t\t\t\t<\/div>\n\t\t\t\t<\/div>\n\t\t\t\t<\/div>\n\t\t<div class=\"elementor-element elementor-element-0cfdf94 e-con-full e-flex e-con e-child\" data-id=\"0cfdf94\" data-element_type=\"container\" data-e-type=\"container\" data-settings=\"{&quot;jet_parallax_layout_list&quot;:[]}\">\n\t\t\t\t<div class=\"elementor-element elementor-element-b3e3694 elementor-widget elementor-widget-image\" data-id=\"b3e3694\" data-element_type=\"widget\" data-e-type=\"widget\" data-widget_type=\"image.default\">\n\t\t\t\t<div class=\"elementor-widget-container\">\n\t\t\t\t\t\t\t\t\t\t\t\t\t\t\t<img loading=\"lazy\" decoding=\"async\" width=\"768\" height=\"768\" src=\"https:\/\/programadestinosmexico.com\/wp-content\/uploads\/2025\/05\/festival-cultural-de-mayo-768x768.jpg\" class=\"attachment-medium_large size-medium_large wp-image-167945\" alt=\"\" srcset=\"https:\/\/programadestinosmexico.com\/wp-content\/uploads\/2025\/05\/festival-cultural-de-mayo-768x768.jpg 768w, https:\/\/programadestinosmexico.com\/wp-content\/uploads\/2025\/05\/festival-cultural-de-mayo-300x300.jpg 300w, https:\/\/programadestinosmexico.com\/wp-content\/uploads\/2025\/05\/festival-cultural-de-mayo-1024x1024.jpg 1024w, https:\/\/programadestinosmexico.com\/wp-content\/uploads\/2025\/05\/festival-cultural-de-mayo-12x12.jpg 12w, https:\/\/programadestinosmexico.com\/wp-content\/uploads\/2025\/05\/festival-cultural-de-mayo.jpg 1313w\" sizes=\"(max-width: 768px) 100vw, 768px\" \/>\t\t\t\t\t\t\t\t\t\t\t\t\t\t\t<\/div>\n\t\t\t\t<\/div>\n\t\t\t\t<\/div>\n\t\t\t\t\t<\/div>\n\t\t\t\t<\/div>\n\t\t<div class=\"elementor-element elementor-element-19f6a9f e-flex e-con-boxed e-con e-parent\" data-id=\"19f6a9f\" data-element_type=\"container\" data-e-type=\"container\" data-settings=\"{&quot;jet_parallax_layout_list&quot;:[]}\">\n\t\t\t\t\t<div class=\"e-con-inner\">\n\t\t<div class=\"elementor-element elementor-element-e67c5f3 e-con-full animated-slow e-flex elementor-invisible e-con e-child\" data-id=\"e67c5f3\" data-element_type=\"container\" data-e-type=\"container\" data-settings=\"{&quot;jet_parallax_layout_list&quot;:[],&quot;animation&quot;:&quot;fadeInLeft&quot;}\">\n\t\t\t\t<div class=\"elementor-element elementor-element-50d8338 elementor-widget elementor-widget-heading\" data-id=\"50d8338\" data-element_type=\"widget\" data-e-type=\"widget\" data-widget_type=\"heading.default\">\n\t\t\t\t<div class=\"elementor-widget-container\">\n\t\t\t\t\t<h1 class=\"elementor-heading-title elementor-size-default\">National Cheese and Wine Fair\n\n\n<\/h1>\t\t\t\t<\/div>\n\t\t\t\t<\/div>\n\t\t<div class=\"elementor-element elementor-element-f0e219a e-con-full animated-slow e-flex elementor-invisible e-con e-child\" data-id=\"f0e219a\" data-element_type=\"container\" data-e-type=\"container\" data-settings=\"{&quot;jet_parallax_layout_list&quot;:[],&quot;animation&quot;:&quot;fadeInLeft&quot;}\">\n\t\t<div class=\"elementor-element elementor-element-5caa2f8 e-flex e-con-boxed e-con e-child\" data-id=\"5caa2f8\" data-element_type=\"container\" data-e-type=\"container\" data-settings=\"{&quot;jet_parallax_layout_list&quot;:[],&quot;background_background&quot;:&quot;gradient&quot;}\">\n\t\t\t\t\t<div class=\"e-con-inner\">\n\t\t<div class=\"elementor-element elementor-element-809215e e-con-full animated-slow e-flex elementor-invisible e-con e-child\" data-id=\"809215e\" data-element_type=\"container\" data-e-type=\"container\" data-settings=\"{&quot;jet_parallax_layout_list&quot;:[],&quot;animation&quot;:&quot;fadeInLeft&quot;,&quot;background_background&quot;:&quot;gradient&quot;}\">\n\t\t\t\t<div class=\"elementor-element elementor-element-e8bb054 elementor-widget__width-initial elementor-widget elementor-widget-text-editor\" data-id=\"e8bb054\" data-element_type=\"widget\" data-e-type=\"widget\" data-widget_type=\"text-editor.default\">\n\t\t\t\t<div class=\"elementor-widget-container\">\n\t\t\t\t\t\t\t\t\t<p>Date: May 22 to June 8<\/p><p>Location: Tequisquiapan, Quer\u00e9taro<\/p>\t\t\t\t\t\t\t\t<\/div>\n\t\t\t\t<\/div>\n\t\t\t\t<\/div>\n\t\t\t\t\t<\/div>\n\t\t\t\t<\/div>\n\t\t\t\t<\/div>\n\t\t\t\t<div class=\"elementor-element elementor-element-2c751f8 elementor-widget elementor-widget-text-editor\" data-id=\"2c751f8\" data-element_type=\"widget\" data-e-type=\"widget\" data-widget_type=\"text-editor.default\">\n\t\t\t\t<div class=\"elementor-widget-container\">\n\t\t\t\t\t\t\t\t\t<p>The fair aims to promote the renowned cheeses and wines of Quer\u00e9taro and other regions of the country.<\/p><p>The gastronomic festival is accompanied by a variety of high-level musical activities and events.<\/p><p>The event includes conferences, tastings, dinners, exhibitions, workshops, and cultural activities related to culinary themes.<\/p><p>The venue is La Pila Park, located two blocks from the main square.<\/p>\t\t\t\t\t\t\t\t<\/div>\n\t\t\t\t<\/div>\n\t\t\t\t<\/div>\n\t\t<div class=\"elementor-element elementor-element-e7df939 e-con-full e-flex e-con e-child\" data-id=\"e7df939\" data-element_type=\"container\" data-e-type=\"container\" data-settings=\"{&quot;jet_parallax_layout_list&quot;:[]}\">\n\t\t\t\t<div class=\"elementor-element elementor-element-f7ab73f elementor-widget elementor-widget-image\" data-id=\"f7ab73f\" data-element_type=\"widget\" data-e-type=\"widget\" data-widget_type=\"image.default\">\n\t\t\t\t<div class=\"elementor-widget-container\">\n\t\t\t\t\t\t\t\t\t\t\t\t\t\t\t<img loading=\"lazy\" decoding=\"async\" width=\"500\" height=\"500\" src=\"https:\/\/programadestinosmexico.com\/wp-content\/uploads\/2025\/05\/festival-queso-y-vino-mayo2025.webp\" class=\"attachment-medium_large size-medium_large wp-image-167947\" alt=\"\" srcset=\"https:\/\/programadestinosmexico.com\/wp-content\/uploads\/2025\/05\/festival-queso-y-vino-mayo2025.webp 500w, https:\/\/programadestinosmexico.com\/wp-content\/uploads\/2025\/05\/festival-queso-y-vino-mayo2025-300x300.webp 300w, https:\/\/programadestinosmexico.com\/wp-content\/uploads\/2025\/05\/festival-queso-y-vino-mayo2025-12x12.webp 12w\" sizes=\"(max-width: 500px) 100vw, 500px\" \/>\t\t\t\t\t\t\t\t\t\t\t\t\t\t\t<\/div>\n\t\t\t\t<\/div>\n\t\t\t\t<\/div>\n\t\t\t\t\t<\/div>\n\t\t\t\t<\/div>\n\t\t<div class=\"elementor-element elementor-element-d97a8fc e-flex e-con-boxed e-con e-parent\" data-id=\"d97a8fc\" data-element_type=\"container\" data-e-type=\"container\" data-settings=\"{&quot;jet_parallax_layout_list&quot;:[]}\">\n\t\t\t\t\t<div class=\"e-con-inner\">\n\t\t<div class=\"elementor-element elementor-element-d24ed3f e-con-full animated-slow e-flex elementor-invisible e-con e-child\" data-id=\"d24ed3f\" data-element_type=\"container\" data-e-type=\"container\" data-settings=\"{&quot;jet_parallax_layout_list&quot;:[],&quot;animation&quot;:&quot;fadeInLeft&quot;}\">\n\t\t\t\t<div class=\"elementor-element elementor-element-b399bfd elementor-widget elementor-widget-heading\" data-id=\"b399bfd\" data-element_type=\"widget\" data-e-type=\"widget\" data-widget_type=\"heading.default\">\n\t\t\t\t<div class=\"elementor-widget-container\">\n\t\t\t\t\t<h1 class=\"elementor-heading-title elementor-size-default\">Ylang Ylang Regional Livestock Expo Fair\n\n\n\n\n<\/h1>\t\t\t\t<\/div>\n\t\t\t\t<\/div>\n\t\t<div class=\"elementor-element elementor-element-127f05a e-con-full animated-slow e-flex elementor-invisible e-con e-child\" data-id=\"127f05a\" data-element_type=\"container\" data-e-type=\"container\" data-settings=\"{&quot;jet_parallax_layout_list&quot;:[],&quot;animation&quot;:&quot;fadeInLeft&quot;}\">\n\t\t<div class=\"elementor-element elementor-element-71713bf e-flex e-con-boxed e-con e-child\" data-id=\"71713bf\" data-element_type=\"container\" data-e-type=\"container\" data-settings=\"{&quot;jet_parallax_layout_list&quot;:[],&quot;background_background&quot;:&quot;gradient&quot;}\">\n\t\t\t\t\t<div class=\"e-con-inner\">\n\t\t<div class=\"elementor-element elementor-element-246b35f e-con-full animated-slow e-flex elementor-invisible e-con e-child\" data-id=\"246b35f\" data-element_type=\"container\" data-e-type=\"container\" data-settings=\"{&quot;jet_parallax_layout_list&quot;:[],&quot;animation&quot;:&quot;fadeInLeft&quot;,&quot;background_background&quot;:&quot;gradient&quot;}\">\n\t\t\t\t<div class=\"elementor-element elementor-element-e4a0ea8 elementor-widget__width-initial elementor-widget elementor-widget-text-editor\" data-id=\"e4a0ea8\" data-element_type=\"widget\" data-e-type=\"widget\" data-widget_type=\"text-editor.default\">\n\t\t\t\t<div class=\"elementor-widget-container\">\n\t\t\t\t\t\t\t\t\t<p>Date: May 10 to May 26<\/p><p>Location: Boca del R\u00edo, Veracruz<\/p>\t\t\t\t\t\t\t\t<\/div>\n\t\t\t\t<\/div>\n\t\t\t\t<\/div>\n\t\t\t\t\t<\/div>\n\t\t\t\t<\/div>\n\t\t\t\t<\/div>\n\t\t\t\t<div class=\"elementor-element elementor-element-c004289 elementor-widget elementor-widget-text-editor\" data-id=\"c004289\" data-element_type=\"widget\" data-e-type=\"widget\" data-widget_type=\"text-editor.default\">\n\t\t\t\t<div class=\"elementor-widget-container\">\n\t\t\t\t\t\t\t\t\t<p>The event features livestock, commercial, and agricultural exhibitions, as well as craft displays, mechanical rides, cultural and sports events, and performances by top bands and singers.<\/p>\t\t\t\t\t\t\t\t<\/div>\n\t\t\t\t<\/div>\n\t\t\t\t<\/div>\n\t\t<div class=\"elementor-element elementor-element-adb18a9 e-con-full e-flex e-con e-child\" data-id=\"adb18a9\" data-element_type=\"container\" data-e-type=\"container\" data-settings=\"{&quot;jet_parallax_layout_list&quot;:[]}\">\n\t\t\t\t<div class=\"elementor-element elementor-element-3aa8fb2 elementor-widget elementor-widget-image\" data-id=\"3aa8fb2\" data-element_type=\"widget\" data-e-type=\"widget\" data-widget_type=\"image.default\">\n\t\t\t\t<div class=\"elementor-widget-container\">\n\t\t\t\t\t\t\t\t\t\t\t\t\t\t\t<img loading=\"lazy\" decoding=\"async\" width=\"768\" height=\"433\" src=\"https:\/\/programadestinosmexico.com\/wp-content\/uploads\/2025\/05\/Expo-Feria-Regional-Ganadera-Ylang-Ylang-768x433.png\" class=\"attachment-medium_large size-medium_large wp-image-167939\" alt=\"\" srcset=\"https:\/\/programadestinosmexico.com\/wp-content\/uploads\/2025\/05\/Expo-Feria-Regional-Ganadera-Ylang-Ylang-768x433.png 768w, https:\/\/programadestinosmexico.com\/wp-content\/uploads\/2025\/05\/Expo-Feria-Regional-Ganadera-Ylang-Ylang-300x169.png 300w, https:\/\/programadestinosmexico.com\/wp-content\/uploads\/2025\/05\/Expo-Feria-Regional-Ganadera-Ylang-Ylang-1024x577.png 1024w, https:\/\/programadestinosmexico.com\/wp-content\/uploads\/2025\/05\/Expo-Feria-Regional-Ganadera-Ylang-Ylang-18x10.png 18w, https:\/\/programadestinosmexico.com\/wp-content\/uploads\/2025\/05\/Expo-Feria-Regional-Ganadera-Ylang-Ylang.png 1280w\" sizes=\"(max-width: 768px) 100vw, 768px\" \/>\t\t\t\t\t\t\t\t\t\t\t\t\t\t\t<\/div>\n\t\t\t\t<\/div>\n\t\t\t\t<\/div>\n\t\t\t\t\t<\/div>\n\t\t\t\t<\/div>\n\t\t<div class=\"elementor-element elementor-element-6203325 e-flex e-con-boxed e-con e-parent\" data-id=\"6203325\" data-element_type=\"container\" data-e-type=\"container\" data-settings=\"{&quot;jet_parallax_layout_list&quot;:[]}\">\n\t\t\t\t\t<div class=\"e-con-inner\">\n\t\t<div class=\"elementor-element elementor-element-ba8bc0a e-con-full animated-slow e-flex elementor-invisible e-con e-child\" data-id=\"ba8bc0a\" data-element_type=\"container\" data-e-type=\"container\" data-settings=\"{&quot;jet_parallax_layout_list&quot;:[],&quot;animation&quot;:&quot;fadeInLeft&quot;}\">\n\t\t\t\t<div class=\"elementor-element elementor-element-4f2f9e7 elementor-widget elementor-widget-heading\" data-id=\"4f2f9e7\" data-element_type=\"widget\" data-e-type=\"widget\" data-widget_type=\"heading.default\">\n\t\t\t\t<div class=\"elementor-widget-container\">\n\t\t\t\t\t<h1 class=\"elementor-heading-title elementor-size-default\">Whale Shark Watching Season\n\n\n\n\n<\/h1>\t\t\t\t<\/div>\n\t\t\t\t<\/div>\n\t\t<div class=\"elementor-element elementor-element-6a379d9 e-con-full animated-slow e-flex elementor-invisible e-con e-child\" data-id=\"6a379d9\" data-element_type=\"container\" data-e-type=\"container\" data-settings=\"{&quot;jet_parallax_layout_list&quot;:[],&quot;animation&quot;:&quot;fadeInLeft&quot;}\">\n\t\t<div class=\"elementor-element elementor-element-cdfeb65 e-flex e-con-boxed e-con e-child\" data-id=\"cdfeb65\" data-element_type=\"container\" data-e-type=\"container\" data-settings=\"{&quot;jet_parallax_layout_list&quot;:[],&quot;background_background&quot;:&quot;gradient&quot;}\">\n\t\t\t\t\t<div class=\"e-con-inner\">\n\t\t<div class=\"elementor-element elementor-element-3581540 e-con-full animated-slow e-flex elementor-invisible e-con e-child\" data-id=\"3581540\" data-element_type=\"container\" data-e-type=\"container\" data-settings=\"{&quot;jet_parallax_layout_list&quot;:[],&quot;animation&quot;:&quot;fadeInLeft&quot;,&quot;background_background&quot;:&quot;gradient&quot;}\">\n\t\t\t\t<div class=\"elementor-element elementor-element-df6e18f elementor-widget__width-initial elementor-widget elementor-widget-text-editor\" data-id=\"df6e18f\" data-element_type=\"widget\" data-e-type=\"widget\" data-widget_type=\"text-editor.default\">\n\t\t\t\t<div class=\"elementor-widget-container\">\n\t\t\t\t\t\t\t\t\t<p>Date: May 16 to mid-September<\/p><p>Location: Isla Mujeres, Isla Holbox, and Isla Contoy, Quintana Roo<\/p>\t\t\t\t\t\t\t\t<\/div>\n\t\t\t\t<\/div>\n\t\t\t\t<\/div>\n\t\t\t\t\t<\/div>\n\t\t\t\t<\/div>\n\t\t\t\t<\/div>\n\t\t\t\t<div class=\"elementor-element elementor-element-1479948 elementor-widget elementor-widget-text-editor\" data-id=\"1479948\" data-element_type=\"widget\" data-e-type=\"widget\" data-widget_type=\"text-editor.default\">\n\t\t\t\t<div class=\"elementor-widget-container\">\n\t\t\t\t\t\t\t\t\t<p>Each year, whale sharks arrive in the coastal waters of northern Quintana Roo in search of plankton and warm waters.<\/p><p>The whale shark is the largest fish in the world, averaging about 14 meters in length, with some specimens reaching up to 20 meters, making swimming near these giants an unforgettable experience.<\/p>\t\t\t\t\t\t\t\t<\/div>\n\t\t\t\t<\/div>\n\t\t\t\t<\/div>\n\t\t<div class=\"elementor-element elementor-element-aebc291 e-con-full e-flex e-con e-child\" data-id=\"aebc291\" data-element_type=\"container\" data-e-type=\"container\" data-settings=\"{&quot;jet_parallax_layout_list&quot;:[]}\">\n\t\t\t\t<div class=\"elementor-element elementor-element-dba4ec3 elementor-widget elementor-widget-image\" data-id=\"dba4ec3\" data-element_type=\"widget\" data-e-type=\"widget\" data-widget_type=\"image.default\">\n\t\t\t\t<div class=\"elementor-widget-container\">\n\t\t\t\t\t\t\t\t\t\t\t\t\t\t\t<img loading=\"lazy\" decoding=\"async\" width=\"591\" height=\"591\" src=\"https:\/\/programadestinosmexico.com\/wp-content\/uploads\/2023\/12\/Nado-con-un-Tiburon-Ballena-en-Isla-Mujeres-1.jpg\" class=\"attachment-medium_large size-medium_large wp-image-65277\" alt=\"\" srcset=\"https:\/\/programadestinosmexico.com\/wp-content\/uploads\/2023\/12\/Nado-con-un-Tiburon-Ballena-en-Isla-Mujeres-1.jpg 591w, https:\/\/programadestinosmexico.com\/wp-content\/uploads\/2023\/12\/Nado-con-un-Tiburon-Ballena-en-Isla-Mujeres-1-300x300.jpg 300w\" sizes=\"(max-width: 591px) 100vw, 591px\" \/>\t\t\t\t\t\t\t\t\t\t\t\t\t\t\t<\/div>\n\t\t\t\t<\/div>\n\t\t\t\t<\/div>\n\t\t\t\t\t<\/div>\n\t\t\t\t<\/div>\n\t\t<div class=\"elementor-element elementor-element-0143aa0 e-flex e-con-boxed e-con e-parent\" data-id=\"0143aa0\" data-element_type=\"container\" data-e-type=\"container\" data-settings=\"{&quot;jet_parallax_layout_list&quot;:[]}\">\n\t\t\t\t\t<div class=\"e-con-inner\">\n\t\t<div class=\"elementor-element elementor-element-b6e90e4 e-con-full animated-slow e-flex elementor-invisible e-con e-child\" data-id=\"b6e90e4\" data-element_type=\"container\" data-e-type=\"container\" data-settings=\"{&quot;jet_parallax_layout_list&quot;:[],&quot;animation&quot;:&quot;fadeInLeft&quot;}\">\n\t\t\t\t<div class=\"elementor-element elementor-element-3fdc219 elementor-widget elementor-widget-heading\" data-id=\"3fdc219\" data-element_type=\"widget\" data-e-type=\"widget\" data-widget_type=\"heading.default\">\n\t\t\t\t<div class=\"elementor-widget-container\">\n\t\t\t\t\t<h1 class=\"elementor-heading-title elementor-size-default\">Pulque and Barbecue Fair \n\n\n\n\n<\/h1>\t\t\t\t<\/div>\n\t\t\t\t<\/div>\n\t\t<div class=\"elementor-element elementor-element-ac91747 e-con-full animated-slow e-flex elementor-invisible e-con e-child\" data-id=\"ac91747\" data-element_type=\"container\" data-e-type=\"container\" data-settings=\"{&quot;jet_parallax_layout_list&quot;:[],&quot;animation&quot;:&quot;fadeInLeft&quot;}\">\n\t\t<div class=\"elementor-element elementor-element-f0992b2 e-flex e-con-boxed e-con e-child\" data-id=\"f0992b2\" data-element_type=\"container\" data-e-type=\"container\" data-settings=\"{&quot;jet_parallax_layout_list&quot;:[],&quot;background_background&quot;:&quot;gradient&quot;}\">\n\t\t\t\t\t<div class=\"e-con-inner\">\n\t\t<div class=\"elementor-element elementor-element-13a4816 e-con-full animated-slow e-flex elementor-invisible e-con e-child\" data-id=\"13a4816\" data-element_type=\"container\" data-e-type=\"container\" data-settings=\"{&quot;jet_parallax_layout_list&quot;:[],&quot;animation&quot;:&quot;fadeInLeft&quot;,&quot;background_background&quot;:&quot;gradient&quot;}\">\n\t\t\t\t<div class=\"elementor-element elementor-element-891df97 elementor-widget__width-initial elementor-widget elementor-widget-text-editor\" data-id=\"891df97\" data-element_type=\"widget\" data-e-type=\"widget\" data-widget_type=\"text-editor.default\">\n\t\t\t\t<div class=\"elementor-widget-container\">\n\t\t\t\t\t\t\t\t\t<p>Fecha: 16 de mayo<\/p><p>Location: Magdalena Contreras town hall esplanade, Avenida \u00c1lvaro Obreg\u00f3n #20, Barranca Seca neighborhood, Mexico City<\/p>\t\t\t\t\t\t\t\t<\/div>\n\t\t\t\t<\/div>\n\t\t\t\t<\/div>\n\t\t\t\t\t<\/div>\n\t\t\t\t<\/div>\n\t\t\t\t<\/div>\n\t\t\t\t<div class=\"elementor-element elementor-element-3cda34a elementor-widget elementor-widget-text-editor\" data-id=\"3cda34a\" data-element_type=\"widget\" data-e-type=\"widget\" data-widget_type=\"text-editor.default\">\n\t\t\t\t<div class=\"elementor-widget-container\">\n\t\t\t\t\t\t\t\t\t<p>At this event, there are several exhibitors who make pulque, barbecue, and other typical dishes.<\/p><p>En esta feria puedes saborear la barbacoa con tortillas hechas a mano con otros productos de la regi\u00f3n como salsas, quesos y nopales.<\/p><p>There are musical group performances and handicraft sales.<\/p>\t\t\t\t\t\t\t\t<\/div>\n\t\t\t\t<\/div>\n\t\t\t\t<\/div>\n\t\t<div class=\"elementor-element elementor-element-ff94113 e-con-full e-flex e-con e-child\" data-id=\"ff94113\" data-element_type=\"container\" data-e-type=\"container\" data-settings=\"{&quot;jet_parallax_layout_list&quot;:[]}\">\n\t\t\t\t<div class=\"elementor-element elementor-element-71fc6be elementor-widget elementor-widget-image\" data-id=\"71fc6be\" data-element_type=\"widget\" data-e-type=\"widget\" data-widget_type=\"image.default\">\n\t\t\t\t<div class=\"elementor-widget-container\">\n\t\t\t\t\t\t\t\t\t\t\t\t\t\t\t<img decoding=\"async\" src=\"https:\/\/programadestinosmexico.com\/wp-content\/uploads\/2025\/05\/feria-del-pulque-barbacoa-2025.jpg.webp\" title=\"\" alt=\"\" loading=\"lazy\" \/>\t\t\t\t\t\t\t\t\t\t\t\t\t\t\t<\/div>\n\t\t\t\t<\/div>\n\t\t\t\t<\/div>\n\t\t\t\t\t<\/div>\n\t\t\t\t<\/div>\n\t\t<div class=\"elementor-element elementor-element-aee9f5b e-flex e-con-boxed e-con e-parent\" data-id=\"aee9f5b\" data-element_type=\"container\" data-e-type=\"container\" data-settings=\"{&quot;jet_parallax_layout_list&quot;:[]}\">\n\t\t\t\t\t<div class=\"e-con-inner\">\n\t\t<div class=\"elementor-element elementor-element-c1042c0 e-con-full animated-slow e-flex elementor-invisible e-con e-child\" data-id=\"c1042c0\" data-element_type=\"container\" data-e-type=\"container\" data-settings=\"{&quot;jet_parallax_layout_list&quot;:[],&quot;animation&quot;:&quot;fadeInLeft&quot;}\">\n\t\t\t\t<div class=\"elementor-element elementor-element-c92361b elementor-widget elementor-widget-heading\" data-id=\"c92361b\" data-element_type=\"widget\" data-e-type=\"widget\" data-widget_type=\"heading.default\">\n\t\t\t\t<div class=\"elementor-widget-container\">\n\t\t\t\t\t<h1 class=\"elementor-heading-title elementor-size-default\">Sacred Mayan Journey\n\n\n\n<\/h1>\t\t\t\t<\/div>\n\t\t\t\t<\/div>\n\t\t<div class=\"elementor-element elementor-element-f62f2d6 e-con-full animated-slow e-flex elementor-invisible e-con e-child\" data-id=\"f62f2d6\" data-element_type=\"container\" data-e-type=\"container\" data-settings=\"{&quot;jet_parallax_layout_list&quot;:[],&quot;animation&quot;:&quot;fadeInLeft&quot;}\">\n\t\t<div class=\"elementor-element elementor-element-b71c65a e-flex e-con-boxed e-con e-child\" data-id=\"b71c65a\" data-element_type=\"container\" data-e-type=\"container\" data-settings=\"{&quot;jet_parallax_layout_list&quot;:[],&quot;background_background&quot;:&quot;gradient&quot;}\">\n\t\t\t\t\t<div class=\"e-con-inner\">\n\t\t<div class=\"elementor-element elementor-element-f601cd4 e-con-full animated-slow e-flex elementor-invisible e-con e-child\" data-id=\"f601cd4\" data-element_type=\"container\" data-e-type=\"container\" data-settings=\"{&quot;jet_parallax_layout_list&quot;:[],&quot;animation&quot;:&quot;fadeInLeft&quot;,&quot;background_background&quot;:&quot;gradient&quot;}\">\n\t\t\t\t<div class=\"elementor-element elementor-element-08961d4 elementor-widget__width-initial elementor-widget elementor-widget-text-editor\" data-id=\"08961d4\" data-element_type=\"widget\" data-e-type=\"widget\" data-widget_type=\"text-editor.default\">\n\t\t\t\t<div class=\"elementor-widget-container\">\n\t\t\t\t\t\t\t\t\t<p>Fecha: 16 y 17 mayo<\/p><p>Location: Cozumel, Quintana Roo<\/p>\t\t\t\t\t\t\t\t<\/div>\n\t\t\t\t<\/div>\n\t\t\t\t<\/div>\n\t\t\t\t\t<\/div>\n\t\t\t\t<\/div>\n\t\t\t\t<\/div>\n\t\t\t\t<div class=\"elementor-element elementor-element-2177f20 elementor-widget elementor-widget-text-editor\" data-id=\"2177f20\" data-element_type=\"widget\" data-e-type=\"widget\" data-widget_type=\"text-editor.default\">\n\t\t\t\t<div class=\"elementor-widget-container\">\n\t\t\t\t\t\t\t\t\t<p>A sacred ritual traditionally performed by the ancient Mayans, rowing in their canoes to Cozumel to worship the goddess Ixchel.<\/p><p>The departure point is Xcaret Park, heading to Chankanaab Park in Cozumel. 300 rowers guide 25 handmade canoes, according to ancient Mayan customs, covering approximately 50 kilometers. <span class=\"Apple-converted-space\">\u00a0<\/span><\/p>\t\t\t\t\t\t\t\t<\/div>\n\t\t\t\t<\/div>\n\t\t\t\t<\/div>\n\t\t<div class=\"elementor-element elementor-element-b25b809 e-con-full e-flex e-con e-child\" data-id=\"b25b809\" data-element_type=\"container\" data-e-type=\"container\" data-settings=\"{&quot;jet_parallax_layout_list&quot;:[]}\">\n\t\t\t\t<div class=\"elementor-element elementor-element-84c1c5a elementor-widget elementor-widget-image\" data-id=\"84c1c5a\" data-element_type=\"widget\" data-e-type=\"widget\" data-widget_type=\"image.default\">\n\t\t\t\t<div class=\"elementor-widget-container\">\n\t\t\t\t\t\t\t\t\t\t\t\t\t\t\t<img loading=\"lazy\" decoding=\"async\" width=\"768\" height=\"765\" src=\"https:\/\/programadestinosmexico.com\/wp-content\/uploads\/2025\/05\/travesia-maya-sagrada-768x765.png\" class=\"attachment-medium_large size-medium_large wp-image-167952\" alt=\"\" srcset=\"https:\/\/programadestinosmexico.com\/wp-content\/uploads\/2025\/05\/travesia-maya-sagrada-768x765.png 768w, https:\/\/programadestinosmexico.com\/wp-content\/uploads\/2025\/05\/travesia-maya-sagrada-300x300.png 300w, https:\/\/programadestinosmexico.com\/wp-content\/uploads\/2025\/05\/travesia-maya-sagrada-1024x1020.png 1024w, https:\/\/programadestinosmexico.com\/wp-content\/uploads\/2025\/05\/travesia-maya-sagrada-12x12.png 12w, https:\/\/programadestinosmexico.com\/wp-content\/uploads\/2025\/05\/travesia-maya-sagrada.png 1074w\" sizes=\"(max-width: 768px) 100vw, 768px\" \/>\t\t\t\t\t\t\t\t\t\t\t\t\t\t\t<\/div>\n\t\t\t\t<\/div>\n\t\t\t\t<\/div>\n\t\t\t\t\t<\/div>\n\t\t\t\t<\/div>\n\t\t<div class=\"elementor-element elementor-element-59b325b e-flex e-con-boxed e-con e-parent\" data-id=\"59b325b\" data-element_type=\"container\" data-e-type=\"container\" data-settings=\"{&quot;jet_parallax_layout_list&quot;:[]}\">\n\t\t\t\t\t<div class=\"e-con-inner\">\n\t\t<div class=\"elementor-element elementor-element-f3db840 e-con-full animated-slow e-flex elementor-invisible e-con e-child\" data-id=\"f3db840\" data-element_type=\"container\" data-e-type=\"container\" data-settings=\"{&quot;jet_parallax_layout_list&quot;:[],&quot;animation&quot;:&quot;fadeInLeft&quot;}\">\n\t\t\t\t<div class=\"elementor-element elementor-element-ceef560 elementor-widget elementor-widget-heading\" data-id=\"ceef560\" data-element_type=\"widget\" data-e-type=\"widget\" data-widget_type=\"heading.default\">\n\t\t\t\t<div class=\"elementor-widget-container\">\n\t\t\t\t\t<h1 class=\"elementor-heading-title elementor-size-default\">Wind Festival\n\n\n\n<\/h1>\t\t\t\t<\/div>\n\t\t\t\t<\/div>\n\t\t<div class=\"elementor-element elementor-element-4d5ca6b e-con-full animated-slow e-flex elementor-invisible e-con e-child\" data-id=\"4d5ca6b\" data-element_type=\"container\" data-e-type=\"container\" data-settings=\"{&quot;jet_parallax_layout_list&quot;:[],&quot;animation&quot;:&quot;fadeInLeft&quot;}\">\n\t\t<div class=\"elementor-element elementor-element-f3c4e9f e-flex e-con-boxed e-con e-child\" data-id=\"f3c4e9f\" data-element_type=\"container\" data-e-type=\"container\" data-settings=\"{&quot;jet_parallax_layout_list&quot;:[],&quot;background_background&quot;:&quot;gradient&quot;}\">\n\t\t\t\t\t<div class=\"e-con-inner\">\n\t\t<div class=\"elementor-element elementor-element-454009e e-con-full animated-slow e-flex elementor-invisible e-con e-child\" data-id=\"454009e\" data-element_type=\"container\" data-e-type=\"container\" data-settings=\"{&quot;jet_parallax_layout_list&quot;:[],&quot;animation&quot;:&quot;fadeInLeft&quot;,&quot;background_background&quot;:&quot;gradient&quot;}\">\n\t\t\t\t<div class=\"elementor-element elementor-element-b69a4e3 elementor-widget__width-initial elementor-widget elementor-widget-text-editor\" data-id=\"b69a4e3\" data-element_type=\"widget\" data-e-type=\"widget\" data-widget_type=\"text-editor.default\">\n\t\t\t\t<div class=\"elementor-widget-container\">\n\t\t\t\t\t\t\t\t\t<p>Fecha: 16 al 18 de mayo<\/p><p>Location: Bucer\u00edas, Riviera Nayarit, Nayarit<\/p>\t\t\t\t\t\t\t\t<\/div>\n\t\t\t\t<\/div>\n\t\t\t\t<\/div>\n\t\t\t\t\t<\/div>\n\t\t\t\t<\/div>\n\t\t\t\t<\/div>\n\t\t\t\t<div class=\"elementor-element elementor-element-d78f3cf elementor-widget elementor-widget-text-editor\" data-id=\"d78f3cf\" data-element_type=\"widget\" data-e-type=\"widget\" data-widget_type=\"text-editor.default\">\n\t\t\t\t<div class=\"elementor-widget-container\">\n\t\t\t\t\t\t\t\t\t<p>Bucer\u00edas hosts the country's largest freestyle event, bringing together nearly 200 participants of all ages.<\/p><p>It is a race with a zigzag course, starting from the Marina of La Cruz de Huanacaxtle towards Bucer\u00edas, marked by two buoys in the water, with a distance of approximately 6 nautical miles.<\/p><p>It's a spectacle to see the colorful sails of the daring athletes skimming the waters of Bah\u00eda de Banderas.<\/p>\t\t\t\t\t\t\t\t<\/div>\n\t\t\t\t<\/div>\n\t\t\t\t<\/div>\n\t\t<div class=\"elementor-element elementor-element-01dff1f e-con-full e-flex e-con e-child\" data-id=\"01dff1f\" data-element_type=\"container\" data-e-type=\"container\" data-settings=\"{&quot;jet_parallax_layout_list&quot;:[]}\">\n\t\t\t\t<div class=\"elementor-element elementor-element-ab182ca elementor-widget elementor-widget-image\" data-id=\"ab182ca\" data-element_type=\"widget\" data-e-type=\"widget\" data-widget_type=\"image.default\">\n\t\t\t\t<div class=\"elementor-widget-container\">\n\t\t\t\t\t\t\t\t\t\t\t\t\t\t\t<img loading=\"lazy\" decoding=\"async\" width=\"512\" height=\"640\" src=\"https:\/\/programadestinosmexico.com\/wp-content\/uploads\/2025\/05\/festival-del-viento.jpg\" class=\"attachment-medium_large size-medium_large wp-image-167946\" alt=\"\" srcset=\"https:\/\/programadestinosmexico.com\/wp-content\/uploads\/2025\/05\/festival-del-viento.jpg 512w, https:\/\/programadestinosmexico.com\/wp-content\/uploads\/2025\/05\/festival-del-viento-240x300.jpg 240w, https:\/\/programadestinosmexico.com\/wp-content\/uploads\/2025\/05\/festival-del-viento-10x12.jpg 10w\" sizes=\"(max-width: 512px) 100vw, 512px\" \/>\t\t\t\t\t\t\t\t\t\t\t\t\t\t\t<\/div>\n\t\t\t\t<\/div>\n\t\t\t\t<\/div>\n\t\t\t\t\t<\/div>\n\t\t\t\t<\/div>\n\t\t<div class=\"elementor-element elementor-element-d397ea6 e-flex e-con-boxed e-con e-parent\" data-id=\"d397ea6\" data-element_type=\"container\" data-e-type=\"container\" data-settings=\"{&quot;jet_parallax_layout_list&quot;:[]}\">\n\t\t\t\t\t<div class=\"e-con-inner\">\n\t\t<div class=\"elementor-element elementor-element-59509b2 e-con-full animated-slow e-flex elementor-invisible e-con e-child\" data-id=\"59509b2\" data-element_type=\"container\" data-e-type=\"container\" data-settings=\"{&quot;jet_parallax_layout_list&quot;:[],&quot;animation&quot;:&quot;fadeInLeft&quot;}\">\n\t\t\t\t<div class=\"elementor-element elementor-element-4e50d9e elementor-widget elementor-widget-heading\" data-id=\"4e50d9e\" data-element_type=\"widget\" data-e-type=\"widget\" data-widget_type=\"heading.default\">\n\t\t\t\t<div class=\"elementor-widget-container\">\n\t\t\t\t\t<h1 class=\"elementor-heading-title elementor-size-default\">Ixtapa Triathlon\n\n\n\n<\/h1>\t\t\t\t<\/div>\n\t\t\t\t<\/div>\n\t\t<div class=\"elementor-element elementor-element-4d6b3a5 e-con-full animated-slow e-flex elementor-invisible e-con e-child\" data-id=\"4d6b3a5\" data-element_type=\"container\" data-e-type=\"container\" data-settings=\"{&quot;jet_parallax_layout_list&quot;:[],&quot;animation&quot;:&quot;fadeInLeft&quot;}\">\n\t\t<div class=\"elementor-element elementor-element-bbad8cb e-flex e-con-boxed e-con e-child\" data-id=\"bbad8cb\" data-element_type=\"container\" data-e-type=\"container\" data-settings=\"{&quot;jet_parallax_layout_list&quot;:[],&quot;background_background&quot;:&quot;gradient&quot;}\">\n\t\t\t\t\t<div class=\"e-con-inner\">\n\t\t<div class=\"elementor-element elementor-element-1de2a78 e-con-full animated-slow e-flex elementor-invisible e-con e-child\" data-id=\"1de2a78\" data-element_type=\"container\" data-e-type=\"container\" data-settings=\"{&quot;jet_parallax_layout_list&quot;:[],&quot;animation&quot;:&quot;fadeInLeft&quot;,&quot;background_background&quot;:&quot;gradient&quot;}\">\n\t\t\t\t<div class=\"elementor-element elementor-element-f43d134 elementor-widget__width-initial elementor-widget elementor-widget-text-editor\" data-id=\"f43d134\" data-element_type=\"widget\" data-e-type=\"widget\" data-widget_type=\"text-editor.default\">\n\t\t\t\t<div class=\"elementor-widget-container\">\n\t\t\t\t\t\t\t\t\t<p>Date: June 8<\/p><p>Location: Ixtapa-Zihuatanejo, Guerrero<\/p>\t\t\t\t\t\t\t\t<\/div>\n\t\t\t\t<\/div>\n\t\t\t\t<\/div>\n\t\t\t\t\t<\/div>\n\t\t\t\t<\/div>\n\t\t\t\t<\/div>\n\t\t\t\t<div class=\"elementor-element elementor-element-b0012a0 elementor-widget elementor-widget-text-editor\" data-id=\"b0012a0\" data-element_type=\"widget\" data-e-type=\"widget\" data-widget_type=\"text-editor.default\">\n\t\t\t\t<div class=\"elementor-widget-container\">\n\t\t\t\t\t\t\t\t\t<p>The triathlon challenges competitors to test their endurance by swimming, cycling, and running.<span class=\"Apple-converted-space\">\u00a0<\/span><\/p><p>It takes place on Avenida Costera.<\/p><p>The second day is for Ironkids and Novices.<\/p>\t\t\t\t\t\t\t\t<\/div>\n\t\t\t\t<\/div>\n\t\t\t\t<\/div>\n\t\t<div class=\"elementor-element elementor-element-08334c2 e-con-full e-flex e-con e-child\" data-id=\"08334c2\" data-element_type=\"container\" data-e-type=\"container\" data-settings=\"{&quot;jet_parallax_layout_list&quot;:[]}\">\n\t\t\t\t<div class=\"elementor-element elementor-element-a2bed48 elementor-widget elementor-widget-image\" data-id=\"a2bed48\" data-element_type=\"widget\" data-e-type=\"widget\" data-widget_type=\"image.default\">\n\t\t\t\t<div class=\"elementor-widget-container\">\n\t\t\t\t\t\t\t\t\t\t\t\t\t\t\t<img loading=\"lazy\" decoding=\"async\" width=\"168\" height=\"300\" src=\"https:\/\/programadestinosmexico.com\/wp-content\/uploads\/2025\/05\/astri-triatlon-ixtapa.png\" class=\"attachment-medium_large size-medium_large wp-image-167958\" alt=\"\" srcset=\"https:\/\/programadestinosmexico.com\/wp-content\/uploads\/2025\/05\/astri-triatlon-ixtapa.png 168w, https:\/\/programadestinosmexico.com\/wp-content\/uploads\/2025\/05\/astri-triatlon-ixtapa-7x12.png 7w\" sizes=\"(max-width: 168px) 100vw, 168px\" \/>\t\t\t\t\t\t\t\t\t\t\t\t\t\t\t<\/div>\n\t\t\t\t<\/div>\n\t\t\t\t<\/div>\n\t\t\t\t\t<\/div>\n\t\t\t\t<\/div>\n\t\t<div class=\"elementor-element elementor-element-21c2f61 e-flex e-con-boxed e-con e-parent\" data-id=\"21c2f61\" data-element_type=\"container\" data-e-type=\"container\" data-settings=\"{&quot;jet_parallax_layout_list&quot;:[]}\">\n\t\t\t\t\t<div class=\"e-con-inner\">\n\t\t<div class=\"elementor-element elementor-element-bc1b48d e-con-full animated-slow e-flex elementor-invisible e-con e-child\" data-id=\"bc1b48d\" data-element_type=\"container\" data-e-type=\"container\" data-settings=\"{&quot;jet_parallax_layout_list&quot;:[],&quot;animation&quot;:&quot;fadeInLeft&quot;}\">\n\t\t\t\t<div class=\"elementor-element elementor-element-14fd015 elementor-widget elementor-widget-heading\" data-id=\"14fd015\" data-element_type=\"widget\" data-e-type=\"widget\" data-widget_type=\"heading.default\">\n\t\t\t\t<div class=\"elementor-widget-container\">\n\t\t\t\t\t<h1 class=\"elementor-heading-title elementor-size-default\">Alarconian Days (Jornadas Alarconianas)\n\n\n\n<\/h1>\t\t\t\t<\/div>\n\t\t\t\t<\/div>\n\t\t<div class=\"elementor-element elementor-element-311992e e-con-full animated-slow e-flex elementor-invisible e-con e-child\" data-id=\"311992e\" data-element_type=\"container\" data-e-type=\"container\" data-settings=\"{&quot;jet_parallax_layout_list&quot;:[],&quot;animation&quot;:&quot;fadeInLeft&quot;}\">\n\t\t<div class=\"elementor-element elementor-element-833ce72 e-flex e-con-boxed e-con e-child\" data-id=\"833ce72\" data-element_type=\"container\" data-e-type=\"container\" data-settings=\"{&quot;jet_parallax_layout_list&quot;:[],&quot;background_background&quot;:&quot;gradient&quot;}\">\n\t\t\t\t\t<div class=\"e-con-inner\">\n\t\t<div class=\"elementor-element elementor-element-dcd41b0 e-con-full animated-slow e-flex elementor-invisible e-con e-child\" data-id=\"dcd41b0\" data-element_type=\"container\" data-e-type=\"container\" data-settings=\"{&quot;jet_parallax_layout_list&quot;:[],&quot;animation&quot;:&quot;fadeInLeft&quot;,&quot;background_background&quot;:&quot;gradient&quot;}\">\n\t\t\t\t<div class=\"elementor-element elementor-element-110318d elementor-widget__width-initial elementor-widget elementor-widget-text-editor\" data-id=\"110318d\" data-element_type=\"widget\" data-e-type=\"widget\" data-widget_type=\"text-editor.default\">\n\t\t\t\t<div class=\"elementor-widget-container\">\n\t\t\t\t\t\t\t\t\t<p>Fecha: 17 al 24 de mayo<\/p><p>Location: Taxco, Guerrero<\/p>\t\t\t\t\t\t\t\t<\/div>\n\t\t\t\t<\/div>\n\t\t\t\t<\/div>\n\t\t\t\t\t<\/div>\n\t\t\t\t<\/div>\n\t\t\t\t<\/div>\n\t\t\t\t<div class=\"elementor-element elementor-element-b3ad146 elementor-widget elementor-widget-text-editor\" data-id=\"b3ad146\" data-element_type=\"widget\" data-e-type=\"widget\" data-widget_type=\"text-editor.default\">\n\t\t\t\t<div class=\"elementor-widget-container\">\n\t\t\t\t\t\t\t\t\t<p>The Alarconian Days are held to pay tribute to the famous genius of dramatic and theatrical literature of the Golden Age: Juan Ruiz de Alarc\u00f3n, born over 400 years ago in this beautiful Magic Town.<\/p><p>The event offers a program of more than 50 activities, including conferences, book presentations, exhibitions, workshops, and traditional alleyways. However, theater remains the protagonist of the festival.<\/p><p>There are activities dedicated to children, such as storytelling performances, improvisation story workshops, and plays adapted especially for the youngest family members.<\/p><p>The event takes place in various locations such as Plaza Borda, the former Hacienda de El Chorrillo, the Auditorium of the Cultural Center Casa Borda, and the Parish of Santa Prisca, as well as in the main squares and streets of the city.<\/p>\t\t\t\t\t\t\t\t<\/div>\n\t\t\t\t<\/div>\n\t\t\t\t<\/div>\n\t\t<div class=\"elementor-element elementor-element-707731f e-con-full e-flex e-con e-child\" data-id=\"707731f\" data-element_type=\"container\" data-e-type=\"container\" data-settings=\"{&quot;jet_parallax_layout_list&quot;:[]}\">\n\t\t\t\t<div class=\"elementor-element elementor-element-e60cbef elementor-widget elementor-widget-image\" data-id=\"e60cbef\" data-element_type=\"widget\" data-e-type=\"widget\" data-widget_type=\"image.default\">\n\t\t\t\t<div class=\"elementor-widget-container\">\n\t\t\t\t\t\t\t\t\t\t\t\t\t\t\t<img loading=\"lazy\" decoding=\"async\" width=\"768\" height=\"432\" src=\"https:\/\/programadestinosmexico.com\/wp-content\/uploads\/2025\/05\/Jornadas-Alarconianas-768x432.jpg\" class=\"attachment-medium_large size-medium_large wp-image-167950\" alt=\"\" srcset=\"https:\/\/programadestinosmexico.com\/wp-content\/uploads\/2025\/05\/Jornadas-Alarconianas-768x432.jpg 768w, https:\/\/programadestinosmexico.com\/wp-content\/uploads\/2025\/05\/Jornadas-Alarconianas-300x169.jpg 300w, https:\/\/programadestinosmexico.com\/wp-content\/uploads\/2025\/05\/Jornadas-Alarconianas-1024x576.jpg 1024w, https:\/\/programadestinosmexico.com\/wp-content\/uploads\/2025\/05\/Jornadas-Alarconianas-18x10.jpg 18w, https:\/\/programadestinosmexico.com\/wp-content\/uploads\/2025\/05\/Jornadas-Alarconianas.jpg 1280w\" sizes=\"(max-width: 768px) 100vw, 768px\" \/>\t\t\t\t\t\t\t\t\t\t\t\t\t\t\t<\/div>\n\t\t\t\t<\/div>\n\t\t\t\t<\/div>\n\t\t\t\t\t<\/div>\n\t\t\t\t<\/div>\n\t\t<div class=\"elementor-element elementor-element-f55d7b2 e-flex e-con-boxed e-con e-parent\" data-id=\"f55d7b2\" data-element_type=\"container\" data-e-type=\"container\" data-settings=\"{&quot;jet_parallax_layout_list&quot;:[]}\">\n\t\t\t\t\t<div class=\"e-con-inner\">\n\t\t<div class=\"elementor-element elementor-element-fd18836 e-con-full animated-slow e-flex elementor-invisible e-con e-child\" data-id=\"fd18836\" data-element_type=\"container\" data-e-type=\"container\" data-settings=\"{&quot;jet_parallax_layout_list&quot;:[],&quot;animation&quot;:&quot;fadeInLeft&quot;}\">\n\t\t\t\t<div class=\"elementor-element elementor-element-e885814 elementor-widget elementor-widget-heading\" data-id=\"e885814\" data-element_type=\"widget\" data-e-type=\"widget\" data-widget_type=\"heading.default\">\n\t\t\t\t<div class=\"elementor-widget-container\">\n\t\t\t\t\t<h1 class=\"elementor-heading-title elementor-size-default\">Millesime San Miguel de Allende\n\n\n\n<\/h1>\t\t\t\t<\/div>\n\t\t\t\t<\/div>\n\t\t<div class=\"elementor-element elementor-element-8a8b255 e-con-full animated-slow e-flex elementor-invisible e-con e-child\" data-id=\"8a8b255\" data-element_type=\"container\" data-e-type=\"container\" data-settings=\"{&quot;jet_parallax_layout_list&quot;:[],&quot;animation&quot;:&quot;fadeInLeft&quot;}\">\n\t\t<div class=\"elementor-element elementor-element-0d8e085 e-flex e-con-boxed e-con e-child\" data-id=\"0d8e085\" data-element_type=\"container\" data-e-type=\"container\" data-settings=\"{&quot;jet_parallax_layout_list&quot;:[],&quot;background_background&quot;:&quot;gradient&quot;}\">\n\t\t\t\t\t<div class=\"e-con-inner\">\n\t\t<div class=\"elementor-element elementor-element-addea97 e-con-full animated-slow e-flex elementor-invisible e-con e-child\" data-id=\"addea97\" data-element_type=\"container\" data-e-type=\"container\" data-settings=\"{&quot;jet_parallax_layout_list&quot;:[],&quot;animation&quot;:&quot;fadeInLeft&quot;,&quot;background_background&quot;:&quot;gradient&quot;}\">\n\t\t\t\t<div class=\"elementor-element elementor-element-0c88234 elementor-widget__width-initial elementor-widget elementor-widget-text-editor\" data-id=\"0c88234\" data-element_type=\"widget\" data-e-type=\"widget\" data-widget_type=\"text-editor.default\">\n\t\t\t\t<div class=\"elementor-widget-container\">\n\t\t\t\t\t\t\t\t\t<p>Fecha: 22 al 25 de mayo<\/p><p>Location: San Miguel de Allende, Guanajuato<\/p>\t\t\t\t\t\t\t\t<\/div>\n\t\t\t\t<\/div>\n\t\t\t\t<\/div>\n\t\t\t\t\t<\/div>\n\t\t\t\t<\/div>\n\t\t\t\t<\/div>\n\t\t\t\t<div class=\"elementor-element elementor-element-7f0b850 elementor-widget elementor-widget-text-editor\" data-id=\"7f0b850\" data-element_type=\"widget\" data-e-type=\"widget\" data-widget_type=\"text-editor.default\">\n\t\t\t\t<div class=\"elementor-widget-container\">\n\t\t\t\t\t\t\t\t\t<p>Guanajuato boasts one of the most versatile gastronomies in Mexico, blending traditional and avant-garde dishes. This great heritage, combined with the unique atmosphere of this place, seeks to offer an unforgettable experience to all attendees of the celebration.<\/p><p>The festival has created a sensory journey that delights the senses.<\/p><p>The event brings together national and international chefs, as well as the best wine labels from Guanajuato, Baja California, and Quer\u00e9taro.<\/p>\t\t\t\t\t\t\t\t<\/div>\n\t\t\t\t<\/div>\n\t\t\t\t<\/div>\n\t\t<div class=\"elementor-element elementor-element-17d5513 e-con-full e-flex e-con e-child\" data-id=\"17d5513\" data-element_type=\"container\" data-e-type=\"container\" data-settings=\"{&quot;jet_parallax_layout_list&quot;:[]}\">\n\t\t\t\t<div class=\"elementor-element elementor-element-2dae8d7 elementor-widget elementor-widget-image\" data-id=\"2dae8d7\" data-element_type=\"widget\" data-e-type=\"widget\" data-widget_type=\"image.default\">\n\t\t\t\t<div class=\"elementor-widget-container\">\n\t\t\t\t\t\t\t\t\t\t\t\t\t\t\t<img loading=\"lazy\" decoding=\"async\" width=\"375\" height=\"667\" src=\"https:\/\/programadestinosmexico.com\/wp-content\/uploads\/2025\/05\/millesime-san-miguel-de-allende.jpg\" class=\"attachment-medium_large size-medium_large wp-image-167951\" alt=\"\" srcset=\"https:\/\/programadestinosmexico.com\/wp-content\/uploads\/2025\/05\/millesime-san-miguel-de-allende.jpg 375w, https:\/\/programadestinosmexico.com\/wp-content\/uploads\/2025\/05\/millesime-san-miguel-de-allende-169x300.jpg 169w, https:\/\/programadestinosmexico.com\/wp-content\/uploads\/2025\/05\/millesime-san-miguel-de-allende-7x12.jpg 7w\" sizes=\"(max-width: 375px) 100vw, 375px\" \/>\t\t\t\t\t\t\t\t\t\t\t\t\t\t\t<\/div>\n\t\t\t\t<\/div>\n\t\t\t\t<\/div>\n\t\t\t\t\t<\/div>\n\t\t\t\t<\/div>\n\t\t<div class=\"elementor-element elementor-element-a2615c3 e-flex e-con-boxed e-con e-parent\" data-id=\"a2615c3\" data-element_type=\"container\" data-e-type=\"container\" data-settings=\"{&quot;jet_parallax_layout_list&quot;:[]}\">\n\t\t\t\t\t<div class=\"e-con-inner\">\n\t\t<div class=\"elementor-element elementor-element-d72d1a1 e-con-full animated-slow e-flex elementor-invisible e-con e-child\" data-id=\"d72d1a1\" data-element_type=\"container\" data-e-type=\"container\" data-settings=\"{&quot;jet_parallax_layout_list&quot;:[],&quot;animation&quot;:&quot;fadeInLeft&quot;}\">\n\t\t\t\t<div class=\"elementor-element elementor-element-1feb562 elementor-widget elementor-widget-heading\" data-id=\"1feb562\" data-element_type=\"widget\" data-e-type=\"widget\" data-widget_type=\"heading.default\">\n\t\t\t\t<div class=\"elementor-widget-container\">\n\t\t\t\t\t<h1 class=\"elementor-heading-title elementor-size-default\">Carnival of Joy Papantla (Carnaval de la Alegr\u00eda Papantla)\n\n\n\n<\/h1>\t\t\t\t<\/div>\n\t\t\t\t<\/div>\n\t\t<div class=\"elementor-element elementor-element-aed21b3 e-con-full animated-slow e-flex elementor-invisible e-con e-child\" data-id=\"aed21b3\" data-element_type=\"container\" data-e-type=\"container\" data-settings=\"{&quot;jet_parallax_layout_list&quot;:[],&quot;animation&quot;:&quot;fadeInLeft&quot;}\">\n\t\t<div class=\"elementor-element elementor-element-a21dee2 e-flex e-con-boxed e-con e-child\" data-id=\"a21dee2\" data-element_type=\"container\" data-e-type=\"container\" data-settings=\"{&quot;jet_parallax_layout_list&quot;:[],&quot;background_background&quot;:&quot;gradient&quot;}\">\n\t\t\t\t\t<div class=\"e-con-inner\">\n\t\t<div class=\"elementor-element elementor-element-4cb7973 e-con-full animated-slow e-flex elementor-invisible e-con e-child\" data-id=\"4cb7973\" data-element_type=\"container\" data-e-type=\"container\" data-settings=\"{&quot;jet_parallax_layout_list&quot;:[],&quot;animation&quot;:&quot;fadeInLeft&quot;,&quot;background_background&quot;:&quot;gradient&quot;}\">\n\t\t\t\t<div class=\"elementor-element elementor-element-16a088f elementor-widget__width-initial elementor-widget elementor-widget-text-editor\" data-id=\"16a088f\" data-element_type=\"widget\" data-e-type=\"widget\" data-widget_type=\"text-editor.default\">\n\t\t\t\t<div class=\"elementor-widget-container\">\n\t\t\t\t\t\t\t\t\t<p>Fecha: 24 de mayo<\/p><p>Location: Papantla, Veracruz<\/p>\t\t\t\t\t\t\t\t<\/div>\n\t\t\t\t<\/div>\n\t\t\t\t<\/div>\n\t\t\t\t\t<\/div>\n\t\t\t\t<\/div>\n\t\t\t\t<\/div>\n\t\t\t\t<div class=\"elementor-element elementor-element-1e6b26b elementor-widget elementor-widget-text-editor\" data-id=\"1e6b26b\" data-element_type=\"widget\" data-e-type=\"widget\" data-widget_type=\"text-editor.default\">\n\t\t\t\t<div class=\"elementor-widget-container\">\n\t\t\t\t\t\t\t\t\t<p>Es un evento lleno de tradici\u00f3n y alegr\u00eda que se lleva a cabo en este Pueblo M\u00e1gico.<\/p><p>Sus calles se decoran con arcos de flores y papel picado, as\u00ed como con murales temporales que tienen como tema los dioses de la fertilidad y la m\u00fasica.<\/p><p>Decenas de grupos forman parte del desfile que recorre sus calles, siempre mostrando sus ra\u00edces totonacas.<\/p><p>Hay conciertos, danza, y por supuesto tambi\u00e9n participan los famosos Voladores de Papantla.<\/p><p>En el evento tambi\u00e9n hay muestra gastron\u00f3mica en donde puedes probar el mole totonaco y el zacahuil, un enorme tamal, as\u00ed como el famoso caf\u00e9 arom\u00e1tico.<\/p>\t\t\t\t\t\t\t\t<\/div>\n\t\t\t\t<\/div>\n\t\t\t\t<\/div>\n\t\t<div class=\"elementor-element elementor-element-31987f5 e-con-full e-flex e-con e-child\" data-id=\"31987f5\" data-element_type=\"container\" data-e-type=\"container\" data-settings=\"{&quot;jet_parallax_layout_list&quot;:[]}\">\n\t\t\t\t<div class=\"elementor-element elementor-element-f6639a0 elementor-widget elementor-widget-image\" data-id=\"f6639a0\" data-element_type=\"widget\" data-e-type=\"widget\" data-widget_type=\"image.default\">\n\t\t\t\t<div class=\"elementor-widget-container\">\n\t\t\t\t\t\t\t\t\t\t\t\t\t\t\t<img loading=\"lazy\" decoding=\"async\" width=\"600\" height=\"481\" src=\"https:\/\/programadestinosmexico.com\/wp-content\/uploads\/2025\/05\/carnaval-papantla.webp\" class=\"attachment-medium_large size-medium_large wp-image-167954\" alt=\"\" srcset=\"https:\/\/programadestinosmexico.com\/wp-content\/uploads\/2025\/05\/carnaval-papantla.webp 600w, https:\/\/programadestinosmexico.com\/wp-content\/uploads\/2025\/05\/carnaval-papantla-300x241.webp 300w, https:\/\/programadestinosmexico.com\/wp-content\/uploads\/2025\/05\/carnaval-papantla-15x12.webp 15w\" sizes=\"(max-width: 600px) 100vw, 600px\" \/>\t\t\t\t\t\t\t\t\t\t\t\t\t\t\t<\/div>\n\t\t\t\t<\/div>\n\t\t\t\t<\/div>\n\t\t\t\t\t<\/div>\n\t\t\t\t<\/div>\n\t\t<div class=\"elementor-element elementor-element-bb50efb e-flex e-con-boxed e-con e-parent\" data-id=\"bb50efb\" data-element_type=\"container\" data-e-type=\"container\" data-settings=\"{&quot;jet_parallax_layout_list&quot;:[],&quot;background_background&quot;:&quot;classic&quot;}\">\n\t\t\t\t\t<div class=\"e-con-inner\">\n\t\t<div class=\"elementor-element elementor-element-eda5934 e-con-full animated-slow e-flex elementor-invisible e-con e-child\" data-id=\"eda5934\" data-element_type=\"container\" data-e-type=\"container\" data-settings=\"{&quot;jet_parallax_layout_list&quot;:[],&quot;animation&quot;:&quot;fadeInUp&quot;}\">\n\t\t\t\t<div class=\"elementor-element elementor-element-2045a60 elementor-widget elementor-widget-image\" data-id=\"2045a60\" data-element_type=\"widget\" data-e-type=\"widget\" data-widget_type=\"image.default\">\n\t\t\t\t<div class=\"elementor-widget-container\">\n\t\t\t\t\t\t\t\t\t\t\t\t\t\t\t\t<a href=\"https:\/\/programadestinosmexico.com\/en\/guias-turisticas-de-mexico\/cd-mexico-guia\/guia-turistica-ciudad-de-mexico.pdf\/\">\n\t\t\t\t\t\t\t<img loading=\"lazy\" decoding=\"async\" width=\"768\" height=\"257\" src=\"https:\/\/programadestinosmexico.com\/wp-content\/uploads\/2024\/01\/image-52-768x257.jpeg\" class=\"attachment-medium_large size-medium_large wp-image-89814\" alt=\"\" srcset=\"https:\/\/programadestinosmexico.com\/wp-content\/uploads\/2024\/01\/image-52-768x257.jpeg 768w, https:\/\/programadestinosmexico.com\/wp-content\/uploads\/2024\/01\/image-52-300x100.jpeg 300w, https:\/\/programadestinosmexico.com\/wp-content\/uploads\/2024\/01\/image-52-1024x343.jpeg 1024w, https:\/\/programadestinosmexico.com\/wp-content\/uploads\/2024\/01\/image-52-1536x514.jpeg 1536w, https:\/\/programadestinosmexico.com\/wp-content\/uploads\/2024\/01\/image-52-18x6.jpeg 18w, https:\/\/programadestinosmexico.com\/wp-content\/uploads\/2024\/01\/image-52.jpeg 1596w\" sizes=\"(max-width: 768px) 100vw, 768px\" \/>\t\t\t\t\t\t\t\t<\/a>\n\t\t\t\t\t\t\t\t\t\t\t\t\t\t\t<\/div>\n\t\t\t\t<\/div>\n\t\t\t\t<\/div>\n\t\t<div class=\"elementor-element elementor-element-9a29282 e-con-full animated-slow e-flex elementor-invisible e-con e-child\" data-id=\"9a29282\" data-element_type=\"container\" data-e-type=\"container\" data-settings=\"{&quot;jet_parallax_layout_list&quot;:[],&quot;animation&quot;:&quot;fadeInRight&quot;,&quot;background_background&quot;:&quot;classic&quot;}\">\n\t\t\t\t<div class=\"elementor-element elementor-element-84a91f1 elementor-widget elementor-widget-heading\" data-id=\"84a91f1\" data-element_type=\"widget\" data-e-type=\"widget\" data-widget_type=\"heading.default\">\n\t\t\t\t<div class=\"elementor-widget-container\">\n\t\t\t\t\t<h2 class=\"elementor-heading-title elementor-size-default\"><a href=\"https:\/\/programadestinosmexico.com\/en\/guias-turisticas-de-mexico\/cd-mexico-guia\/guia-turistica-ciudad-de-mexico.pdf\/\">Download your Free Travel Guide<\/a><\/h2>\t\t\t\t<\/div>\n\t\t\t\t<\/div>\n\t\t\t\t<div class=\"elementor-element elementor-element-d3e63b7 elementor-widget elementor-widget-text-editor\" data-id=\"d3e63b7\" data-element_type=\"widget\" data-e-type=\"widget\" data-widget_type=\"text-editor.default\">\n\t\t\t\t<div class=\"elementor-widget-container\">\n\t\t\t\t\t\t\t\t\t<p>and enjoy an unforgettable vacation<\/p>\t\t\t\t\t\t\t\t<\/div>\n\t\t\t\t<\/div>\n\t\t\t\t<div class=\"elementor-element elementor-element-e04d0ec elementor-widget elementor-widget-jet-button\" data-id=\"e04d0ec\" data-element_type=\"widget\" data-e-type=\"widget\" data-widget_type=\"jet-button.default\">\n\t\t\t\t<div class=\"elementor-widget-container\">\n\t\t\t\t\t<div class=\"elementor-jet-button jet-elements\"><div class=\"jet-button__container\">\n\t<a class=\"jet-button__instance jet-button__instance--icon-right hover-effect-0\" href=\"https:\/\/programadestinosmexico.com\/en\/guias-turisticas-de-mexico\/cd-mexico-guia\/guia-turistica-ciudad-de-mexico.pdf\/\">\n\t\t<div class=\"jet-button__plane jet-button__plane-normal\"><\/div>\n\t\t<div class=\"jet-button__plane jet-button__plane-hover\"><\/div>\n\t\t<div class=\"jet-button__state jet-button__state-normal\">\n\t\t\t<span class=\"jet-button__icon jet-elements-icon\"><i aria-hidden=\"true\" class=\"fas fa-arrow-right\"><\/i><\/span><span class=\"jet-button__label\">Click Here<\/span>\t\t<\/div>\n\t\t<div class=\"jet-button__state jet-button__state-hover\">\n\t\t\t<span class=\"jet-button__icon jet-elements-icon\"><i aria-hidden=\"true\" class=\"fas fa-arrow-right\"><\/i><\/span><span class=\"jet-button__label\">Click Here<\/span>\t\t<\/div>\n\t<\/a>\n<\/div>\n<\/div>\t\t\t\t<\/div>\n\t\t\t\t<\/div>\n\t\t\t\t<\/div>\n\t\t\t\t\t<\/div>\n\t\t\t\t<\/div>\n\t\t\t\t<\/div>","protected":false},"excerpt":{"rendered":"<p>DESCUBRE LAS FIESTAS, FERIAS Y EVENTOS DE M\u00c9XICO Septiembre Diciembre Enero Febrero Marzo Abril Mayo Junio Julio Agosto Septiembre Octubre Noviembre Diciembre Septiembre Diciembre Enero Febrero Marzo Abril Mayo Junio Julio Agosto Septiembre Octubre Noviembre Diciembre FIESTAS Y EVENTOS EN MAYO Feria Nacional de San Marcos Fecha: 19 de abril al 11 de mayo Lugar: [&hellip;]<\/p>\n","protected":false},"author":2,"featured_media":126380,"parent":0,"menu_order":0,"comment_status":"closed","ping_status":"closed","template":"","meta":{"om_disable_all_campaigns":false,"_monsterinsights_skip_tracking":false,"_monsterinsights_sitenote_active":false,"_monsterinsights_sitenote_note":"","_monsterinsights_sitenote_category":0,"footnotes":""},"class_list":["post-89811","page","type-page","status-publish","has-post-thumbnail","hentry"],"_links":{"self":[{"href":"https:\/\/programadestinosmexico.com\/en\/wp-json\/wp\/v2\/pages\/89811","targetHints":{"allow":["GET"]}}],"collection":[{"href":"https:\/\/programadestinosmexico.com\/en\/wp-json\/wp\/v2\/pages"}],"about":[{"href":"https:\/\/programadestinosmexico.com\/en\/wp-json\/wp\/v2\/types\/page"}],"author":[{"embeddable":true,"href":"https:\/\/programadestinosmexico.com\/en\/wp-json\/wp\/v2\/users\/2"}],"replies":[{"embeddable":true,"href":"https:\/\/programadestinosmexico.com\/en\/wp-json\/wp\/v2\/comments?post=89811"}],"version-history":[{"count":26,"href":"https:\/\/programadestinosmexico.com\/en\/wp-json\/wp\/v2\/pages\/89811\/revisions"}],"predecessor-version":[{"id":167961,"href":"https:\/\/programadestinosmexico.com\/en\/wp-json\/wp\/v2\/pages\/89811\/revisions\/167961"}],"wp:featuredmedia":[{"embeddable":true,"href":"https:\/\/programadestinosmexico.com\/en\/wp-json\/wp\/v2\/media\/126380"}],"wp:attachment":[{"href":"https:\/\/programadestinosmexico.com\/en\/wp-json\/wp\/v2\/media?parent=89811"}],"curies":[{"name":"wp","href":"https:\/\/api.w.org\/{rel}","templated":true}]}}