{"id":84521,"date":"2024-01-13T10:44:01","date_gmt":"2024-01-13T16:44:01","guid":{"rendered":"https:\/\/programadestinosmexico.com\/?page_id=84521"},"modified":"2025-05-05T13:07:51","modified_gmt":"2025-05-05T19:07:51","slug":"centro-de-convenciones-y-polyforum-chiapas","status":"publish","type":"page","link":"https:\/\/programadestinosmexico.com\/en\/centro-de-convenciones-y-polyforum-chiapas\/","title":{"rendered":"CENTRO DE CONVENCIONES Y POLYFORUM CHIAPAS"},"content":{"rendered":"<div data-elementor-type=\"wp-post\" data-elementor-id=\"84521\" class=\"elementor elementor-84521\" data-elementor-post-type=\"page\">\n\t\t\t\t\t\t<section class=\"elementor-section elementor-top-section elementor-element elementor-element-262f7890 elementor-section-full_width elementor-hidden-mobile elementor-section-height-default elementor-section-height-default\" data-id=\"262f7890\" data-element_type=\"section\" data-e-type=\"section\" data-settings=\"{&quot;jet_parallax_layout_list&quot;:[]}\">\n\t\t\t\t\t\t<div class=\"elementor-container elementor-column-gap-default\">\n\t\t\t\t\t<div class=\"elementor-column elementor-col-100 elementor-top-column elementor-element elementor-element-c27901e\" data-id=\"c27901e\" data-element_type=\"column\" data-e-type=\"column\">\n\t\t\t<div class=\"elementor-widget-wrap elementor-element-populated\">\n\t\t\t\t\t\t<div class=\"elementor-element elementor-element-2ee1e0ba elementor-hidden-mobile elementor-widget elementor-widget-jet-slider\" data-id=\"2ee1e0ba\" data-element_type=\"widget\" data-e-type=\"widget\" data-settings=\"{&quot;slider_height&quot;:{&quot;unit&quot;:&quot;px&quot;,&quot;size&quot;:400,&quot;sizes&quot;:[]},&quot;slider_height_tablet&quot;:{&quot;unit&quot;:&quot;px&quot;,&quot;size&quot;:&quot;&quot;,&quot;sizes&quot;:[]},&quot;slider_height_mobile&quot;:{&quot;unit&quot;:&quot;px&quot;,&quot;size&quot;:&quot;&quot;,&quot;sizes&quot;:[]}}\" data-widget_type=\"jet-slider.default\">\n\t\t\t\t<div class=\"elementor-widget-container\">\n\t\t\t\t\t<div class=\"elementor-jet-slider jet-elements\">\n<div class=\"jet-slider jet-slider__image-exact\" data-settings='{&quot;sliderWidth&quot;:1,&quot;sliderHeight&quot;:1,&quot;sliderNavigation&quot;:false,&quot;sliderNavigationIcon&quot;:&quot;jet-slider__arrow-icon-2ee1e0ba&quot;,&quot;sliderNaviOnHover&quot;:false,&quot;sliderPagination&quot;:false,&quot;sliderAutoplay&quot;:true,&quot;sliderAutoplayDelay&quot;:5000,&quot;sliderAutoplayOnHover&quot;:&quot;pause&quot;,&quot;sliderFullScreen&quot;:false,&quot;sliderFullscreenIcon&quot;:&quot;jet-slider__fullscreen-icon-2ee1e0ba&quot;,&quot;sliderShuffle&quot;:false,&quot;sliderLoop&quot;:true,&quot;sliderFadeMode&quot;:false,&quot;slideDistance&quot;:1,&quot;slideDuration&quot;:500,&quot;imageScaleMode&quot;:&quot;exact&quot;,&quot;thumbnails&quot;:false,&quot;thumbnailWidth&quot;:120,&quot;thumbnailHeight&quot;:80,&quot;rightToLeft&quot;:false,&quot;touchswipe&quot;:true,&quot;fractionPag&quot;:false,&quot;fractionPrefix&quot;:&quot;&quot;,&quot;fractionSeparator&quot;:&quot;\\\/&quot;,&quot;fractionSuffix&quot;:&quot;&quot;,&quot;autoSliderHeight&quot;:false}'>\n\t\n<div  class=\"slider-pro\">\n\t<div class=\"jet-slider__arrow-icon-2ee1e0ba hidden-html\"><\/div><div class=\"jet-slider__fullscreen-icon-2ee1e0ba hidden-html\"><\/div>\t<div class=\"jet-slider__items sp-slides\">\n\n\n<div  class=\"jet-slider__item sp-slide elementor-repeater-item-c8b6f42\"><img decoding=\"async\" class=\"sp-image\" src=\"https:\/\/programadestinosmexico.com\/wp-content\/uploads\/2024\/01\/BANNER-CENTRO-DE-CONVENCIONES-Y-POLYFORUM-CHIAPAS-2.jpg\" alt=\"BANNER-CENTRO DE CONVENCIONES Y POLYFORUM CHIAPAS 2\" loading=\"lazy\"><div class=\"jet-slider__content sp-layer\" data-position=\"centerCenter\" data-width=\"100%\" data-height=\"100%\" data-horizontal=\"0%\" data-show-transition=\"up\" data-show-duration=\"400\" data-show-delay=\"400\" >\n\t\t<div class=\"jet-slider__content-item\">\n\t\t\t<div class=\"jet-slider__content-inner\"> \n\n\t\t\t\t\t\t<div class=\"jet-slider__button-wrapper\">\t\t\t\t\t\t<\/div><\/div>\n\t\t<\/div>\n\t\t\t<\/div>\n<\/div>\n\n<div  class=\"jet-slider__item sp-slide elementor-repeater-item-c53fcb8\"><img decoding=\"async\" class=\"sp-image\" src=\"https:\/\/programadestinosmexico.com\/wp-content\/uploads\/2024\/01\/BANNER-CENTRO-DE-CONVENCIONES-Y-POLYFORUM-CHIAPAS-3.jpg\" alt=\"BANNER-CENTRO DE CONVENCIONES Y POLYFORUM CHIAPAS 3\" loading=\"lazy\"><div class=\"jet-slider__content sp-layer\" data-position=\"centerCenter\" data-width=\"100%\" data-height=\"100%\" data-horizontal=\"0%\" data-show-transition=\"up\" data-show-duration=\"400\" data-show-delay=\"400\" >\n\t\t<div class=\"jet-slider__content-item\">\n\t\t\t<div class=\"jet-slider__content-inner\"> \n\n\t\t\t\t\t\t<div class=\"jet-slider__button-wrapper\">\t\t\t\t\t\t<\/div><\/div>\n\t\t<\/div>\n\t\t\t<\/div>\n<\/div>\n\n<div  class=\"jet-slider__item sp-slide elementor-repeater-item-a008553\"><img decoding=\"async\" class=\"sp-image\" src=\"https:\/\/programadestinosmexico.com\/wp-content\/uploads\/2024\/01\/BANNER-CENTRO-DE-CONVENCIONES-Y-POLYFORUM-CHIAPAS.jpg\" alt=\"BANNER-CENTRO DE CONVENCIONES Y POLYFORUM CHIAPAS\" loading=\"lazy\"><div class=\"jet-slider__content sp-layer\" data-position=\"centerCenter\" data-width=\"100%\" data-height=\"100%\" data-horizontal=\"0%\" data-show-transition=\"up\" data-show-duration=\"400\" data-show-delay=\"400\" >\n\t\t<div class=\"jet-slider__content-item\">\n\t\t\t<div class=\"jet-slider__content-inner\"> \n\n\t\t\t\t\t\t<div class=\"jet-slider__button-wrapper\">\t\t\t\t\t\t<\/div><\/div>\n\t\t<\/div>\n\t\t\t<\/div>\n<\/div>\n\n<\/div>\n<\/div>\n<\/div>\n<\/div>\t\t\t\t<\/div>\n\t\t\t\t<\/div>\n\t\t\t\t\t<\/div>\n\t\t<\/div>\n\t\t\t\t\t<\/div>\n\t\t<\/section>\n\t\t\t\t<section class=\"elementor-section elementor-top-section elementor-element elementor-element-88054e7 elementor-section-full_width elementor-hidden-desktop elementor-hidden-tablet elementor-section-height-default elementor-section-height-default\" data-id=\"88054e7\" data-element_type=\"section\" data-e-type=\"section\" data-settings=\"{&quot;jet_parallax_layout_list&quot;:[]}\">\n\t\t\t\t\t\t<div class=\"elementor-container elementor-column-gap-default\">\n\t\t\t\t\t<div class=\"elementor-column elementor-col-100 elementor-top-column elementor-element elementor-element-e8b2c96\" data-id=\"e8b2c96\" data-element_type=\"column\" data-e-type=\"column\">\n\t\t\t<div class=\"elementor-widget-wrap elementor-element-populated\">\n\t\t\t\t\t\t<div class=\"elementor-element elementor-element-1c63b95 elementor-widget elementor-widget-jet-slider\" data-id=\"1c63b95\" data-element_type=\"widget\" data-e-type=\"widget\" data-settings=\"{&quot;slider_height&quot;:{&quot;unit&quot;:&quot;px&quot;,&quot;size&quot;:400,&quot;sizes&quot;:[]},&quot;slider_height_tablet&quot;:{&quot;unit&quot;:&quot;px&quot;,&quot;size&quot;:&quot;&quot;,&quot;sizes&quot;:[]},&quot;slider_height_mobile&quot;:{&quot;unit&quot;:&quot;px&quot;,&quot;size&quot;:&quot;&quot;,&quot;sizes&quot;:[]}}\" data-widget_type=\"jet-slider.default\">\n\t\t\t\t<div class=\"elementor-widget-container\">\n\t\t\t\t\t<div class=\"elementor-jet-slider jet-elements\">\n<div class=\"jet-slider jet-slider__image-exact\" data-settings='{&quot;sliderWidth&quot;:1,&quot;sliderHeight&quot;:1,&quot;sliderNavigation&quot;:false,&quot;sliderNavigationIcon&quot;:&quot;jet-slider__arrow-icon-1c63b95&quot;,&quot;sliderNaviOnHover&quot;:false,&quot;sliderPagination&quot;:false,&quot;sliderAutoplay&quot;:true,&quot;sliderAutoplayDelay&quot;:5000,&quot;sliderAutoplayOnHover&quot;:&quot;pause&quot;,&quot;sliderFullScreen&quot;:false,&quot;sliderFullscreenIcon&quot;:&quot;jet-slider__fullscreen-icon-1c63b95&quot;,&quot;sliderShuffle&quot;:false,&quot;sliderLoop&quot;:true,&quot;sliderFadeMode&quot;:false,&quot;slideDistance&quot;:1,&quot;slideDuration&quot;:500,&quot;imageScaleMode&quot;:&quot;exact&quot;,&quot;thumbnails&quot;:false,&quot;thumbnailWidth&quot;:120,&quot;thumbnailHeight&quot;:80,&quot;rightToLeft&quot;:false,&quot;touchswipe&quot;:true,&quot;fractionPag&quot;:false,&quot;fractionPrefix&quot;:&quot;&quot;,&quot;fractionSeparator&quot;:&quot;\\\/&quot;,&quot;fractionSuffix&quot;:&quot;&quot;,&quot;autoSliderHeight&quot;:false}'>\n\t\n<div  class=\"slider-pro\">\n\t<div class=\"jet-slider__arrow-icon-1c63b95 hidden-html\"><\/div><div class=\"jet-slider__fullscreen-icon-1c63b95 hidden-html\"><\/div>\t<div class=\"jet-slider__items sp-slides\">\n\n\n<div  class=\"jet-slider__item sp-slide elementor-repeater-item-c8b6f42\"><img decoding=\"async\" class=\"sp-image\" src=\"https:\/\/programadestinosmexico.com\/wp-content\/uploads\/2024\/01\/BANNER-CENTRO-DE-CONVENCIONES-Y-POLYFORUM-CHIAPAS-2.jpg\" alt=\"BANNER-CENTRO DE CONVENCIONES Y POLYFORUM CHIAPAS 2\" loading=\"lazy\"><div class=\"jet-slider__content sp-layer\" data-position=\"centerCenter\" data-width=\"100%\" data-height=\"100%\" data-horizontal=\"0%\" data-show-transition=\"up\" data-show-duration=\"400\" data-show-delay=\"400\" >\n\t\t<div class=\"jet-slider__content-item\">\n\t\t\t<div class=\"jet-slider__content-inner\"> \n\n\t\t\t\t\t\t<div class=\"jet-slider__button-wrapper\">\t\t\t\t\t\t<\/div><\/div>\n\t\t<\/div>\n\t\t\t<\/div>\n<\/div>\n\n<div  class=\"jet-slider__item sp-slide elementor-repeater-item-c53fcb8\"><img decoding=\"async\" class=\"sp-image\" src=\"https:\/\/programadestinosmexico.com\/wp-content\/uploads\/2024\/01\/BANNER-CENTRO-DE-CONVENCIONES-Y-POLYFORUM-CHIAPAS-3.jpg\" alt=\"BANNER-CENTRO DE CONVENCIONES Y POLYFORUM CHIAPAS 3\" loading=\"lazy\"><div class=\"jet-slider__content sp-layer\" data-position=\"centerCenter\" data-width=\"100%\" data-height=\"100%\" data-horizontal=\"0%\" data-show-transition=\"up\" data-show-duration=\"400\" data-show-delay=\"400\" >\n\t\t<div class=\"jet-slider__content-item\">\n\t\t\t<div class=\"jet-slider__content-inner\"> \n\n\t\t\t\t\t\t<div class=\"jet-slider__button-wrapper\">\t\t\t\t\t\t<\/div><\/div>\n\t\t<\/div>\n\t\t\t<\/div>\n<\/div>\n\n<div  class=\"jet-slider__item sp-slide elementor-repeater-item-a008553\"><img decoding=\"async\" class=\"sp-image\" src=\"https:\/\/programadestinosmexico.com\/wp-content\/uploads\/2024\/01\/BANNER-CENTRO-DE-CONVENCIONES-Y-POLYFORUM-CHIAPAS.jpg\" alt=\"BANNER-CENTRO DE CONVENCIONES Y POLYFORUM CHIAPAS\" loading=\"lazy\"><div class=\"jet-slider__content sp-layer\" data-position=\"centerCenter\" data-width=\"100%\" data-height=\"100%\" data-horizontal=\"0%\" data-show-transition=\"up\" data-show-duration=\"400\" data-show-delay=\"400\" >\n\t\t<div class=\"jet-slider__content-item\">\n\t\t\t<div class=\"jet-slider__content-inner\"> \n\n\t\t\t\t\t\t<div class=\"jet-slider__button-wrapper\">\t\t\t\t\t\t<\/div><\/div>\n\t\t<\/div>\n\t\t\t<\/div>\n<\/div>\n\n<\/div>\n<\/div>\n<\/div>\n<\/div>\t\t\t\t<\/div>\n\t\t\t\t<\/div>\n\t\t\t\t\t<\/div>\n\t\t<\/div>\n\t\t\t\t\t<\/div>\n\t\t<\/section>\n\t\t<div class=\"elementor-element elementor-element-a2cb057 e-flex e-con-boxed elementor-invisible e-con e-parent\" data-id=\"a2cb057\" data-element_type=\"container\" data-e-type=\"container\" data-settings=\"{&quot;jet_parallax_layout_list&quot;:[],&quot;animation&quot;:&quot;fadeInUp&quot;}\">\n\t\t\t\t\t<div class=\"e-con-inner\">\n\t\t\t\t<div class=\"elementor-element elementor-element-14ea9a4 elementor-widget elementor-widget-jet-accordion\" data-id=\"14ea9a4\" data-element_type=\"widget\" data-e-type=\"widget\" data-widget_type=\"jet-accordion.default\">\n\t\t\t\t<div class=\"elementor-widget-container\">\n\t\t\t\t\t\t\t\t\t<div class=\"jet-accordion\" data-settings=\"{&quot;collapsible&quot;:false,&quot;ajaxTemplate&quot;:false,&quot;switchScrolling&quot;:false,&quot;switchScrollingTablet&quot;:false,&quot;switchScrollingMobile&quot;:false,&quot;switchScrollingOffset&quot;:{&quot;size&quot;:0,&quot;unit&quot;:&quot;px&quot;},&quot;switchScrollingOffsetTablet&quot;:{&quot;size&quot;:0,&quot;unit&quot;:&quot;px&quot;},&quot;switchScrollingOffsetMobile&quot;:{&quot;size&quot;:0,&quot;unit&quot;:&quot;px&quot;},&quot;switchScrollingDelay&quot;:500,&quot;switchScrollingDelayTablet&quot;:500,&quot;switchScrollingDelayMobile&quot;:500}\">\n\t\t\t<div class=\"jet-accordion__inner\">\n\t\t\t\t<div class=\"jet-accordion__item jet-toggle jet-toggle-move-up-effect\">\n\t\t\t\t\t\t\t<div id=\"jet-toggle-control-2191\" class=\"jet-toggle__control elementor-menu-anchor\" data-toggle=\"1\" role=\"button\" tabindex=\"0\" aria-controls=\"jet-toggle-content-2191\" aria-expanded=\"false\" data-template-id=\"12141\">\n\t\t\t\t\t\t\t\t<div class=\"jet-toggle__label-icon jet-toggle-icon-position-left\"><span class=\"jet-toggle__icon icon-normal jet-tabs-icon\"><i class=\"fas fa-plus\"><\/i><\/span><span class=\"jet-toggle__icon icon-active jet-tabs-icon\"><i class=\"fas fa-minus\"><\/i><\/span><\/div><div class=\"jet-toggle__label-text\">DISCOVER THE BEST CONVENTION CENTERS IN MEXICO<\/div>\t\t\t\t\t\t\t<\/div>\n\t\t\t\t\t\t\t<div id=\"jet-toggle-content-2191\" class=\"jet-toggle__content\" data-toggle=\"1\" role=\"region\" data-template-id=\"12141\">\n\t\t\t\t\t\t\t\t<div class=\"jet-toggle__content-inner\">\t\t<div data-elementor-type=\"section\" data-elementor-id=\"12141\" class=\"elementor elementor-12141\" data-elementor-post-type=\"elementor_library\">\n\t\t\t<div class=\"elementor-element elementor-element-c47d72e elementor-hidden-mobile e-flex e-con-boxed e-con e-parent\" data-id=\"c47d72e\" data-element_type=\"container\" data-e-type=\"container\" data-settings=\"{&quot;jet_parallax_layout_list&quot;:[]}\">\n\t\t\t\t\t<div class=\"e-con-inner\">\n\t\t<div class=\"elementor-element elementor-element-685a870 e-con-full e-flex e-con e-child\" data-id=\"685a870\" data-element_type=\"container\" data-e-type=\"container\" data-settings=\"{&quot;background_background&quot;:&quot;classic&quot;,&quot;jet_parallax_layout_list&quot;:[]}\">\n\t\t<div class=\"elementor-element elementor-element-6385d55 e-flex e-con-boxed e-con e-child\" data-id=\"6385d55\" data-element_type=\"container\" data-e-type=\"container\" data-settings=\"{&quot;background_background&quot;:&quot;classic&quot;,&quot;jet_parallax_layout_list&quot;:[]}\">\n\t\t\t\t\t<div class=\"e-con-inner\">\n\t\t\t\t<div class=\"elementor-element elementor-element-97d6fa1 elementor-widget elementor-widget-heading\" data-id=\"97d6fa1\" data-element_type=\"widget\" data-e-type=\"widget\" data-widget_type=\"heading.default\">\n\t\t\t\t<div class=\"elementor-widget-container\">\n\t\t\t\t\t<h2 class=\"elementor-heading-title elementor-size-default\"><a href=\"https:\/\/programadestinosmexico.com\/golf\/los-cabos.html\">Centro Expositor de Puebla<\/a><\/h2>\t\t\t\t<\/div>\n\t\t\t\t<\/div>\n\t\t\t\t\t<\/div>\n\t\t\t\t<\/div>\n\t\t\t\t<div class=\"elementor-element elementor-element-a1842ce elementor-widget elementor-widget-image\" data-id=\"a1842ce\" data-element_type=\"widget\" data-e-type=\"widget\" data-widget_type=\"image.default\">\n\t\t\t\t<div class=\"elementor-widget-container\">\n\t\t\t\t\t\t\t\t\t\t\t\t\t\t\t\t<a href=\"https:\/\/programadestinosmexico.com\/en\/centro-expositor-de-puebla\/\">\n\t\t\t\t\t\t\t<img fetchpriority=\"high\" decoding=\"async\" width=\"768\" height=\"510\" src=\"https:\/\/programadestinosmexico.com\/wp-content\/uploads\/2023\/09\/CENTRO-EXPOSITOR-DE-PUEBLA-RECINTOS-768x510.jpg\" class=\"attachment-medium_large size-medium_large wp-image-12142\" alt=\"\" srcset=\"https:\/\/programadestinosmexico.com\/wp-content\/uploads\/2023\/09\/CENTRO-EXPOSITOR-DE-PUEBLA-RECINTOS-768x510.jpg 768w, https:\/\/programadestinosmexico.com\/wp-content\/uploads\/2023\/09\/CENTRO-EXPOSITOR-DE-PUEBLA-RECINTOS-300x199.jpg 300w, https:\/\/programadestinosmexico.com\/wp-content\/uploads\/2023\/09\/CENTRO-EXPOSITOR-DE-PUEBLA-RECINTOS-1024x680.jpg 1024w, https:\/\/programadestinosmexico.com\/wp-content\/uploads\/2023\/09\/CENTRO-EXPOSITOR-DE-PUEBLA-RECINTOS-1536x1020.jpg 1536w, https:\/\/programadestinosmexico.com\/wp-content\/uploads\/2023\/09\/CENTRO-EXPOSITOR-DE-PUEBLA-RECINTOS-2048x1360.jpg 2048w\" sizes=\"(max-width: 768px) 100vw, 768px\" \/>\t\t\t\t\t\t\t\t<\/a>\n\t\t\t\t\t\t\t\t\t\t\t\t\t\t\t<\/div>\n\t\t\t\t<\/div>\n\t\t<div class=\"elementor-element elementor-element-ffbf8fb e-flex e-con-boxed e-con e-child\" data-id=\"ffbf8fb\" data-element_type=\"container\" data-e-type=\"container\" data-settings=\"{&quot;background_background&quot;:&quot;classic&quot;,&quot;jet_parallax_layout_list&quot;:[]}\">\n\t\t\t\t\t<div class=\"e-con-inner\">\n\t\t\t\t<div class=\"elementor-element elementor-element-d427a90 elementor-widget elementor-widget-heading\" data-id=\"d427a90\" data-element_type=\"widget\" data-e-type=\"widget\" data-widget_type=\"heading.default\">\n\t\t\t\t<div class=\"elementor-widget-container\">\n\t\t\t\t\t<h2 class=\"elementor-heading-title elementor-size-default\"><a href=\"https:\/\/programadestinosmexico.com\/golf\/cancun.html\">Expo Mundo Imperial<\/a><\/h2>\t\t\t\t<\/div>\n\t\t\t\t<\/div>\n\t\t\t\t\t<\/div>\n\t\t\t\t<\/div>\n\t\t\t\t<div class=\"elementor-element elementor-element-d95b2b0 elementor-widget elementor-widget-image\" data-id=\"d95b2b0\" data-element_type=\"widget\" data-e-type=\"widget\" data-widget_type=\"image.default\">\n\t\t\t\t<div class=\"elementor-widget-container\">\n\t\t\t\t\t\t\t\t\t\t\t\t\t\t\t\t<a href=\"https:\/\/programadestinosmexico.com\/en\/expo-mundo-imperial-acapulco\/\">\n\t\t\t\t\t\t\t<img decoding=\"async\" width=\"768\" height=\"510\" src=\"https:\/\/programadestinosmexico.com\/wp-content\/uploads\/2023\/09\/EXPO-MUNDO-IMPERIAL-RECINTOS-768x510.jpg\" class=\"attachment-medium_large size-medium_large wp-image-12144\" alt=\"\" srcset=\"https:\/\/programadestinosmexico.com\/wp-content\/uploads\/2023\/09\/EXPO-MUNDO-IMPERIAL-RECINTOS-768x510.jpg 768w, https:\/\/programadestinosmexico.com\/wp-content\/uploads\/2023\/09\/EXPO-MUNDO-IMPERIAL-RECINTOS-300x199.jpg 300w, https:\/\/programadestinosmexico.com\/wp-content\/uploads\/2023\/09\/EXPO-MUNDO-IMPERIAL-RECINTOS-1024x680.jpg 1024w, https:\/\/programadestinosmexico.com\/wp-content\/uploads\/2023\/09\/EXPO-MUNDO-IMPERIAL-RECINTOS-1536x1020.jpg 1536w, https:\/\/programadestinosmexico.com\/wp-content\/uploads\/2023\/09\/EXPO-MUNDO-IMPERIAL-RECINTOS-2048x1360.jpg 2048w\" sizes=\"(max-width: 768px) 100vw, 768px\" \/>\t\t\t\t\t\t\t\t<\/a>\n\t\t\t\t\t\t\t\t\t\t\t\t\t\t\t<\/div>\n\t\t\t\t<\/div>\n\t\t<div class=\"elementor-element elementor-element-8c924c2 e-flex e-con-boxed e-con e-child\" data-id=\"8c924c2\" data-element_type=\"container\" data-e-type=\"container\" data-settings=\"{&quot;background_background&quot;:&quot;classic&quot;,&quot;jet_parallax_layout_list&quot;:[]}\">\n\t\t\t\t\t<div class=\"e-con-inner\">\n\t\t\t\t<div class=\"elementor-element elementor-element-faf1275 elementor-widget elementor-widget-heading\" data-id=\"faf1275\" data-element_type=\"widget\" data-e-type=\"widget\" data-widget_type=\"heading.default\">\n\t\t\t\t<div class=\"elementor-widget-container\">\n\t\t\t\t\t<h2 class=\"elementor-heading-title elementor-size-default\">Recintos de Aguascalientes <\/h2>\t\t\t\t<\/div>\n\t\t\t\t<\/div>\n\t\t\t\t\t<\/div>\n\t\t\t\t<\/div>\n\t\t\t\t<div class=\"elementor-element elementor-element-7bb3383 elementor-widget elementor-widget-image\" data-id=\"7bb3383\" data-element_type=\"widget\" data-e-type=\"widget\" data-widget_type=\"image.default\">\n\t\t\t\t<div class=\"elementor-widget-container\">\n\t\t\t\t\t\t\t\t\t\t\t\t\t\t\t\t<a href=\"https:\/\/programadestinosmexico.com\/en\/centro-de-convenciones-isla-san-marcos\/\">\n\t\t\t\t\t\t\t<img decoding=\"async\" width=\"768\" height=\"510\" src=\"https:\/\/programadestinosmexico.com\/wp-content\/uploads\/2023\/09\/RECINTOS-DE-AGUASCALIENTES-RECINTOS-768x510.jpg\" class=\"attachment-medium_large size-medium_large wp-image-12146\" alt=\"\" srcset=\"https:\/\/programadestinosmexico.com\/wp-content\/uploads\/2023\/09\/RECINTOS-DE-AGUASCALIENTES-RECINTOS-768x510.jpg 768w, https:\/\/programadestinosmexico.com\/wp-content\/uploads\/2023\/09\/RECINTOS-DE-AGUASCALIENTES-RECINTOS-300x199.jpg 300w, https:\/\/programadestinosmexico.com\/wp-content\/uploads\/2023\/09\/RECINTOS-DE-AGUASCALIENTES-RECINTOS-1024x680.jpg 1024w, https:\/\/programadestinosmexico.com\/wp-content\/uploads\/2023\/09\/RECINTOS-DE-AGUASCALIENTES-RECINTOS-1536x1020.jpg 1536w, https:\/\/programadestinosmexico.com\/wp-content\/uploads\/2023\/09\/RECINTOS-DE-AGUASCALIENTES-RECINTOS-2048x1360.jpg 2048w\" sizes=\"(max-width: 768px) 100vw, 768px\" \/>\t\t\t\t\t\t\t\t<\/a>\n\t\t\t\t\t\t\t\t\t\t\t\t\t\t\t<\/div>\n\t\t\t\t<\/div>\n\t\t\t\t<\/div>\n\t\t<div class=\"elementor-element elementor-element-280942b e-con-full e-flex e-con e-child\" data-id=\"280942b\" data-element_type=\"container\" data-e-type=\"container\" data-settings=\"{&quot;background_background&quot;:&quot;classic&quot;,&quot;jet_parallax_layout_list&quot;:[]}\">\n\t\t<div class=\"elementor-element elementor-element-86c501b e-flex e-con-boxed e-con e-child\" data-id=\"86c501b\" data-element_type=\"container\" data-e-type=\"container\" data-settings=\"{&quot;jet_parallax_layout_list&quot;:[]}\">\n\t\t\t\t\t<div class=\"e-con-inner\">\n\t\t<div class=\"elementor-element elementor-element-c7ddee0 e-con-full e-flex e-con e-child\" data-id=\"c7ddee0\" data-element_type=\"container\" data-e-type=\"container\" data-settings=\"{&quot;jet_parallax_layout_list&quot;:[]}\">\n\t\t\t\t<div class=\"elementor-element elementor-element-6f7c39b elementor-widget elementor-widget-heading\" data-id=\"6f7c39b\" data-element_type=\"widget\" data-e-type=\"widget\" data-widget_type=\"heading.default\">\n\t\t\t\t<div class=\"elementor-widget-container\">\n\t\t\t\t\t<h2 class=\"elementor-heading-title elementor-size-default\">Beaches<\/h2>\t\t\t\t<\/div>\n\t\t\t\t<\/div>\n\t\t\t\t<div class=\"elementor-element elementor-element-a5a1a3d elementor-widget elementor-widget-html\" data-id=\"a5a1a3d\" data-element_type=\"widget\" data-e-type=\"widget\" data-widget_type=\"html.default\">\n\t\t\t\t<div class=\"elementor-widget-container\">\n\t\t\t\t\t<!DOCTYPE html>\n<html lang=\"es\">\n<head>\n<meta charset=\"UTF-8\">\n<meta name=\"viewport\" content=\"width=device-width, initial-scale=1.0\">\n<title>Men\u00fa desplegable personalizable<\/title>\n<link rel=\"stylesheet\" href=\"https:\/\/cdnjs.cloudflare.com\/ajax\/libs\/font-awesome\/6.0.0-beta3\/css\/all.min.css\" crossorigin=\"anonymous\" \/>\n<style>\n  body {\n    font-family: Arial, sans-serif;\n  }\n\n  .menu-principal {\n    list-style-type: none;\n    margin: 0;\n    padding: 0;\n    background-color: #33333300;\n    width: 200px;\n  }\n\n  .menu-item {\n    position: relative;\n  }\n\n  .menu-item a {\n    display: block;\n    padding: 8px 16px;\n    color: #5E5E5E;\n    text-decoration: none;\n    line-height: 14px; \/* Cambiado aqu\u00ed *\/\n  }\n\n  .menu-item a:hover {\n    background-color: #11111100;\n    color: #B7BEA0;\n  }\n\n  .sub-menu {\n    display: none;\n    position: relative;\n    list-style-type: none;\n    margin: 0;\n    padding: 0;\n    background-color: #33333300;\n    width: 100%;\n  }\n\n  .sub-menu a {\n    padding: 8px 16px;\n    color: #5E5E5E;\n    text-decoration: none;\n    line-height: 14px; \/* Cambiado aqu\u00ed *\/\n  }\n\n  .sub-menu a:hover {\n    background-color: #11111100;\n    color: #B7BEA0;\n  }\n\n  .menu-item:hover .sub-menu {\n    display: block;\n  }\n\n<\/style>\n<\/head>\n<body>\n\n<ul class=\"menu-principal\">\n  <li class=\"menu-item\">\n    <a href=\"\">Acapulco<i class=\"https:\/\/programadestinosmexico.com\/expo-mundo-imperial-acapulco\"><\/i><\/a>\n    <ul class=\"sub-menu\">\n    \n    <li><a href=\"https:\/\/programadestinosmexico.com\/en\/expo-mundo-imperial-acapulco\/\">Expo Mundo Imperial<\/a><\/li>\n      <!-- Agrega m\u00e1s elementos de submen\u00fa aqu\u00ed -->\n    <\/ul>\n  <\/li>\n  <li class=\"menu-item\">\n    <a href=\"\">Canc\u00fan <i class=\"fas fa-angle-right desplegable\"><\/i><\/a>\n    <ul class=\"sub-menu\">\n      <li><a href=\"https:\/\/programadestinosmexico.com\/en\/cancun-icc\/\">Centro de Convenciones Canc\u00fan<\/a><\/li>\n     \n <!-- Agrega m\u00e1s elementos de submen\u00fa aqu\u00ed -->\n  <\/ul>\n<\/li>\n<li class=\"menu-item\">\n  <a href=\"\">Ciudad del Carmen<i class=\"fas fa-angle-right desplegable\"><\/i><\/a>\n  <ul class=\"sub-menu\">\n    <li><a href=\"https:\/\/programadestinosmexico.com\/en\/centro-de-convenciones-carmen-xxi\/\">Centro de Convenciones Carmen XXI <\/a><\/li>\n   \n    <!-- Agrega m\u00e1s elementos de submen\u00fa aqu\u00ed -->\n  <\/ul>\n<\/li>\n<li class=\"menu-item\">\n  <a href=\"\">Coatzacoalcos<i class=\"fas fa-angle-right desplegable\"><\/i><\/a>\n  <ul class=\"sub-menu\">\n\n    <li><a href=\"https:\/\/programadestinosmexico.com\/en\/centro-de-convenciones-coatzacoalcos\/\">Centro Coatzacoalcos<\/a><\/li>\n   <!-- Agrega m\u00e1s elementos de submen\u00fa aqu\u00ed -->\n    <\/ul>\n<\/li>\n<li class=\"menu-item\">\n  <a href=\"\">Los Cabos<i class=\"fas fa-angle-right desplegable\"><\/i><\/a>\n  <ul class=\"sub-menu\">\n    <li><a href=\"https:\/\/programadestinosmexico.com\/en\/icc-los-cabos\/\">ICC Los Cabos<\/a><\/li>\n      \n      <!-- Agrega m\u00e1s elementos de submen\u00fa aqu\u00ed -->\n  <\/ul>\n<\/li>\n<li class=\"menu-item\">\n  <a href=\"\">Mazatl\u00e1n <i class=\"fas fa-angle-right desplegable\"><\/i><\/a>\n  <ul class=\"sub-menu\">\n    <li><a href=\"https:\/\/programadestinosmexico.com\/en\/mic-centro-de-convenciones-y-exposiciones-de-mazatlan\/\">MIC Centro de Convenciones y Exposiciones de Mazatl\u00e1n <\/a><\/li>\n    \n    <!-- Agrega m\u00e1s elementos de submen\u00fa aqu\u00ed -->\n  <\/ul>\n<\/li>\n<li class=\"menu-item\">\n  <a href=\"\">Puerto Vallarta<i class=\"fas fa-angle-right desplegable\"><\/i><\/a>\n  <ul class=\"sub-menu\">\n    <li><a href=\"https:\/\/programadestinosmexico.com\/en\/centro-internacional-de-convenciones-puerto-vallarta\/\">Centro Internacional de Convenciones Puerto Vallarta<\/a><\/li>\n    \n    <!-- Agrega m\u00e1s elementos de submen\u00fa aqu\u00ed -->\n  <\/ul>\n<\/li>\n<li class=\"menu-item\">\n  <a href=\"\">Rosarito-Tijuana <i class=\"fas fa-angle-right desplegable\"><\/i><\/a>\n  <ul class=\"sub-menu\">\n    <li><a href=\"https:\/\/programadestinosmexico.com\/en\/baja-california-center\/\">Baja California Center <\/a><\/li>\n    <!-- Agrega m\u00e1s elementos de submen\u00fa aqu\u00ed -->\n \n  <\/ul>\n<\/li>\n<li class=\"menu-item\">\n  <a href=\"\">Tampico<i class=\"fas fa-angle-right desplegable\"><\/i><\/a>\n  <ul class=\"sub-menu\">\n   \n    <li><a href=\"https:\/\/programadestinosmexico.com\/en\/expotampico\/\">Expotampico<\/a><\/li>\n     <!-- Agrega m\u00e1s elementos de submen\u00fa aqu\u00ed -->\n  <\/ul>\n<\/li>\n<li class=\"menu-item\">\n  <a href=\"\/en\/xxxxxx\/\">Veracruz <i class=\"fas fa-angle-right desplegable\"><\/i><\/a>\n  <ul class=\"sub-menu\">\n    <li><a href=\"https:\/\/programadestinosmexico.com\/en\/wtc-veracruz\/\">WTC Veracruz<\/a><\/li>\n  \n  <!-- Agrega m\u00e1s elementos de submen\u00fa aqu\u00ed -->\n \n  <\/ul>\n<\/li>\n<\/ul>\n\n<script>\n  const menuItems = document.querySelectorAll(\".menu-item\");\n  \n  menuItems.forEach(menuItem => {\n    menuItem.addEventListener(\"mouseenter\", () => {\n      const icono = menuItem.querySelector(\".desplegable\");\n      if (icono) {\n        icono.classList.remove(\"fa-angle-right\");\n        icono.classList.add(\"fa-angle-down\");\n      }\n    });\n\n    menuItem.addEventListener(\"mouseleave\", () => {\n      const icono = menuItem.querySelector(\".desplegable\");\n      if (icono) {\n        icono.classList.remove(\"fa-angle-down\");\n        icono.classList.add(\"fa-angle-right\");\n      }\n    });\n  });\n<\/script>\n<\/body>\n<\/html>\n\t\t\t\t<\/div>\n\t\t\t\t<\/div>\n\t\t\t\t<\/div>\n\t\t<div class=\"elementor-element elementor-element-d07c7b4 e-con-full e-flex e-con e-child\" data-id=\"d07c7b4\" data-element_type=\"container\" data-e-type=\"container\" data-settings=\"{&quot;jet_parallax_layout_list&quot;:[]}\">\n\t\t\t\t<div class=\"elementor-element elementor-element-7ca2db9 elementor-widget elementor-widget-heading\" data-id=\"7ca2db9\" data-element_type=\"widget\" data-e-type=\"widget\" data-widget_type=\"heading.default\">\n\t\t\t\t<div class=\"elementor-widget-container\">\n\t\t\t\t\t<h2 class=\"elementor-heading-title elementor-size-default\">Metropolises<\/h2>\t\t\t\t<\/div>\n\t\t\t\t<\/div>\n\t\t\t\t<div class=\"elementor-element elementor-element-51c4a51 elementor-widget elementor-widget-html\" data-id=\"51c4a51\" data-element_type=\"widget\" data-e-type=\"widget\" data-widget_type=\"html.default\">\n\t\t\t\t<div class=\"elementor-widget-container\">\n\t\t\t\t\t<!DOCTYPE html>\n<html lang=\"es\">\n<head>\n<meta charset=\"UTF-8\">\n<meta name=\"viewport\" content=\"width=device-width, initial-scale=1.0\">\n<title>Men\u00fa desplegable personalizable<\/title>\n<link rel=\"stylesheet\" href=\"https:\/\/cdnjs.cloudflare.com\/ajax\/libs\/font-awesome\/6.0.0-beta3\/css\/all.min.css\" crossorigin=\"anonymous\" \/>\n<style>\n  body {\n    font-family: Arial, sans-serif;\n  }\n\n  .menu-principal {\n    list-style-type: none;\n    margin: 0;\n    padding: 0;\n    background-color: #33333300;\n    width: 200px;\n  }\n\n  .menu-item {\n    position: relative;\n  }\n\n  .menu-item a {\n    display: block;\n    padding: 8px 16px;\n    color: #5E5E5E;\n    text-decoration: none;\n    line-height: 14px; \/* Cambiado aqu\u00ed *\/\n  }\n\n  .menu-item a:hover {\n    background-color: #11111100;\n    color: #B7BEA0;\n  }\n\n  .sub-menu {\n    display: none;\n    position: relative;\n    list-style-type: none;\n    margin: 0;\n    padding: 0;\n    background-color: #33333300;\n    width: 100%;\n  }\n\n  .sub-menu a {\n    padding: 8px 16px;\n    color: #5E5E5E;\n    text-decoration: none;\n    line-height: 14px; \/* Cambiado aqu\u00ed *\/\n  }\n\n  .sub-menu a:hover {\n    background-color: #11111100;\n    color: #B7BEA0;\n  }\n\n  .menu-item:hover .sub-menu {\n    display: block;\n  }\n\n<\/style>\n<\/head>\n<body>\n\n<ul class=\"menu-principal\">\n  <li class=\"menu-item\">\n    <a href=\"\">Mexico City<i class=\"fas fa-angle-right desplegable\"><\/i><\/a>\n    <ul class=\"sub-menu\">\n      <li><a href=\"https:\/\/programadestinosmexico.com\/en\/centro-internacional-de-exposiciones-y-convenciones-wtc\/\">Centro Internacional de Exposiciones y Convenciones WTC<\/a><\/li>\n    <li><a href=\"https:\/\/programadestinosmexico.com\/en\/expo-santa-fe-mexico-cdmx\/\">Expo Santa Fe M\u00e9xico<\/a><\/li>\n     <li><a href=\"https:\/\/programadestinosmexico.com\/en\/centro-citibanamex-cdmx\/\">Centro Banamex <\/a><\/li>\n    <li><a href=\"https:\/\/programadestinosmexico.com\/en\/expo-reforma-cdmx\/\">Expo Reforma <\/a><\/li>\n  <!-- Agrega m\u00e1s elementos de submen\u00fa aqu\u00ed -->\n    <\/ul>\n  <\/li>\n<li class=\"menu-item\">\n  <a href=\"\">Guadalajara<i class=\"fas fa-angle-right desplegable\"><\/i><\/a>\n  <ul class=\"sub-menu\">\n    <li><a href=\"https:\/\/programadestinosmexico.com\/en\/expo-guadalajara\/\">Expo Guadalajara<\/a><\/li>\n    \n    <!-- Agrega m\u00e1s elementos de submen\u00fa aqu\u00ed -->\n    <\/ul>\n  <\/li>\n<li class=\"menu-item\">\n  <a href=\"\">Chihuahua <i class=\"fas fa-angle-right desplegable\"><\/i><\/a>\n  <ul class=\"sub-menu\">\n    <li><a href=\"https:\/\/programadestinosmexico.com\/en\/expo-chihuahua\/\">Expo Chihuahua<\/a><\/li>\n   \n    <!-- Agrega m\u00e1s elementos de submen\u00fa aqu\u00ed -->\n    <\/ul>\n  <\/li>\n<li class=\"menu-item\">\n  <a href=\"\">Ciudad Ju\u00e1rez<i class=\"fas fa-angle-right desplegable\"><\/i><\/a>\n  <ul class=\"sub-menu\">\n    <li><a href=\"https:\/\/programadestinosmexico.com\/en\/cibeles-convention-center-ciudad-juarez\/\">Cibeles Convention Center <\/a><\/li>\n \n       <!-- Agrega m\u00e1s elementos de submen\u00fa aqu\u00ed -->\n  <\/ul>\n<\/li>\n<li class=\"menu-item\">\n  <a href=\"\">Le\u00f3n<i class=\"fas fa-angle-right desplegable\"><\/i><\/a>\n  <ul class=\"sub-menu\">\n    <li><a href=\"https:\/\/programadestinosmexico.com\/en\/poliforum-leon\/\">Poliforum Le\u00f3n<\/a><\/li>\n      <!-- Agrega m\u00e1s elementos de submen\u00fa aqu\u00ed -->\n\n  <\/ul>\n<\/li>\n<li class=\"menu-item\">\n  <a href=\"\">M\u00e9rida <i class=\"fas fa-angle-right desplegable\"><\/i><\/a>\n  <ul class=\"sub-menu\">\n    <li><a href=\"https:\/\/programadestinosmexico.com\/en\/centro-de-convenciones-yucatan-siglo-xxi\/\">Centro de Convenciones Yucat\u00e1n Siglo XXI<\/a><\/li>\n    <li><a href=\"https:\/\/programadestinosmexico.com\/en\/centro-internacional-de-congresos-de-yucatan\/\">Centro Internacional de Congresos de Yucat\u00e1n<\/a><\/li>\n  \n    <!-- Agrega m\u00e1s elementos de submen\u00fa aqu\u00ed -->\n  <\/ul>\n<\/li>\n<li class=\"menu-item\">\n  <a href=\"\">Monterrey<i class=\"fas fa-angle-right desplegable\"><\/i><\/a>\n  <ul class=\"sub-menu\">\n    <li><a href=\"https:\/\/programadestinosmexico.com\/en\/cintermex-monterrey\/\">CINTERMEX<\/a><\/li>\n    <!-- Agrega m\u00e1s elementos de submen\u00fa aqu\u00ed -->\n  <\/ul>\n<\/li>\n<li class=\"menu-item\">\n  <a href=\"\">Puebla <i class=\"fas fa-angle-right desplegable\"><\/i><\/a>\n  <ul class=\"sub-menu\">\n    <li><a href=\"https:\/\/programadestinosmexico.com\/en\/centro-de-convenciones-puebla-william-o-jenkins\/\">Centro de Convenciones Puebla William O. Jenkins<\/a><\/li>\n    <li><a href=\"https:\/\/programadestinosmexico.com\/en\/centro-expositor-de-puebla\/\">Centro Expositor de Puebla <\/a><\/li>\n  \n       <!-- Agrega m\u00e1s elementos de submen\u00fa aqu\u00ed -->\n  <\/ul>\n<\/li>\n<li class=\"menu-item\">\n  <a href=\"\">Quer\u00e9taro<i class=\"fas fa-angle-right desplegable\"><\/i><\/a>\n  <ul class=\"sub-menu\">\n    <li><a href=\"https:\/\/programadestinosmexico.com\/en\/queretaro-centro-de-congresos\/\">Quer\u00e9taro Centro de Congresos <\/a><\/li>\n    \n   <!-- Agrega m\u00e1s elementos de submen\u00fa aqu\u00ed -->\n          <!-- Agrega m\u00e1s elementos de submen\u00fa aqu\u00ed -->\n  <\/ul>\n<\/li>\n<li class=\"menu-item\">\n  <a href=\"\">Saltillo<i class=\"fas fa-angle-right desplegable\"><\/i><\/a>\n  <ul class=\"sub-menu\">\n    <li><a href=\"https:\/\/programadestinosmexico.com\/en\/centro-de-convenciones-arena-saltillo\/\">Centro de Convenciones Arena Saltillo <\/a><\/li>\n    \n   <!-- Agrega m\u00e1s elementos de submen\u00fa aqu\u00ed -->\n\n  <\/ul>\n<\/li>\n<li class=\"menu-item\">\n  <a href=\"\">San Luis Potos\u00ed<i class=\"fas fa-angle-right desplegable\"><\/i><\/a>\n  <ul class=\"sub-menu\">\n    <li><a href=\"https:\/\/programadestinosmexico.com\/en\/centro-de-convenciones-de-san-luis-potosi\/\">Centro de Convenciones de San Luis Potos\u00ed<\/a><\/li>\n   \n   <!-- Agrega m\u00e1s elementos de submen\u00fa aqu\u00ed -->\n     <\/ul>\n<\/li>\n<li class=\"menu-item\">\n  <a href=\"\">Toluca <i class=\"fas fa-angle-right desplegable\"><\/i><\/a>\n  <ul class=\"sub-menu\">\n    <li><a href=\"https:\/\/programadestinosmexico.com\/en\/centro-de-convenciones-edomex\/\">Centro de Convenciones Edomex<\/a><\/li>\n\n    <!-- Agrega m\u00e1s elementos de submen\u00fa aqu\u00ed -->\n  <\/ul>\n<\/li>\n<\/ul>\n\n<script>\n  const menuItems = document.querySelectorAll(\".menu-item\");\n  \n  menuItems.forEach(menuItem => {\n    menuItem.addEventListener(\"mouseenter\", () => {\n      const icono = menuItem.querySelector(\".desplegable\");\n      if (icono) {\n        icono.classList.remove(\"fa-angle-right\");\n        icono.classList.add(\"fa-angle-down\");\n      }\n    });\n\n    menuItem.addEventListener(\"mouseleave\", () => {\n      const icono = menuItem.querySelector(\".desplegable\");\n      if (icono) {\n        icono.classList.remove(\"fa-angle-down\");\n        icono.classList.add(\"fa-angle-right\");\n      }\n    });\n  });\n<\/script>\n<\/body>\n<\/html>\n\t\t\t\t<\/div>\n\t\t\t\t<\/div>\n\t\t\t\t<\/div>\n\t\t<div class=\"elementor-element elementor-element-59920b2 e-con-full e-flex e-con e-child\" data-id=\"59920b2\" data-element_type=\"container\" data-e-type=\"container\" data-settings=\"{&quot;jet_parallax_layout_list&quot;:[]}\">\n\t\t\t\t<div class=\"elementor-element elementor-element-8159f87 elementor-widget elementor-widget-heading\" data-id=\"8159f87\" data-element_type=\"widget\" data-e-type=\"widget\" data-widget_type=\"heading.default\">\n\t\t\t\t<div class=\"elementor-widget-container\">\n\t\t\t\t\t<h2 class=\"elementor-heading-title elementor-size-default\">Historic Cities<\/h2>\t\t\t\t<\/div>\n\t\t\t\t<\/div>\n\t\t\t\t<div class=\"elementor-element elementor-element-96ac7d3 elementor-widget elementor-widget-html\" data-id=\"96ac7d3\" data-element_type=\"widget\" data-e-type=\"widget\" data-widget_type=\"html.default\">\n\t\t\t\t<div class=\"elementor-widget-container\">\n\t\t\t\t\t<!DOCTYPE html>\n<html lang=\"es\">\n<head>\n<meta charset=\"UTF-8\">\n<meta name=\"viewport\" content=\"width=device-width, initial-scale=1.0\">\n<title>Men\u00fa desplegable personalizable<\/title>\n<link rel=\"stylesheet\" href=\"https:\/\/cdnjs.cloudflare.com\/ajax\/libs\/font-awesome\/6.0.0-beta3\/css\/all.min.css\" crossorigin=\"anonymous\" \/>\n<style>\n  body {\n    font-family: Arial, sans-serif;\n  }\n\n  .menu-principal {\n    list-style-type: none;\n    margin: 0;\n    padding: 0;\n    background-color: #33333300;\n    width: 200px;\n  }\n\n  .menu-item {\n    position: relative;\n  }\n\n  .menu-item a {\n    display: block;\n    padding: 8px 16px;\n    color: #5E5E5E;\n    text-decoration: none;\n    line-height: 14px; \/* Cambiado aqu\u00ed *\/\n  }\n\n  .menu-item a:hover {\n    background-color: #11111100;\n    color: #B7BEA0;\n  }\n\n  .sub-menu {\n    display: none;\n    position: relative;\n    list-style-type: none;\n    margin: 0;\n    padding: 0;\n    background-color: #33333300;\n    width: 100%;\n  }\n\n  .sub-menu a {\n    padding: 8px 16px;\n    color: #5E5E5E;\n    text-decoration: none;\n    line-height: 14px; \/* Cambiado aqu\u00ed *\/\n  }\n\n  .sub-menu a:hover {\n    background-color: #11111100;\n    color: #B7BEA0;\n  }\n\n  .menu-item:hover .sub-menu {\n    display: block;\n  }\n\n<\/style>\n<\/head>\n<body>\n\n<ul class=\"menu-principal\">\n  <li class=\"menu-item\">\n  <a href=\"\">Aguascalientes<i class=\"fas fa-angle-right desplegable\"><\/i><\/a>\n  <ul class=\"sub-menu\">\n    <li><a href=\"https:\/\/programadestinosmexico.com\/en\/centro-de-convenciones-isla-san-marcos\/\">Recintos de Aguascalientes <\/a><\/li>\n    <!-- Agrega m\u00e1s elementos de submen\u00fa aqu\u00ed -->\n  <\/ul>\n<\/li>\n<li class=\"menu-item\">\n  <a href=\"\">Campeche<i class=\"fas fa-angle-right desplegable\"><\/i><\/a>\n  <ul class=\"sub-menu\">\n    <li><a href=\"https:\/\/programadestinosmexico.com\/en\/centro-de-convenciones-campeche-xxi\/\">Centro de Convenciones Campeche XXI<\/a><\/li>\n  <!-- Agrega m\u00e1s elementos de submen\u00fa aqu\u00ed -->\n  <\/ul>\n<\/li>\n<li class=\"menu-item\">\n  <a href=\"\">Cuernavaca<i class=\"fas fa-angle-right desplegable\"><\/i><\/a>\n  <ul class=\"sub-menu\">\n    <li><a href=\"https:\/\/programadestinosmexico.com\/en\/wtc-morelos\/\">WTC Morelos<\/a><\/li>\n    <!-- Agrega m\u00e1s elementos de submen\u00fa aqu\u00ed -->\n  <\/ul>\n<\/li>\n<li class=\"menu-item\">\n  <a href=\"\">Durango<i class=\"fas fa-angle-right desplegable\"><\/i><\/a>\n  <ul class=\"sub-menu\">\n    <li><a href=\"https:\/\/programadestinosmexico.com\/en\/centro-cultural-y-de-convenciones-bicentenario-durango\/\">Centro Cultural y de Convenciones Bicentenario <\/a><\/li>\n    <!-- Agrega m\u00e1s elementos de submen\u00fa aqu\u00ed -->\n  <\/ul>\n<\/li>\n<li class=\"menu-item\">\n  <a href=\"\/en\/xxxxxx\/\">Guanajuato<i class=\"fas fa-angle-right desplegable\"><\/i><\/a>\n  <ul class=\"sub-menu\">\n    <li><a href=\"https:\/\/programadestinosmexico.com\/en\/centro-de-convenciones-de-guanajuato\/\">Centro de Convenciones Guanajuato <\/a><\/li>\n <!-- Agrega m\u00e1s elementos de submen\u00fa aqu\u00ed -->\n  <\/ul>\n<\/li>\n<li class=\"menu-item\">\n  <a href=\"\/en\/xxxxxx\/\">Hermosillo<i class=\"fas fa-angle-right desplegable\"><\/i><\/a>\n  <ul class=\"sub-menu\">\n    <li><a href=\"https:\/\/programadestinosmexico.com\/en\/expo-forum-hermosillo\/\">Expo Forum<\/a><\/li>\n   \n    <!-- Agrega m\u00e1s elementos de submen\u00fa aqu\u00ed -->\n  <\/ul>\n<\/li>\n<li class=\"menu-item\">\n  <a href=\"\/en\/xxxxxx\/\">Irapuato <i class=\"fas fa-angle-right desplegable\"><\/i><\/a>\n  <ul class=\"sub-menu\">\n    <li><a href=\"https:\/\/programadestinosmexico.com\/en\/centro-de-convenciones-de-irapuato\/\">Centro de Convenciones Irapuato <\/a><\/li>\n    <li><a href=\"https:\/\/programadestinosmexico.com\/en\/inforum-irapuato\/\">INFORUM Irapuato<\/a><\/li>\n <!-- Agrega m\u00e1s elementos de submen\u00fa aqu\u00ed -->\n  <\/ul>\n<\/li>\n<li class=\"menu-item\">\n  <a href=\"\">Morelia <i class=\"fas fa-angle-right desplegable\"><\/i><\/a>\n  <ul class=\"sub-menu\">\n    <li><a href=\"https:\/\/programadestinosmexico.com\/en\/ceconexpo-centro-de-convenciones-y-exposiciones-de-morelia\/\">CECONEXPO, Centro de Convenciones y Exposiciones de Morelia <\/a><\/li>\n\n    <!-- Agrega m\u00e1s elementos de submen\u00fa aqu\u00ed -->\n\n  <\/ul>\n<\/li>\n<li class=\"menu-item\">\n  <a href=\"\">Pachuca<i class=\"fas fa-angle-right desplegable\"><\/i><\/a>\n  <ul class=\"sub-menu\">\n    <li><a href=\"https:\/\/programadestinosmexico.com\/en\/centro-de-convenciones-tuzoforum-pachuca\/\">Centro de Convenciones Tuzoforum<\/a><\/li>\n    <!-- Agrega m\u00e1s elementos de submen\u00fa aqu\u00ed -->\n\n  <\/ul>\n<\/li>\n<li class=\"menu-item\">\n  <a href=\"\">Tuxtla Guti\u00e9rrez<i class=\"fas fa-angle-right desplegable\"><\/i><\/a>\n  <ul class=\"sub-menu\">\n    <li><a href=\"https:\/\/programadestinosmexico.com\/en\/centro-de-convenciones-y-polyforum-chiapas\/\">Centro de Convenciones Polyforum Chiapas<\/a><\/li>\n <!-- Agrega m\u00e1s elementos de submen\u00fa aqu\u00ed -->\n     <!-- Agrega m\u00e1s elementos de submen\u00fa aqu\u00ed -->\n  <\/ul>\n<\/li>\n<li class=\"menu-item\">\n  <a href=\"\">Villahermosa <i class=\"fas fa-angle-right desplegable\"><\/i><\/a>\n  <ul class=\"sub-menu\">\n    <li><a href=\"https:\/\/programadestinosmexico.com\/en\/centro-de-convenciones-de-tabasco\/\">Centro de Convenciones de Tabasco <\/a><\/li>\n <!-- Agrega m\u00e1s elementos de submen\u00fa aqu\u00ed -->\n     <!-- Agrega m\u00e1s elementos de submen\u00fa aqu\u00ed -->\n  <\/ul>\n<\/li>\n<li class=\"menu-item\">\n  <a href=\"\">Zacatecas<i class=\"fas fa-angle-right desplegable\"><\/i><\/a>\n  <ul class=\"sub-menu\">\n    <li><a href=\"https:\/\/programadestinosmexico.com\/en\/palacio-de-convenciones-de-zacatecas\/\">Palacio de Convenciones de Zacatecas<\/a><\/li>\n <!-- Agrega m\u00e1s elementos de submen\u00fa aqu\u00ed -->\n  <\/ul>\n<\/li>\n<\/ul>\n\n<script>\n  const menuItems = document.querySelectorAll(\".menu-item\");\n  \n  menuItems.forEach(menuItem => {\n    menuItem.addEventListener(\"mouseenter\", () => {\n      const icono = menuItem.querySelector(\".desplegable\");\n      if (icono) {\n        icono.classList.remove(\"fa-angle-right\");\n        icono.classList.add(\"fa-angle-down\");\n      }\n    });\n\n    menuItem.addEventListener(\"mouseleave\", () => {\n      const icono = menuItem.querySelector(\".desplegable\");\n      if (icono) {\n        icono.classList.remove(\"fa-angle-down\");\n        icono.classList.add(\"fa-angle-right\");\n      }\n    });\n  });\n<\/script>\n<\/body>\n<\/html>\n\t\t\t\t<\/div>\n\t\t\t\t<\/div>\n\t\t\t\t<\/div>\n\t\t\t\t\t<\/div>\n\t\t\t\t<\/div>\n\t\t\t\t<\/div>\n\t\t\t\t\t<\/div>\n\t\t\t\t<\/div>\n\t\t<div class=\"elementor-element elementor-element-37cc949 elementor-hidden-desktop elementor-hidden-tablet e-flex e-con-boxed e-con e-parent\" data-id=\"37cc949\" data-element_type=\"container\" data-e-type=\"container\" data-settings=\"{&quot;jet_parallax_layout_list&quot;:[]}\">\n\t\t\t\t\t<div class=\"e-con-inner\">\n\t\t<div class=\"elementor-element elementor-element-b21dc68 e-con-full e-flex e-con e-child\" data-id=\"b21dc68\" data-element_type=\"container\" data-e-type=\"container\" data-settings=\"{&quot;background_background&quot;:&quot;classic&quot;,&quot;jet_parallax_layout_list&quot;:[]}\">\n\t\t<div class=\"elementor-element elementor-element-0879fde e-flex e-con-boxed e-con e-child\" data-id=\"0879fde\" data-element_type=\"container\" data-e-type=\"container\" data-settings=\"{&quot;background_background&quot;:&quot;classic&quot;,&quot;jet_parallax_layout_list&quot;:[]}\">\n\t\t\t\t\t<div class=\"e-con-inner\">\n\t\t\t\t<div class=\"elementor-element elementor-element-be7cfa8 elementor-widget elementor-widget-heading\" data-id=\"be7cfa8\" data-element_type=\"widget\" data-e-type=\"widget\" data-widget_type=\"heading.default\">\n\t\t\t\t<div class=\"elementor-widget-container\">\n\t\t\t\t\t<h2 class=\"elementor-heading-title elementor-size-default\">Centro Expositor de Puebla<\/h2>\t\t\t\t<\/div>\n\t\t\t\t<\/div>\n\t\t\t\t\t<\/div>\n\t\t\t\t<\/div>\n\t\t\t\t<div class=\"elementor-element elementor-element-bae761b elementor-widget elementor-widget-image\" data-id=\"bae761b\" data-element_type=\"widget\" data-e-type=\"widget\" data-widget_type=\"image.default\">\n\t\t\t\t<div class=\"elementor-widget-container\">\n\t\t\t\t\t\t\t\t\t\t\t\t\t\t\t\t<a href=\"https:\/\/programadestinosmexico.com\/en\/centro-expositor-de-puebla\/\">\n\t\t\t\t\t\t\t<img fetchpriority=\"high\" decoding=\"async\" width=\"768\" height=\"510\" src=\"https:\/\/programadestinosmexico.com\/wp-content\/uploads\/2023\/09\/CENTRO-EXPOSITOR-DE-PUEBLA-RECINTOS-768x510.jpg\" class=\"attachment-medium_large size-medium_large wp-image-12142\" alt=\"\" srcset=\"https:\/\/programadestinosmexico.com\/wp-content\/uploads\/2023\/09\/CENTRO-EXPOSITOR-DE-PUEBLA-RECINTOS-768x510.jpg 768w, https:\/\/programadestinosmexico.com\/wp-content\/uploads\/2023\/09\/CENTRO-EXPOSITOR-DE-PUEBLA-RECINTOS-300x199.jpg 300w, https:\/\/programadestinosmexico.com\/wp-content\/uploads\/2023\/09\/CENTRO-EXPOSITOR-DE-PUEBLA-RECINTOS-1024x680.jpg 1024w, https:\/\/programadestinosmexico.com\/wp-content\/uploads\/2023\/09\/CENTRO-EXPOSITOR-DE-PUEBLA-RECINTOS-1536x1020.jpg 1536w, https:\/\/programadestinosmexico.com\/wp-content\/uploads\/2023\/09\/CENTRO-EXPOSITOR-DE-PUEBLA-RECINTOS-2048x1360.jpg 2048w\" sizes=\"(max-width: 768px) 100vw, 768px\" \/>\t\t\t\t\t\t\t\t<\/a>\n\t\t\t\t\t\t\t\t\t\t\t\t\t\t\t<\/div>\n\t\t\t\t<\/div>\n\t\t<div class=\"elementor-element elementor-element-3075326 e-flex e-con-boxed e-con e-child\" data-id=\"3075326\" data-element_type=\"container\" data-e-type=\"container\" data-settings=\"{&quot;background_background&quot;:&quot;classic&quot;,&quot;jet_parallax_layout_list&quot;:[]}\">\n\t\t\t\t\t<div class=\"e-con-inner\">\n\t\t\t\t<div class=\"elementor-element elementor-element-fe973ef elementor-widget elementor-widget-heading\" data-id=\"fe973ef\" data-element_type=\"widget\" data-e-type=\"widget\" data-widget_type=\"heading.default\">\n\t\t\t\t<div class=\"elementor-widget-container\">\n\t\t\t\t\t<h2 class=\"elementor-heading-title elementor-size-default\">Expo Mundo Imperial<\/h2>\t\t\t\t<\/div>\n\t\t\t\t<\/div>\n\t\t\t\t\t<\/div>\n\t\t\t\t<\/div>\n\t\t\t\t<div class=\"elementor-element elementor-element-eaeff11 elementor-widget elementor-widget-image\" data-id=\"eaeff11\" data-element_type=\"widget\" data-e-type=\"widget\" data-widget_type=\"image.default\">\n\t\t\t\t<div class=\"elementor-widget-container\">\n\t\t\t\t\t\t\t\t\t\t\t\t\t\t\t\t<a href=\"https:\/\/programadestinosmexico.com\/en\/expo-mundo-imperial-acapulco\/\">\n\t\t\t\t\t\t\t<img decoding=\"async\" width=\"768\" height=\"510\" src=\"https:\/\/programadestinosmexico.com\/wp-content\/uploads\/2023\/09\/EXPO-MUNDO-IMPERIAL-RECINTOS-768x510.jpg\" class=\"attachment-medium_large size-medium_large wp-image-12144\" alt=\"\" srcset=\"https:\/\/programadestinosmexico.com\/wp-content\/uploads\/2023\/09\/EXPO-MUNDO-IMPERIAL-RECINTOS-768x510.jpg 768w, https:\/\/programadestinosmexico.com\/wp-content\/uploads\/2023\/09\/EXPO-MUNDO-IMPERIAL-RECINTOS-300x199.jpg 300w, https:\/\/programadestinosmexico.com\/wp-content\/uploads\/2023\/09\/EXPO-MUNDO-IMPERIAL-RECINTOS-1024x680.jpg 1024w, https:\/\/programadestinosmexico.com\/wp-content\/uploads\/2023\/09\/EXPO-MUNDO-IMPERIAL-RECINTOS-1536x1020.jpg 1536w, https:\/\/programadestinosmexico.com\/wp-content\/uploads\/2023\/09\/EXPO-MUNDO-IMPERIAL-RECINTOS-2048x1360.jpg 2048w\" sizes=\"(max-width: 768px) 100vw, 768px\" \/>\t\t\t\t\t\t\t\t<\/a>\n\t\t\t\t\t\t\t\t\t\t\t\t\t\t\t<\/div>\n\t\t\t\t<\/div>\n\t\t<div class=\"elementor-element elementor-element-6bba4e2 e-flex e-con-boxed e-con e-child\" data-id=\"6bba4e2\" data-element_type=\"container\" data-e-type=\"container\" data-settings=\"{&quot;background_background&quot;:&quot;classic&quot;,&quot;jet_parallax_layout_list&quot;:[]}\">\n\t\t\t\t\t<div class=\"e-con-inner\">\n\t\t\t\t<div class=\"elementor-element elementor-element-df989cd elementor-widget elementor-widget-heading\" data-id=\"df989cd\" data-element_type=\"widget\" data-e-type=\"widget\" data-widget_type=\"heading.default\">\n\t\t\t\t<div class=\"elementor-widget-container\">\n\t\t\t\t\t<h2 class=\"elementor-heading-title elementor-size-default\">Recintos de Aguascalientes <\/h2>\t\t\t\t<\/div>\n\t\t\t\t<\/div>\n\t\t\t\t\t<\/div>\n\t\t\t\t<\/div>\n\t\t\t\t<div class=\"elementor-element elementor-element-858b402 elementor-widget elementor-widget-image\" data-id=\"858b402\" data-element_type=\"widget\" data-e-type=\"widget\" data-widget_type=\"image.default\">\n\t\t\t\t<div class=\"elementor-widget-container\">\n\t\t\t\t\t\t\t\t\t\t\t\t\t\t\t\t<a href=\"https:\/\/programadestinosmexico.com\/en\/centro-de-convenciones-isla-san-marcos\/\">\n\t\t\t\t\t\t\t<img decoding=\"async\" width=\"768\" height=\"510\" src=\"https:\/\/programadestinosmexico.com\/wp-content\/uploads\/2023\/09\/RECINTOS-DE-AGUASCALIENTES-RECINTOS-768x510.jpg\" class=\"attachment-medium_large size-medium_large wp-image-12146\" alt=\"\" srcset=\"https:\/\/programadestinosmexico.com\/wp-content\/uploads\/2023\/09\/RECINTOS-DE-AGUASCALIENTES-RECINTOS-768x510.jpg 768w, https:\/\/programadestinosmexico.com\/wp-content\/uploads\/2023\/09\/RECINTOS-DE-AGUASCALIENTES-RECINTOS-300x199.jpg 300w, https:\/\/programadestinosmexico.com\/wp-content\/uploads\/2023\/09\/RECINTOS-DE-AGUASCALIENTES-RECINTOS-1024x680.jpg 1024w, https:\/\/programadestinosmexico.com\/wp-content\/uploads\/2023\/09\/RECINTOS-DE-AGUASCALIENTES-RECINTOS-1536x1020.jpg 1536w, https:\/\/programadestinosmexico.com\/wp-content\/uploads\/2023\/09\/RECINTOS-DE-AGUASCALIENTES-RECINTOS-2048x1360.jpg 2048w\" sizes=\"(max-width: 768px) 100vw, 768px\" \/>\t\t\t\t\t\t\t\t<\/a>\n\t\t\t\t\t\t\t\t\t\t\t\t\t\t\t<\/div>\n\t\t\t\t<\/div>\n\t\t\t\t<\/div>\n\t\t<div class=\"elementor-element elementor-element-0123d86 e-con-full e-flex e-con e-child\" data-id=\"0123d86\" data-element_type=\"container\" data-e-type=\"container\" data-settings=\"{&quot;background_background&quot;:&quot;classic&quot;,&quot;jet_parallax_layout_list&quot;:[]}\">\n\t\t<div class=\"elementor-element elementor-element-9417caa e-con-full e-flex e-con e-child\" data-id=\"9417caa\" data-element_type=\"container\" data-e-type=\"container\" data-settings=\"{&quot;jet_parallax_layout_list&quot;:[]}\">\n\t\t<div class=\"elementor-element elementor-element-7547d4b e-con-full e-flex e-con e-child\" data-id=\"7547d4b\" data-element_type=\"container\" data-e-type=\"container\" data-settings=\"{&quot;jet_parallax_layout_list&quot;:[]}\">\n\t\t<div class=\"elementor-element elementor-element-516fdc5 e-con-full e-flex e-con e-child\" data-id=\"516fdc5\" data-element_type=\"container\" data-e-type=\"container\" data-settings=\"{&quot;jet_parallax_layout_list&quot;:[]}\">\n\t\t\t\t<div class=\"elementor-element elementor-element-81b897c elementor-widget elementor-widget-heading\" data-id=\"81b897c\" data-element_type=\"widget\" data-e-type=\"widget\" data-widget_type=\"heading.default\">\n\t\t\t\t<div class=\"elementor-widget-container\">\n\t\t\t\t\t<h2 class=\"elementor-heading-title elementor-size-default\">Beaches<\/h2>\t\t\t\t<\/div>\n\t\t\t\t<\/div>\n\t\t\t\t<div class=\"elementor-element elementor-element-01629b3 elementor-widget elementor-widget-html\" data-id=\"01629b3\" data-element_type=\"widget\" data-e-type=\"widget\" data-widget_type=\"html.default\">\n\t\t\t\t<div class=\"elementor-widget-container\">\n\t\t\t\t\t<!DOCTYPE html>\n<html lang=\"es\">\n<head>\n<meta charset=\"UTF-8\">\n<meta name=\"viewport\" content=\"width=device-width, initial-scale=1.0\">\n<title>Men\u00fa desplegable personalizable<\/title>\n<link rel=\"stylesheet\" href=\"https:\/\/cdnjs.cloudflare.com\/ajax\/libs\/font-awesome\/6.0.0-beta3\/css\/all.min.css\" crossorigin=\"anonymous\" \/>\n<style>\n  body {\n    font-family: Arial, sans-serif;\n  }\n\n  .menu-principal {\n    list-style-type: none;\n    margin: 0;\n    padding: 0;\n    background-color: #33333300;\n    width: 200px;\n  }\n\n  .menu-item {\n    position: relative;\n  }\n\n  .menu-item a {\n    display: block;\n    padding: 8px 16px;\n    color: #5E5E5E;\n    text-decoration: none;\n    line-height: 14px; \/* Cambiado aqu\u00ed *\/\n  }\n\n  .menu-item a:hover {\n    background-color: #11111100;\n    color: #B7BEA0;\n  }\n\n  .sub-menu {\n    display: none;\n    position: relative;\n    list-style-type: none;\n    margin: 0;\n    padding: 0;\n    background-color: #33333300;\n    width: 100%;\n  }\n\n  .sub-menu a {\n    padding: 8px 16px;\n    color: #5E5E5E;\n    text-decoration: none;\n    line-height: 14px; \/* Cambiado aqu\u00ed *\/\n  }\n\n  .sub-menu a:hover {\n    background-color: #11111100;\n    color: #B7BEA0;\n  }\n\n  .menu-item:hover .sub-menu {\n    display: block;\n  }\n\n<\/style>\n<\/head>\n<body>\n\n<ul class=\"menu-principal\">\n  <li class=\"menu-item\">\n    <a href=\"\">Acapulco<i class=\"fas fa-angle-right desplegable\"><\/i><\/a>\n    <ul class=\"sub-menu\">\n    \n    <li><a href=\"https:\/\/programadestinosmexico.com\/en\/expo-mundo-imperial-acapulco\/\">Expo Mundo Imperial<\/a><\/li>\n      <!-- Agrega m\u00e1s elementos de submen\u00fa aqu\u00ed -->\n    <\/ul>\n  <\/li>\n  <li class=\"menu-item\">\n    <a href=\"\">Canc\u00fan <i class=\"fas fa-angle-right desplegable\"><\/i><\/a>\n    <ul class=\"sub-menu\">\n      <li><a href=\"https:\/\/programadestinosmexico.com\/en\/cancun-icc\/\">Centro de Convenciones Canc\u00fan<\/a><\/li>\n     \n <!-- Agrega m\u00e1s elementos de submen\u00fa aqu\u00ed -->\n  <\/ul>\n<\/li>\n<li class=\"menu-item\">\n  <a href=\"\">Ciudad del Carmen<i class=\"fas fa-angle-right desplegable\"><\/i><\/a>\n  <ul class=\"sub-menu\">\n    <li><a href=\"https:\/\/programadestinosmexico.com\/en\/centro-de-convenciones-carmen-xxi\/\">Centro de Convenciones Carmen XXI <\/a><\/li>\n   \n    <!-- Agrega m\u00e1s elementos de submen\u00fa aqu\u00ed -->\n  <\/ul>\n<\/li>\n<li class=\"menu-item\">\n  <a href=\"\">Coatzacoalcos<i class=\"fas fa-angle-right desplegable\"><\/i><\/a>\n  <ul class=\"sub-menu\">\n\n    <li><a href=\"https:\/\/programadestinosmexico.com\/en\/centro-de-convenciones-coatzacoalcos\/\">Centro Coatzacoalcos<\/a><\/li>\n   <!-- Agrega m\u00e1s elementos de submen\u00fa aqu\u00ed -->\n    <\/ul>\n<\/li>\n<li class=\"menu-item\">\n  <a href=\"\">Los Cabos<i class=\"fas fa-angle-right desplegable\"><\/i><\/a>\n  <ul class=\"sub-menu\">\n    <li><a href=\"https:\/\/programadestinosmexico.com\/en\/icc-los-cabos\/\">ICC Los Cabos<\/a><\/li>\n      \n      <!-- Agrega m\u00e1s elementos de submen\u00fa aqu\u00ed -->\n  <\/ul>\n<\/li>\n<li class=\"menu-item\">\n  <a href=\"\">Mazatl\u00e1n <i class=\"fas fa-angle-right desplegable\"><\/i><\/a>\n  <ul class=\"sub-menu\">\n    <li><a href=\"https:\/\/programadestinosmexico.com\/en\/mic-centro-de-convenciones-y-exposiciones-de-mazatlan\/\">MIC Centro de Convenciones y Exposiciones de Mazatl\u00e1n <\/a><\/li>\n    \n    <!-- Agrega m\u00e1s elementos de submen\u00fa aqu\u00ed -->\n  <\/ul>\n<\/li>\n<li class=\"menu-item\">\n  <a href=\"\">Puerto Vallarta<i class=\"fas fa-angle-right desplegable\"><\/i><\/a>\n  <ul class=\"sub-menu\">\n    <li><a href=\"https:\/\/programadestinosmexico.com\/en\/centro-internacional-de-convenciones-puerto-vallarta\/\">Centro Internacional de Convenciones Puerto Vallarta<\/a><\/li>\n    \n    <!-- Agrega m\u00e1s elementos de submen\u00fa aqu\u00ed -->\n  <\/ul>\n<\/li>\n<li class=\"menu-item\">\n  <a href=\"\">Rosarito-Tijuana <i class=\"fas fa-angle-right desplegable\"><\/i><\/a>\n  <ul class=\"sub-menu\">\n    <li><a href=\"https:\/\/programadestinosmexico.com\/en\/baja-california-center\/\">Baja California Center <\/a><\/li>\n    <!-- Agrega m\u00e1s elementos de submen\u00fa aqu\u00ed -->\n \n  <\/ul>\n<\/li>\n<li class=\"menu-item\">\n  <a href=\"\">Tampico<i class=\"fas fa-angle-right desplegable\"><\/i><\/a>\n  <ul class=\"sub-menu\">\n   \n    <li><a href=\"https:\/\/programadestinosmexico.com\/en\/expotampico\/\">Expotampico<\/a><\/li>\n     <!-- Agrega m\u00e1s elementos de submen\u00fa aqu\u00ed -->\n  <\/ul>\n<\/li>\n<li class=\"menu-item\">\n  <a href=\"\/en\/xxxxxx\/\">Veracruz <i class=\"fas fa-angle-right desplegable\"><\/i><\/a>\n  <ul class=\"sub-menu\">\n    <li><a href=\"https:\/\/programadestinosmexico.com\/en\/wtc-veracruz\/\">WTC Veracruz<\/a><\/li>\n  \n  <!-- Agrega m\u00e1s elementos de submen\u00fa aqu\u00ed -->\n \n  <\/ul>\n<\/li>\n<\/ul>\n\n<script>\n  const menuItems = document.querySelectorAll(\".menu-item\");\n  \n  menuItems.forEach(menuItem => {\n    menuItem.addEventListener(\"mouseenter\", () => {\n      const icono = menuItem.querySelector(\".desplegable\");\n      if (icono) {\n        icono.classList.remove(\"fa-angle-right\");\n        icono.classList.add(\"fa-angle-down\");\n      }\n    });\n\n    menuItem.addEventListener(\"mouseleave\", () => {\n      const icono = menuItem.querySelector(\".desplegable\");\n      if (icono) {\n        icono.classList.remove(\"fa-angle-down\");\n        icono.classList.add(\"fa-angle-right\");\n      }\n    });\n  });\n<\/script>\n<\/body>\n<\/html>\n\t\t\t\t<\/div>\n\t\t\t\t<\/div>\n\t\t\t\t<\/div>\n\t\t\t\t<\/div>\n\t\t\t\t<\/div>\n\t\t<div class=\"elementor-element elementor-element-91c1c08 e-con-full e-flex e-con e-child\" data-id=\"91c1c08\" data-element_type=\"container\" data-e-type=\"container\" data-settings=\"{&quot;jet_parallax_layout_list&quot;:[]}\">\n\t\t<div class=\"elementor-element elementor-element-4e6adac e-con-full e-flex e-con e-child\" data-id=\"4e6adac\" data-element_type=\"container\" data-e-type=\"container\" data-settings=\"{&quot;jet_parallax_layout_list&quot;:[]}\">\n\t\t<div class=\"elementor-element elementor-element-07a5fa6 e-con-full e-flex e-con e-child\" data-id=\"07a5fa6\" data-element_type=\"container\" data-e-type=\"container\" data-settings=\"{&quot;jet_parallax_layout_list&quot;:[]}\">\n\t\t\t\t<div class=\"elementor-element elementor-element-d253fd0 elementor-widget elementor-widget-heading\" data-id=\"d253fd0\" data-element_type=\"widget\" data-e-type=\"widget\" data-widget_type=\"heading.default\">\n\t\t\t\t<div class=\"elementor-widget-container\">\n\t\t\t\t\t<h2 class=\"elementor-heading-title elementor-size-default\">Metropolises<\/h2>\t\t\t\t<\/div>\n\t\t\t\t<\/div>\n\t\t\t\t<div class=\"elementor-element elementor-element-82f72c9 elementor-widget elementor-widget-html\" data-id=\"82f72c9\" data-element_type=\"widget\" data-e-type=\"widget\" data-widget_type=\"html.default\">\n\t\t\t\t<div class=\"elementor-widget-container\">\n\t\t\t\t\t<!DOCTYPE html>\n<html lang=\"es\">\n<head>\n<meta charset=\"UTF-8\">\n<meta name=\"viewport\" content=\"width=device-width, initial-scale=1.0\">\n<title>Men\u00fa desplegable personalizable<\/title>\n<link rel=\"stylesheet\" href=\"https:\/\/cdnjs.cloudflare.com\/ajax\/libs\/font-awesome\/6.0.0-beta3\/css\/all.min.css\" crossorigin=\"anonymous\" \/>\n<style>\n  body {\n    font-family: Arial, sans-serif;\n  }\n\n  .menu-principal {\n    list-style-type: none;\n    margin: 0;\n    padding: 0;\n    background-color: #33333300;\n    width: 200px;\n  }\n\n  .menu-item {\n    position: relative;\n  }\n\n  .menu-item a {\n    display: block;\n    padding: 8px 16px;\n    color: #5E5E5E;\n    text-decoration: none;\n    line-height: 14px; \/* Cambiado aqu\u00ed *\/\n  }\n\n  .menu-item a:hover {\n    background-color: #11111100;\n    color: #B7BEA0;\n  }\n\n  .sub-menu {\n    display: none;\n    position: relative;\n    list-style-type: none;\n    margin: 0;\n    padding: 0;\n    background-color: #33333300;\n    width: 100%;\n  }\n\n  .sub-menu a {\n    padding: 8px 16px;\n    color: #5E5E5E;\n    text-decoration: none;\n    line-height: 14px; \/* Cambiado aqu\u00ed *\/\n  }\n\n  .sub-menu a:hover {\n    background-color: #11111100;\n    color: #B7BEA0;\n  }\n\n  .menu-item:hover .sub-menu {\n    display: block;\n  }\n\n<\/style>\n<\/head>\n<body>\n\n<ul class=\"menu-principal\">\n  <li class=\"menu-item\">\n    <a href=\"\">Mexico City<i class=\"fas fa-angle-right desplegable\"><\/i><\/a>\n    <ul class=\"sub-menu\">\n      <li><a href=\"https:\/\/programadestinosmexico.com\/en\/expo-santa-fe-mexico-cdmx\/\">Expo Santa Fe M\u00e9xico<\/a><\/li>\n     <li><a href=\"https:\/\/programadestinosmexico.com\/en\/centro-citibanamex-cdmx\/\">Centro Banamex <\/a><\/li>\n    <li><a href=\"https:\/\/programadestinosmexico.com\/en\/expo-reforma-cdmx\/\">Expo Reforma <\/a><\/li>\n  <!-- Agrega m\u00e1s elementos de submen\u00fa aqu\u00ed -->\n    <\/ul>\n  <\/li>\n<li class=\"menu-item\">\n  <a href=\"\">Guadalajara<i class=\"fas fa-angle-right desplegable\"><\/i><\/a>\n  <ul class=\"sub-menu\">\n    <li><a href=\"https:\/\/programadestinosmexico.com\/en\/expo-guadalajara\/\">Expo Guadalajara<\/a><\/li>\n    \n    <!-- Agrega m\u00e1s elementos de submen\u00fa aqu\u00ed -->\n    <\/ul>\n  <\/li>\n<li class=\"menu-item\">\n  <a href=\"\">Chihuahua <i class=\"fas fa-angle-right desplegable\"><\/i><\/a>\n  <ul class=\"sub-menu\">\n    <li><a href=\"https:\/\/programadestinosmexico.com\/en\/expo-chihuahua\/\">Expo Chihuahua<\/a><\/li>\n   \n    <!-- Agrega m\u00e1s elementos de submen\u00fa aqu\u00ed -->\n    <\/ul>\n  <\/li>\n<li class=\"menu-item\">\n  <a href=\"\">Ciudad Ju\u00e1rez<i class=\"fas fa-angle-right desplegable\"><\/i><\/a>\n  <ul class=\"sub-menu\">\n    <li><a href=\"https:\/\/programadestinosmexico.com\/en\/cibeles-convention-center-ciudad-juarez\/\">Cibeles Convention Center <\/a><\/li>\n \n       <!-- Agrega m\u00e1s elementos de submen\u00fa aqu\u00ed -->\n  <\/ul>\n<\/li>\n<li class=\"menu-item\">\n  <a href=\"\">Le\u00f3n<i class=\"fas fa-angle-right desplegable\"><\/i><\/a>\n  <ul class=\"sub-menu\">\n    <li><a href=\"https:\/\/programadestinosmexico.com\/en\/poliforum-leon\/\">Poliforum Le\u00f3n<\/a><\/li>\n      <!-- Agrega m\u00e1s elementos de submen\u00fa aqu\u00ed -->\n\n  <\/ul>\n<\/li>\n<li class=\"menu-item\">\n  <a href=\"\">M\u00e9rida <i class=\"fas fa-angle-right desplegable\"><\/i><\/a>\n  <ul class=\"sub-menu\">\n    <li><a href=\"https:\/\/programadestinosmexico.com\/en\/centro-de-convenciones-yucatan-siglo-xxi\/\">Centro de Convenciones Yucat\u00e1n Siglo XXI<\/a><\/li>\n    <li><a href=\"https:\/\/programadestinosmexico.com\/en\/centro-internacional-de-congresos-de-yucatan\/\">Centro Internacional de Congresos de Yucat\u00e1n<\/a><\/li>\n  \n    <!-- Agrega m\u00e1s elementos de submen\u00fa aqu\u00ed -->\n  <\/ul>\n<\/li>\n<li class=\"menu-item\">\n  <a href=\"\">Monterrey<i class=\"fas fa-angle-right desplegable\"><\/i><\/a>\n  <ul class=\"sub-menu\">\n    <li><a href=\"https:\/\/programadestinosmexico.com\/en\/cintermex-monterrey\/\">CINTERMEX<\/a><\/li>\n    <!-- Agrega m\u00e1s elementos de submen\u00fa aqu\u00ed -->\n  <\/ul>\n<\/li>\n<li class=\"menu-item\">\n  <a href=\"\">Puebla <i class=\"fas fa-angle-right desplegable\"><\/i><\/a>\n  <ul class=\"sub-menu\">\n    <li><a href=\"https:\/\/programadestinosmexico.com\/en\/centro-de-convenciones-puebla-william-o-jenkins\/\">Centro de Convenciones Puebla William O. Jenkins<\/a><\/li>\n    <li><a href=\"https:\/\/programadestinosmexico.com\/en\/centro-expositor-de-puebla\/\">Centro Expositor de Puebla <\/a><\/li>\n  \n       <!-- Agrega m\u00e1s elementos de submen\u00fa aqu\u00ed -->\n  <\/ul>\n<\/li>\n<li class=\"menu-item\">\n  <a href=\"\">Quer\u00e9taro<i class=\"fas fa-angle-right desplegable\"><\/i><\/a>\n  <ul class=\"sub-menu\">\n    <li><a href=\"https:\/\/programadestinosmexico.com\/en\/queretaro-centro-de-congresos\/\">Quer\u00e9taro Centro de Congresos <\/a><\/li>\n    \n   <!-- Agrega m\u00e1s elementos de submen\u00fa aqu\u00ed -->\n          <!-- Agrega m\u00e1s elementos de submen\u00fa aqu\u00ed -->\n  <\/ul>\n<\/li>\n<li class=\"menu-item\">\n  <a href=\"\">Saltillo<i class=\"fas fa-angle-right desplegable\"><\/i><\/a>\n  <ul class=\"sub-menu\">\n    <li><a href=\"https:\/\/programadestinosmexico.com\/en\/centro-de-convenciones-arena-saltillo\/\">Centro de Convenciones Arena Saltillo <\/a><\/li>\n    \n   <!-- Agrega m\u00e1s elementos de submen\u00fa aqu\u00ed -->\n\n  <\/ul>\n<\/li>\n<li class=\"menu-item\">\n  <a href=\"\">San Luis Potos\u00ed<i class=\"fas fa-angle-right desplegable\"><\/i><\/a>\n  <ul class=\"sub-menu\">\n    <li><a href=\"https:\/\/programadestinosmexico.com\/en\/centro-de-convenciones-de-san-luis-potosi\/\">Centro de Convenciones de San Luis Potos\u00ed<\/a><\/li>\n   \n   <!-- Agrega m\u00e1s elementos de submen\u00fa aqu\u00ed -->\n     <\/ul>\n<\/li>\n<li class=\"menu-item\">\n  <a href=\"\">Toluca <i class=\"fas fa-angle-right desplegable\"><\/i><\/a>\n  <ul class=\"sub-menu\">\n    <li><a href=\"https:\/\/programadestinosmexico.com\/en\/centro-de-convenciones-edomex\/\">Centro de Convenciones Edomex<\/a><\/li>\n\n    <!-- Agrega m\u00e1s elementos de submen\u00fa aqu\u00ed -->\n  <\/ul>\n<\/li>\n<\/ul>\n\n<script>\n  const menuItems = document.querySelectorAll(\".menu-item\");\n  \n  menuItems.forEach(menuItem => {\n    menuItem.addEventListener(\"mouseenter\", () => {\n      const icono = menuItem.querySelector(\".desplegable\");\n      if (icono) {\n        icono.classList.remove(\"fa-angle-right\");\n        icono.classList.add(\"fa-angle-down\");\n      }\n    });\n\n    menuItem.addEventListener(\"mouseleave\", () => {\n      const icono = menuItem.querySelector(\".desplegable\");\n      if (icono) {\n        icono.classList.remove(\"fa-angle-down\");\n        icono.classList.add(\"fa-angle-right\");\n      }\n    });\n  });\n<\/script>\n<\/body>\n<\/html>\n\t\t\t\t<\/div>\n\t\t\t\t<\/div>\n\t\t\t\t<\/div>\n\t\t\t\t<\/div>\n\t\t\t\t<\/div>\n\t\t<div class=\"elementor-element elementor-element-c378f82 e-con-full e-flex e-con e-child\" data-id=\"c378f82\" data-element_type=\"container\" data-e-type=\"container\" data-settings=\"{&quot;jet_parallax_layout_list&quot;:[]}\">\n\t\t<div class=\"elementor-element elementor-element-574a40e e-con-full e-flex e-con e-child\" data-id=\"574a40e\" data-element_type=\"container\" data-e-type=\"container\" data-settings=\"{&quot;jet_parallax_layout_list&quot;:[]}\">\n\t\t\t\t<div class=\"elementor-element elementor-element-607aed0 elementor-widget elementor-widget-heading\" data-id=\"607aed0\" data-element_type=\"widget\" data-e-type=\"widget\" data-widget_type=\"heading.default\">\n\t\t\t\t<div class=\"elementor-widget-container\">\n\t\t\t\t\t<h2 class=\"elementor-heading-title elementor-size-default\">Historic Cities<\/h2>\t\t\t\t<\/div>\n\t\t\t\t<\/div>\n\t\t\t\t<div class=\"elementor-element elementor-element-70d7393 elementor-widget elementor-widget-html\" data-id=\"70d7393\" data-element_type=\"widget\" data-e-type=\"widget\" data-widget_type=\"html.default\">\n\t\t\t\t<div class=\"elementor-widget-container\">\n\t\t\t\t\t<!DOCTYPE html>\n<html lang=\"es\">\n<head>\n<meta charset=\"UTF-8\">\n<meta name=\"viewport\" content=\"width=device-width, initial-scale=1.0\">\n<title>Men\u00fa desplegable personalizable<\/title>\n<link rel=\"stylesheet\" href=\"https:\/\/cdnjs.cloudflare.com\/ajax\/libs\/font-awesome\/6.0.0-beta3\/css\/all.min.css\" crossorigin=\"anonymous\" \/>\n<style>\n  body {\n    font-family: Arial, sans-serif;\n  }\n\n  .menu-principal {\n    list-style-type: none;\n    margin: 0;\n    padding: 0;\n    background-color: #33333300;\n    width: 200px;\n  }\n\n  .menu-item {\n    position: relative;\n  }\n\n  .menu-item a {\n    display: block;\n    padding: 8px 16px;\n    color: #5E5E5E;\n    text-decoration: none;\n    line-height: 14px; \/* Cambiado aqu\u00ed *\/\n  }\n\n  .menu-item a:hover {\n    background-color: #11111100;\n    color: #B7BEA0;\n  }\n\n  .sub-menu {\n    display: none;\n    position: relative;\n    list-style-type: none;\n    margin: 0;\n    padding: 0;\n    background-color: #33333300;\n    width: 100%;\n  }\n\n  .sub-menu a {\n    padding: 8px 16px;\n    color: #5E5E5E;\n    text-decoration: none;\n    line-height: 14px; \/* Cambiado aqu\u00ed *\/\n  }\n\n  .sub-menu a:hover {\n    background-color: #11111100;\n    color: #B7BEA0;\n  }\n\n  .menu-item:hover .sub-menu {\n    display: block;\n  }\n\n<\/style>\n<\/head>\n<body>\n\n<ul class=\"menu-principal\">\n  <li class=\"menu-item\">\n  <a href=\"\">Aguascalientes<i class=\"fas fa-angle-right desplegable\"><\/i><\/a>\n  <ul class=\"sub-menu\">\n    <li><a href=\"https:\/\/programadestinosmexico.com\/en\/centro-de-convenciones-isla-san-marcos\/\">Recintos de Aguascalientes <\/a><\/li>\n    <!-- Agrega m\u00e1s elementos de submen\u00fa aqu\u00ed -->\n  <\/ul>\n<\/li>\n<li class=\"menu-item\">\n  <a href=\"\">Campeche<i class=\"fas fa-angle-right desplegable\"><\/i><\/a>\n  <ul class=\"sub-menu\">\n    <li><a href=\"https:\/\/programadestinosmexico.com\/en\/centro-de-convenciones-campeche-xxi\/\">Centro de Convenciones Campeche XXI<\/a><\/li>\n  <!-- Agrega m\u00e1s elementos de submen\u00fa aqu\u00ed -->\n  <\/ul>\n<\/li>\n<li class=\"menu-item\">\n  <a href=\"\">Cuernavaca<i class=\"fas fa-angle-right desplegable\"><\/i><\/a>\n  <ul class=\"sub-menu\">\n    <li><a href=\"https:\/\/programadestinosmexico.com\/en\/wtc-morelos\/\">WTC Morelos<\/a><\/li>\n    <!-- Agrega m\u00e1s elementos de submen\u00fa aqu\u00ed -->\n  <\/ul>\n<\/li>\n<li class=\"menu-item\">\n  <a href=\"\">Durango<i class=\"fas fa-angle-right desplegable\"><\/i><\/a>\n  <ul class=\"sub-menu\">\n    <li><a href=\"https:\/\/programadestinosmexico.com\/en\/centro-cultural-y-de-convenciones-bicentenario-durango\/\">Centro Cultural y de Convenciones Bicentenario <\/a><\/li>\n    <!-- Agrega m\u00e1s elementos de submen\u00fa aqu\u00ed -->\n  <\/ul>\n<\/li>\n<li class=\"menu-item\">\n  <a href=\"\/en\/xxxxxx\/\">Guanajuato<i class=\"fas fa-angle-right desplegable\"><\/i><\/a>\n  <ul class=\"sub-menu\">\n    <li><a href=\"https:\/\/programadestinosmexico.com\/en\/centro-de-convenciones-de-guanajuato\/\">Centro de Convenciones Guanajuato <\/a><\/li>\n <!-- Agrega m\u00e1s elementos de submen\u00fa aqu\u00ed -->\n  <\/ul>\n<\/li>\n<li class=\"menu-item\">\n  <a href=\"\/en\/xxxxxx\/\">Hermosillo<i class=\"fas fa-angle-right desplegable\"><\/i><\/a>\n  <ul class=\"sub-menu\">\n    <li><a href=\"https:\/\/programadestinosmexico.com\/en\/expo-forum-hermosillo\/\">Expo Forum<\/a><\/li>\n   \n    <!-- Agrega m\u00e1s elementos de submen\u00fa aqu\u00ed -->\n  <\/ul>\n<\/li>\n<li class=\"menu-item\">\n  <a href=\"\/en\/xxxxxx\/\">Irapuato <i class=\"fas fa-angle-right desplegable\"><\/i><\/a>\n  <ul class=\"sub-menu\">\n    <li><a href=\"https:\/\/programadestinosmexico.com\/en\/centro-de-convenciones-de-irapuato\/\">Centro de Convenciones Irapuato <\/a><\/li>\n    <li><a href=\"https:\/\/programadestinosmexico.com\/en\/inforum-irapuato\/\">INFORUM Irapuato<\/a><\/li>\n <!-- Agrega m\u00e1s elementos de submen\u00fa aqu\u00ed -->\n  <\/ul>\n<\/li>\n<li class=\"menu-item\">\n  <a href=\"\">Morelia <i class=\"fas fa-angle-right desplegable\"><\/i><\/a>\n  <ul class=\"sub-menu\">\n    <li><a href=\"https:\/\/programadestinosmexico.com\/en\/ceconexpo-centro-de-convenciones-y-exposiciones-de-morelia\/\">CECONEXPO, Centro de Convenciones y Exposiciones de Morelia <\/a><\/li>\n\n    <!-- Agrega m\u00e1s elementos de submen\u00fa aqu\u00ed -->\n\n  <\/ul>\n<\/li>\n<li class=\"menu-item\">\n  <a href=\"\">Pachuca<i class=\"fas fa-angle-right desplegable\"><\/i><\/a>\n  <ul class=\"sub-menu\">\n    <li><a href=\"https:\/\/programadestinosmexico.com\/en\/centro-de-convenciones-tuzoforum-pachuca\/\">Centro de Convenciones Tuzoforum<\/a><\/li>\n    <!-- Agrega m\u00e1s elementos de submen\u00fa aqu\u00ed -->\n\n  <\/ul>\n<\/li>\n<li class=\"menu-item\">\n  <a href=\"\">Tuxtla Guti\u00e9rrez<i class=\"fas fa-angle-right desplegable\"><\/i><\/a>\n  <ul class=\"sub-menu\">\n    <li><a href=\"https:\/\/programadestinosmexico.com\/en\/centro-de-convenciones-y-polyforum-chiapas\/\">Centro de Convenciones Polyforum Chiapas<\/a><\/li>\n <!-- Agrega m\u00e1s elementos de submen\u00fa aqu\u00ed -->\n     <!-- Agrega m\u00e1s elementos de submen\u00fa aqu\u00ed -->\n  <\/ul>\n<\/li>\n<li class=\"menu-item\">\n  <a href=\"\">Villahermosa <i class=\"fas fa-angle-right desplegable\"><\/i><\/a>\n  <ul class=\"sub-menu\">\n    <li><a href=\"https:\/\/programadestinosmexico.com\/en\/centro-de-convenciones-de-tabasco\/\">Centro de Convenciones de Tabasco <\/a><\/li>\n <!-- Agrega m\u00e1s elementos de submen\u00fa aqu\u00ed -->\n     <!-- Agrega m\u00e1s elementos de submen\u00fa aqu\u00ed -->\n  <\/ul>\n<\/li>\n<li class=\"menu-item\">\n  <a href=\"\">Zacatecas<i class=\"fas fa-angle-right desplegable\"><\/i><\/a>\n  <ul class=\"sub-menu\">\n    <li><a href=\"https:\/\/programadestinosmexico.com\/en\/palacio-de-convenciones-de-zacatecas\/\">Palacio de Convenciones de Zacatecas<\/a><\/li>\n <!-- Agrega m\u00e1s elementos de submen\u00fa aqu\u00ed -->\n  <\/ul>\n<\/li>\n<\/ul>\n\n<script>\n  const menuItems = document.querySelectorAll(\".menu-item\");\n  \n  menuItems.forEach(menuItem => {\n    menuItem.addEventListener(\"mouseenter\", () => {\n      const icono = menuItem.querySelector(\".desplegable\");\n      if (icono) {\n        icono.classList.remove(\"fa-angle-right\");\n        icono.classList.add(\"fa-angle-down\");\n      }\n    });\n\n    menuItem.addEventListener(\"mouseleave\", () => {\n      const icono = menuItem.querySelector(\".desplegable\");\n      if (icono) {\n        icono.classList.remove(\"fa-angle-down\");\n        icono.classList.add(\"fa-angle-right\");\n      }\n    });\n  });\n<\/script>\n<\/body>\n<\/html>\n\t\t\t\t<\/div>\n\t\t\t\t<\/div>\n\t\t\t\t<\/div>\n\t\t\t\t<\/div>\n\t\t\t\t<\/div>\n\t\t\t\t\t<\/div>\n\t\t\t\t<\/div>\n\t\t\t\t<\/div>\n\t\t<\/div>\n\t\t\t\t\t\t\t<\/div>\n\t\t\t\t\t\t<\/div>\t\t\t<\/div>\n\t\t<\/div>\n\t\t\t\t\t\t<\/div>\n\t\t\t\t<\/div>\n\t\t\t\t\t<\/div>\n\t\t\t\t<\/div>\n\t\t<div class=\"elementor-element elementor-element-7969ed4 e-flex e-con-boxed e-con e-parent\" data-id=\"7969ed4\" data-element_type=\"container\" data-e-type=\"container\" data-settings=\"{&quot;jet_parallax_layout_list&quot;:[]}\">\n\t\t\t\t\t<div class=\"e-con-inner\">\n\t\t<div class=\"elementor-element elementor-element-7c72661 e-flex e-con-boxed e-con e-child\" data-id=\"7c72661\" data-element_type=\"container\" data-e-type=\"container\" data-settings=\"{&quot;jet_parallax_layout_list&quot;:[]}\">\n\t\t\t\t\t<div class=\"e-con-inner\">\n\t\t<div class=\"elementor-element elementor-element-f35c078 e-flex e-con-boxed e-con e-child\" data-id=\"f35c078\" data-element_type=\"container\" data-e-type=\"container\" data-settings=\"{&quot;jet_parallax_layout_list&quot;:[],&quot;background_background&quot;:&quot;classic&quot;}\">\n\t\t\t\t\t<div class=\"e-con-inner\">\n\t\t<div class=\"elementor-element elementor-element-89b316b e-con-full animated-slow e-flex elementor-invisible e-con e-child\" data-id=\"89b316b\" data-element_type=\"container\" data-e-type=\"container\" data-settings=\"{&quot;jet_parallax_layout_list&quot;:[],&quot;animation&quot;:&quot;fadeInLeft&quot;}\">\n\t\t\t\t<div class=\"elementor-element elementor-element-4c3a00e elementor-widget elementor-widget-heading\" data-id=\"4c3a00e\" data-element_type=\"widget\" data-e-type=\"widget\" data-widget_type=\"heading.default\">\n\t\t\t\t<div class=\"elementor-widget-container\">\n\t\t\t\t\t<h2 class=\"elementor-heading-title elementor-size-default\">CENTRO DE CONVENCIONES Y POLYFORUM CHIAPAS<\/h2>\t\t\t\t<\/div>\n\t\t\t\t<\/div>\n\t\t\t\t<\/div>\n\t\t\t\t\t<\/div>\n\t\t\t\t<\/div>\n\t\t\t\t\t<\/div>\n\t\t\t\t<\/div>\n\t\t\t\t\t<\/div>\n\t\t\t\t<\/div>\n\t\t<div class=\"elementor-element elementor-element-72ae2f3 e-flex e-con-boxed e-con e-parent\" data-id=\"72ae2f3\" data-element_type=\"container\" data-e-type=\"container\" data-settings=\"{&quot;jet_parallax_layout_list&quot;:[]}\">\n\t\t\t\t\t<div class=\"e-con-inner\">\n\t\t\t\t<div class=\"elementor-element elementor-element-434596d elementor-widget__width-initial elementor-widget elementor-widget-heading\" data-id=\"434596d\" data-element_type=\"widget\" data-e-type=\"widget\" data-widget_type=\"heading.default\">\n\t\t\t\t<div class=\"elementor-widget-container\">\n\t\t\t\t\t<h2 class=\"elementor-heading-title elementor-size-default\">Description<\/h2>\t\t\t\t<\/div>\n\t\t\t\t<\/div>\n\t\t<div class=\"elementor-element elementor-element-453873e e-con-full animated-slow e-flex elementor-invisible e-con e-child\" data-id=\"453873e\" data-element_type=\"container\" data-e-type=\"container\" data-settings=\"{&quot;jet_parallax_layout_list&quot;:[],&quot;animation&quot;:&quot;fadeInLeft&quot;}\">\n\t\t\t\t<div class=\"elementor-element elementor-element-b60ad51 elementor-widget elementor-widget-text-editor\" data-id=\"b60ad51\" data-element_type=\"widget\" data-e-type=\"widget\" data-widget_type=\"text-editor.default\">\n\t\t\t\t<div class=\"elementor-widget-container\">\n\t\t\t\t\t\t\t\t\t<p>The spectacular Convention Center and Polyforum Chiapas are a set of buildings with unique contemporary architectural beauty, considered unparalleled in southeastern Mexico, designed in 1993 by internationally renowned architect Abraham Zabludovsky.<\/p><p>The Convention Center offers rooms for events ranging from 50 to 1,500 people, making it the ideal venue for events, congresses, conventions, exhibitions, as well as top-tier artistic events.<\/p><p>The Polyforum has a capacity of 3,875 spectators and is equipped with the best audio and lighting system.<\/p><p>It is the only venue with cutting-edge technology in the southeast of the country, featuring a computerized audio and lighting system and a pneumatic system that allows the seats to be removed for hosting national and international shows and sporting events.<\/p><p>This building provides various services for the development of culture, arts, and sports, as well as promoting tourism in its various forms.<\/p>\t\t\t\t\t\t\t\t<\/div>\n\t\t\t\t<\/div>\n\t\t\t\t<\/div>\n\t\t\t\t\t<\/div>\n\t\t\t\t<\/div>\n\t\t<div class=\"elementor-element elementor-element-caae580 e-flex e-con-boxed e-con e-parent\" data-id=\"caae580\" data-element_type=\"container\" data-e-type=\"container\" data-settings=\"{&quot;jet_parallax_layout_list&quot;:[]}\">\n\t\t\t\t\t<div class=\"e-con-inner\">\n\t\t\t\t<div class=\"elementor-element elementor-element-a5e9a23 elementor-widget__width-initial elementor-widget elementor-widget-heading\" data-id=\"a5e9a23\" data-element_type=\"widget\" data-e-type=\"widget\" data-widget_type=\"heading.default\">\n\t\t\t\t<div class=\"elementor-widget-container\">\n\t\t\t\t\t<h2 class=\"elementor-heading-title elementor-size-default\">Services<\/h2>\t\t\t\t<\/div>\n\t\t\t\t<\/div>\n\t\t<div class=\"elementor-element elementor-element-d81223b e-con-full animated-slow e-flex elementor-invisible e-con e-child\" data-id=\"d81223b\" data-element_type=\"container\" data-e-type=\"container\" data-settings=\"{&quot;jet_parallax_layout_list&quot;:[],&quot;animation&quot;:&quot;fadeInLeft&quot;}\">\n\t\t\t\t<div class=\"elementor-element elementor-element-1c3da6a elementor-widget elementor-widget-text-editor\" data-id=\"1c3da6a\" data-element_type=\"widget\" data-e-type=\"widget\" data-widget_type=\"text-editor.default\">\n\t\t\t\t<div class=\"elementor-widget-container\">\n\t\t\t\t\t\t\t\t\t<ul><li>Restaurant \u2013 bar<\/li><li>Wireless internet service<\/li><li>Sound<\/li><li>Wired microphones<\/li><li>Furniture rental such as chairs, tables, and platforms<\/li><li>Stage<\/li><li>Registration tables<\/li><li>Presidium<\/li><li>Podium<\/li><li>Waitstaff for coffee breaks<\/li><li>Air conditioning<\/li><li>21 x 10 m theatrical stage<\/li><li>4 dressing rooms<\/li><li>1 suite dressing room<\/li><li>1 official suite<\/li><li>Loading and unloading ramp<\/li><li>350 kW emergency power plant<\/li><li>Parking for 1,000 vehicles<\/li><li>8 access points to the hall<\/li><li>2 emergency exits<\/li><li>Lobby with two caf\u00e9 areas<\/li><\/ul>\t\t\t\t\t\t\t\t<\/div>\n\t\t\t\t<\/div>\n\t\t\t\t<\/div>\n\t\t\t\t\t<\/div>\n\t\t\t\t<\/div>\n\t\t<div class=\"elementor-element elementor-element-6f43e5b e-flex e-con-boxed e-con e-parent\" data-id=\"6f43e5b\" data-element_type=\"container\" data-e-type=\"container\" data-settings=\"{&quot;jet_parallax_layout_list&quot;:[]}\">\n\t\t\t\t\t<div class=\"e-con-inner\">\n\t\t\t\t<div class=\"elementor-element elementor-element-2fd7c57 elementor-widget__width-initial elementor-widget elementor-widget-heading\" data-id=\"2fd7c57\" data-element_type=\"widget\" data-e-type=\"widget\" data-widget_type=\"heading.default\">\n\t\t\t\t<div class=\"elementor-widget-container\">\n\t\t\t\t\t<h2 class=\"elementor-heading-title elementor-size-default\">Available Spaces<\/h2>\t\t\t\t<\/div>\n\t\t\t\t<\/div>\n\t\t<div class=\"elementor-element elementor-element-322f5f3 e-con-full animated-slow e-flex elementor-invisible e-con e-child\" data-id=\"322f5f3\" data-element_type=\"container\" data-e-type=\"container\" data-settings=\"{&quot;jet_parallax_layout_list&quot;:[],&quot;animation&quot;:&quot;fadeInLeft&quot;}\">\n\t\t\t\t<div class=\"elementor-element elementor-element-beae331 elementor-widget elementor-widget-text-editor\" data-id=\"beae331\" data-element_type=\"widget\" data-e-type=\"widget\" data-widget_type=\"text-editor.default\">\n\t\t\t\t<div class=\"elementor-widget-container\">\n\t\t\t\t\t\t\t\t\t<p>The Convention Center offers an exhibition area of 1,345 m\u00b2, in addition to a spacious lobby of 1,150 m\u00b2, totaling 2,475 m\u00b2.<\/p><p>It has 9 rooms for holding events of various sizes. It offers capacities from 50 to 1,500 people for conferences, making it the ideal venue for events, congresses, conventions, exhibitions, and top-tier artistic events.<\/p><p>The Polyforum has a capacity of 3,875 spectators and is equipped with the best audio and lighting system. It has the ability to adapt to a 21 x 10 m theatrical stage.<\/p>\t\t\t\t\t\t\t\t<\/div>\n\t\t\t\t<\/div>\n\t\t\t\t<\/div>\n\t\t\t\t\t<\/div>\n\t\t\t\t<\/div>\n\t\t<div class=\"elementor-element elementor-element-cc465d3 e-flex e-con-boxed e-con e-parent\" data-id=\"cc465d3\" data-element_type=\"container\" data-e-type=\"container\" data-settings=\"{&quot;jet_parallax_layout_list&quot;:[]}\">\n\t\t\t\t\t<div class=\"e-con-inner\">\n\t\t<div class=\"elementor-element elementor-element-5969f49 e-con-full animated-slow e-flex elementor-invisible e-con e-child\" data-id=\"5969f49\" data-element_type=\"container\" data-e-type=\"container\" data-settings=\"{&quot;jet_parallax_layout_list&quot;:[],&quot;animation&quot;:&quot;fadeInLeft&quot;,&quot;background_background&quot;:&quot;gradient&quot;}\">\n\t\t\t\t<div class=\"elementor-element elementor-element-2a4254e elementor-widget elementor-widget-heading\" data-id=\"2a4254e\" data-element_type=\"widget\" data-e-type=\"widget\" data-widget_type=\"heading.default\">\n\t\t\t\t<div class=\"elementor-widget-container\">\n\t\t\t\t\t<h1 class=\"elementor-heading-title elementor-size-default\">Location\n<\/h1>\t\t\t\t<\/div>\n\t\t\t\t<\/div>\n\t\t\t\t<div class=\"elementor-element elementor-element-87ee219 elementor-widget elementor-widget-text-editor\" data-id=\"87ee219\" data-element_type=\"widget\" data-e-type=\"widget\" data-widget_type=\"text-editor.default\">\n\t\t\t\t<div class=\"elementor-widget-container\">\n\t\t\t\t\t\t\t\t\t<p>Calzada Andr\u00e9s Serra Rojas Y Libramiento Norte s\/n,<\/p><p>El Retiro C.P. 29040<\/p><p>Tuxtla Guti\u00e9rrez, Chiapas.<\/p>\t\t\t\t\t\t\t\t<\/div>\n\t\t\t\t<\/div>\n\t\t\t\t<\/div>\n\t\t<div class=\"elementor-element elementor-element-a38eac4 e-con-full animated-slow e-flex elementor-invisible e-con e-child\" data-id=\"a38eac4\" data-element_type=\"container\" data-e-type=\"container\" data-settings=\"{&quot;jet_parallax_layout_list&quot;:[],&quot;animation&quot;:&quot;fadeInLeft&quot;,&quot;background_background&quot;:&quot;gradient&quot;}\">\n\t\t\t\t<div class=\"elementor-element elementor-element-5e0c6c6 elementor-widget elementor-widget-heading\" data-id=\"5e0c6c6\" data-element_type=\"widget\" data-e-type=\"widget\" data-widget_type=\"heading.default\">\n\t\t\t\t<div class=\"elementor-widget-container\">\n\t\t\t\t\t<h1 class=\"elementor-heading-title elementor-size-default\">Information\n<\/h1>\t\t\t\t<\/div>\n\t\t\t\t<\/div>\n\t\t\t\t<div class=\"elementor-element elementor-element-9e3ceae elementor-widget elementor-widget-text-editor\" data-id=\"9e3ceae\" data-element_type=\"widget\" data-e-type=\"widget\" data-widget_type=\"text-editor.default\">\n\t\t\t\t<div class=\"elementor-widget-container\">\n\t\t\t\t\t\t\t\t\t<ul class=\"adress\"><li><p>Phone: 52  (961) 6140975<\/p><\/li><\/ul><h2>\u00a0<\/h2>\t\t\t\t\t\t\t\t<\/div>\n\t\t\t\t<\/div>\n\t\t\t\t<\/div>\n\t\t\t\t\t<\/div>\n\t\t\t\t<\/div>\n\t\t<div class=\"elementor-element elementor-element-d6975f3 e-flex e-con-boxed e-con e-parent\" data-id=\"d6975f3\" data-element_type=\"container\" data-e-type=\"container\" data-settings=\"{&quot;background_background&quot;:&quot;classic&quot;,&quot;jet_parallax_layout_list&quot;:[]}\">\n\t\t\t\t\t<div class=\"e-con-inner\">\n\t\t\t\t<div class=\"elementor-element elementor-element-619dd26 elementor-widget elementor-widget-heading\" data-id=\"619dd26\" data-element_type=\"widget\" data-e-type=\"widget\" data-widget_type=\"heading.default\">\n\t\t\t\t<div class=\"elementor-widget-container\">\n\t\t\t\t\t<h2 class=\"elementor-heading-title elementor-size-default\"><a href=\"https:\/\/reservar.programadestinosmexico.com\">PLAN YOUR TRIP<\/a><\/h2>\t\t\t\t<\/div>\n\t\t\t\t<\/div>\n\t\t\t\t\t<\/div>\n\t\t\t\t<\/div>\n\t\t<div class=\"elementor-element elementor-element-9dbcd8b e-flex e-con-boxed e-con e-parent\" data-id=\"9dbcd8b\" data-element_type=\"container\" data-e-type=\"container\" data-settings=\"{&quot;jet_parallax_layout_list&quot;:[],&quot;background_background&quot;:&quot;classic&quot;}\">\n\t\t\t\t\t<div class=\"e-con-inner\">\n\t\t<div class=\"elementor-element elementor-element-edb9f80 e-con-full animated-slow e-flex elementor-invisible e-con e-child\" data-id=\"edb9f80\" data-element_type=\"container\" data-e-type=\"container\" data-settings=\"{&quot;jet_parallax_layout_list&quot;:[],&quot;animation&quot;:&quot;fadeInUp&quot;}\">\n\t\t\t\t<div class=\"elementor-element elementor-element-e9822ae elementor-widget elementor-widget-image\" data-id=\"e9822ae\" data-element_type=\"widget\" data-e-type=\"widget\" data-widget_type=\"image.default\">\n\t\t\t\t<div class=\"elementor-widget-container\">\n\t\t\t\t\t\t\t\t\t\t\t\t\t\t\t\t<a href=\"https:\/\/reservar.programadestinosmexico.com\/tuxtla-gutierrez\/hoteles\">\n\t\t\t\t\t\t\t<img loading=\"lazy\" decoding=\"async\" width=\"768\" height=\"510\" src=\"https:\/\/programadestinosmexico.com\/wp-content\/uploads\/2024\/01\/TUXTLA-GUTIERREZ-DONDE-HOSPEDARSE-768x510.jpg\" class=\"attachment-medium_large size-medium_large wp-image-83888\" alt=\"\" srcset=\"https:\/\/programadestinosmexico.com\/wp-content\/uploads\/2024\/01\/TUXTLA-GUTIERREZ-DONDE-HOSPEDARSE-768x510.jpg 768w, https:\/\/programadestinosmexico.com\/wp-content\/uploads\/2024\/01\/TUXTLA-GUTIERREZ-DONDE-HOSPEDARSE-300x199.jpg 300w, https:\/\/programadestinosmexico.com\/wp-content\/uploads\/2024\/01\/TUXTLA-GUTIERREZ-DONDE-HOSPEDARSE-1024x680.jpg 1024w, https:\/\/programadestinosmexico.com\/wp-content\/uploads\/2024\/01\/TUXTLA-GUTIERREZ-DONDE-HOSPEDARSE-1536x1020.jpg 1536w, https:\/\/programadestinosmexico.com\/wp-content\/uploads\/2024\/01\/TUXTLA-GUTIERREZ-DONDE-HOSPEDARSE-2048x1360.jpg 2048w\" sizes=\"(max-width: 768px) 100vw, 768px\" \/>\t\t\t\t\t\t\t\t<\/a>\n\t\t\t\t\t\t\t\t\t\t\t\t\t\t\t<\/div>\n\t\t\t\t<\/div>\n\t\t\t\t<\/div>\n\t\t<div class=\"elementor-element elementor-element-fbe2b9b e-con-full animated-slow e-flex elementor-invisible e-con e-child\" data-id=\"fbe2b9b\" data-element_type=\"container\" data-e-type=\"container\" data-settings=\"{&quot;jet_parallax_layout_list&quot;:[],&quot;animation&quot;:&quot;fadeInRight&quot;,&quot;background_background&quot;:&quot;classic&quot;}\">\n\t\t\t\t<div class=\"elementor-element elementor-element-09eeee9 elementor-widget elementor-widget-heading\" data-id=\"09eeee9\" data-element_type=\"widget\" data-e-type=\"widget\" data-widget_type=\"heading.default\">\n\t\t\t\t<div class=\"elementor-widget-container\">\n\t\t\t\t\t<h2 class=\"elementor-heading-title elementor-size-default\"><a href=\"https:\/\/reservar.programadestinosmexico.com\/tuxtla-gutierrez\/hoteles\">Where to Stay in Tuxtla Guti\u00e9rrez<\/a><\/h2>\t\t\t\t<\/div>\n\t\t\t\t<\/div>\n\t\t\t\t<div class=\"elementor-element elementor-element-7dda2f9 elementor-widget elementor-widget-heading\" data-id=\"7dda2f9\" data-element_type=\"widget\" data-e-type=\"widget\" data-widget_type=\"heading.default\">\n\t\t\t\t<div class=\"elementor-widget-container\">\n\t\t\t\t\t<h2 class=\"elementor-heading-title elementor-size-default\"><a href=\"https:\/\/reservar.programadestinosmexico.com\/tuxtla-gutierrez\/hoteles\">Up to<\/a><\/h2>\t\t\t\t<\/div>\n\t\t\t\t<\/div>\n\t\t\t\t<div class=\"elementor-element elementor-element-737c29e elementor-widget elementor-widget-heading\" data-id=\"737c29e\" data-element_type=\"widget\" data-e-type=\"widget\" data-widget_type=\"heading.default\">\n\t\t\t\t<div class=\"elementor-widget-container\">\n\t\t\t\t\t<h2 class=\"elementor-heading-title elementor-size-default\"><a href=\"https:\/\/reservar.programadestinosmexico.com\/tuxtla-gutierrez\/hoteles\">35%<\/a><\/h2>\t\t\t\t<\/div>\n\t\t\t\t<\/div>\n\t\t\t\t<div class=\"elementor-element elementor-element-69a7618 elementor-widget elementor-widget-heading\" data-id=\"69a7618\" data-element_type=\"widget\" data-e-type=\"widget\" data-widget_type=\"heading.default\">\n\t\t\t\t<div class=\"elementor-widget-container\">\n\t\t\t\t\t<h2 class=\"elementor-heading-title elementor-size-default\"><a href=\"https:\/\/reservar.programadestinosmexico.com\/tuxtla-gutierrez\/hoteles\">Off<\/a><\/h2>\t\t\t\t<\/div>\n\t\t\t\t<\/div>\n\t\t\t\t<\/div>\n\t\t\t\t\t<\/div>\n\t\t\t\t<\/div>\n\t\t<div class=\"elementor-element elementor-element-6970014 e-flex e-con-boxed e-con e-parent\" data-id=\"6970014\" data-element_type=\"container\" data-e-type=\"container\" data-settings=\"{&quot;background_background&quot;:&quot;classic&quot;,&quot;jet_parallax_layout_list&quot;:[]}\">\n\t\t\t\t\t<div class=\"e-con-inner\">\n\t\t\t\t<div class=\"elementor-element elementor-element-0f7a765 elementor-widget elementor-widget-heading\" data-id=\"0f7a765\" data-element_type=\"widget\" data-e-type=\"widget\" data-widget_type=\"heading.default\">\n\t\t\t\t<div class=\"elementor-widget-container\">\n\t\t\t\t\t<h2 class=\"elementor-heading-title elementor-size-default\"><a href=\"https:\/\/reservar.programadestinosmexico.com\">TAKE ADVANTAGE OF THE BEST OFFERS<\/a><\/h2>\t\t\t\t<\/div>\n\t\t\t\t<\/div>\n\t\t\t\t\t<\/div>\n\t\t\t\t<\/div>\n\t\t<div class=\"elementor-element elementor-element-419bc97 e-flex e-con-boxed e-con e-parent\" data-id=\"419bc97\" data-element_type=\"container\" data-e-type=\"container\" data-settings=\"{&quot;jet_parallax_layout_list&quot;:[]}\">\n\t\t\t\t\t<div class=\"e-con-inner\">\n\t\t<div class=\"elementor-element elementor-element-206683a e-con-full animated-slow e-flex elementor-invisible e-con e-child\" data-id=\"206683a\" data-element_type=\"container\" data-e-type=\"container\" data-settings=\"{&quot;jet_parallax_layout_list&quot;:[],&quot;animation&quot;:&quot;fadeInUp&quot;}\">\n\t\t<div class=\"elementor-element elementor-element-66f431f e-con-full animated-slow e-flex elementor-invisible e-con e-child\" data-id=\"66f431f\" data-element_type=\"container\" data-e-type=\"container\" data-settings=\"{&quot;jet_parallax_layout_list&quot;:[],&quot;animation&quot;:&quot;fadeInRight&quot;}\">\n\t\t\t\t<div class=\"elementor-element elementor-element-36af241 elementor-widget elementor-widget-heading\" data-id=\"36af241\" data-element_type=\"widget\" data-e-type=\"widget\" data-widget_type=\"heading.default\">\n\t\t\t\t<div class=\"elementor-widget-container\">\n\t\t\t\t\t<h2 class=\"elementor-heading-title elementor-size-default\"><a href=\"https:\/\/programadestinosmexico.com\/en\/que-ver-y-hacer-en-tuxtla-gutierrez\/\">WHAT TO SEE &amp; DO IN TUXTLA GUTI\u00c9RREZ<\/a><\/h2>\t\t\t\t<\/div>\n\t\t\t\t<\/div>\n\t\t\t\t<div class=\"elementor-element elementor-element-b5b3fe3 elementor-widget elementor-widget-text-editor\" data-id=\"b5b3fe3\" data-element_type=\"widget\" data-e-type=\"widget\" data-widget_type=\"text-editor.default\">\n\t\t\t\t<div class=\"elementor-widget-container\">\n\t\t\t\t\t\t\t\t\t<p>TRADITION AND MODERNITY<\/p>\t\t\t\t\t\t\t\t<\/div>\n\t\t\t\t<\/div>\n\t\t\t\t<\/div>\n\t\t\t\t<\/div>\n\t\t<div class=\"elementor-element elementor-element-33735c8 e-con-full animated-slow e-flex elementor-invisible e-con e-child\" data-id=\"33735c8\" data-element_type=\"container\" data-e-type=\"container\" data-settings=\"{&quot;jet_parallax_layout_list&quot;:[],&quot;animation&quot;:&quot;fadeInUp&quot;}\">\n\t\t\t\t<div class=\"elementor-element elementor-element-48a344c elementor-widget elementor-widget-image\" data-id=\"48a344c\" data-element_type=\"widget\" data-e-type=\"widget\" data-widget_type=\"image.default\">\n\t\t\t\t<div class=\"elementor-widget-container\">\n\t\t\t\t\t\t\t\t\t\t\t\t\t\t\t\t<a href=\"https:\/\/programadestinosmexico.com\/en\/que-ver-y-hacer-en-tuxtla-gutierrez\/\">\n\t\t\t\t\t\t\t<img loading=\"lazy\" decoding=\"async\" width=\"709\" height=\"471\" src=\"https:\/\/programadestinosmexico.com\/wp-content\/uploads\/2023\/10\/COMPRAS-TUXTLA-GUTIERREZ-3.jpg\" class=\"attachment-medium_large size-medium_large wp-image-39623\" alt=\"\" srcset=\"https:\/\/programadestinosmexico.com\/wp-content\/uploads\/2023\/10\/COMPRAS-TUXTLA-GUTIERREZ-3.jpg 709w, https:\/\/programadestinosmexico.com\/wp-content\/uploads\/2023\/10\/COMPRAS-TUXTLA-GUTIERREZ-3-300x199.jpg 300w\" sizes=\"(max-width: 709px) 100vw, 709px\" \/>\t\t\t\t\t\t\t\t<\/a>\n\t\t\t\t\t\t\t\t\t\t\t\t\t\t\t<\/div>\n\t\t\t\t<\/div>\n\t\t\t\t<\/div>\n\t\t\t\t\t<\/div>\n\t\t\t\t<\/div>\n\t\t<div class=\"elementor-element elementor-element-1244571 e-flex e-con-boxed e-con e-parent\" data-id=\"1244571\" data-element_type=\"container\" data-e-type=\"container\" data-settings=\"{&quot;jet_parallax_layout_list&quot;:[]}\">\n\t\t\t\t\t<div class=\"e-con-inner\">\n\t\t<div class=\"elementor-element elementor-element-ab1e54e e-con-full e-flex e-con e-child\" data-id=\"ab1e54e\" data-element_type=\"container\" data-e-type=\"container\" data-settings=\"{&quot;jet_parallax_layout_list&quot;:[]}\">\n\t\t\t\t<div class=\"elementor-element elementor-element-50ad60b elementor-widget elementor-widget-image\" data-id=\"50ad60b\" data-element_type=\"widget\" data-e-type=\"widget\" data-widget_type=\"image.default\">\n\t\t\t\t<div class=\"elementor-widget-container\">\n\t\t\t\t\t\t\t\t\t\t\t\t\t\t\t\t<a href=\"https:\/\/programadestinosmexico.com\/en\/guias-turisticas-de-mexico\/\">\n\t\t\t\t\t\t\t<img loading=\"lazy\" decoding=\"async\" width=\"768\" height=\"510\" src=\"https:\/\/programadestinosmexico.com\/wp-content\/uploads\/2024\/01\/TUXTLA-GUTIERREZ-DESTINOS-TURISMO-DE-REUNIONES-768x510.jpg\" class=\"attachment-medium_large size-medium_large wp-image-83889\" alt=\"\" srcset=\"https:\/\/programadestinosmexico.com\/wp-content\/uploads\/2024\/01\/TUXTLA-GUTIERREZ-DESTINOS-TURISMO-DE-REUNIONES-768x510.jpg 768w, https:\/\/programadestinosmexico.com\/wp-content\/uploads\/2024\/01\/TUXTLA-GUTIERREZ-DESTINOS-TURISMO-DE-REUNIONES-300x199.jpg 300w, https:\/\/programadestinosmexico.com\/wp-content\/uploads\/2024\/01\/TUXTLA-GUTIERREZ-DESTINOS-TURISMO-DE-REUNIONES-1024x680.jpg 1024w, https:\/\/programadestinosmexico.com\/wp-content\/uploads\/2024\/01\/TUXTLA-GUTIERREZ-DESTINOS-TURISMO-DE-REUNIONES-1536x1020.jpg 1536w, https:\/\/programadestinosmexico.com\/wp-content\/uploads\/2024\/01\/TUXTLA-GUTIERREZ-DESTINOS-TURISMO-DE-REUNIONES-2048x1360.jpg 2048w\" sizes=\"(max-width: 768px) 100vw, 768px\" \/>\t\t\t\t\t\t\t\t<\/a>\n\t\t\t\t\t\t\t\t\t\t\t\t\t\t\t<\/div>\n\t\t\t\t<\/div>\n\t\t\t\t<\/div>\n\t\t<div class=\"elementor-element elementor-element-32b2422 e-con-full e-flex e-con e-child\" data-id=\"32b2422\" data-element_type=\"container\" data-e-type=\"container\" data-settings=\"{&quot;jet_parallax_layout_list&quot;:[]}\">\n\t\t\t\t<div class=\"elementor-element elementor-element-9598919 elementor-widget elementor-widget-heading\" data-id=\"9598919\" data-element_type=\"widget\" data-e-type=\"widget\" data-widget_type=\"heading.default\">\n\t\t\t\t<div class=\"elementor-widget-container\">\n\t\t\t\t\t<h2 class=\"elementor-heading-title elementor-size-default\">Live your favorite experience in Chiapas<\/h2>\t\t\t\t<\/div>\n\t\t\t\t<\/div>\n\t\t\t\t<div class=\"elementor-element elementor-element-59ae2c5 elementor-position-left elementor-vertical-align-top elementor-widget elementor-widget-image-box\" data-id=\"59ae2c5\" data-element_type=\"widget\" data-e-type=\"widget\" data-widget_type=\"image-box.default\">\n\t\t\t\t<div class=\"elementor-widget-container\">\n\t\t\t\t\t<div class=\"elementor-image-box-wrapper\"><figure class=\"elementor-image-box-img\"><a href=\"https:\/\/programadestinosmexico.com\/en\/guias-turisticas-de-mexico\/\" tabindex=\"-1\"><img loading=\"lazy\" decoding=\"async\" width=\"100\" height=\"97\" src=\"https:\/\/programadestinosmexico.com\/wp-content\/uploads\/2023\/06\/boton-de-download.png\" class=\"attachment-full size-full wp-image-2062\" alt=\"\" \/><\/a><\/figure><div class=\"elementor-image-box-content\"><h3 class=\"elementor-image-box-title\"><a href=\"https:\/\/programadestinosmexico.com\/en\/guias-turisticas-de-mexico\/\">Download your Chiapas Free Travel Guide<\/a><\/h3><\/div><\/div>\t\t\t\t<\/div>\n\t\t\t\t<\/div>\n\t\t\t\t<div class=\"elementor-element elementor-element-bbc69cf elementor-widget elementor-widget-image\" data-id=\"bbc69cf\" data-element_type=\"widget\" data-e-type=\"widget\" data-widget_type=\"image.default\">\n\t\t\t\t<div class=\"elementor-widget-container\">\n\t\t\t\t\t\t\t\t\t\t\t\t\t\t\t\t<a href=\"https:\/\/programadestinosmexico.com\/en\/guias-turisticas-de-mexico\/\">\n\t\t\t\t\t\t\t<img loading=\"lazy\" decoding=\"async\" width=\"768\" height=\"510\" src=\"https:\/\/programadestinosmexico.com\/wp-content\/uploads\/2023\/09\/FONDO-TUXTLA-DESTINOS-TURISMO-DE-REUNIONES-768x510.jpg\" class=\"attachment-medium_large size-medium_large wp-image-21106\" alt=\"\" srcset=\"https:\/\/programadestinosmexico.com\/wp-content\/uploads\/2023\/09\/FONDO-TUXTLA-DESTINOS-TURISMO-DE-REUNIONES-768x510.jpg 768w, https:\/\/programadestinosmexico.com\/wp-content\/uploads\/2023\/09\/FONDO-TUXTLA-DESTINOS-TURISMO-DE-REUNIONES-300x199.jpg 300w, https:\/\/programadestinosmexico.com\/wp-content\/uploads\/2023\/09\/FONDO-TUXTLA-DESTINOS-TURISMO-DE-REUNIONES-1024x680.jpg 1024w, https:\/\/programadestinosmexico.com\/wp-content\/uploads\/2023\/09\/FONDO-TUXTLA-DESTINOS-TURISMO-DE-REUNIONES-1536x1020.jpg 1536w, https:\/\/programadestinosmexico.com\/wp-content\/uploads\/2023\/09\/FONDO-TUXTLA-DESTINOS-TURISMO-DE-REUNIONES-2048x1360.jpg 2048w\" sizes=\"(max-width: 768px) 100vw, 768px\" \/>\t\t\t\t\t\t\t\t<\/a>\n\t\t\t\t\t\t\t\t\t\t\t\t\t\t\t<\/div>\n\t\t\t\t<\/div>\n\t\t\t\t<\/div>\n\t\t\t\t\t<\/div>\n\t\t\t\t<\/div>\n\t\t\t\t<\/div>","protected":false},"excerpt":{"rendered":"<p>DESCUBRE LOS MEJORES CENTROS DE CONVENCIONES EN M\u00c9XICO Centro Expositor de Puebla Expo Mundo Imperial Recintos de Aguascalientes Playas Men\u00fa desplegable personalizable Acapulco Expo Mundo Imperial Canc\u00fan Centro de Convenciones Canc\u00fan Ciudad del Carmen Centro de Convenciones Carmen XXI Coatzacoalcos Centro Coatzacoalcos Los Cabos ICC Los Cabos Mazatl\u00e1n MIC Centro de Convenciones y Exposiciones de [&hellip;]<\/p>\n","protected":false},"author":2,"featured_media":41796,"parent":0,"menu_order":0,"comment_status":"closed","ping_status":"closed","template":"","meta":{"om_disable_all_campaigns":false,"_monsterinsights_skip_tracking":false,"_monsterinsights_sitenote_active":false,"_monsterinsights_sitenote_note":"","_monsterinsights_sitenote_category":0,"footnotes":""},"class_list":["post-84521","page","type-page","status-publish","has-post-thumbnail","hentry"],"_links":{"self":[{"href":"https:\/\/programadestinosmexico.com\/en\/wp-json\/wp\/v2\/pages\/84521","targetHints":{"allow":["GET"]}}],"collection":[{"href":"https:\/\/programadestinosmexico.com\/en\/wp-json\/wp\/v2\/pages"}],"about":[{"href":"https:\/\/programadestinosmexico.com\/en\/wp-json\/wp\/v2\/types\/page"}],"author":[{"embeddable":true,"href":"https:\/\/programadestinosmexico.com\/en\/wp-json\/wp\/v2\/users\/2"}],"replies":[{"embeddable":true,"href":"https:\/\/programadestinosmexico.com\/en\/wp-json\/wp\/v2\/comments?post=84521"}],"version-history":[{"count":14,"href":"https:\/\/programadestinosmexico.com\/en\/wp-json\/wp\/v2\/pages\/84521\/revisions"}],"predecessor-version":[{"id":166895,"href":"https:\/\/programadestinosmexico.com\/en\/wp-json\/wp\/v2\/pages\/84521\/revisions\/166895"}],"wp:featuredmedia":[{"embeddable":true,"href":"https:\/\/programadestinosmexico.com\/en\/wp-json\/wp\/v2\/media\/41796"}],"wp:attachment":[{"href":"https:\/\/programadestinosmexico.com\/en\/wp-json\/wp\/v2\/media?parent=84521"}],"curies":[{"name":"wp","href":"https:\/\/api.w.org\/{rel}","templated":true}]}}