{"id":76980,"date":"2024-01-01T00:35:06","date_gmt":"2024-01-01T06:35:06","guid":{"rendered":"https:\/\/programadestinosmexico.com\/?page_id=76980"},"modified":"2025-02-08T12:58:20","modified_gmt":"2025-02-08T18:58:20","slug":"arquitectura-colonial-en-la-ciudad-de-mexico","status":"publish","type":"page","link":"https:\/\/programadestinosmexico.com\/en\/arquitectura-colonial-en-la-ciudad-de-mexico\/","title":{"rendered":"Arquitectura Colonial en la Ciudad de M\u00e9xico"},"content":{"rendered":"<div data-elementor-type=\"wp-post\" data-elementor-id=\"76980\" class=\"elementor elementor-76980\" data-elementor-post-type=\"page\">\n\t\t\t\t\t\t<section class=\"elementor-section elementor-top-section elementor-element elementor-element-6c4d01f elementor-section-full_width elementor-hidden-mobile elementor-section-height-default elementor-section-height-default\" data-id=\"6c4d01f\" data-element_type=\"section\" data-e-type=\"section\" data-settings=\"{&quot;jet_parallax_layout_list&quot;:[]}\">\n\t\t\t\t\t\t<div class=\"elementor-container elementor-column-gap-default\">\n\t\t\t\t\t<div class=\"elementor-column elementor-col-100 elementor-top-column elementor-element elementor-element-dd370e4\" data-id=\"dd370e4\" data-element_type=\"column\" data-e-type=\"column\">\n\t\t\t<div class=\"elementor-widget-wrap elementor-element-populated\">\n\t\t\t\t\t\t<div class=\"elementor-element elementor-element-2f47c53 elementor-hidden-mobile elementor-widget elementor-widget-jet-slider\" data-id=\"2f47c53\" data-element_type=\"widget\" data-e-type=\"widget\" data-settings=\"{&quot;slider_height&quot;:{&quot;unit&quot;:&quot;px&quot;,&quot;size&quot;:400,&quot;sizes&quot;:[]},&quot;slider_height_tablet&quot;:{&quot;unit&quot;:&quot;px&quot;,&quot;size&quot;:&quot;&quot;,&quot;sizes&quot;:[]},&quot;slider_height_mobile&quot;:{&quot;unit&quot;:&quot;px&quot;,&quot;size&quot;:&quot;&quot;,&quot;sizes&quot;:[]}}\" data-widget_type=\"jet-slider.default\">\n\t\t\t\t<div class=\"elementor-widget-container\">\n\t\t\t\t\t<div class=\"elementor-jet-slider jet-elements\">\n<div class=\"jet-slider jet-slider__image-exact\" data-settings='{&quot;sliderWidth&quot;:1,&quot;sliderHeight&quot;:1,&quot;sliderNavigation&quot;:false,&quot;sliderNavigationIcon&quot;:&quot;jet-slider__arrow-icon-2f47c53&quot;,&quot;sliderNaviOnHover&quot;:false,&quot;sliderPagination&quot;:false,&quot;sliderAutoplay&quot;:true,&quot;sliderAutoplayDelay&quot;:5000,&quot;sliderAutoplayOnHover&quot;:&quot;pause&quot;,&quot;sliderFullScreen&quot;:false,&quot;sliderFullscreenIcon&quot;:&quot;jet-slider__fullscreen-icon-2f47c53&quot;,&quot;sliderShuffle&quot;:false,&quot;sliderLoop&quot;:true,&quot;sliderFadeMode&quot;:false,&quot;slideDistance&quot;:1,&quot;slideDuration&quot;:500,&quot;imageScaleMode&quot;:&quot;exact&quot;,&quot;thumbnails&quot;:false,&quot;thumbnailWidth&quot;:120,&quot;thumbnailHeight&quot;:80,&quot;rightToLeft&quot;:false,&quot;touchswipe&quot;:true,&quot;fractionPag&quot;:false,&quot;fractionPrefix&quot;:&quot;&quot;,&quot;fractionSeparator&quot;:&quot;\\\/&quot;,&quot;fractionSuffix&quot;:&quot;&quot;,&quot;autoSliderHeight&quot;:false}'>\n\t\n<div  class=\"slider-pro\">\n\t<div class=\"jet-slider__arrow-icon-2f47c53 hidden-html\"><\/div><div class=\"jet-slider__fullscreen-icon-2f47c53 hidden-html\"><\/div>\t<div class=\"jet-slider__items sp-slides\">\n\n\n<div  class=\"jet-slider__item sp-slide elementor-repeater-item-ac78bb5\"><img decoding=\"async\" class=\"sp-image\" src=\"https:\/\/programadestinosmexico.com\/wp-content\/uploads\/2023\/10\/Arquitectura-Colonial-Ciudad-de-Mexico.jpg\" alt=\"Arquitectura Colonial Ciudad de Me\u0301xico\" loading=\"lazy\"><div class=\"jet-slider__content sp-layer\" data-position=\"centerCenter\" data-width=\"100%\" data-height=\"100%\" data-horizontal=\"0%\" data-show-transition=\"up\" data-show-duration=\"400\" data-show-delay=\"400\" >\n\t\t<div class=\"jet-slider__content-item\">\n\t\t\t<div class=\"jet-slider__content-inner\"> \n\n\t\t\t\t\t\t<div class=\"jet-slider__button-wrapper\">\t\t\t\t\t\t<\/div><\/div>\n\t\t<\/div>\n\t\t\t<\/div>\n<\/div>\n\n<div  class=\"jet-slider__item sp-slide elementor-repeater-item-e37d146\"><img decoding=\"async\" class=\"sp-image\" src=\"https:\/\/programadestinosmexico.com\/wp-content\/uploads\/2023\/10\/Arquitectura-Colonial-Ciudad-de-Mexico-3.jpg\" alt=\"Arquitectura Colonial Ciudad de Me\u0301xico 3\" loading=\"lazy\"><div class=\"jet-slider__content sp-layer\" data-position=\"centerCenter\" data-width=\"100%\" data-height=\"100%\" data-horizontal=\"0%\" data-show-transition=\"up\" data-show-duration=\"400\" data-show-delay=\"400\" >\n\t\t<div class=\"jet-slider__content-item\">\n\t\t\t<div class=\"jet-slider__content-inner\"> \n\n\t\t\t\t\t\t<div class=\"jet-slider__button-wrapper\">\t\t\t\t\t\t<\/div><\/div>\n\t\t<\/div>\n\t\t\t<\/div>\n<\/div>\n\n<div  class=\"jet-slider__item sp-slide elementor-repeater-item-7999cb0\"><img decoding=\"async\" class=\"sp-image\" src=\"https:\/\/programadestinosmexico.com\/wp-content\/uploads\/2023\/10\/Arquitectura-Colonial-Ciudad-de-Mexico-2.jpg\" alt=\"Arquitectura Colonial Ciudad de Me\u0301xico 2\" loading=\"lazy\"><div class=\"jet-slider__content sp-layer\" data-position=\"centerCenter\" data-width=\"100%\" data-height=\"100%\" data-horizontal=\"0%\" data-show-transition=\"up\" data-show-duration=\"400\" data-show-delay=\"400\" >\n\t\t<div class=\"jet-slider__content-item\">\n\t\t\t<div class=\"jet-slider__content-inner\"> \n\n\t\t\t\t\t\t<div class=\"jet-slider__button-wrapper\">\t\t\t\t\t\t<\/div><\/div>\n\t\t<\/div>\n\t\t\t<\/div>\n<\/div>\n\n<\/div>\n<\/div>\n<\/div>\n<\/div>\t\t\t\t<\/div>\n\t\t\t\t<\/div>\n\t\t\t\t\t<\/div>\n\t\t<\/div>\n\t\t\t\t\t<\/div>\n\t\t<\/section>\n\t\t\t\t<section class=\"elementor-section elementor-top-section elementor-element elementor-element-af05029 elementor-section-full_width elementor-hidden-desktop elementor-hidden-tablet elementor-section-height-default elementor-section-height-default\" data-id=\"af05029\" data-element_type=\"section\" data-e-type=\"section\" data-settings=\"{&quot;jet_parallax_layout_list&quot;:[]}\">\n\t\t\t\t\t\t<div class=\"elementor-container elementor-column-gap-default\">\n\t\t\t\t\t<div class=\"elementor-column elementor-col-100 elementor-top-column elementor-element elementor-element-127ebd5\" data-id=\"127ebd5\" data-element_type=\"column\" data-e-type=\"column\">\n\t\t\t<div class=\"elementor-widget-wrap elementor-element-populated\">\n\t\t\t\t\t\t<div class=\"elementor-element elementor-element-3ee5c50 elementor-hidden-desktop elementor-hidden-tablet elementor-widget elementor-widget-jet-slider\" data-id=\"3ee5c50\" data-element_type=\"widget\" data-e-type=\"widget\" data-settings=\"{&quot;slider_height&quot;:{&quot;unit&quot;:&quot;px&quot;,&quot;size&quot;:400,&quot;sizes&quot;:[]},&quot;slider_height_tablet&quot;:{&quot;unit&quot;:&quot;px&quot;,&quot;size&quot;:&quot;&quot;,&quot;sizes&quot;:[]},&quot;slider_height_mobile&quot;:{&quot;unit&quot;:&quot;px&quot;,&quot;size&quot;:&quot;&quot;,&quot;sizes&quot;:[]}}\" data-widget_type=\"jet-slider.default\">\n\t\t\t\t<div class=\"elementor-widget-container\">\n\t\t\t\t\t<div class=\"elementor-jet-slider jet-elements\">\n<div class=\"jet-slider jet-slider__image-exact\" data-settings='{&quot;sliderWidth&quot;:1,&quot;sliderHeight&quot;:1,&quot;sliderNavigation&quot;:false,&quot;sliderNavigationIcon&quot;:&quot;jet-slider__arrow-icon-3ee5c50&quot;,&quot;sliderNaviOnHover&quot;:false,&quot;sliderPagination&quot;:false,&quot;sliderAutoplay&quot;:true,&quot;sliderAutoplayDelay&quot;:5000,&quot;sliderAutoplayOnHover&quot;:&quot;pause&quot;,&quot;sliderFullScreen&quot;:false,&quot;sliderFullscreenIcon&quot;:&quot;jet-slider__fullscreen-icon-3ee5c50&quot;,&quot;sliderShuffle&quot;:false,&quot;sliderLoop&quot;:true,&quot;sliderFadeMode&quot;:false,&quot;slideDistance&quot;:1,&quot;slideDuration&quot;:500,&quot;imageScaleMode&quot;:&quot;exact&quot;,&quot;thumbnails&quot;:false,&quot;thumbnailWidth&quot;:120,&quot;thumbnailHeight&quot;:80,&quot;rightToLeft&quot;:false,&quot;touchswipe&quot;:true,&quot;fractionPag&quot;:false,&quot;fractionPrefix&quot;:&quot;&quot;,&quot;fractionSeparator&quot;:&quot;\\\/&quot;,&quot;fractionSuffix&quot;:&quot;&quot;,&quot;autoSliderHeight&quot;:false}'>\n\t\n<div  class=\"slider-pro\">\n\t<div class=\"jet-slider__arrow-icon-3ee5c50 hidden-html\"><\/div><div class=\"jet-slider__fullscreen-icon-3ee5c50 hidden-html\"><\/div>\t<div class=\"jet-slider__items sp-slides\">\n\n\n<div  class=\"jet-slider__item sp-slide elementor-repeater-item-ac78bb5\"><img decoding=\"async\" class=\"sp-image\" src=\"https:\/\/programadestinosmexico.com\/wp-content\/uploads\/2023\/10\/Arquitectura-Colonial-Ciudad-de-Mexico.jpg\" alt=\"Arquitectura Colonial Ciudad de Me\u0301xico\" loading=\"lazy\"><div class=\"jet-slider__content sp-layer\" data-position=\"centerCenter\" data-width=\"100%\" data-height=\"100%\" data-horizontal=\"0%\" data-show-transition=\"up\" data-show-duration=\"400\" data-show-delay=\"400\" >\n\t\t<div class=\"jet-slider__content-item\">\n\t\t\t<div class=\"jet-slider__content-inner\"> \n\n\t\t\t\t\t\t<div class=\"jet-slider__button-wrapper\">\t\t\t\t\t\t<\/div><\/div>\n\t\t<\/div>\n\t\t\t<\/div>\n<\/div>\n\n<div  class=\"jet-slider__item sp-slide elementor-repeater-item-e37d146\"><img decoding=\"async\" class=\"sp-image\" src=\"https:\/\/programadestinosmexico.com\/wp-content\/uploads\/2023\/10\/Arquitectura-Colonial-Ciudad-de-Mexico-3.jpg\" alt=\"Arquitectura Colonial Ciudad de Me\u0301xico 3\" loading=\"lazy\"><div class=\"jet-slider__content sp-layer\" data-position=\"centerCenter\" data-width=\"100%\" data-height=\"100%\" data-horizontal=\"0%\" data-show-transition=\"up\" data-show-duration=\"400\" data-show-delay=\"400\" >\n\t\t<div class=\"jet-slider__content-item\">\n\t\t\t<div class=\"jet-slider__content-inner\"> \n\n\t\t\t\t\t\t<div class=\"jet-slider__button-wrapper\">\t\t\t\t\t\t<\/div><\/div>\n\t\t<\/div>\n\t\t\t<\/div>\n<\/div>\n\n<div  class=\"jet-slider__item sp-slide elementor-repeater-item-7999cb0\"><img decoding=\"async\" class=\"sp-image\" src=\"https:\/\/programadestinosmexico.com\/wp-content\/uploads\/2023\/10\/Arquitectura-Colonial-Ciudad-de-Mexico-2.jpg\" alt=\"Arquitectura Colonial Ciudad de Me\u0301xico 2\" loading=\"lazy\"><div class=\"jet-slider__content sp-layer\" data-position=\"centerCenter\" data-width=\"100%\" data-height=\"100%\" data-horizontal=\"0%\" data-show-transition=\"up\" data-show-duration=\"400\" data-show-delay=\"400\" >\n\t\t<div class=\"jet-slider__content-item\">\n\t\t\t<div class=\"jet-slider__content-inner\"> \n\n\t\t\t\t\t\t<div class=\"jet-slider__button-wrapper\">\t\t\t\t\t\t<\/div><\/div>\n\t\t<\/div>\n\t\t\t<\/div>\n<\/div>\n\n<\/div>\n<\/div>\n<\/div>\n<\/div>\t\t\t\t<\/div>\n\t\t\t\t<\/div>\n\t\t\t\t\t<\/div>\n\t\t<\/div>\n\t\t\t\t\t<\/div>\n\t\t<\/section>\n\t\t<div class=\"elementor-element elementor-element-7de3c4a e-flex e-con-boxed elementor-invisible e-con e-parent\" data-id=\"7de3c4a\" data-element_type=\"container\" data-e-type=\"container\" data-settings=\"{&quot;jet_parallax_layout_list&quot;:[],&quot;animation&quot;:&quot;fadeInUp&quot;}\">\n\t\t\t\t\t<div class=\"e-con-inner\">\n\t\t\t\t<div class=\"elementor-element elementor-element-47cc243 elementor-widget elementor-widget-jet-accordion\" data-id=\"47cc243\" data-element_type=\"widget\" data-e-type=\"widget\" data-widget_type=\"jet-accordion.default\">\n\t\t\t\t<div class=\"elementor-widget-container\">\n\t\t\t\t\t\t\t\t\t<div class=\"jet-accordion\" data-settings=\"{&quot;collapsible&quot;:false,&quot;ajaxTemplate&quot;:false,&quot;switchScrolling&quot;:false,&quot;switchScrollingOffset&quot;:0,&quot;switchScrollingDelay&quot;:500}\">\n\t\t\t<div class=\"jet-accordion__inner\">\n\t\t\t\t<div class=\"jet-accordion__item jet-toggle jet-toggle-move-up-effect\">\n\t\t\t\t\t\t\t<div id=\"jet-toggle-control-7521\" class=\"jet-toggle__control elementor-menu-anchor\" data-toggle=\"1\" role=\"button\" tabindex=\"0\" aria-controls=\"jet-toggle-content-7521\" aria-expanded=\"false\" data-template-id=\"4477\">\n\t\t\t\t\t\t\t\t<div class=\"jet-toggle__label-icon jet-toggle-icon-position-left\"><span class=\"jet-toggle__icon icon-normal jet-tabs-icon\"><i class=\"fas fa-plus\"><\/i><\/span><span class=\"jet-toggle__icon icon-active jet-tabs-icon\"><i class=\"fas fa-minus\"><\/i><\/span><\/div><div class=\"jet-toggle__label-text\">EXPLORING THE WONDERS OF COLONIAL ARCHITECTURE IN MEXICO<\/div>\t\t\t\t\t\t\t<\/div>\n\t\t\t\t\t\t\t<div id=\"jet-toggle-content-7521\" class=\"jet-toggle__content\" data-toggle=\"1\" role=\"region\" data-template-id=\"4477\">\n\t\t\t\t\t\t\t\t<div class=\"jet-toggle__content-inner\">\t\t<div data-elementor-type=\"section\" data-elementor-id=\"4477\" class=\"elementor elementor-4477\" data-elementor-post-type=\"elementor_library\">\n\t\t\t<div class=\"elementor-element elementor-element-e1f3ade elementor-hidden-mobile e-flex e-con-boxed e-con e-parent\" data-id=\"e1f3ade\" data-element_type=\"container\" data-e-type=\"container\" data-settings=\"{&quot;jet_parallax_layout_list&quot;:[]}\">\n\t\t\t\t\t<div class=\"e-con-inner\">\n\t\t<div class=\"elementor-element elementor-element-d7ea833 e-con-full e-flex e-con e-child\" data-id=\"d7ea833\" data-element_type=\"container\" data-e-type=\"container\" data-settings=\"{&quot;background_background&quot;:&quot;classic&quot;,&quot;jet_parallax_layout_list&quot;:[]}\">\n\t\t<div class=\"elementor-element elementor-element-a77a6ab e-flex e-con-boxed e-con e-child\" data-id=\"a77a6ab\" data-element_type=\"container\" data-e-type=\"container\" data-settings=\"{&quot;background_background&quot;:&quot;classic&quot;,&quot;jet_parallax_layout_list&quot;:[]}\">\n\t\t\t\t\t<div class=\"e-con-inner\">\n\t\t\t\t<div class=\"elementor-element elementor-element-7b0f781 elementor-widget elementor-widget-heading\" data-id=\"7b0f781\" data-element_type=\"widget\" data-e-type=\"widget\" data-widget_type=\"heading.default\">\n\t\t\t\t<div class=\"elementor-widget-container\">\n\t\t\t\t\t<h2 class=\"elementor-heading-title elementor-size-default\"><a href=\"https:\/\/programadestinosmexico.com\/golf\/los-cabos.html\">Campeche<\/a><\/h2>\t\t\t\t<\/div>\n\t\t\t\t<\/div>\n\t\t\t\t\t<\/div>\n\t\t\t\t<\/div>\n\t\t\t\t<div class=\"elementor-element elementor-element-de2e26a elementor-widget elementor-widget-image\" data-id=\"de2e26a\" data-element_type=\"widget\" data-e-type=\"widget\" data-widget_type=\"image.default\">\n\t\t\t\t<div class=\"elementor-widget-container\">\n\t\t\t\t\t\t\t\t\t\t\t\t\t\t\t\t<a href=\"https:\/\/programadestinosmexico.com\/en\/arquitectura-colonial-en-campeche\/\">\n\t\t\t\t\t\t\t<img fetchpriority=\"high\" decoding=\"async\" width=\"425\" height=\"282\" src=\"https:\/\/programadestinosmexico.com\/wp-content\/uploads\/2023\/04\/ARQUITECTURA-COLONIAL-CAMPECHE.jpg\" class=\"attachment-medium_large size-medium_large wp-image-2433\" alt=\"\" srcset=\"https:\/\/programadestinosmexico.com\/wp-content\/uploads\/2023\/04\/ARQUITECTURA-COLONIAL-CAMPECHE.jpg 425w, https:\/\/programadestinosmexico.com\/wp-content\/uploads\/2023\/04\/ARQUITECTURA-COLONIAL-CAMPECHE-300x199.jpg 300w\" sizes=\"(max-width: 425px) 100vw, 425px\" \/>\t\t\t\t\t\t\t\t<\/a>\n\t\t\t\t\t\t\t\t\t\t\t\t\t\t\t<\/div>\n\t\t\t\t<\/div>\n\t\t<div class=\"elementor-element elementor-element-069a833 e-flex e-con-boxed e-con e-child\" data-id=\"069a833\" data-element_type=\"container\" data-e-type=\"container\" data-settings=\"{&quot;background_background&quot;:&quot;classic&quot;,&quot;jet_parallax_layout_list&quot;:[]}\">\n\t\t\t\t\t<div class=\"e-con-inner\">\n\t\t\t\t<div class=\"elementor-element elementor-element-c5feab6 elementor-widget elementor-widget-heading\" data-id=\"c5feab6\" data-element_type=\"widget\" data-e-type=\"widget\" data-widget_type=\"heading.default\">\n\t\t\t\t<div class=\"elementor-widget-container\">\n\t\t\t\t\t<h2 class=\"elementor-heading-title elementor-size-default\"><a href=\"https:\/\/programadestinosmexico.com\/golf\/cancun.html\">Mexico City<\/a><\/h2>\t\t\t\t<\/div>\n\t\t\t\t<\/div>\n\t\t\t\t\t<\/div>\n\t\t\t\t<\/div>\n\t\t\t\t<div class=\"elementor-element elementor-element-9d8e8d8 elementor-widget elementor-widget-image\" data-id=\"9d8e8d8\" data-element_type=\"widget\" data-e-type=\"widget\" data-widget_type=\"image.default\">\n\t\t\t\t<div class=\"elementor-widget-container\">\n\t\t\t\t\t\t\t\t\t\t\t\t\t\t\t\t<a href=\"https:\/\/programadestinosmexico.com\/en\/arquitectura-colonial-en-la-ciudad-de-mexico\/\">\n\t\t\t\t\t\t\t<img decoding=\"async\" width=\"768\" height=\"510\" src=\"https:\/\/programadestinosmexico.com\/wp-content\/uploads\/2023\/08\/ARQUITECTURA-COLONIAL-CIUDAD-DE-MEXICO-768x510.jpg\" class=\"attachment-medium_large size-medium_large wp-image-5765\" alt=\"\" srcset=\"https:\/\/programadestinosmexico.com\/wp-content\/uploads\/2023\/08\/ARQUITECTURA-COLONIAL-CIUDAD-DE-MEXICO-768x510.jpg 768w, https:\/\/programadestinosmexico.com\/wp-content\/uploads\/2023\/08\/ARQUITECTURA-COLONIAL-CIUDAD-DE-MEXICO-300x199.jpg 300w, https:\/\/programadestinosmexico.com\/wp-content\/uploads\/2023\/08\/ARQUITECTURA-COLONIAL-CIUDAD-DE-MEXICO-1024x680.jpg 1024w, https:\/\/programadestinosmexico.com\/wp-content\/uploads\/2023\/08\/ARQUITECTURA-COLONIAL-CIUDAD-DE-MEXICO-1536x1020.jpg 1536w, https:\/\/programadestinosmexico.com\/wp-content\/uploads\/2023\/08\/ARQUITECTURA-COLONIAL-CIUDAD-DE-MEXICO-2048x1360.jpg 2048w\" sizes=\"(max-width: 768px) 100vw, 768px\" \/>\t\t\t\t\t\t\t\t<\/a>\n\t\t\t\t\t\t\t\t\t\t\t\t\t\t\t<\/div>\n\t\t\t\t<\/div>\n\t\t<div class=\"elementor-element elementor-element-5acbee5 e-flex e-con-boxed e-con e-child\" data-id=\"5acbee5\" data-element_type=\"container\" data-e-type=\"container\" data-settings=\"{&quot;background_background&quot;:&quot;classic&quot;,&quot;jet_parallax_layout_list&quot;:[]}\">\n\t\t\t\t\t<div class=\"e-con-inner\">\n\t\t\t\t<div class=\"elementor-element elementor-element-70f1b88 elementor-widget elementor-widget-heading\" data-id=\"70f1b88\" data-element_type=\"widget\" data-e-type=\"widget\" data-widget_type=\"heading.default\">\n\t\t\t\t<div class=\"elementor-widget-container\">\n\t\t\t\t\t<h2 class=\"elementor-heading-title elementor-size-default\">Tlaxcala<\/h2>\t\t\t\t<\/div>\n\t\t\t\t<\/div>\n\t\t\t\t\t<\/div>\n\t\t\t\t<\/div>\n\t\t\t\t<div class=\"elementor-element elementor-element-2feecea elementor-widget elementor-widget-image\" data-id=\"2feecea\" data-element_type=\"widget\" data-e-type=\"widget\" data-widget_type=\"image.default\">\n\t\t\t\t<div class=\"elementor-widget-container\">\n\t\t\t\t\t\t\t\t\t\t\t\t\t\t\t\t<a href=\"https:\/\/programadestinosmexico.com\/en\/arquitectura-colonial-en-tlaxcala\/\">\n\t\t\t\t\t\t\t<img decoding=\"async\" width=\"425\" height=\"282\" src=\"https:\/\/programadestinosmexico.com\/wp-content\/uploads\/2023\/04\/ARQUITECTURA-COLONIAL-TLAXCALA.jpg\" class=\"attachment-medium_large size-medium_large wp-image-2437\" alt=\"\" srcset=\"https:\/\/programadestinosmexico.com\/wp-content\/uploads\/2023\/04\/ARQUITECTURA-COLONIAL-TLAXCALA.jpg 425w, https:\/\/programadestinosmexico.com\/wp-content\/uploads\/2023\/04\/ARQUITECTURA-COLONIAL-TLAXCALA-300x199.jpg 300w\" sizes=\"(max-width: 425px) 100vw, 425px\" \/>\t\t\t\t\t\t\t\t<\/a>\n\t\t\t\t\t\t\t\t\t\t\t\t\t\t\t<\/div>\n\t\t\t\t<\/div>\n\t\t\t\t<\/div>\n\t\t<div class=\"elementor-element elementor-element-017e748 e-con-full e-flex e-con e-child\" data-id=\"017e748\" data-element_type=\"container\" data-e-type=\"container\" data-settings=\"{&quot;background_background&quot;:&quot;classic&quot;,&quot;jet_parallax_layout_list&quot;:[]}\">\n\t\t<div class=\"elementor-element elementor-element-fc0f478 e-flex e-con-boxed e-con e-child\" data-id=\"fc0f478\" data-element_type=\"container\" data-e-type=\"container\" data-settings=\"{&quot;jet_parallax_layout_list&quot;:[]}\">\n\t\t\t\t\t<div class=\"e-con-inner\">\n\t\t<div class=\"elementor-element elementor-element-2230571 e-con-full e-flex e-con e-child\" data-id=\"2230571\" data-element_type=\"container\" data-e-type=\"container\" data-settings=\"{&quot;jet_parallax_layout_list&quot;:[]}\">\n\t\t\t\t<div class=\"elementor-element elementor-element-7f3461c elementor-widget elementor-widget-heading\" data-id=\"7f3461c\" data-element_type=\"widget\" data-e-type=\"widget\" data-widget_type=\"heading.default\">\n\t\t\t\t<div class=\"elementor-widget-container\">\n\t\t\t\t\t<h2 class=\"elementor-heading-title elementor-size-default\">Northern Mexico<\/h2>\t\t\t\t<\/div>\n\t\t\t\t<\/div>\n\t\t\t\t<div class=\"elementor-element elementor-element-c2845dd elementor-widget elementor-widget-html\" data-id=\"c2845dd\" data-element_type=\"widget\" data-e-type=\"widget\" data-widget_type=\"html.default\">\n\t\t\t\t<div class=\"elementor-widget-container\">\n\t\t\t\t\t<!DOCTYPE html>\n<html lang=\"es\">\n<head>\n<meta charset=\"UTF-8\">\n<meta name=\"viewport\" content=\"width=device-width, initial-scale=1.0\">\n<title>Men\u00fa desplegable personalizable<\/title>\n<link rel=\"stylesheet\" href=\"https:\/\/cdnjs.cloudflare.com\/ajax\/libs\/font-awesome\/6.0.0-beta3\/css\/all.min.css\" crossorigin=\"anonymous\" \/>\n<style>\n  body {\n    font-family: Arial, sans-serif;\n  }\n\n  .menu-principal {\n    list-style-type: none;\n    margin: 0;\n    padding: 0;\n    background-color: #33333300;\n    width: 200px;\n  }\n\n  .menu-item {\n    position: relative;\n  }\n\n  .menu-item a {\n    display: block;\n    padding: 8px 16px;\n    color: #5E5E5E;\n    text-decoration: none;\n    line-height: 14px; \/* Cambiado aqu\u00ed *\/\n  }\n\n  .menu-item a:hover {\n    background-color: #11111100;\n    color: #B7BEA0;\n  }\n\n  .sub-menu {\n    display: none;\n    position: relative;\n    list-style-type: none;\n    margin: 0;\n    padding: 0;\n    background-color: #33333300;\n    width: 100%;\n  }\n\n  .sub-menu a {\n    padding: 8px 16px;\n    color: #5E5E5E;\n    text-decoration: none;\n    line-height: 14px; \/* Cambiado aqu\u00ed *\/\n  }\n\n  .sub-menu a:hover {\n    background-color: #11111100;\n    color: #B7BEA0;\n  }\n\n  .menu-item:hover .sub-menu {\n    display: block;\n  }\n\n<\/style>\n<\/head>\n<body>\n\n<ul class=\"menu-principal\">\n  <li class=\"menu-item\">\n    <a href=\"https:\/\/programadestinosmexico.com\/en\/arquitectura-colonial-en-baja-california\/\">Baja California <i class=\"fas fa-angle-right desplegable\"><\/i><\/a>\n    <ul class=\"sub-menu\">\n      <li><a href=\"https:\/\/programadestinosmexico.com\/en\/arquitectura-colonial-en-baja-california\/\">Sitios Misionales<\/a><\/li>\n     \n      <!-- Agrega m\u00e1s elementos de submen\u00fa aqu\u00ed -->\n    <\/ul>\n  <\/li>\n  <li class=\"menu-item\">\n    <a href=\"https:\/\/programadestinosmexico.com\/en\/arquitectura-colonial-en-baja-california-sur\/\">Baja California Sur <i class=\"fas fa-angle-right desplegable\"><\/i><\/a>\n    <ul class=\"sub-menu\">\n      <li><a href=\"https:\/\/programadestinosmexico.com\/en\/arquitectura-colonial-en-baja-california-sur\/\">Sitios Misionales<\/a><\/li>\n          \n      <!-- Agrega m\u00e1s elementos de submen\u00fa aqu\u00ed -->\n    <\/ul>\n  <\/li>\n<li class=\"menu-item\">\n  <a href=\"https:\/\/programadestinosmexico.com\/en\/arquitectura-colonial-en-chihuahua\/\">Chihuahua <i class=\"fas fa-angle-right desplegable\"><\/i><\/a>\n  <ul class=\"sub-menu\">\n    <li><a href=\"https:\/\/programadestinosmexico.com\/en\/arquitectura-colonial-en-chihuahua\/\">Chihuahua<\/a><\/li>\n   \n    <!-- Agrega m\u00e1s elementos de submen\u00fa aqu\u00ed -->\n  <\/ul>\n<\/li>\n<li class=\"menu-item\">\n  <a href=\"https:\/\/programadestinosmexico.com\/en\/arquitectura-colonial-en-saltillo\/\">Coahuila <i class=\"fas fa-angle-right desplegable\"><\/i><\/a>\n  <ul class=\"sub-menu\">\n    <li><a href=\"https:\/\/programadestinosmexico.com\/en\/arquitectura-colonial-en-saltillo\/\">Saltillo<\/a><\/li>\n   \n    <!-- Agrega m\u00e1s elementos de submen\u00fa aqu\u00ed -->\n  <\/ul>\n<\/li>\n<li class=\"menu-item\">\n  <a href=\"https:\/\/programadestinosmexico.com\/en\/arquitectura-colonial-en-durango\/\">Durango <i class=\"fas fa-angle-right desplegable\"><\/i><\/a>\n  <ul class=\"sub-menu\">\n    <li><a href=\"https:\/\/programadestinosmexico.com\/en\/arquitectura-colonial-en-durango\/\">Durango<\/a><\/li>\n   \n      <!-- Agrega m\u00e1s elementos de submen\u00fa aqu\u00ed -->\n\n  <\/ul>\n<\/li>\n<li class=\"menu-item\">\n  <a href=\"https:\/\/programadestinosmexico.com\/en\/arquitectura-colonial-en-zacatecas\/\">Zacatecas <i class=\"fas fa-angle-right desplegable\"><\/i><\/a>\n  <ul class=\"sub-menu\">\n    <li><a href=\"https:\/\/programadestinosmexico.com\/en\/arquitectura-colonial-en-zacatecas\/\">Zacatecas<\/a><\/li>\n    <!-- Agrega m\u00e1s elementos de submen\u00fa aqu\u00ed -->\n  <\/ul>\n<\/li>\n<\/ul>\n\n<script>\n  const menuItems = document.querySelectorAll(\".menu-item\");\n  \n  menuItems.forEach(menuItem => {\n    menuItem.addEventListener(\"mouseenter\", () => {\n      const icono = menuItem.querySelector(\".desplegable\");\n      if (icono) {\n        icono.classList.remove(\"fa-angle-right\");\n        icono.classList.add(\"fa-angle-down\");\n      }\n    });\n\n    menuItem.addEventListener(\"mouseleave\", () => {\n      const icono = menuItem.querySelector(\".desplegable\");\n      if (icono) {\n        icono.classList.remove(\"fa-angle-down\");\n        icono.classList.add(\"fa-angle-right\");\n      }\n    });\n  });\n<\/script>\n<\/body>\n<\/html>\n\t\t\t\t<\/div>\n\t\t\t\t<\/div>\n\t\t\t\t<\/div>\n\t\t<div class=\"elementor-element elementor-element-a82c19c e-con-full e-flex e-con e-child\" data-id=\"a82c19c\" data-element_type=\"container\" data-e-type=\"container\" data-settings=\"{&quot;jet_parallax_layout_list&quot;:[]}\">\n\t\t\t\t<div class=\"elementor-element elementor-element-80da567 elementor-widget elementor-widget-heading\" data-id=\"80da567\" data-element_type=\"widget\" data-e-type=\"widget\" data-widget_type=\"heading.default\">\n\t\t\t\t<div class=\"elementor-widget-container\">\n\t\t\t\t\t<h2 class=\"elementor-heading-title elementor-size-default\">Central Mexico<\/h2>\t\t\t\t<\/div>\n\t\t\t\t<\/div>\n\t\t\t\t<div class=\"elementor-element elementor-element-e3e979d elementor-widget elementor-widget-html\" data-id=\"e3e979d\" data-element_type=\"widget\" data-e-type=\"widget\" data-widget_type=\"html.default\">\n\t\t\t\t<div class=\"elementor-widget-container\">\n\t\t\t\t\t<!DOCTYPE html>\n<html lang=\"es\">\n<head>\n<meta charset=\"UTF-8\">\n<meta name=\"viewport\" content=\"width=device-width, initial-scale=1.0\">\n<title>Men\u00fa desplegable personalizable<\/title>\n<link rel=\"stylesheet\" href=\"https:\/\/cdnjs.cloudflare.com\/ajax\/libs\/font-awesome\/6.0.0-beta3\/css\/all.min.css\" crossorigin=\"anonymous\" \/>\n<style>\n  body {\n    font-family: Arial, sans-serif;\n  }\n\n  .menu-principal {\n    list-style-type: none;\n    margin: 0;\n    padding: 0;\n    background-color: #33333300;\n    width: 200px;\n  }\n\n  .menu-item {\n    position: relative;\n  }\n\n  .menu-item a {\n    display: block;\n    padding: 8px 16px;\n    color: #5E5E5E;\n    text-decoration: none;\n    line-height: 14px; \/* Cambiado aqu\u00ed *\/\n  }\n\n  .menu-item a:hover {\n    background-color: #11111100;\n    color: #B7BEA0;\n  }\n\n  .sub-menu {\n    display: none;\n    position: relative;\n    list-style-type: none;\n    margin: 0;\n    padding: 0;\n    background-color: #33333300;\n    width: 100%;\n  }\n\n  .sub-menu a {\n    padding: 8px 16px;\n    color: #5E5E5E;\n    text-decoration: none;\n    line-height: 14px; \/* Cambiado aqu\u00ed *\/\n  }\n\n  .sub-menu a:hover {\n    background-color: #11111100;\n    color: #B7BEA0;\n  }\n\n  .menu-item:hover .sub-menu {\n    display: block;\n  }\n\n<\/style>\n<\/head>\n<body>\n\n<ul class=\"menu-principal\">\n  <li class=\"menu-item\">\n    <a href=\"https:\/\/programadestinosmexico.com\/en\/arquitectura-colonial-en-aguascalientes\/\">Aguascalientes <i class=\"fas fa-angle-right desplegable\"><\/i><\/a>\n    <ul class=\"sub-menu\">\n      <li><a href=\"https:\/\/programadestinosmexico.com\/en\/arquitectura-colonial-en-aguascalientes\/\">Aguascalientes<\/a><\/li>\n      <!-- Agrega m\u00e1s elementos de submen\u00fa aqu\u00ed -->\n    <\/ul>\n  <\/li>\n<li class=\"menu-item\">\n  <a href=\"https:\/\/programadestinosmexico.com\/en\/arquitectura-colonial-en-la-ciudad-de-mexico\/\">Mexico City <i class=\"fas fa-angle-right desplegable\"><\/i><\/a>\n  <ul class=\"sub-menu\">\n    <li><a href=\"https:\/\/programadestinosmexico.com\/en\/arquitectura-colonial-en-la-ciudad-de-mexico\/\">Mexico City<\/a><\/li>\n \n    <!-- Agrega m\u00e1s elementos de submen\u00fa aqu\u00ed -->\n  <\/ul>\n<\/li>\n<li class=\"menu-item\">\n  <a href=\"https:\/\/programadestinosmexico.com\/en\/arquitectura-colonial-en-toluca\/\">Estado de M\u00e9xico <i class=\"fas fa-angle-right desplegable\"><\/i><\/a>\n  <ul class=\"sub-menu\">\n    <li><a href=\"https:\/\/programadestinosmexico.com\/en\/arquitectura-colonial-en-toluca\/\">Toluca<\/a><\/li>\n  \n    <!-- Agrega m\u00e1s elementos de submen\u00fa aqu\u00ed -->\n  <\/ul>\n<\/li>\n<li class=\"menu-item\">\n  <a href=\"https:\/\/programadestinosmexico.com\/en\/arquitectura-colonial-en-guanajuato\/\">Guanajuato <i class=\"fas fa-angle-right desplegable\"><\/i><\/a>\n  <ul class=\"sub-menu\">\n    <li><a href=\"https:\/\/programadestinosmexico.com\/en\/arquitectura-colonial-en-celaya\/\">Celaya<\/a><\/li>\n    <li><a href=\"https:\/\/programadestinosmexico.com\/en\/arquitectura-colonial-en-guanajuato\/\">Guanajuato<\/a><\/li>\n    <li><a href=\"https:\/\/programadestinosmexico.com\/en\/arquitectura-colonial-en-irapuato\/\">Irapuato<\/a><\/li>\n    <li><a href=\"https:\/\/programadestinosmexico.com\/en\/arquitectura-colonial-en-leon\/\"\">Le\u00f3n<\/a><\/li>\n    <li><a href=\"https:\/\/programadestinosmexico.com\/en\/arquitectura-colonial-en-san-miguel-de-allende\/\">San Miguel de Allende<\/a><\/li>\n    <!-- Agrega m\u00e1s elementos de submen\u00fa aqu\u00ed -->\n  <\/ul>\n<\/li>\n<li class=\"menu-item\">\n  <a href=\"https:\/\/programadestinosmexico.com\/en\/arquitectura-colonial-en-pachuca\/\">Hidalgo <i class=\"fas fa-angle-right desplegable\"><\/i><\/a>\n  <ul class=\"sub-menu\">\n    <li><a href=\"https:\/\/programadestinosmexico.com\/en\/arquitectura-colonial-en-pachuca\/\">Pachuca<\/a><\/li>\n    <!-- Agrega m\u00e1s elementos de submen\u00fa aqu\u00ed -->\n  <\/ul>\n<\/li>\n<li class=\"menu-item\">\n  <a href=\"https:\/\/programadestinosmexico.com\/en\/arquitectura-colonial-en-guadalajara\/\">Jalisco <i class=\"fas fa-angle-right desplegable\"><\/i><\/a>\n  <ul class=\"sub-menu\">\n    <li><a href=\"https:\/\/programadestinosmexico.com\/en\/arquitectura-colonial-en-guadalajara\/\">Guadalajara<\/a><\/li>\n\n    <!-- Agrega m\u00e1s elementos de submen\u00fa aqu\u00ed -->\n  <\/ul>\n<\/li>\n<li class=\"menu-item\">\n  <a href=\"https:\/\/programadestinosmexico.com\/en\/arquitectura-colonial-en-morelia\/\">Michoac\u00e1n <i class=\"fas fa-angle-right desplegable\"><\/i><\/a>\n  <ul class=\"sub-menu\">\n    <li><a href=\"https:\/\/programadestinosmexico.com\/en\/arquitectura-colonial-en-morelia\/\">Morelia<\/a><\/li>\n     <li><a href=\"https:\/\/programadestinosmexico.com\/en\/arquitectura-colonial-en-patzcuaro\/\">P\u00e1tzcuaro<\/a><\/li>\n    <!-- Agrega m\u00e1s elementos de submen\u00fa aqu\u00ed -->\n  <\/ul>\n<\/li>\n<li class=\"menu-item\">\n  <a href=\"https:\/\/programadestinosmexico.com\/en\/arquitectura-colonial-en-cuernavaca\/\">Morelos <i class=\"fas fa-angle-right desplegable\"><\/i><\/a>\n  <ul class=\"sub-menu\">\n  <li><a href=\"https:\/\/programadestinosmexico.com\/en\/arquitectura-colonial-en-cuautla\/\">Cuautla<\/a><\/li>\n    <li><a href=\"https:\/\/programadestinosmexico.com\/en\/arquitectura-colonial-en-cuernavaca\/\"\">Cuernavaca y alrededores<\/a><\/li>\n    <!-- Agrega m\u00e1s elementos de submen\u00fa aqu\u00ed -->\n    <\/ul>\n<\/li>\n<li class=\"menu-item\">\n  <a href=\"https:\/\/programadestinosmexico.com\/en\/arquitectura-colonial-en-tepic\/\">Nayarit <i class=\"fas fa-angle-right desplegable\"><\/i><\/a>\n  <ul class=\"sub-menu\">\n        <li><a href=\"https:\/\/programadestinosmexico.com\/en\/arquitectura-colonial-en-tepic\/\">Tepic<\/a><\/li>\n    <!-- Agrega m\u00e1s elementos de submen\u00fa aqu\u00ed -->\n  <\/ul>\n<\/li>\n<li class=\"menu-item\">\n  <a href=\"https:\/\/programadestinosmexico.com\/en\/arquitectura-colonial-en-puebla\/\">Puebla <i class=\"fas fa-angle-right desplegable\"><\/i><\/a>\n  <ul class=\"sub-menu\">\n    <li><a href=\"https:\/\/programadestinosmexico.com\/en\/arquitectura-colonial-en-puebla\/\">Puebla<\/a><\/li>\n    <li><a href=\"https:\/\/programadestinosmexico.com\/en\/arquitectura-colonial-en-tehuacan\/\">Tehuac\u00e1n<\/a><\/li>\n    <!-- Agrega m\u00e1s elementos de submen\u00fa aqu\u00ed -->\n  <\/ul>\n<\/li>\n<li class=\"menu-item\">\n  <a href=\"https:\/\/programadestinosmexico.com\/en\/arquitectura-colonial-en-queretaro\/\">Quer\u00e9taro <i class=\"fas fa-angle-right desplegable\"><\/i><\/a>\n  <ul class=\"sub-menu\">\n    <li><a href=\"https:\/\/programadestinosmexico.com\/en\/arquitectura-colonial-misiones-de-la-sierra-gorda-en-queretaro\/\">Misiones de la Sierra Gorda<\/a><\/li>\n    <li><a href=\"https:\/\/programadestinosmexico.com\/en\/arquitectura-colonial-en-queretaro\/\">Quer\u00e9taro<\/a><\/li>\n\n    <!-- Agrega m\u00e1s elementos de submen\u00fa aqu\u00ed -->\n  <\/ul>\n<\/li>\n<li class=\"menu-item\">\n  <a href=\"https:\/\/programadestinosmexico.com\/en\/arquitectura-colonial-en-san-luis-potosi\/\">San Luis Potos\u00ed <i class=\"fas fa-angle-right desplegable\"><\/i><\/a>\n  <ul class=\"sub-menu\">\n    <li><a href=\"https:\/\/programadestinosmexico.com\/en\/arquitectura-colonial-en-san-luis-potosi\/\">San Luis Potos\u00ed<\/a><\/li>\n    <!-- Agrega m\u00e1s elementos de submen\u00fa aqu\u00ed -->\n  <\/ul>\n<\/li>\n<li class=\"menu-item\">\n  <a href=\"https:\/\/programadestinosmexico.com\/en\/arquitectura-colonial-en-tlaxcala\/\">Tlaxcala<i class=\"fas fa-angle-right desplegable\"><\/i><\/a>\n  <ul class=\"sub-menu\">\n    <li><a href=\"https:\/\/programadestinosmexico.com\/en\/arquitectura-colonial-en-tlaxcala\/\">Tlaxcala<\/a><\/li>\n    <!-- Agrega m\u00e1s elementos de submen\u00fa aqu\u00ed -->\n  <\/ul>\n<\/li>\n<li class=\"menu-item\">\n  <a href=\"https:\/\/programadestinosmexico.com\/en\/arquitectura-colonial-en-veracruz\/\">Veracruz <i class=\"fas fa-angle-right desplegable\"><\/i><\/a>\n  <ul class=\"sub-menu\">\n    <li><a href=\"https:\/\/programadestinosmexico.com\/en\/arquitectura-colonial-en-cordoba\/\">C\u00f3rdoba<\/a><\/li>\n    <li><a href=\"https:\/\/programadestinosmexico.com\/en\/arquitectura-colonial-en-orizaba\/\">Orizaba<\/a><\/li>\n    <li><a href=\"https:\/\/programadestinosmexico.com\/en\/arquitectura-colonial-en-veracruz\/\">Veracruz<\/a><\/li>\n    <li><a href=\"https:\/\/programadestinosmexico.com\/en\/arquitectura-colonial-en-xalapa\/\">Xalapa<\/a><\/li>\n    <!-- Agrega m\u00e1s elementos de submen\u00fa aqu\u00ed -->\n  <\/ul>\n<\/li>\n<\/ul>\n\n<script>\n  const menuItems = document.querySelectorAll(\".menu-item\");\n  \n  menuItems.forEach(menuItem => {\n    menuItem.addEventListener(\"mouseenter\", () => {\n      const icono = menuItem.querySelector(\".desplegable\");\n      if (icono) {\n        icono.classList.remove(\"fa-angle-right\");\n        icono.classList.add(\"fa-angle-down\");\n      }\n    });\n\n    menuItem.addEventListener(\"mouseleave\", () => {\n      const icono = menuItem.querySelector(\".desplegable\");\n      if (icono) {\n        icono.classList.remove(\"fa-angle-down\");\n        icono.classList.add(\"fa-angle-right\");\n      }\n    });\n  });\n<\/script>\n<\/body>\n<\/html>\n\t\t\t\t<\/div>\n\t\t\t\t<\/div>\n\t\t\t\t<\/div>\n\t\t<div class=\"elementor-element elementor-element-fecd82a e-con-full e-flex e-con e-child\" data-id=\"fecd82a\" data-element_type=\"container\" data-e-type=\"container\" data-settings=\"{&quot;jet_parallax_layout_list&quot;:[]}\">\n\t\t\t\t<div class=\"elementor-element elementor-element-cb59dfa elementor-widget elementor-widget-heading\" data-id=\"cb59dfa\" data-element_type=\"widget\" data-e-type=\"widget\" data-widget_type=\"heading.default\">\n\t\t\t\t<div class=\"elementor-widget-container\">\n\t\t\t\t\t<h2 class=\"elementor-heading-title elementor-size-default\">Southern Mexico<\/h2>\t\t\t\t<\/div>\n\t\t\t\t<\/div>\n\t\t\t\t<div class=\"elementor-element elementor-element-a68c6dd elementor-widget elementor-widget-html\" data-id=\"a68c6dd\" data-element_type=\"widget\" data-e-type=\"widget\" data-widget_type=\"html.default\">\n\t\t\t\t<div class=\"elementor-widget-container\">\n\t\t\t\t\t<!DOCTYPE html>\n<html lang=\"es\">\n<head>\n<meta charset=\"UTF-8\">\n<meta name=\"viewport\" content=\"width=device-width, initial-scale=1.0\">\n<title>Men\u00fa desplegable personalizable<\/title>\n<link rel=\"stylesheet\" href=\"https:\/\/cdnjs.cloudflare.com\/ajax\/libs\/font-awesome\/6.0.0-beta3\/css\/all.min.css\" crossorigin=\"anonymous\" \/>\n<style>\n  body {\n    font-family: Arial, sans-serif;\n  }\n\n  .menu-principal {\n    list-style-type: none;\n    margin: 0;\n    padding: 0;\n    background-color: #33333300;\n    width: 200px;\n  }\n\n  .menu-item {\n    position: relative;\n  }\n\n  .menu-item a {\n    display: block;\n    padding: 8px 16px;\n    color: #5E5E5E;\n    text-decoration: none;\n    line-height: 14px; \/* Cambiado aqu\u00ed *\/\n  }\n\n  .menu-item a:hover {\n    background-color: #11111100;\n    color: #B7BEA0;\n  }\n\n  .sub-menu {\n    display: none;\n    position: relative;\n    list-style-type: none;\n    margin: 0;\n    padding: 0;\n    background-color: #33333300;\n    width: 100%;\n  }\n\n  .sub-menu a {\n    padding: 8px 16px;\n    color: #5E5E5E;\n    text-decoration: none;\n    line-height: 14px; \/* Cambiado aqu\u00ed *\/\n  }\n\n  .sub-menu a:hover {\n    background-color: #11111100;\n    color: #B7BEA0;\n  }\n\n  .menu-item:hover .sub-menu {\n    display: block;\n  }\n\n<\/style>\n<\/head>\n<body>\n\n<ul class=\"menu-principal\">\n  <li class=\"menu-item\">\n    <a href=\"https:\/\/programadestinosmexico.com\/en\/arquitectura-colonial-en-campeche\/\">Campeche <i class=\"fas fa-angle-right desplegable\"><\/i><\/a>\n    <ul class=\"sub-menu\">\n      <li><a href=\"https:\/\/programadestinosmexico.com\/en\/arquitectura-colonial-en-campeche\/\">Campeche<\/a><\/li>\n\n      <!-- Agrega m\u00e1s elementos de submen\u00fa aqu\u00ed -->\n    <\/ul>\n  <\/li>\n<li class=\"menu-item\">\n  <a href=\"https:\/\/programadestinosmexico.com\/en\/arquitectura-colonial-en-san-cristobal-de-las-casas\/\">Chiapas <i class=\"fas fa-angle-right desplegable\"><\/i><\/a>\n  <ul class=\"sub-menu\">\n    <li><a href=\"https:\/\/programadestinosmexico.com\/en\/arquitectura-colonial-en-san-cristobal-de-las-casas\/\"> San Crist\u00f3bal de las Casas<\/a><\/li>\n    <!-- Agrega m\u00e1s elementos de submen\u00fa aqu\u00ed -->\n  <\/ul>\n<\/li>\n<li class=\"menu-item\">\n  <a href=\"https:\/\/programadestinosmexico.com\/en\/arquitectura-colonial-en-taxco\/\">Guerrero <i class=\"fas fa-angle-right desplegable\"><\/i><\/a>\n  <ul class=\"sub-menu\">\n    <li><a href=\"https:\/\/programadestinosmexico.com\/en\/arquitectura-colonial-en-taxco-6\/\">Taxco<\/a><\/li>\n    \n    <!-- Agrega m\u00e1s elementos de submen\u00fa aqu\u00ed -->\n  <\/ul>\n<\/li>\n<li class=\"menu-item\">\n  <a href=\"https:\/\/programadestinosmexico.com\/en\/arquitectura-colonial-en-oaxaca\/\">Oaxaca <i class=\"fas fa-angle-right desplegable\"><\/i><\/a>\n  <ul class=\"sub-menu\">\n    <li><a href=\"https:\/\/programadestinosmexico.com\/en\/arquitectura-colonial-en-oaxaca\/\">Oaxaca<\/a><\/li>\n    <!-- Agrega m\u00e1s elementos de submen\u00fa aqu\u00ed -->\n  <\/ul>\n<\/li>\n<li class=\"menu-item\">\n  <a href=\"https:\/\/programadestinosmexico.com\/en\/arquitectura-colonial-en-merida\/\">Yucat\u00e1n <i class=\"fas fa-angle-right desplegable\"><\/i><\/a>\n  <ul class=\"sub-menu\">\n    <li><a href=\"https:\/\/programadestinosmexico.com\/en\/arquitectura-colonial-en-merida\/\">M\u00e9rida<\/a><\/li>\n    <li><a href=\"https:\/\/programadestinosmexico.com\/en\/arquitectura-colonial-en-valladolid\/\">Valladolid,<\/a><\/li>\n    <!-- Agrega m\u00e1s elementos de submen\u00fa aqu\u00ed -->\n  <\/ul>\n<\/li>\n<\/ul>\n\n<script>\n  const menuItems = document.querySelectorAll(\".menu-item\");\n  \n  menuItems.forEach(menuItem => {\n    menuItem.addEventListener(\"mouseenter\", () => {\n      const icono = menuItem.querySelector(\".desplegable\");\n      if (icono) {\n        icono.classList.remove(\"fa-angle-right\");\n        icono.classList.add(\"fa-angle-down\");\n      }\n    });\n\n    menuItem.addEventListener(\"mouseleave\", () => {\n      const icono = menuItem.querySelector(\".desplegable\");\n      if (icono) {\n        icono.classList.remove(\"fa-angle-down\");\n        icono.classList.add(\"fa-angle-right\");\n      }\n    });\n  });\n<\/script>\n<\/body>\n<\/html>\n\t\t\t\t<\/div>\n\t\t\t\t<\/div>\n\t\t\t\t<\/div>\n\t\t\t\t\t<\/div>\n\t\t\t\t<\/div>\n\t\t\t\t<\/div>\n\t\t\t\t\t<\/div>\n\t\t\t\t<\/div>\n\t\t<div class=\"elementor-element elementor-element-a66ed7a elementor-hidden-desktop elementor-hidden-tablet e-flex e-con-boxed e-con e-parent\" data-id=\"a66ed7a\" data-element_type=\"container\" data-e-type=\"container\" data-settings=\"{&quot;jet_parallax_layout_list&quot;:[]}\">\n\t\t\t\t\t<div class=\"e-con-inner\">\n\t\t<div class=\"elementor-element elementor-element-8e81318 e-con-full e-flex e-con e-child\" data-id=\"8e81318\" data-element_type=\"container\" data-e-type=\"container\" data-settings=\"{&quot;background_background&quot;:&quot;classic&quot;,&quot;jet_parallax_layout_list&quot;:[]}\">\n\t\t<div class=\"elementor-element elementor-element-08f867e e-flex e-con-boxed e-con e-child\" data-id=\"08f867e\" data-element_type=\"container\" data-e-type=\"container\" data-settings=\"{&quot;background_background&quot;:&quot;classic&quot;,&quot;jet_parallax_layout_list&quot;:[]}\">\n\t\t\t\t\t<div class=\"e-con-inner\">\n\t\t\t\t<div class=\"elementor-element elementor-element-be62de4 elementor-widget elementor-widget-heading\" data-id=\"be62de4\" data-element_type=\"widget\" data-e-type=\"widget\" data-widget_type=\"heading.default\">\n\t\t\t\t<div class=\"elementor-widget-container\">\n\t\t\t\t\t<h2 class=\"elementor-heading-title elementor-size-default\">Morelos<\/h2>\t\t\t\t<\/div>\n\t\t\t\t<\/div>\n\t\t\t\t\t<\/div>\n\t\t\t\t<\/div>\n\t\t\t\t<div class=\"elementor-element elementor-element-ba6c38b elementor-widget elementor-widget-image\" data-id=\"ba6c38b\" data-element_type=\"widget\" data-e-type=\"widget\" data-widget_type=\"image.default\">\n\t\t\t\t<div class=\"elementor-widget-container\">\n\t\t\t\t\t\t\t\t\t\t\t\t\t\t\t\t<a href=\"https:\/\/programadestinosmexico.com\/en\/arquitectura-colonial-en-cuernavaca\/\">\n\t\t\t\t\t\t\t<img loading=\"lazy\" decoding=\"async\" width=\"768\" height=\"510\" src=\"https:\/\/programadestinosmexico.com\/wp-content\/uploads\/2023\/08\/ARQUITECTURA-COLONIAL-MORELOS-768x510.jpg\" class=\"attachment-medium_large size-medium_large wp-image-11764\" alt=\"\" srcset=\"https:\/\/programadestinosmexico.com\/wp-content\/uploads\/2023\/08\/ARQUITECTURA-COLONIAL-MORELOS-768x510.jpg 768w, https:\/\/programadestinosmexico.com\/wp-content\/uploads\/2023\/08\/ARQUITECTURA-COLONIAL-MORELOS-300x199.jpg 300w, https:\/\/programadestinosmexico.com\/wp-content\/uploads\/2023\/08\/ARQUITECTURA-COLONIAL-MORELOS-1024x680.jpg 1024w, https:\/\/programadestinosmexico.com\/wp-content\/uploads\/2023\/08\/ARQUITECTURA-COLONIAL-MORELOS-1536x1020.jpg 1536w, https:\/\/programadestinosmexico.com\/wp-content\/uploads\/2023\/08\/ARQUITECTURA-COLONIAL-MORELOS-2048x1360.jpg 2048w\" sizes=\"(max-width: 768px) 100vw, 768px\" \/>\t\t\t\t\t\t\t\t<\/a>\n\t\t\t\t\t\t\t\t\t\t\t\t\t\t\t<\/div>\n\t\t\t\t<\/div>\n\t\t<div class=\"elementor-element elementor-element-02368dd e-flex e-con-boxed e-con e-child\" data-id=\"02368dd\" data-element_type=\"container\" data-e-type=\"container\" data-settings=\"{&quot;background_background&quot;:&quot;classic&quot;,&quot;jet_parallax_layout_list&quot;:[]}\">\n\t\t\t\t\t<div class=\"e-con-inner\">\n\t\t\t\t<div class=\"elementor-element elementor-element-f6ca30c elementor-widget elementor-widget-heading\" data-id=\"f6ca30c\" data-element_type=\"widget\" data-e-type=\"widget\" data-widget_type=\"heading.default\">\n\t\t\t\t<div class=\"elementor-widget-container\">\n\t\t\t\t\t<h2 class=\"elementor-heading-title elementor-size-default\">Mexico City<\/h2>\t\t\t\t<\/div>\n\t\t\t\t<\/div>\n\t\t\t\t\t<\/div>\n\t\t\t\t<\/div>\n\t\t\t\t<div class=\"elementor-element elementor-element-f767aa7 elementor-widget elementor-widget-image\" data-id=\"f767aa7\" data-element_type=\"widget\" data-e-type=\"widget\" data-widget_type=\"image.default\">\n\t\t\t\t<div class=\"elementor-widget-container\">\n\t\t\t\t\t\t\t\t\t\t\t\t\t\t\t\t<a href=\"https:\/\/programadestinosmexico.com\/en\/arquitectura-colonial-en-la-ciudad-de-mexico\/\">\n\t\t\t\t\t\t\t<img decoding=\"async\" width=\"768\" height=\"510\" src=\"https:\/\/programadestinosmexico.com\/wp-content\/uploads\/2023\/08\/ARQUITECTURA-COLONIAL-CIUDAD-DE-MEXICO-768x510.jpg\" class=\"attachment-medium_large size-medium_large wp-image-5765\" alt=\"\" srcset=\"https:\/\/programadestinosmexico.com\/wp-content\/uploads\/2023\/08\/ARQUITECTURA-COLONIAL-CIUDAD-DE-MEXICO-768x510.jpg 768w, https:\/\/programadestinosmexico.com\/wp-content\/uploads\/2023\/08\/ARQUITECTURA-COLONIAL-CIUDAD-DE-MEXICO-300x199.jpg 300w, https:\/\/programadestinosmexico.com\/wp-content\/uploads\/2023\/08\/ARQUITECTURA-COLONIAL-CIUDAD-DE-MEXICO-1024x680.jpg 1024w, https:\/\/programadestinosmexico.com\/wp-content\/uploads\/2023\/08\/ARQUITECTURA-COLONIAL-CIUDAD-DE-MEXICO-1536x1020.jpg 1536w, https:\/\/programadestinosmexico.com\/wp-content\/uploads\/2023\/08\/ARQUITECTURA-COLONIAL-CIUDAD-DE-MEXICO-2048x1360.jpg 2048w\" sizes=\"(max-width: 768px) 100vw, 768px\" \/>\t\t\t\t\t\t\t\t<\/a>\n\t\t\t\t\t\t\t\t\t\t\t\t\t\t\t<\/div>\n\t\t\t\t<\/div>\n\t\t<div class=\"elementor-element elementor-element-879fbf6 e-flex e-con-boxed e-con e-child\" data-id=\"879fbf6\" data-element_type=\"container\" data-e-type=\"container\" data-settings=\"{&quot;background_background&quot;:&quot;classic&quot;,&quot;jet_parallax_layout_list&quot;:[]}\">\n\t\t\t\t\t<div class=\"e-con-inner\">\n\t\t\t\t<div class=\"elementor-element elementor-element-495f14e elementor-widget elementor-widget-heading\" data-id=\"495f14e\" data-element_type=\"widget\" data-e-type=\"widget\" data-widget_type=\"heading.default\">\n\t\t\t\t<div class=\"elementor-widget-container\">\n\t\t\t\t\t<h2 class=\"elementor-heading-title elementor-size-default\">Guanajuato<\/h2>\t\t\t\t<\/div>\n\t\t\t\t<\/div>\n\t\t\t\t\t<\/div>\n\t\t\t\t<\/div>\n\t\t\t\t<div class=\"elementor-element elementor-element-f3ae6de elementor-widget elementor-widget-image\" data-id=\"f3ae6de\" data-element_type=\"widget\" data-e-type=\"widget\" data-widget_type=\"image.default\">\n\t\t\t\t<div class=\"elementor-widget-container\">\n\t\t\t\t\t\t\t\t\t\t\t\t\t\t\t\t<a href=\"https:\/\/programadestinosmexico.com\/en\/arquitectura-colonial-en-guanajuato\/\">\n\t\t\t\t\t\t\t<img loading=\"lazy\" decoding=\"async\" width=\"661\" height=\"439\" src=\"https:\/\/programadestinosmexico.com\/wp-content\/uploads\/2023\/08\/ARQUITECTURA-COLONIAL-GUANAJUATO.jpg\" class=\"attachment-medium_large size-medium_large wp-image-2460\" alt=\"\" srcset=\"https:\/\/programadestinosmexico.com\/wp-content\/uploads\/2023\/08\/ARQUITECTURA-COLONIAL-GUANAJUATO.jpg 661w, https:\/\/programadestinosmexico.com\/wp-content\/uploads\/2023\/08\/ARQUITECTURA-COLONIAL-GUANAJUATO-300x199.jpg 300w\" sizes=\"(max-width: 661px) 100vw, 661px\" \/>\t\t\t\t\t\t\t\t<\/a>\n\t\t\t\t\t\t\t\t\t\t\t\t\t\t\t<\/div>\n\t\t\t\t<\/div>\n\t\t\t\t<\/div>\n\t\t<div class=\"elementor-element elementor-element-aa0d64d e-con-full e-flex e-con e-child\" data-id=\"aa0d64d\" data-element_type=\"container\" data-e-type=\"container\" data-settings=\"{&quot;background_background&quot;:&quot;classic&quot;,&quot;jet_parallax_layout_list&quot;:[]}\">\n\t\t<div class=\"elementor-element elementor-element-2ac5c27 e-con-full e-flex e-con e-child\" data-id=\"2ac5c27\" data-element_type=\"container\" data-e-type=\"container\" data-settings=\"{&quot;jet_parallax_layout_list&quot;:[]}\">\n\t\t<div class=\"elementor-element elementor-element-5e12471 e-con-full e-flex e-con e-child\" data-id=\"5e12471\" data-element_type=\"container\" data-e-type=\"container\" data-settings=\"{&quot;jet_parallax_layout_list&quot;:[]}\">\n\t\t\t\t<div class=\"elementor-element elementor-element-e1d4fa3 elementor-widget elementor-widget-heading\" data-id=\"e1d4fa3\" data-element_type=\"widget\" data-e-type=\"widget\" data-widget_type=\"heading.default\">\n\t\t\t\t<div class=\"elementor-widget-container\">\n\t\t\t\t\t<h2 class=\"elementor-heading-title elementor-size-default\">Northern Mexico<\/h2>\t\t\t\t<\/div>\n\t\t\t\t<\/div>\n\t\t\t\t<div class=\"elementor-element elementor-element-96ceadd elementor-widget elementor-widget-html\" data-id=\"96ceadd\" data-element_type=\"widget\" data-e-type=\"widget\" data-widget_type=\"html.default\">\n\t\t\t\t<div class=\"elementor-widget-container\">\n\t\t\t\t\t<!DOCTYPE html>\n<html lang=\"es\">\n<head>\n<meta charset=\"UTF-8\">\n<meta name=\"viewport\" content=\"width=device-width, initial-scale=1.0\">\n<title>Men\u00fa desplegable personalizable<\/title>\n<link rel=\"stylesheet\" href=\"https:\/\/cdnjs.cloudflare.com\/ajax\/libs\/font-awesome\/6.0.0-beta3\/css\/all.min.css\" crossorigin=\"anonymous\" \/>\n<style>\n  body {\n    font-family: Arial, sans-serif;\n  }\n\n  .menu-principal {\n    list-style-type: none;\n    margin: 0;\n    padding: 0;\n    background-color: #33333300;\n    width: 200px;\n  }\n\n  .menu-item {\n    position: relative;\n  }\n\n  .menu-item a {\n    display: block;\n    padding: 8px 16px;\n    color: #5E5E5E;\n    text-decoration: none;\n    line-height: 14px; \/* Cambiado aqu\u00ed *\/\n  }\n\n  .menu-item a:hover {\n    background-color: #11111100;\n    color: #B7BEA0;\n  }\n\n  .sub-menu {\n    display: none;\n    position: relative;\n    list-style-type: none;\n    margin: 0;\n    padding: 0;\n    background-color: #33333300;\n    width: 100%;\n  }\n\n  .sub-menu a {\n    padding: 8px 16px;\n    color: #5E5E5E;\n    text-decoration: none;\n    line-height: 14px; \/* Cambiado aqu\u00ed *\/\n  }\n\n  .sub-menu a:hover {\n    background-color: #11111100;\n    color: #B7BEA0;\n  }\n\n  .menu-item:hover .sub-menu {\n    display: block;\n  }\n\n<\/style>\n<\/head>\n<body>\n\n<ul class=\"menu-principal\">\n  <li class=\"menu-item\">\n    <a href=\"https:\/\/programadestinosmexico.com\/en\/arquitectura-colonial-en-baja-california\/\">Baja California <i class=\"fas fa-angle-right desplegable\"><\/i><\/a>\n    <ul class=\"sub-menu\">\n      <li><a href=\"https:\/\/programadestinosmexico.com\/en\/arquitectura-colonial-en-baja-california\/\">Sitios Misionales<\/a><\/li>\n     \n      <!-- Agrega m\u00e1s elementos de submen\u00fa aqu\u00ed -->\n    <\/ul>\n  <\/li>\n  <li class=\"menu-item\">\n    <a href=\"https:\/\/programadestinosmexico.com\/en\/arquitectura-colonial-en-baja-california-sur\/\">Baja California Sur <i class=\"fas fa-angle-right desplegable\"><\/i><\/a>\n    <ul class=\"sub-menu\">\n      <li><a href=\"https:\/\/programadestinosmexico.com\/en\/arquitectura-colonial-en-baja-california-sur\/\">Sitios Misionales<\/a><\/li>\n          \n      <!-- Agrega m\u00e1s elementos de submen\u00fa aqu\u00ed -->\n    <\/ul>\n  <\/li>\n<li class=\"menu-item\">\n  <a href=\"https:\/\/programadestinosmexico.com\/en\/arquitectura-colonial-en-chihuahua\/\">Chihuahua <i class=\"fas fa-angle-right desplegable\"><\/i><\/a>\n  <ul class=\"sub-menu\">\n    <li><a href=\"https:\/\/programadestinosmexico.com\/en\/arquitectura-colonial-en-chihuahua\/\">Chihuahua<\/a><\/li>\n   \n    <!-- Agrega m\u00e1s elementos de submen\u00fa aqu\u00ed -->\n  <\/ul>\n<\/li>\n<li class=\"menu-item\">\n  <a href=\"https:\/\/programadestinosmexico.com\/en\/arquitectura-colonial-en-saltillo\/\">Coahuila <i class=\"fas fa-angle-right desplegable\"><\/i><\/a>\n  <ul class=\"sub-menu\">\n    <li><a href=\"https:\/\/programadestinosmexico.com\/en\/arquitectura-colonial-en-saltillo\/\">Saltillo<\/a><\/li>\n   \n    <!-- Agrega m\u00e1s elementos de submen\u00fa aqu\u00ed -->\n  <\/ul>\n<\/li>\n<li class=\"menu-item\">\n  <a href=\"https:\/\/programadestinosmexico.com\/en\/arquitectura-colonial-en-durango\/\">Durango <i class=\"fas fa-angle-right desplegable\"><\/i><\/a>\n  <ul class=\"sub-menu\">\n    <li><a href=\"https:\/\/programadestinosmexico.com\/en\/arquitectura-colonial-en-durango\/\">Durango<\/a><\/li>\n   \n      <!-- Agrega m\u00e1s elementos de submen\u00fa aqu\u00ed -->\n\n  <\/ul>\n<\/li>\n<li class=\"menu-item\">\n  <a href=\"https:\/\/programadestinosmexico.com\/en\/arquitectura-colonial-en-zacatecas\/\">Zacatecas <i class=\"fas fa-angle-right desplegable\"><\/i><\/a>\n  <ul class=\"sub-menu\">\n    <li><a href=\"https:\/\/programadestinosmexico.com\/en\/arquitectura-colonial-en-zacatecas\/\">Zacatecas<\/a><\/li>\n    <!-- Agrega m\u00e1s elementos de submen\u00fa aqu\u00ed -->\n  <\/ul>\n<\/li>\n<\/ul>\n\n<script>\n  const menuItems = document.querySelectorAll(\".menu-item\");\n  \n  menuItems.forEach(menuItem => {\n    menuItem.addEventListener(\"mouseenter\", () => {\n      const icono = menuItem.querySelector(\".desplegable\");\n      if (icono) {\n        icono.classList.remove(\"fa-angle-right\");\n        icono.classList.add(\"fa-angle-down\");\n      }\n    });\n\n    menuItem.addEventListener(\"mouseleave\", () => {\n      const icono = menuItem.querySelector(\".desplegable\");\n      if (icono) {\n        icono.classList.remove(\"fa-angle-down\");\n        icono.classList.add(\"fa-angle-right\");\n      }\n    });\n  });\n<\/script>\n<\/body>\n<\/html>\n\t\t\t\t<\/div>\n\t\t\t\t<\/div>\n\t\t\t\t<\/div>\n\t\t\t\t<\/div>\n\t\t<div class=\"elementor-element elementor-element-7aa2917 e-con-full e-flex e-con e-child\" data-id=\"7aa2917\" data-element_type=\"container\" data-e-type=\"container\" data-settings=\"{&quot;jet_parallax_layout_list&quot;:[]}\">\n\t\t<div class=\"elementor-element elementor-element-12ecf8c e-con-full e-flex e-con e-child\" data-id=\"12ecf8c\" data-element_type=\"container\" data-e-type=\"container\" data-settings=\"{&quot;jet_parallax_layout_list&quot;:[]}\">\n\t\t<div class=\"elementor-element elementor-element-edec5c8 e-con-full e-flex e-con e-child\" data-id=\"edec5c8\" data-element_type=\"container\" data-e-type=\"container\" data-settings=\"{&quot;jet_parallax_layout_list&quot;:[]}\">\n\t\t\t\t<div class=\"elementor-element elementor-element-9a16b4d elementor-widget elementor-widget-heading\" data-id=\"9a16b4d\" data-element_type=\"widget\" data-e-type=\"widget\" data-widget_type=\"heading.default\">\n\t\t\t\t<div class=\"elementor-widget-container\">\n\t\t\t\t\t<h2 class=\"elementor-heading-title elementor-size-default\">Central Mexico<\/h2>\t\t\t\t<\/div>\n\t\t\t\t<\/div>\n\t\t\t\t<div class=\"elementor-element elementor-element-1d9de5a elementor-widget elementor-widget-html\" data-id=\"1d9de5a\" data-element_type=\"widget\" data-e-type=\"widget\" data-widget_type=\"html.default\">\n\t\t\t\t<div class=\"elementor-widget-container\">\n\t\t\t\t\t<!DOCTYPE html>\n<html lang=\"es\">\n<head>\n<meta charset=\"UTF-8\">\n<meta name=\"viewport\" content=\"width=device-width, initial-scale=1.0\">\n<title>Men\u00fa desplegable personalizable<\/title>\n<link rel=\"stylesheet\" href=\"https:\/\/cdnjs.cloudflare.com\/ajax\/libs\/font-awesome\/6.0.0-beta3\/css\/all.min.css\" crossorigin=\"anonymous\" \/>\n<style>\n  body {\n    font-family: Arial, sans-serif;\n  }\n\n  .menu-principal {\n    list-style-type: none;\n    margin: 0;\n    padding: 0;\n    background-color: #33333300;\n    width: 200px;\n  }\n\n  .menu-item {\n    position: relative;\n  }\n\n  .menu-item a {\n    display: block;\n    padding: 8px 16px;\n    color: #5E5E5E;\n    text-decoration: none;\n    line-height: 14px; \/* Cambiado aqu\u00ed *\/\n  }\n\n  .menu-item a:hover {\n    background-color: #11111100;\n    color: #B7BEA0;\n  }\n\n  .sub-menu {\n    display: none;\n    position: relative;\n    list-style-type: none;\n    margin: 0;\n    padding: 0;\n    background-color: #33333300;\n    width: 100%;\n  }\n\n  .sub-menu a {\n    padding: 8px 16px;\n    color: #5E5E5E;\n    text-decoration: none;\n    line-height: 14px; \/* Cambiado aqu\u00ed *\/\n  }\n\n  .sub-menu a:hover {\n    background-color: #11111100;\n    color: #B7BEA0;\n  }\n\n  .menu-item:hover .sub-menu {\n    display: block;\n  }\n\n<\/style>\n<\/head>\n<body>\n\n<ul class=\"menu-principal\">\n  <li class=\"menu-item\">\n    <a href=\"https:\/\/programadestinosmexico.com\/en\/arquitectura-colonial-en-aguascalientes\/\">Aguascalientes <i class=\"fas fa-angle-right desplegable\"><\/i><\/a>\n    <ul class=\"sub-menu\">\n      <li><a href=\"https:\/\/programadestinosmexico.com\/en\/arquitectura-colonial-en-aguascalientes\/\">Aguascalientes<\/a><\/li>\n      <!-- Agrega m\u00e1s elementos de submen\u00fa aqu\u00ed -->\n    <\/ul>\n  <\/li>\n<li class=\"menu-item\">\n  <a href=\"https:\/\/programadestinosmexico.com\/en\/arquitectura-colonial-en-la-ciudad-de-mexico\/\">Mexico City <i class=\"fas fa-angle-right desplegable\"><\/i><\/a>\n  <ul class=\"sub-menu\">\n    <li><a href=\"https:\/\/programadestinosmexico.com\/en\/arquitectura-colonial-en-la-ciudad-de-mexico\/\">Mexico City<\/a><\/li>\n \n    <!-- Agrega m\u00e1s elementos de submen\u00fa aqu\u00ed -->\n  <\/ul>\n<\/li>\n<li class=\"menu-item\">\n  <a href=\"https:\/\/programadestinosmexico.com\/en\/arquitectura-colonial-en-toluca\/\">Estado de M\u00e9xico <i class=\"fas fa-angle-right desplegable\"><\/i><\/a>\n  <ul class=\"sub-menu\">\n    <li><a href=\"https:\/\/programadestinosmexico.com\/en\/arquitectura-colonial-en-toluca\/\">Toluca<\/a><\/li>\n  \n    <!-- Agrega m\u00e1s elementos de submen\u00fa aqu\u00ed -->\n  <\/ul>\n<\/li>\n<li class=\"menu-item\">\n  <a href=\"https:\/\/programadestinosmexico.com\/en\/arquitectura-colonial-en-guanajuato\/\">Guanajuato <i class=\"fas fa-angle-right desplegable\"><\/i><\/a>\n  <ul class=\"sub-menu\">\n    <li><a href=\"https:\/\/programadestinosmexico.com\/en\/arquitectura-colonial-en-celaya\/\">Celaya<\/a><\/li>\n    <li><a href=\"https:\/\/programadestinosmexico.com\/en\/arquitectura-colonial-en-guanajuato\/\">Guanajuato<\/a><\/li>\n    <li><a href=\"https:\/\/programadestinosmexico.com\/en\/arquitectura-colonial-en-irapuato\/\">Irapuato<\/a><\/li>\n    <li><a href=\"https:\/\/programadestinosmexico.com\/en\/arquitectura-colonial-en-leon\/\"\">Le\u00f3n<\/a><\/li>\n    <li><a href=\"https:\/\/programadestinosmexico.com\/en\/arquitectura-colonial-en-san-miguel-de-allende\/\">San Miguel de Allende<\/a><\/li>\n    <!-- Agrega m\u00e1s elementos de submen\u00fa aqu\u00ed -->\n  <\/ul>\n<\/li>\n<li class=\"menu-item\">\n  <a href=\"https:\/\/programadestinosmexico.com\/en\/arquitectura-colonial-en-pachuca\/\">Hidalgo <i class=\"fas fa-angle-right desplegable\"><\/i><\/a>\n  <ul class=\"sub-menu\">\n    <li><a href=\"https:\/\/programadestinosmexico.com\/en\/arquitectura-colonial-en-pachuca\/\">Pachuca<\/a><\/li>\n    <!-- Agrega m\u00e1s elementos de submen\u00fa aqu\u00ed -->\n  <\/ul>\n<\/li>\n<li class=\"menu-item\">\n  <a href=\"https:\/\/programadestinosmexico.com\/en\/arquitectura-colonial-en-guadalajara\/\">Jalisco <i class=\"fas fa-angle-right desplegable\"><\/i><\/a>\n  <ul class=\"sub-menu\">\n    <li><a href=\"https:\/\/programadestinosmexico.com\/en\/arquitectura-colonial-en-guadalajara\/\">Guadalajara<\/a><\/li>\n\n    <!-- Agrega m\u00e1s elementos de submen\u00fa aqu\u00ed -->\n  <\/ul>\n<\/li>\n<li class=\"menu-item\">\n  <a href=\"https:\/\/programadestinosmexico.com\/en\/arquitectura-colonial-en-morelia\/\">Michoac\u00e1n <i class=\"fas fa-angle-right desplegable\"><\/i><\/a>\n  <ul class=\"sub-menu\">\n    <li><a href=\"https:\/\/programadestinosmexico.com\/en\/arquitectura-colonial-en-morelia\/\">Morelia<\/a><\/li>\n     <li><a href=\"https:\/\/programadestinosmexico.com\/en\/arquitectura-colonial-en-patzcuaro\/\">P\u00e1tzcuaro<\/a><\/li>\n    <!-- Agrega m\u00e1s elementos de submen\u00fa aqu\u00ed -->\n  <\/ul>\n<\/li>\n<li class=\"menu-item\">\n  <a href=\"https:\/\/programadestinosmexico.com\/en\/arquitectura-colonial-en-cuernavaca\/\">Morelos <i class=\"fas fa-angle-right desplegable\"><\/i><\/a>\n  <ul class=\"sub-menu\">\n  <li><a href=\"https:\/\/programadestinosmexico.com\/en\/arquitectura-colonial-en-cuautla\/\">Cuautla<\/a><\/li>\n    <li><a href=\"https:\/\/programadestinosmexico.com\/en\/arquitectura-colonial-en-cuernavaca\/\"\">Cuernavaca y alrededores<\/a><\/li>\n    <!-- Agrega m\u00e1s elementos de submen\u00fa aqu\u00ed -->\n    <\/ul>\n<\/li>\n<li class=\"menu-item\">\n  <a href=\"https:\/\/programadestinosmexico.com\/en\/arquitectura-colonial-en-tepic\/\">Nayarit <i class=\"fas fa-angle-right desplegable\"><\/i><\/a>\n  <ul class=\"sub-menu\">\n        <li><a href=\"https:\/\/programadestinosmexico.com\/en\/arquitectura-colonial-en-tepic\/\">Tepic<\/a><\/li>\n    <!-- Agrega m\u00e1s elementos de submen\u00fa aqu\u00ed -->\n  <\/ul>\n<\/li>\n<li class=\"menu-item\">\n  <a href=\"https:\/\/programadestinosmexico.com\/en\/arquitectura-colonial-en-puebla\/\">Puebla <i class=\"fas fa-angle-right desplegable\"><\/i><\/a>\n  <ul class=\"sub-menu\">\n    <li><a href=\"https:\/\/programadestinosmexico.com\/en\/arquitectura-colonial-en-puebla\/\">Puebla<\/a><\/li>\n    <li><a href=\"https:\/\/programadestinosmexico.com\/en\/arquitectura-colonial-en-tehuacan\/\">Tehuac\u00e1n<\/a><\/li>\n    <!-- Agrega m\u00e1s elementos de submen\u00fa aqu\u00ed -->\n  <\/ul>\n<\/li>\n<li class=\"menu-item\">\n  <a href=\"https:\/\/programadestinosmexico.com\/en\/arquitectura-colonial-en-queretaro\/\">Quer\u00e9taro <i class=\"fas fa-angle-right desplegable\"><\/i><\/a>\n  <ul class=\"sub-menu\">\n    <li><a href=\"https:\/\/programadestinosmexico.com\/en\/arquitectura-colonial-misiones-de-la-sierra-gorda-en-queretaro\/\">Misiones de la Sierra Gorda<\/a><\/li>\n    <li><a href=\"https:\/\/programadestinosmexico.com\/en\/arquitectura-colonial-en-queretaro\/\">Quer\u00e9taro<\/a><\/li>\n\n    <!-- Agrega m\u00e1s elementos de submen\u00fa aqu\u00ed -->\n  <\/ul>\n<\/li>\n<li class=\"menu-item\">\n  <a href=\"https:\/\/programadestinosmexico.com\/en\/arquitectura-colonial-en-san-luis-potosi\/\">San Luis Potos\u00ed <i class=\"fas fa-angle-right desplegable\"><\/i><\/a>\n  <ul class=\"sub-menu\">\n    <li><a href=\"https:\/\/programadestinosmexico.com\/en\/arquitectura-colonial-en-san-luis-potosi\/\">San Luis Potos\u00ed<\/a><\/li>\n    <!-- Agrega m\u00e1s elementos de submen\u00fa aqu\u00ed -->\n  <\/ul>\n<\/li>\n<li class=\"menu-item\">\n  <a href=\"https:\/\/programadestinosmexico.com\/en\/arquitectura-colonial-en-tlaxcala\/\">Tlaxcala<i class=\"fas fa-angle-right desplegable\"><\/i><\/a>\n  <ul class=\"sub-menu\">\n    <li><a href=\"https:\/\/programadestinosmexico.com\/en\/arquitectura-colonial-en-tlaxcala\/\">Tlaxcala<\/a><\/li>\n    <!-- Agrega m\u00e1s elementos de submen\u00fa aqu\u00ed -->\n  <\/ul>\n<\/li>\n<li class=\"menu-item\">\n  <a href=\"https:\/\/programadestinosmexico.com\/en\/arquitectura-colonial-en-veracruz\/\">Veracruz <i class=\"fas fa-angle-right desplegable\"><\/i><\/a>\n  <ul class=\"sub-menu\">\n    <li><a href=\"https:\/\/programadestinosmexico.com\/en\/arquitectura-colonial-en-cordoba\/\">C\u00f3rdoba<\/a><\/li>\n    <li><a href=\"https:\/\/programadestinosmexico.com\/en\/arquitectura-colonial-en-orizaba\/\">Orizaba<\/a><\/li>\n    <li><a href=\"https:\/\/programadestinosmexico.com\/en\/arquitectura-colonial-en-veracruz\/\">Veracruz<\/a><\/li>\n    <li><a href=\"https:\/\/programadestinosmexico.com\/en\/arquitectura-colonial-en-xalapa\/\">Xalapa<\/a><\/li>\n    <!-- Agrega m\u00e1s elementos de submen\u00fa aqu\u00ed -->\n  <\/ul>\n<\/li>\n<\/ul>\n\n<script>\n  const menuItems = document.querySelectorAll(\".menu-item\");\n  \n  menuItems.forEach(menuItem => {\n    menuItem.addEventListener(\"mouseenter\", () => {\n      const icono = menuItem.querySelector(\".desplegable\");\n      if (icono) {\n        icono.classList.remove(\"fa-angle-right\");\n        icono.classList.add(\"fa-angle-down\");\n      }\n    });\n\n    menuItem.addEventListener(\"mouseleave\", () => {\n      const icono = menuItem.querySelector(\".desplegable\");\n      if (icono) {\n        icono.classList.remove(\"fa-angle-down\");\n        icono.classList.add(\"fa-angle-right\");\n      }\n    });\n  });\n<\/script>\n<\/body>\n<\/html>\n\t\t\t\t<\/div>\n\t\t\t\t<\/div>\n\t\t\t\t<\/div>\n\t\t\t\t<\/div>\n\t\t\t\t<\/div>\n\t\t<div class=\"elementor-element elementor-element-6d43077 e-con-full e-flex e-con e-child\" data-id=\"6d43077\" data-element_type=\"container\" data-e-type=\"container\" data-settings=\"{&quot;jet_parallax_layout_list&quot;:[]}\">\n\t\t<div class=\"elementor-element elementor-element-4817877 e-con-full e-flex e-con e-child\" data-id=\"4817877\" data-element_type=\"container\" data-e-type=\"container\" data-settings=\"{&quot;jet_parallax_layout_list&quot;:[]}\">\n\t\t\t\t<div class=\"elementor-element elementor-element-047bd58 elementor-widget elementor-widget-heading\" data-id=\"047bd58\" data-element_type=\"widget\" data-e-type=\"widget\" data-widget_type=\"heading.default\">\n\t\t\t\t<div class=\"elementor-widget-container\">\n\t\t\t\t\t<h2 class=\"elementor-heading-title elementor-size-default\">Southern Mexico<\/h2>\t\t\t\t<\/div>\n\t\t\t\t<\/div>\n\t\t\t\t<div class=\"elementor-element elementor-element-ff9c837 elementor-widget elementor-widget-html\" data-id=\"ff9c837\" data-element_type=\"widget\" data-e-type=\"widget\" data-widget_type=\"html.default\">\n\t\t\t\t<div class=\"elementor-widget-container\">\n\t\t\t\t\t<!DOCTYPE html>\n<html lang=\"es\">\n<head>\n<meta charset=\"UTF-8\">\n<meta name=\"viewport\" content=\"width=device-width, initial-scale=1.0\">\n<title>Men\u00fa desplegable personalizable<\/title>\n<link rel=\"stylesheet\" href=\"https:\/\/cdnjs.cloudflare.com\/ajax\/libs\/font-awesome\/6.0.0-beta3\/css\/all.min.css\" crossorigin=\"anonymous\" \/>\n<style>\n  body {\n    font-family: Arial, sans-serif;\n  }\n\n  .menu-principal {\n    list-style-type: none;\n    margin: 0;\n    padding: 0;\n    background-color: #33333300;\n    width: 200px;\n  }\n\n  .menu-item {\n    position: relative;\n  }\n\n  .menu-item a {\n    display: block;\n    padding: 8px 16px;\n    color: #5E5E5E;\n    text-decoration: none;\n    line-height: 14px; \/* Cambiado aqu\u00ed *\/\n  }\n\n  .menu-item a:hover {\n    background-color: #11111100;\n    color: #B7BEA0;\n  }\n\n  .sub-menu {\n    display: none;\n    position: relative;\n    list-style-type: none;\n    margin: 0;\n    padding: 0;\n    background-color: #33333300;\n    width: 100%;\n  }\n\n  .sub-menu a {\n    padding: 8px 16px;\n    color: #5E5E5E;\n    text-decoration: none;\n    line-height: 14px; \/* Cambiado aqu\u00ed *\/\n  }\n\n  .sub-menu a:hover {\n    background-color: #11111100;\n    color: #B7BEA0;\n  }\n\n  .menu-item:hover .sub-menu {\n    display: block;\n  }\n\n<\/style>\n<\/head>\n<body>\n\n<ul class=\"menu-principal\">\n  <li class=\"menu-item\">\n    <a href=\"https:\/\/programadestinosmexico.com\/en\/arquitectura-colonial-en-campeche\/\">Campeche <i class=\"fas fa-angle-right desplegable\"><\/i><\/a>\n    <ul class=\"sub-menu\">\n      <li><a href=\"https:\/\/programadestinosmexico.com\/en\/arquitectura-colonial-en-campeche\/\">Campeche<\/a><\/li>\n\n      <!-- Agrega m\u00e1s elementos de submen\u00fa aqu\u00ed -->\n    <\/ul>\n  <\/li>\n<li class=\"menu-item\">\n  <a href=\"https:\/\/programadestinosmexico.com\/en\/arquitectura-colonial-en-san-cristobal-de-las-casas\/\">Chiapas <i class=\"fas fa-angle-right desplegable\"><\/i><\/a>\n  <ul class=\"sub-menu\">\n    <li><a href=\"https:\/\/programadestinosmexico.com\/en\/arquitectura-colonial-en-san-cristobal-de-las-casas\/\"> San Crist\u00f3bal de las Casas<\/a><\/li>\n    <!-- Agrega m\u00e1s elementos de submen\u00fa aqu\u00ed -->\n  <\/ul>\n<\/li>\n<li class=\"menu-item\">\n  <a href=\"https:\/\/programadestinosmexico.com\/en\/arquitectura-colonial-en-taxco\/\">Guerrero <i class=\"fas fa-angle-right desplegable\"><\/i><\/a>\n  <ul class=\"sub-menu\">\n    <li><a href=\"https:\/\/programadestinosmexico.com\/en\/arquitectura-colonial-en-taxco\/\">Taxco<\/a><\/li>\n    \n    <!-- Agrega m\u00e1s elementos de submen\u00fa aqu\u00ed -->\n  <\/ul>\n<\/li>\n<li class=\"menu-item\">\n  <a href=\"https:\/\/programadestinosmexico.com\/en\/arquitectura-colonial-en-oaxaca\/\">Oaxaca <i class=\"fas fa-angle-right desplegable\"><\/i><\/a>\n  <ul class=\"sub-menu\">\n    <li><a href=\"https:\/\/programadestinosmexico.com\/en\/arquitectura-colonial-en-oaxaca\/\">Oaxaca<\/a><\/li>\n    <!-- Agrega m\u00e1s elementos de submen\u00fa aqu\u00ed -->\n  <\/ul>\n<\/li>\n<li class=\"menu-item\">\n  <a href=\"https:\/\/programadestinosmexico.com\/en\/arquitectura-colonial-en-merida\/\">Yucat\u00e1n <i class=\"fas fa-angle-right desplegable\"><\/i><\/a>\n  <ul class=\"sub-menu\">\n    <li><a href=\"https:\/\/programadestinosmexico.com\/en\/arquitectura-colonial-en-merida\/\">M\u00e9rida<\/a><\/li>\n    <li><a href=\"https:\/\/programadestinosmexico.com\/en\/arquitectura-colonial-en-valladolid\/\">Valladolid,<\/a><\/li>\n    <!-- Agrega m\u00e1s elementos de submen\u00fa aqu\u00ed -->\n  <\/ul>\n<\/li>\n<\/ul>\n\n<script>\n  const menuItems = document.querySelectorAll(\".menu-item\");\n  \n  menuItems.forEach(menuItem => {\n    menuItem.addEventListener(\"mouseenter\", () => {\n      const icono = menuItem.querySelector(\".desplegable\");\n      if (icono) {\n        icono.classList.remove(\"fa-angle-right\");\n        icono.classList.add(\"fa-angle-down\");\n      }\n    });\n\n    menuItem.addEventListener(\"mouseleave\", () => {\n      const icono = menuItem.querySelector(\".desplegable\");\n      if (icono) {\n        icono.classList.remove(\"fa-angle-down\");\n        icono.classList.add(\"fa-angle-right\");\n      }\n    });\n  });\n<\/script>\n<\/body>\n<\/html>\n\t\t\t\t<\/div>\n\t\t\t\t<\/div>\n\t\t\t\t<\/div>\n\t\t\t\t<\/div>\n\t\t\t\t<\/div>\n\t\t\t\t\t<\/div>\n\t\t\t\t<\/div>\n\t\t\t\t<\/div>\n\t\t<\/div>\n\t\t\t\t\t\t\t<\/div>\n\t\t\t\t\t\t<\/div>\t\t\t<\/div>\n\t\t<\/div>\n\t\t\t\t\t\t<\/div>\n\t\t\t\t<\/div>\n\t\t\t\t\t<\/div>\n\t\t\t\t<\/div>\n\t\t<div class=\"elementor-element elementor-element-0690478 e-flex e-con-boxed e-con e-parent\" data-id=\"0690478\" data-element_type=\"container\" data-e-type=\"container\" data-settings=\"{&quot;jet_parallax_layout_list&quot;:[]}\">\n\t\t\t\t\t<div class=\"e-con-inner\">\n\t\t<div class=\"elementor-element elementor-element-7ffa418 e-flex e-con-boxed e-con e-child\" data-id=\"7ffa418\" data-element_type=\"container\" data-e-type=\"container\" data-settings=\"{&quot;jet_parallax_layout_list&quot;:[],&quot;background_background&quot;:&quot;classic&quot;}\">\n\t\t\t\t\t<div class=\"e-con-inner\">\n\t\t<div class=\"elementor-element elementor-element-357350a e-con-full animated-slow e-flex elementor-invisible e-con e-child\" data-id=\"357350a\" data-element_type=\"container\" data-e-type=\"container\" data-settings=\"{&quot;jet_parallax_layout_list&quot;:[],&quot;animation&quot;:&quot;fadeInLeft&quot;}\">\n\t\t\t\t<div class=\"elementor-element elementor-element-fc57b1c elementor-widget elementor-widget-heading\" data-id=\"fc57b1c\" data-element_type=\"widget\" data-e-type=\"widget\" data-widget_type=\"heading.default\">\n\t\t\t\t<div class=\"elementor-widget-container\">\n\t\t\t\t\t<h1 class=\"elementor-heading-title elementor-size-default\">COLONIAL ARCHITECTURE IN MEXICO CITY<\/h1>\t\t\t\t<\/div>\n\t\t\t\t<\/div>\n\t\t\t\t<\/div>\n\t\t\t\t\t<\/div>\n\t\t\t\t<\/div>\n\t\t\t\t\t<\/div>\n\t\t\t\t<\/div>\n\t\t<div class=\"elementor-element elementor-element-bb87b56 e-flex e-con-boxed e-con e-parent\" data-id=\"bb87b56\" data-element_type=\"container\" data-e-type=\"container\" data-settings=\"{&quot;jet_parallax_layout_list&quot;:[]}\">\n\t\t\t\t\t<div class=\"e-con-inner\">\n\t\t\t\t<div class=\"elementor-element elementor-element-4781377 elementor-widget elementor-widget-heading\" data-id=\"4781377\" data-element_type=\"widget\" data-e-type=\"widget\" data-widget_type=\"heading.default\">\n\t\t\t\t<div class=\"elementor-widget-container\">\n\t\t\t\t\t<h2 class=\"elementor-heading-title elementor-size-default\">EDIFICIOS COLONIALES EN EL CENTRO HIST\u00d3RICO<\/h2>\t\t\t\t<\/div>\n\t\t\t\t<\/div>\n\t\t\t\t\t<\/div>\n\t\t\t\t<\/div>\n\t\t<div class=\"elementor-element elementor-element-e4868be e-flex e-con-boxed e-con e-parent\" data-id=\"e4868be\" data-element_type=\"container\" data-e-type=\"container\" data-settings=\"{&quot;jet_parallax_layout_list&quot;:[]}\">\n\t\t\t\t\t<div class=\"e-con-inner\">\n\t\t<div class=\"elementor-element elementor-element-47fdf4b e-con-full animated-slow e-flex elementor-invisible e-con e-child\" data-id=\"47fdf4b\" data-element_type=\"container\" data-e-type=\"container\" data-settings=\"{&quot;jet_parallax_layout_list&quot;:[],&quot;animation&quot;:&quot;fadeInUp&quot;,&quot;animation_delay&quot;:100}\">\n\t\t\t\t<div class=\"elementor-element elementor-element-d6a9101 imgzoom elementor-position-top elementor-widget elementor-widget-image-box\" data-id=\"d6a9101\" data-element_type=\"widget\" data-e-type=\"widget\" data-widget_type=\"image-box.default\">\n\t\t\t\t<div class=\"elementor-widget-container\">\n\t\t\t\t\t<div class=\"elementor-image-box-wrapper\"><figure class=\"elementor-image-box-img\"><a href=\"https:\/\/programadestinosmexico.com\/en\/academia-de-san-carlos-cdmx\/\" tabindex=\"-1\"><img loading=\"lazy\" decoding=\"async\" width=\"300\" height=\"300\" src=\"https:\/\/programadestinosmexico.com\/wp-content\/uploads\/2023\/12\/image-50-300x300.jpeg\" class=\"attachment-medium size-medium wp-image-69670\" alt=\"\" srcset=\"https:\/\/programadestinosmexico.com\/wp-content\/uploads\/2023\/12\/image-50-300x300.jpeg 300w, https:\/\/programadestinosmexico.com\/wp-content\/uploads\/2023\/12\/image-50.jpeg 591w\" sizes=\"(max-width: 300px) 100vw, 300px\" \/><\/a><\/figure><div class=\"elementor-image-box-content\"><h3 class=\"elementor-image-box-title\"><a href=\"https:\/\/programadestinosmexico.com\/en\/academia-de-san-carlos-cdmx\/\">Antigua Academia de San Carlos<\/a><\/h3><\/div><\/div>\t\t\t\t<\/div>\n\t\t\t\t<\/div>\n\t\t\t\t<\/div>\n\t\t<div class=\"elementor-element elementor-element-8e1a495 e-con-full animated-slow e-flex elementor-invisible e-con e-child\" data-id=\"8e1a495\" data-element_type=\"container\" data-e-type=\"container\" data-settings=\"{&quot;jet_parallax_layout_list&quot;:[],&quot;animation&quot;:&quot;fadeInUp&quot;,&quot;animation_delay&quot;:100}\">\n\t\t\t\t<div class=\"elementor-element elementor-element-a4f19c1 imgzoom elementor-position-top elementor-widget elementor-widget-image-box\" data-id=\"a4f19c1\" data-element_type=\"widget\" data-e-type=\"widget\" data-widget_type=\"image-box.default\">\n\t\t\t\t<div class=\"elementor-widget-container\">\n\t\t\t\t\t<div class=\"elementor-image-box-wrapper\"><figure class=\"elementor-image-box-img\"><a href=\"https:\/\/programadestinosmexico.com\/en\/antigua-escuela-de-economia-cdmx\/\" tabindex=\"-1\"><img loading=\"lazy\" decoding=\"async\" width=\"300\" height=\"300\" src=\"https:\/\/programadestinosmexico.com\/wp-content\/uploads\/2023\/10\/Antigua-Escuela-de-Economia--300x300.jpg\" class=\"attachment-medium size-medium wp-image-26801\" alt=\"\" srcset=\"https:\/\/programadestinosmexico.com\/wp-content\/uploads\/2023\/10\/Antigua-Escuela-de-Economia--300x300.jpg 300w, https:\/\/programadestinosmexico.com\/wp-content\/uploads\/2023\/10\/Antigua-Escuela-de-Economia-.jpg 591w\" sizes=\"(max-width: 300px) 100vw, 300px\" \/><\/a><\/figure><div class=\"elementor-image-box-content\"><h3 class=\"elementor-image-box-title\"><a href=\"https:\/\/programadestinosmexico.com\/en\/antigua-escuela-de-economia-cdmx\/\">Antigua Escuela de Econom\u00eda<\/a><\/h3><\/div><\/div>\t\t\t\t<\/div>\n\t\t\t\t<\/div>\n\t\t\t\t<\/div>\n\t\t<div class=\"elementor-element elementor-element-d1f2ca6 e-con-full animated-slow e-flex elementor-invisible e-con e-child\" data-id=\"d1f2ca6\" data-element_type=\"container\" data-e-type=\"container\" data-settings=\"{&quot;jet_parallax_layout_list&quot;:[],&quot;animation&quot;:&quot;fadeInUp&quot;,&quot;animation_delay&quot;:100}\">\n\t\t\t\t<div class=\"elementor-element elementor-element-563c60e imgzoom elementor-position-top elementor-widget elementor-widget-image-box\" data-id=\"563c60e\" data-element_type=\"widget\" data-e-type=\"widget\" data-widget_type=\"image-box.default\">\n\t\t\t\t<div class=\"elementor-widget-container\">\n\t\t\t\t\t<div class=\"elementor-image-box-wrapper\"><figure class=\"elementor-image-box-img\"><a href=\"https:\/\/programadestinosmexico.com\/en\/antigua-escuela-de-jurisprudencia-cdmx\/\" tabindex=\"-1\"><img loading=\"lazy\" decoding=\"async\" width=\"300\" height=\"300\" src=\"https:\/\/programadestinosmexico.com\/wp-content\/uploads\/2023\/10\/Antigua-Escuela-de-Jurisprudencia-300x300.jpg\" class=\"attachment-medium size-medium wp-image-26806\" alt=\"\" srcset=\"https:\/\/programadestinosmexico.com\/wp-content\/uploads\/2023\/10\/Antigua-Escuela-de-Jurisprudencia-300x300.jpg 300w, https:\/\/programadestinosmexico.com\/wp-content\/uploads\/2023\/10\/Antigua-Escuela-de-Jurisprudencia.jpg 591w\" sizes=\"(max-width: 300px) 100vw, 300px\" \/><\/a><\/figure><div class=\"elementor-image-box-content\"><h3 class=\"elementor-image-box-title\"><a href=\"https:\/\/programadestinosmexico.com\/en\/antigua-escuela-de-jurisprudencia-cdmx\/\">Antigua Escuela de Jurisprudencia<\/a><\/h3><\/div><\/div>\t\t\t\t<\/div>\n\t\t\t\t<\/div>\n\t\t\t\t<\/div>\n\t\t<div class=\"elementor-element elementor-element-53bcd0b e-con-full animated-slow e-flex elementor-invisible e-con e-child\" data-id=\"53bcd0b\" data-element_type=\"container\" data-e-type=\"container\" data-settings=\"{&quot;jet_parallax_layout_list&quot;:[],&quot;animation&quot;:&quot;fadeInUp&quot;,&quot;animation_delay&quot;:100}\">\n\t\t\t\t<div class=\"elementor-element elementor-element-5b0a2c1 imgzoom elementor-position-top elementor-widget elementor-widget-image-box\" data-id=\"5b0a2c1\" data-element_type=\"widget\" data-e-type=\"widget\" data-widget_type=\"image-box.default\">\n\t\t\t\t<div class=\"elementor-widget-container\">\n\t\t\t\t\t<div class=\"elementor-image-box-wrapper\"><figure class=\"elementor-image-box-img\"><a href=\"https:\/\/programadestinosmexico.com\/en\/antiguo-colegio-de-san-ildefonso-cdmx\/\" tabindex=\"-1\"><img loading=\"lazy\" decoding=\"async\" width=\"300\" height=\"300\" src=\"https:\/\/programadestinosmexico.com\/wp-content\/uploads\/2023\/10\/Antiguo-Colegio-de-San-Ildelfonso-300x300.jpg\" class=\"attachment-medium size-medium wp-image-26811\" alt=\"\" srcset=\"https:\/\/programadestinosmexico.com\/wp-content\/uploads\/2023\/10\/Antiguo-Colegio-de-San-Ildelfonso-300x300.jpg 300w, https:\/\/programadestinosmexico.com\/wp-content\/uploads\/2023\/10\/Antiguo-Colegio-de-San-Ildelfonso.jpg 591w\" sizes=\"(max-width: 300px) 100vw, 300px\" \/><\/a><\/figure><div class=\"elementor-image-box-content\"><h3 class=\"elementor-image-box-title\"><a href=\"https:\/\/programadestinosmexico.com\/en\/antiguo-colegio-de-san-ildefonso-cdmx\/\">Antiguo Colegio de San Ildefonso<\/a><\/h3><\/div><\/div>\t\t\t\t<\/div>\n\t\t\t\t<\/div>\n\t\t\t\t<\/div>\n\t\t\t\t\t<\/div>\n\t\t\t\t<\/div>\n\t\t<div class=\"elementor-element elementor-element-6219b84 e-flex e-con-boxed e-con e-parent\" data-id=\"6219b84\" data-element_type=\"container\" data-e-type=\"container\" data-settings=\"{&quot;jet_parallax_layout_list&quot;:[]}\">\n\t\t\t\t\t<div class=\"e-con-inner\">\n\t\t<div class=\"elementor-element elementor-element-49897a5 e-con-full animated-slow e-flex elementor-invisible e-con e-child\" data-id=\"49897a5\" data-element_type=\"container\" data-e-type=\"container\" data-settings=\"{&quot;jet_parallax_layout_list&quot;:[],&quot;animation&quot;:&quot;fadeInUp&quot;,&quot;animation_delay&quot;:100}\">\n\t\t\t\t<div class=\"elementor-element elementor-element-63f421a imgzoom elementor-position-top elementor-widget elementor-widget-image-box\" data-id=\"63f421a\" data-element_type=\"widget\" data-e-type=\"widget\" data-widget_type=\"image-box.default\">\n\t\t\t\t<div class=\"elementor-widget-container\">\n\t\t\t\t\t<div class=\"elementor-image-box-wrapper\"><figure class=\"elementor-image-box-img\"><a href=\"https:\/\/programadestinosmexico.com\/en\/museo-de-las-constituciones-cdmx\/\" tabindex=\"-1\"><img loading=\"lazy\" decoding=\"async\" width=\"300\" height=\"300\" src=\"https:\/\/programadestinosmexico.com\/wp-content\/uploads\/2023\/10\/Colegio-de-San-Pedro-y-San-Pablo-300x300.jpg\" class=\"attachment-medium size-medium wp-image-26818\" alt=\"\" srcset=\"https:\/\/programadestinosmexico.com\/wp-content\/uploads\/2023\/10\/Colegio-de-San-Pedro-y-San-Pablo-300x300.jpg 300w, https:\/\/programadestinosmexico.com\/wp-content\/uploads\/2023\/10\/Colegio-de-San-Pedro-y-San-Pablo.jpg 591w\" sizes=\"(max-width: 300px) 100vw, 300px\" \/><\/a><\/figure><div class=\"elementor-image-box-content\"><h3 class=\"elementor-image-box-title\"><a href=\"https:\/\/programadestinosmexico.com\/en\/museo-de-las-constituciones-cdmx\/\">Museum of Constitutions, Former Colegio M\u00e1ximo de San Pedro y San Pablo<\/a><\/h3><\/div><\/div>\t\t\t\t<\/div>\n\t\t\t\t<\/div>\n\t\t\t\t<\/div>\n\t\t<div class=\"elementor-element elementor-element-0af5a44 e-con-full animated-slow e-flex elementor-invisible e-con e-child\" data-id=\"0af5a44\" data-element_type=\"container\" data-e-type=\"container\" data-settings=\"{&quot;jet_parallax_layout_list&quot;:[],&quot;animation&quot;:&quot;fadeInUp&quot;,&quot;animation_delay&quot;:100}\">\n\t\t\t\t<div class=\"elementor-element elementor-element-285bec8 imgzoom elementor-position-top elementor-widget elementor-widget-image-box\" data-id=\"285bec8\" data-element_type=\"widget\" data-e-type=\"widget\" data-widget_type=\"image-box.default\">\n\t\t\t\t<div class=\"elementor-widget-container\">\n\t\t\t\t\t<div class=\"elementor-image-box-wrapper\"><figure class=\"elementor-image-box-img\"><a href=\"https:\/\/programadestinosmexico.com\/en\/antiguo-convento-de-la-encarnacion-cdmx\/\" tabindex=\"-1\"><img loading=\"lazy\" decoding=\"async\" width=\"300\" height=\"300\" src=\"https:\/\/programadestinosmexico.com\/wp-content\/uploads\/2023\/10\/Antiguo-Convento-de-la-Encarnacion-300x300.jpg\" class=\"attachment-medium size-medium wp-image-26823\" alt=\"\" srcset=\"https:\/\/programadestinosmexico.com\/wp-content\/uploads\/2023\/10\/Antiguo-Convento-de-la-Encarnacion-300x300.jpg 300w, https:\/\/programadestinosmexico.com\/wp-content\/uploads\/2023\/10\/Antiguo-Convento-de-la-Encarnacion.jpg 591w\" sizes=\"(max-width: 300px) 100vw, 300px\" \/><\/a><\/figure><div class=\"elementor-image-box-content\"><h3 class=\"elementor-image-box-title\"><a href=\"https:\/\/programadestinosmexico.com\/en\/antiguo-convento-de-la-encarnacion-cdmx\/\">Antiguo Convento de la Encarnaci\u00f3n<\/a><\/h3><\/div><\/div>\t\t\t\t<\/div>\n\t\t\t\t<\/div>\n\t\t\t\t<\/div>\n\t\t<div class=\"elementor-element elementor-element-4c9374d e-con-full animated-slow e-flex elementor-invisible e-con e-child\" data-id=\"4c9374d\" data-element_type=\"container\" data-e-type=\"container\" data-settings=\"{&quot;jet_parallax_layout_list&quot;:[],&quot;animation&quot;:&quot;fadeInUp&quot;,&quot;animation_delay&quot;:100}\">\n\t\t\t\t<div class=\"elementor-element elementor-element-59e57e7 imgzoom elementor-position-top elementor-widget elementor-widget-image-box\" data-id=\"59e57e7\" data-element_type=\"widget\" data-e-type=\"widget\" data-widget_type=\"image-box.default\">\n\t\t\t\t<div class=\"elementor-widget-container\">\n\t\t\t\t\t<div class=\"elementor-image-box-wrapper\"><figure class=\"elementor-image-box-img\"><a href=\"https:\/\/programadestinosmexico.com\/en\/antiguo-edificio-del-ayuntamiento-cdmx\/\" tabindex=\"-1\"><img loading=\"lazy\" decoding=\"async\" width=\"300\" height=\"300\" src=\"https:\/\/programadestinosmexico.com\/wp-content\/uploads\/2023\/10\/Antiguo-Edificio-del-Ayuntamiento--300x300.jpg\" class=\"attachment-medium size-medium wp-image-26828\" alt=\"\" srcset=\"https:\/\/programadestinosmexico.com\/wp-content\/uploads\/2023\/10\/Antiguo-Edificio-del-Ayuntamiento--300x300.jpg 300w, https:\/\/programadestinosmexico.com\/wp-content\/uploads\/2023\/10\/Antiguo-Edificio-del-Ayuntamiento-.jpg 591w\" sizes=\"(max-width: 300px) 100vw, 300px\" \/><\/a><\/figure><div class=\"elementor-image-box-content\"><h3 class=\"elementor-image-box-title\"><a href=\"https:\/\/programadestinosmexico.com\/en\/antiguo-edificio-del-ayuntamiento-cdmx\/\">Antiguo Edificio del Ayuntamiento<\/a><\/h3><\/div><\/div>\t\t\t\t<\/div>\n\t\t\t\t<\/div>\n\t\t\t\t<\/div>\n\t\t<div class=\"elementor-element elementor-element-14ea140 e-con-full animated-slow e-flex elementor-invisible e-con e-child\" data-id=\"14ea140\" data-element_type=\"container\" data-e-type=\"container\" data-settings=\"{&quot;jet_parallax_layout_list&quot;:[],&quot;animation&quot;:&quot;fadeInUp&quot;,&quot;animation_delay&quot;:100}\">\n\t\t\t\t<div class=\"elementor-element elementor-element-22ee70d imgzoom elementor-position-top elementor-widget elementor-widget-image-box\" data-id=\"22ee70d\" data-element_type=\"widget\" data-e-type=\"widget\" data-widget_type=\"image-box.default\">\n\t\t\t\t<div class=\"elementor-widget-container\">\n\t\t\t\t\t<div class=\"elementor-image-box-wrapper\"><figure class=\"elementor-image-box-img\"><a href=\"https:\/\/programadestinosmexico.com\/en\/casa-borda-cdmx\/\" tabindex=\"-1\"><img loading=\"lazy\" decoding=\"async\" width=\"300\" height=\"300\" src=\"https:\/\/programadestinosmexico.com\/wp-content\/uploads\/2023\/12\/image-51-300x300.jpeg\" class=\"attachment-medium size-medium wp-image-69671\" alt=\"\" srcset=\"https:\/\/programadestinosmexico.com\/wp-content\/uploads\/2023\/12\/image-51-300x300.jpeg 300w, https:\/\/programadestinosmexico.com\/wp-content\/uploads\/2023\/12\/image-51.jpeg 591w\" sizes=\"(max-width: 300px) 100vw, 300px\" \/><\/a><\/figure><div class=\"elementor-image-box-content\"><h3 class=\"elementor-image-box-title\"><a href=\"https:\/\/programadestinosmexico.com\/en\/casa-borda-cdmx\/\">Borda House<\/a><\/h3><\/div><\/div>\t\t\t\t<\/div>\n\t\t\t\t<\/div>\n\t\t\t\t<\/div>\n\t\t\t\t\t<\/div>\n\t\t\t\t<\/div>\n\t\t<div class=\"elementor-element elementor-element-7d200eb e-flex e-con-boxed e-con e-parent\" data-id=\"7d200eb\" data-element_type=\"container\" data-e-type=\"container\" data-settings=\"{&quot;jet_parallax_layout_list&quot;:[]}\">\n\t\t\t\t\t<div class=\"e-con-inner\">\n\t\t<div class=\"elementor-element elementor-element-5cf0022 e-con-full animated-slow e-flex elementor-invisible e-con e-child\" data-id=\"5cf0022\" data-element_type=\"container\" data-e-type=\"container\" data-settings=\"{&quot;jet_parallax_layout_list&quot;:[],&quot;animation&quot;:&quot;fadeInUp&quot;,&quot;animation_delay&quot;:100}\">\n\t\t\t\t<div class=\"elementor-element elementor-element-c28ba0f imgzoom elementor-position-top elementor-widget elementor-widget-image-box\" data-id=\"c28ba0f\" data-element_type=\"widget\" data-e-type=\"widget\" data-widget_type=\"image-box.default\">\n\t\t\t\t<div class=\"elementor-widget-container\">\n\t\t\t\t\t<div class=\"elementor-image-box-wrapper\"><figure class=\"elementor-image-box-img\"><a href=\"https:\/\/programadestinosmexico.com\/en\/casa-de-leona-vicario-cdmx\/\" tabindex=\"-1\"><img loading=\"lazy\" decoding=\"async\" width=\"300\" height=\"300\" src=\"https:\/\/programadestinosmexico.com\/wp-content\/uploads\/2023\/10\/Casa-de-Leona-Vicario-300x300.jpg\" class=\"attachment-medium size-medium wp-image-26835\" alt=\"\" srcset=\"https:\/\/programadestinosmexico.com\/wp-content\/uploads\/2023\/10\/Casa-de-Leona-Vicario-300x300.jpg 300w, https:\/\/programadestinosmexico.com\/wp-content\/uploads\/2023\/10\/Casa-de-Leona-Vicario.jpg 591w\" sizes=\"(max-width: 300px) 100vw, 300px\" \/><\/a><\/figure><div class=\"elementor-image-box-content\"><h3 class=\"elementor-image-box-title\"><a href=\"https:\/\/programadestinosmexico.com\/en\/casa-de-leona-vicario-cdmx\/\">Leona Vicario House<\/a><\/h3><\/div><\/div>\t\t\t\t<\/div>\n\t\t\t\t<\/div>\n\t\t\t\t<\/div>\n\t\t<div class=\"elementor-element elementor-element-9601901 e-con-full animated-slow e-flex elementor-invisible e-con e-child\" data-id=\"9601901\" data-element_type=\"container\" data-e-type=\"container\" data-settings=\"{&quot;jet_parallax_layout_list&quot;:[],&quot;animation&quot;:&quot;fadeInUp&quot;,&quot;animation_delay&quot;:100}\">\n\t\t\t\t<div class=\"elementor-element elementor-element-4e00d03 imgzoom elementor-position-top elementor-widget elementor-widget-image-box\" data-id=\"4e00d03\" data-element_type=\"widget\" data-e-type=\"widget\" data-widget_type=\"image-box.default\">\n\t\t\t\t<div class=\"elementor-widget-container\">\n\t\t\t\t\t<div class=\"elementor-image-box-wrapper\"><figure class=\"elementor-image-box-img\"><a href=\"https:\/\/programadestinosmexico.com\/en\/casa-de-los-condes-de-heras-y-soto-cdmx\/\" tabindex=\"-1\"><img loading=\"lazy\" decoding=\"async\" width=\"300\" height=\"300\" src=\"https:\/\/programadestinosmexico.com\/wp-content\/uploads\/2023\/10\/Casa-de-los-Condes-de-Heras-y-Soto-300x300.jpg\" class=\"attachment-medium size-medium wp-image-26840\" alt=\"\" srcset=\"https:\/\/programadestinosmexico.com\/wp-content\/uploads\/2023\/10\/Casa-de-los-Condes-de-Heras-y-Soto-300x300.jpg 300w, https:\/\/programadestinosmexico.com\/wp-content\/uploads\/2023\/10\/Casa-de-los-Condes-de-Heras-y-Soto.jpg 591w\" sizes=\"(max-width: 300px) 100vw, 300px\" \/><\/a><\/figure><div class=\"elementor-image-box-content\"><h3 class=\"elementor-image-box-title\"><a href=\"https:\/\/programadestinosmexico.com\/en\/casa-de-los-condes-de-heras-y-soto-cdmx\/\">House of the Counts of Heras y Soto<\/a><\/h3><\/div><\/div>\t\t\t\t<\/div>\n\t\t\t\t<\/div>\n\t\t\t\t<\/div>\n\t\t<div class=\"elementor-element elementor-element-a6528cf e-con-full animated-slow e-flex elementor-invisible e-con e-child\" data-id=\"a6528cf\" data-element_type=\"container\" data-e-type=\"container\" data-settings=\"{&quot;jet_parallax_layout_list&quot;:[],&quot;animation&quot;:&quot;fadeInUp&quot;,&quot;animation_delay&quot;:100}\">\n\t\t\t\t<div class=\"elementor-element elementor-element-5e1ba16 imgzoom elementor-position-top elementor-widget elementor-widget-image-box\" data-id=\"5e1ba16\" data-element_type=\"widget\" data-e-type=\"widget\" data-widget_type=\"image-box.default\">\n\t\t\t\t<div class=\"elementor-widget-container\">\n\t\t\t\t\t<div class=\"elementor-image-box-wrapper\"><figure class=\"elementor-image-box-img\"><a href=\"https:\/\/programadestinosmexico.com\/en\/casa-de-los-condes-del-valle-de-orizaba-casa-de-los-azulejos-cdmx\/\" tabindex=\"-1\"><img loading=\"lazy\" decoding=\"async\" width=\"300\" height=\"300\" src=\"https:\/\/programadestinosmexico.com\/wp-content\/uploads\/2023\/10\/Casa-de-los-Condes-del-Valle-de-Orizaba-Casa-de-los-Azulejos-300x300.jpg\" class=\"attachment-medium size-medium wp-image-26845\" alt=\"\" srcset=\"https:\/\/programadestinosmexico.com\/wp-content\/uploads\/2023\/10\/Casa-de-los-Condes-del-Valle-de-Orizaba-Casa-de-los-Azulejos-300x300.jpg 300w, https:\/\/programadestinosmexico.com\/wp-content\/uploads\/2023\/10\/Casa-de-los-Condes-del-Valle-de-Orizaba-Casa-de-los-Azulejos.jpg 591w\" sizes=\"(max-width: 300px) 100vw, 300px\" \/><\/a><\/figure><div class=\"elementor-image-box-content\"><h3 class=\"elementor-image-box-title\"><a href=\"https:\/\/programadestinosmexico.com\/en\/casa-de-los-condes-del-valle-de-orizaba-casa-de-los-azulejos-cdmx\/\">House of the Counts of the Valley of Orizaba<\/a><\/h3><\/div><\/div>\t\t\t\t<\/div>\n\t\t\t\t<\/div>\n\t\t\t\t<\/div>\n\t\t<div class=\"elementor-element elementor-element-ebb8a42 e-con-full animated-slow e-flex elementor-invisible e-con e-child\" data-id=\"ebb8a42\" data-element_type=\"container\" data-e-type=\"container\" data-settings=\"{&quot;jet_parallax_layout_list&quot;:[],&quot;animation&quot;:&quot;fadeInUp&quot;,&quot;animation_delay&quot;:100}\">\n\t\t\t\t<div class=\"elementor-element elementor-element-31499f0 imgzoom elementor-position-top elementor-widget elementor-widget-image-box\" data-id=\"31499f0\" data-element_type=\"widget\" data-e-type=\"widget\" data-widget_type=\"image-box.default\">\n\t\t\t\t<div class=\"elementor-widget-container\">\n\t\t\t\t\t<div class=\"elementor-image-box-wrapper\"><figure class=\"elementor-image-box-img\"><a href=\"https:\/\/programadestinosmexico.com\/en\/casa-del-capitan-juan-de-chavarria-cdmx\/\" tabindex=\"-1\"><img loading=\"lazy\" decoding=\"async\" width=\"300\" height=\"300\" src=\"https:\/\/programadestinosmexico.com\/wp-content\/uploads\/2023\/10\/Casa-del-Capitan-Juan-de-Cavaria-300x300.jpg\" class=\"attachment-medium size-medium wp-image-26851\" alt=\"\" srcset=\"https:\/\/programadestinosmexico.com\/wp-content\/uploads\/2023\/10\/Casa-del-Capitan-Juan-de-Cavaria-300x300.jpg 300w, https:\/\/programadestinosmexico.com\/wp-content\/uploads\/2023\/10\/Casa-del-Capitan-Juan-de-Cavaria.jpg 591w\" sizes=\"(max-width: 300px) 100vw, 300px\" \/><\/a><\/figure><div class=\"elementor-image-box-content\"><h3 class=\"elementor-image-box-title\"><a href=\"https:\/\/programadestinosmexico.com\/en\/casa-del-capitan-juan-de-chavarria-cdmx\/\">Casa del Capit\u00e1n Juan de Chavarr\u00eda<\/a><\/h3><\/div><\/div>\t\t\t\t<\/div>\n\t\t\t\t<\/div>\n\t\t\t\t<\/div>\n\t\t\t\t\t<\/div>\n\t\t\t\t<\/div>\n\t\t<div class=\"elementor-element elementor-element-1b5fbfd e-flex e-con-boxed e-con e-parent\" data-id=\"1b5fbfd\" data-element_type=\"container\" data-e-type=\"container\" data-settings=\"{&quot;jet_parallax_layout_list&quot;:[]}\">\n\t\t\t\t\t<div class=\"e-con-inner\">\n\t\t<div class=\"elementor-element elementor-element-99d044b e-con-full animated-slow e-flex elementor-invisible e-con e-child\" data-id=\"99d044b\" data-element_type=\"container\" data-e-type=\"container\" data-settings=\"{&quot;jet_parallax_layout_list&quot;:[],&quot;animation&quot;:&quot;fadeInUp&quot;,&quot;animation_delay&quot;:100}\">\n\t\t\t\t<div class=\"elementor-element elementor-element-b68e834 imgzoom elementor-position-top elementor-widget elementor-widget-image-box\" data-id=\"b68e834\" data-element_type=\"widget\" data-e-type=\"widget\" data-widget_type=\"image-box.default\">\n\t\t\t\t<div class=\"elementor-widget-container\">\n\t\t\t\t\t<div class=\"elementor-image-box-wrapper\"><figure class=\"elementor-image-box-img\"><a href=\"https:\/\/programadestinosmexico.com\/en\/casa-del-marques-del-apartado-cdmx\/\" tabindex=\"-1\"><img loading=\"lazy\" decoding=\"async\" width=\"300\" height=\"300\" src=\"https:\/\/programadestinosmexico.com\/wp-content\/uploads\/2023\/10\/Casa-del-Marques-del-Apartado-300x300.jpg\" class=\"attachment-medium size-medium wp-image-26856\" alt=\"\" srcset=\"https:\/\/programadestinosmexico.com\/wp-content\/uploads\/2023\/10\/Casa-del-Marques-del-Apartado-300x300.jpg 300w, https:\/\/programadestinosmexico.com\/wp-content\/uploads\/2023\/10\/Casa-del-Marques-del-Apartado.jpg 591w\" sizes=\"(max-width: 300px) 100vw, 300px\" \/><\/a><\/figure><div class=\"elementor-image-box-content\"><h3 class=\"elementor-image-box-title\"><a href=\"https:\/\/programadestinosmexico.com\/en\/casa-del-marques-del-apartado-cdmx\/\">House of the Marquis of El Apartado<\/a><\/h3><\/div><\/div>\t\t\t\t<\/div>\n\t\t\t\t<\/div>\n\t\t\t\t<\/div>\n\t\t<div class=\"elementor-element elementor-element-b3dfc73 e-con-full animated-slow e-flex elementor-invisible e-con e-child\" data-id=\"b3dfc73\" data-element_type=\"container\" data-e-type=\"container\" data-settings=\"{&quot;jet_parallax_layout_list&quot;:[],&quot;animation&quot;:&quot;fadeInUp&quot;,&quot;animation_delay&quot;:100}\">\n\t\t\t\t<div class=\"elementor-element elementor-element-8852ab1 imgzoom elementor-position-top elementor-widget elementor-widget-image-box\" data-id=\"8852ab1\" data-element_type=\"widget\" data-e-type=\"widget\" data-widget_type=\"image-box.default\">\n\t\t\t\t<div class=\"elementor-widget-container\">\n\t\t\t\t\t<div class=\"elementor-image-box-wrapper\"><figure class=\"elementor-image-box-img\"><a href=\"https:\/\/programadestinosmexico.com\/en\/casa-del-marques-del-prado-alegre-cdmx\/\" tabindex=\"-1\"><img loading=\"lazy\" decoding=\"async\" width=\"591\" height=\"591\" src=\"https:\/\/programadestinosmexico.com\/wp-content\/uploads\/2023\/10\/Casa-del-Marques-del-Prado-Alegre.jpg\" class=\"attachment-medium_large size-medium_large wp-image-26861\" alt=\"\" srcset=\"https:\/\/programadestinosmexico.com\/wp-content\/uploads\/2023\/10\/Casa-del-Marques-del-Prado-Alegre.jpg 591w, https:\/\/programadestinosmexico.com\/wp-content\/uploads\/2023\/10\/Casa-del-Marques-del-Prado-Alegre-300x300.jpg 300w\" sizes=\"(max-width: 591px) 100vw, 591px\" \/><\/a><\/figure><div class=\"elementor-image-box-content\"><h3 class=\"elementor-image-box-title\"><a href=\"https:\/\/programadestinosmexico.com\/en\/casa-del-marques-del-prado-alegre-cdmx\/\">House of the Marquis of El Prado Alegre<\/a><\/h3><\/div><\/div>\t\t\t\t<\/div>\n\t\t\t\t<\/div>\n\t\t\t\t<\/div>\n\t\t<div class=\"elementor-element elementor-element-ce05afe e-con-full animated-slow e-flex elementor-invisible e-con e-child\" data-id=\"ce05afe\" data-element_type=\"container\" data-e-type=\"container\" data-settings=\"{&quot;jet_parallax_layout_list&quot;:[],&quot;animation&quot;:&quot;fadeInUp&quot;,&quot;animation_delay&quot;:100}\">\n\t\t\t\t<div class=\"elementor-element elementor-element-8e6fdb9 imgzoom elementor-position-top elementor-widget elementor-widget-image-box\" data-id=\"8e6fdb9\" data-element_type=\"widget\" data-e-type=\"widget\" data-widget_type=\"image-box.default\">\n\t\t\t\t<div class=\"elementor-widget-container\">\n\t\t\t\t\t<div class=\"elementor-image-box-wrapper\"><figure class=\"elementor-image-box-img\"><a href=\"https:\/\/programadestinosmexico.com\/en\/casas-de-mayorazgo-de-guerrero-cdmx\/\" tabindex=\"-1\"><img loading=\"lazy\" decoding=\"async\" width=\"300\" height=\"300\" src=\"https:\/\/programadestinosmexico.com\/wp-content\/uploads\/2023\/10\/Casas-de-Mayorazgo-de-Guerrero--300x300.jpg\" class=\"attachment-medium size-medium wp-image-26866\" alt=\"\" srcset=\"https:\/\/programadestinosmexico.com\/wp-content\/uploads\/2023\/10\/Casas-de-Mayorazgo-de-Guerrero--300x300.jpg 300w, https:\/\/programadestinosmexico.com\/wp-content\/uploads\/2023\/10\/Casas-de-Mayorazgo-de-Guerrero-.jpg 591w\" sizes=\"(max-width: 300px) 100vw, 300px\" \/><\/a><\/figure><div class=\"elementor-image-box-content\"><h3 class=\"elementor-image-box-title\"><a href=\"https:\/\/programadestinosmexico.com\/en\/casas-de-mayorazgo-de-guerrero-cdmx\/\">Mayorazgo de Guerrero Houses<\/a><\/h3><\/div><\/div>\t\t\t\t<\/div>\n\t\t\t\t<\/div>\n\t\t\t\t<\/div>\n\t\t<div class=\"elementor-element elementor-element-5f53963 e-con-full animated-slow e-flex elementor-invisible e-con e-child\" data-id=\"5f53963\" data-element_type=\"container\" data-e-type=\"container\" data-settings=\"{&quot;jet_parallax_layout_list&quot;:[],&quot;animation&quot;:&quot;fadeInUp&quot;,&quot;animation_delay&quot;:100}\">\n\t\t\t\t<div class=\"elementor-element elementor-element-ccd3e03 imgzoom elementor-position-top elementor-widget elementor-widget-image-box\" data-id=\"ccd3e03\" data-element_type=\"widget\" data-e-type=\"widget\" data-widget_type=\"image-box.default\">\n\t\t\t\t<div class=\"elementor-widget-container\">\n\t\t\t\t\t<div class=\"elementor-image-box-wrapper\"><figure class=\"elementor-image-box-img\"><a href=\"https:\/\/programadestinosmexico.com\/en\/catedral-metropolitana-cdmx\/\" tabindex=\"-1\"><img loading=\"lazy\" decoding=\"async\" width=\"300\" height=\"300\" src=\"https:\/\/programadestinosmexico.com\/wp-content\/uploads\/2023\/10\/Catedral-Metropolitana--300x300.jpg\" class=\"attachment-medium size-medium wp-image-26871\" alt=\"\" srcset=\"https:\/\/programadestinosmexico.com\/wp-content\/uploads\/2023\/10\/Catedral-Metropolitana--300x300.jpg 300w, https:\/\/programadestinosmexico.com\/wp-content\/uploads\/2023\/10\/Catedral-Metropolitana-.jpg 591w\" sizes=\"(max-width: 300px) 100vw, 300px\" \/><\/a><\/figure><div class=\"elementor-image-box-content\"><h3 class=\"elementor-image-box-title\"><a href=\"https:\/\/programadestinosmexico.com\/en\/catedral-metropolitana-cdmx\/\">Catedral Metropolitana (Metropolitan Cathedral)<\/a><\/h3><\/div><\/div>\t\t\t\t<\/div>\n\t\t\t\t<\/div>\n\t\t\t\t<\/div>\n\t\t\t\t\t<\/div>\n\t\t\t\t<\/div>\n\t\t<div class=\"elementor-element elementor-element-ce78508 e-flex e-con-boxed e-con e-parent\" data-id=\"ce78508\" data-element_type=\"container\" data-e-type=\"container\" data-settings=\"{&quot;jet_parallax_layout_list&quot;:[]}\">\n\t\t\t\t\t<div class=\"e-con-inner\">\n\t\t<div class=\"elementor-element elementor-element-8bc0312 e-con-full animated-slow e-flex elementor-invisible e-con e-child\" data-id=\"8bc0312\" data-element_type=\"container\" data-e-type=\"container\" data-settings=\"{&quot;jet_parallax_layout_list&quot;:[],&quot;animation&quot;:&quot;fadeInUp&quot;,&quot;animation_delay&quot;:100}\">\n\t\t\t\t<div class=\"elementor-element elementor-element-6d81c89 imgzoom elementor-position-top elementor-widget elementor-widget-image-box\" data-id=\"6d81c89\" data-element_type=\"widget\" data-e-type=\"widget\" data-widget_type=\"image-box.default\">\n\t\t\t\t<div class=\"elementor-widget-container\">\n\t\t\t\t\t<div class=\"elementor-image-box-wrapper\"><figure class=\"elementor-image-box-img\"><a href=\"https:\/\/programadestinosmexico.com\/en\/centro-cultural-espanol-cdmx\/\" tabindex=\"-1\"><img loading=\"lazy\" decoding=\"async\" width=\"300\" height=\"300\" src=\"https:\/\/programadestinosmexico.com\/wp-content\/uploads\/2023\/10\/Centro-Cultural-Espanol-300x300.jpg\" class=\"attachment-medium size-medium wp-image-26876\" alt=\"\" srcset=\"https:\/\/programadestinosmexico.com\/wp-content\/uploads\/2023\/10\/Centro-Cultural-Espanol-300x300.jpg 300w, https:\/\/programadestinosmexico.com\/wp-content\/uploads\/2023\/10\/Centro-Cultural-Espanol.jpg 591w\" sizes=\"(max-width: 300px) 100vw, 300px\" \/><\/a><\/figure><div class=\"elementor-image-box-content\"><h3 class=\"elementor-image-box-title\"><a href=\"https:\/\/programadestinosmexico.com\/en\/centro-cultural-espanol-cdmx\/\">Centro Cultural Espa\u00f1ol (Spanish Cultural Center)<\/a><\/h3><\/div><\/div>\t\t\t\t<\/div>\n\t\t\t\t<\/div>\n\t\t\t\t<\/div>\n\t\t<div class=\"elementor-element elementor-element-9fbc04f e-con-full animated-slow e-flex elementor-invisible e-con e-child\" data-id=\"9fbc04f\" data-element_type=\"container\" data-e-type=\"container\" data-settings=\"{&quot;jet_parallax_layout_list&quot;:[],&quot;animation&quot;:&quot;fadeInUp&quot;,&quot;animation_delay&quot;:100}\">\n\t\t\t\t<div class=\"elementor-element elementor-element-5a606f5 imgzoom elementor-position-top elementor-widget elementor-widget-image-box\" data-id=\"5a606f5\" data-element_type=\"widget\" data-e-type=\"widget\" data-widget_type=\"image-box.default\">\n\t\t\t\t<div class=\"elementor-widget-container\">\n\t\t\t\t\t<div class=\"elementor-image-box-wrapper\"><figure class=\"elementor-image-box-img\"><a href=\"https:\/\/programadestinosmexico.com\/en\/club-de-banqueros-cdmx\/\" tabindex=\"-1\"><img loading=\"lazy\" decoding=\"async\" width=\"300\" height=\"300\" src=\"https:\/\/programadestinosmexico.com\/wp-content\/uploads\/2023\/10\/Club-de-Banqueros--300x300.jpg\" class=\"attachment-medium size-medium wp-image-26881\" alt=\"\" srcset=\"https:\/\/programadestinosmexico.com\/wp-content\/uploads\/2023\/10\/Club-de-Banqueros--300x300.jpg 300w, https:\/\/programadestinosmexico.com\/wp-content\/uploads\/2023\/10\/Club-de-Banqueros-.jpg 591w\" sizes=\"(max-width: 300px) 100vw, 300px\" \/><\/a><\/figure><div class=\"elementor-image-box-content\"><h3 class=\"elementor-image-box-title\"><a href=\"https:\/\/programadestinosmexico.com\/en\/club-de-banqueros-cdmx\/\">Club de Banqueros (Bankers' Club)<\/a><\/h3><\/div><\/div>\t\t\t\t<\/div>\n\t\t\t\t<\/div>\n\t\t\t\t<\/div>\n\t\t<div class=\"elementor-element elementor-element-dd10463 e-con-full animated-slow e-flex elementor-invisible e-con e-child\" data-id=\"dd10463\" data-element_type=\"container\" data-e-type=\"container\" data-settings=\"{&quot;jet_parallax_layout_list&quot;:[],&quot;animation&quot;:&quot;fadeInUp&quot;,&quot;animation_delay&quot;:100}\">\n\t\t\t\t<div class=\"elementor-element elementor-element-ef014cd imgzoom elementor-position-top elementor-widget elementor-widget-image-box\" data-id=\"ef014cd\" data-element_type=\"widget\" data-e-type=\"widget\" data-widget_type=\"image-box.default\">\n\t\t\t\t<div class=\"elementor-widget-container\">\n\t\t\t\t\t<div class=\"elementor-image-box-wrapper\"><figure class=\"elementor-image-box-img\"><a href=\"https:\/\/programadestinosmexico.com\/en\/colegio-de-san-ignacio-de-loyola-las-vizcainas-cdmx\/\" tabindex=\"-1\"><img loading=\"lazy\" decoding=\"async\" width=\"300\" height=\"300\" src=\"https:\/\/programadestinosmexico.com\/wp-content\/uploads\/2023\/10\/Colegio-de-San-Ignacio-de-Loyola-Vizcainas--300x300.jpg\" class=\"attachment-medium size-medium wp-image-26886\" alt=\"\" srcset=\"https:\/\/programadestinosmexico.com\/wp-content\/uploads\/2023\/10\/Colegio-de-San-Ignacio-de-Loyola-Vizcainas--300x300.jpg 300w, https:\/\/programadestinosmexico.com\/wp-content\/uploads\/2023\/10\/Colegio-de-San-Ignacio-de-Loyola-Vizcainas-.jpg 591w\" sizes=\"(max-width: 300px) 100vw, 300px\" \/><\/a><\/figure><div class=\"elementor-image-box-content\"><h3 class=\"elementor-image-box-title\"><a href=\"https:\/\/programadestinosmexico.com\/en\/colegio-de-san-ignacio-de-loyola-las-vizcainas-cdmx\/\">Colegio de San Ignacio de Loyola Vizca\u00ednas<\/a><\/h3><\/div><\/div>\t\t\t\t<\/div>\n\t\t\t\t<\/div>\n\t\t\t\t<\/div>\n\t\t<div class=\"elementor-element elementor-element-fa11e79 e-con-full animated-slow e-flex elementor-invisible e-con e-child\" data-id=\"fa11e79\" data-element_type=\"container\" data-e-type=\"container\" data-settings=\"{&quot;jet_parallax_layout_list&quot;:[],&quot;animation&quot;:&quot;fadeInUp&quot;,&quot;animation_delay&quot;:100}\">\n\t\t\t\t<div class=\"elementor-element elementor-element-6faeb2f imgzoom elementor-position-top elementor-widget elementor-widget-image-box\" data-id=\"6faeb2f\" data-element_type=\"widget\" data-e-type=\"widget\" data-widget_type=\"image-box.default\">\n\t\t\t\t<div class=\"elementor-widget-container\">\n\t\t\t\t\t<div class=\"elementor-image-box-wrapper\"><figure class=\"elementor-image-box-img\"><a href=\"https:\/\/programadestinosmexico.com\/en\/museo-jose-luis-cuevas-cdmx\/\" tabindex=\"-1\"><img loading=\"lazy\" decoding=\"async\" width=\"300\" height=\"300\" src=\"https:\/\/programadestinosmexico.com\/wp-content\/uploads\/2023\/10\/Templo-de-Santa-Ines-300x300.jpg\" class=\"attachment-medium size-medium wp-image-26892\" alt=\"\" srcset=\"https:\/\/programadestinosmexico.com\/wp-content\/uploads\/2023\/10\/Templo-de-Santa-Ines-300x300.jpg 300w, https:\/\/programadestinosmexico.com\/wp-content\/uploads\/2023\/10\/Templo-de-Santa-Ines.jpg 591w\" sizes=\"(max-width: 300px) 100vw, 300px\" \/><\/a><\/figure><div class=\"elementor-image-box-content\"><h3 class=\"elementor-image-box-title\"><a href=\"https:\/\/programadestinosmexico.com\/en\/museo-jose-luis-cuevas-cdmx\/\">Museo Jos\u00e9 Luis Cuevas, Convento de Santa In\u00e9s<\/a><\/h3><\/div><\/div>\t\t\t\t<\/div>\n\t\t\t\t<\/div>\n\t\t\t\t<\/div>\n\t\t\t\t\t<\/div>\n\t\t\t\t<\/div>\n\t\t<div class=\"elementor-element elementor-element-252aca7 e-flex e-con-boxed e-con e-parent\" data-id=\"252aca7\" data-element_type=\"container\" data-e-type=\"container\" data-settings=\"{&quot;jet_parallax_layout_list&quot;:[]}\">\n\t\t\t\t\t<div class=\"e-con-inner\">\n\t\t<div class=\"elementor-element elementor-element-31ededd e-con-full animated-slow e-flex elementor-invisible e-con e-child\" data-id=\"31ededd\" data-element_type=\"container\" data-e-type=\"container\" data-settings=\"{&quot;jet_parallax_layout_list&quot;:[],&quot;animation&quot;:&quot;fadeInUp&quot;,&quot;animation_delay&quot;:100}\">\n\t\t\t\t<div class=\"elementor-element elementor-element-2f399d8 imgzoom elementor-position-top elementor-widget elementor-widget-image-box\" data-id=\"2f399d8\" data-element_type=\"widget\" data-e-type=\"widget\" data-widget_type=\"image-box.default\">\n\t\t\t\t<div class=\"elementor-widget-container\">\n\t\t\t\t\t<div class=\"elementor-image-box-wrapper\"><figure class=\"elementor-image-box-img\"><a href=\"https:\/\/programadestinosmexico.com\/en\/museo-del-ejercito-y-fuerza-aerea-cdmx\/\" tabindex=\"-1\"><img loading=\"lazy\" decoding=\"async\" width=\"300\" height=\"300\" src=\"https:\/\/programadestinosmexico.com\/wp-content\/uploads\/2023\/10\/Convento-y-Hospital-de-Betlehemitas-300x300.jpg\" class=\"attachment-medium size-medium wp-image-27181\" alt=\"\" srcset=\"https:\/\/programadestinosmexico.com\/wp-content\/uploads\/2023\/10\/Convento-y-Hospital-de-Betlehemitas-300x300.jpg 300w, https:\/\/programadestinosmexico.com\/wp-content\/uploads\/2023\/10\/Convento-y-Hospital-de-Betlehemitas.jpg 591w\" sizes=\"(max-width: 300px) 100vw, 300px\" \/><\/a><\/figure><div class=\"elementor-image-box-content\"><h3 class=\"elementor-image-box-title\"><a href=\"https:\/\/programadestinosmexico.com\/en\/museo-del-ejercito-y-fuerza-aerea-cdmx\/\">Museo del Ej\u00e9rcito y Fuerza A\u00e9rea, Convento y Hospital de Betlemitas<\/a><\/h3><\/div><\/div>\t\t\t\t<\/div>\n\t\t\t\t<\/div>\n\t\t\t\t<\/div>\n\t\t<div class=\"elementor-element elementor-element-ab9bff6 e-con-full animated-slow e-flex elementor-invisible e-con e-child\" data-id=\"ab9bff6\" data-element_type=\"container\" data-e-type=\"container\" data-settings=\"{&quot;jet_parallax_layout_list&quot;:[],&quot;animation&quot;:&quot;fadeInUp&quot;,&quot;animation_delay&quot;:100}\">\n\t\t\t\t<div class=\"elementor-element elementor-element-686383d imgzoom elementor-position-top elementor-widget elementor-widget-image-box\" data-id=\"686383d\" data-element_type=\"widget\" data-e-type=\"widget\" data-widget_type=\"image-box.default\">\n\t\t\t\t<div class=\"elementor-widget-container\">\n\t\t\t\t\t<div class=\"elementor-image-box-wrapper\"><figure class=\"elementor-image-box-img\"><a href=\"https:\/\/programadestinosmexico.com\/en\/exconvento-de-la-merced-cdmx\/\" tabindex=\"-1\"><img loading=\"lazy\" decoding=\"async\" width=\"300\" height=\"300\" src=\"https:\/\/programadestinosmexico.com\/wp-content\/uploads\/2023\/10\/Convento-de-la-Merced-300x300.jpg\" class=\"attachment-medium size-medium wp-image-27186\" alt=\"\" srcset=\"https:\/\/programadestinosmexico.com\/wp-content\/uploads\/2023\/10\/Convento-de-la-Merced-300x300.jpg 300w, https:\/\/programadestinosmexico.com\/wp-content\/uploads\/2023\/10\/Convento-de-la-Merced.jpg 591w\" sizes=\"(max-width: 300px) 100vw, 300px\" \/><\/a><\/figure><div class=\"elementor-image-box-content\"><h3 class=\"elementor-image-box-title\"><a href=\"https:\/\/programadestinosmexico.com\/en\/exconvento-de-la-merced-cdmx\/\">Ex Convento de la Merced<\/a><\/h3><\/div><\/div>\t\t\t\t<\/div>\n\t\t\t\t<\/div>\n\t\t\t\t<\/div>\n\t\t<div class=\"elementor-element elementor-element-7847db7 e-con-full animated-slow e-flex elementor-invisible e-con e-child\" data-id=\"7847db7\" data-element_type=\"container\" data-e-type=\"container\" data-settings=\"{&quot;jet_parallax_layout_list&quot;:[],&quot;animation&quot;:&quot;fadeInUp&quot;,&quot;animation_delay&quot;:100}\">\n\t\t\t\t<div class=\"elementor-element elementor-element-1fcc261 imgzoom elementor-position-top elementor-widget elementor-widget-image-box\" data-id=\"1fcc261\" data-element_type=\"widget\" data-e-type=\"widget\" data-widget_type=\"image-box.default\">\n\t\t\t\t<div class=\"elementor-widget-container\">\n\t\t\t\t\t<div class=\"elementor-image-box-wrapper\"><figure class=\"elementor-image-box-img\"><a href=\"https:\/\/programadestinosmexico.com\/en\/ex-templo-de-corpues-cristi-cdmx\/\" tabindex=\"-1\"><img loading=\"lazy\" decoding=\"async\" width=\"300\" height=\"300\" src=\"https:\/\/programadestinosmexico.com\/wp-content\/uploads\/2023\/10\/Ex-Templo-de-Corpus-Christi-300x300.jpg\" class=\"attachment-medium size-medium wp-image-27191\" alt=\"\" srcset=\"https:\/\/programadestinosmexico.com\/wp-content\/uploads\/2023\/10\/Ex-Templo-de-Corpus-Christi-300x300.jpg 300w, https:\/\/programadestinosmexico.com\/wp-content\/uploads\/2023\/10\/Ex-Templo-de-Corpus-Christi.jpg 591w\" sizes=\"(max-width: 300px) 100vw, 300px\" \/><\/a><\/figure><div class=\"elementor-image-box-content\"><h3 class=\"elementor-image-box-title\"><a href=\"https:\/\/programadestinosmexico.com\/en\/ex-templo-de-corpues-cristi-cdmx\/\">Ex Templo de Corpus Christi<\/a><\/h3><\/div><\/div>\t\t\t\t<\/div>\n\t\t\t\t<\/div>\n\t\t\t\t<\/div>\n\t\t<div class=\"elementor-element elementor-element-4bfcd05 e-con-full animated-slow e-flex elementor-invisible e-con e-child\" data-id=\"4bfcd05\" data-element_type=\"container\" data-e-type=\"container\" data-settings=\"{&quot;jet_parallax_layout_list&quot;:[],&quot;animation&quot;:&quot;fadeInUp&quot;,&quot;animation_delay&quot;:100}\">\n\t\t\t\t<div class=\"elementor-element elementor-element-e531fd6 imgzoom elementor-position-top elementor-widget elementor-widget-image-box\" data-id=\"e531fd6\" data-element_type=\"widget\" data-e-type=\"widget\" data-widget_type=\"image-box.default\">\n\t\t\t\t<div class=\"elementor-widget-container\">\n\t\t\t\t\t<div class=\"elementor-image-box-wrapper\"><figure class=\"elementor-image-box-img\"><a href=\"https:\/\/programadestinosmexico.com\/en\/hospital-del-divino-salvador-cdmx\/\" tabindex=\"-1\"><img loading=\"lazy\" decoding=\"async\" width=\"300\" height=\"300\" src=\"https:\/\/programadestinosmexico.com\/wp-content\/uploads\/2023\/10\/Hospital-del-Divino-Salvador-300x300.jpg\" class=\"attachment-medium size-medium wp-image-27198\" alt=\"\" srcset=\"https:\/\/programadestinosmexico.com\/wp-content\/uploads\/2023\/10\/Hospital-del-Divino-Salvador-300x300.jpg 300w, https:\/\/programadestinosmexico.com\/wp-content\/uploads\/2023\/10\/Hospital-del-Divino-Salvador.jpg 591w\" sizes=\"(max-width: 300px) 100vw, 300px\" \/><\/a><\/figure><div class=\"elementor-image-box-content\"><h3 class=\"elementor-image-box-title\"><a href=\"https:\/\/programadestinosmexico.com\/en\/hospital-del-divino-salvador-cdmx\/\">Hospital del Divino Salvador<\/a><\/h3><\/div><\/div>\t\t\t\t<\/div>\n\t\t\t\t<\/div>\n\t\t\t\t<\/div>\n\t\t\t\t\t<\/div>\n\t\t\t\t<\/div>\n\t\t<div class=\"elementor-element elementor-element-ef9a5b5 e-flex e-con-boxed e-con e-parent\" data-id=\"ef9a5b5\" data-element_type=\"container\" data-e-type=\"container\" data-settings=\"{&quot;jet_parallax_layout_list&quot;:[]}\">\n\t\t\t\t\t<div class=\"e-con-inner\">\n\t\t<div class=\"elementor-element elementor-element-2ae6011 e-con-full animated-slow e-flex elementor-invisible e-con e-child\" data-id=\"2ae6011\" data-element_type=\"container\" data-e-type=\"container\" data-settings=\"{&quot;jet_parallax_layout_list&quot;:[],&quot;animation&quot;:&quot;fadeInUp&quot;,&quot;animation_delay&quot;:100}\">\n\t\t\t\t<div class=\"elementor-element elementor-element-934abac imgzoom elementor-position-top elementor-widget elementor-widget-image-box\" data-id=\"934abac\" data-element_type=\"widget\" data-e-type=\"widget\" data-widget_type=\"image-box.default\">\n\t\t\t\t<div class=\"elementor-widget-container\">\n\t\t\t\t\t<div class=\"elementor-image-box-wrapper\"><figure class=\"elementor-image-box-img\"><a href=\"https:\/\/programadestinosmexico.com\/en\/iglesia-de-nuestra-senora-de-guadalupe-cdmx\/\" tabindex=\"-1\"><img loading=\"lazy\" decoding=\"async\" width=\"300\" height=\"300\" src=\"https:\/\/programadestinosmexico.com\/wp-content\/uploads\/2023\/10\/Iglesia-de-Nuestra-Senora-de-Guadalupe-300x300.jpg\" class=\"attachment-medium size-medium wp-image-27207\" alt=\"\" srcset=\"https:\/\/programadestinosmexico.com\/wp-content\/uploads\/2023\/10\/Iglesia-de-Nuestra-Senora-de-Guadalupe-300x300.jpg 300w, https:\/\/programadestinosmexico.com\/wp-content\/uploads\/2023\/10\/Iglesia-de-Nuestra-Senora-de-Guadalupe.jpg 591w\" sizes=\"(max-width: 300px) 100vw, 300px\" \/><\/a><\/figure><div class=\"elementor-image-box-content\"><h3 class=\"elementor-image-box-title\"><a href=\"https:\/\/programadestinosmexico.com\/en\/iglesia-de-nuestra-senora-de-guadalupe-cdmx\/\">Iglesia de Nuestra Se\u00f1ora de Guadalupe<\/a><\/h3><\/div><\/div>\t\t\t\t<\/div>\n\t\t\t\t<\/div>\n\t\t\t\t<\/div>\n\t\t<div class=\"elementor-element elementor-element-851f467 e-con-full animated-slow e-flex elementor-invisible e-con e-child\" data-id=\"851f467\" data-element_type=\"container\" data-e-type=\"container\" data-settings=\"{&quot;jet_parallax_layout_list&quot;:[],&quot;animation&quot;:&quot;fadeInUp&quot;,&quot;animation_delay&quot;:100}\">\n\t\t\t\t<div class=\"elementor-element elementor-element-9b9b6d1 imgzoom elementor-position-top elementor-widget elementor-widget-image-box\" data-id=\"9b9b6d1\" data-element_type=\"widget\" data-e-type=\"widget\" data-widget_type=\"image-box.default\">\n\t\t\t\t<div class=\"elementor-widget-container\">\n\t\t\t\t\t<div class=\"elementor-image-box-wrapper\"><figure class=\"elementor-image-box-img\"><a href=\"https:\/\/programadestinosmexico.com\/en\/iglesia-de-san-hipolito-cdmx\/\" tabindex=\"-1\"><img loading=\"lazy\" decoding=\"async\" width=\"300\" height=\"300\" src=\"https:\/\/programadestinosmexico.com\/wp-content\/uploads\/2023\/10\/Iglesia-de-San-Hipolito--300x300.jpg\" class=\"attachment-medium size-medium wp-image-27215\" alt=\"\" srcset=\"https:\/\/programadestinosmexico.com\/wp-content\/uploads\/2023\/10\/Iglesia-de-San-Hipolito--300x300.jpg 300w, https:\/\/programadestinosmexico.com\/wp-content\/uploads\/2023\/10\/Iglesia-de-San-Hipolito-.jpg 591w\" sizes=\"(max-width: 300px) 100vw, 300px\" \/><\/a><\/figure><div class=\"elementor-image-box-content\"><h3 class=\"elementor-image-box-title\"><a href=\"https:\/\/programadestinosmexico.com\/en\/iglesia-de-san-hipolito-cdmx\/\">Iglesia de San Hip\u00f3lito<\/a><\/h3><\/div><\/div>\t\t\t\t<\/div>\n\t\t\t\t<\/div>\n\t\t\t\t<\/div>\n\t\t<div class=\"elementor-element elementor-element-f7f8b3d e-con-full animated-slow e-flex elementor-invisible e-con e-child\" data-id=\"f7f8b3d\" data-element_type=\"container\" data-e-type=\"container\" data-settings=\"{&quot;jet_parallax_layout_list&quot;:[],&quot;animation&quot;:&quot;fadeInUp&quot;,&quot;animation_delay&quot;:100}\">\n\t\t\t\t<div class=\"elementor-element elementor-element-2444029 imgzoom elementor-position-top elementor-widget elementor-widget-image-box\" data-id=\"2444029\" data-element_type=\"widget\" data-e-type=\"widget\" data-widget_type=\"image-box.default\">\n\t\t\t\t<div class=\"elementor-widget-container\">\n\t\t\t\t\t<div class=\"elementor-image-box-wrapper\"><figure class=\"elementor-image-box-img\"><a href=\"https:\/\/programadestinosmexico.com\/en\/iglesia-del-convento-de-santo-domingo-cdmx\/\" tabindex=\"-1\"><img loading=\"lazy\" decoding=\"async\" width=\"300\" height=\"300\" src=\"https:\/\/programadestinosmexico.com\/wp-content\/uploads\/2023\/10\/Convento-de-Santo-Domingo--300x300.jpg\" class=\"attachment-medium size-medium wp-image-27220\" alt=\"\" srcset=\"https:\/\/programadestinosmexico.com\/wp-content\/uploads\/2023\/10\/Convento-de-Santo-Domingo--300x300.jpg 300w, https:\/\/programadestinosmexico.com\/wp-content\/uploads\/2023\/10\/Convento-de-Santo-Domingo-.jpg 591w\" sizes=\"(max-width: 300px) 100vw, 300px\" \/><\/a><\/figure><div class=\"elementor-image-box-content\"><h3 class=\"elementor-image-box-title\"><a href=\"https:\/\/programadestinosmexico.com\/en\/iglesia-del-convento-de-santo-domingo-cdmx\/\">Iglesia del Convento de Santo Domingo<\/a><\/h3><\/div><\/div>\t\t\t\t<\/div>\n\t\t\t\t<\/div>\n\t\t\t\t<\/div>\n\t\t<div class=\"elementor-element elementor-element-c9c0c03 e-con-full animated-slow e-flex elementor-invisible e-con e-child\" data-id=\"c9c0c03\" data-element_type=\"container\" data-e-type=\"container\" data-settings=\"{&quot;jet_parallax_layout_list&quot;:[],&quot;animation&quot;:&quot;fadeInUp&quot;,&quot;animation_delay&quot;:100}\">\n\t\t\t\t<div class=\"elementor-element elementor-element-2d330b8 imgzoom elementor-position-top elementor-widget elementor-widget-image-box\" data-id=\"2d330b8\" data-element_type=\"widget\" data-e-type=\"widget\" data-widget_type=\"image-box.default\">\n\t\t\t\t<div class=\"elementor-widget-container\">\n\t\t\t\t\t<div class=\"elementor-image-box-wrapper\"><figure class=\"elementor-image-box-img\"><a href=\"https:\/\/programadestinosmexico.com\/en\/nacional-monte-de-piedad-cdmx\/\" tabindex=\"-1\"><img loading=\"lazy\" decoding=\"async\" width=\"300\" height=\"300\" src=\"https:\/\/programadestinosmexico.com\/wp-content\/uploads\/2023\/10\/Nacional-Monte-de-Piedad-300x300.jpg\" class=\"attachment-medium size-medium wp-image-27225\" alt=\"\" srcset=\"https:\/\/programadestinosmexico.com\/wp-content\/uploads\/2023\/10\/Nacional-Monte-de-Piedad-300x300.jpg 300w, https:\/\/programadestinosmexico.com\/wp-content\/uploads\/2023\/10\/Nacional-Monte-de-Piedad.jpg 591w\" sizes=\"(max-width: 300px) 100vw, 300px\" \/><\/a><\/figure><div class=\"elementor-image-box-content\"><h3 class=\"elementor-image-box-title\"><a href=\"https:\/\/programadestinosmexico.com\/en\/nacional-monte-de-piedad-cdmx\/\">Nacional Monte de Piedad<\/a><\/h3><\/div><\/div>\t\t\t\t<\/div>\n\t\t\t\t<\/div>\n\t\t\t\t<\/div>\n\t\t\t\t\t<\/div>\n\t\t\t\t<\/div>\n\t\t<div class=\"elementor-element elementor-element-61eb441 e-flex e-con-boxed e-con e-parent\" data-id=\"61eb441\" data-element_type=\"container\" data-e-type=\"container\" data-settings=\"{&quot;jet_parallax_layout_list&quot;:[]}\">\n\t\t\t\t\t<div class=\"e-con-inner\">\n\t\t<div class=\"elementor-element elementor-element-9a9e4b5 e-con-full animated-slow e-flex elementor-invisible e-con e-child\" data-id=\"9a9e4b5\" data-element_type=\"container\" data-e-type=\"container\" data-settings=\"{&quot;jet_parallax_layout_list&quot;:[],&quot;animation&quot;:&quot;fadeInUp&quot;,&quot;animation_delay&quot;:100}\">\n\t\t\t\t<div class=\"elementor-element elementor-element-e484a49 imgzoom elementor-position-top elementor-widget elementor-widget-image-box\" data-id=\"e484a49\" data-element_type=\"widget\" data-e-type=\"widget\" data-widget_type=\"image-box.default\">\n\t\t\t\t<div class=\"elementor-widget-container\">\n\t\t\t\t\t<div class=\"elementor-image-box-wrapper\"><figure class=\"elementor-image-box-img\"><a href=\"https:\/\/programadestinosmexico.com\/en\/museo-y-biblioteca-postal-de-filatelia-cdmx\/\" tabindex=\"-1\"><img loading=\"lazy\" decoding=\"async\" width=\"300\" height=\"300\" src=\"https:\/\/programadestinosmexico.com\/wp-content\/uploads\/2023\/10\/Palacio-de-Correos--300x300.jpg\" class=\"attachment-medium size-medium wp-image-27233\" alt=\"\" srcset=\"https:\/\/programadestinosmexico.com\/wp-content\/uploads\/2023\/10\/Palacio-de-Correos--300x300.jpg 300w, https:\/\/programadestinosmexico.com\/wp-content\/uploads\/2023\/10\/Palacio-de-Correos-.jpg 591w\" sizes=\"(max-width: 300px) 100vw, 300px\" \/><\/a><\/figure><div class=\"elementor-image-box-content\"><h3 class=\"elementor-image-box-title\"><a href=\"https:\/\/programadestinosmexico.com\/en\/museo-y-biblioteca-postal-de-filatelia-cdmx\/\">Museo y Biblioteca Postal de Filatelia (MUFI), Palacio de Correos<\/a><\/h3><\/div><\/div>\t\t\t\t<\/div>\n\t\t\t\t<\/div>\n\t\t\t\t<\/div>\n\t\t<div class=\"elementor-element elementor-element-d5e78f5 e-con-full animated-slow e-flex elementor-invisible e-con e-child\" data-id=\"d5e78f5\" data-element_type=\"container\" data-e-type=\"container\" data-settings=\"{&quot;jet_parallax_layout_list&quot;:[],&quot;animation&quot;:&quot;fadeInUp&quot;,&quot;animation_delay&quot;:100}\">\n\t\t\t\t<div class=\"elementor-element elementor-element-a40fa32 imgzoom elementor-position-top elementor-widget elementor-widget-image-box\" data-id=\"a40fa32\" data-element_type=\"widget\" data-e-type=\"widget\" data-widget_type=\"image-box.default\">\n\t\t\t\t<div class=\"elementor-widget-container\">\n\t\t\t\t\t<div class=\"elementor-image-box-wrapper\"><figure class=\"elementor-image-box-img\"><a href=\"https:\/\/programadestinosmexico.com\/en\/palacio-de-iturbide-cdmx\/\" tabindex=\"-1\"><img loading=\"lazy\" decoding=\"async\" width=\"300\" height=\"300\" src=\"https:\/\/programadestinosmexico.com\/wp-content\/uploads\/2023\/12\/image-52-300x300.jpeg\" class=\"attachment-medium size-medium wp-image-69672\" alt=\"\" srcset=\"https:\/\/programadestinosmexico.com\/wp-content\/uploads\/2023\/12\/image-52-300x300.jpeg 300w, https:\/\/programadestinosmexico.com\/wp-content\/uploads\/2023\/12\/image-52.jpeg 591w\" sizes=\"(max-width: 300px) 100vw, 300px\" \/><\/a><\/figure><div class=\"elementor-image-box-content\"><h3 class=\"elementor-image-box-title\"><a href=\"https:\/\/programadestinosmexico.com\/en\/palacio-de-iturbide-cdmx\/\">Palacio de Iturbide<\/a><\/h3><\/div><\/div>\t\t\t\t<\/div>\n\t\t\t\t<\/div>\n\t\t\t\t<\/div>\n\t\t<div class=\"elementor-element elementor-element-f441070 e-con-full animated-slow e-flex elementor-invisible e-con e-child\" data-id=\"f441070\" data-element_type=\"container\" data-e-type=\"container\" data-settings=\"{&quot;jet_parallax_layout_list&quot;:[],&quot;animation&quot;:&quot;fadeInUp&quot;,&quot;animation_delay&quot;:100}\">\n\t\t\t\t<div class=\"elementor-element elementor-element-a00321e imgzoom elementor-position-top elementor-widget elementor-widget-image-box\" data-id=\"a00321e\" data-element_type=\"widget\" data-e-type=\"widget\" data-widget_type=\"image-box.default\">\n\t\t\t\t<div class=\"elementor-widget-container\">\n\t\t\t\t\t<div class=\"elementor-image-box-wrapper\"><figure class=\"elementor-image-box-img\"><a href=\"https:\/\/programadestinosmexico.com\/en\/museo-de-la-medicina-cdmx\/\" tabindex=\"-1\"><img loading=\"lazy\" decoding=\"async\" width=\"300\" height=\"300\" src=\"https:\/\/programadestinosmexico.com\/wp-content\/uploads\/2023\/10\/Palacio-de-la-Inquisicion-300x300.jpg\" class=\"attachment-medium size-medium wp-image-27244\" alt=\"\" srcset=\"https:\/\/programadestinosmexico.com\/wp-content\/uploads\/2023\/10\/Palacio-de-la-Inquisicion-300x300.jpg 300w, https:\/\/programadestinosmexico.com\/wp-content\/uploads\/2023\/10\/Palacio-de-la-Inquisicion.jpg 591w\" sizes=\"(max-width: 300px) 100vw, 300px\" \/><\/a><\/figure><div class=\"elementor-image-box-content\"><h3 class=\"elementor-image-box-title\"><a href=\"https:\/\/programadestinosmexico.com\/en\/museo-de-la-medicina-cdmx\/\">Museo de la Medicina, Palacio de la Inquisici\u00f3n<\/a><\/h3><\/div><\/div>\t\t\t\t<\/div>\n\t\t\t\t<\/div>\n\t\t\t\t<\/div>\n\t\t<div class=\"elementor-element elementor-element-5acbee1 e-con-full animated-slow e-flex elementor-invisible e-con e-child\" data-id=\"5acbee1\" data-element_type=\"container\" data-e-type=\"container\" data-settings=\"{&quot;jet_parallax_layout_list&quot;:[],&quot;animation&quot;:&quot;fadeInUp&quot;,&quot;animation_delay&quot;:100}\">\n\t\t\t\t<div class=\"elementor-element elementor-element-228163b imgzoom elementor-position-top elementor-widget elementor-widget-image-box\" data-id=\"228163b\" data-element_type=\"widget\" data-e-type=\"widget\" data-widget_type=\"image-box.default\">\n\t\t\t\t<div class=\"elementor-widget-container\">\n\t\t\t\t\t<div class=\"elementor-image-box-wrapper\"><figure class=\"elementor-image-box-img\"><a href=\"https:\/\/programadestinosmexico.com\/en\/museo-nacional-de-arte-cdmx\/\" tabindex=\"-1\"><img loading=\"lazy\" decoding=\"async\" width=\"300\" height=\"300\" src=\"https:\/\/programadestinosmexico.com\/wp-content\/uploads\/2023\/10\/Palacio-de-Mineria--300x300.jpg\" class=\"attachment-medium size-medium wp-image-27257\" alt=\"\" srcset=\"https:\/\/programadestinosmexico.com\/wp-content\/uploads\/2023\/10\/Palacio-de-Mineria--300x300.jpg 300w, https:\/\/programadestinosmexico.com\/wp-content\/uploads\/2023\/10\/Palacio-de-Mineria-.jpg 591w\" sizes=\"(max-width: 300px) 100vw, 300px\" \/><\/a><\/figure><div class=\"elementor-image-box-content\"><h3 class=\"elementor-image-box-title\"><a href=\"https:\/\/programadestinosmexico.com\/en\/museo-nacional-de-arte-cdmx\/\">This building is the neoclassical masterpiece of the Americas.<\/a><\/h3><\/div><\/div>\t\t\t\t<\/div>\n\t\t\t\t<\/div>\n\t\t\t\t<\/div>\n\t\t\t\t\t<\/div>\n\t\t\t\t<\/div>\n\t\t<div class=\"elementor-element elementor-element-ed80633 e-flex e-con-boxed e-con e-parent\" data-id=\"ed80633\" data-element_type=\"container\" data-e-type=\"container\" data-settings=\"{&quot;jet_parallax_layout_list&quot;:[]}\">\n\t\t\t\t\t<div class=\"e-con-inner\">\n\t\t<div class=\"elementor-element elementor-element-7fd2ff4 e-con-full animated-slow e-flex elementor-invisible e-con e-child\" data-id=\"7fd2ff4\" data-element_type=\"container\" data-e-type=\"container\" data-settings=\"{&quot;jet_parallax_layout_list&quot;:[],&quot;animation&quot;:&quot;fadeInUp&quot;,&quot;animation_delay&quot;:100}\">\n\t\t\t\t<div class=\"elementor-element elementor-element-d258b6a imgzoom elementor-position-top elementor-widget elementor-widget-image-box\" data-id=\"d258b6a\" data-element_type=\"widget\" data-e-type=\"widget\" data-widget_type=\"image-box.default\">\n\t\t\t\t<div class=\"elementor-widget-container\">\n\t\t\t\t\t<div class=\"elementor-image-box-wrapper\"><figure class=\"elementor-image-box-img\"><a href=\"https:\/\/programadestinosmexico.com\/en\/palacio-del-exarzobispado-cdmx\/\" tabindex=\"-1\"><img loading=\"lazy\" decoding=\"async\" width=\"300\" height=\"300\" src=\"https:\/\/programadestinosmexico.com\/wp-content\/uploads\/2023\/10\/Palacio-del-Ex-arzobispado-300x300.jpg\" class=\"attachment-medium size-medium wp-image-27262\" alt=\"\" srcset=\"https:\/\/programadestinosmexico.com\/wp-content\/uploads\/2023\/10\/Palacio-del-Ex-arzobispado-300x300.jpg 300w, https:\/\/programadestinosmexico.com\/wp-content\/uploads\/2023\/10\/Palacio-del-Ex-arzobispado.jpg 591w\" sizes=\"(max-width: 300px) 100vw, 300px\" \/><\/a><\/figure><div class=\"elementor-image-box-content\"><h3 class=\"elementor-image-box-title\"><a href=\"https:\/\/programadestinosmexico.com\/en\/palacio-del-exarzobispado-cdmx\/\">Palacio del Ex-arzobispado<\/a><\/h3><\/div><\/div>\t\t\t\t<\/div>\n\t\t\t\t<\/div>\n\t\t\t\t<\/div>\n\t\t<div class=\"elementor-element elementor-element-4702c7d e-con-full animated-slow e-flex elementor-invisible e-con e-child\" data-id=\"4702c7d\" data-element_type=\"container\" data-e-type=\"container\" data-settings=\"{&quot;jet_parallax_layout_list&quot;:[],&quot;animation&quot;:&quot;fadeInUp&quot;,&quot;animation_delay&quot;:100}\">\n\t\t\t\t<div class=\"elementor-element elementor-element-8f660a3 imgzoom elementor-position-top elementor-widget elementor-widget-image-box\" data-id=\"8f660a3\" data-element_type=\"widget\" data-e-type=\"widget\" data-widget_type=\"image-box.default\">\n\t\t\t\t<div class=\"elementor-widget-container\">\n\t\t\t\t\t<div class=\"elementor-image-box-wrapper\"><figure class=\"elementor-image-box-img\"><a href=\"https:\/\/programadestinosmexico.com\/en\/palacio-nacional-cdmx\/\" tabindex=\"-1\"><img loading=\"lazy\" decoding=\"async\" width=\"300\" height=\"300\" src=\"https:\/\/programadestinosmexico.com\/wp-content\/uploads\/2023\/10\/Palacio-Nacional--300x300.jpg\" class=\"attachment-medium size-medium wp-image-27267\" alt=\"\" srcset=\"https:\/\/programadestinosmexico.com\/wp-content\/uploads\/2023\/10\/Palacio-Nacional--300x300.jpg 300w, https:\/\/programadestinosmexico.com\/wp-content\/uploads\/2023\/10\/Palacio-Nacional-.jpg 591w\" sizes=\"(max-width: 300px) 100vw, 300px\" \/><\/a><\/figure><div class=\"elementor-image-box-content\"><h3 class=\"elementor-image-box-title\"><a href=\"https:\/\/programadestinosmexico.com\/en\/palacio-nacional-cdmx\/\">Palacio Nacional (National Palace)<\/a><\/h3><\/div><\/div>\t\t\t\t<\/div>\n\t\t\t\t<\/div>\n\t\t\t\t<\/div>\n\t\t<div class=\"elementor-element elementor-element-115c7db e-con-full animated-slow e-flex elementor-invisible e-con e-child\" data-id=\"115c7db\" data-element_type=\"container\" data-e-type=\"container\" data-settings=\"{&quot;jet_parallax_layout_list&quot;:[],&quot;animation&quot;:&quot;fadeInUp&quot;,&quot;animation_delay&quot;:100}\">\n\t\t\t\t<div class=\"elementor-element elementor-element-3c1e354 imgzoom elementor-position-top elementor-widget elementor-widget-image-box\" data-id=\"3c1e354\" data-element_type=\"widget\" data-e-type=\"widget\" data-widget_type=\"image-box.default\">\n\t\t\t\t<div class=\"elementor-widget-container\">\n\t\t\t\t\t<div class=\"elementor-image-box-wrapper\"><figure class=\"elementor-image-box-img\"><a href=\"https:\/\/programadestinosmexico.com\/en\/parroquia-de-san-sebastian-cdmx\/\" tabindex=\"-1\"><img loading=\"lazy\" decoding=\"async\" width=\"300\" height=\"300\" src=\"https:\/\/programadestinosmexico.com\/wp-content\/uploads\/2023\/10\/Parroquia-de-San-Sebastian-300x300.jpg\" class=\"attachment-medium size-medium wp-image-27272\" alt=\"\" srcset=\"https:\/\/programadestinosmexico.com\/wp-content\/uploads\/2023\/10\/Parroquia-de-San-Sebastian-300x300.jpg 300w, https:\/\/programadestinosmexico.com\/wp-content\/uploads\/2023\/10\/Parroquia-de-San-Sebastian.jpg 591w\" sizes=\"(max-width: 300px) 100vw, 300px\" \/><\/a><\/figure><div class=\"elementor-image-box-content\"><h3 class=\"elementor-image-box-title\"><a href=\"https:\/\/programadestinosmexico.com\/en\/parroquia-de-san-sebastian-cdmx\/\">Parroquia de San Sebasti\u00e1n<\/a><\/h3><\/div><\/div>\t\t\t\t<\/div>\n\t\t\t\t<\/div>\n\t\t\t\t<\/div>\n\t\t<div class=\"elementor-element elementor-element-c80253c e-con-full animated-slow e-flex elementor-invisible e-con e-child\" data-id=\"c80253c\" data-element_type=\"container\" data-e-type=\"container\" data-settings=\"{&quot;jet_parallax_layout_list&quot;:[],&quot;animation&quot;:&quot;fadeInUp&quot;,&quot;animation_delay&quot;:100}\">\n\t\t\t\t<div class=\"elementor-element elementor-element-09b2aae imgzoom elementor-position-top elementor-widget elementor-widget-image-box\" data-id=\"09b2aae\" data-element_type=\"widget\" data-e-type=\"widget\" data-widget_type=\"image-box.default\">\n\t\t\t\t<div class=\"elementor-widget-container\">\n\t\t\t\t\t<div class=\"elementor-image-box-wrapper\"><figure class=\"elementor-image-box-img\"><a href=\"https:\/\/programadestinosmexico.com\/en\/parroquia-de-santa-teresa-la-nueva-cdmx\/\" tabindex=\"-1\"><img loading=\"lazy\" decoding=\"async\" width=\"300\" height=\"300\" src=\"https:\/\/programadestinosmexico.com\/wp-content\/uploads\/2023\/10\/Parroquia-de-Santa-Teresa-la-Nueva-300x300.jpg\" class=\"attachment-medium size-medium wp-image-29998\" alt=\"\" srcset=\"https:\/\/programadestinosmexico.com\/wp-content\/uploads\/2023\/10\/Parroquia-de-Santa-Teresa-la-Nueva-300x300.jpg 300w, https:\/\/programadestinosmexico.com\/wp-content\/uploads\/2023\/10\/Parroquia-de-Santa-Teresa-la-Nueva.jpg 591w\" sizes=\"(max-width: 300px) 100vw, 300px\" \/><\/a><\/figure><div class=\"elementor-image-box-content\"><h3 class=\"elementor-image-box-title\"><a href=\"https:\/\/programadestinosmexico.com\/en\/parroquia-de-santa-teresa-la-nueva-cdmx\/\">Parroquia de Santa Teresa la Nueva<\/a><\/h3><\/div><\/div>\t\t\t\t<\/div>\n\t\t\t\t<\/div>\n\t\t\t\t<\/div>\n\t\t\t\t\t<\/div>\n\t\t\t\t<\/div>\n\t\t<div class=\"elementor-element elementor-element-6389840 e-flex e-con-boxed e-con e-parent\" data-id=\"6389840\" data-element_type=\"container\" data-e-type=\"container\" data-settings=\"{&quot;jet_parallax_layout_list&quot;:[]}\">\n\t\t\t\t\t<div class=\"e-con-inner\">\n\t\t<div class=\"elementor-element elementor-element-e45a657 e-con-full animated-slow e-flex elementor-invisible e-con e-child\" data-id=\"e45a657\" data-element_type=\"container\" data-e-type=\"container\" data-settings=\"{&quot;jet_parallax_layout_list&quot;:[],&quot;animation&quot;:&quot;fadeInUp&quot;,&quot;animation_delay&quot;:100}\">\n\t\t\t\t<div class=\"elementor-element elementor-element-344b576 imgzoom elementor-position-top elementor-widget elementor-widget-image-box\" data-id=\"344b576\" data-element_type=\"widget\" data-e-type=\"widget\" data-widget_type=\"image-box.default\">\n\t\t\t\t<div class=\"elementor-widget-container\">\n\t\t\t\t\t<div class=\"elementor-image-box-wrapper\"><figure class=\"elementor-image-box-img\"><a href=\"https:\/\/programadestinosmexico.com\/en\/portales-de-los-mercaderes-cdmx\/\" tabindex=\"-1\"><img loading=\"lazy\" decoding=\"async\" width=\"300\" height=\"300\" src=\"https:\/\/programadestinosmexico.com\/wp-content\/uploads\/2023\/10\/Portales-de-los-Mercaderes-300x300.jpg\" class=\"attachment-medium size-medium wp-image-30008\" alt=\"\" srcset=\"https:\/\/programadestinosmexico.com\/wp-content\/uploads\/2023\/10\/Portales-de-los-Mercaderes-300x300.jpg 300w, https:\/\/programadestinosmexico.com\/wp-content\/uploads\/2023\/10\/Portales-de-los-Mercaderes.jpg 591w\" sizes=\"(max-width: 300px) 100vw, 300px\" \/><\/a><\/figure><div class=\"elementor-image-box-content\"><h3 class=\"elementor-image-box-title\"><a href=\"https:\/\/programadestinosmexico.com\/en\/portales-de-los-mercaderes-cdmx\/\">Portales de los Mercaderes<\/a><\/h3><\/div><\/div>\t\t\t\t<\/div>\n\t\t\t\t<\/div>\n\t\t\t\t<\/div>\n\t\t<div class=\"elementor-element elementor-element-61cd5d6 e-con-full animated-slow e-flex elementor-invisible e-con e-child\" data-id=\"61cd5d6\" data-element_type=\"container\" data-e-type=\"container\" data-settings=\"{&quot;jet_parallax_layout_list&quot;:[],&quot;animation&quot;:&quot;fadeInUp&quot;,&quot;animation_delay&quot;:100}\">\n\t\t\t\t<div class=\"elementor-element elementor-element-4ad44e3 imgzoom elementor-position-top elementor-widget elementor-widget-image-box\" data-id=\"4ad44e3\" data-element_type=\"widget\" data-e-type=\"widget\" data-widget_type=\"image-box.default\">\n\t\t\t\t<div class=\"elementor-widget-container\">\n\t\t\t\t\t<div class=\"elementor-image-box-wrapper\"><figure class=\"elementor-image-box-img\"><a href=\"https:\/\/programadestinosmexico.com\/en\/museo-nacional-de-las-culturas-cdmx\/\" tabindex=\"-1\"><img loading=\"lazy\" decoding=\"async\" width=\"300\" height=\"300\" src=\"https:\/\/programadestinosmexico.com\/wp-content\/uploads\/2023\/10\/Real-Casa-de-Moneda-300x300.jpg\" class=\"attachment-medium size-medium wp-image-30016\" alt=\"\" srcset=\"https:\/\/programadestinosmexico.com\/wp-content\/uploads\/2023\/10\/Real-Casa-de-Moneda-300x300.jpg 300w, https:\/\/programadestinosmexico.com\/wp-content\/uploads\/2023\/10\/Real-Casa-de-Moneda.jpg 591w\" sizes=\"(max-width: 300px) 100vw, 300px\" \/><\/a><\/figure><div class=\"elementor-image-box-content\"><h3 class=\"elementor-image-box-title\"><a href=\"https:\/\/programadestinosmexico.com\/en\/museo-nacional-de-las-culturas-cdmx\/\">Museo Nacional de las Culturas del Mundo, Real Casa de Moneda<\/a><\/h3><\/div><\/div>\t\t\t\t<\/div>\n\t\t\t\t<\/div>\n\t\t\t\t<\/div>\n\t\t<div class=\"elementor-element elementor-element-064d165 e-con-full animated-slow e-flex elementor-invisible e-con e-child\" data-id=\"064d165\" data-element_type=\"container\" data-e-type=\"container\" data-settings=\"{&quot;jet_parallax_layout_list&quot;:[],&quot;animation&quot;:&quot;fadeInUp&quot;,&quot;animation_delay&quot;:100}\">\n\t\t\t\t<div class=\"elementor-element elementor-element-25d068d imgzoom elementor-position-top elementor-widget elementor-widget-image-box\" data-id=\"25d068d\" data-element_type=\"widget\" data-e-type=\"widget\" data-widget_type=\"image-box.default\">\n\t\t\t\t<div class=\"elementor-widget-container\">\n\t\t\t\t\t<div class=\"elementor-image-box-wrapper\"><figure class=\"elementor-image-box-img\"><a href=\"https:\/\/programadestinosmexico.com\/en\/museo-de-la-caricatura-cdmx\/\" tabindex=\"-1\"><img loading=\"lazy\" decoding=\"async\" width=\"300\" height=\"300\" src=\"https:\/\/programadestinosmexico.com\/wp-content\/uploads\/2023\/10\/Real-Colegio-de-Cristo-300x300.jpg\" class=\"attachment-medium size-medium wp-image-30021\" alt=\"\" srcset=\"https:\/\/programadestinosmexico.com\/wp-content\/uploads\/2023\/10\/Real-Colegio-de-Cristo-300x300.jpg 300w, https:\/\/programadestinosmexico.com\/wp-content\/uploads\/2023\/10\/Real-Colegio-de-Cristo.jpg 591w\" sizes=\"(max-width: 300px) 100vw, 300px\" \/><\/a><\/figure><div class=\"elementor-image-box-content\"><h3 class=\"elementor-image-box-title\"><a href=\"https:\/\/programadestinosmexico.com\/en\/museo-de-la-caricatura-cdmx\/\">Museo de la Caricatura, Real Colegio de Cristo<\/a><\/h3><\/div><\/div>\t\t\t\t<\/div>\n\t\t\t\t<\/div>\n\t\t\t\t<\/div>\n\t\t<div class=\"elementor-element elementor-element-c766b7c e-con-full animated-slow e-flex elementor-invisible e-con e-child\" data-id=\"c766b7c\" data-element_type=\"container\" data-e-type=\"container\" data-settings=\"{&quot;jet_parallax_layout_list&quot;:[],&quot;animation&quot;:&quot;fadeInUp&quot;,&quot;animation_delay&quot;:100}\">\n\t\t\t\t<div class=\"elementor-element elementor-element-a5632a8 imgzoom elementor-position-top elementor-widget elementor-widget-image-box\" data-id=\"a5632a8\" data-element_type=\"widget\" data-e-type=\"widget\" data-widget_type=\"image-box.default\">\n\t\t\t\t<div class=\"elementor-widget-container\">\n\t\t\t\t\t<div class=\"elementor-image-box-wrapper\"><figure class=\"elementor-image-box-img\"><a href=\"https:\/\/programadestinosmexico.com\/en\/sagrario-metropolitano-cdmx\/\" tabindex=\"-1\"><img loading=\"lazy\" decoding=\"async\" width=\"300\" height=\"300\" src=\"https:\/\/programadestinosmexico.com\/wp-content\/uploads\/2023\/10\/Sagrario-Metropolitano-300x300.jpg\" class=\"attachment-medium size-medium wp-image-30029\" alt=\"\" srcset=\"https:\/\/programadestinosmexico.com\/wp-content\/uploads\/2023\/10\/Sagrario-Metropolitano-300x300.jpg 300w, https:\/\/programadestinosmexico.com\/wp-content\/uploads\/2023\/10\/Sagrario-Metropolitano.jpg 591w\" sizes=\"(max-width: 300px) 100vw, 300px\" \/><\/a><\/figure><div class=\"elementor-image-box-content\"><h3 class=\"elementor-image-box-title\"><a href=\"https:\/\/programadestinosmexico.com\/en\/sagrario-metropolitano-cdmx\/\">Sagrario Metropolitano (Metropolitan Tabernacle)<\/a><\/h3><\/div><\/div>\t\t\t\t<\/div>\n\t\t\t\t<\/div>\n\t\t\t\t<\/div>\n\t\t\t\t\t<\/div>\n\t\t\t\t<\/div>\n\t\t<div class=\"elementor-element elementor-element-09e93e1 e-flex e-con-boxed e-con e-parent\" data-id=\"09e93e1\" data-element_type=\"container\" data-e-type=\"container\" data-settings=\"{&quot;jet_parallax_layout_list&quot;:[]}\">\n\t\t\t\t\t<div class=\"e-con-inner\">\n\t\t<div class=\"elementor-element elementor-element-2394749 e-con-full animated-slow e-flex elementor-invisible e-con e-child\" data-id=\"2394749\" data-element_type=\"container\" data-e-type=\"container\" data-settings=\"{&quot;jet_parallax_layout_list&quot;:[],&quot;animation&quot;:&quot;fadeInUp&quot;,&quot;animation_delay&quot;:100}\">\n\t\t\t\t<div class=\"elementor-element elementor-element-11f62e7 imgzoom elementor-position-top elementor-widget elementor-widget-image-box\" data-id=\"11f62e7\" data-element_type=\"widget\" data-e-type=\"widget\" data-widget_type=\"image-box.default\">\n\t\t\t\t<div class=\"elementor-widget-container\">\n\t\t\t\t\t<div class=\"elementor-image-box-wrapper\"><figure class=\"elementor-image-box-img\"><a href=\"https:\/\/programadestinosmexico.com\/en\/templo-de-balvanera-cdmx\/\" tabindex=\"-1\"><img loading=\"lazy\" decoding=\"async\" width=\"300\" height=\"300\" src=\"https:\/\/programadestinosmexico.com\/wp-content\/uploads\/2023\/10\/Templo-de-Balvanera-300x300.jpg\" class=\"attachment-medium size-medium wp-image-30041\" alt=\"\" srcset=\"https:\/\/programadestinosmexico.com\/wp-content\/uploads\/2023\/10\/Templo-de-Balvanera-300x300.jpg 300w, https:\/\/programadestinosmexico.com\/wp-content\/uploads\/2023\/10\/Templo-de-Balvanera.jpg 591w\" sizes=\"(max-width: 300px) 100vw, 300px\" \/><\/a><\/figure><div class=\"elementor-image-box-content\"><h3 class=\"elementor-image-box-title\"><a href=\"https:\/\/programadestinosmexico.com\/en\/templo-de-balvanera-cdmx\/\">Templo de Balvanera<\/a><\/h3><\/div><\/div>\t\t\t\t<\/div>\n\t\t\t\t<\/div>\n\t\t\t\t<\/div>\n\t\t<div class=\"elementor-element elementor-element-6642a8a e-con-full animated-slow e-flex elementor-invisible e-con e-child\" data-id=\"6642a8a\" data-element_type=\"container\" data-e-type=\"container\" data-settings=\"{&quot;jet_parallax_layout_list&quot;:[],&quot;animation&quot;:&quot;fadeInUp&quot;,&quot;animation_delay&quot;:100}\">\n\t\t\t\t<div class=\"elementor-element elementor-element-befc759 imgzoom elementor-position-top elementor-widget elementor-widget-image-box\" data-id=\"befc759\" data-element_type=\"widget\" data-e-type=\"widget\" data-widget_type=\"image-box.default\">\n\t\t\t\t<div class=\"elementor-widget-container\">\n\t\t\t\t\t<div class=\"elementor-image-box-wrapper\"><figure class=\"elementor-image-box-img\"><a href=\"https:\/\/programadestinosmexico.com\/en\/templo-de-la-concepcion-cdmx\/\" tabindex=\"-1\"><img loading=\"lazy\" decoding=\"async\" width=\"300\" height=\"300\" src=\"https:\/\/programadestinosmexico.com\/wp-content\/uploads\/2023\/10\/Templo-de-la-Concepcion-300x300.jpg\" class=\"attachment-medium size-medium wp-image-30049\" alt=\"\" srcset=\"https:\/\/programadestinosmexico.com\/wp-content\/uploads\/2023\/10\/Templo-de-la-Concepcion-300x300.jpg 300w, https:\/\/programadestinosmexico.com\/wp-content\/uploads\/2023\/10\/Templo-de-la-Concepcion.jpg 591w\" sizes=\"(max-width: 300px) 100vw, 300px\" \/><\/a><\/figure><div class=\"elementor-image-box-content\"><h3 class=\"elementor-image-box-title\"><a href=\"https:\/\/programadestinosmexico.com\/en\/templo-de-la-concepcion-cdmx\/\">Templo de la Concepci\u00f3n<\/a><\/h3><\/div><\/div>\t\t\t\t<\/div>\n\t\t\t\t<\/div>\n\t\t\t\t<\/div>\n\t\t<div class=\"elementor-element elementor-element-9c82ce8 e-con-full animated-slow e-flex elementor-invisible e-con e-child\" data-id=\"9c82ce8\" data-element_type=\"container\" data-e-type=\"container\" data-settings=\"{&quot;jet_parallax_layout_list&quot;:[],&quot;animation&quot;:&quot;fadeInUp&quot;,&quot;animation_delay&quot;:100}\">\n\t\t\t\t<div class=\"elementor-element elementor-element-3e0f043 imgzoom elementor-position-top elementor-widget elementor-widget-image-box\" data-id=\"3e0f043\" data-element_type=\"widget\" data-e-type=\"widget\" data-widget_type=\"image-box.default\">\n\t\t\t\t<div class=\"elementor-widget-container\">\n\t\t\t\t\t<div class=\"elementor-image-box-wrapper\"><figure class=\"elementor-image-box-img\"><a href=\"https:\/\/programadestinosmexico.com\/en\/templo-de-la-santisima-trinidad.cdmx\/\" tabindex=\"-1\"><img loading=\"lazy\" decoding=\"async\" width=\"300\" height=\"300\" src=\"https:\/\/programadestinosmexico.com\/wp-content\/uploads\/2023\/10\/Templo-de-la-Santisima-Trinidad-300x300.jpg\" class=\"attachment-medium size-medium wp-image-30059\" alt=\"\" srcset=\"https:\/\/programadestinosmexico.com\/wp-content\/uploads\/2023\/10\/Templo-de-la-Santisima-Trinidad-300x300.jpg 300w, https:\/\/programadestinosmexico.com\/wp-content\/uploads\/2023\/10\/Templo-de-la-Santisima-Trinidad.jpg 591w\" sizes=\"(max-width: 300px) 100vw, 300px\" \/><\/a><\/figure><div class=\"elementor-image-box-content\"><h3 class=\"elementor-image-box-title\"><a href=\"https:\/\/programadestinosmexico.com\/en\/templo-de-la-santisima-trinidad.cdmx\/\">Templo de la Sant\u00edsima Trinidad<\/a><\/h3><\/div><\/div>\t\t\t\t<\/div>\n\t\t\t\t<\/div>\n\t\t\t\t<\/div>\n\t\t<div class=\"elementor-element elementor-element-db42d4f e-con-full animated-slow e-flex elementor-invisible e-con e-child\" data-id=\"db42d4f\" data-element_type=\"container\" data-e-type=\"container\" data-settings=\"{&quot;jet_parallax_layout_list&quot;:[],&quot;animation&quot;:&quot;fadeInUp&quot;,&quot;animation_delay&quot;:100}\">\n\t\t\t\t<div class=\"elementor-element elementor-element-705b4f2 imgzoom elementor-position-top elementor-widget elementor-widget-image-box\" data-id=\"705b4f2\" data-element_type=\"widget\" data-e-type=\"widget\" data-widget_type=\"image-box.default\">\n\t\t\t\t<div class=\"elementor-widget-container\">\n\t\t\t\t\t<div class=\"elementor-image-box-wrapper\"><figure class=\"elementor-image-box-img\"><a href=\"https:\/\/programadestinosmexico.com\/en\/templo-de-nuestra-senora-del-pilar-la-ensenanza-cdmx\/\" tabindex=\"-1\"><img loading=\"lazy\" decoding=\"async\" width=\"300\" height=\"300\" src=\"https:\/\/programadestinosmexico.com\/wp-content\/uploads\/2023\/10\/Templo-de-Nuestra-Senora-del-Pilar-300x300.jpg\" class=\"attachment-medium size-medium wp-image-30064\" alt=\"\" srcset=\"https:\/\/programadestinosmexico.com\/wp-content\/uploads\/2023\/10\/Templo-de-Nuestra-Senora-del-Pilar-300x300.jpg 300w, https:\/\/programadestinosmexico.com\/wp-content\/uploads\/2023\/10\/Templo-de-Nuestra-Senora-del-Pilar.jpg 591w\" sizes=\"(max-width: 300px) 100vw, 300px\" \/><\/a><\/figure><div class=\"elementor-image-box-content\"><h3 class=\"elementor-image-box-title\"><a href=\"https:\/\/programadestinosmexico.com\/en\/templo-de-nuestra-senora-del-pilar-la-ensenanza-cdmx\/\">Templo de Nuestra Se\u00f1ora del Pilar (La Ense\u00f1anza)<\/a><\/h3><\/div><\/div>\t\t\t\t<\/div>\n\t\t\t\t<\/div>\n\t\t\t\t<\/div>\n\t\t\t\t\t<\/div>\n\t\t\t\t<\/div>\n\t\t<div class=\"elementor-element elementor-element-82ae746 e-flex e-con-boxed e-con e-parent\" data-id=\"82ae746\" data-element_type=\"container\" data-e-type=\"container\" data-settings=\"{&quot;jet_parallax_layout_list&quot;:[]}\">\n\t\t\t\t\t<div class=\"e-con-inner\">\n\t\t<div class=\"elementor-element elementor-element-fbe84c1 e-con-full animated-slow e-flex elementor-invisible e-con e-child\" data-id=\"fbe84c1\" data-element_type=\"container\" data-e-type=\"container\" data-settings=\"{&quot;jet_parallax_layout_list&quot;:[],&quot;animation&quot;:&quot;fadeInUp&quot;,&quot;animation_delay&quot;:100}\">\n\t\t\t\t<div class=\"elementor-element elementor-element-3da0ee8 imgzoom elementor-position-top elementor-widget elementor-widget-image-box\" data-id=\"3da0ee8\" data-element_type=\"widget\" data-e-type=\"widget\" data-widget_type=\"image-box.default\">\n\t\t\t\t<div class=\"elementor-widget-container\">\n\t\t\t\t\t<div class=\"elementor-image-box-wrapper\"><figure class=\"elementor-image-box-img\"><a href=\"https:\/\/programadestinosmexico.com\/en\/templo-de-porta-coelli.cdmx\/\" tabindex=\"-1\"><img loading=\"lazy\" decoding=\"async\" width=\"300\" height=\"300\" src=\"https:\/\/programadestinosmexico.com\/wp-content\/uploads\/2023\/10\/Templo-de-Porta-Coelli-300x300.jpg\" class=\"attachment-medium size-medium wp-image-30075\" alt=\"\" srcset=\"https:\/\/programadestinosmexico.com\/wp-content\/uploads\/2023\/10\/Templo-de-Porta-Coelli-300x300.jpg 300w, https:\/\/programadestinosmexico.com\/wp-content\/uploads\/2023\/10\/Templo-de-Porta-Coelli.jpg 591w\" sizes=\"(max-width: 300px) 100vw, 300px\" \/><\/a><\/figure><div class=\"elementor-image-box-content\"><h3 class=\"elementor-image-box-title\"><a href=\"https:\/\/programadestinosmexico.com\/en\/templo-de-porta-coelli.cdmx\/\">Templo de Porta Coelli<\/a><\/h3><\/div><\/div>\t\t\t\t<\/div>\n\t\t\t\t<\/div>\n\t\t\t\t<\/div>\n\t\t<div class=\"elementor-element elementor-element-fa4f527 e-con-full animated-slow e-flex elementor-invisible e-con e-child\" data-id=\"fa4f527\" data-element_type=\"container\" data-e-type=\"container\" data-settings=\"{&quot;jet_parallax_layout_list&quot;:[],&quot;animation&quot;:&quot;fadeInUp&quot;,&quot;animation_delay&quot;:100}\">\n\t\t\t\t<div class=\"elementor-element elementor-element-bc2d82f imgzoom elementor-position-top elementor-widget elementor-widget-image-box\" data-id=\"bc2d82f\" data-element_type=\"widget\" data-e-type=\"widget\" data-widget_type=\"image-box.default\">\n\t\t\t\t<div class=\"elementor-widget-container\">\n\t\t\t\t\t<div class=\"elementor-image-box-wrapper\"><figure class=\"elementor-image-box-img\"><a href=\"https:\/\/programadestinosmexico.com\/en\/templo-de-regina-coeli-cdmx\/\" tabindex=\"-1\"><img loading=\"lazy\" decoding=\"async\" width=\"300\" height=\"300\" src=\"https:\/\/programadestinosmexico.com\/wp-content\/uploads\/2023\/10\/Templo-de-Regina-Coeli--300x300.jpg\" class=\"attachment-medium size-medium wp-image-30085\" alt=\"\" srcset=\"https:\/\/programadestinosmexico.com\/wp-content\/uploads\/2023\/10\/Templo-de-Regina-Coeli--300x300.jpg 300w, https:\/\/programadestinosmexico.com\/wp-content\/uploads\/2023\/10\/Templo-de-Regina-Coeli-.jpg 591w\" sizes=\"(max-width: 300px) 100vw, 300px\" \/><\/a><\/figure><div class=\"elementor-image-box-content\"><h3 class=\"elementor-image-box-title\"><a href=\"https:\/\/programadestinosmexico.com\/en\/templo-de-regina-coeli-cdmx\/\">Templo de Regina Coeli<\/a><\/h3><\/div><\/div>\t\t\t\t<\/div>\n\t\t\t\t<\/div>\n\t\t\t\t<\/div>\n\t\t<div class=\"elementor-element elementor-element-e7e31f1 e-con-full animated-slow e-flex elementor-invisible e-con e-child\" data-id=\"e7e31f1\" data-element_type=\"container\" data-e-type=\"container\" data-settings=\"{&quot;jet_parallax_layout_list&quot;:[],&quot;animation&quot;:&quot;fadeInUp&quot;,&quot;animation_delay&quot;:100}\">\n\t\t\t\t<div class=\"elementor-element elementor-element-b2f3534 imgzoom elementor-position-top elementor-widget elementor-widget-image-box\" data-id=\"b2f3534\" data-element_type=\"widget\" data-e-type=\"widget\" data-widget_type=\"image-box.default\">\n\t\t\t\t<div class=\"elementor-widget-container\">\n\t\t\t\t\t<div class=\"elementor-image-box-wrapper\"><figure class=\"elementor-image-box-img\"><a href=\"https:\/\/programadestinosmexico.com\/en\/templo-de-san-agustin.cdmx\/\" tabindex=\"-1\"><img loading=\"lazy\" decoding=\"async\" width=\"300\" height=\"300\" src=\"https:\/\/programadestinosmexico.com\/wp-content\/uploads\/2023\/10\/Templo-de-San-Agustin-300x300.jpg\" class=\"attachment-medium size-medium wp-image-30090\" alt=\"\" srcset=\"https:\/\/programadestinosmexico.com\/wp-content\/uploads\/2023\/10\/Templo-de-San-Agustin-300x300.jpg 300w, https:\/\/programadestinosmexico.com\/wp-content\/uploads\/2023\/10\/Templo-de-San-Agustin.jpg 591w\" sizes=\"(max-width: 300px) 100vw, 300px\" \/><\/a><\/figure><div class=\"elementor-image-box-content\"><h3 class=\"elementor-image-box-title\"><a href=\"https:\/\/programadestinosmexico.com\/en\/templo-de-san-agustin.cdmx\/\">Templo de San Agust\u00edn<\/a><\/h3><\/div><\/div>\t\t\t\t<\/div>\n\t\t\t\t<\/div>\n\t\t\t\t<\/div>\n\t\t<div class=\"elementor-element elementor-element-487a3a3 e-con-full animated-slow e-flex elementor-invisible e-con e-child\" data-id=\"487a3a3\" data-element_type=\"container\" data-e-type=\"container\" data-settings=\"{&quot;jet_parallax_layout_list&quot;:[],&quot;animation&quot;:&quot;fadeInUp&quot;,&quot;animation_delay&quot;:100}\">\n\t\t\t\t<div class=\"elementor-element elementor-element-c438ce7 imgzoom elementor-position-top elementor-widget elementor-widget-image-box\" data-id=\"c438ce7\" data-element_type=\"widget\" data-e-type=\"widget\" data-widget_type=\"image-box.default\">\n\t\t\t\t<div class=\"elementor-widget-container\">\n\t\t\t\t\t<div class=\"elementor-image-box-wrapper\"><figure class=\"elementor-image-box-img\"><a href=\"https:\/\/programadestinosmexico.com\/en\/templo-de-san-bernardo-cdmx\/\" tabindex=\"-1\"><img loading=\"lazy\" decoding=\"async\" width=\"300\" height=\"300\" src=\"https:\/\/programadestinosmexico.com\/wp-content\/uploads\/2023\/10\/Templo-de-San-Bernardo-300x300.jpg\" class=\"attachment-medium size-medium wp-image-30098\" alt=\"\" srcset=\"https:\/\/programadestinosmexico.com\/wp-content\/uploads\/2023\/10\/Templo-de-San-Bernardo-300x300.jpg 300w, https:\/\/programadestinosmexico.com\/wp-content\/uploads\/2023\/10\/Templo-de-San-Bernardo.jpg 591w\" sizes=\"(max-width: 300px) 100vw, 300px\" \/><\/a><\/figure><div class=\"elementor-image-box-content\"><h3 class=\"elementor-image-box-title\"><a href=\"https:\/\/programadestinosmexico.com\/en\/templo-de-san-bernardo-cdmx\/\">Templo de San Bernardo<\/a><\/h3><\/div><\/div>\t\t\t\t<\/div>\n\t\t\t\t<\/div>\n\t\t\t\t<\/div>\n\t\t\t\t\t<\/div>\n\t\t\t\t<\/div>\n\t\t<div class=\"elementor-element elementor-element-3689cf0 e-flex e-con-boxed e-con e-parent\" data-id=\"3689cf0\" data-element_type=\"container\" data-e-type=\"container\" data-settings=\"{&quot;jet_parallax_layout_list&quot;:[]}\">\n\t\t\t\t\t<div class=\"e-con-inner\">\n\t\t<div class=\"elementor-element elementor-element-bd7219f e-con-full animated-slow e-flex elementor-invisible e-con e-child\" data-id=\"bd7219f\" data-element_type=\"container\" data-e-type=\"container\" data-settings=\"{&quot;jet_parallax_layout_list&quot;:[],&quot;animation&quot;:&quot;fadeInUp&quot;,&quot;animation_delay&quot;:100}\">\n\t\t\t\t<div class=\"elementor-element elementor-element-788107e imgzoom elementor-position-top elementor-widget elementor-widget-image-box\" data-id=\"788107e\" data-element_type=\"widget\" data-e-type=\"widget\" data-widget_type=\"image-box.default\">\n\t\t\t\t<div class=\"elementor-widget-container\">\n\t\t\t\t\t<div class=\"elementor-image-box-wrapper\"><figure class=\"elementor-image-box-img\"><a href=\"https:\/\/programadestinosmexico.com\/en\/pinacoteca-de-la-profesa-cdmx\/\" tabindex=\"-1\"><img loading=\"lazy\" decoding=\"async\" width=\"300\" height=\"300\" src=\"https:\/\/programadestinosmexico.com\/wp-content\/uploads\/2023\/10\/Templo-de-San-Felipe-Neri-La-Profesa-300x300.jpg\" class=\"attachment-medium size-medium wp-image-30106\" alt=\"\" srcset=\"https:\/\/programadestinosmexico.com\/wp-content\/uploads\/2023\/10\/Templo-de-San-Felipe-Neri-La-Profesa-300x300.jpg 300w, https:\/\/programadestinosmexico.com\/wp-content\/uploads\/2023\/10\/Templo-de-San-Felipe-Neri-La-Profesa.jpg 591w\" sizes=\"(max-width: 300px) 100vw, 300px\" \/><\/a><\/figure><div class=\"elementor-image-box-content\"><h3 class=\"elementor-image-box-title\"><a href=\"https:\/\/programadestinosmexico.com\/en\/pinacoteca-de-la-profesa-cdmx\/\">Pinacoteca de la Profesa<\/a><\/h3><\/div><\/div>\t\t\t\t<\/div>\n\t\t\t\t<\/div>\n\t\t\t\t<\/div>\n\t\t<div class=\"elementor-element elementor-element-f7052e6 e-con-full animated-slow e-flex elementor-invisible e-con e-child\" data-id=\"f7052e6\" data-element_type=\"container\" data-e-type=\"container\" data-settings=\"{&quot;jet_parallax_layout_list&quot;:[],&quot;animation&quot;:&quot;fadeInUp&quot;,&quot;animation_delay&quot;:100}\">\n\t\t\t\t<div class=\"elementor-element elementor-element-e38012d imgzoom elementor-position-top elementor-widget elementor-widget-image-box\" data-id=\"e38012d\" data-element_type=\"widget\" data-e-type=\"widget\" data-widget_type=\"image-box.default\">\n\t\t\t\t<div class=\"elementor-widget-container\">\n\t\t\t\t\t<div class=\"elementor-image-box-wrapper\"><figure class=\"elementor-image-box-img\"><a href=\"https:\/\/programadestinosmexico.com\/en\/templo-de-san-fernando-cdmx\/\" tabindex=\"-1\"><img loading=\"lazy\" decoding=\"async\" width=\"300\" height=\"300\" src=\"https:\/\/programadestinosmexico.com\/wp-content\/uploads\/2023\/10\/Templo-de-San-Fernando-300x300.jpg\" class=\"attachment-medium size-medium wp-image-30111\" alt=\"\" srcset=\"https:\/\/programadestinosmexico.com\/wp-content\/uploads\/2023\/10\/Templo-de-San-Fernando-300x300.jpg 300w, https:\/\/programadestinosmexico.com\/wp-content\/uploads\/2023\/10\/Templo-de-San-Fernando.jpg 591w\" sizes=\"(max-width: 300px) 100vw, 300px\" \/><\/a><\/figure><div class=\"elementor-image-box-content\"><h3 class=\"elementor-image-box-title\"><a href=\"https:\/\/programadestinosmexico.com\/en\/templo-de-san-fernando-cdmx\/\">Templo de San Fernando<\/a><\/h3><\/div><\/div>\t\t\t\t<\/div>\n\t\t\t\t<\/div>\n\t\t\t\t<\/div>\n\t\t<div class=\"elementor-element elementor-element-b4aaeb4 e-con-full animated-slow e-flex elementor-invisible e-con e-child\" data-id=\"b4aaeb4\" data-element_type=\"container\" data-e-type=\"container\" data-settings=\"{&quot;jet_parallax_layout_list&quot;:[],&quot;animation&quot;:&quot;fadeInUp&quot;,&quot;animation_delay&quot;:100}\">\n\t\t\t\t<div class=\"elementor-element elementor-element-602ba66 imgzoom elementor-position-top elementor-widget elementor-widget-image-box\" data-id=\"602ba66\" data-element_type=\"widget\" data-e-type=\"widget\" data-widget_type=\"image-box.default\">\n\t\t\t\t<div class=\"elementor-widget-container\">\n\t\t\t\t\t<div class=\"elementor-image-box-wrapper\"><figure class=\"elementor-image-box-img\"><a href=\"https:\/\/programadestinosmexico.com\/en\/templo-de-san-juan-de-dios-cdmx\/\" tabindex=\"-1\"><img loading=\"lazy\" decoding=\"async\" width=\"300\" height=\"300\" src=\"https:\/\/programadestinosmexico.com\/wp-content\/uploads\/2023\/10\/Templo-de-San-Juan-de-Dios-300x300.jpg\" class=\"attachment-medium size-medium wp-image-30122\" alt=\"\" srcset=\"https:\/\/programadestinosmexico.com\/wp-content\/uploads\/2023\/10\/Templo-de-San-Juan-de-Dios-300x300.jpg 300w, https:\/\/programadestinosmexico.com\/wp-content\/uploads\/2023\/10\/Templo-de-San-Juan-de-Dios.jpg 591w\" sizes=\"(max-width: 300px) 100vw, 300px\" \/><\/a><\/figure><div class=\"elementor-image-box-content\"><h3 class=\"elementor-image-box-title\"><a href=\"https:\/\/programadestinosmexico.com\/en\/templo-de-san-juan-de-dios-cdmx\/\">Templo de San Juan de Dios<\/a><\/h3><\/div><\/div>\t\t\t\t<\/div>\n\t\t\t\t<\/div>\n\t\t\t\t<\/div>\n\t\t<div class=\"elementor-element elementor-element-356867c e-con-full animated-slow e-flex elementor-invisible e-con e-child\" data-id=\"356867c\" data-element_type=\"container\" data-e-type=\"container\" data-settings=\"{&quot;jet_parallax_layout_list&quot;:[],&quot;animation&quot;:&quot;fadeInUp&quot;,&quot;animation_delay&quot;:100}\">\n\t\t\t\t<div class=\"elementor-element elementor-element-fbbf535 imgzoom elementor-position-top elementor-widget elementor-widget-image-box\" data-id=\"fbbf535\" data-element_type=\"widget\" data-e-type=\"widget\" data-widget_type=\"image-box.default\">\n\t\t\t\t<div class=\"elementor-widget-container\">\n\t\t\t\t\t<div class=\"elementor-image-box-wrapper\"><figure class=\"elementor-image-box-img\"><a href=\"https:\/\/programadestinosmexico.com\/en\/templo-de-san-miguel-arcangel-cdmx\/\" tabindex=\"-1\"><img loading=\"lazy\" decoding=\"async\" width=\"300\" height=\"300\" src=\"https:\/\/programadestinosmexico.com\/wp-content\/uploads\/2023\/10\/Templo-de-San-Miguel-Arcangel-300x300.jpg\" class=\"attachment-medium size-medium wp-image-30127\" alt=\"\" srcset=\"https:\/\/programadestinosmexico.com\/wp-content\/uploads\/2023\/10\/Templo-de-San-Miguel-Arcangel-300x300.jpg 300w, https:\/\/programadestinosmexico.com\/wp-content\/uploads\/2023\/10\/Templo-de-San-Miguel-Arcangel.jpg 591w\" sizes=\"(max-width: 300px) 100vw, 300px\" \/><\/a><\/figure><div class=\"elementor-image-box-content\"><h3 class=\"elementor-image-box-title\"><a href=\"https:\/\/programadestinosmexico.com\/en\/templo-de-san-miguel-arcangel-cdmx\/\">Templo de San Miguel Arc\u00e1ngel<\/a><\/h3><\/div><\/div>\t\t\t\t<\/div>\n\t\t\t\t<\/div>\n\t\t\t\t<\/div>\n\t\t\t\t\t<\/div>\n\t\t\t\t<\/div>\n\t\t<div class=\"elementor-element elementor-element-9c7ed36 e-flex e-con-boxed e-con e-parent\" data-id=\"9c7ed36\" data-element_type=\"container\" data-e-type=\"container\" data-settings=\"{&quot;jet_parallax_layout_list&quot;:[]}\">\n\t\t\t\t\t<div class=\"e-con-inner\">\n\t\t<div class=\"elementor-element elementor-element-873a8ed e-con-full animated-slow e-flex elementor-invisible e-con e-child\" data-id=\"873a8ed\" data-element_type=\"container\" data-e-type=\"container\" data-settings=\"{&quot;jet_parallax_layout_list&quot;:[],&quot;animation&quot;:&quot;fadeInUp&quot;,&quot;animation_delay&quot;:100}\">\n\t\t\t\t<div class=\"elementor-element elementor-element-728ce6d imgzoom elementor-position-top elementor-widget elementor-widget-image-box\" data-id=\"728ce6d\" data-element_type=\"widget\" data-e-type=\"widget\" data-widget_type=\"image-box.default\">\n\t\t\t\t<div class=\"elementor-widget-container\">\n\t\t\t\t\t<div class=\"elementor-image-box-wrapper\"><figure class=\"elementor-image-box-img\"><a href=\"https:\/\/programadestinosmexico.com\/en\/templo-de-santa-catarina-martir-cdmx\/\" tabindex=\"-1\"><img loading=\"lazy\" decoding=\"async\" width=\"300\" height=\"300\" src=\"https:\/\/programadestinosmexico.com\/wp-content\/uploads\/2023\/10\/Templo-de-Santa-Catarina-300x300.jpg\" class=\"attachment-medium size-medium wp-image-30138\" alt=\"\" srcset=\"https:\/\/programadestinosmexico.com\/wp-content\/uploads\/2023\/10\/Templo-de-Santa-Catarina-300x300.jpg 300w, https:\/\/programadestinosmexico.com\/wp-content\/uploads\/2023\/10\/Templo-de-Santa-Catarina.jpg 591w\" sizes=\"(max-width: 300px) 100vw, 300px\" \/><\/a><\/figure><div class=\"elementor-image-box-content\"><h3 class=\"elementor-image-box-title\"><a href=\"https:\/\/programadestinosmexico.com\/en\/templo-de-santa-catarina-martir-cdmx\/\">Templo de Santa Catarina M\u00e1rtir<\/a><\/h3><\/div><\/div>\t\t\t\t<\/div>\n\t\t\t\t<\/div>\n\t\t\t\t<\/div>\n\t\t<div class=\"elementor-element elementor-element-857900e e-con-full animated-slow e-flex elementor-invisible e-con e-child\" data-id=\"857900e\" data-element_type=\"container\" data-e-type=\"container\" data-settings=\"{&quot;jet_parallax_layout_list&quot;:[],&quot;animation&quot;:&quot;fadeInUp&quot;,&quot;animation_delay&quot;:100}\">\n\t\t\t\t<div class=\"elementor-element elementor-element-58fea35 imgzoom elementor-position-top elementor-widget elementor-widget-image-box\" data-id=\"58fea35\" data-element_type=\"widget\" data-e-type=\"widget\" data-widget_type=\"image-box.default\">\n\t\t\t\t<div class=\"elementor-widget-container\">\n\t\t\t\t\t<div class=\"elementor-image-box-wrapper\"><figure class=\"elementor-image-box-img\"><a href=\"https:\/\/programadestinosmexico.com\/en\/ex-teresa-arte-actual-cdmx\/\" tabindex=\"-1\"><img loading=\"lazy\" decoding=\"async\" width=\"300\" height=\"300\" src=\"https:\/\/programadestinosmexico.com\/wp-content\/uploads\/2023\/10\/Templo-de-Santa-Teresa-La-Antigua-300x300.jpg\" class=\"attachment-medium size-medium wp-image-30148\" alt=\"\" srcset=\"https:\/\/programadestinosmexico.com\/wp-content\/uploads\/2023\/10\/Templo-de-Santa-Teresa-La-Antigua-300x300.jpg 300w, https:\/\/programadestinosmexico.com\/wp-content\/uploads\/2023\/10\/Templo-de-Santa-Teresa-La-Antigua.jpg 591w\" sizes=\"(max-width: 300px) 100vw, 300px\" \/><\/a><\/figure><div class=\"elementor-image-box-content\"><h3 class=\"elementor-image-box-title\"><a href=\"https:\/\/programadestinosmexico.com\/en\/ex-teresa-arte-actual-cdmx\/\">Ex-Teresa Arte Actual (Palacio de la Autonom\u00eda)<\/a><\/h3><\/div><\/div>\t\t\t\t<\/div>\n\t\t\t\t<\/div>\n\t\t\t\t<\/div>\n\t\t<div class=\"elementor-element elementor-element-5ca92f0 e-con-full animated-slow e-flex elementor-invisible e-con e-child\" data-id=\"5ca92f0\" data-element_type=\"container\" data-e-type=\"container\" data-settings=\"{&quot;jet_parallax_layout_list&quot;:[],&quot;animation&quot;:&quot;fadeInUp&quot;,&quot;animation_delay&quot;:100}\">\n\t\t\t\t<div class=\"elementor-element elementor-element-bf3bef7 imgzoom elementor-position-top elementor-widget elementor-widget-image-box\" data-id=\"bf3bef7\" data-element_type=\"widget\" data-e-type=\"widget\" data-widget_type=\"image-box.default\">\n\t\t\t\t<div class=\"elementor-widget-container\">\n\t\t\t\t\t<div class=\"elementor-image-box-wrapper\"><figure class=\"elementor-image-box-img\"><a href=\"https:\/\/programadestinosmexico.com\/en\/templo-de-santa-veracruz-cdmx\/\" tabindex=\"-1\"><img loading=\"lazy\" decoding=\"async\" width=\"300\" height=\"300\" src=\"https:\/\/programadestinosmexico.com\/wp-content\/uploads\/2023\/10\/Templo-de-Santa-Veracruz-300x300.jpg\" class=\"attachment-medium size-medium wp-image-30185\" alt=\"\" srcset=\"https:\/\/programadestinosmexico.com\/wp-content\/uploads\/2023\/10\/Templo-de-Santa-Veracruz-300x300.jpg 300w, https:\/\/programadestinosmexico.com\/wp-content\/uploads\/2023\/10\/Templo-de-Santa-Veracruz.jpg 591w\" sizes=\"(max-width: 300px) 100vw, 300px\" \/><\/a><\/figure><div class=\"elementor-image-box-content\"><h3 class=\"elementor-image-box-title\"><a href=\"https:\/\/programadestinosmexico.com\/en\/templo-de-santa-veracruz-cdmx\/\">Templo de Santa Veracruz<\/a><\/h3><\/div><\/div>\t\t\t\t<\/div>\n\t\t\t\t<\/div>\n\t\t\t\t<\/div>\n\t\t<div class=\"elementor-element elementor-element-20a96b8 e-con-full animated-slow e-flex elementor-invisible e-con e-child\" data-id=\"20a96b8\" data-element_type=\"container\" data-e-type=\"container\" data-settings=\"{&quot;jet_parallax_layout_list&quot;:[],&quot;animation&quot;:&quot;fadeInUp&quot;,&quot;animation_delay&quot;:100}\">\n\t\t\t\t<div class=\"elementor-element elementor-element-021e113 imgzoom elementor-position-top elementor-widget elementor-widget-image-box\" data-id=\"021e113\" data-element_type=\"widget\" data-e-type=\"widget\" data-widget_type=\"image-box.default\">\n\t\t\t\t<div class=\"elementor-widget-container\">\n\t\t\t\t\t<div class=\"elementor-image-box-wrapper\"><figure class=\"elementor-image-box-img\"><a href=\"https:\/\/programadestinosmexico.com\/en\/templo-y-antiguo-convento-de-san-francisco-cdmx\/\" tabindex=\"-1\"><img loading=\"lazy\" decoding=\"async\" width=\"300\" height=\"300\" src=\"https:\/\/programadestinosmexico.com\/wp-content\/uploads\/2023\/10\/Templo-y-Antiguo-Convento-de-San-Francisco--300x300.jpg\" class=\"attachment-medium size-medium wp-image-30194\" alt=\"\" srcset=\"https:\/\/programadestinosmexico.com\/wp-content\/uploads\/2023\/10\/Templo-y-Antiguo-Convento-de-San-Francisco--300x300.jpg 300w, https:\/\/programadestinosmexico.com\/wp-content\/uploads\/2023\/10\/Templo-y-Antiguo-Convento-de-San-Francisco-.jpg 591w\" sizes=\"(max-width: 300px) 100vw, 300px\" \/><\/a><\/figure><div class=\"elementor-image-box-content\"><h3 class=\"elementor-image-box-title\"><a href=\"https:\/\/programadestinosmexico.com\/en\/templo-y-antiguo-convento-de-san-francisco-cdmx\/\">Templo y Antiguo Convento de San Francisco<\/a><\/h3><\/div><\/div>\t\t\t\t<\/div>\n\t\t\t\t<\/div>\n\t\t\t\t<\/div>\n\t\t\t\t\t<\/div>\n\t\t\t\t<\/div>\n\t\t<div class=\"elementor-element elementor-element-3c2e936 e-flex e-con-boxed e-con e-parent\" data-id=\"3c2e936\" data-element_type=\"container\" data-e-type=\"container\" data-settings=\"{&quot;jet_parallax_layout_list&quot;:[]}\">\n\t\t\t\t\t<div class=\"e-con-inner\">\n\t\t<div class=\"elementor-element elementor-element-7dc443a e-con-full animated-slow e-flex elementor-invisible e-con e-child\" data-id=\"7dc443a\" data-element_type=\"container\" data-e-type=\"container\" data-settings=\"{&quot;jet_parallax_layout_list&quot;:[],&quot;animation&quot;:&quot;fadeInUp&quot;,&quot;animation_delay&quot;:100}\">\n\t\t\t\t<div class=\"elementor-element elementor-element-fbbe757 imgzoom elementor-position-top elementor-widget elementor-widget-image-box\" data-id=\"fbbe757\" data-element_type=\"widget\" data-e-type=\"widget\" data-widget_type=\"image-box.default\">\n\t\t\t\t<div class=\"elementor-widget-container\">\n\t\t\t\t\t<div class=\"elementor-image-box-wrapper\"><figure class=\"elementor-image-box-img\"><a href=\"https:\/\/programadestinosmexico.com\/en\/templo-y-exconvento-de-san-lorenzo-cdmx\/\" tabindex=\"-1\"><img loading=\"lazy\" decoding=\"async\" width=\"300\" height=\"300\" src=\"https:\/\/programadestinosmexico.com\/wp-content\/uploads\/2023\/10\/Templo-y-Ex-Convento-de-San-Lorenzo--300x300.jpg\" class=\"attachment-medium size-medium wp-image-30205\" alt=\"\" srcset=\"https:\/\/programadestinosmexico.com\/wp-content\/uploads\/2023\/10\/Templo-y-Ex-Convento-de-San-Lorenzo--300x300.jpg 300w, https:\/\/programadestinosmexico.com\/wp-content\/uploads\/2023\/10\/Templo-y-Ex-Convento-de-San-Lorenzo-.jpg 591w\" sizes=\"(max-width: 300px) 100vw, 300px\" \/><\/a><\/figure><div class=\"elementor-image-box-content\"><h3 class=\"elementor-image-box-title\"><a href=\"https:\/\/programadestinosmexico.com\/en\/templo-y-exconvento-de-san-lorenzo-cdmx\/\">Templo y Ex Convento de San Lorenzo<\/a><\/h3><\/div><\/div>\t\t\t\t<\/div>\n\t\t\t\t<\/div>\n\t\t\t\t<\/div>\n\t\t<div class=\"elementor-element elementor-element-5126afa e-con-full animated-slow e-flex elementor-invisible e-con e-child\" data-id=\"5126afa\" data-element_type=\"container\" data-e-type=\"container\" data-settings=\"{&quot;jet_parallax_layout_list&quot;:[],&quot;animation&quot;:&quot;fadeInUp&quot;,&quot;animation_delay&quot;:100}\">\n\t\t\t\t<div class=\"elementor-element elementor-element-4573a5d imgzoom elementor-position-top elementor-widget elementor-widget-image-box\" data-id=\"4573a5d\" data-element_type=\"widget\" data-e-type=\"widget\" data-widget_type=\"image-box.default\">\n\t\t\t\t<div class=\"elementor-widget-container\">\n\t\t\t\t\t<div class=\"elementor-image-box-wrapper\"><figure class=\"elementor-image-box-img\"><a href=\"https:\/\/programadestinosmexico.com\/en\/templo-y-hospital-de-san-felipe-de-jesus-cdmx\/\" tabindex=\"-1\"><img loading=\"lazy\" decoding=\"async\" width=\"300\" height=\"300\" src=\"https:\/\/programadestinosmexico.com\/wp-content\/uploads\/2023\/10\/Hospital-de-San-Felipe-de-Jesus--300x300.jpg\" class=\"attachment-medium size-medium wp-image-30215\" alt=\"\" srcset=\"https:\/\/programadestinosmexico.com\/wp-content\/uploads\/2023\/10\/Hospital-de-San-Felipe-de-Jesus--300x300.jpg 300w, https:\/\/programadestinosmexico.com\/wp-content\/uploads\/2023\/10\/Hospital-de-San-Felipe-de-Jesus-.jpg 591w\" sizes=\"(max-width: 300px) 100vw, 300px\" \/><\/a><\/figure><div class=\"elementor-image-box-content\"><h3 class=\"elementor-image-box-title\"><a href=\"https:\/\/programadestinosmexico.com\/en\/templo-y-hospital-de-san-felipe-de-jesus-cdmx\/\">Templo y Hospital de San Felipe de Jes\u00fas<\/a><\/h3><\/div><\/div>\t\t\t\t<\/div>\n\t\t\t\t<\/div>\n\t\t\t\t<\/div>\n\t\t<div class=\"elementor-element elementor-element-2979567 e-con-full animated-slow e-flex elementor-invisible e-con e-child\" data-id=\"2979567\" data-element_type=\"container\" data-e-type=\"container\" data-settings=\"{&quot;jet_parallax_layout_list&quot;:[],&quot;animation&quot;:&quot;fadeInUp&quot;,&quot;animation_delay&quot;:100}\">\n\t\t\t\t<div class=\"elementor-element elementor-element-80789c6 imgzoom elementor-position-top elementor-widget elementor-widget-image-box\" data-id=\"80789c6\" data-element_type=\"widget\" data-e-type=\"widget\" data-widget_type=\"image-box.default\">\n\t\t\t\t<div class=\"elementor-widget-container\">\n\t\t\t\t\t<div class=\"elementor-image-box-wrapper\"><figure class=\"elementor-image-box-img\"><a href=\"https:\/\/programadestinosmexico.com\/en\/museo-de-sitio-de-la-universidad-del-claustro-de-sor-juana-cdmx\/\" tabindex=\"-1\"><img loading=\"lazy\" decoding=\"async\" width=\"300\" height=\"300\" src=\"https:\/\/programadestinosmexico.com\/wp-content\/uploads\/2023\/10\/Universidad-del-Claustro-de-Sor-Juana-300x300.jpg\" class=\"attachment-medium size-medium wp-image-30220\" alt=\"\" srcset=\"https:\/\/programadestinosmexico.com\/wp-content\/uploads\/2023\/10\/Universidad-del-Claustro-de-Sor-Juana-300x300.jpg 300w, https:\/\/programadestinosmexico.com\/wp-content\/uploads\/2023\/10\/Universidad-del-Claustro-de-Sor-Juana.jpg 591w\" sizes=\"(max-width: 300px) 100vw, 300px\" \/><\/a><\/figure><div class=\"elementor-image-box-content\"><h3 class=\"elementor-image-box-title\"><a href=\"https:\/\/programadestinosmexico.com\/en\/museo-de-sitio-de-la-universidad-del-claustro-de-sor-juana-cdmx\/\">University of the Cloister of Sor Juana Site Museum<\/a><\/h3><\/div><\/div>\t\t\t\t<\/div>\n\t\t\t\t<\/div>\n\t\t\t\t<\/div>\n\t\t<div class=\"elementor-element elementor-element-ed896f2 e-flex e-con-boxed e-con e-child\" data-id=\"ed896f2\" data-element_type=\"container\" data-e-type=\"container\" data-settings=\"{&quot;jet_parallax_layout_list&quot;:[]}\">\n\t\t\t\t\t<div class=\"e-con-inner\">\n\t\t\t\t<div class=\"elementor-element elementor-element-4faeeec elementor-widget elementor-widget-heading\" data-id=\"4faeeec\" data-element_type=\"widget\" data-e-type=\"widget\" data-widget_type=\"heading.default\">\n\t\t\t\t<div class=\"elementor-widget-container\">\n\t\t\t\t\t<h2 class=\"elementor-heading-title elementor-size-default\">COLONIAL BUILDINGS IN SAN \u00c1NGEL<\/h2>\t\t\t\t<\/div>\n\t\t\t\t<\/div>\n\t\t\t\t\t<\/div>\n\t\t\t\t<\/div>\n\t\t\t\t\t<\/div>\n\t\t\t\t<\/div>\n\t\t<div class=\"elementor-element elementor-element-f942f6d e-flex e-con-boxed e-con e-parent\" data-id=\"f942f6d\" data-element_type=\"container\" data-e-type=\"container\" data-settings=\"{&quot;jet_parallax_layout_list&quot;:[]}\">\n\t\t\t\t\t<div class=\"e-con-inner\">\n\t\t<div class=\"elementor-element elementor-element-750be0c e-con-full animated-slow e-flex elementor-invisible e-con e-child\" data-id=\"750be0c\" data-element_type=\"container\" data-e-type=\"container\" data-settings=\"{&quot;jet_parallax_layout_list&quot;:[],&quot;animation&quot;:&quot;fadeInUp&quot;,&quot;animation_delay&quot;:100}\">\n\t\t\t\t<div class=\"elementor-element elementor-element-2da2ba4 imgzoom elementor-position-top elementor-widget elementor-widget-image-box\" data-id=\"2da2ba4\" data-element_type=\"widget\" data-e-type=\"widget\" data-widget_type=\"image-box.default\">\n\t\t\t\t<div class=\"elementor-widget-container\">\n\t\t\t\t\t<div class=\"elementor-image-box-wrapper\"><figure class=\"elementor-image-box-img\"><a href=\"https:\/\/programadestinosmexico.com\/en\/iglesia-de-san-jacinto-cdmx\/\" tabindex=\"-1\"><img loading=\"lazy\" decoding=\"async\" width=\"300\" height=\"300\" src=\"https:\/\/programadestinosmexico.com\/wp-content\/uploads\/2023\/10\/Iglesia-de-San-Jacinto-300x300.jpg\" class=\"attachment-medium size-medium wp-image-30231\" alt=\"\" srcset=\"https:\/\/programadestinosmexico.com\/wp-content\/uploads\/2023\/10\/Iglesia-de-San-Jacinto-300x300.jpg 300w, https:\/\/programadestinosmexico.com\/wp-content\/uploads\/2023\/10\/Iglesia-de-San-Jacinto.jpg 591w\" sizes=\"(max-width: 300px) 100vw, 300px\" \/><\/a><\/figure><div class=\"elementor-image-box-content\"><h3 class=\"elementor-image-box-title\"><a href=\"https:\/\/programadestinosmexico.com\/en\/iglesia-de-san-jacinto-cdmx\/\">Iglesia de San Jacinto<\/a><\/h3><\/div><\/div>\t\t\t\t<\/div>\n\t\t\t\t<\/div>\n\t\t\t\t<\/div>\n\t\t<div class=\"elementor-element elementor-element-69e65d7 e-con-full animated-slow e-flex elementor-invisible e-con e-child\" data-id=\"69e65d7\" data-element_type=\"container\" data-e-type=\"container\" data-settings=\"{&quot;jet_parallax_layout_list&quot;:[],&quot;animation&quot;:&quot;fadeInUp&quot;,&quot;animation_delay&quot;:100}\">\n\t\t\t\t<div class=\"elementor-element elementor-element-74e9cd9 imgzoom elementor-position-top elementor-widget elementor-widget-image-box\" data-id=\"74e9cd9\" data-element_type=\"widget\" data-e-type=\"widget\" data-widget_type=\"image-box.default\">\n\t\t\t\t<div class=\"elementor-widget-container\">\n\t\t\t\t\t<div class=\"elementor-image-box-wrapper\"><figure class=\"elementor-image-box-img\"><a href=\"https:\/\/programadestinosmexico.com\/en\/templo-de-san-sebastian-chimalistac-cdmx\/\" tabindex=\"-1\"><img loading=\"lazy\" decoding=\"async\" width=\"300\" height=\"300\" src=\"https:\/\/programadestinosmexico.com\/wp-content\/uploads\/2023\/10\/Templo-de-San-Sebastian-Chimalistac-300x300.jpg\" class=\"attachment-medium size-medium wp-image-30236\" alt=\"\" srcset=\"https:\/\/programadestinosmexico.com\/wp-content\/uploads\/2023\/10\/Templo-de-San-Sebastian-Chimalistac-300x300.jpg 300w, https:\/\/programadestinosmexico.com\/wp-content\/uploads\/2023\/10\/Templo-de-San-Sebastian-Chimalistac.jpg 591w\" sizes=\"(max-width: 300px) 100vw, 300px\" \/><\/a><\/figure><div class=\"elementor-image-box-content\"><h3 class=\"elementor-image-box-title\"><a href=\"https:\/\/programadestinosmexico.com\/en\/templo-de-san-sebastian-chimalistac-cdmx\/\">Templo de San Sebasti\u00e1n Chimalistac<\/a><\/h3><\/div><\/div>\t\t\t\t<\/div>\n\t\t\t\t<\/div>\n\t\t\t\t<\/div>\n\t\t<div class=\"elementor-element elementor-element-2747cc1 e-con-full animated-slow e-flex elementor-invisible e-con e-child\" data-id=\"2747cc1\" data-element_type=\"container\" data-e-type=\"container\" data-settings=\"{&quot;jet_parallax_layout_list&quot;:[],&quot;animation&quot;:&quot;fadeInUp&quot;,&quot;animation_delay&quot;:100}\">\n\t\t\t\t<div class=\"elementor-element elementor-element-8623517 imgzoom elementor-position-top elementor-widget elementor-widget-image-box\" data-id=\"8623517\" data-element_type=\"widget\" data-e-type=\"widget\" data-widget_type=\"image-box.default\">\n\t\t\t\t<div class=\"elementor-widget-container\">\n\t\t\t\t\t<div class=\"elementor-image-box-wrapper\"><figure class=\"elementor-image-box-img\"><a href=\"https:\/\/programadestinosmexico.com\/en\/museo-casa-del-risco-cdmx\/\" tabindex=\"-1\"><img loading=\"lazy\" decoding=\"async\" width=\"300\" height=\"300\" src=\"https:\/\/programadestinosmexico.com\/wp-content\/uploads\/2023\/10\/Casa-del-Risco-300x300.jpg\" class=\"attachment-medium size-medium wp-image-30241\" alt=\"\" srcset=\"https:\/\/programadestinosmexico.com\/wp-content\/uploads\/2023\/10\/Casa-del-Risco-300x300.jpg 300w, https:\/\/programadestinosmexico.com\/wp-content\/uploads\/2023\/10\/Casa-del-Risco.jpg 591w\" sizes=\"(max-width: 300px) 100vw, 300px\" \/><\/a><\/figure><div class=\"elementor-image-box-content\"><h3 class=\"elementor-image-box-title\"><a href=\"https:\/\/programadestinosmexico.com\/en\/museo-casa-del-risco-cdmx\/\">Museum Casa del Risco - Isidro Fabela Cultural Center<\/a><\/h3><\/div><\/div>\t\t\t\t<\/div>\n\t\t\t\t<\/div>\n\t\t\t\t<\/div>\n\t\t<div class=\"elementor-element elementor-element-609e58c e-con-full animated-slow e-flex elementor-invisible e-con e-child\" data-id=\"609e58c\" data-element_type=\"container\" data-e-type=\"container\" data-settings=\"{&quot;jet_parallax_layout_list&quot;:[],&quot;animation&quot;:&quot;fadeInUp&quot;,&quot;animation_delay&quot;:100}\">\n\t\t\t\t<div class=\"elementor-element elementor-element-6b4f7bb imgzoom elementor-position-top elementor-widget elementor-widget-image-box\" data-id=\"6b4f7bb\" data-element_type=\"widget\" data-e-type=\"widget\" data-widget_type=\"image-box.default\">\n\t\t\t\t<div class=\"elementor-widget-container\">\n\t\t\t\t\t<div class=\"elementor-image-box-wrapper\"><figure class=\"elementor-image-box-img\"><a href=\"https:\/\/programadestinosmexico.com\/en\/museo-de-el-carmen-cdmx\/\" tabindex=\"-1\"><img loading=\"lazy\" decoding=\"async\" width=\"300\" height=\"300\" src=\"https:\/\/programadestinosmexico.com\/wp-content\/uploads\/2023\/10\/Templo-y-Ex-Convento-del-Carmen-300x300.jpg\" class=\"attachment-medium size-medium wp-image-30246\" alt=\"\" srcset=\"https:\/\/programadestinosmexico.com\/wp-content\/uploads\/2023\/10\/Templo-y-Ex-Convento-del-Carmen-300x300.jpg 300w, https:\/\/programadestinosmexico.com\/wp-content\/uploads\/2023\/10\/Templo-y-Ex-Convento-del-Carmen.jpg 591w\" sizes=\"(max-width: 300px) 100vw, 300px\" \/><\/a><\/figure><div class=\"elementor-image-box-content\"><h3 class=\"elementor-image-box-title\"><a href=\"https:\/\/programadestinosmexico.com\/en\/museo-de-el-carmen-cdmx\/\">Museum of El Carmen, Temple and Ex-Convent of El Carmen<\/a><\/h3><\/div><\/div>\t\t\t\t<\/div>\n\t\t\t\t<\/div>\n\t\t\t\t<\/div>\n\t\t\t\t\t<\/div>\n\t\t\t\t<\/div>\n\t\t<div class=\"elementor-element elementor-element-b796474 e-flex e-con-boxed e-con e-parent\" data-id=\"b796474\" data-element_type=\"container\" data-e-type=\"container\" data-settings=\"{&quot;jet_parallax_layout_list&quot;:[]}\">\n\t\t\t\t\t<div class=\"e-con-inner\">\n\t\t\t\t<div class=\"elementor-element elementor-element-82b11de elementor-widget elementor-widget-heading\" data-id=\"82b11de\" data-element_type=\"widget\" data-e-type=\"widget\" data-widget_type=\"heading.default\">\n\t\t\t\t<div class=\"elementor-widget-container\">\n\t\t\t\t\t<h2 class=\"elementor-heading-title elementor-size-default\">COLONIAL BUILDINGS IN COYOAC\u00c1N<\/h2>\t\t\t\t<\/div>\n\t\t\t\t<\/div>\n\t\t\t\t\t<\/div>\n\t\t\t\t<\/div>\n\t\t<div class=\"elementor-element elementor-element-28a6218 e-flex e-con-boxed e-con e-parent\" data-id=\"28a6218\" data-element_type=\"container\" data-e-type=\"container\" data-settings=\"{&quot;jet_parallax_layout_list&quot;:[]}\">\n\t\t\t\t\t<div class=\"e-con-inner\">\n\t\t<div class=\"elementor-element elementor-element-870b2ea e-con-full animated-slow e-flex elementor-invisible e-con e-child\" data-id=\"870b2ea\" data-element_type=\"container\" data-e-type=\"container\" data-settings=\"{&quot;jet_parallax_layout_list&quot;:[],&quot;animation&quot;:&quot;fadeInUp&quot;,&quot;animation_delay&quot;:100}\">\n\t\t\t\t<div class=\"elementor-element elementor-element-944326e imgzoom elementor-position-top elementor-widget elementor-widget-image-box\" data-id=\"944326e\" data-element_type=\"widget\" data-e-type=\"widget\" data-widget_type=\"image-box.default\">\n\t\t\t\t<div class=\"elementor-widget-container\">\n\t\t\t\t\t<div class=\"elementor-image-box-wrapper\"><figure class=\"elementor-image-box-img\"><a href=\"https:\/\/programadestinosmexico.com\/en\/casa-municipal-coyoacan-cdmx\/\" tabindex=\"-1\"><img loading=\"lazy\" decoding=\"async\" width=\"300\" height=\"300\" src=\"https:\/\/programadestinosmexico.com\/wp-content\/uploads\/2023\/10\/Casa-Municipal-300x300.jpg\" class=\"attachment-medium size-medium wp-image-30377\" alt=\"\" srcset=\"https:\/\/programadestinosmexico.com\/wp-content\/uploads\/2023\/10\/Casa-Municipal-300x300.jpg 300w, https:\/\/programadestinosmexico.com\/wp-content\/uploads\/2023\/10\/Casa-Municipal.jpg 591w\" sizes=\"(max-width: 300px) 100vw, 300px\" \/><\/a><\/figure><div class=\"elementor-image-box-content\"><h3 class=\"elementor-image-box-title\"><a href=\"https:\/\/programadestinosmexico.com\/en\/casa-municipal-coyoacan-cdmx\/\">Casa Municipal (Municipal House)<\/a><\/h3><\/div><\/div>\t\t\t\t<\/div>\n\t\t\t\t<\/div>\n\t\t\t\t<\/div>\n\t\t<div class=\"elementor-element elementor-element-8f70663 e-con-full animated-slow e-flex elementor-invisible e-con e-child\" data-id=\"8f70663\" data-element_type=\"container\" data-e-type=\"container\" data-settings=\"{&quot;jet_parallax_layout_list&quot;:[],&quot;animation&quot;:&quot;fadeInUp&quot;,&quot;animation_delay&quot;:100}\">\n\t\t\t\t<div class=\"elementor-element elementor-element-6b6ad6e imgzoom elementor-position-top elementor-widget elementor-widget-image-box\" data-id=\"6b6ad6e\" data-element_type=\"widget\" data-e-type=\"widget\" data-widget_type=\"image-box.default\">\n\t\t\t\t<div class=\"elementor-widget-container\">\n\t\t\t\t\t<div class=\"elementor-image-box-wrapper\"><figure class=\"elementor-image-box-img\"><a href=\"https:\/\/programadestinosmexico.com\/en\/casa-de-alvarado-coyoacan-cdmx\/\" tabindex=\"-1\"><img loading=\"lazy\" decoding=\"async\" width=\"300\" height=\"300\" src=\"https:\/\/programadestinosmexico.com\/wp-content\/uploads\/2023\/10\/Casa-de-Alvarado-300x300.jpg\" class=\"attachment-medium size-medium wp-image-30382\" alt=\"\" srcset=\"https:\/\/programadestinosmexico.com\/wp-content\/uploads\/2023\/10\/Casa-de-Alvarado-300x300.jpg 300w, https:\/\/programadestinosmexico.com\/wp-content\/uploads\/2023\/10\/Casa-de-Alvarado.jpg 591w\" sizes=\"(max-width: 300px) 100vw, 300px\" \/><\/a><\/figure><div class=\"elementor-image-box-content\"><h3 class=\"elementor-image-box-title\"><a href=\"https:\/\/programadestinosmexico.com\/en\/casa-de-alvarado-coyoacan-cdmx\/\">Casa de Alvarado (Alvarado House)<\/a><\/h3><\/div><\/div>\t\t\t\t<\/div>\n\t\t\t\t<\/div>\n\t\t\t\t<\/div>\n\t\t<div class=\"elementor-element elementor-element-f302121 e-con-full animated-slow e-flex elementor-invisible e-con e-child\" data-id=\"f302121\" data-element_type=\"container\" data-e-type=\"container\" data-settings=\"{&quot;jet_parallax_layout_list&quot;:[],&quot;animation&quot;:&quot;fadeInUp&quot;,&quot;animation_delay&quot;:100}\">\n\t\t\t\t<div class=\"elementor-element elementor-element-d2010f6 imgzoom elementor-position-top elementor-widget elementor-widget-image-box\" data-id=\"d2010f6\" data-element_type=\"widget\" data-e-type=\"widget\" data-widget_type=\"image-box.default\">\n\t\t\t\t<div class=\"elementor-widget-container\">\n\t\t\t\t\t<div class=\"elementor-image-box-wrapper\"><figure class=\"elementor-image-box-img\"><a href=\"https:\/\/programadestinosmexico.com\/en\/casa-de-ordaz-coyoacan-cdmx\/\" tabindex=\"-1\"><img loading=\"lazy\" decoding=\"async\" width=\"300\" height=\"300\" src=\"https:\/\/programadestinosmexico.com\/wp-content\/uploads\/2023\/10\/Casa-de-Ordaz-300x300.jpg\" class=\"attachment-medium size-medium wp-image-30387\" alt=\"\" srcset=\"https:\/\/programadestinosmexico.com\/wp-content\/uploads\/2023\/10\/Casa-de-Ordaz-300x300.jpg 300w, https:\/\/programadestinosmexico.com\/wp-content\/uploads\/2023\/10\/Casa-de-Ordaz.jpg 591w\" sizes=\"(max-width: 300px) 100vw, 300px\" \/><\/a><\/figure><div class=\"elementor-image-box-content\"><h3 class=\"elementor-image-box-title\"><a href=\"https:\/\/programadestinosmexico.com\/en\/casa-de-ordaz-coyoacan-cdmx\/\">Casa de Ordaz (Ordaz House)<\/a><\/h3><\/div><\/div>\t\t\t\t<\/div>\n\t\t\t\t<\/div>\n\t\t\t\t<\/div>\n\t\t<div class=\"elementor-element elementor-element-b0b514b e-con-full animated-slow e-flex elementor-invisible e-con e-child\" data-id=\"b0b514b\" data-element_type=\"container\" data-e-type=\"container\" data-settings=\"{&quot;jet_parallax_layout_list&quot;:[],&quot;animation&quot;:&quot;fadeInUp&quot;,&quot;animation_delay&quot;:100}\">\n\t\t\t\t<div class=\"elementor-element elementor-element-358e09c imgzoom elementor-position-top elementor-widget elementor-widget-image-box\" data-id=\"358e09c\" data-element_type=\"widget\" data-e-type=\"widget\" data-widget_type=\"image-box.default\">\n\t\t\t\t<div class=\"elementor-widget-container\">\n\t\t\t\t\t<div class=\"elementor-image-box-wrapper\"><figure class=\"elementor-image-box-img\"><a href=\"https:\/\/programadestinosmexico.com\/en\/casa-colorada-coyoacan-cdmx\/\" tabindex=\"-1\"><img loading=\"lazy\" decoding=\"async\" width=\"300\" height=\"300\" src=\"https:\/\/programadestinosmexico.com\/wp-content\/uploads\/2023\/10\/Casa-Colorada-300x300.jpg\" class=\"attachment-medium size-medium wp-image-30392\" alt=\"\" srcset=\"https:\/\/programadestinosmexico.com\/wp-content\/uploads\/2023\/10\/Casa-Colorada-300x300.jpg 300w, https:\/\/programadestinosmexico.com\/wp-content\/uploads\/2023\/10\/Casa-Colorada.jpg 591w\" sizes=\"(max-width: 300px) 100vw, 300px\" \/><\/a><\/figure><div class=\"elementor-image-box-content\"><h3 class=\"elementor-image-box-title\"><a href=\"https:\/\/programadestinosmexico.com\/en\/casa-colorada-coyoacan-cdmx\/\">Casa Colorada (Red House)<\/a><\/h3><\/div><\/div>\t\t\t\t<\/div>\n\t\t\t\t<\/div>\n\t\t\t\t<\/div>\n\t\t\t\t\t<\/div>\n\t\t\t\t<\/div>\n\t\t<div class=\"elementor-element elementor-element-b217c3a e-flex e-con-boxed e-con e-parent\" data-id=\"b217c3a\" data-element_type=\"container\" data-e-type=\"container\" data-settings=\"{&quot;jet_parallax_layout_list&quot;:[]}\">\n\t\t\t\t\t<div class=\"e-con-inner\">\n\t\t<div class=\"elementor-element elementor-element-48a20cb e-con-full animated-slow e-flex elementor-invisible e-con e-child\" data-id=\"48a20cb\" data-element_type=\"container\" data-e-type=\"container\" data-settings=\"{&quot;jet_parallax_layout_list&quot;:[],&quot;animation&quot;:&quot;fadeInUp&quot;,&quot;animation_delay&quot;:100}\">\n\t\t\t\t<div class=\"elementor-element elementor-element-743f591 imgzoom elementor-position-top elementor-widget elementor-widget-image-box\" data-id=\"743f591\" data-element_type=\"widget\" data-e-type=\"widget\" data-widget_type=\"image-box.default\">\n\t\t\t\t<div class=\"elementor-widget-container\">\n\t\t\t\t\t<div class=\"elementor-image-box-wrapper\"><figure class=\"elementor-image-box-img\"><a href=\"https:\/\/programadestinosmexico.com\/en\/casa-de-la-cultura-jesus-reyes-heroles-cdmx\/\" tabindex=\"-1\"><img loading=\"lazy\" decoding=\"async\" width=\"300\" height=\"300\" src=\"https:\/\/programadestinosmexico.com\/wp-content\/uploads\/2023\/10\/Casa-de-la-Cultura-Jesus-Reyes-Heroles-300x300.jpg\" class=\"attachment-medium size-medium wp-image-30397\" alt=\"\" srcset=\"https:\/\/programadestinosmexico.com\/wp-content\/uploads\/2023\/10\/Casa-de-la-Cultura-Jesus-Reyes-Heroles-300x300.jpg 300w, https:\/\/programadestinosmexico.com\/wp-content\/uploads\/2023\/10\/Casa-de-la-Cultura-Jesus-Reyes-Heroles.jpg 591w\" sizes=\"(max-width: 300px) 100vw, 300px\" \/><\/a><\/figure><div class=\"elementor-image-box-content\"><h3 class=\"elementor-image-box-title\"><a href=\"https:\/\/programadestinosmexico.com\/en\/casa-de-la-cultura-jesus-reyes-heroles-cdmx\/\">Casa de la Cultura Reyes Heroles<\/a><\/h3><\/div><\/div>\t\t\t\t<\/div>\n\t\t\t\t<\/div>\n\t\t\t\t<\/div>\n\t\t<div class=\"elementor-element elementor-element-ea4593a e-con-full animated-slow e-flex elementor-invisible e-con e-child\" data-id=\"ea4593a\" data-element_type=\"container\" data-e-type=\"container\" data-settings=\"{&quot;jet_parallax_layout_list&quot;:[],&quot;animation&quot;:&quot;fadeInUp&quot;,&quot;animation_delay&quot;:100}\">\n\t\t\t\t<div class=\"elementor-element elementor-element-1fb1e90 imgzoom elementor-position-top elementor-widget elementor-widget-image-box\" data-id=\"1fb1e90\" data-element_type=\"widget\" data-e-type=\"widget\" data-widget_type=\"image-box.default\">\n\t\t\t\t<div class=\"elementor-widget-container\">\n\t\t\t\t\t<div class=\"elementor-image-box-wrapper\"><figure class=\"elementor-image-box-img\"><a href=\"https:\/\/programadestinosmexico.com\/en\/museo-nacional-de-las-intervenciones-cdmx\/\" tabindex=\"-1\"><img loading=\"lazy\" decoding=\"async\" width=\"300\" height=\"300\" src=\"https:\/\/programadestinosmexico.com\/wp-content\/uploads\/2023\/10\/Ex-Convento-de-Churubusco-300x300.jpg\" class=\"attachment-medium size-medium wp-image-30402\" alt=\"\" srcset=\"https:\/\/programadestinosmexico.com\/wp-content\/uploads\/2023\/10\/Ex-Convento-de-Churubusco-300x300.jpg 300w, https:\/\/programadestinosmexico.com\/wp-content\/uploads\/2023\/10\/Ex-Convento-de-Churubusco.jpg 591w\" sizes=\"(max-width: 300px) 100vw, 300px\" \/><\/a><\/figure><div class=\"elementor-image-box-content\"><h3 class=\"elementor-image-box-title\"><a href=\"https:\/\/programadestinosmexico.com\/en\/museo-nacional-de-las-intervenciones-cdmx\/\">National Museum of Interventions, Ex Convent of Churubusco<\/a><\/h3><\/div><\/div>\t\t\t\t<\/div>\n\t\t\t\t<\/div>\n\t\t\t\t<\/div>\n\t\t<div class=\"elementor-element elementor-element-461fdd6 e-con-full animated-slow e-flex elementor-invisible e-con e-child\" data-id=\"461fdd6\" data-element_type=\"container\" data-e-type=\"container\" data-settings=\"{&quot;jet_parallax_layout_list&quot;:[],&quot;animation&quot;:&quot;fadeInUp&quot;,&quot;animation_delay&quot;:100}\">\n\t\t\t\t<div class=\"elementor-element elementor-element-47907a3 imgzoom elementor-position-top elementor-widget elementor-widget-image-box\" data-id=\"47907a3\" data-element_type=\"widget\" data-e-type=\"widget\" data-widget_type=\"image-box.default\">\n\t\t\t\t<div class=\"elementor-widget-container\">\n\t\t\t\t\t<div class=\"elementor-image-box-wrapper\"><figure class=\"elementor-image-box-img\"><a href=\"https:\/\/programadestinosmexico.com\/en\/puente-de-san-antonio-panzacola-cdmx\/\" tabindex=\"-1\"><img loading=\"lazy\" decoding=\"async\" width=\"300\" height=\"300\" src=\"https:\/\/programadestinosmexico.com\/wp-content\/uploads\/2023\/10\/Puente-de-San-Antonio-Panzacola-300x300.jpg\" class=\"attachment-medium size-medium wp-image-30407\" alt=\"\" srcset=\"https:\/\/programadestinosmexico.com\/wp-content\/uploads\/2023\/10\/Puente-de-San-Antonio-Panzacola-300x300.jpg 300w, https:\/\/programadestinosmexico.com\/wp-content\/uploads\/2023\/10\/Puente-de-San-Antonio-Panzacola.jpg 591w\" sizes=\"(max-width: 300px) 100vw, 300px\" \/><\/a><\/figure><div class=\"elementor-image-box-content\"><h3 class=\"elementor-image-box-title\"><a href=\"https:\/\/programadestinosmexico.com\/en\/puente-de-san-antonio-panzacola-cdmx\/\">Puente de San Antonio Panzacola (Bridge)<\/a><\/h3><\/div><\/div>\t\t\t\t<\/div>\n\t\t\t\t<\/div>\n\t\t\t\t<\/div>\n\t\t<div class=\"elementor-element elementor-element-0247b40 e-con-full animated-slow e-flex elementor-invisible e-con e-child\" data-id=\"0247b40\" data-element_type=\"container\" data-e-type=\"container\" data-settings=\"{&quot;jet_parallax_layout_list&quot;:[],&quot;animation&quot;:&quot;fadeInUp&quot;,&quot;animation_delay&quot;:100}\">\n\t\t\t\t<div class=\"elementor-element elementor-element-f6dadf6 imgzoom elementor-position-top elementor-widget elementor-widget-image-box\" data-id=\"f6dadf6\" data-element_type=\"widget\" data-e-type=\"widget\" data-widget_type=\"image-box.default\">\n\t\t\t\t<div class=\"elementor-widget-container\">\n\t\t\t\t\t<div class=\"elementor-image-box-wrapper\"><figure class=\"elementor-image-box-img\"><a href=\"https:\/\/programadestinosmexico.com\/en\/capilla-de-san-antonio-panzacola-coyoacan-cdmx\/\" tabindex=\"-1\"><img loading=\"lazy\" decoding=\"async\" width=\"300\" height=\"300\" src=\"https:\/\/programadestinosmexico.com\/wp-content\/uploads\/2023\/10\/Capilla-de-San-Antonio-Panzacola-300x300.jpg\" class=\"attachment-medium size-medium wp-image-30412\" alt=\"\" srcset=\"https:\/\/programadestinosmexico.com\/wp-content\/uploads\/2023\/10\/Capilla-de-San-Antonio-Panzacola-300x300.jpg 300w, https:\/\/programadestinosmexico.com\/wp-content\/uploads\/2023\/10\/Capilla-de-San-Antonio-Panzacola.jpg 591w\" sizes=\"(max-width: 300px) 100vw, 300px\" \/><\/a><\/figure><div class=\"elementor-image-box-content\"><h3 class=\"elementor-image-box-title\"><a href=\"https:\/\/programadestinosmexico.com\/en\/capilla-de-san-antonio-panzacola-coyoacan-cdmx\/\">Capilla de San Antonio Panzacola<\/a><\/h3><\/div><\/div>\t\t\t\t<\/div>\n\t\t\t\t<\/div>\n\t\t\t\t<\/div>\n\t\t\t\t\t<\/div>\n\t\t\t\t<\/div>\n\t\t<div class=\"elementor-element elementor-element-d5d4e33 e-flex e-con-boxed e-con e-parent\" data-id=\"d5d4e33\" data-element_type=\"container\" data-e-type=\"container\" data-settings=\"{&quot;jet_parallax_layout_list&quot;:[]}\">\n\t\t\t\t\t<div class=\"e-con-inner\">\n\t\t<div class=\"elementor-element elementor-element-71f99c4 e-con-full animated-slow e-flex elementor-invisible e-con e-child\" data-id=\"71f99c4\" data-element_type=\"container\" data-e-type=\"container\" data-settings=\"{&quot;jet_parallax_layout_list&quot;:[],&quot;animation&quot;:&quot;fadeInUp&quot;,&quot;animation_delay&quot;:100}\">\n\t\t\t\t<div class=\"elementor-element elementor-element-9aaab07 imgzoom elementor-position-top elementor-widget elementor-widget-image-box\" data-id=\"9aaab07\" data-element_type=\"widget\" data-e-type=\"widget\" data-widget_type=\"image-box.default\">\n\t\t\t\t<div class=\"elementor-widget-container\">\n\t\t\t\t\t<div class=\"elementor-image-box-wrapper\"><figure class=\"elementor-image-box-img\"><a href=\"https:\/\/programadestinosmexico.com\/en\/plaza-y-capilla-de-la-conchita-coyoacan-cdmx\/\" tabindex=\"-1\"><img loading=\"lazy\" decoding=\"async\" width=\"300\" height=\"300\" src=\"https:\/\/programadestinosmexico.com\/wp-content\/uploads\/2023\/10\/Plaza-y-Capilla-de-la-Conchita-300x300.jpg\" class=\"attachment-medium size-medium wp-image-30420\" alt=\"\" srcset=\"https:\/\/programadestinosmexico.com\/wp-content\/uploads\/2023\/10\/Plaza-y-Capilla-de-la-Conchita-300x300.jpg 300w, https:\/\/programadestinosmexico.com\/wp-content\/uploads\/2023\/10\/Plaza-y-Capilla-de-la-Conchita.jpg 591w\" sizes=\"(max-width: 300px) 100vw, 300px\" \/><\/a><\/figure><div class=\"elementor-image-box-content\"><h3 class=\"elementor-image-box-title\"><a href=\"https:\/\/programadestinosmexico.com\/en\/plaza-y-capilla-de-la-conchita-coyoacan-cdmx\/\">Capilla de la Conchita<\/a><\/h3><\/div><\/div>\t\t\t\t<\/div>\n\t\t\t\t<\/div>\n\t\t\t\t<\/div>\n\t\t<div class=\"elementor-element elementor-element-a1ad469 e-con-full animated-slow e-flex elementor-invisible e-con e-child\" data-id=\"a1ad469\" data-element_type=\"container\" data-e-type=\"container\" data-settings=\"{&quot;jet_parallax_layout_list&quot;:[],&quot;animation&quot;:&quot;fadeInUp&quot;,&quot;animation_delay&quot;:100}\">\n\t\t\t\t<div class=\"elementor-element elementor-element-8868516 imgzoom elementor-position-top elementor-widget elementor-widget-image-box\" data-id=\"8868516\" data-element_type=\"widget\" data-e-type=\"widget\" data-widget_type=\"image-box.default\">\n\t\t\t\t<div class=\"elementor-widget-container\">\n\t\t\t\t\t<div class=\"elementor-image-box-wrapper\"><figure class=\"elementor-image-box-img\"><a href=\"https:\/\/programadestinosmexico.com\/en\/parroquia-y-exconvento-de-san-juan-bautista-coyoacan-cdmx\/\" tabindex=\"-1\"><img loading=\"lazy\" decoding=\"async\" width=\"300\" height=\"300\" src=\"https:\/\/programadestinosmexico.com\/wp-content\/uploads\/2023\/10\/Parroquia-y-Exconvento-de-San-Juan-Bautista-300x300.jpg\" class=\"attachment-medium size-medium wp-image-30431\" alt=\"\" srcset=\"https:\/\/programadestinosmexico.com\/wp-content\/uploads\/2023\/10\/Parroquia-y-Exconvento-de-San-Juan-Bautista-300x300.jpg 300w, https:\/\/programadestinosmexico.com\/wp-content\/uploads\/2023\/10\/Parroquia-y-Exconvento-de-San-Juan-Bautista.jpg 591w\" sizes=\"(max-width: 300px) 100vw, 300px\" \/><\/a><\/figure><div class=\"elementor-image-box-content\"><h3 class=\"elementor-image-box-title\"><a href=\"https:\/\/programadestinosmexico.com\/en\/parroquia-y-exconvento-de-san-juan-bautista-coyoacan-cdmx\/\">Parroquia y Ex Convento de San Juan Bautista<\/a><\/h3><\/div><\/div>\t\t\t\t<\/div>\n\t\t\t\t<\/div>\n\t\t\t\t<\/div>\n\t\t<div class=\"elementor-element elementor-element-55cc20f e-con-full animated-slow e-flex elementor-invisible e-con e-child\" data-id=\"55cc20f\" data-element_type=\"container\" data-e-type=\"container\" data-settings=\"{&quot;jet_parallax_layout_list&quot;:[],&quot;animation&quot;:&quot;fadeInUp&quot;,&quot;animation_delay&quot;:100}\">\n\t\t\t\t<div class=\"elementor-element elementor-element-bfc314c imgzoom elementor-position-top elementor-widget elementor-widget-image-box\" data-id=\"bfc314c\" data-element_type=\"widget\" data-e-type=\"widget\" data-widget_type=\"image-box.default\">\n\t\t\t\t<div class=\"elementor-widget-container\">\n\t\t\t\t\t<div class=\"elementor-image-box-wrapper\"><figure class=\"elementor-image-box-img\"><a href=\"https:\/\/programadestinosmexico.com\/en\/plaza-y-capilla-de-la-santa-catarina-cdmx\/\" tabindex=\"-1\"><img loading=\"lazy\" decoding=\"async\" width=\"300\" height=\"300\" src=\"https:\/\/programadestinosmexico.com\/wp-content\/uploads\/2023\/10\/Plaza-y-Capilla-de-la-Santa-Catarina-300x300.jpg\" class=\"attachment-medium size-medium wp-image-30436\" alt=\"\" srcset=\"https:\/\/programadestinosmexico.com\/wp-content\/uploads\/2023\/10\/Plaza-y-Capilla-de-la-Santa-Catarina-300x300.jpg 300w, https:\/\/programadestinosmexico.com\/wp-content\/uploads\/2023\/10\/Plaza-y-Capilla-de-la-Santa-Catarina.jpg 591w\" sizes=\"(max-width: 300px) 100vw, 300px\" \/><\/a><\/figure><div class=\"elementor-image-box-content\"><h3 class=\"elementor-image-box-title\"><a href=\"https:\/\/programadestinosmexico.com\/en\/plaza-y-capilla-de-la-santa-catarina-cdmx\/\">Capilla de Santa Catarina<\/a><\/h3><\/div><\/div>\t\t\t\t<\/div>\n\t\t\t\t<\/div>\n\t\t\t\t<\/div>\n\t\t\t\t\t<\/div>\n\t\t\t\t<\/div>\n\t\t<div class=\"elementor-element elementor-element-47b6950 e-flex e-con-boxed e-con e-parent\" data-id=\"47b6950\" data-element_type=\"container\" data-e-type=\"container\" data-settings=\"{&quot;jet_parallax_layout_list&quot;:[]}\">\n\t\t\t\t\t<div class=\"e-con-inner\">\n\t\t\t\t<div class=\"elementor-element elementor-element-c5fca08 elementor-widget elementor-widget-heading\" data-id=\"c5fca08\" data-element_type=\"widget\" data-e-type=\"widget\" data-widget_type=\"heading.default\">\n\t\t\t\t<div class=\"elementor-widget-container\">\n\t\t\t\t\t<h2 class=\"elementor-heading-title elementor-size-default\">EDIFICIOS COLONIALES EN OTRAS ZONAS<\/h2>\t\t\t\t<\/div>\n\t\t\t\t<\/div>\n\t\t\t\t\t<\/div>\n\t\t\t\t<\/div>\n\t\t<div class=\"elementor-element elementor-element-8d91b8c e-flex e-con-boxed e-con e-parent\" data-id=\"8d91b8c\" data-element_type=\"container\" data-e-type=\"container\" data-settings=\"{&quot;jet_parallax_layout_list&quot;:[]}\">\n\t\t\t\t\t<div class=\"e-con-inner\">\n\t\t<div class=\"elementor-element elementor-element-8fb3f1d e-con-full animated-slow e-flex elementor-invisible e-con e-child\" data-id=\"8fb3f1d\" data-element_type=\"container\" data-e-type=\"container\" data-settings=\"{&quot;jet_parallax_layout_list&quot;:[],&quot;animation&quot;:&quot;fadeInUp&quot;,&quot;animation_delay&quot;:100}\">\n\t\t\t\t<div class=\"elementor-element elementor-element-0aa44e4 imgzoom elementor-position-top elementor-widget elementor-widget-image-box\" data-id=\"0aa44e4\" data-element_type=\"widget\" data-e-type=\"widget\" data-widget_type=\"image-box.default\">\n\t\t\t\t<div class=\"elementor-widget-container\">\n\t\t\t\t\t<div class=\"elementor-image-box-wrapper\"><figure class=\"elementor-image-box-img\"><a href=\"https:\/\/programadestinosmexico.com\/en\/exconvento-del-desierto-de-los-leones-cdmx\/\" tabindex=\"-1\"><img loading=\"lazy\" decoding=\"async\" width=\"300\" height=\"300\" src=\"https:\/\/programadestinosmexico.com\/wp-content\/uploads\/2023\/10\/Ex-Convento-del-Desierto-de-los-Leones--300x300.jpg\" class=\"attachment-medium size-medium wp-image-30537\" alt=\"\" srcset=\"https:\/\/programadestinosmexico.com\/wp-content\/uploads\/2023\/10\/Ex-Convento-del-Desierto-de-los-Leones--300x300.jpg 300w, https:\/\/programadestinosmexico.com\/wp-content\/uploads\/2023\/10\/Ex-Convento-del-Desierto-de-los-Leones-.jpg 591w\" sizes=\"(max-width: 300px) 100vw, 300px\" \/><\/a><\/figure><div class=\"elementor-image-box-content\"><h3 class=\"elementor-image-box-title\"><a href=\"https:\/\/programadestinosmexico.com\/en\/exconvento-del-desierto-de-los-leones-cdmx\/\">Ex Convento del Desierto de los Leones (Museo Bicentenario)<\/a><\/h3><\/div><\/div>\t\t\t\t<\/div>\n\t\t\t\t<\/div>\n\t\t\t\t<\/div>\n\t\t<div class=\"elementor-element elementor-element-326e473 e-con-full animated-slow e-flex elementor-invisible e-con e-child\" data-id=\"326e473\" data-element_type=\"container\" data-e-type=\"container\" data-settings=\"{&quot;jet_parallax_layout_list&quot;:[],&quot;animation&quot;:&quot;fadeInUp&quot;,&quot;animation_delay&quot;:100}\">\n\t\t\t\t<div class=\"elementor-element elementor-element-9e9fc81 imgzoom elementor-position-top elementor-widget elementor-widget-image-box\" data-id=\"9e9fc81\" data-element_type=\"widget\" data-e-type=\"widget\" data-widget_type=\"image-box.default\">\n\t\t\t\t<div class=\"elementor-widget-container\">\n\t\t\t\t\t<div class=\"elementor-image-box-wrapper\"><figure class=\"elementor-image-box-img\"><a href=\"https:\/\/programadestinosmexico.com\/en\/ex-convento-culhuacan-cdmx\/\" tabindex=\"-1\"><img loading=\"lazy\" decoding=\"async\" width=\"300\" height=\"300\" src=\"https:\/\/programadestinosmexico.com\/wp-content\/uploads\/2023\/10\/Ex-Convento-Culhuacan--300x300.jpg\" class=\"attachment-medium size-medium wp-image-30535\" alt=\"\" srcset=\"https:\/\/programadestinosmexico.com\/wp-content\/uploads\/2023\/10\/Ex-Convento-Culhuacan--300x300.jpg 300w, https:\/\/programadestinosmexico.com\/wp-content\/uploads\/2023\/10\/Ex-Convento-Culhuacan-.jpg 591w\" sizes=\"(max-width: 300px) 100vw, 300px\" \/><\/a><\/figure><div class=\"elementor-image-box-content\"><h3 class=\"elementor-image-box-title\"><a href=\"https:\/\/programadestinosmexico.com\/en\/ex-convento-culhuacan-cdmx\/\">Ex Convento Culhuac\u00e1n<\/a><\/h3><\/div><\/div>\t\t\t\t<\/div>\n\t\t\t\t<\/div>\n\t\t\t\t<\/div>\n\t\t\t\t\t<\/div>\n\t\t\t\t<\/div>\n\t\t<div class=\"elementor-element elementor-element-2641afd e-flex e-con-boxed e-con e-parent\" data-id=\"2641afd\" data-element_type=\"container\" data-e-type=\"container\" data-settings=\"{&quot;jet_parallax_layout_list&quot;:[],&quot;background_background&quot;:&quot;classic&quot;}\">\n\t\t\t\t\t<div class=\"e-con-inner\">\n\t\t\t\t<div class=\"elementor-element elementor-element-1ad18d0 elementor-widget elementor-widget-heading\" data-id=\"1ad18d0\" data-element_type=\"widget\" data-e-type=\"widget\" data-widget_type=\"heading.default\">\n\t\t\t\t<div class=\"elementor-widget-container\">\n\t\t\t\t\t<h2 class=\"elementor-heading-title elementor-size-default\"><a href=\"https:\/\/programadestinosmexico.civitatis.com\/es\/ciudad-de-mexico\" target=\"_blank\" rel=\"noopener\">Explora los Mejores Tours en CDMX con ofertas todos los d\u00edas<\/a><\/h2>\t\t\t\t<\/div>\n\t\t\t\t<\/div>\n\t\t\t\t\t<\/div>\n\t\t\t\t<\/div>\n\t\t<div class=\"elementor-element elementor-element-5e167be e-flex e-con-boxed e-con e-parent\" data-id=\"5e167be\" data-element_type=\"container\" data-e-type=\"container\" data-settings=\"{&quot;background_background&quot;:&quot;classic&quot;,&quot;jet_parallax_layout_list&quot;:[]}\">\n\t\t\t\t\t<div class=\"e-con-inner\">\n\t\t\t\t<div class=\"elementor-element elementor-element-7ef04c1 elementor-widget elementor-widget-heading\" data-id=\"7ef04c1\" data-element_type=\"widget\" data-e-type=\"widget\" data-widget_type=\"heading.default\">\n\t\t\t\t<div class=\"elementor-widget-container\">\n\t\t\t\t\t<h2 class=\"elementor-heading-title elementor-size-default\"><a href=\"https:\/\/reservar.programadestinosmexico.com\">PLAN YOUR TRIP<\/a><\/h2>\t\t\t\t<\/div>\n\t\t\t\t<\/div>\n\t\t\t\t\t<\/div>\n\t\t\t\t<\/div>\n\t\t<div class=\"elementor-element elementor-element-4f770a6 e-flex e-con-boxed e-con e-parent\" data-id=\"4f770a6\" data-element_type=\"container\" data-e-type=\"container\" data-settings=\"{&quot;jet_parallax_layout_list&quot;:[],&quot;background_background&quot;:&quot;classic&quot;}\">\n\t\t\t\t\t<div class=\"e-con-inner\">\n\t\t<div class=\"elementor-element elementor-element-3a01ac1 e-con-full animated-slow e-flex elementor-invisible e-con e-child\" data-id=\"3a01ac1\" data-element_type=\"container\" data-e-type=\"container\" data-settings=\"{&quot;jet_parallax_layout_list&quot;:[],&quot;animation&quot;:&quot;fadeInUp&quot;}\">\n\t\t\t\t<div class=\"elementor-element elementor-element-6faff7c elementor-widget elementor-widget-image\" data-id=\"6faff7c\" data-element_type=\"widget\" data-e-type=\"widget\" data-widget_type=\"image.default\">\n\t\t\t\t<div class=\"elementor-widget-container\">\n\t\t\t\t\t\t\t\t\t\t\t\t\t\t\t\t<a href=\"https:\/\/reservar.programadestinosmexico.com\/ciudad-de-mexico\/hoteles\">\n\t\t\t\t\t\t\t<img loading=\"lazy\" decoding=\"async\" width=\"768\" height=\"510\" src=\"https:\/\/programadestinosmexico.com\/wp-content\/uploads\/2023\/08\/CDMX-DONDE-HOSPEDARSE-768x510.jpg\" class=\"attachment-medium_large size-medium_large wp-image-4242\" alt=\"\" srcset=\"https:\/\/programadestinosmexico.com\/wp-content\/uploads\/2023\/08\/CDMX-DONDE-HOSPEDARSE-768x510.jpg 768w, https:\/\/programadestinosmexico.com\/wp-content\/uploads\/2023\/08\/CDMX-DONDE-HOSPEDARSE-300x199.jpg 300w, https:\/\/programadestinosmexico.com\/wp-content\/uploads\/2023\/08\/CDMX-DONDE-HOSPEDARSE-1024x680.jpg 1024w, https:\/\/programadestinosmexico.com\/wp-content\/uploads\/2023\/08\/CDMX-DONDE-HOSPEDARSE-1536x1020.jpg 1536w, https:\/\/programadestinosmexico.com\/wp-content\/uploads\/2023\/08\/CDMX-DONDE-HOSPEDARSE-2048x1360.jpg 2048w\" sizes=\"(max-width: 768px) 100vw, 768px\" \/>\t\t\t\t\t\t\t\t<\/a>\n\t\t\t\t\t\t\t\t\t\t\t\t\t\t\t<\/div>\n\t\t\t\t<\/div>\n\t\t\t\t<\/div>\n\t\t<div class=\"elementor-element elementor-element-df549de e-con-full animated-slow e-flex elementor-invisible e-con e-child\" data-id=\"df549de\" data-element_type=\"container\" data-e-type=\"container\" data-settings=\"{&quot;jet_parallax_layout_list&quot;:[],&quot;animation&quot;:&quot;fadeInRight&quot;,&quot;background_background&quot;:&quot;classic&quot;}\">\n\t\t\t\t<div class=\"elementor-element elementor-element-f1de7a8 elementor-widget elementor-widget-heading\" data-id=\"f1de7a8\" data-element_type=\"widget\" data-e-type=\"widget\" data-widget_type=\"heading.default\">\n\t\t\t\t<div class=\"elementor-widget-container\">\n\t\t\t\t\t<h2 class=\"elementor-heading-title elementor-size-default\"><a href=\"https:\/\/reservar.programadestinosmexico.com\/ciudad-de-mexico\/hoteles\">Where to Stay in Ciudad de M\u00e9xico<\/a><\/h2>\t\t\t\t<\/div>\n\t\t\t\t<\/div>\n\t\t\t\t<div class=\"elementor-element elementor-element-07d5c3e elementor-widget elementor-widget-heading\" data-id=\"07d5c3e\" data-element_type=\"widget\" data-e-type=\"widget\" data-widget_type=\"heading.default\">\n\t\t\t\t<div class=\"elementor-widget-container\">\n\t\t\t\t\t<h2 class=\"elementor-heading-title elementor-size-default\"><a href=\"https:\/\/reservar.programadestinosmexico.com\/ciudad-de-mexico\/hoteles\">Up to<\/a><\/h2>\t\t\t\t<\/div>\n\t\t\t\t<\/div>\n\t\t\t\t<div class=\"elementor-element elementor-element-5594f0b elementor-widget elementor-widget-heading\" data-id=\"5594f0b\" data-element_type=\"widget\" data-e-type=\"widget\" data-widget_type=\"heading.default\">\n\t\t\t\t<div class=\"elementor-widget-container\">\n\t\t\t\t\t<h2 class=\"elementor-heading-title elementor-size-default\"><a href=\"https:\/\/reservar.programadestinosmexico.com\/ciudad-de-mexico\/hoteles\">40%<\/a><\/h2>\t\t\t\t<\/div>\n\t\t\t\t<\/div>\n\t\t\t\t<div class=\"elementor-element elementor-element-48a075c elementor-widget elementor-widget-heading\" data-id=\"48a075c\" data-element_type=\"widget\" data-e-type=\"widget\" data-widget_type=\"heading.default\">\n\t\t\t\t<div class=\"elementor-widget-container\">\n\t\t\t\t\t<h2 class=\"elementor-heading-title elementor-size-default\"><a href=\"https:\/\/reservar.programadestinosmexico.com\/ciudad-de-mexico\/hoteles\">Off<\/a><\/h2>\t\t\t\t<\/div>\n\t\t\t\t<\/div>\n\t\t\t\t<\/div>\n\t\t\t\t\t<\/div>\n\t\t\t\t<\/div>\n\t\t<div class=\"elementor-element elementor-element-ee7ad06 e-flex e-con-boxed e-con e-parent\" data-id=\"ee7ad06\" data-element_type=\"container\" data-e-type=\"container\" data-settings=\"{&quot;background_background&quot;:&quot;classic&quot;,&quot;jet_parallax_layout_list&quot;:[]}\">\n\t\t\t\t\t<div class=\"e-con-inner\">\n\t\t\t\t<div class=\"elementor-element elementor-element-6db070a elementor-widget elementor-widget-heading\" data-id=\"6db070a\" data-element_type=\"widget\" data-e-type=\"widget\" data-widget_type=\"heading.default\">\n\t\t\t\t<div class=\"elementor-widget-container\">\n\t\t\t\t\t<h2 class=\"elementor-heading-title elementor-size-default\"><a href=\"https:\/\/reservar.programadestinosmexico.com\">TAKE ADVANTAGE OF THE BEST OFFERS<\/a><\/h2>\t\t\t\t<\/div>\n\t\t\t\t<\/div>\n\t\t\t\t\t<\/div>\n\t\t\t\t<\/div>\n\t\t<div class=\"elementor-element elementor-element-4d84a68 e-flex e-con-boxed e-con e-parent\" data-id=\"4d84a68\" data-element_type=\"container\" data-e-type=\"container\" data-settings=\"{&quot;jet_parallax_layout_list&quot;:[]}\">\n\t\t\t\t\t<div class=\"e-con-inner\">\n\t\t<div class=\"elementor-element elementor-element-10d8b64 e-con-full animated-slow e-flex elementor-invisible e-con e-child\" data-id=\"10d8b64\" data-element_type=\"container\" data-e-type=\"container\" data-settings=\"{&quot;jet_parallax_layout_list&quot;:[],&quot;animation&quot;:&quot;fadeInUp&quot;}\">\n\t\t\t\t<div class=\"elementor-element elementor-element-9ba036d elementor-widget elementor-widget-image\" data-id=\"9ba036d\" data-element_type=\"widget\" data-e-type=\"widget\" data-widget_type=\"image.default\">\n\t\t\t\t<div class=\"elementor-widget-container\">\n\t\t\t\t\t\t\t\t\t\t\t\t\t\t\t\t<a href=\"https:\/\/programadestinosmexico.com\/en\/que-ver-y-hacer-en-cdmx\/\">\n\t\t\t\t\t\t\t<img loading=\"lazy\" decoding=\"async\" width=\"768\" height=\"512\" src=\"https:\/\/programadestinosmexico.com\/wp-content\/uploads\/2023\/05\/CDMX-2-768x512.jpeg\" class=\"attachment-medium_large size-medium_large wp-image-1739\" alt=\"\" srcset=\"https:\/\/programadestinosmexico.com\/wp-content\/uploads\/2023\/05\/CDMX-2-768x512.jpeg 768w, https:\/\/programadestinosmexico.com\/wp-content\/uploads\/2023\/05\/CDMX-2-300x200.jpeg 300w, https:\/\/programadestinosmexico.com\/wp-content\/uploads\/2023\/05\/CDMX-2-1024x683.jpeg 1024w, https:\/\/programadestinosmexico.com\/wp-content\/uploads\/2023\/05\/CDMX-2.jpeg 1417w\" sizes=\"(max-width: 768px) 100vw, 768px\" \/>\t\t\t\t\t\t\t\t<\/a>\n\t\t\t\t\t\t\t\t\t\t\t\t\t\t\t<\/div>\n\t\t\t\t<\/div>\n\t\t\t\t<\/div>\n\t\t<div class=\"elementor-element elementor-element-affe713 e-con-full animated-slow e-flex elementor-invisible e-con e-child\" data-id=\"affe713\" data-element_type=\"container\" data-e-type=\"container\" data-settings=\"{&quot;jet_parallax_layout_list&quot;:[],&quot;animation&quot;:&quot;fadeInRight&quot;}\">\n\t\t\t\t<div class=\"elementor-element elementor-element-e5b6814 elementor-widget elementor-widget-heading\" data-id=\"e5b6814\" data-element_type=\"widget\" data-e-type=\"widget\" data-widget_type=\"heading.default\">\n\t\t\t\t<div class=\"elementor-widget-container\">\n\t\t\t\t\t<h2 class=\"elementor-heading-title elementor-size-default\"><a href=\"https:\/\/programadestinosmexico.com\/en\/que-ver-y-hacer-en-cdmx\/\">WHAT TO SEE &amp; DO IN MEXICO CITY<\/a><\/h2>\t\t\t\t<\/div>\n\t\t\t\t<\/div>\n\t\t\t\t<div class=\"elementor-element elementor-element-ced173b elementor-widget elementor-widget-text-editor\" data-id=\"ced173b\" data-element_type=\"widget\" data-e-type=\"widget\" data-widget_type=\"text-editor.default\">\n\t\t\t\t<div class=\"elementor-widget-container\">\n\t\t\t\t\t\t\t\t\t<p>MODERN, FUN, COSMOPOLITAN, DIVERSE\u2026<\/p>\t\t\t\t\t\t\t\t<\/div>\n\t\t\t\t<\/div>\n\t\t\t\t<\/div>\n\t\t\t\t\t<\/div>\n\t\t\t\t<\/div>\n\t\t<div class=\"elementor-element elementor-element-11d1e14 e-flex e-con-boxed e-con e-parent\" data-id=\"11d1e14\" data-element_type=\"container\" data-e-type=\"container\" data-settings=\"{&quot;jet_parallax_layout_list&quot;:[],&quot;background_background&quot;:&quot;classic&quot;}\">\n\t\t\t\t\t<div class=\"e-con-inner\">\n\t\t<div class=\"elementor-element elementor-element-319802b e-con-full animated-slow e-flex elementor-invisible e-con e-child\" data-id=\"319802b\" data-element_type=\"container\" data-e-type=\"container\" data-settings=\"{&quot;jet_parallax_layout_list&quot;:[],&quot;animation&quot;:&quot;fadeInUp&quot;}\">\n\t\t\t\t<div class=\"elementor-element elementor-element-8870ad8 elementor-widget elementor-widget-image\" data-id=\"8870ad8\" data-element_type=\"widget\" data-e-type=\"widget\" data-widget_type=\"image.default\">\n\t\t\t\t<div class=\"elementor-widget-container\">\n\t\t\t\t\t\t\t\t\t\t\t\t\t\t\t\t<a href=\"https:\/\/programadestinosmexico.com\/en\/guias-turisticas-de-ciudad-de-mexico\/\">\n\t\t\t\t\t\t\t<img loading=\"lazy\" decoding=\"async\" width=\"800\" height=\"531\" src=\"https:\/\/programadestinosmexico.com\/wp-content\/uploads\/2023\/09\/CDMX-1024x680.jpg\" class=\"attachment-large size-large wp-image-12135\" alt=\"\" srcset=\"https:\/\/programadestinosmexico.com\/wp-content\/uploads\/2023\/09\/CDMX-1024x680.jpg 1024w, https:\/\/programadestinosmexico.com\/wp-content\/uploads\/2023\/09\/CDMX-300x199.jpg 300w, https:\/\/programadestinosmexico.com\/wp-content\/uploads\/2023\/09\/CDMX-768x510.jpg 768w, https:\/\/programadestinosmexico.com\/wp-content\/uploads\/2023\/09\/CDMX-1536x1020.jpg 1536w, https:\/\/programadestinosmexico.com\/wp-content\/uploads\/2023\/09\/CDMX-2048x1360.jpg 2048w\" sizes=\"(max-width: 800px) 100vw, 800px\" \/>\t\t\t\t\t\t\t\t<\/a>\n\t\t\t\t\t\t\t\t\t\t\t\t\t\t\t<\/div>\n\t\t\t\t<\/div>\n\t\t\t\t<\/div>\n\t\t<div class=\"elementor-element elementor-element-f4f37ee e-con-full animated-slow e-flex elementor-invisible e-con e-child\" data-id=\"f4f37ee\" data-element_type=\"container\" data-e-type=\"container\" data-settings=\"{&quot;jet_parallax_layout_list&quot;:[],&quot;animation&quot;:&quot;fadeInRight&quot;,&quot;background_background&quot;:&quot;classic&quot;}\">\n\t\t\t\t<div class=\"elementor-element elementor-element-3b2644d elementor-widget elementor-widget-heading\" data-id=\"3b2644d\" data-element_type=\"widget\" data-e-type=\"widget\" data-widget_type=\"heading.default\">\n\t\t\t\t<div class=\"elementor-widget-container\">\n\t\t\t\t\t<h2 class=\"elementor-heading-title elementor-size-default\"><a href=\"https:\/\/programadestinosmexico.com\/en\/guias-turisticas-de-ciudad-de-mexico\/\">Download your Free Travel Guide<\/a><\/h2>\t\t\t\t<\/div>\n\t\t\t\t<\/div>\n\t\t\t\t<div class=\"elementor-element elementor-element-bdf906d elementor-widget elementor-widget-text-editor\" data-id=\"bdf906d\" data-element_type=\"widget\" data-e-type=\"widget\" data-widget_type=\"text-editor.default\">\n\t\t\t\t<div class=\"elementor-widget-container\">\n\t\t\t\t\t\t\t\t\t<p>and enjoy an unforgettable vacation<\/p>\t\t\t\t\t\t\t\t<\/div>\n\t\t\t\t<\/div>\n\t\t\t\t<div class=\"elementor-element elementor-element-71352d5 elementor-widget elementor-widget-jet-button\" data-id=\"71352d5\" data-element_type=\"widget\" data-e-type=\"widget\" data-widget_type=\"jet-button.default\">\n\t\t\t\t<div class=\"elementor-widget-container\">\n\t\t\t\t\t<div class=\"elementor-jet-button jet-elements\"><div class=\"jet-button__container\">\n\t<a class=\"jet-button__instance jet-button__instance--icon-right hover-effect-0\" href=\"https:\/\/programadestinosmexico.com\/en\/guias-turisticas-de-ciudad-de-mexico\/\">\n\t\t<div class=\"jet-button__plane jet-button__plane-normal\"><\/div>\n\t\t<div class=\"jet-button__plane jet-button__plane-hover\"><\/div>\n\t\t<div class=\"jet-button__state jet-button__state-normal\">\n\t\t\t<span class=\"jet-button__icon jet-elements-icon\"><i aria-hidden=\"true\" class=\"fas fa-arrow-right\"><\/i><\/span><span class=\"jet-button__label\">Click Here<\/span>\t\t<\/div>\n\t\t<div class=\"jet-button__state jet-button__state-hover\">\n\t\t\t<span class=\"jet-button__icon jet-elements-icon\"><i aria-hidden=\"true\" class=\"fas fa-arrow-right\"><\/i><\/span><span class=\"jet-button__label\">Click Here<\/span>\t\t<\/div>\n\t<\/a>\n<\/div>\n<\/div>\t\t\t\t<\/div>\n\t\t\t\t<\/div>\n\t\t\t\t<\/div>\n\t\t\t\t\t<\/div>\n\t\t\t\t<\/div>\n\t\t\t\t<\/div>","protected":false},"excerpt":{"rendered":"<p>DESCUBRE LA ARQUITECTURA COLONIAL POR DESTINO Campeche Ciudad de M\u00e9xico Tlaxcala Norte Men\u00fa desplegable personalizable Baja California Sitios Misionales Baja California Sur Sitios Misionales Chihuahua Chihuahua Coahuila Saltillo Durango Durango Zacatecas Zacatecas Centro Men\u00fa desplegable personalizable Aguascalientes Aguascalientes Ciudad de M\u00e9xico Ciudad de M\u00e9xico Estado de M\u00e9xico Toluca Guanajuato Celaya Guanajuato Irapuato<\/p>","protected":false},"author":3,"featured_media":30021,"parent":0,"menu_order":0,"comment_status":"closed","ping_status":"closed","template":"","meta":{"om_disable_all_campaigns":false,"_monsterinsights_skip_tracking":false,"_monsterinsights_sitenote_active":false,"_monsterinsights_sitenote_note":"","_monsterinsights_sitenote_category":0,"footnotes":""},"class_list":["post-76980","page","type-page","status-publish","has-post-thumbnail","hentry"],"_links":{"self":[{"href":"https:\/\/programadestinosmexico.com\/en\/wp-json\/wp\/v2\/pages\/76980","targetHints":{"allow":["GET"]}}],"collection":[{"href":"https:\/\/programadestinosmexico.com\/en\/wp-json\/wp\/v2\/pages"}],"about":[{"href":"https:\/\/programadestinosmexico.com\/en\/wp-json\/wp\/v2\/types\/page"}],"author":[{"embeddable":true,"href":"https:\/\/programadestinosmexico.com\/en\/wp-json\/wp\/v2\/users\/3"}],"replies":[{"embeddable":true,"href":"https:\/\/programadestinosmexico.com\/en\/wp-json\/wp\/v2\/comments?post=76980"}],"version-history":[{"count":23,"href":"https:\/\/programadestinosmexico.com\/en\/wp-json\/wp\/v2\/pages\/76980\/revisions"}],"predecessor-version":[{"id":154391,"href":"https:\/\/programadestinosmexico.com\/en\/wp-json\/wp\/v2\/pages\/76980\/revisions\/154391"}],"wp:featuredmedia":[{"embeddable":true,"href":"https:\/\/programadestinosmexico.com\/en\/wp-json\/wp\/v2\/media\/30021"}],"wp:attachment":[{"href":"https:\/\/programadestinosmexico.com\/en\/wp-json\/wp\/v2\/media?parent=76980"}],"curies":[{"name":"wp","href":"https:\/\/api.w.org\/{rel}","templated":true}]}}