{"id":49299,"date":"2023-10-27T11:22:52","date_gmt":"2023-10-27T17:22:52","guid":{"rendered":"https:\/\/programadestinosmexico.com\/?page_id=49299"},"modified":"2025-03-03T18:38:28","modified_gmt":"2025-03-04T00:38:28","slug":"parques-recreativos-en-veracruz","status":"publish","type":"page","link":"https:\/\/programadestinosmexico.com\/en\/parques-recreativos-en-veracruz\/","title":{"rendered":"Parques Recreativos en Veracuz"},"content":{"rendered":"<div data-elementor-type=\"wp-post\" data-elementor-id=\"49299\" class=\"elementor elementor-49299\" data-elementor-post-type=\"page\">\n\t\t\t\t\t\t<section class=\"elementor-section elementor-top-section elementor-element elementor-element-abc5b90 elementor-section-full_width elementor-section-height-default elementor-section-height-default\" data-id=\"abc5b90\" data-element_type=\"section\" data-e-type=\"section\" data-settings=\"{&quot;jet_parallax_layout_list&quot;:[]}\">\n\t\t\t\t\t\t<div class=\"elementor-container elementor-column-gap-default\">\n\t\t\t\t\t<div class=\"elementor-column elementor-col-100 elementor-top-column elementor-element elementor-element-8fefff2\" data-id=\"8fefff2\" data-element_type=\"column\" data-e-type=\"column\">\n\t\t\t<div class=\"elementor-widget-wrap elementor-element-populated\">\n\t\t\t\t\t\t<div class=\"elementor-element elementor-element-590e44e elementor-hidden-mobile elementor-widget elementor-widget-jet-slider\" data-id=\"590e44e\" data-element_type=\"widget\" data-e-type=\"widget\" data-settings=\"{&quot;slider_height&quot;:{&quot;unit&quot;:&quot;px&quot;,&quot;size&quot;:400,&quot;sizes&quot;:[]},&quot;slider_height_tablet&quot;:{&quot;unit&quot;:&quot;px&quot;,&quot;size&quot;:&quot;&quot;,&quot;sizes&quot;:[]},&quot;slider_height_mobile&quot;:{&quot;unit&quot;:&quot;px&quot;,&quot;size&quot;:&quot;&quot;,&quot;sizes&quot;:[]}}\" data-widget_type=\"jet-slider.default\">\n\t\t\t\t<div class=\"elementor-widget-container\">\n\t\t\t\t\t<div class=\"elementor-jet-slider jet-elements\">\n<div class=\"jet-slider jet-slider__image-exact\" data-settings='{&quot;sliderWidth&quot;:1,&quot;sliderHeight&quot;:1,&quot;sliderNavigation&quot;:false,&quot;sliderNavigationIcon&quot;:&quot;jet-slider__arrow-icon-590e44e&quot;,&quot;sliderNaviOnHover&quot;:false,&quot;sliderPagination&quot;:false,&quot;sliderAutoplay&quot;:true,&quot;sliderAutoplayDelay&quot;:5000,&quot;sliderAutoplayOnHover&quot;:&quot;pause&quot;,&quot;sliderFullScreen&quot;:false,&quot;sliderFullscreenIcon&quot;:&quot;jet-slider__fullscreen-icon-590e44e&quot;,&quot;sliderShuffle&quot;:false,&quot;sliderLoop&quot;:true,&quot;sliderFadeMode&quot;:false,&quot;slideDistance&quot;:1,&quot;slideDuration&quot;:500,&quot;imageScaleMode&quot;:&quot;exact&quot;,&quot;thumbnails&quot;:false,&quot;thumbnailWidth&quot;:120,&quot;thumbnailHeight&quot;:80,&quot;rightToLeft&quot;:false,&quot;touchswipe&quot;:true,&quot;fractionPag&quot;:false,&quot;fractionPrefix&quot;:&quot;&quot;,&quot;fractionSeparator&quot;:&quot;\\\/&quot;,&quot;fractionSuffix&quot;:&quot;&quot;,&quot;autoSliderHeight&quot;:false}'>\n\t\n<div  class=\"slider-pro\">\n\t<div class=\"jet-slider__arrow-icon-590e44e hidden-html\"><\/div><div class=\"jet-slider__fullscreen-icon-590e44e hidden-html\"><\/div>\t<div class=\"jet-slider__items sp-slides\">\n\n\n<div  class=\"jet-slider__item sp-slide elementor-repeater-item-ac78bb5\"><img decoding=\"async\" class=\"sp-image\" src=\"https:\/\/programadestinosmexico.com\/wp-content\/uploads\/2023\/10\/Parques-Recreativos-en-Veracruz.jpg\" alt=\"Parques-Recreativos-en-Veracruz\" loading=\"lazy\"><div class=\"jet-slider__content sp-layer\" data-position=\"centerCenter\" data-width=\"100%\" data-height=\"100%\" data-horizontal=\"0%\" data-show-transition=\"up\" data-show-duration=\"400\" data-show-delay=\"400\" >\n\t\t<div class=\"jet-slider__content-item\">\n\t\t\t<div class=\"jet-slider__content-inner\"> \n\n\t\t\t\t\t\t<div class=\"jet-slider__button-wrapper\">\t\t\t\t\t\t<\/div><\/div>\n\t\t<\/div>\n\t\t\t<\/div>\n<\/div>\n\n<\/div>\n<\/div>\n<\/div>\n<\/div>\t\t\t\t<\/div>\n\t\t\t\t<\/div>\n\t\t\t\t\t<\/div>\n\t\t<\/div>\n\t\t\t\t\t<\/div>\n\t\t<\/section>\n\t\t\t\t<section class=\"elementor-section elementor-top-section elementor-element elementor-element-c7a1a00 elementor-section-full_width elementor-hidden-desktop elementor-hidden-tablet elementor-section-height-default elementor-section-height-default\" data-id=\"c7a1a00\" data-element_type=\"section\" data-e-type=\"section\" data-settings=\"{&quot;jet_parallax_layout_list&quot;:[]}\">\n\t\t\t\t\t\t<div class=\"elementor-container elementor-column-gap-default\">\n\t\t\t\t\t<div class=\"elementor-column elementor-col-100 elementor-top-column elementor-element elementor-element-3889963\" data-id=\"3889963\" data-element_type=\"column\" data-e-type=\"column\">\n\t\t\t<div class=\"elementor-widget-wrap elementor-element-populated\">\n\t\t\t\t\t\t<div class=\"elementor-element elementor-element-ee687c2 elementor-widget elementor-widget-jet-slider\" data-id=\"ee687c2\" data-element_type=\"widget\" data-e-type=\"widget\" data-settings=\"{&quot;slider_height&quot;:{&quot;unit&quot;:&quot;px&quot;,&quot;size&quot;:400,&quot;sizes&quot;:[]},&quot;slider_height_tablet&quot;:{&quot;unit&quot;:&quot;px&quot;,&quot;size&quot;:&quot;&quot;,&quot;sizes&quot;:[]},&quot;slider_height_mobile&quot;:{&quot;unit&quot;:&quot;px&quot;,&quot;size&quot;:&quot;&quot;,&quot;sizes&quot;:[]}}\" data-widget_type=\"jet-slider.default\">\n\t\t\t\t<div class=\"elementor-widget-container\">\n\t\t\t\t\t<div class=\"elementor-jet-slider jet-elements\">\n<div class=\"jet-slider jet-slider__image-exact\" data-settings='{&quot;sliderWidth&quot;:1,&quot;sliderHeight&quot;:1,&quot;sliderNavigation&quot;:false,&quot;sliderNavigationIcon&quot;:&quot;jet-slider__arrow-icon-ee687c2&quot;,&quot;sliderNaviOnHover&quot;:false,&quot;sliderPagination&quot;:false,&quot;sliderAutoplay&quot;:true,&quot;sliderAutoplayDelay&quot;:5000,&quot;sliderAutoplayOnHover&quot;:&quot;pause&quot;,&quot;sliderFullScreen&quot;:false,&quot;sliderFullscreenIcon&quot;:&quot;jet-slider__fullscreen-icon-ee687c2&quot;,&quot;sliderShuffle&quot;:false,&quot;sliderLoop&quot;:true,&quot;sliderFadeMode&quot;:false,&quot;slideDistance&quot;:1,&quot;slideDuration&quot;:500,&quot;imageScaleMode&quot;:&quot;exact&quot;,&quot;thumbnails&quot;:false,&quot;thumbnailWidth&quot;:120,&quot;thumbnailHeight&quot;:80,&quot;rightToLeft&quot;:false,&quot;touchswipe&quot;:true,&quot;fractionPag&quot;:false,&quot;fractionPrefix&quot;:&quot;&quot;,&quot;fractionSeparator&quot;:&quot;\\\/&quot;,&quot;fractionSuffix&quot;:&quot;&quot;,&quot;autoSliderHeight&quot;:false}'>\n\t\n<div  class=\"slider-pro\">\n\t<div class=\"jet-slider__arrow-icon-ee687c2 hidden-html\"><\/div><div class=\"jet-slider__fullscreen-icon-ee687c2 hidden-html\"><\/div>\t<div class=\"jet-slider__items sp-slides\">\n\n\n<div  class=\"jet-slider__item sp-slide elementor-repeater-item-ac78bb5\"><img decoding=\"async\" class=\"sp-image\" src=\"https:\/\/programadestinosmexico.com\/wp-content\/uploads\/2023\/10\/Parques-Recreativos-en-Veracruz.jpg\" alt=\"Parques-Recreativos-en-Veracruz\" loading=\"lazy\"><div class=\"jet-slider__content sp-layer\" data-position=\"centerCenter\" data-width=\"100%\" data-height=\"100%\" data-horizontal=\"0%\" data-show-transition=\"up\" data-show-duration=\"400\" data-show-delay=\"400\" >\n\t\t<div class=\"jet-slider__content-item\">\n\t\t\t<div class=\"jet-slider__content-inner\"> \n\n\t\t\t\t\t\t<div class=\"jet-slider__button-wrapper\">\t\t\t\t\t\t<\/div><\/div>\n\t\t<\/div>\n\t\t\t<\/div>\n<\/div>\n\n<\/div>\n<\/div>\n<\/div>\n<\/div>\t\t\t\t<\/div>\n\t\t\t\t<\/div>\n\t\t\t\t\t<\/div>\n\t\t<\/div>\n\t\t\t\t\t<\/div>\n\t\t<\/section>\n\t\t<div class=\"elementor-element elementor-element-bba4126 e-flex e-con-boxed elementor-invisible e-con e-parent\" data-id=\"bba4126\" data-element_type=\"container\" data-e-type=\"container\" data-settings=\"{&quot;jet_parallax_layout_list&quot;:[],&quot;animation&quot;:&quot;fadeInUp&quot;,&quot;background_background&quot;:&quot;gradient&quot;}\">\n\t\t\t\t\t<div class=\"e-con-inner\">\n\t\t\t\t<div class=\"elementor-element elementor-element-c9246fd elementor-widget elementor-widget-jet-accordion\" data-id=\"c9246fd\" data-element_type=\"widget\" data-e-type=\"widget\" data-widget_type=\"jet-accordion.default\">\n\t\t\t\t<div class=\"elementor-widget-container\">\n\t\t\t\t\t\t\t\t\t<div class=\"jet-accordion\" data-settings=\"{&quot;collapsible&quot;:false,&quot;ajaxTemplate&quot;:false,&quot;switchScrolling&quot;:false,&quot;switchScrollingOffset&quot;:0,&quot;switchScrollingDelay&quot;:500}\">\n\t\t\t<div class=\"jet-accordion__inner\">\n\t\t\t\t<div class=\"jet-accordion__item jet-toggle jet-toggle-move-up-effect\">\n\t\t\t\t\t\t\t<div id=\"jet-toggle-control-2101\" class=\"jet-toggle__control elementor-menu-anchor\" data-toggle=\"1\" role=\"button\" tabindex=\"0\" aria-controls=\"jet-toggle-content-2101\" aria-expanded=\"false\" data-template-id=\"12218\">\n\t\t\t\t\t\t\t\t<div class=\"jet-toggle__label-icon jet-toggle-icon-position-left\"><span class=\"jet-toggle__icon icon-normal jet-tabs-icon\"><i class=\"fas fa-plus\"><\/i><\/span><span class=\"jet-toggle__icon icon-active jet-tabs-icon\"><i class=\"fas fa-minus\"><\/i><\/span><\/div><div class=\"jet-toggle__label-text\">BEST WATER &amp; AMUSEMENT PARKS IN MEXICO<\/div>\t\t\t\t\t\t\t<\/div>\n\t\t\t\t\t\t\t<div id=\"jet-toggle-content-2101\" class=\"jet-toggle__content\" data-toggle=\"1\" role=\"region\" data-template-id=\"12218\">\n\t\t\t\t\t\t\t\t<div class=\"jet-toggle__content-inner\">\t\t<div data-elementor-type=\"section\" data-elementor-id=\"12218\" class=\"elementor elementor-12218\" data-elementor-post-type=\"elementor_library\">\n\t\t\t<div class=\"elementor-element elementor-element-b6c2d66 elementor-hidden-mobile e-flex e-con-boxed e-con e-parent\" data-id=\"b6c2d66\" data-element_type=\"container\" data-e-type=\"container\" data-settings=\"{&quot;jet_parallax_layout_list&quot;:[]}\">\n\t\t\t\t\t<div class=\"e-con-inner\">\n\t\t<div class=\"elementor-element elementor-element-1e971c0 e-con-full e-flex e-con e-child\" data-id=\"1e971c0\" data-element_type=\"container\" data-e-type=\"container\" data-settings=\"{&quot;background_background&quot;:&quot;classic&quot;,&quot;jet_parallax_layout_list&quot;:[]}\">\n\t\t<div class=\"elementor-element elementor-element-ff2c029 e-flex e-con-boxed e-con e-child\" data-id=\"ff2c029\" data-element_type=\"container\" data-e-type=\"container\" data-settings=\"{&quot;background_background&quot;:&quot;classic&quot;,&quot;jet_parallax_layout_list&quot;:[]}\">\n\t\t\t\t\t<div class=\"e-con-inner\">\n\t\t\t\t<div class=\"elementor-element elementor-element-d988250 elementor-widget elementor-widget-heading\" data-id=\"d988250\" data-element_type=\"widget\" data-e-type=\"widget\" data-widget_type=\"heading.default\">\n\t\t\t\t<div class=\"elementor-widget-container\">\n\t\t\t\t\t<h2 class=\"elementor-heading-title elementor-size-default\"><a href=\"https:\/\/programadestinosmexico.com\/golf\/los-cabos.html\"> Caribe Mexicano<\/a><\/h2>\t\t\t\t<\/div>\n\t\t\t\t<\/div>\n\t\t\t\t\t<\/div>\n\t\t\t\t<\/div>\n\t\t\t\t<div class=\"elementor-element elementor-element-bea81e0 elementor-widget elementor-widget-image\" data-id=\"bea81e0\" data-element_type=\"widget\" data-e-type=\"widget\" data-widget_type=\"image.default\">\n\t\t\t\t<div class=\"elementor-widget-container\">\n\t\t\t\t\t\t\t\t\t\t\t\t\t\t\t\t<a href=\"https:\/\/programadestinosmexico.com\/en\/parques-recreativos-en-caribe-mexicano\/\">\n\t\t\t\t\t\t\t<img fetchpriority=\"high\" decoding=\"async\" width=\"709\" height=\"471\" src=\"https:\/\/programadestinosmexico.com\/wp-content\/uploads\/2023\/09\/PARQUES-RECREATIVOS-QUINTANA-ROO.jpg\" class=\"attachment-medium_large size-medium_large wp-image-12219\" alt=\"\" srcset=\"https:\/\/programadestinosmexico.com\/wp-content\/uploads\/2023\/09\/PARQUES-RECREATIVOS-QUINTANA-ROO.jpg 709w, https:\/\/programadestinosmexico.com\/wp-content\/uploads\/2023\/09\/PARQUES-RECREATIVOS-QUINTANA-ROO-300x199.jpg 300w\" sizes=\"(max-width: 709px) 100vw, 709px\" \/>\t\t\t\t\t\t\t\t<\/a>\n\t\t\t\t\t\t\t\t\t\t\t\t\t\t\t<\/div>\n\t\t\t\t<\/div>\n\t\t<div class=\"elementor-element elementor-element-6a98043 e-flex e-con-boxed e-con e-child\" data-id=\"6a98043\" data-element_type=\"container\" data-e-type=\"container\" data-settings=\"{&quot;background_background&quot;:&quot;classic&quot;,&quot;jet_parallax_layout_list&quot;:[]}\">\n\t\t\t\t\t<div class=\"e-con-inner\">\n\t\t\t\t<div class=\"elementor-element elementor-element-ac197fa elementor-widget elementor-widget-heading\" data-id=\"ac197fa\" data-element_type=\"widget\" data-e-type=\"widget\" data-widget_type=\"heading.default\">\n\t\t\t\t<div class=\"elementor-widget-container\">\n\t\t\t\t\t<h2 class=\"elementor-heading-title elementor-size-default\"><a href=\"https:\/\/programadestinosmexico.com\/golf\/cancun.html\">Morelos<\/a><\/h2>\t\t\t\t<\/div>\n\t\t\t\t<\/div>\n\t\t\t\t\t<\/div>\n\t\t\t\t<\/div>\n\t\t\t\t<div class=\"elementor-element elementor-element-3865fdf elementor-widget elementor-widget-image\" data-id=\"3865fdf\" data-element_type=\"widget\" data-e-type=\"widget\" data-widget_type=\"image.default\">\n\t\t\t\t<div class=\"elementor-widget-container\">\n\t\t\t\t\t\t\t\t\t\t\t\t\t\t\t\t<a href=\"https:\/\/programadestinosmexico.com\/en\/parques-recreativos-en-morelos\/\">\n\t\t\t\t\t\t\t<img decoding=\"async\" width=\"709\" height=\"471\" src=\"https:\/\/programadestinosmexico.com\/wp-content\/uploads\/2023\/09\/PARQUES-RECREATIVOS-MORELOS.jpg\" class=\"attachment-medium_large size-medium_large wp-image-12223\" alt=\"\" srcset=\"https:\/\/programadestinosmexico.com\/wp-content\/uploads\/2023\/09\/PARQUES-RECREATIVOS-MORELOS.jpg 709w, https:\/\/programadestinosmexico.com\/wp-content\/uploads\/2023\/09\/PARQUES-RECREATIVOS-MORELOS-300x199.jpg 300w\" sizes=\"(max-width: 709px) 100vw, 709px\" \/>\t\t\t\t\t\t\t\t<\/a>\n\t\t\t\t\t\t\t\t\t\t\t\t\t\t\t<\/div>\n\t\t\t\t<\/div>\n\t\t<div class=\"elementor-element elementor-element-bccd6f5 e-flex e-con-boxed e-con e-child\" data-id=\"bccd6f5\" data-element_type=\"container\" data-e-type=\"container\" data-settings=\"{&quot;background_background&quot;:&quot;classic&quot;,&quot;jet_parallax_layout_list&quot;:[]}\">\n\t\t\t\t\t<div class=\"e-con-inner\">\n\t\t\t\t<div class=\"elementor-element elementor-element-8a418fa elementor-widget elementor-widget-heading\" data-id=\"8a418fa\" data-element_type=\"widget\" data-e-type=\"widget\" data-widget_type=\"heading.default\">\n\t\t\t\t<div class=\"elementor-widget-container\">\n\t\t\t\t\t<h2 class=\"elementor-heading-title elementor-size-default\">Chihuahua<\/h2>\t\t\t\t<\/div>\n\t\t\t\t<\/div>\n\t\t\t\t\t<\/div>\n\t\t\t\t<\/div>\n\t\t\t\t<div class=\"elementor-element elementor-element-55f8adf elementor-widget elementor-widget-image\" data-id=\"55f8adf\" data-element_type=\"widget\" data-e-type=\"widget\" data-widget_type=\"image.default\">\n\t\t\t\t<div class=\"elementor-widget-container\">\n\t\t\t\t\t\t\t\t\t\t\t\t\t\t\t\t<a href=\"https:\/\/programadestinosmexico.com\/en\/parques-recreativos-en-chihuahua\/\">\n\t\t\t\t\t\t\t<img decoding=\"async\" width=\"661\" height=\"439\" src=\"https:\/\/programadestinosmexico.com\/wp-content\/uploads\/2023\/09\/PARQUES-RECREATIVOS-CHIHUAHUA.jpg\" class=\"attachment-medium_large size-medium_large wp-image-12221\" alt=\"\" srcset=\"https:\/\/programadestinosmexico.com\/wp-content\/uploads\/2023\/09\/PARQUES-RECREATIVOS-CHIHUAHUA.jpg 661w, https:\/\/programadestinosmexico.com\/wp-content\/uploads\/2023\/09\/PARQUES-RECREATIVOS-CHIHUAHUA-300x199.jpg 300w\" sizes=\"(max-width: 661px) 100vw, 661px\" \/>\t\t\t\t\t\t\t\t<\/a>\n\t\t\t\t\t\t\t\t\t\t\t\t\t\t\t<\/div>\n\t\t\t\t<\/div>\n\t\t\t\t<\/div>\n\t\t<div class=\"elementor-element elementor-element-a88804c e-con-full e-flex e-con e-child\" data-id=\"a88804c\" data-element_type=\"container\" data-e-type=\"container\" data-settings=\"{&quot;background_background&quot;:&quot;classic&quot;,&quot;jet_parallax_layout_list&quot;:[]}\">\n\t\t<div class=\"elementor-element elementor-element-27feb50 e-flex e-con-boxed e-con e-child\" data-id=\"27feb50\" data-element_type=\"container\" data-e-type=\"container\" data-settings=\"{&quot;jet_parallax_layout_list&quot;:[]}\">\n\t\t\t\t\t<div class=\"e-con-inner\">\n\t\t<div class=\"elementor-element elementor-element-f6fe60a e-con-full e-flex e-con e-child\" data-id=\"f6fe60a\" data-element_type=\"container\" data-e-type=\"container\" data-settings=\"{&quot;jet_parallax_layout_list&quot;:[]}\">\n\t\t\t\t<div class=\"elementor-element elementor-element-550d8dd elementor-widget elementor-widget-heading\" data-id=\"550d8dd\" data-element_type=\"widget\" data-e-type=\"widget\" data-widget_type=\"heading.default\">\n\t\t\t\t<div class=\"elementor-widget-container\">\n\t\t\t\t\t<h2 class=\"elementor-heading-title elementor-size-default\">Northern Mexico<\/h2>\t\t\t\t<\/div>\n\t\t\t\t<\/div>\n\t\t\t\t<div class=\"elementor-element elementor-element-7d5ffa1 elementor-widget elementor-widget-html\" data-id=\"7d5ffa1\" data-element_type=\"widget\" data-e-type=\"widget\" data-widget_type=\"html.default\">\n\t\t\t\t<div class=\"elementor-widget-container\">\n\t\t\t\t\t<!DOCTYPE html>\n<html lang=\"es\">\n<head>\n<meta charset=\"UTF-8\">\n<meta name=\"viewport\" content=\"width=device-width, initial-scale=1.0\">\n<title>Men\u00fa desplegable personalizable<\/title>\n<link rel=\"stylesheet\" href=\"https:\/\/cdnjs.cloudflare.com\/ajax\/libs\/font-awesome\/6.0.0-beta3\/css\/all.min.css\" crossorigin=\"anonymous\" \/>\n<style>\n  body {\n    font-family: Arial, sans-serif;\n  }\n\n  .menu-principal {\n    list-style-type: none;\n    margin: 0;\n    padding: 0;\n    background-color: #33333300;\n    width: 200px;\n  }\n\n  .menu-item {\n    position: relative;\n  }\n\n  .menu-item a {\n    display: block;\n    padding: 8px 16px;\n    color: #5E5E5E;\n    text-decoration: none;\n    line-height: 14px; \/* Cambiado aqu\u00ed *\/\n  }\n\n  .menu-item a:hover {\n    background-color: #11111100;\n    color: #B7BEA0;\n  }\n\n  .sub-menu {\n    display: none;\n    position: relative;\n    list-style-type: none;\n    margin: 0;\n    padding: 0;\n    background-color: #33333300;\n    width: 100%;\n  }\n\n  .sub-menu a {\n    padding: 8px 16px;\n    color: #5E5E5E;\n    text-decoration: none;\n    line-height: 14px; \/* Cambiado aqu\u00ed *\/\n  }\n\n  .sub-menu a:hover {\n    background-color: #11111100;\n    color: #B7BEA0;\n  }\n\n  .menu-item:hover .sub-menu {\n    display: block;\n  }\n\n<\/style>\n<\/head>\n<body>\n\n<ul class=\"menu-principal\">\n  <li class=\"menu-item\">\n    <a href=\"https:\/\/programadestinosmexico.com\/en\/parques-recreativos-en-baja-california\/\">Baja California <i class=\"fas fa-angle-right desplegable\"><\/i><\/a>\n    <ul class=\"sub-menu\">\n      <li><a href=\"https:\/\/programadestinosmexico.com\/en\/parques-recreativos-en-baja-california\/\">Ensenada<\/a><\/li>\n      <li><a href=\"https:\/\/programadestinosmexico.com\/en\/parques-recreativos-en-baja-california\/\">Mexicali<\/a><\/li>\n      <li><a href=\"https:\/\/programadestinosmexico.com\/en\/parques-recreativos-en-baja-california\/\">Rosarito<\/a><\/li>\n      <li><a href=\"https:\/\/programadestinosmexico.com\/en\/parques-recreativos-en-baja-california\/\">Tecate<\/a><\/li>\n      <li><a href=\"https:\/\/programadestinosmexico.com\/en\/parques-recreativos-en-baja-california\/\">Tijuana<\/a><\/li>\n      <li><a href=\"https:\/\/programadestinosmexico.com\/en\/parques-recreativos-en-baja-california\/\">Valle de Guadalupe<\/a><\/li>\n      <!-- Agrega m\u00e1s elementos de submen\u00fa aqu\u00ed -->\n    <\/ul>\n  <\/li>\n  <li class=\"menu-item\">\n    <a href=\"https:\/\/programadestinosmexico.com\/en\/parques-recreativos-en-baja-california-sur\/\">Baja California Sur <i class=\"fas fa-angle-right desplegable\"><\/i><\/a>\n    <ul class=\"sub-menu\">\n      <li><a href=\"https:\/\/programadestinosmexico.com\/en\/parques-recreativos-en-baja-california-sur\/\">La Paz<\/a><\/li>\n      <li><a href=\"https:\/\/programadestinosmexico.com\/en\/parques-recreativos-en-baja-california-sur\/\">Los Cabos<\/a><\/li>\n      <!-- Agrega m\u00e1s elementos de submen\u00fa aqu\u00ed -->\n    <\/ul>\n  <\/li>\n<li class=\"menu-item\">\n  <a href=\"https:\/\/programadestinosmexico.com\/en\/parques-recreativos-en-chihuahua\/\">Chihuahua <i class=\"fas fa-angle-right desplegable\"><\/i><\/a>\n  <ul class=\"sub-menu\">\n    <li><a href=\"https:\/\/programadestinosmexico.com\/en\/parques-recreativos-en-chihuahua\/\">Copper Canyon<\/a><\/li>\n    <li><a href=\"https:\/\/programadestinosmexico.com\/en\/parques-recreativos-en-chihuahua\/\">Camargo<\/a><\/li>\n    <li><a href=\"https:\/\/programadestinosmexico.com\/en\/parques-recreativos-en-chihuahua\/\">Chihuahua<\/a><\/li>\n    <li><a href=\"https:\/\/programadestinosmexico.com\/en\/parques-recreativos-en-chihuahua\/\">Ciudad Ju\u00e1rez<\/a><\/li>\n    <li><a href=\"https:\/\/programadestinosmexico.com\/en\/parques-recreativos-en-chihuahua\/\">Delicias<\/a><\/li>\n    <li><a href=\"https:\/\/programadestinosmexico.com\/en\/parques-recreativos-en-chihuahua\/\">Hidalgo del Parral<\/a><\/li>\n    <!-- Agrega m\u00e1s elementos de submen\u00fa aqu\u00ed -->\n  <\/ul>\n<\/li>\n<li class=\"menu-item\">\n  <a href=\"https:\/\/programadestinosmexico.com\/en\/parques-recreativos-en-coahuila\/\">Coahuila <i class=\"fas fa-angle-right desplegable\"><\/i><\/a>\n  <ul class=\"sub-menu\">\n    <li><a href=\"https:\/\/programadestinosmexico.com\/en\/parques-recreativos-en-coahuila\/\">Cuatro Ci\u00e9negas<\/a><\/li>\n    <li><a href=\"https:\/\/programadestinosmexico.com\/en\/parques-recreativos-en-coahuila\/\">Monclova<\/a><\/li>\n    <li><a href=\"https:\/\/programadestinosmexico.com\/en\/parques-recreativos-en-coahuila\/\">M\u00fazquiz<\/a><\/li>\n    <li><a href=\"https:\/\/programadestinosmexico.com\/en\/parques-recreativos-en-coahuila\/\">Parras de la Fuente<\/a><\/li>\n    <li><a href=\"https:\/\/programadestinosmexico.com\/en\/parques-recreativos-en-coahuila\/\">Piedras Negras<\/a><\/li>\n    <li><a href=\"https:\/\/programadestinosmexico.com\/en\/parques-recreativos-en-coahuila\/\">Saltillo<\/a><\/li>\n    <li><a href=\"https:\/\/programadestinosmexico.com\/en\/parques-recreativos-en-coahuila\/\">Torre\u00f3n<\/a><\/li>\n    <!-- Agrega m\u00e1s elementos de submen\u00fa aqu\u00ed -->\n  <\/ul>\n<\/li>\n<li class=\"menu-item\">\n  <a href=\"https:\/\/programadestinosmexico.com\/en\/parques-recreativos-en-durango\/\">Durango <i class=\"fas fa-angle-right desplegable\"><\/i><\/a>\n  <ul class=\"sub-menu\">\n    <li><a href=\"https:\/\/programadestinosmexico.com\/en\/parques-recreativos-en-durango\/\">Durango<\/a><\/li>\n    <!-- Agrega m\u00e1s elementos de submen\u00fa aqu\u00ed -->\n  <\/ul>\n<\/li>\n<li class=\"menu-item\">\n  <a href=\"https:\/\/programadestinosmexico.com\/en\/parques-recreativos-en-nuevo-leon\/\">Nuevo Le\u00f3n <i class=\"fas fa-angle-right desplegable\"><\/i><\/a>\n  <ul class=\"sub-menu\">\n    <li><a href=\"https:\/\/programadestinosmexico.com\/en\/parques-recreativos-en-nuevo-leon\/\">Monterrey<\/a><\/li>\n    <!-- Agrega m\u00e1s elementos de submen\u00fa aqu\u00ed -->\n  <\/ul>\n<\/li>\n<li class=\"menu-item\">\n  <a href=\"https:\/\/programadestinosmexico.com\/en\/parques-recreativos-en-sinaloa\/\">Sinaloa <i class=\"fas fa-angle-right desplegable\"><\/i><\/a>\n  <ul class=\"sub-menu\">\n    <li><a href=\"https:\/\/programadestinosmexico.com\/en\/parques-recreativos-en-sinaloa\/\">Culiac\u00e1n<\/a><\/li>\n    <li><a href=\"https:\/\/programadestinosmexico.com\/en\/parques-recreativos-en-sinaloa\/\">Los Mochis<\/a><\/li>\n    <li><a href=\"https:\/\/programadestinosmexico.com\/en\/parques-recreativos-en-sinaloa\/\">Mazatl\u00e1n<\/a><\/li>\n    <!-- Agrega m\u00e1s elementos de submen\u00fa aqu\u00ed -->\n  <\/ul>\n<\/li>\n<li class=\"menu-item\">\n  <a href=\"https:\/\/programadestinosmexico.com\/en\/parques-recreativos-en-sonora\/\">Sonora <i class=\"fas fa-angle-right desplegable\"><\/i><\/a>\n  <ul class=\"sub-menu\">\n    <li><a href=\"https:\/\/programadestinosmexico.com\/en\/parques-recreativos-en-sonora\/\">Ciudad Obreg\u00f3n<\/a><\/li>\n    <li><a href=\"https:\/\/programadestinosmexico.com\/en\/parques-recreativos-en-sonora\/\">Guaymas-San Carlos<\/a><\/li>\n    <li><a href=\"https:\/\/programadestinosmexico.com\/en\/parques-recreativos-en-sonora\/\">Hermosillo<\/a><\/li>\n    <!-- Agrega m\u00e1s elementos de submen\u00fa aqu\u00ed -->\n  <\/ul>\n<\/li>\n<li class=\"menu-item\">\n  <a href=\"https:\/\/programadestinosmexico.com\/en\/parques-recreativos-en-tamaulipas\/\">Tamaulipas <i class=\"fas fa-angle-right desplegable\"><\/i><\/a>\n  <ul class=\"sub-menu\">\n    <li><a href=\"https:\/\/programadestinosmexico.com\/en\/parques-recreativos-en-tamaulipas\/\">Ciudad Victoria<\/a><\/li>\n    <li><a href=\"https:\/\/programadestinosmexico.com\/en\/parques-recreativos-en-tamaulipas\/\">Matamoros<\/a><\/li>\n    <li><a href=\"https:\/\/programadestinosmexico.com\/en\/parques-recreativos-en-tamaulipas\/\">Nuevo Laredo<\/a><\/li>\n    <li><a href=\"https:\/\/programadestinosmexico.com\/en\/parques-recreativos-en-tamaulipas\/\">Tampico<\/a><\/li>\n    <li><a href=\"https:\/\/programadestinosmexico.com\/en\/parques-recreativos-en-tamaulipas\/\">Tula<\/a><\/li>\n    <!-- Agrega m\u00e1s elementos de submen\u00fa aqu\u00ed -->\n  <\/ul>\n<\/li>\n<li class=\"menu-item\">\n  <a href=\"https:\/\/programadestinosmexico.com\/en\/parques-recreativos-en-zacatecas\/\">Zacatecas <i class=\"fas fa-angle-right desplegable\"><\/i><\/a>\n  <ul class=\"sub-menu\">\n    <li><a href=\"https:\/\/programadestinosmexico.com\/en\/parques-recreativos-en-zacatecas\/\">Fresnillo<\/a><\/li>\n    <li><a href=\"https:\/\/programadestinosmexico.com\/en\/parques-recreativos-en-zacatecas\/\">Jerez de Garc\u00eda Salinas<\/a><\/li>\n    <li><a href=\"https:\/\/programadestinosmexico.com\/en\/parques-recreativos-en-zacatecas\/\">Nochistl\u00e1n<\/a><\/li>\n    <li><a href=\"https:\/\/programadestinosmexico.com\/en\/parques-recreativos-en-zacatecas\/\">Zacatecas<\/a><\/li>\n    <!-- Agrega m\u00e1s elementos de submen\u00fa aqu\u00ed -->\n  <\/ul>\n<\/li>\n<\/ul>\n\n<script>\n  const menuItems = document.querySelectorAll(\".menu-item\");\n  \n  menuItems.forEach(menuItem => {\n    menuItem.addEventListener(\"mouseenter\", () => {\n      const icono = menuItem.querySelector(\".desplegable\");\n      if (icono) {\n        icono.classList.remove(\"fa-angle-right\");\n        icono.classList.add(\"fa-angle-down\");\n      }\n    });\n\n    menuItem.addEventListener(\"mouseleave\", () => {\n      const icono = menuItem.querySelector(\".desplegable\");\n      if (icono) {\n        icono.classList.remove(\"fa-angle-down\");\n        icono.classList.add(\"fa-angle-right\");\n      }\n    });\n  });\n<\/script>\n<\/body>\n<\/html>\n\t\t\t\t<\/div>\n\t\t\t\t<\/div>\n\t\t\t\t<\/div>\n\t\t<div class=\"elementor-element elementor-element-51ae848 e-con-full e-flex e-con e-child\" data-id=\"51ae848\" data-element_type=\"container\" data-e-type=\"container\" data-settings=\"{&quot;jet_parallax_layout_list&quot;:[]}\">\n\t\t\t\t<div class=\"elementor-element elementor-element-b6480d7 elementor-widget elementor-widget-heading\" data-id=\"b6480d7\" data-element_type=\"widget\" data-e-type=\"widget\" data-widget_type=\"heading.default\">\n\t\t\t\t<div class=\"elementor-widget-container\">\n\t\t\t\t\t<h2 class=\"elementor-heading-title elementor-size-default\">Central Mexico<\/h2>\t\t\t\t<\/div>\n\t\t\t\t<\/div>\n\t\t\t\t<div class=\"elementor-element elementor-element-d32f9cc elementor-widget elementor-widget-html\" data-id=\"d32f9cc\" data-element_type=\"widget\" data-e-type=\"widget\" data-widget_type=\"html.default\">\n\t\t\t\t<div class=\"elementor-widget-container\">\n\t\t\t\t\t<!DOCTYPE html>\n<html lang=\"es\">\n<head>\n<meta charset=\"UTF-8\">\n<meta name=\"viewport\" content=\"width=device-width, initial-scale=1.0\">\n<title>Men\u00fa desplegable personalizable<\/title>\n<link rel=\"stylesheet\" href=\"https:\/\/cdnjs.cloudflare.com\/ajax\/libs\/font-awesome\/6.0.0-beta3\/css\/all.min.css\" crossorigin=\"anonymous\" \/>\n<style>\n  body {\n    font-family: Arial, sans-serif;\n  }\n\n  .menu-principal {\n    list-style-type: none;\n    margin: 0;\n    padding: 0;\n    background-color: #33333300;\n    width: 200px;\n  }\n\n  .menu-item {\n    position: relative;\n  }\n\n  .menu-item a {\n    display: block;\n    padding: 8px 16px;\n    color: #5E5E5E;\n    text-decoration: none;\n    line-height: 14px; \/* Cambiado aqu\u00ed *\/\n  }\n\n  .menu-item a:hover {\n    background-color: #11111100;\n    color: #B7BEA0;\n  }\n\n  .sub-menu {\n    display: none;\n    position: relative;\n    list-style-type: none;\n    margin: 0;\n    padding: 0;\n    background-color: #33333300;\n    width: 100%;\n  }\n\n  .sub-menu a {\n    padding: 8px 16px;\n    color: #5E5E5E;\n    text-decoration: none;\n    line-height: 14px; \/* Cambiado aqu\u00ed *\/\n  }\n\n  .sub-menu a:hover {\n    background-color: #11111100;\n    color: #B7BEA0;\n  }\n\n  .menu-item:hover .sub-menu {\n    display: block;\n  }\n\n<\/style>\n<\/head>\n<body>\n\n<ul class=\"menu-principal\">\n  <li class=\"menu-item\">\n    <a href=\"https:\/\/programadestinosmexico.com\/en\/parques-recreativos-en-aguascalientes\/\">Aguascalientes <i class=\"fas fa-angle-right desplegable\"><\/i><\/a>\n    <ul class=\"sub-menu\">\n      <li><a href=\"https:\/\/programadestinosmexico.com\/en\/parques-recreativos-en-aguascalientes\/\">Aguascalientes<\/a><\/li>\n      <li><a href=\"https:\/\/programadestinosmexico.com\/en\/parques-recreativos-en-aguascalientes\/\">Calvillo<\/a><\/li>\n      <li><a href=\"https:\/\/programadestinosmexico.com\/en\/parques-recreativos-en-aguascalientes\/\">San Jos\u00e9 de Gracia<\/a><\/li>\n      <!-- Agrega m\u00e1s elementos de submen\u00fa aqu\u00ed -->\n    <\/ul>\n  <\/li>\n<li class=\"menu-item\">\n  <a href=\"https:\/\/programadestinosmexico.com\/en\/parques-recreativos-en-la-ciudad-de-mexico\/\">Mexico City <i class=\"fas fa-angle-right desplegable\"><\/i><\/a>\n  <ul class=\"sub-menu\">\n    <li><a href=\"https:\/\/programadestinosmexico.com\/en\/parques-recreativos-en-la-ciudad-de-mexico\/\">Mexico City<\/a><\/li>\n    <!-- Agrega m\u00e1s elementos de submen\u00fa aqu\u00ed -->\n  <\/ul>\n<\/li>\n<li class=\"menu-item\">\n  <a href=\"https:\/\/programadestinosmexico.com\/en\/parques-recreativos-en-colima\/\">Colima <i class=\"fas fa-angle-right desplegable\"><\/i><\/a>\n  <ul class=\"sub-menu\">\n    <li><a href=\"https:\/\/programadestinosmexico.com\/en\/parques-recreativos-en-colima\/\">Colima<\/a><\/li>\n    <li><a href=\"https:\/\/programadestinosmexico.com\/en\/parques-recreativos-en-colima\/\">Comala<\/a><\/li>\n    <li><a href=\"https:\/\/programadestinosmexico.com\/en\/parques-recreativos-en-colima\/\">Manzanillo<\/a><\/li>\n    <li><a href=\"https:\/\/programadestinosmexico.com\/en\/parques-recreativos-en-colima\/\">Tecom\u00e1n<\/a><\/li>\n    <!-- Agrega m\u00e1s elementos de submen\u00fa aqu\u00ed -->\n  <\/ul>\n<\/li>\n<li class=\"menu-item\">\n  <a href=\"https:\/\/programadestinosmexico.com\/en\/parques-recreativos-en-el-estado-de-mexico\/\">Estado de M\u00e9xico <i class=\"fas fa-angle-right desplegable\"><\/i><\/a>\n  <ul class=\"sub-menu\">\n    <li><a href=\"https:\/\/programadestinosmexico.com\/en\/parques-recreativos-en-el-estado-de-mexico\/\">Aculco<\/a><\/li>\n    <li><a href=\"https:\/\/programadestinosmexico.com\/en\/parques-recreativos-en-el-estado-de-mexico\/\">Ixtapan de la Sal<\/a><\/li>\n    <li><a href=\"https:\/\/programadestinosmexico.com\/en\/parques-recreativos-en-el-estado-de-mexico\/\">Malinalco<\/a><\/li>\n    <li><a href=\"https:\/\/programadestinosmexico.com\/en\/parques-recreativos-en-el-estado-de-mexico\/\">Metepec<\/a><\/li>\n    <li><a href=\"https:\/\/programadestinosmexico.com\/en\/parques-recreativos-en-el-estado-de-mexico\/\">Teotihuac\u00e1n<\/a><\/li>\n    <li><a href=\"https:\/\/programadestinosmexico.com\/en\/parques-recreativos-en-el-estado-de-mexico\/\">Tepotzotl\u00e1n<\/a><\/li>\n    <li><a href=\"https:\/\/programadestinosmexico.com\/en\/parques-recreativos-en-el-estado-de-mexico\/\">Toluca<\/a><\/li>\n    <li><a href=\"https:\/\/programadestinosmexico.com\/en\/parques-recreativos-en-el-estado-de-mexico\/\">Tonatico<\/a><\/li>\n    <li><a href=\"https:\/\/programadestinosmexico.com\/en\/parques-recreativos-en-el-estado-de-mexico\/\">Valle de Bravo<\/a><\/li>\n    <li><a href=\"https:\/\/programadestinosmexico.com\/en\/parques-recreativos-en-el-estado-de-mexico\/\">Zona Conurbada<\/a><\/li>\n    <!-- Agrega m\u00e1s elementos de submen\u00fa aqu\u00ed -->\n  <\/ul>\n<\/li>\n<li class=\"menu-item\">\n  <a href=\"https:\/\/programadestinosmexico.com\/en\/parques-recreativos-en-guanajuato\/\">Guanajuato <i class=\"fas fa-angle-right desplegable\"><\/i><\/a>\n  <ul class=\"sub-menu\">\n    <li><a href=\"https:\/\/programadestinosmexico.com\/en\/parques-recreativos-en-guanajuato\/\">Celaya<\/a><\/li>\n    <li><a href=\"https:\/\/programadestinosmexico.com\/en\/parques-recreativos-en-guanajuato\/\">Guanajuato<\/a><\/li>\n    <li><a href=\"https:\/\/programadestinosmexico.com\/en\/parques-recreativos-en-guanajuato\/\">Irapuato<\/a><\/li>\n    <li><a href=\"https:\/\/programadestinosmexico.com\/en\/parques-recreativos-en-guanajuato\/\">Le\u00f3n<\/a><\/li>\n    <li><a href=\"https:\/\/programadestinosmexico.com\/en\/parques-recreativos-en-guanajuato\/\">Salamanca<\/a><\/li>\n    <li><a href=\"https:\/\/programadestinosmexico.com\/en\/parques-recreativos-en-guanajuato\/\">San Jos\u00e9 Iturbide<\/a><\/li>\n    <li><a href=\"https:\/\/programadestinosmexico.com\/en\/parques-recreativos-en-guanajuato\/\">San Miguel de Allende<\/a><\/li>\n    <li><a href=\"https:\/\/programadestinosmexico.com\/en\/parques-recreativos-en-guanajuato\/\">Silao<\/a><\/li>\n    <li><a href=\"https:\/\/programadestinosmexico.com\/en\/parques-recreativos-en-guanajuato\/\">Yuriria<\/a><\/li>\n    <!-- Agrega m\u00e1s elementos de submen\u00fa aqu\u00ed -->\n  <\/ul>\n<\/li>\n<li class=\"menu-item\">\n  <a href=\"https:\/\/programadestinosmexico.com\/en\/parques-recreativos-en-hidalgo\/\">Hidalgo <i class=\"fas fa-angle-right desplegable\"><\/i><\/a>\n  <ul class=\"sub-menu\">\n    <li><a href=\"https:\/\/programadestinosmexico.com\/en\/parques-recreativos-en-hidalgo\/\">Huasca de Ocampo<\/a><\/li>\n    <li><a href=\"https:\/\/programadestinosmexico.com\/en\/parques-recreativos-en-hidalgo\/\">Huejutla<\/a><\/li>\n    <li><a href=\"https:\/\/programadestinosmexico.com\/en\/parques-recreativos-en-hidalgo\/\">Huichapan<\/a><\/li>\n    <li><a href=\"https:\/\/programadestinosmexico.com\/en\/parques-recreativos-en-hidalgo\/\">Mineral del Chico<\/a><\/li>\n    <li><a href=\"https:\/\/programadestinosmexico.com\/en\/parques-recreativos-en-hidalgo\/\">Pachuca<\/a><\/li>\n    <li><a href=\"https:\/\/programadestinosmexico.com\/en\/parques-recreativos-en-hidalgo\/\">Tecozautla<\/a><\/li>\n    <li><a href=\"https:\/\/programadestinosmexico.com\/en\/parques-recreativos-en-hidalgo\/\">Zimapan<\/a><\/li>\n    <!-- Agrega m\u00e1s elementos de submen\u00fa aqu\u00ed -->\n  <\/ul>\n<\/li>\n<li class=\"menu-item\">\n  <a href=\"https:\/\/programadestinosmexico.com\/en\/parques-recreativos-en-jalisco\/\">Jalisco <i class=\"fas fa-angle-right desplegable\"><\/i><\/a>\n  <ul class=\"sub-menu\">\n    <li><a href=\"https:\/\/programadestinosmexico.com\/en\/parques-recreativos-en-jalisco\/\">Guadalajara<\/a><\/li>\n    <li><a href=\"https:\/\/programadestinosmexico.com\/en\/parques-recreativos-en-jalisco\/\">Lagos de Moreno<\/a><\/li>\n    <li><a href=\"https:\/\/programadestinosmexico.com\/en\/parques-recreativos-en-jalisco\/\">Mazamitla<\/a><\/li>\n    <li><a href=\"https:\/\/programadestinosmexico.com\/en\/parques-recreativos-en-jalisco\/\">Puerto Vallarta<\/a><\/li>\n    <li><a href=\"https:\/\/programadestinosmexico.com\/en\/parques-recreativos-en-jalisco\/\">Ribera de Chapala<\/a><\/li>\n    <li><a href=\"https:\/\/programadestinosmexico.com\/en\/parques-recreativos-en-jalisco\/\">Tapalpa<\/a><\/li>\n    <li><a href=\"https:\/\/programadestinosmexico.com\/en\/parques-recreativos-en-jalisco\/\">Tequila<\/a><\/li>\n    <!-- Agrega m\u00e1s elementos de submen\u00fa aqu\u00ed -->\n  <\/ul>\n<\/li>\n<li class=\"menu-item\">\n  <a href=\"https:\/\/programadestinosmexico.com\/en\/parques-recreativos-en-michoacan\/\">Michoac\u00e1n <i class=\"fas fa-angle-right desplegable\"><\/i><\/a>\n  <ul class=\"sub-menu\">\n    <li><a href=\"https:\/\/programadestinosmexico.com\/en\/parques-recreativos-en-michoacan\/\">Cuitzeo<\/a><\/li>\n    <li><a href=\"https:\/\/programadestinosmexico.com\/en\/parques-recreativos-en-michoacan\/\">Morelia<\/a><\/li>\n    <li><a href=\"https:\/\/programadestinosmexico.com\/en\/parques-recreativos-en-michoacan\/\">Tlalpujahua<\/a><\/li>\n    <li><a href=\"https:\/\/programadestinosmexico.com\/en\/parques-recreativos-en-michoacan\/\">Uruapan<\/a><\/li>\n    <li><a href=\"https:\/\/programadestinosmexico.com\/en\/parques-recreativos-en-michoacan\/\">Zamora<\/a><\/li>\n    <li><a href=\"https:\/\/programadestinosmexico.com\/en\/parques-recreativos-en-michoacan\/\">Zirahu\u00e9n<\/a><\/li>\n    <li><a href=\"https:\/\/programadestinosmexico.com\/en\/parques-recreativos-en-michoacan\/\">Zit\u00e1cuaro<\/a><\/li>\n    <!-- Agrega m\u00e1s elementos de submen\u00fa aqu\u00ed -->\n  <\/ul>\n<\/li>\n<li class=\"menu-item\">\n  <a href=\"https:\/\/programadestinosmexico.com\/en\/parques-recreativos-en-morelos\/\">Morelos <i class=\"fas fa-angle-right desplegable\"><\/i><\/a>\n  <ul class=\"sub-menu\">\n    <li><a href=\"https:\/\/programadestinosmexico.com\/en\/parques-recreativos-en-morelos\/\">Cuautla<\/a><\/li>\n    <li><a href=\"https:\/\/programadestinosmexico.com\/en\/parques-recreativos-en-morelos\/\">Cuernavaca<\/a><\/li>\n    <li><a href=\"https:\/\/programadestinosmexico.com\/en\/parques-recreativos-en-morelos\/\">Tepoztl\u00e1n<\/a><\/li>\n    <li><a href=\"https:\/\/programadestinosmexico.com\/en\/parques-recreativos-en-morelos\/\">Tequesquitengo<\/a><\/li>\n    <li><a href=\"https:\/\/programadestinosmexico.com\/en\/parques-recreativos-en-morelos\/\">Tlayacapan<\/a><\/li>\n\n    <!-- Agrega m\u00e1s elementos de submen\u00fa aqu\u00ed -->\n  <\/ul>\n<\/li>\n<li class=\"menu-item\">\n  <a href=\"https:\/\/programadestinosmexico.com\/en\/parques-recreativos-en-nayarit\/\">Nayarit <i class=\"fas fa-angle-right desplegable\"><\/i><\/a>\n  <ul class=\"sub-menu\">\n    <li><a href=\"https:\/\/programadestinosmexico.com\/en\/parques-recreativos-en-nayarit\/\">Acaponeta<\/a><\/li>\n    <li><a href=\"https:\/\/programadestinosmexico.com\/en\/parques-recreativos-en-nayarit\/\">Compostela<\/a><\/li>\n    <li><a href=\"https:\/\/programadestinosmexico.com\/en\/parques-recreativos-en-nayarit\/\">Ixtl\u00e1n del R\u00edo<\/a><\/li>\n    <li><a href=\"https:\/\/programadestinosmexico.com\/en\/parques-recreativos-en-nayarit\/\">Jala<\/a><\/li>\n    <li><a href=\"https:\/\/programadestinosmexico.com\/en\/parques-recreativos-en-nayarit\/\">Riviera Nayarit<\/a><\/li>\n    <li><a href=\"https:\/\/programadestinosmexico.com\/en\/parques-recreativos-en-nayarit\/\">San Bl\u00e1s<\/a><\/li>\n    <li><a href=\"https:\/\/programadestinosmexico.com\/en\/parques-recreativos-en-nayarit\/\">Tepic<\/a><\/li>\n    <!-- Agrega m\u00e1s elementos de submen\u00fa aqu\u00ed -->\n  <\/ul>\n<\/li>\n<li class=\"menu-item\">\n  <a href=\"https:\/\/programadestinosmexico.com\/en\/parques-recreativos-en-puebla\/\">Puebla <i class=\"fas fa-angle-right desplegable\"><\/i><\/a>\n  <ul class=\"sub-menu\">\n    <li><a href=\"https:\/\/programadestinosmexico.com\/en\/parques-recreativos-en-puebla\/\">Atlixco<\/a><\/li>\n    <li><a href=\"https:\/\/programadestinosmexico.com\/en\/parques-recreativos-en-puebla\/\">Chignahuapan<\/a><\/li>\n    <li><a href=\"https:\/\/programadestinosmexico.com\/en\/parques-recreativos-en-puebla\/\">Cholula<\/a><\/li>\n    <li><a href=\"https:\/\/programadestinosmexico.com\/en\/parques-recreativos-en-puebla\/\">Cuetzalan<\/a><\/li>\n    <li><a href=\"https:\/\/programadestinosmexico.com\/en\/parques-recreativos-en-puebla\/\">Puebla<\/a><\/li>\n    <li><a href=\"https:\/\/programadestinosmexico.com\/en\/parques-recreativos-en-puebla\/\">Tehuac\u00e1n<\/a><\/li>\n    <li><a href=\"https:\/\/programadestinosmexico.com\/en\/parques-recreativos-en-puebla\/\">Zacapoaxtla<\/a><\/li>\n    <li><a href=\"https:\/\/programadestinosmexico.com\/en\/parques-recreativos-en-puebla\/\">Zacatl\u00e1n<\/a><\/li>\n    <!-- Agrega m\u00e1s elementos de submen\u00fa aqu\u00ed -->\n  <\/ul>\n<\/li>\n<li class=\"menu-item\">\n  <a href=\"https:\/\/programadestinosmexico.com\/en\/parques-recreativos-en-queretaro\/\">Quer\u00e9taro <i class=\"fas fa-angle-right desplegable\"><\/i><\/a>\n  <ul class=\"sub-menu\">\n    <li><a href=\"https:\/\/programadestinosmexico.com\/en\/parques-recreativos-en-queretaro\/\">Cadereyta de Montes<\/a><\/li>\n    <li><a href=\"https:\/\/programadestinosmexico.com\/en\/parques-recreativos-en-queretaro\/\">Jalpan de Serra<\/a><\/li>\n    <li><a href=\"https:\/\/programadestinosmexico.com\/en\/parques-recreativos-en-queretaro\/\">Quer\u00e9taro<\/a><\/li>\n    <li><a href=\"https:\/\/programadestinosmexico.com\/en\/parques-recreativos-en-queretaro\/\">San Joaqu\u00edn<\/a><\/li>\n    <li><a href=\"https:\/\/programadestinosmexico.com\/en\/parques-recreativos-en-queretaro\/\">Tequisquiapan<\/a><\/li>\n    <!-- Agrega m\u00e1s elementos de submen\u00fa aqu\u00ed -->\n  <\/ul>\n<\/li>\n<li class=\"menu-item\">\n  <a href=\"https:\/\/programadestinosmexico.com\/en\/parques-recreativos-en-san-luis-potosi\/\">San Luis Potos\u00ed <i class=\"fas fa-angle-right desplegable\"><\/i><\/a>\n  <ul class=\"sub-menu\">\n    <li><a href=\"https:\/\/programadestinosmexico.com\/en\/parques-recreativos-en-san-luis-potosi\/\">Ciudad Valles<\/a><\/li>\n <li><a href=\"https:\/\/programadestinosmexico.com\/en\/parques-recreativos-en-san-luis-potosi\/\">San Luis Potos\u00ed<\/a><\/li>\n    <li><a href=\"https:\/\/programadestinosmexico.com\/en\/parques-recreativos-en-san-luis-potosi\/\">Xilitla<\/a><\/li>\n    <!-- Agrega m\u00e1s elementos de submen\u00fa aqu\u00ed -->\n  <\/ul>\n<\/li>\n<li class=\"menu-item\">\n  <a href=\"https:\/\/programadestinosmexico.com\/en\/parques-recreativos-en-tlaxcala\/\">Tlaxcala <i class=\"fas fa-angle-right desplegable\"><\/i><\/a>\n  <ul class=\"sub-menu\">\n    <li><a href=\"https:\/\/programadestinosmexico.com\/en\/parques-recreativos-en-tlaxcala\/\">Huamantla<\/a><\/li>\n    <li><a href=\"https:\/\/programadestinosmexico.com\/en\/parques-recreativos-en-tlaxcala\/\">Tlaxcala<\/a><\/li>\n    <li><a href=\"https:\/\/programadestinosmexico.com\/en\/parques-recreativos-en-tlaxcala\/\">Tlaxco<\/a><\/li>\n    <!-- Agrega m\u00e1s elementos de submen\u00fa aqu\u00ed -->\n  <\/ul>\n<\/li>\n<li class=\"menu-item\">\n  <a href=\"https:\/\/programadestinosmexico.com\/en\/parques-recreativos-en-veracruz\/\">Veracruz <i class=\"fas fa-angle-right desplegable\"><\/i><\/a>\n  <ul class=\"sub-menu\">\n    <li><a href=\"https:\/\/programadestinosmexico.com\/en\/parques-recreativos-en-veracruz\/\">Coatepec<\/a><\/li>\n    <li><a href=\"https:\/\/programadestinosmexico.com\/en\/parques-recreativos-en-veracruz\/\">Coatzacoalcos<\/a><\/li>\n    <li><a href=\"https:\/\/programadestinosmexico.com\/en\/parques-recreativos-en-veracruz\/\">C\u00f3rdoba<\/a><\/li>\n    <li><a href=\"https:\/\/programadestinosmexico.com\/en\/parques-recreativos-en-veracruz\/\">Coscomatepec<\/a><\/li>\n    <li><a href=\"https:\/\/programadestinosmexico.com\/en\/parques-recreativos-en-veracruz\/\">Costa Esmeralda<\/a><\/li>\n    <li><a href=\"https:\/\/programadestinosmexico.com\/en\/parques-recreativos-en-veracruz\/\">Los Tuxtlas<\/a><\/li>\n    <li><a href=\"https:\/\/programadestinosmexico.com\/en\/parques-recreativos-en-veracruz\/\">Orizaba<\/a><\/li>\n    <li><a href=\"https:\/\/programadestinosmexico.com\/en\/parques-recreativos-en-veracruz\/\">Papantla<\/a><\/li>\n    <li><a href=\"https:\/\/programadestinosmexico.com\/en\/parques-recreativos-en-veracruz\/\">Veracruz<\/a><\/li>\n    <li><a href=\"https:\/\/programadestinosmexico.com\/en\/parques-recreativos-en-veracruz\/\">Xalapa<\/a><\/li>\n    <li><a href=\"https:\/\/programadestinosmexico.com\/en\/parques-recreativos-en-veracruz\/\">Xico<\/a><\/li>\n    <li><a href=\"https:\/\/programadestinosmexico.com\/en\/parques-recreativos-en-veracruz\/\">Zozocolco de Hidalgo<\/a><\/li>\n    <!-- Agrega m\u00e1s elementos de submen\u00fa aqu\u00ed -->\n  <\/ul>\n<\/li>\n<\/ul>\n\n<script>\n  const menuItems = document.querySelectorAll(\".menu-item\");\n  \n  menuItems.forEach(menuItem => {\n    menuItem.addEventListener(\"mouseenter\", () => {\n      const icono = menuItem.querySelector(\".desplegable\");\n      if (icono) {\n        icono.classList.remove(\"fa-angle-right\");\n        icono.classList.add(\"fa-angle-down\");\n      }\n    });\n\n    menuItem.addEventListener(\"mouseleave\", () => {\n      const icono = menuItem.querySelector(\".desplegable\");\n      if (icono) {\n        icono.classList.remove(\"fa-angle-down\");\n        icono.classList.add(\"fa-angle-right\");\n      }\n    });\n  });\n<\/script>\n<\/body>\n<\/html>\n\t\t\t\t<\/div>\n\t\t\t\t<\/div>\n\t\t\t\t<\/div>\n\t\t<div class=\"elementor-element elementor-element-2e4df78 e-con-full e-flex e-con e-child\" data-id=\"2e4df78\" data-element_type=\"container\" data-e-type=\"container\" data-settings=\"{&quot;jet_parallax_layout_list&quot;:[]}\">\n\t\t\t\t<div class=\"elementor-element elementor-element-9538514 elementor-widget elementor-widget-heading\" data-id=\"9538514\" data-element_type=\"widget\" data-e-type=\"widget\" data-widget_type=\"heading.default\">\n\t\t\t\t<div class=\"elementor-widget-container\">\n\t\t\t\t\t<h2 class=\"elementor-heading-title elementor-size-default\">Southern Mexico<\/h2>\t\t\t\t<\/div>\n\t\t\t\t<\/div>\n\t\t\t\t<div class=\"elementor-element elementor-element-3d060a4 elementor-widget elementor-widget-html\" data-id=\"3d060a4\" data-element_type=\"widget\" data-e-type=\"widget\" data-widget_type=\"html.default\">\n\t\t\t\t<div class=\"elementor-widget-container\">\n\t\t\t\t\t<!DOCTYPE html>\n<html lang=\"es\">\n<head>\n<meta charset=\"UTF-8\">\n<meta name=\"viewport\" content=\"width=device-width, initial-scale=1.0\">\n<title>Men\u00fa desplegable personalizable<\/title>\n<link rel=\"stylesheet\" href=\"https:\/\/cdnjs.cloudflare.com\/ajax\/libs\/font-awesome\/6.0.0-beta3\/css\/all.min.css\" crossorigin=\"anonymous\" \/>\n<style>\n  body {\n    font-family: Arial, sans-serif;\n  }\n\n  .menu-principal {\n    list-style-type: none;\n    margin: 0;\n    padding: 0;\n    background-color: #33333300;\n    width: 200px;\n  }\n\n  .menu-item {\n    position: relative;\n  }\n\n  .menu-item a {\n    display: block;\n    padding: 8px 16px;\n    color: #5E5E5E;\n    text-decoration: none;\n    line-height: 14px; \/* Cambiado aqu\u00ed *\/\n  }\n\n  .menu-item a:hover {\n    background-color: #11111100;\n    color: #B7BEA0;\n  }\n\n  .sub-menu {\n    display: none;\n    position: relative;\n    list-style-type: none;\n    margin: 0;\n    padding: 0;\n    background-color: #33333300;\n    width: 100%;\n  }\n\n  .sub-menu a {\n    padding: 8px 16px;\n    color: #5E5E5E;\n    text-decoration: none;\n    line-height: 14px; \/* Cambiado aqu\u00ed *\/\n  }\n\n  .sub-menu a:hover {\n    background-color: #11111100;\n    color: #B7BEA0;\n  }\n\n  .menu-item:hover .sub-menu {\n    display: block;\n  }\n\n<\/style>\n<\/head>\n<body>\n\n<ul class=\"menu-principal\">\n  <li class=\"menu-item\">\n    <a href=\"https:\/\/programadestinosmexico.com\/en\/parques-recreativos-en-campeche\/\">Campeche <i class=\"fas fa-angle-right desplegable\"><\/i><\/a>\n    <ul class=\"sub-menu\">\n      <li><a href=\"https:\/\/programadestinosmexico.com\/en\/parques-recreativos-en-campeche\/\">Campeche<\/a><\/li>\n      <li><a href=\"https:\/\/programadestinosmexico.com\/en\/parques-recreativos-en-campeche\/\">Calakmul<\/a><\/li>\n     <li><a href=\"https:\/\/programadestinosmexico.com\/en\/parques-recreativos-en-campeche\/\">Calkin\u00ed<\/a><\/li>\n      <li><a href=\"https:\/\/programadestinosmexico.com\/en\/parques-recreativos-en-campeche\/\">Candelaria<\/a><\/li>\n      <li><a href=\"https:\/\/programadestinosmexico.com\/en\/parques-recreativos-en-campeche\/\">Ciudad del Carmen<\/a><\/li>\n      <!-- Agrega m\u00e1s elementos de submen\u00fa aqu\u00ed -->\n    <\/ul>\n  <\/li>\n<li class=\"menu-item\">\n  <a href=\"https:\/\/programadestinosmexico.com\/en\/parques-recreativos-en-chiapas\/\">Chiapas <i class=\"fas fa-angle-right desplegable\"><\/i><\/a>\n  <ul class=\"sub-menu\">\n    <li><a href=\"https:\/\/programadestinosmexico.com\/en\/parques-recreativos-en-chiapas\/\">Comit\u00e1n de Dom\u00ednguez<\/a><\/li>\n    <li><a href=\"https:\/\/programadestinosmexico.com\/en\/parques-recreativos-en-chiapas\/\">Palenque<\/a><\/li>\n    <li><a href=\"https:\/\/programadestinosmexico.com\/en\/parques-recreativos-en-chiapas\/\">San Crist\u00f3bal de las Casas<\/a><\/li>\n    <li><a href=\"https:\/\/programadestinosmexico.com\/en\/parques-recreativos-en-chiapas\/\">Tapachula<\/a><\/li>\n    <li><a href=\"https:\/\/programadestinosmexico.com\/en\/parques-recreativos-en-chiapas\/\">Tonal\u00e1<\/a><\/li>\n    <li><a href=\"https:\/\/programadestinosmexico.com\/en\/parques-recreativos-en-chiapas\/\">Tuxtla-Guti\u00e9rrez<\/a><\/li>\n    <!-- Agrega m\u00e1s elementos de submen\u00fa aqu\u00ed -->\n  <\/ul>\n<\/li>\n<li class=\"menu-item\">\n  <a href=\"https:\/\/programadestinosmexico.com\/en\/parques-recreativos-en-guerrero\/\">Guerrero <i class=\"fas fa-angle-right desplegable\"><\/i><\/a>\n  <ul class=\"sub-menu\">\n    <li><a href=\"https:\/\/programadestinosmexico.com\/en\/parques-recreativos-en-guerrero\/\">Acapulco<\/a><\/li>\n    <li><a href=\"https:\/\/programadestinosmexico.com\/en\/parques-recreativos-en-guerrero\/\">Ixtapa Zihuatanejo<\/a><\/li>\n    <!-- Agrega m\u00e1s elementos de submen\u00fa aqu\u00ed -->\n  <\/ul>\n<\/li>\n<li class=\"menu-item\">\n  <a href=\"https:\/\/programadestinosmexico.com\/en\/parques-recreativos-en-oaxaca\/\">Oaxaca <i class=\"fas fa-angle-right desplegable\"><\/i><\/a>\n  <ul class=\"sub-menu\">\n    <li><a href=\"https:\/\/programadestinosmexico.com\/en\/parques-recreativos-en-oaxaca\/\">Capul\u00e1lpam de M\u00e9ndez<\/a><\/li>\n    <li><a href=\"https:\/\/programadestinosmexico.com\/en\/parques-recreativos-en-oaxaca\/\">Huatulco<\/a><\/li>\n    <li><a href=\"https:\/\/programadestinosmexico.com\/en\/parques-recreativos-en-oaxaca\/\">Huautla de Jim\u00e9nez<\/a><\/li>\n    <li><a href=\"https:\/\/programadestinosmexico.com\/en\/parques-recreativos-en-oaxaca\/\">Mazunte<\/a><\/li>\n    <li><a href=\"https:\/\/programadestinosmexico.com\/en\/parques-recreativos-en-oaxaca\/\">Oaxaca<\/a><\/li>\n    <li><a href=\"https:\/\/programadestinosmexico.com\/en\/parques-recreativos-en-oaxaca\/\">Puerto Escondido<\/a><\/li>\n    <li><a href=\"https:\/\/programadestinosmexico.com\/en\/parques-recreativos-en-oaxaca\/\">Teposcolula<\/a><\/li>\n\n    <!-- Agrega m\u00e1s elementos de submen\u00fa aqu\u00ed -->\n  <\/ul>\n<\/li>\n<li class=\"menu-item\">\n  <a href=\"https:\/\/programadestinosmexico.com\/en\/parques-recreativos-en-caribe-mexicano\/\">Quintana Roo <i class=\"fas fa-angle-right desplegable\"><\/i><\/a>\n  <ul class=\"sub-menu\">\n    <li><a href=\"https:\/\/programadestinosmexico.com\/en\/parques-recreativos-en-caribe-mexicano\/\">Akumal<\/a><\/li>\n    <li><a href=\"https:\/\/programadestinosmexico.com\/en\/parques-recreativos-en-caribe-mexicano\/\">Canc\u00fan<\/a><\/li>\n    <li><a href=\"https:\/\/programadestinosmexico.com\/en\/parques-recreativos-en-caribe-mexicano\/\">Cozumel<\/a><\/li>\n    <li><a href=\"https:\/\/programadestinosmexico.com\/en\/parques-recreativos-en-caribe-mexicano\/\">Isla Holbox<\/a><\/li>\n    <li><a href=\"https:\/\/programadestinosmexico.com\/en\/parques-recreativos-en-caribe-mexicano\/\">Isla Mujeres<\/a><\/li>\n    <li><a href=\"https:\/\/programadestinosmexico.com\/en\/parques-recreativos-en-caribe-mexicano\/\">Playa del Carmen<\/a><\/li>\n    <li><a href=\"https:\/\/programadestinosmexico.com\/en\/parques-recreativos-en-caribe-mexicano\/\">Puerto Morelos<\/a><\/li>\n    <li><a href=\"https:\/\/programadestinosmexico.com\/en\/parques-recreativos-en-caribe-mexicano\/\">Puerto Aventuras<\/a><\/li>\n    <li><a href=\"https:\/\/programadestinosmexico.com\/en\/parques-recreativos-en-caribe-mexicano\/\">Tulum<\/a><\/li>\n    <!-- Agrega m\u00e1s elementos de submen\u00fa aqu\u00ed -->\n  <\/ul>\n<\/li>\n<li class=\"menu-item\">\n  <a href=\"https:\/\/programadestinosmexico.com\/en\/parques-recreativos-en-tabasco\/\">Tabasco <i class=\"fas fa-angle-right desplegable\"><\/i><\/a>\n  <ul class=\"sub-menu\">\n    <li><a href=\"https:\/\/programadestinosmexico.com\/en\/parques-recreativos-en-tabasco\/\">Tapijulapa<\/a><\/li>\n    <li><a href=\"https:\/\/programadestinosmexico.com\/en\/parques-recreativos-en-tabasco\/\">Villahermosa<\/a><\/li>\n\n    <!-- Agrega m\u00e1s elementos de submen\u00fa aqu\u00ed -->\n  <\/ul>\n<\/li>\n<li class=\"menu-item\">\n  <a href=\"https:\/\/programadestinosmexico.com\/en\/parques-recreativos-en-yucatan\/\">Yucat\u00e1n <i class=\"fas fa-angle-right desplegable\"><\/i><\/a>\n  <ul class=\"sub-menu\">\n    <li><a href=\"https:\/\/programadestinosmexico.com\/en\/parques-recreativos-en-yucatan\/\">Izamal<\/a><\/li>\n    <li><a href=\"https:\/\/programadestinosmexico.com\/en\/parques-recreativos-en-yucatan\/\">M\u00e9rida<\/a><\/li>\n    <li><a href=\"https:\/\/programadestinosmexico.com\/en\/parques-recreativos-en-yucatan\/\">Valladolid,<\/a><\/li>\n    <!-- Agrega m\u00e1s elementos de submen\u00fa aqu\u00ed -->\n  <\/ul>\n<\/li>\n<\/ul>\n\n<script>\n  const menuItems = document.querySelectorAll(\".menu-item\");\n  \n  menuItems.forEach(menuItem => {\n    menuItem.addEventListener(\"mouseenter\", () => {\n      const icono = menuItem.querySelector(\".desplegable\");\n      if (icono) {\n        icono.classList.remove(\"fa-angle-right\");\n        icono.classList.add(\"fa-angle-down\");\n      }\n    });\n\n    menuItem.addEventListener(\"mouseleave\", () => {\n      const icono = menuItem.querySelector(\".desplegable\");\n      if (icono) {\n        icono.classList.remove(\"fa-angle-down\");\n        icono.classList.add(\"fa-angle-right\");\n      }\n    });\n  });\n<\/script>\n<\/body>\n<\/html>\n\t\t\t\t<\/div>\n\t\t\t\t<\/div>\n\t\t\t\t<\/div>\n\t\t\t\t\t<\/div>\n\t\t\t\t<\/div>\n\t\t\t\t<\/div>\n\t\t\t\t\t<\/div>\n\t\t\t\t<\/div>\n\t\t<div class=\"elementor-element elementor-element-7a7efc9 elementor-hidden-tablet elementor-hidden-desktop e-flex e-con-boxed e-con e-parent\" data-id=\"7a7efc9\" data-element_type=\"container\" data-e-type=\"container\" data-settings=\"{&quot;jet_parallax_layout_list&quot;:[]}\">\n\t\t\t\t\t<div class=\"e-con-inner\">\n\t\t<div class=\"elementor-element elementor-element-2e23740 e-con-full e-flex e-con e-child\" data-id=\"2e23740\" data-element_type=\"container\" data-e-type=\"container\" data-settings=\"{&quot;background_background&quot;:&quot;classic&quot;,&quot;jet_parallax_layout_list&quot;:[]}\">\n\t\t<div class=\"elementor-element elementor-element-9278c87 e-flex e-con-boxed e-con e-child\" data-id=\"9278c87\" data-element_type=\"container\" data-e-type=\"container\" data-settings=\"{&quot;background_background&quot;:&quot;classic&quot;,&quot;jet_parallax_layout_list&quot;:[]}\">\n\t\t\t\t\t<div class=\"e-con-inner\">\n\t\t\t\t<div class=\"elementor-element elementor-element-478b068 elementor-widget elementor-widget-heading\" data-id=\"478b068\" data-element_type=\"widget\" data-e-type=\"widget\" data-widget_type=\"heading.default\">\n\t\t\t\t<div class=\"elementor-widget-container\">\n\t\t\t\t\t<h2 class=\"elementor-heading-title elementor-size-default\"> Caribe Mexicano<\/h2>\t\t\t\t<\/div>\n\t\t\t\t<\/div>\n\t\t\t\t\t<\/div>\n\t\t\t\t<\/div>\n\t\t\t\t<div class=\"elementor-element elementor-element-0c8c88b elementor-widget elementor-widget-image\" data-id=\"0c8c88b\" data-element_type=\"widget\" data-e-type=\"widget\" data-widget_type=\"image.default\">\n\t\t\t\t<div class=\"elementor-widget-container\">\n\t\t\t\t\t\t\t\t\t\t\t\t\t\t\t\t<a href=\"https:\/\/programadestinosmexico.com\/en\/parques-recreativos-en-caribe-mexicano\/\">\n\t\t\t\t\t\t\t<img loading=\"lazy\" decoding=\"async\" width=\"709\" height=\"471\" src=\"https:\/\/programadestinosmexico.com\/wp-content\/uploads\/2023\/09\/PARQUES-RECREATIVOS-QUINTANA-ROO.jpg\" class=\"attachment-full size-full wp-image-12219\" alt=\"\" srcset=\"https:\/\/programadestinosmexico.com\/wp-content\/uploads\/2023\/09\/PARQUES-RECREATIVOS-QUINTANA-ROO.jpg 709w, https:\/\/programadestinosmexico.com\/wp-content\/uploads\/2023\/09\/PARQUES-RECREATIVOS-QUINTANA-ROO-300x199.jpg 300w\" sizes=\"(max-width: 709px) 100vw, 709px\" \/>\t\t\t\t\t\t\t\t<\/a>\n\t\t\t\t\t\t\t\t\t\t\t\t\t\t\t<\/div>\n\t\t\t\t<\/div>\n\t\t<div class=\"elementor-element elementor-element-1aa5114 e-flex e-con-boxed e-con e-child\" data-id=\"1aa5114\" data-element_type=\"container\" data-e-type=\"container\" data-settings=\"{&quot;background_background&quot;:&quot;classic&quot;,&quot;jet_parallax_layout_list&quot;:[]}\">\n\t\t\t\t\t<div class=\"e-con-inner\">\n\t\t\t\t<div class=\"elementor-element elementor-element-6e0a9e0 elementor-widget elementor-widget-heading\" data-id=\"6e0a9e0\" data-element_type=\"widget\" data-e-type=\"widget\" data-widget_type=\"heading.default\">\n\t\t\t\t<div class=\"elementor-widget-container\">\n\t\t\t\t\t<h2 class=\"elementor-heading-title elementor-size-default\">Morelos<\/h2>\t\t\t\t<\/div>\n\t\t\t\t<\/div>\n\t\t\t\t\t<\/div>\n\t\t\t\t<\/div>\n\t\t\t\t<div class=\"elementor-element elementor-element-7a7d873 elementor-widget elementor-widget-image\" data-id=\"7a7d873\" data-element_type=\"widget\" data-e-type=\"widget\" data-widget_type=\"image.default\">\n\t\t\t\t<div class=\"elementor-widget-container\">\n\t\t\t\t\t\t\t\t\t\t\t\t\t\t\t\t<a href=\"https:\/\/programadestinosmexico.com\/en\/parques-recreativos-en-morelos\/\">\n\t\t\t\t\t\t\t<img loading=\"lazy\" decoding=\"async\" width=\"709\" height=\"471\" src=\"https:\/\/programadestinosmexico.com\/wp-content\/uploads\/2023\/09\/PARQUES-RECREATIVOS-MORELOS.jpg\" class=\"attachment-full size-full wp-image-12223\" alt=\"\" srcset=\"https:\/\/programadestinosmexico.com\/wp-content\/uploads\/2023\/09\/PARQUES-RECREATIVOS-MORELOS.jpg 709w, https:\/\/programadestinosmexico.com\/wp-content\/uploads\/2023\/09\/PARQUES-RECREATIVOS-MORELOS-300x199.jpg 300w\" sizes=\"(max-width: 709px) 100vw, 709px\" \/>\t\t\t\t\t\t\t\t<\/a>\n\t\t\t\t\t\t\t\t\t\t\t\t\t\t\t<\/div>\n\t\t\t\t<\/div>\n\t\t<div class=\"elementor-element elementor-element-0b6023d e-flex e-con-boxed e-con e-child\" data-id=\"0b6023d\" data-element_type=\"container\" data-e-type=\"container\" data-settings=\"{&quot;background_background&quot;:&quot;classic&quot;,&quot;jet_parallax_layout_list&quot;:[]}\">\n\t\t\t\t\t<div class=\"e-con-inner\">\n\t\t\t\t<div class=\"elementor-element elementor-element-f14d461 elementor-widget elementor-widget-heading\" data-id=\"f14d461\" data-element_type=\"widget\" data-e-type=\"widget\" data-widget_type=\"heading.default\">\n\t\t\t\t<div class=\"elementor-widget-container\">\n\t\t\t\t\t<h2 class=\"elementor-heading-title elementor-size-default\">Chihuahua<\/h2>\t\t\t\t<\/div>\n\t\t\t\t<\/div>\n\t\t\t\t\t<\/div>\n\t\t\t\t<\/div>\n\t\t\t\t<div class=\"elementor-element elementor-element-0e9ca68 elementor-widget elementor-widget-image\" data-id=\"0e9ca68\" data-element_type=\"widget\" data-e-type=\"widget\" data-widget_type=\"image.default\">\n\t\t\t\t<div class=\"elementor-widget-container\">\n\t\t\t\t\t\t\t\t\t\t\t\t\t\t\t\t<a href=\"https:\/\/programadestinosmexico.com\/en\/parques-recreativos-en-chihuahua\/\">\n\t\t\t\t\t\t\t<img loading=\"lazy\" decoding=\"async\" width=\"661\" height=\"439\" src=\"https:\/\/programadestinosmexico.com\/wp-content\/uploads\/2023\/09\/PARQUES-RECREATIVOS-CHIHUAHUA.jpg\" class=\"attachment-full size-full wp-image-12221\" alt=\"\" srcset=\"https:\/\/programadestinosmexico.com\/wp-content\/uploads\/2023\/09\/PARQUES-RECREATIVOS-CHIHUAHUA.jpg 661w, https:\/\/programadestinosmexico.com\/wp-content\/uploads\/2023\/09\/PARQUES-RECREATIVOS-CHIHUAHUA-300x199.jpg 300w\" sizes=\"(max-width: 661px) 100vw, 661px\" \/>\t\t\t\t\t\t\t\t<\/a>\n\t\t\t\t\t\t\t\t\t\t\t\t\t\t\t<\/div>\n\t\t\t\t<\/div>\n\t\t\t\t<\/div>\n\t\t<div class=\"elementor-element elementor-element-11eb0e2 e-con-full e-flex e-con e-child\" data-id=\"11eb0e2\" data-element_type=\"container\" data-e-type=\"container\" data-settings=\"{&quot;background_background&quot;:&quot;classic&quot;,&quot;jet_parallax_layout_list&quot;:[]}\">\n\t\t<div class=\"elementor-element elementor-element-c4db525 e-con-full e-flex e-con e-child\" data-id=\"c4db525\" data-element_type=\"container\" data-e-type=\"container\" data-settings=\"{&quot;jet_parallax_layout_list&quot;:[]}\">\n\t\t<div class=\"elementor-element elementor-element-2fbda9e e-con-full e-flex e-con e-child\" data-id=\"2fbda9e\" data-element_type=\"container\" data-e-type=\"container\" data-settings=\"{&quot;jet_parallax_layout_list&quot;:[]}\">\n\t\t\t\t<div class=\"elementor-element elementor-element-7254828 elementor-widget elementor-widget-heading\" data-id=\"7254828\" data-element_type=\"widget\" data-e-type=\"widget\" data-widget_type=\"heading.default\">\n\t\t\t\t<div class=\"elementor-widget-container\">\n\t\t\t\t\t<h2 class=\"elementor-heading-title elementor-size-default\">Northern Mexico<\/h2>\t\t\t\t<\/div>\n\t\t\t\t<\/div>\n\t\t\t\t<div class=\"elementor-element elementor-element-e24e4aa elementor-widget elementor-widget-html\" data-id=\"e24e4aa\" data-element_type=\"widget\" data-e-type=\"widget\" data-widget_type=\"html.default\">\n\t\t\t\t<div class=\"elementor-widget-container\">\n\t\t\t\t\t<!DOCTYPE html>\n<html lang=\"es\">\n<head>\n<meta charset=\"UTF-8\">\n<meta name=\"viewport\" content=\"width=device-width, initial-scale=1.0\">\n<title>Men\u00fa desplegable personalizable<\/title>\n<link rel=\"stylesheet\" href=\"https:\/\/cdnjs.cloudflare.com\/ajax\/libs\/font-awesome\/6.0.0-beta3\/css\/all.min.css\" crossorigin=\"anonymous\" \/>\n<style>\n  body {\n    font-family: Arial, sans-serif;\n  }\n\n  .menu-principal {\n    list-style-type: none;\n    margin: 0;\n    padding: 0;\n    background-color: #33333300;\n    width: 200px;\n  }\n\n  .menu-item {\n    position: relative;\n  }\n\n  .menu-item a {\n    display: block;\n    padding: 8px 16px;\n    color: #5E5E5E;\n    text-decoration: none;\n    line-height: 14px; \/* Cambiado aqu\u00ed *\/\n  }\n\n  .menu-item a:hover {\n    background-color: #11111100;\n    color: #B7BEA0;\n  }\n\n  .sub-menu {\n    display: none;\n    position: relative;\n    list-style-type: none;\n    margin: 0;\n    padding: 0;\n    background-color: #33333300;\n    width: 100%;\n  }\n\n  .sub-menu a {\n    padding: 8px 16px;\n    color: #5E5E5E;\n    text-decoration: none;\n    line-height: 14px; \/* Cambiado aqu\u00ed *\/\n  }\n\n  .sub-menu a:hover {\n    background-color: #11111100;\n    color: #B7BEA0;\n  }\n\n  .menu-item:hover .sub-menu {\n    display: block;\n  }\n\n<\/style>\n<\/head>\n<body>\n\n<ul class=\"menu-principal\">\n  <li class=\"menu-item\">\n    <a href=\"https:\/\/programadestinosmexico.com\/en\/parques-recreativos-en-baja-california\/\">Baja California <i class=\"fas fa-angle-right desplegable\"><\/i><\/a>\n    <ul class=\"sub-menu\">\n      <li><a href=\"https:\/\/programadestinosmexico.com\/en\/parques-recreativos-en-baja-california\/\">Ensenada<\/a><\/li>\n      <li><a href=\"https:\/\/programadestinosmexico.com\/en\/parques-recreativos-en-baja-california\/\">Mexicali<\/a><\/li>\n      <li><a href=\"https:\/\/programadestinosmexico.com\/en\/parques-recreativos-en-baja-california\/\">Rosarito<\/a><\/li>\n      <li><a href=\"https:\/\/programadestinosmexico.com\/en\/parques-recreativos-en-baja-california\/\">Tecate<\/a><\/li>\n      <li><a href=\"https:\/\/programadestinosmexico.com\/en\/parques-recreativos-en-baja-california\/\">Tijuana<\/a><\/li>\n      <li><a href=\"https:\/\/programadestinosmexico.com\/en\/parques-recreativos-en-baja-california\/\">Valle de Guadalupe<\/a><\/li>\n      <!-- Agrega m\u00e1s elementos de submen\u00fa aqu\u00ed -->\n    <\/ul>\n  <\/li>\n  <li class=\"menu-item\">\n    <a href=\"https:\/\/programadestinosmexico.com\/en\/parques-recreativos-en-baja-california-sur\/\">Baja California Sur <i class=\"fas fa-angle-right desplegable\"><\/i><\/a>\n    <ul class=\"sub-menu\">\n      <li><a href=\"https:\/\/programadestinosmexico.com\/en\/parques-recreativos-en-baja-california-sur\/\">La Paz<\/a><\/li>\n      <li><a href=\"https:\/\/programadestinosmexico.com\/en\/parques-recreativos-en-baja-california-sur\/\">Los Cabos<\/a><\/li>\n      <!-- Agrega m\u00e1s elementos de submen\u00fa aqu\u00ed -->\n    <\/ul>\n  <\/li>\n<li class=\"menu-item\">\n  <a href=\"https:\/\/programadestinosmexico.com\/en\/parques-recreativos-en-chihuahua\/\">Chihuahua <i class=\"fas fa-angle-right desplegable\"><\/i><\/a>\n  <ul class=\"sub-menu\">\n    <li><a href=\"https:\/\/programadestinosmexico.com\/en\/parques-recreativos-en-chihuahua\/\">Copper Canyon<\/a><\/li>\n    <li><a href=\"https:\/\/programadestinosmexico.com\/en\/parques-recreativos-en-chihuahua\/\">Camargo<\/a><\/li>\n    <li><a href=\"https:\/\/programadestinosmexico.com\/en\/parques-recreativos-en-chihuahua\/\">Chihuahua<\/a><\/li>\n    <li><a href=\"https:\/\/programadestinosmexico.com\/en\/parques-recreativos-en-chihuahua\/\">Ciudad Ju\u00e1rez<\/a><\/li>\n    <li><a href=\"https:\/\/programadestinosmexico.com\/en\/parques-recreativos-en-chihuahua\/\">Delicias<\/a><\/li>\n    <li><a href=\"https:\/\/programadestinosmexico.com\/en\/parques-recreativos-en-chihuahua\/\">Hidalgo del Parral<\/a><\/li>\n    <!-- Agrega m\u00e1s elementos de submen\u00fa aqu\u00ed -->\n  <\/ul>\n<\/li>\n<li class=\"menu-item\">\n  <a href=\"https:\/\/programadestinosmexico.com\/en\/parques-recreativos-en-coahuila\/\">Coahuila <i class=\"fas fa-angle-right desplegable\"><\/i><\/a>\n  <ul class=\"sub-menu\">\n    <li><a href=\"https:\/\/programadestinosmexico.com\/en\/parques-recreativos-en-coahuila\/\">Cuatro Ci\u00e9negas<\/a><\/li>\n    <li><a href=\"https:\/\/programadestinosmexico.com\/en\/parques-recreativos-en-coahuila\/\">Monclova<\/a><\/li>\n    <li><a href=\"https:\/\/programadestinosmexico.com\/en\/parques-recreativos-en-coahuila\/\">M\u00fazquiz<\/a><\/li>\n    <li><a href=\"https:\/\/programadestinosmexico.com\/en\/parques-recreativos-en-coahuila\/\">Parras de la Fuente<\/a><\/li>\n    <li><a href=\"https:\/\/programadestinosmexico.com\/en\/parques-recreativos-en-coahuila\/\">Piedras Negras<\/a><\/li>\n    <li><a href=\"https:\/\/programadestinosmexico.com\/en\/parques-recreativos-en-coahuila\/\">Saltillo<\/a><\/li>\n    <li><a href=\"https:\/\/programadestinosmexico.com\/en\/parques-recreativos-en-coahuila\/\">Torre\u00f3n<\/a><\/li>\n    <!-- Agrega m\u00e1s elementos de submen\u00fa aqu\u00ed -->\n  <\/ul>\n<\/li>\n<li class=\"menu-item\">\n  <a href=\"https:\/\/programadestinosmexico.com\/en\/parques-recreativos-en-durango\/\">Durango <i class=\"fas fa-angle-right desplegable\"><\/i><\/a>\n  <ul class=\"sub-menu\">\n    <li><a href=\"https:\/\/programadestinosmexico.com\/en\/parques-recreativos-en-durango\/\">Durango<\/a><\/li>\n    <!-- Agrega m\u00e1s elementos de submen\u00fa aqu\u00ed -->\n  <\/ul>\n<\/li>\n<li class=\"menu-item\">\n  <a href=\"https:\/\/programadestinosmexico.com\/en\/parques-recreativos-en-nuevo-leon\/\">Nuevo Le\u00f3n <i class=\"fas fa-angle-right desplegable\"><\/i><\/a>\n  <ul class=\"sub-menu\">\n    <li><a href=\"https:\/\/programadestinosmexico.com\/en\/parques-recreativos-en-nuevo-leon\/\">Monterrey<\/a><\/li>\n    <!-- Agrega m\u00e1s elementos de submen\u00fa aqu\u00ed -->\n  <\/ul>\n<\/li>\n<li class=\"menu-item\">\n  <a href=\"https:\/\/programadestinosmexico.com\/en\/parques-recreativos-en-sinaloa\/\">Sinaloa <i class=\"fas fa-angle-right desplegable\"><\/i><\/a>\n  <ul class=\"sub-menu\">\n    <li><a href=\"https:\/\/programadestinosmexico.com\/en\/parques-recreativos-en-sinaloa\/\">Culiac\u00e1n<\/a><\/li>\n    <li><a href=\"https:\/\/programadestinosmexico.com\/en\/parques-recreativos-en-sinaloa\/\">Los Mochis<\/a><\/li>\n    <li><a href=\"https:\/\/programadestinosmexico.com\/en\/parques-recreativos-en-sinaloa\/\">Mazatl\u00e1n<\/a><\/li>\n    <!-- Agrega m\u00e1s elementos de submen\u00fa aqu\u00ed -->\n  <\/ul>\n<\/li>\n<li class=\"menu-item\">\n  <a href=\"https:\/\/programadestinosmexico.com\/en\/parques-recreativos-en-sonora\/\">Sonora <i class=\"fas fa-angle-right desplegable\"><\/i><\/a>\n  <ul class=\"sub-menu\">\n    <li><a href=\"https:\/\/programadestinosmexico.com\/en\/parques-recreativos-en-sonora\/\">Ciudad Obreg\u00f3n<\/a><\/li>\n    <li><a href=\"https:\/\/programadestinosmexico.com\/en\/parques-recreativos-en-sonora\/\">Guaymas-San Carlos<\/a><\/li>\n    <li><a href=\"https:\/\/programadestinosmexico.com\/en\/parques-recreativos-en-sonora\/\">Hermosillo<\/a><\/li>\n    <!-- Agrega m\u00e1s elementos de submen\u00fa aqu\u00ed -->\n  <\/ul>\n<\/li>\n<li class=\"menu-item\">\n  <a href=\"https:\/\/programadestinosmexico.com\/en\/parques-recreativos-en-tamaulipas\/\">Tamaulipas <i class=\"fas fa-angle-right desplegable\"><\/i><\/a>\n  <ul class=\"sub-menu\">\n    <li><a href=\"https:\/\/programadestinosmexico.com\/en\/parques-recreativos-en-tamaulipas\/\">Ciudad Victoria<\/a><\/li>\n    <li><a href=\"https:\/\/programadestinosmexico.com\/en\/parques-recreativos-en-tamaulipas\/\">Matamoros<\/a><\/li>\n    <li><a href=\"https:\/\/programadestinosmexico.com\/en\/parques-recreativos-en-tamaulipas\/\">Nuevo Laredo<\/a><\/li>\n    <li><a href=\"https:\/\/programadestinosmexico.com\/en\/parques-recreativos-en-tamaulipas\/\">Tampico<\/a><\/li>\n    <li><a href=\"https:\/\/programadestinosmexico.com\/en\/parques-recreativos-en-tamaulipas\/\">Tula<\/a><\/li>\n    <!-- Agrega m\u00e1s elementos de submen\u00fa aqu\u00ed -->\n  <\/ul>\n<\/li>\n<li class=\"menu-item\">\n  <a href=\"https:\/\/programadestinosmexico.com\/en\/parques-recreativos-en-zacatecas\/\">Zacatecas <i class=\"fas fa-angle-right desplegable\"><\/i><\/a>\n  <ul class=\"sub-menu\">\n    <li><a href=\"https:\/\/programadestinosmexico.com\/en\/parques-recreativos-en-zacatecas\/\">Fresnillo<\/a><\/li>\n    <li><a href=\"https:\/\/programadestinosmexico.com\/en\/parques-recreativos-en-zacatecas\/\">Jerez de Garc\u00eda Salinas<\/a><\/li>\n    <li><a href=\"https:\/\/programadestinosmexico.com\/en\/parques-recreativos-en-zacatecas\/\">Nochistl\u00e1n<\/a><\/li>\n    <li><a href=\"https:\/\/programadestinosmexico.com\/en\/parques-recreativos-en-zacatecas\/\">Zacatecas<\/a><\/li>\n    <!-- Agrega m\u00e1s elementos de submen\u00fa aqu\u00ed -->\n  <\/ul>\n<\/li>\n<\/ul>\n\n<script>\n  const menuItems = document.querySelectorAll(\".menu-item\");\n  \n  menuItems.forEach(menuItem => {\n    menuItem.addEventListener(\"mouseenter\", () => {\n      const icono = menuItem.querySelector(\".desplegable\");\n      if (icono) {\n        icono.classList.remove(\"fa-angle-right\");\n        icono.classList.add(\"fa-angle-down\");\n      }\n    });\n\n    menuItem.addEventListener(\"mouseleave\", () => {\n      const icono = menuItem.querySelector(\".desplegable\");\n      if (icono) {\n        icono.classList.remove(\"fa-angle-down\");\n        icono.classList.add(\"fa-angle-right\");\n      }\n    });\n  });\n<\/script>\n<\/body>\n<\/html>\n\t\t\t\t<\/div>\n\t\t\t\t<\/div>\n\t\t\t\t<\/div>\n\t\t\t\t<\/div>\n\t\t<div class=\"elementor-element elementor-element-1b5e03c e-con-full e-flex e-con e-child\" data-id=\"1b5e03c\" data-element_type=\"container\" data-e-type=\"container\" data-settings=\"{&quot;jet_parallax_layout_list&quot;:[]}\">\n\t\t<div class=\"elementor-element elementor-element-d0402de e-con-full e-flex e-con e-child\" data-id=\"d0402de\" data-element_type=\"container\" data-e-type=\"container\" data-settings=\"{&quot;jet_parallax_layout_list&quot;:[]}\">\n\t\t<div class=\"elementor-element elementor-element-3955385 e-con-full e-flex e-con e-child\" data-id=\"3955385\" data-element_type=\"container\" data-e-type=\"container\" data-settings=\"{&quot;jet_parallax_layout_list&quot;:[]}\">\n\t\t\t\t<div class=\"elementor-element elementor-element-99df4ea elementor-widget elementor-widget-heading\" data-id=\"99df4ea\" data-element_type=\"widget\" data-e-type=\"widget\" data-widget_type=\"heading.default\">\n\t\t\t\t<div class=\"elementor-widget-container\">\n\t\t\t\t\t<h2 class=\"elementor-heading-title elementor-size-default\">Central Mexico<\/h2>\t\t\t\t<\/div>\n\t\t\t\t<\/div>\n\t\t\t\t<div class=\"elementor-element elementor-element-160d7ea elementor-widget elementor-widget-html\" data-id=\"160d7ea\" data-element_type=\"widget\" data-e-type=\"widget\" data-widget_type=\"html.default\">\n\t\t\t\t<div class=\"elementor-widget-container\">\n\t\t\t\t\t<!DOCTYPE html>\n<html lang=\"es\">\n<head>\n<meta charset=\"UTF-8\">\n<meta name=\"viewport\" content=\"width=device-width, initial-scale=1.0\">\n<title>Men\u00fa desplegable personalizable<\/title>\n<link rel=\"stylesheet\" href=\"https:\/\/cdnjs.cloudflare.com\/ajax\/libs\/font-awesome\/6.0.0-beta3\/css\/all.min.css\" crossorigin=\"anonymous\" \/>\n<style>\n  body {\n    font-family: Arial, sans-serif;\n  }\n\n  .menu-principal {\n    list-style-type: none;\n    margin: 0;\n    padding: 0;\n    background-color: #33333300;\n    width: 200px;\n  }\n\n  .menu-item {\n    position: relative;\n  }\n\n  .menu-item a {\n    display: block;\n    padding: 8px 16px;\n    color: #5E5E5E;\n    text-decoration: none;\n    line-height: 14px; \/* Cambiado aqu\u00ed *\/\n  }\n\n  .menu-item a:hover {\n    background-color: #11111100;\n    color: #B7BEA0;\n  }\n\n  .sub-menu {\n    display: none;\n    position: relative;\n    list-style-type: none;\n    margin: 0;\n    padding: 0;\n    background-color: #33333300;\n    width: 100%;\n  }\n\n  .sub-menu a {\n    padding: 8px 16px;\n    color: #5E5E5E;\n    text-decoration: none;\n    line-height: 14px; \/* Cambiado aqu\u00ed *\/\n  }\n\n  .sub-menu a:hover {\n    background-color: #11111100;\n    color: #B7BEA0;\n  }\n\n  .menu-item:hover .sub-menu {\n    display: block;\n  }\n\n<\/style>\n<\/head>\n<body>\n\n<ul class=\"menu-principal\">\n  <li class=\"menu-item\">\n    <a href=\"https:\/\/programadestinosmexico.com\/en\/parques-recreativos-en-aguascalientes\/\">Aguascalientes <i class=\"fas fa-angle-right desplegable\"><\/i><\/a>\n    <ul class=\"sub-menu\">\n      <li><a href=\"https:\/\/programadestinosmexico.com\/en\/parques-recreativos-en-aguascalientes\/\">Aguascalientes<\/a><\/li>\n      <li><a href=\"https:\/\/programadestinosmexico.com\/en\/parques-recreativos-en-aguascalientes\/\">Calvillo<\/a><\/li>\n      <li><a href=\"https:\/\/programadestinosmexico.com\/en\/parques-recreativos-en-aguascalientes\/\">San Jos\u00e9 de Gracia<\/a><\/li>\n      <!-- Agrega m\u00e1s elementos de submen\u00fa aqu\u00ed -->\n    <\/ul>\n  <\/li>\n<li class=\"menu-item\">\n  <a href=\"https:\/\/programadestinosmexico.com\/en\/parques-recreativos-en-la-ciudad-de-mexico\/\">Mexico City <i class=\"fas fa-angle-right desplegable\"><\/i><\/a>\n  <ul class=\"sub-menu\">\n    <li><a href=\"https:\/\/programadestinosmexico.com\/en\/parques-recreativos-en-la-ciudad-de-mexico\/\">Mexico City<\/a><\/li>\n    <!-- Agrega m\u00e1s elementos de submen\u00fa aqu\u00ed -->\n  <\/ul>\n<\/li>\n<li class=\"menu-item\">\n  <a href=\"https:\/\/programadestinosmexico.com\/en\/parques-recreativos-en-colima\/\">Colima <i class=\"fas fa-angle-right desplegable\"><\/i><\/a>\n  <ul class=\"sub-menu\">\n    <li><a href=\"https:\/\/programadestinosmexico.com\/en\/parques-recreativos-en-colima\/\">Colima<\/a><\/li>\n    <li><a href=\"https:\/\/programadestinosmexico.com\/en\/parques-recreativos-en-colima\/\">Comala<\/a><\/li>\n    <li><a href=\"https:\/\/programadestinosmexico.com\/en\/parques-recreativos-en-colima\/\">Manzanillo<\/a><\/li>\n    <li><a href=\"https:\/\/programadestinosmexico.com\/en\/parques-recreativos-en-colima\/\">Tecom\u00e1n<\/a><\/li>\n    <!-- Agrega m\u00e1s elementos de submen\u00fa aqu\u00ed -->\n  <\/ul>\n<\/li>\n<li class=\"menu-item\">\n  <a href=\"https:\/\/programadestinosmexico.com\/en\/parques-recreativos-en-el-estado-de-mexico\/\">Estado de M\u00e9xico <i class=\"fas fa-angle-right desplegable\"><\/i><\/a>\n  <ul class=\"sub-menu\">\n    <li><a href=\"https:\/\/programadestinosmexico.com\/en\/parques-recreativos-en-el-estado-de-mexico\/\">Aculco<\/a><\/li>\n    <li><a href=\"https:\/\/programadestinosmexico.com\/en\/parques-recreativos-en-el-estado-de-mexico\/\">Ixtapan de la Sal<\/a><\/li>\n    <li><a href=\"https:\/\/programadestinosmexico.com\/en\/parques-recreativos-en-el-estado-de-mexico\/\">Malinalco<\/a><\/li>\n    <li><a href=\"https:\/\/programadestinosmexico.com\/en\/parques-recreativos-en-el-estado-de-mexico\/\">Metepec<\/a><\/li>\n    <li><a href=\"https:\/\/programadestinosmexico.com\/en\/parques-recreativos-en-el-estado-de-mexico\/\">Teotihuac\u00e1n<\/a><\/li>\n    <li><a href=\"https:\/\/programadestinosmexico.com\/en\/parques-recreativos-en-el-estado-de-mexico\/\">Tepotzotl\u00e1n<\/a><\/li>\n    <li><a href=\"https:\/\/programadestinosmexico.com\/en\/parques-recreativos-en-el-estado-de-mexico\/\">Toluca<\/a><\/li>\n    <li><a href=\"https:\/\/programadestinosmexico.com\/en\/parques-recreativos-en-el-estado-de-mexico\/\">Tonatico<\/a><\/li>\n    <li><a href=\"https:\/\/programadestinosmexico.com\/en\/parques-recreativos-en-el-estado-de-mexico\/\">Valle de Bravo<\/a><\/li>\n    <li><a href=\"https:\/\/programadestinosmexico.com\/en\/parques-recreativos-en-el-estado-de-mexico\/\">Zona Conurbada<\/a><\/li>\n    <!-- Agrega m\u00e1s elementos de submen\u00fa aqu\u00ed -->\n  <\/ul>\n<\/li>\n<li class=\"menu-item\">\n  <a href=\"https:\/\/programadestinosmexico.com\/en\/parques-recreativos-en-guanajuato\/\">Guanajuato <i class=\"fas fa-angle-right desplegable\"><\/i><\/a>\n  <ul class=\"sub-menu\">\n    <li><a href=\"https:\/\/programadestinosmexico.com\/en\/parques-recreativos-en-guanajuato\/\">Celaya<\/a><\/li>\n    <li><a href=\"https:\/\/programadestinosmexico.com\/en\/parques-recreativos-en-guanajuato\/\">Guanajuato<\/a><\/li>\n    <li><a href=\"https:\/\/programadestinosmexico.com\/en\/parques-recreativos-en-guanajuato\/\">Irapuato<\/a><\/li>\n    <li><a href=\"https:\/\/programadestinosmexico.com\/en\/parques-recreativos-en-guanajuato\/\">Le\u00f3n<\/a><\/li>\n    <li><a href=\"https:\/\/programadestinosmexico.com\/en\/parques-recreativos-en-guanajuato\/\">Salamanca<\/a><\/li>\n    <li><a href=\"https:\/\/programadestinosmexico.com\/en\/parques-recreativos-en-guanajuato\/\">San Jos\u00e9 Iturbide<\/a><\/li>\n    <li><a href=\"https:\/\/programadestinosmexico.com\/en\/parques-recreativos-en-guanajuato\/\">San Miguel de Allende<\/a><\/li>\n    <li><a href=\"https:\/\/programadestinosmexico.com\/en\/parques-recreativos-en-guanajuato\/\">Silao<\/a><\/li>\n    <li><a href=\"https:\/\/programadestinosmexico.com\/en\/parques-recreativos-en-guanajuato\/\">Yuriria<\/a><\/li>\n    <!-- Agrega m\u00e1s elementos de submen\u00fa aqu\u00ed -->\n  <\/ul>\n<\/li>\n<li class=\"menu-item\">\n  <a href=\"https:\/\/programadestinosmexico.com\/en\/parques-recreativos-en-hidalgo\/\">Hidalgo <i class=\"fas fa-angle-right desplegable\"><\/i><\/a>\n  <ul class=\"sub-menu\">\n    <li><a href=\"https:\/\/programadestinosmexico.com\/en\/parques-recreativos-en-hidalgo\/\">Huasca de Ocampo<\/a><\/li>\n    <li><a href=\"https:\/\/programadestinosmexico.com\/en\/parques-recreativos-en-hidalgo\/\">Huejutla<\/a><\/li>\n    <li><a href=\"https:\/\/programadestinosmexico.com\/en\/parques-recreativos-en-hidalgo\/\">Huichapan<\/a><\/li>\n    <li><a href=\"https:\/\/programadestinosmexico.com\/en\/parques-recreativos-en-hidalgo\/\">Mineral del Chico<\/a><\/li>\n    <li><a href=\"https:\/\/programadestinosmexico.com\/en\/parques-recreativos-en-hidalgo\/\">Pachuca<\/a><\/li>\n    <li><a href=\"https:\/\/programadestinosmexico.com\/en\/parques-recreativos-en-hidalgo\/\">Tecozautla<\/a><\/li>\n    <li><a href=\"https:\/\/programadestinosmexico.com\/en\/parques-recreativos-en-hidalgo\/\">Zimapan<\/a><\/li>\n    <!-- Agrega m\u00e1s elementos de submen\u00fa aqu\u00ed -->\n  <\/ul>\n<\/li>\n<li class=\"menu-item\">\n  <a href=\"https:\/\/programadestinosmexico.com\/en\/parques-recreativos-en-jalisco\/\">Jalisco <i class=\"fas fa-angle-right desplegable\"><\/i><\/a>\n  <ul class=\"sub-menu\">\n    <li><a href=\"https:\/\/programadestinosmexico.com\/en\/parques-recreativos-en-jalisco\/\">Guadalajara<\/a><\/li>\n    <li><a href=\"https:\/\/programadestinosmexico.com\/en\/parques-recreativos-en-jalisco\/\">Lagos de Moreno<\/a><\/li>\n    <li><a href=\"https:\/\/programadestinosmexico.com\/en\/parques-recreativos-en-jalisco\/\">Mazamitla<\/a><\/li>\n    <li><a href=\"https:\/\/programadestinosmexico.com\/en\/parques-recreativos-en-jalisco\/\">Puerto Vallarta<\/a><\/li>\n    <li><a href=\"https:\/\/programadestinosmexico.com\/en\/parques-recreativos-en-jalisco\/\">Ribera de Chapala<\/a><\/li>\n    <li><a href=\"https:\/\/programadestinosmexico.com\/en\/parques-recreativos-en-jalisco\/\">Tapalpa<\/a><\/li>\n    <li><a href=\"https:\/\/programadestinosmexico.com\/en\/parques-recreativos-en-jalisco\/\">Tequila<\/a><\/li>\n    <!-- Agrega m\u00e1s elementos de submen\u00fa aqu\u00ed -->\n  <\/ul>\n<\/li>\n<li class=\"menu-item\">\n  <a href=\"https:\/\/programadestinosmexico.com\/en\/parques-recreativos-en-michoacan\/\">Michoac\u00e1n <i class=\"fas fa-angle-right desplegable\"><\/i><\/a>\n  <ul class=\"sub-menu\">\n    <li><a href=\"https:\/\/programadestinosmexico.com\/en\/parques-recreativos-en-michoacan\/\">Cuitzeo<\/a><\/li>\n    <li><a href=\"https:\/\/programadestinosmexico.com\/en\/parques-recreativos-en-michoacan\/\">Morelia<\/a><\/li>\n    <li><a href=\"https:\/\/programadestinosmexico.com\/en\/parques-recreativos-en-michoacan\/\">Tlalpujahua<\/a><\/li>\n    <li><a href=\"https:\/\/programadestinosmexico.com\/en\/parques-recreativos-en-michoacan\/\">Uruapan<\/a><\/li>\n    <li><a href=\"https:\/\/programadestinosmexico.com\/en\/parques-recreativos-en-michoacan\/\">Zamora<\/a><\/li>\n    <li><a href=\"https:\/\/programadestinosmexico.com\/en\/parques-recreativos-en-michoacan\/\">Zirahu\u00e9n<\/a><\/li>\n    <li><a href=\"https:\/\/programadestinosmexico.com\/en\/parques-recreativos-en-michoacan\/\">Zit\u00e1cuaro<\/a><\/li>\n    <!-- Agrega m\u00e1s elementos de submen\u00fa aqu\u00ed -->\n  <\/ul>\n<\/li>\n<li class=\"menu-item\">\n  <a href=\"https:\/\/programadestinosmexico.com\/en\/parques-recreativos-en-morelos\/\">Morelos <i class=\"fas fa-angle-right desplegable\"><\/i><\/a>\n  <ul class=\"sub-menu\">\n    <li><a href=\"https:\/\/programadestinosmexico.com\/en\/parques-recreativos-en-morelos\/\">Cuautla<\/a><\/li>\n    <li><a href=\"https:\/\/programadestinosmexico.com\/en\/parques-recreativos-en-morelos\/\">Cuernavaca<\/a><\/li>\n    <li><a href=\"https:\/\/programadestinosmexico.com\/en\/parques-recreativos-en-morelos\/\">Tepoztl\u00e1n<\/a><\/li>\n    <li><a href=\"https:\/\/programadestinosmexico.com\/en\/parques-recreativos-en-morelos\/\">Tequesquitengo<\/a><\/li>\n    <li><a href=\"https:\/\/programadestinosmexico.com\/en\/parques-recreativos-en-morelos\/\">Tlayacapan<\/a><\/li>\n\n    <!-- Agrega m\u00e1s elementos de submen\u00fa aqu\u00ed -->\n  <\/ul>\n<\/li>\n<li class=\"menu-item\">\n  <a href=\"https:\/\/programadestinosmexico.com\/en\/parques-recreativos-en-nayarit\/\">Nayarit <i class=\"fas fa-angle-right desplegable\"><\/i><\/a>\n  <ul class=\"sub-menu\">\n    <li><a href=\"https:\/\/programadestinosmexico.com\/en\/parques-recreativos-en-nayarit\/\">Acaponeta<\/a><\/li>\n    <li><a href=\"https:\/\/programadestinosmexico.com\/en\/parques-recreativos-en-nayarit\/\">Compostela<\/a><\/li>\n    <li><a href=\"https:\/\/programadestinosmexico.com\/en\/parques-recreativos-en-nayarit\/\">Ixtl\u00e1n del R\u00edo<\/a><\/li>\n    <li><a href=\"https:\/\/programadestinosmexico.com\/en\/parques-recreativos-en-nayarit\/\">Jala<\/a><\/li>\n    <li><a href=\"https:\/\/programadestinosmexico.com\/en\/parques-recreativos-en-nayarit\/\">Riviera Nayarit<\/a><\/li>\n    <li><a href=\"https:\/\/programadestinosmexico.com\/en\/parques-recreativos-en-nayarit\/\">San Bl\u00e1s<\/a><\/li>\n    <li><a href=\"https:\/\/programadestinosmexico.com\/en\/parques-recreativos-en-nayarit\/\">Tepic<\/a><\/li>\n    <!-- Agrega m\u00e1s elementos de submen\u00fa aqu\u00ed -->\n  <\/ul>\n<\/li>\n<li class=\"menu-item\">\n  <a href=\"https:\/\/programadestinosmexico.com\/en\/parques-recreativos-en-puebla\/\">Puebla <i class=\"fas fa-angle-right desplegable\"><\/i><\/a>\n  <ul class=\"sub-menu\">\n    <li><a href=\"https:\/\/programadestinosmexico.com\/en\/parques-recreativos-en-puebla\/\">Atlixco<\/a><\/li>\n    <li><a href=\"https:\/\/programadestinosmexico.com\/en\/parques-recreativos-en-puebla\/\">Chignahuapan<\/a><\/li>\n    <li><a href=\"https:\/\/programadestinosmexico.com\/en\/parques-recreativos-en-puebla\/\">Cholula<\/a><\/li>\n    <li><a href=\"https:\/\/programadestinosmexico.com\/en\/parques-recreativos-en-puebla\/\">Cuetzalan<\/a><\/li>\n    <li><a href=\"https:\/\/programadestinosmexico.com\/en\/parques-recreativos-en-puebla\/\">Puebla<\/a><\/li>\n    <li><a href=\"https:\/\/programadestinosmexico.com\/en\/parques-recreativos-en-puebla\/\">Tehuac\u00e1n<\/a><\/li>\n    <li><a href=\"https:\/\/programadestinosmexico.com\/en\/parques-recreativos-en-puebla\/\">Zacapoaxtla<\/a><\/li>\n    <li><a href=\"https:\/\/programadestinosmexico.com\/en\/parques-recreativos-en-puebla\/\">Zacatl\u00e1n<\/a><\/li>\n    <!-- Agrega m\u00e1s elementos de submen\u00fa aqu\u00ed -->\n  <\/ul>\n<\/li>\n<li class=\"menu-item\">\n  <a href=\"https:\/\/programadestinosmexico.com\/en\/parques-recreativos-en-queretaro\/\">Quer\u00e9taro <i class=\"fas fa-angle-right desplegable\"><\/i><\/a>\n  <ul class=\"sub-menu\">\n    <li><a href=\"https:\/\/programadestinosmexico.com\/en\/parques-recreativos-en-queretaro\/\">Cadereyta de Montes<\/a><\/li>\n    <li><a href=\"https:\/\/programadestinosmexico.com\/en\/parques-recreativos-en-queretaro\/\">Jalpan de Serra<\/a><\/li>\n    <li><a href=\"https:\/\/programadestinosmexico.com\/en\/parques-recreativos-en-queretaro\/\">Quer\u00e9taro<\/a><\/li>\n    <li><a href=\"https:\/\/programadestinosmexico.com\/en\/parques-recreativos-en-queretaro\/\">San Joaqu\u00edn<\/a><\/li>\n    <li><a href=\"https:\/\/programadestinosmexico.com\/en\/parques-recreativos-en-queretaro\/\">Tequisquiapan<\/a><\/li>\n    <!-- Agrega m\u00e1s elementos de submen\u00fa aqu\u00ed -->\n  <\/ul>\n<\/li>\n<li class=\"menu-item\">\n  <a href=\"https:\/\/programadestinosmexico.com\/en\/parques-recreativos-en-san-luis-potosi\/\">San Luis Potos\u00ed <i class=\"fas fa-angle-right desplegable\"><\/i><\/a>\n  <ul class=\"sub-menu\">\n    <li><a href=\"https:\/\/programadestinosmexico.com\/en\/parques-recreativos-en-san-luis-potosi\/\">Ciudad Valles<\/a><\/li>\n <li><a href=\"https:\/\/programadestinosmexico.com\/en\/parques-recreativos-en-san-luis-potosi\/\">San Luis Potos\u00ed<\/a><\/li>\n    <li><a href=\"https:\/\/programadestinosmexico.com\/en\/parques-recreativos-en-san-luis-potosi\/\">Xilitla<\/a><\/li>\n    <!-- Agrega m\u00e1s elementos de submen\u00fa aqu\u00ed -->\n  <\/ul>\n<\/li>\n<li class=\"menu-item\">\n  <a href=\"https:\/\/programadestinosmexico.com\/en\/parques-recreativos-en-tlaxcala\/\">Tlaxcala <i class=\"fas fa-angle-right desplegable\"><\/i><\/a>\n  <ul class=\"sub-menu\">\n    <li><a href=\"https:\/\/programadestinosmexico.com\/en\/parques-recreativos-en-tlaxcala\/\">Huamantla<\/a><\/li>\n    <li><a href=\"https:\/\/programadestinosmexico.com\/en\/parques-recreativos-en-tlaxcala\/\">Tlaxcala<\/a><\/li>\n    <li><a href=\"https:\/\/programadestinosmexico.com\/en\/parques-recreativos-en-tlaxcala\/\">Tlaxco<\/a><\/li>\n    <!-- Agrega m\u00e1s elementos de submen\u00fa aqu\u00ed -->\n  <\/ul>\n<\/li>\n<li class=\"menu-item\">\n  <a href=\"https:\/\/programadestinosmexico.com\/en\/parques-recreativos-en-veracruz\/\">Veracruz <i class=\"fas fa-angle-right desplegable\"><\/i><\/a>\n  <ul class=\"sub-menu\">\n    <li><a href=\"https:\/\/programadestinosmexico.com\/en\/parques-recreativos-en-veracruz\/\">Coatepec<\/a><\/li>\n    <li><a href=\"https:\/\/programadestinosmexico.com\/en\/parques-recreativos-en-veracruz\/\">Coatzacoalcos<\/a><\/li>\n    <li><a href=\"https:\/\/programadestinosmexico.com\/en\/parques-recreativos-en-veracruz\/\">C\u00f3rdoba<\/a><\/li>\n    <li><a href=\"https:\/\/programadestinosmexico.com\/en\/parques-recreativos-en-veracruz\/\">Coscomatepec<\/a><\/li>\n    <li><a href=\"https:\/\/programadestinosmexico.com\/en\/parques-recreativos-en-veracruz\/\">Costa Esmeralda<\/a><\/li>\n    <li><a href=\"https:\/\/programadestinosmexico.com\/en\/parques-recreativos-en-veracruz\/\">Los Tuxtlas<\/a><\/li>\n    <li><a href=\"https:\/\/programadestinosmexico.com\/en\/parques-recreativos-en-veracruz\/\">Orizaba<\/a><\/li>\n    <li><a href=\"https:\/\/programadestinosmexico.com\/en\/parques-recreativos-en-veracruz\/\">Papantla<\/a><\/li>\n    <li><a href=\"https:\/\/programadestinosmexico.com\/en\/parques-recreativos-en-veracruz\/\">Veracruz<\/a><\/li>\n    <li><a href=\"https:\/\/programadestinosmexico.com\/en\/parques-recreativos-en-veracruz\/\">Xalapa<\/a><\/li>\n    <li><a href=\"https:\/\/programadestinosmexico.com\/en\/parques-recreativos-en-veracruz\/\">Xico<\/a><\/li>\n    <li><a href=\"https:\/\/programadestinosmexico.com\/en\/parques-recreativos-en-veracruz\/\">Zozocolco de Hidalgo<\/a><\/li>\n    <!-- Agrega m\u00e1s elementos de submen\u00fa aqu\u00ed -->\n  <\/ul>\n<\/li>\n<\/ul>\n\n<script>\n  const menuItems = document.querySelectorAll(\".menu-item\");\n  \n  menuItems.forEach(menuItem => {\n    menuItem.addEventListener(\"mouseenter\", () => {\n      const icono = menuItem.querySelector(\".desplegable\");\n      if (icono) {\n        icono.classList.remove(\"fa-angle-right\");\n        icono.classList.add(\"fa-angle-down\");\n      }\n    });\n\n    menuItem.addEventListener(\"mouseleave\", () => {\n      const icono = menuItem.querySelector(\".desplegable\");\n      if (icono) {\n        icono.classList.remove(\"fa-angle-down\");\n        icono.classList.add(\"fa-angle-right\");\n      }\n    });\n  });\n<\/script>\n<\/body>\n<\/html>\n\t\t\t\t<\/div>\n\t\t\t\t<\/div>\n\t\t\t\t<\/div>\n\t\t\t\t<\/div>\n\t\t\t\t<\/div>\n\t\t<div class=\"elementor-element elementor-element-c380478 e-con-full e-flex e-con e-child\" data-id=\"c380478\" data-element_type=\"container\" data-e-type=\"container\" data-settings=\"{&quot;jet_parallax_layout_list&quot;:[]}\">\n\t\t<div class=\"elementor-element elementor-element-69a417e e-con-full e-flex e-con e-child\" data-id=\"69a417e\" data-element_type=\"container\" data-e-type=\"container\" data-settings=\"{&quot;jet_parallax_layout_list&quot;:[]}\">\n\t\t<div class=\"elementor-element elementor-element-bfce82b e-con-full e-flex e-con e-child\" data-id=\"bfce82b\" data-element_type=\"container\" data-e-type=\"container\" data-settings=\"{&quot;jet_parallax_layout_list&quot;:[]}\">\n\t\t\t\t<div class=\"elementor-element elementor-element-eb0f538 elementor-widget elementor-widget-heading\" data-id=\"eb0f538\" data-element_type=\"widget\" data-e-type=\"widget\" data-widget_type=\"heading.default\">\n\t\t\t\t<div class=\"elementor-widget-container\">\n\t\t\t\t\t<h2 class=\"elementor-heading-title elementor-size-default\">Southern Mexico<\/h2>\t\t\t\t<\/div>\n\t\t\t\t<\/div>\n\t\t\t\t<div class=\"elementor-element elementor-element-e856c7a elementor-widget__width-initial elementor-widget elementor-widget-html\" data-id=\"e856c7a\" data-element_type=\"widget\" data-e-type=\"widget\" data-widget_type=\"html.default\">\n\t\t\t\t<div class=\"elementor-widget-container\">\n\t\t\t\t\t<!DOCTYPE html>\n<html lang=\"es\">\n<head>\n<meta charset=\"UTF-8\">\n<meta name=\"viewport\" content=\"width=device-width, initial-scale=1.0\">\n<title>Men\u00fa desplegable personalizable<\/title>\n<link rel=\"stylesheet\" href=\"https:\/\/cdnjs.cloudflare.com\/ajax\/libs\/font-awesome\/6.0.0-beta3\/css\/all.min.css\" crossorigin=\"anonymous\" \/>\n<style>\n  body {\n    font-family: Arial, sans-serif;\n  }\n\n  .menu-principal {\n    list-style-type: none;\n    margin: 0;\n    padding: 0;\n    background-color: #33333300;\n    width: 200px;\n  }\n\n  .menu-item {\n    position: relative;\n  }\n\n  .menu-item a {\n    display: block;\n    padding: 8px 16px;\n    color: #5E5E5E;\n    text-decoration: none;\n    line-height: 14px; \/* Cambiado aqu\u00ed *\/\n  }\n\n  .menu-item a:hover {\n    background-color: #11111100;\n    color: #B7BEA0;\n  }\n\n  .sub-menu {\n    display: none;\n    position: relative;\n    list-style-type: none;\n    margin: 0;\n    padding: 0;\n    background-color: #33333300;\n    width: 100%;\n  }\n\n  .sub-menu a {\n    padding: 8px 16px;\n    color: #5E5E5E;\n    text-decoration: none;\n    line-height: 14px; \/* Cambiado aqu\u00ed *\/\n  }\n\n  .sub-menu a:hover {\n    background-color: #11111100;\n    color: #B7BEA0;\n  }\n\n  .menu-item:hover .sub-menu {\n    display: block;\n  }\n\n<\/style>\n<\/head>\n<body>\n\n<ul class=\"menu-principal\">\n  <li class=\"menu-item\">\n    <a href=\"https:\/\/programadestinosmexico.com\/en\/parques-recreativos-en-campeche\/\">Campeche <i class=\"fas fa-angle-right desplegable\"><\/i><\/a>\n    <ul class=\"sub-menu\">\n      <li><a href=\"https:\/\/programadestinosmexico.com\/en\/parques-recreativos-en-campeche\/\">Campeche<\/a><\/li>\n      <li><a href=\"https:\/\/programadestinosmexico.com\/en\/parques-recreativos-en-campeche\/\">Calakmul<\/a><\/li>\n     <li><a href=\"https:\/\/programadestinosmexico.com\/en\/parques-recreativos-en-campeche\/\">Calkin\u00ed<\/a><\/li>\n      <li><a href=\"https:\/\/programadestinosmexico.com\/en\/parques-recreativos-en-campeche\/\">Candelaria<\/a><\/li>\n      <li><a href=\"https:\/\/programadestinosmexico.com\/en\/parques-recreativos-en-campeche\/\">Ciudad del Carmen<\/a><\/li>\n      <!-- Agrega m\u00e1s elementos de submen\u00fa aqu\u00ed -->\n    <\/ul>\n  <\/li>\n<li class=\"menu-item\">\n  <a href=\"https:\/\/programadestinosmexico.com\/en\/parques-recreativos-en-chiapas\/\">Chiapas <i class=\"fas fa-angle-right desplegable\"><\/i><\/a>\n  <ul class=\"sub-menu\">\n    <li><a href=\"https:\/\/programadestinosmexico.com\/en\/parques-recreativos-en-chiapas\/\">Comit\u00e1n de Dom\u00ednguez<\/a><\/li>\n    <li><a href=\"https:\/\/programadestinosmexico.com\/en\/parques-recreativos-en-chiapas\/\">Palenque<\/a><\/li>\n    <li><a href=\"https:\/\/programadestinosmexico.com\/en\/parques-recreativos-en-chiapas\/\">San Crist\u00f3bal de las Casas<\/a><\/li>\n    <li><a href=\"https:\/\/programadestinosmexico.com\/en\/parques-recreativos-en-chiapas\/\">Tapachula<\/a><\/li>\n    <li><a href=\"https:\/\/programadestinosmexico.com\/en\/parques-recreativos-en-chiapas\/\">Tonal\u00e1<\/a><\/li>\n    <li><a href=\"https:\/\/programadestinosmexico.com\/en\/parques-recreativos-en-chiapas\/\">Tuxtla-Guti\u00e9rrez<\/a><\/li>\n    <!-- Agrega m\u00e1s elementos de submen\u00fa aqu\u00ed -->\n  <\/ul>\n<\/li>\n<li class=\"menu-item\">\n  <a href=\"https:\/\/programadestinosmexico.com\/en\/parques-recreativos-en-guerrero\/\">Guerrero <i class=\"fas fa-angle-right desplegable\"><\/i><\/a>\n  <ul class=\"sub-menu\">\n    <li><a href=\"https:\/\/programadestinosmexico.com\/en\/parques-recreativos-en-guerrero\/\">Acapulco<\/a><\/li>\n    <li><a href=\"https:\/\/programadestinosmexico.com\/en\/parques-recreativos-en-guerrero\/\">Ixtapa Zihuatanejo<\/a><\/li>\n    <!-- Agrega m\u00e1s elementos de submen\u00fa aqu\u00ed -->\n  <\/ul>\n<\/li>\n<li class=\"menu-item\">\n  <a href=\"https:\/\/programadestinosmexico.com\/en\/parques-recreativos-en-oaxaca\/\">Oaxaca <i class=\"fas fa-angle-right desplegable\"><\/i><\/a>\n  <ul class=\"sub-menu\">\n    <li><a href=\"https:\/\/programadestinosmexico.com\/en\/parques-recreativos-en-oaxaca\/\">Capul\u00e1lpam de M\u00e9ndez<\/a><\/li>\n    <li><a href=\"https:\/\/programadestinosmexico.com\/en\/parques-recreativos-en-oaxaca\/\">Huatulco<\/a><\/li>\n    <li><a href=\"https:\/\/programadestinosmexico.com\/en\/parques-recreativos-en-oaxaca\/\">Huautla de Jim\u00e9nez<\/a><\/li>\n    <li><a href=\"https:\/\/programadestinosmexico.com\/en\/parques-recreativos-en-oaxaca\/\">Mazunte<\/a><\/li>\n    <li><a href=\"https:\/\/programadestinosmexico.com\/en\/parques-recreativos-en-oaxaca\/\">Oaxaca<\/a><\/li>\n    <li><a href=\"https:\/\/programadestinosmexico.com\/en\/parques-recreativos-en-oaxaca\/\">Puerto Escondido<\/a><\/li>\n    <li><a href=\"https:\/\/programadestinosmexico.com\/en\/parques-recreativos-en-oaxaca\/\">Teposcolula<\/a><\/li>\n\n    <!-- Agrega m\u00e1s elementos de submen\u00fa aqu\u00ed -->\n  <\/ul>\n<\/li>\n<li class=\"menu-item\">\n  <a href=\"https:\/\/programadestinosmexico.com\/en\/parques-recreativos-en-caribe-mexicano\/\">Quintana Roo <i class=\"fas fa-angle-right desplegable\"><\/i><\/a>\n  <ul class=\"sub-menu\">\n    <li><a href=\"https:\/\/programadestinosmexico.com\/en\/parques-recreativos-en-caribe-mexicano\/\">Akumal<\/a><\/li>\n    <li><a href=\"https:\/\/programadestinosmexico.com\/en\/parques-recreativos-en-caribe-mexicano\/\">Canc\u00fan<\/a><\/li>\n    <li><a href=\"https:\/\/programadestinosmexico.com\/en\/parques-recreativos-en-caribe-mexicano\/\">Cozumel<\/a><\/li>\n    <li><a href=\"https:\/\/programadestinosmexico.com\/en\/parques-recreativos-en-caribe-mexicano\/\">Isla Holbox<\/a><\/li>\n    <li><a href=\"https:\/\/programadestinosmexico.com\/en\/parques-recreativos-en-caribe-mexicano\/\">Isla Mujeres<\/a><\/li>\n    <li><a href=\"https:\/\/programadestinosmexico.com\/en\/parques-recreativos-en-caribe-mexicano\/\">Playa del Carmen<\/a><\/li>\n    <li><a href=\"https:\/\/programadestinosmexico.com\/en\/parques-recreativos-en-caribe-mexicano\/\">Puerto Morelos<\/a><\/li>\n    <li><a href=\"https:\/\/programadestinosmexico.com\/en\/parques-recreativos-en-caribe-mexicano\/\">Puerto Aventuras<\/a><\/li>\n    <li><a href=\"https:\/\/programadestinosmexico.com\/en\/parques-recreativos-en-caribe-mexicano\/\">Tulum<\/a><\/li>\n    <!-- Agrega m\u00e1s elementos de submen\u00fa aqu\u00ed -->\n  <\/ul>\n<\/li>\n<li class=\"menu-item\">\n  <a href=\"https:\/\/programadestinosmexico.com\/en\/parques-recreativos-en-tabasco\/\">Tabasco <i class=\"fas fa-angle-right desplegable\"><\/i><\/a>\n  <ul class=\"sub-menu\">\n    <li><a href=\"https:\/\/programadestinosmexico.com\/en\/parques-recreativos-en-tabasco\/\">Tapijulapa<\/a><\/li>\n    <li><a href=\"https:\/\/programadestinosmexico.com\/en\/parques-recreativos-en-tabasco\/\">Villahermosa<\/a><\/li>\n\n    <!-- Agrega m\u00e1s elementos de submen\u00fa aqu\u00ed -->\n  <\/ul>\n<\/li>\n<li class=\"menu-item\">\n  <a href=\"https:\/\/programadestinosmexico.com\/en\/parques-recreativos-en-yucatan\/\">Yucat\u00e1n <i class=\"fas fa-angle-right desplegable\"><\/i><\/a>\n  <ul class=\"sub-menu\">\n    <li><a href=\"https:\/\/programadestinosmexico.com\/en\/parques-recreativos-en-yucatan\/\">Izamal<\/a><\/li>\n    <li><a href=\"https:\/\/programadestinosmexico.com\/en\/parques-recreativos-en-yucatan\/\">M\u00e9rida<\/a><\/li>\n    <li><a href=\"https:\/\/programadestinosmexico.com\/en\/parques-recreativos-en-yucatan\/\">Valladolid,<\/a><\/li>\n    <!-- Agrega m\u00e1s elementos de submen\u00fa aqu\u00ed -->\n  <\/ul>\n<\/li>\n<\/ul>\n\n<script>\n  const menuItems = document.querySelectorAll(\".menu-item\");\n  \n  menuItems.forEach(menuItem => {\n    menuItem.addEventListener(\"mouseenter\", () => {\n      const icono = menuItem.querySelector(\".desplegable\");\n      if (icono) {\n        icono.classList.remove(\"fa-angle-right\");\n        icono.classList.add(\"fa-angle-down\");\n      }\n    });\n\n    menuItem.addEventListener(\"mouseleave\", () => {\n      const icono = menuItem.querySelector(\".desplegable\");\n      if (icono) {\n        icono.classList.remove(\"fa-angle-down\");\n        icono.classList.add(\"fa-angle-right\");\n      }\n    });\n  });\n<\/script>\n<\/body>\n<\/html>\n\t\t\t\t<\/div>\n\t\t\t\t<\/div>\n\t\t\t\t<\/div>\n\t\t\t\t<\/div>\n\t\t\t\t<\/div>\n\t\t\t\t<\/div>\n\t\t\t\t\t<\/div>\n\t\t\t\t<\/div>\n\t\t\t\t<\/div>\n\t\t<\/div>\n\t\t\t\t\t\t\t<\/div>\n\t\t\t\t\t\t<\/div>\t\t\t<\/div>\n\t\t<\/div>\n\t\t\t\t\t\t<\/div>\n\t\t\t\t<\/div>\n\t\t\t\t\t<\/div>\n\t\t\t\t<\/div>\n\t\t<div class=\"elementor-element elementor-element-72e14cb e-flex e-con-boxed e-con e-parent\" data-id=\"72e14cb\" data-element_type=\"container\" data-e-type=\"container\" data-settings=\"{&quot;jet_parallax_layout_list&quot;:[]}\">\n\t\t\t\t\t<div class=\"e-con-inner\">\n\t\t<div class=\"elementor-element elementor-element-2c7477b e-flex e-con-boxed e-con e-child\" data-id=\"2c7477b\" data-element_type=\"container\" data-e-type=\"container\" data-settings=\"{&quot;jet_parallax_layout_list&quot;:[],&quot;background_background&quot;:&quot;classic&quot;}\">\n\t\t\t\t\t<div class=\"e-con-inner\">\n\t\t<div class=\"elementor-element elementor-element-d85bcdc e-con-full animated-slow e-flex elementor-invisible e-con e-child\" data-id=\"d85bcdc\" data-element_type=\"container\" data-e-type=\"container\" data-settings=\"{&quot;jet_parallax_layout_list&quot;:[],&quot;animation&quot;:&quot;fadeInLeft&quot;}\">\n\t\t\t\t<div class=\"elementor-element elementor-element-80f916e elementor-widget elementor-widget-heading\" data-id=\"80f916e\" data-element_type=\"widget\" data-e-type=\"widget\" data-widget_type=\"heading.default\">\n\t\t\t\t<div class=\"elementor-widget-container\">\n\t\t\t\t\t<h1 class=\"elementor-heading-title elementor-size-default\">THEME &amp; AMUSEMENT PARKS IN VERACRUZ<\/h1>\t\t\t\t<\/div>\n\t\t\t\t<\/div>\n\t\t\t\t<\/div>\n\t\t\t\t\t<\/div>\n\t\t\t\t<\/div>\n\t\t\t\t\t<\/div>\n\t\t\t\t<\/div>\n\t\t<div class=\"elementor-element elementor-element-ae8f3db e-flex e-con-boxed e-con e-parent\" data-id=\"ae8f3db\" data-element_type=\"container\" data-e-type=\"container\" data-settings=\"{&quot;jet_parallax_layout_list&quot;:[]}\">\n\t\t\t\t\t<div class=\"e-con-inner\">\n\t\t\t\t<div class=\"elementor-element elementor-element-7b56547 elementor-widget elementor-widget-heading\" data-id=\"7b56547\" data-element_type=\"widget\" data-e-type=\"widget\" data-widget_type=\"heading.default\">\n\t\t\t\t<div class=\"elementor-widget-container\">\n\t\t\t\t\t<h2 class=\"elementor-heading-title elementor-size-default\">THEME &amp; AMUSEMENT PARKS IN COATEPEC<\/h2>\t\t\t\t<\/div>\n\t\t\t\t<\/div>\n\t\t\t\t\t<\/div>\n\t\t\t\t<\/div>\n\t\t<div class=\"elementor-element elementor-element-f64fb25 e-con-full e-flex e-con e-parent\" data-id=\"f64fb25\" data-element_type=\"container\" data-e-type=\"container\" data-settings=\"{&quot;jet_parallax_layout_list&quot;:[]}\">\n\t\t<div class=\"elementor-element elementor-element-a66e6f2 e-con-full animated-slow e-flex elementor-invisible e-con e-child\" data-id=\"a66e6f2\" data-element_type=\"container\" data-e-type=\"container\" data-settings=\"{&quot;jet_parallax_layout_list&quot;:[],&quot;animation&quot;:&quot;fadeInUp&quot;,&quot;animation_delay&quot;:100}\">\n\t\t\t\t<div class=\"elementor-element elementor-element-80273af imgzoom elementor-position-top elementor-widget elementor-widget-image-box\" data-id=\"80273af\" data-element_type=\"widget\" data-e-type=\"widget\" data-widget_type=\"image-box.default\">\n\t\t\t\t<div class=\"elementor-widget-container\">\n\t\t\t\t\t<div class=\"elementor-image-box-wrapper\"><figure class=\"elementor-image-box-img\"><a href=\"https:\/\/programadestinosmexico.com\/en\/picocanoa-rodacento-veracruz\/\" tabindex=\"-1\"><img loading=\"lazy\" decoding=\"async\" width=\"591\" height=\"591\" src=\"https:\/\/programadestinosmexico.com\/wp-content\/uploads\/2023\/10\/Picocanoa-Rodavento.jpg\" class=\"attachment-medium_large size-medium_large wp-image-49311\" alt=\"\" srcset=\"https:\/\/programadestinosmexico.com\/wp-content\/uploads\/2023\/10\/Picocanoa-Rodavento.jpg 591w, https:\/\/programadestinosmexico.com\/wp-content\/uploads\/2023\/10\/Picocanoa-Rodavento-300x300.jpg 300w\" sizes=\"(max-width: 591px) 100vw, 591px\" \/><\/a><\/figure><div class=\"elementor-image-box-content\"><h3 class=\"elementor-image-box-title\"><a href=\"https:\/\/programadestinosmexico.com\/en\/picocanoa-rodacento-veracruz\/\">Picocanoa Rodavento<\/a><\/h3><\/div><\/div>\t\t\t\t<\/div>\n\t\t\t\t<\/div>\n\t\t\t\t<\/div>\n\t\t<div class=\"elementor-element elementor-element-ea8a369 e-con-full animated-slow e-flex elementor-invisible e-con e-child\" data-id=\"ea8a369\" data-element_type=\"container\" data-e-type=\"container\" data-settings=\"{&quot;jet_parallax_layout_list&quot;:[],&quot;animation&quot;:&quot;fadeInUp&quot;,&quot;animation_delay&quot;:100}\">\n\t\t\t\t<div class=\"elementor-element elementor-element-38ac477 imgzoom elementor-position-top elementor-widget elementor-widget-image-box\" data-id=\"38ac477\" data-element_type=\"widget\" data-e-type=\"widget\" data-widget_type=\"image-box.default\">\n\t\t\t\t<div class=\"elementor-widget-container\">\n\t\t\t\t\t<div class=\"elementor-image-box-wrapper\"><figure class=\"elementor-image-box-img\"><a href=\"https:\/\/programadestinosmexico.com\/en\/rancho-ecologico-el-mirador-veracruz\/\" tabindex=\"-1\"><img loading=\"lazy\" decoding=\"async\" width=\"591\" height=\"591\" src=\"https:\/\/programadestinosmexico.com\/wp-content\/uploads\/2023\/10\/Rancho-Ecologico-El-Mirador.jpg\" class=\"attachment-medium_large size-medium_large wp-image-49313\" alt=\"\" srcset=\"https:\/\/programadestinosmexico.com\/wp-content\/uploads\/2023\/10\/Rancho-Ecologico-El-Mirador.jpg 591w, https:\/\/programadestinosmexico.com\/wp-content\/uploads\/2023\/10\/Rancho-Ecologico-El-Mirador-300x300.jpg 300w\" sizes=\"(max-width: 591px) 100vw, 591px\" \/><\/a><\/figure><div class=\"elementor-image-box-content\"><h3 class=\"elementor-image-box-title\"><a href=\"https:\/\/programadestinosmexico.com\/en\/rancho-ecologico-el-mirador-veracruz\/\">Rancho Ecol\u00f3gico El Mirador<\/a><\/h3><\/div><\/div>\t\t\t\t<\/div>\n\t\t\t\t<\/div>\n\t\t\t\t<\/div>\n\t\t<div class=\"elementor-element elementor-element-243b637 e-con-full animated-slow e-flex elementor-invisible e-con e-child\" data-id=\"243b637\" data-element_type=\"container\" data-e-type=\"container\" data-settings=\"{&quot;jet_parallax_layout_list&quot;:[],&quot;animation&quot;:&quot;fadeInUp&quot;,&quot;animation_delay&quot;:100}\">\n\t\t\t\t<div class=\"elementor-element elementor-element-8a3a161 imgzoom elementor-position-top elementor-widget elementor-widget-image-box\" data-id=\"8a3a161\" data-element_type=\"widget\" data-e-type=\"widget\" data-widget_type=\"image-box.default\">\n\t\t\t\t<div class=\"elementor-widget-container\">\n\t\t\t\t\t<div class=\"elementor-image-box-wrapper\"><figure class=\"elementor-image-box-img\"><a href=\"https:\/\/programadestinosmexico.com\/en\/chichaki-veracruz\/\" tabindex=\"-1\"><img loading=\"lazy\" decoding=\"async\" width=\"591\" height=\"591\" src=\"https:\/\/programadestinosmexico.com\/wp-content\/uploads\/2023\/10\/Chichaki.jpg\" class=\"attachment-medium_large size-medium_large wp-image-49309\" alt=\"\" srcset=\"https:\/\/programadestinosmexico.com\/wp-content\/uploads\/2023\/10\/Chichaki.jpg 591w, https:\/\/programadestinosmexico.com\/wp-content\/uploads\/2023\/10\/Chichaki-300x300.jpg 300w\" sizes=\"(max-width: 591px) 100vw, 591px\" \/><\/a><\/figure><div class=\"elementor-image-box-content\"><h3 class=\"elementor-image-box-title\"><a href=\"https:\/\/programadestinosmexico.com\/en\/chichaki-veracruz\/\">Chichaki<\/a><\/h3><\/div><\/div>\t\t\t\t<\/div>\n\t\t\t\t<\/div>\n\t\t\t\t<\/div>\n\t\t<div class=\"elementor-element elementor-element-b369896 e-con-full animated-slow e-flex elementor-invisible e-con e-child\" data-id=\"b369896\" data-element_type=\"container\" data-e-type=\"container\" data-settings=\"{&quot;jet_parallax_layout_list&quot;:[],&quot;animation&quot;:&quot;fadeInUp&quot;,&quot;animation_delay&quot;:100}\">\n\t\t\t\t<div class=\"elementor-element elementor-element-fe37198 imgzoom elementor-position-top elementor-widget elementor-widget-image-box\" data-id=\"fe37198\" data-element_type=\"widget\" data-e-type=\"widget\" data-widget_type=\"image-box.default\">\n\t\t\t\t<div class=\"elementor-widget-container\">\n\t\t\t\t\t<div class=\"elementor-image-box-wrapper\"><figure class=\"elementor-image-box-img\"><a href=\"https:\/\/programadestinosmexico.com\/en\/el-divisadero-veracruz\/\" tabindex=\"-1\"><img loading=\"lazy\" decoding=\"async\" width=\"591\" height=\"591\" src=\"https:\/\/programadestinosmexico.com\/wp-content\/uploads\/2023\/10\/El-Divisadero.jpg\" class=\"attachment-medium_large size-medium_large wp-image-49315\" alt=\"\" srcset=\"https:\/\/programadestinosmexico.com\/wp-content\/uploads\/2023\/10\/El-Divisadero.jpg 591w, https:\/\/programadestinosmexico.com\/wp-content\/uploads\/2023\/10\/El-Divisadero-300x300.jpg 300w\" sizes=\"(max-width: 591px) 100vw, 591px\" \/><\/a><\/figure><div class=\"elementor-image-box-content\"><h3 class=\"elementor-image-box-title\"><a href=\"https:\/\/programadestinosmexico.com\/en\/el-divisadero-veracruz\/\">El Divisadero<\/a><\/h3><\/div><\/div>\t\t\t\t<\/div>\n\t\t\t\t<\/div>\n\t\t\t\t<\/div>\n\t\t\t\t<\/div>\n\t\t<div class=\"elementor-element elementor-element-b2d06c4 e-con-full e-flex e-con e-parent\" data-id=\"b2d06c4\" data-element_type=\"container\" data-e-type=\"container\" data-settings=\"{&quot;jet_parallax_layout_list&quot;:[]}\">\n\t\t<div class=\"elementor-element elementor-element-baf7138 e-con-full animated-slow e-flex elementor-invisible e-con e-child\" data-id=\"baf7138\" data-element_type=\"container\" data-e-type=\"container\" data-settings=\"{&quot;jet_parallax_layout_list&quot;:[],&quot;animation&quot;:&quot;fadeInUp&quot;,&quot;animation_delay&quot;:100}\">\n\t\t\t\t<div class=\"elementor-element elementor-element-a4f550e imgzoom elementor-position-top elementor-widget elementor-widget-image-box\" data-id=\"a4f550e\" data-element_type=\"widget\" data-e-type=\"widget\" data-widget_type=\"image-box.default\">\n\t\t\t\t<div class=\"elementor-widget-container\">\n\t\t\t\t\t<div class=\"elementor-image-box-wrapper\"><figure class=\"elementor-image-box-img\"><a href=\"https:\/\/programadestinosmexico.com\/en\/parque-recreativo-montecillo-veracruz\/\" tabindex=\"-1\"><img loading=\"lazy\" decoding=\"async\" width=\"591\" height=\"591\" src=\"https:\/\/programadestinosmexico.com\/wp-content\/uploads\/2023\/10\/Parque-Recreativo-Montecillo.jpg\" class=\"attachment-medium_large size-medium_large wp-image-49317\" alt=\"\" srcset=\"https:\/\/programadestinosmexico.com\/wp-content\/uploads\/2023\/10\/Parque-Recreativo-Montecillo.jpg 591w, https:\/\/programadestinosmexico.com\/wp-content\/uploads\/2023\/10\/Parque-Recreativo-Montecillo-300x300.jpg 300w\" sizes=\"(max-width: 591px) 100vw, 591px\" \/><\/a><\/figure><div class=\"elementor-image-box-content\"><h3 class=\"elementor-image-box-title\"><a href=\"https:\/\/programadestinosmexico.com\/en\/parque-recreativo-montecillo-veracruz\/\">Parque Recreativo Montecillo<\/a><\/h3><\/div><\/div>\t\t\t\t<\/div>\n\t\t\t\t<\/div>\n\t\t\t\t<\/div>\n\t\t<div class=\"elementor-element elementor-element-9891bb0 e-con-full animated-slow e-flex elementor-invisible e-con e-child\" data-id=\"9891bb0\" data-element_type=\"container\" data-e-type=\"container\" data-settings=\"{&quot;jet_parallax_layout_list&quot;:[],&quot;animation&quot;:&quot;fadeInUp&quot;,&quot;animation_delay&quot;:100}\">\n\t\t\t\t<div class=\"elementor-element elementor-element-a8fdb52 imgzoom elementor-position-top elementor-widget elementor-widget-image-box\" data-id=\"a8fdb52\" data-element_type=\"widget\" data-e-type=\"widget\" data-widget_type=\"image-box.default\">\n\t\t\t\t<div class=\"elementor-widget-container\">\n\t\t\t\t\t<div class=\"elementor-image-box-wrapper\"><figure class=\"elementor-image-box-img\"><a href=\"https:\/\/programadestinosmexico.com\/en\/aldea-del-buen-vivir-veracruz\/\" tabindex=\"-1\"><img loading=\"lazy\" decoding=\"async\" width=\"591\" height=\"591\" src=\"https:\/\/programadestinosmexico.com\/wp-content\/uploads\/2023\/10\/Aldea-del-Buen-Vivir-.jpg\" class=\"attachment-medium_large size-medium_large wp-image-49319\" alt=\"\" srcset=\"https:\/\/programadestinosmexico.com\/wp-content\/uploads\/2023\/10\/Aldea-del-Buen-Vivir-.jpg 591w, https:\/\/programadestinosmexico.com\/wp-content\/uploads\/2023\/10\/Aldea-del-Buen-Vivir--300x300.jpg 300w\" sizes=\"(max-width: 591px) 100vw, 591px\" \/><\/a><\/figure><div class=\"elementor-image-box-content\"><h3 class=\"elementor-image-box-title\"><a href=\"https:\/\/programadestinosmexico.com\/en\/aldea-del-buen-vivir-veracruz\/\">Aldea del Buen Vivir<\/a><\/h3><\/div><\/div>\t\t\t\t<\/div>\n\t\t\t\t<\/div>\n\t\t\t\t<\/div>\n\t\t<div class=\"elementor-element elementor-element-b5ff990 e-con-full animated-slow e-flex elementor-invisible e-con e-child\" data-id=\"b5ff990\" data-element_type=\"container\" data-e-type=\"container\" data-settings=\"{&quot;jet_parallax_layout_list&quot;:[],&quot;animation&quot;:&quot;fadeInUp&quot;,&quot;animation_delay&quot;:100}\">\n\t\t\t\t<div class=\"elementor-element elementor-element-f6af7dd imgzoom elementor-position-top elementor-widget elementor-widget-image-box\" data-id=\"f6af7dd\" data-element_type=\"widget\" data-e-type=\"widget\" data-widget_type=\"image-box.default\">\n\t\t\t\t<div class=\"elementor-widget-container\">\n\t\t\t\t\t<div class=\"elementor-image-box-wrapper\"><figure class=\"elementor-image-box-img\"><a href=\"https:\/\/programadestinosmexico.com\/en\/rio-salvaje-veracruz\/\" tabindex=\"-1\"><img loading=\"lazy\" decoding=\"async\" width=\"591\" height=\"591\" src=\"https:\/\/programadestinosmexico.com\/wp-content\/uploads\/2023\/10\/Rio-Salvaje.jpg\" class=\"attachment-medium_large size-medium_large wp-image-49321\" alt=\"\" srcset=\"https:\/\/programadestinosmexico.com\/wp-content\/uploads\/2023\/10\/Rio-Salvaje.jpg 591w, https:\/\/programadestinosmexico.com\/wp-content\/uploads\/2023\/10\/Rio-Salvaje-300x300.jpg 300w\" sizes=\"(max-width: 591px) 100vw, 591px\" \/><\/a><\/figure><div class=\"elementor-image-box-content\"><h3 class=\"elementor-image-box-title\"><a href=\"https:\/\/programadestinosmexico.com\/en\/rio-salvaje-veracruz\/\">Wild River<\/a><\/h3><\/div><\/div>\t\t\t\t<\/div>\n\t\t\t\t<\/div>\n\t\t\t\t<\/div>\n\t\t\t\t<\/div>\n\t\t<div class=\"elementor-element elementor-element-523c538 e-flex e-con-boxed e-con e-parent\" data-id=\"523c538\" data-element_type=\"container\" data-e-type=\"container\" data-settings=\"{&quot;jet_parallax_layout_list&quot;:[]}\">\n\t\t\t\t\t<div class=\"e-con-inner\">\n\t\t\t\t<div class=\"elementor-element elementor-element-7f796f1 elementor-widget elementor-widget-heading\" data-id=\"7f796f1\" data-element_type=\"widget\" data-e-type=\"widget\" data-widget_type=\"heading.default\">\n\t\t\t\t<div class=\"elementor-widget-container\">\n\t\t\t\t\t<h2 class=\"elementor-heading-title elementor-size-default\">THEME &amp; AMUSEMENT PARKS IN COATZACOALCOS<\/h2>\t\t\t\t<\/div>\n\t\t\t\t<\/div>\n\t\t\t\t\t<\/div>\n\t\t\t\t<\/div>\n\t\t<div class=\"elementor-element elementor-element-50b4c11 e-con-full e-flex e-con e-parent\" data-id=\"50b4c11\" data-element_type=\"container\" data-e-type=\"container\" data-settings=\"{&quot;jet_parallax_layout_list&quot;:[]}\">\n\t\t<div class=\"elementor-element elementor-element-d8f94df e-con-full animated-slow e-flex elementor-invisible e-con e-child\" data-id=\"d8f94df\" data-element_type=\"container\" data-e-type=\"container\" data-settings=\"{&quot;jet_parallax_layout_list&quot;:[],&quot;animation&quot;:&quot;fadeInUp&quot;,&quot;animation_delay&quot;:100}\">\n\t\t\t\t<div class=\"elementor-element elementor-element-b71edd4 imgzoom elementor-position-top elementor-widget elementor-widget-image-box\" data-id=\"b71edd4\" data-element_type=\"widget\" data-e-type=\"widget\" data-widget_type=\"image-box.default\">\n\t\t\t\t<div class=\"elementor-widget-container\">\n\t\t\t\t\t<div class=\"elementor-image-box-wrapper\"><figure class=\"elementor-image-box-img\"><a href=\"https:\/\/programadestinosmexico.com\/en\/parque-bicentenario-de-coatzacoalcos-veracruz\/\" tabindex=\"-1\"><img loading=\"lazy\" decoding=\"async\" width=\"591\" height=\"591\" src=\"https:\/\/programadestinosmexico.com\/wp-content\/uploads\/2023\/10\/Parque-Bicentenario-3.jpg\" class=\"attachment-medium_large size-medium_large wp-image-49323\" alt=\"\" srcset=\"https:\/\/programadestinosmexico.com\/wp-content\/uploads\/2023\/10\/Parque-Bicentenario-3.jpg 591w, https:\/\/programadestinosmexico.com\/wp-content\/uploads\/2023\/10\/Parque-Bicentenario-3-300x300.jpg 300w\" sizes=\"(max-width: 591px) 100vw, 591px\" \/><\/a><\/figure><div class=\"elementor-image-box-content\"><h3 class=\"elementor-image-box-title\"><a href=\"https:\/\/programadestinosmexico.com\/en\/parque-bicentenario-de-coatzacoalcos-veracruz\/\">Bicentennial Park<\/a><\/h3><\/div><\/div>\t\t\t\t<\/div>\n\t\t\t\t<\/div>\n\t\t\t\t<\/div>\n\t\t<div class=\"elementor-element elementor-element-388e1ce e-con-full animated-slow e-flex elementor-invisible e-con e-child\" data-id=\"388e1ce\" data-element_type=\"container\" data-e-type=\"container\" data-settings=\"{&quot;jet_parallax_layout_list&quot;:[],&quot;animation&quot;:&quot;fadeInUp&quot;,&quot;animation_delay&quot;:100}\">\n\t\t\t\t<div class=\"elementor-element elementor-element-784e75e imgzoom elementor-position-top elementor-widget elementor-widget-image-box\" data-id=\"784e75e\" data-element_type=\"widget\" data-e-type=\"widget\" data-widget_type=\"image-box.default\">\n\t\t\t\t<div class=\"elementor-widget-container\">\n\t\t\t\t\t<div class=\"elementor-image-box-wrapper\"><figure class=\"elementor-image-box-img\"><a href=\"https:\/\/programadestinosmexico.com\/en\/servicios-ecoturisticos-laguna-de-ostion-veracruz\/\" tabindex=\"-1\"><img loading=\"lazy\" decoding=\"async\" width=\"591\" height=\"591\" src=\"https:\/\/programadestinosmexico.com\/wp-content\/uploads\/2023\/10\/Servicios-Ecoturisticos-Laguna-de-Ostion.jpg\" class=\"attachment-medium_large size-medium_large wp-image-49325\" alt=\"\" srcset=\"https:\/\/programadestinosmexico.com\/wp-content\/uploads\/2023\/10\/Servicios-Ecoturisticos-Laguna-de-Ostion.jpg 591w, https:\/\/programadestinosmexico.com\/wp-content\/uploads\/2023\/10\/Servicios-Ecoturisticos-Laguna-de-Ostion-300x300.jpg 300w\" sizes=\"(max-width: 591px) 100vw, 591px\" \/><\/a><\/figure><div class=\"elementor-image-box-content\"><h3 class=\"elementor-image-box-title\"><a href=\"https:\/\/programadestinosmexico.com\/en\/servicios-ecoturisticos-laguna-de-ostion-veracruz\/\">Servicios Ecotur\u00edsticos Laguna de Osti\u00f3n<\/a><\/h3><\/div><\/div>\t\t\t\t<\/div>\n\t\t\t\t<\/div>\n\t\t\t\t<\/div>\n\t\t<div class=\"elementor-element elementor-element-033bb88 e-con-full animated-slow e-flex elementor-invisible e-con e-child\" data-id=\"033bb88\" data-element_type=\"container\" data-e-type=\"container\" data-settings=\"{&quot;jet_parallax_layout_list&quot;:[],&quot;animation&quot;:&quot;fadeInUp&quot;,&quot;animation_delay&quot;:100}\">\n\t\t\t\t<div class=\"elementor-element elementor-element-ef05f12 imgzoom elementor-position-top elementor-widget elementor-widget-image-box\" data-id=\"ef05f12\" data-element_type=\"widget\" data-e-type=\"widget\" data-widget_type=\"image-box.default\">\n\t\t\t\t<div class=\"elementor-widget-container\">\n\t\t\t\t\t<div class=\"elementor-image-box-wrapper\"><figure class=\"elementor-image-box-img\"><a href=\"https:\/\/programadestinosmexico.com\/en\/centro-ecoturistico-jomxuk-veracruz\/\" tabindex=\"-1\"><img loading=\"lazy\" decoding=\"async\" width=\"591\" height=\"591\" src=\"https:\/\/programadestinosmexico.com\/wp-content\/uploads\/2023\/10\/Centro-Ecoturistico-Jomxuk.jpg\" class=\"attachment-medium_large size-medium_large wp-image-49327\" alt=\"\" srcset=\"https:\/\/programadestinosmexico.com\/wp-content\/uploads\/2023\/10\/Centro-Ecoturistico-Jomxuk.jpg 591w, https:\/\/programadestinosmexico.com\/wp-content\/uploads\/2023\/10\/Centro-Ecoturistico-Jomxuk-300x300.jpg 300w\" sizes=\"(max-width: 591px) 100vw, 591px\" \/><\/a><\/figure><div class=\"elementor-image-box-content\"><h3 class=\"elementor-image-box-title\"><a href=\"https:\/\/programadestinosmexico.com\/en\/centro-ecoturistico-jomxuk-veracruz\/\">Centro Ecotur\u00edstico Jomxuk<\/a><\/h3><\/div><\/div>\t\t\t\t<\/div>\n\t\t\t\t<\/div>\n\t\t\t\t<\/div>\n\t\t\t\t<\/div>\n\t\t<div class=\"elementor-element elementor-element-75d61a1 e-con-full e-flex e-con e-parent\" data-id=\"75d61a1\" data-element_type=\"container\" data-e-type=\"container\" data-settings=\"{&quot;jet_parallax_layout_list&quot;:[]}\">\n\t\t<div class=\"elementor-element elementor-element-32f4eff e-con-full animated-slow e-flex elementor-invisible e-con e-child\" data-id=\"32f4eff\" data-element_type=\"container\" data-e-type=\"container\" data-settings=\"{&quot;jet_parallax_layout_list&quot;:[],&quot;animation&quot;:&quot;fadeInUp&quot;,&quot;animation_delay&quot;:100}\">\n\t\t\t\t<div class=\"elementor-element elementor-element-11623ea imgzoom elementor-position-top elementor-widget elementor-widget-image-box\" data-id=\"11623ea\" data-element_type=\"widget\" data-e-type=\"widget\" data-widget_type=\"image-box.default\">\n\t\t\t\t<div class=\"elementor-widget-container\">\n\t\t\t\t\t<div class=\"elementor-image-box-wrapper\"><figure class=\"elementor-image-box-img\"><a href=\"https:\/\/programadestinosmexico.com\/en\/parque-ecologico-jaguaroundi-veracruz\/\" tabindex=\"-1\"><img loading=\"lazy\" decoding=\"async\" width=\"591\" height=\"591\" src=\"https:\/\/programadestinosmexico.com\/wp-content\/uploads\/2023\/10\/Parque-Ecologico-Jaguaroundi.jpg\" class=\"attachment-medium_large size-medium_large wp-image-49329\" alt=\"\" srcset=\"https:\/\/programadestinosmexico.com\/wp-content\/uploads\/2023\/10\/Parque-Ecologico-Jaguaroundi.jpg 591w, https:\/\/programadestinosmexico.com\/wp-content\/uploads\/2023\/10\/Parque-Ecologico-Jaguaroundi-300x300.jpg 300w\" sizes=\"(max-width: 591px) 100vw, 591px\" \/><\/a><\/figure><div class=\"elementor-image-box-content\"><h3 class=\"elementor-image-box-title\"><a href=\"https:\/\/programadestinosmexico.com\/en\/parque-ecologico-jaguaroundi-veracruz\/\">Parque Ecol\u00f3gico Jaguaroundi<\/a><\/h3><\/div><\/div>\t\t\t\t<\/div>\n\t\t\t\t<\/div>\n\t\t\t\t<\/div>\n\t\t<div class=\"elementor-element elementor-element-fc6263b e-con-full animated-slow e-flex elementor-invisible e-con e-child\" data-id=\"fc6263b\" data-element_type=\"container\" data-e-type=\"container\" data-settings=\"{&quot;jet_parallax_layout_list&quot;:[],&quot;animation&quot;:&quot;fadeInUp&quot;,&quot;animation_delay&quot;:100}\">\n\t\t\t\t<div class=\"elementor-element elementor-element-7523073 imgzoom elementor-position-top elementor-widget elementor-widget-image-box\" data-id=\"7523073\" data-element_type=\"widget\" data-e-type=\"widget\" data-widget_type=\"image-box.default\">\n\t\t\t\t<div class=\"elementor-widget-container\">\n\t\t\t\t\t<div class=\"elementor-image-box-wrapper\"><figure class=\"elementor-image-box-img\"><a href=\"https:\/\/programadestinosmexico.com\/en\/parque-coatza-jurasico-veracruz\/\" tabindex=\"-1\"><img loading=\"lazy\" decoding=\"async\" width=\"591\" height=\"591\" src=\"https:\/\/programadestinosmexico.com\/wp-content\/uploads\/2023\/10\/Parque-Coatza-Jurasico.jpg\" class=\"attachment-medium_large size-medium_large wp-image-49331\" alt=\"\" srcset=\"https:\/\/programadestinosmexico.com\/wp-content\/uploads\/2023\/10\/Parque-Coatza-Jurasico.jpg 591w, https:\/\/programadestinosmexico.com\/wp-content\/uploads\/2023\/10\/Parque-Coatza-Jurasico-300x300.jpg 300w\" sizes=\"(max-width: 591px) 100vw, 591px\" \/><\/a><\/figure><div class=\"elementor-image-box-content\"><h3 class=\"elementor-image-box-title\"><a href=\"https:\/\/programadestinosmexico.com\/en\/parque-coatza-jurasico-veracruz\/\">Parque Coatza Jur\u00e1sico<\/a><\/h3><\/div><\/div>\t\t\t\t<\/div>\n\t\t\t\t<\/div>\n\t\t\t\t<\/div>\n\t\t<div class=\"elementor-element elementor-element-755083f e-con-full animated-slow e-flex elementor-invisible e-con e-child\" data-id=\"755083f\" data-element_type=\"container\" data-e-type=\"container\" data-settings=\"{&quot;jet_parallax_layout_list&quot;:[],&quot;animation&quot;:&quot;fadeInUp&quot;,&quot;animation_delay&quot;:100}\">\n\t\t\t\t<div class=\"elementor-element elementor-element-7cdaa0f imgzoom elementor-position-top elementor-widget elementor-widget-image-box\" data-id=\"7cdaa0f\" data-element_type=\"widget\" data-e-type=\"widget\" data-widget_type=\"image-box.default\">\n\t\t\t\t<div class=\"elementor-widget-container\">\n\t\t\t\t\t<div class=\"elementor-image-box-wrapper\"><figure class=\"elementor-image-box-img\"><a href=\"https:\/\/programadestinosmexico.com\/en\/centro-de-conservacion-de-la-tortuga-marina-los-arrecifes-veracruz\/\" tabindex=\"-1\"><img loading=\"lazy\" decoding=\"async\" width=\"591\" height=\"591\" src=\"https:\/\/programadestinosmexico.com\/wp-content\/uploads\/2023\/10\/Centro-de-Conservacion-de-la-tortuga-Marina-Los-Arrecifes.jpg\" class=\"attachment-medium_large size-medium_large wp-image-49333\" alt=\"\" srcset=\"https:\/\/programadestinosmexico.com\/wp-content\/uploads\/2023\/10\/Centro-de-Conservacion-de-la-tortuga-Marina-Los-Arrecifes.jpg 591w, https:\/\/programadestinosmexico.com\/wp-content\/uploads\/2023\/10\/Centro-de-Conservacion-de-la-tortuga-Marina-Los-Arrecifes-300x300.jpg 300w\" sizes=\"(max-width: 591px) 100vw, 591px\" \/><\/a><\/figure><div class=\"elementor-image-box-content\"><h3 class=\"elementor-image-box-title\"><a href=\"https:\/\/programadestinosmexico.com\/en\/centro-de-conservacion-de-la-tortuga-marina-los-arrecifes-veracruz\/\">Centro de Conservaci\u00f3n de la Tortuga Marina Los Arrecifes<\/a><\/h3><\/div><\/div>\t\t\t\t<\/div>\n\t\t\t\t<\/div>\n\t\t\t\t<\/div>\n\t\t\t\t<\/div>\n\t\t<div class=\"elementor-element elementor-element-bf5d7ca e-flex e-con-boxed e-con e-parent\" data-id=\"bf5d7ca\" data-element_type=\"container\" data-e-type=\"container\" data-settings=\"{&quot;jet_parallax_layout_list&quot;:[]}\">\n\t\t\t\t\t<div class=\"e-con-inner\">\n\t\t\t\t<div class=\"elementor-element elementor-element-e414119 elementor-widget elementor-widget-heading\" data-id=\"e414119\" data-element_type=\"widget\" data-e-type=\"widget\" data-widget_type=\"heading.default\">\n\t\t\t\t<div class=\"elementor-widget-container\">\n\t\t\t\t\t<h2 class=\"elementor-heading-title elementor-size-default\">THEME &amp; AMUSEMENT PARKS IN C\u00d3RDOBA<\/h2>\t\t\t\t<\/div>\n\t\t\t\t<\/div>\n\t\t\t\t\t<\/div>\n\t\t\t\t<\/div>\n\t\t<div class=\"elementor-element elementor-element-9d39c46 e-con-full e-flex e-con e-parent\" data-id=\"9d39c46\" data-element_type=\"container\" data-e-type=\"container\" data-settings=\"{&quot;jet_parallax_layout_list&quot;:[]}\">\n\t\t<div class=\"elementor-element elementor-element-049a93b e-con-full animated-slow e-flex elementor-invisible e-con e-child\" data-id=\"049a93b\" data-element_type=\"container\" data-e-type=\"container\" data-settings=\"{&quot;jet_parallax_layout_list&quot;:[],&quot;animation&quot;:&quot;fadeInUp&quot;,&quot;animation_delay&quot;:100}\">\n\t\t\t\t<div class=\"elementor-element elementor-element-0fe8d32 imgzoom elementor-position-top elementor-widget elementor-widget-image-box\" data-id=\"0fe8d32\" data-element_type=\"widget\" data-e-type=\"widget\" data-widget_type=\"image-box.default\">\n\t\t\t\t<div class=\"elementor-widget-container\">\n\t\t\t\t\t<div class=\"elementor-image-box-wrapper\"><figure class=\"elementor-image-box-img\"><a href=\"https:\/\/programadestinosmexico.com\/en\/chula-vista-camping-veracruz\/\" tabindex=\"-1\"><img loading=\"lazy\" decoding=\"async\" width=\"591\" height=\"591\" src=\"https:\/\/programadestinosmexico.com\/wp-content\/uploads\/2023\/10\/Chula-Vista-Camping.jpg\" class=\"attachment-medium_large size-medium_large wp-image-49335\" alt=\"\" srcset=\"https:\/\/programadestinosmexico.com\/wp-content\/uploads\/2023\/10\/Chula-Vista-Camping.jpg 591w, https:\/\/programadestinosmexico.com\/wp-content\/uploads\/2023\/10\/Chula-Vista-Camping-300x300.jpg 300w\" sizes=\"(max-width: 591px) 100vw, 591px\" \/><\/a><\/figure><div class=\"elementor-image-box-content\"><h3 class=\"elementor-image-box-title\"><a href=\"https:\/\/programadestinosmexico.com\/en\/chula-vista-camping-veracruz\/\">Chula Vista Camping<\/a><\/h3><\/div><\/div>\t\t\t\t<\/div>\n\t\t\t\t<\/div>\n\t\t\t\t<\/div>\n\t\t<div class=\"elementor-element elementor-element-05fa741 e-con-full animated-slow e-flex elementor-invisible e-con e-child\" data-id=\"05fa741\" data-element_type=\"container\" data-e-type=\"container\" data-settings=\"{&quot;jet_parallax_layout_list&quot;:[],&quot;animation&quot;:&quot;fadeInUp&quot;,&quot;animation_delay&quot;:100}\">\n\t\t\t\t<div class=\"elementor-element elementor-element-eee41bc imgzoom elementor-position-top elementor-widget elementor-widget-image-box\" data-id=\"eee41bc\" data-element_type=\"widget\" data-e-type=\"widget\" data-widget_type=\"image-box.default\">\n\t\t\t\t<div class=\"elementor-widget-container\">\n\t\t\t\t\t<div class=\"elementor-image-box-wrapper\"><figure class=\"elementor-image-box-img\"><a href=\"https:\/\/programadestinosmexico.com\/en\/centro-ecoturistico-tenochtitlan-veracruz\/\" tabindex=\"-1\"><img loading=\"lazy\" decoding=\"async\" width=\"591\" height=\"591\" src=\"https:\/\/programadestinosmexico.com\/wp-content\/uploads\/2023\/10\/Centro-Ecoturistico-Tenochtitlan.jpg\" class=\"attachment-medium_large size-medium_large wp-image-49339\" alt=\"\" srcset=\"https:\/\/programadestinosmexico.com\/wp-content\/uploads\/2023\/10\/Centro-Ecoturistico-Tenochtitlan.jpg 591w, https:\/\/programadestinosmexico.com\/wp-content\/uploads\/2023\/10\/Centro-Ecoturistico-Tenochtitlan-300x300.jpg 300w\" sizes=\"(max-width: 591px) 100vw, 591px\" \/><\/a><\/figure><div class=\"elementor-image-box-content\"><h3 class=\"elementor-image-box-title\"><a href=\"https:\/\/programadestinosmexico.com\/en\/centro-ecoturistico-tenochtitlan-veracruz\/\">Centro Ecotur\u00edstico Tenochtitl\u00e1n<\/a><\/h3><\/div><\/div>\t\t\t\t<\/div>\n\t\t\t\t<\/div>\n\t\t\t\t<\/div>\n\t\t<div class=\"elementor-element elementor-element-0fdec9c e-con-full animated-slow e-flex elementor-invisible e-con e-child\" data-id=\"0fdec9c\" data-element_type=\"container\" data-e-type=\"container\" data-settings=\"{&quot;jet_parallax_layout_list&quot;:[],&quot;animation&quot;:&quot;fadeInUp&quot;,&quot;animation_delay&quot;:100}\">\n\t\t\t\t<div class=\"elementor-element elementor-element-c744764 imgzoom elementor-position-top elementor-widget elementor-widget-image-box\" data-id=\"c744764\" data-element_type=\"widget\" data-e-type=\"widget\" data-widget_type=\"image-box.default\">\n\t\t\t\t<div class=\"elementor-widget-container\">\n\t\t\t\t\t<div class=\"elementor-image-box-wrapper\"><figure class=\"elementor-image-box-img\"><a href=\"https:\/\/programadestinosmexico.com\/en\/playa-la-junta-veracruz\/\" tabindex=\"-1\"><img loading=\"lazy\" decoding=\"async\" width=\"591\" height=\"591\" src=\"https:\/\/programadestinosmexico.com\/wp-content\/uploads\/2023\/10\/Chichaki.jpg\" class=\"attachment-medium_large size-medium_large wp-image-49309\" alt=\"\" srcset=\"https:\/\/programadestinosmexico.com\/wp-content\/uploads\/2023\/10\/Chichaki.jpg 591w, https:\/\/programadestinosmexico.com\/wp-content\/uploads\/2023\/10\/Chichaki-300x300.jpg 300w\" sizes=\"(max-width: 591px) 100vw, 591px\" \/><\/a><\/figure><div class=\"elementor-image-box-content\"><h3 class=\"elementor-image-box-title\"><a href=\"https:\/\/programadestinosmexico.com\/en\/playa-la-junta-veracruz\/\">Playa La Junta<\/a><\/h3><\/div><\/div>\t\t\t\t<\/div>\n\t\t\t\t<\/div>\n\t\t\t\t<\/div>\n\t\t\t\t<\/div>\n\t\t<div class=\"elementor-element elementor-element-a673b47 e-con-full e-flex e-con e-parent\" data-id=\"a673b47\" data-element_type=\"container\" data-e-type=\"container\" data-settings=\"{&quot;jet_parallax_layout_list&quot;:[]}\">\n\t\t<div class=\"elementor-element elementor-element-e69ac1a e-con-full animated-slow e-flex elementor-invisible e-con e-child\" data-id=\"e69ac1a\" data-element_type=\"container\" data-e-type=\"container\" data-settings=\"{&quot;jet_parallax_layout_list&quot;:[],&quot;animation&quot;:&quot;fadeInUp&quot;,&quot;animation_delay&quot;:100}\">\n\t\t\t\t<div class=\"elementor-element elementor-element-504c0a2 imgzoom elementor-position-top elementor-widget elementor-widget-image-box\" data-id=\"504c0a2\" data-element_type=\"widget\" data-e-type=\"widget\" data-widget_type=\"image-box.default\">\n\t\t\t\t<div class=\"elementor-widget-container\">\n\t\t\t\t\t<div class=\"elementor-image-box-wrapper\"><figure class=\"elementor-image-box-img\"><a href=\"https:\/\/programadestinosmexico.com\/en\/balneario-playa-dorada-veracruz\/\" tabindex=\"-1\"><img loading=\"lazy\" decoding=\"async\" width=\"591\" height=\"591\" src=\"https:\/\/programadestinosmexico.com\/wp-content\/uploads\/2023\/10\/Balneario-Playa-Dorada.jpg\" class=\"attachment-medium_large size-medium_large wp-image-49341\" alt=\"\" srcset=\"https:\/\/programadestinosmexico.com\/wp-content\/uploads\/2023\/10\/Balneario-Playa-Dorada.jpg 591w, https:\/\/programadestinosmexico.com\/wp-content\/uploads\/2023\/10\/Balneario-Playa-Dorada-300x300.jpg 300w\" sizes=\"(max-width: 591px) 100vw, 591px\" \/><\/a><\/figure><div class=\"elementor-image-box-content\"><h3 class=\"elementor-image-box-title\"><a href=\"https:\/\/programadestinosmexico.com\/en\/balneario-playa-dorada-veracruz\/\">Balneario Playa Dorada<\/a><\/h3><\/div><\/div>\t\t\t\t<\/div>\n\t\t\t\t<\/div>\n\t\t\t\t<\/div>\n\t\t<div class=\"elementor-element elementor-element-59cf6dd e-con-full animated-slow e-flex elementor-invisible e-con e-child\" data-id=\"59cf6dd\" data-element_type=\"container\" data-e-type=\"container\" data-settings=\"{&quot;jet_parallax_layout_list&quot;:[],&quot;animation&quot;:&quot;fadeInUp&quot;,&quot;animation_delay&quot;:100}\">\n\t\t\t\t<div class=\"elementor-element elementor-element-1aee262 imgzoom elementor-position-top elementor-widget elementor-widget-image-box\" data-id=\"1aee262\" data-element_type=\"widget\" data-e-type=\"widget\" data-widget_type=\"image-box.default\">\n\t\t\t\t<div class=\"elementor-widget-container\">\n\t\t\t\t\t<div class=\"elementor-image-box-wrapper\"><figure class=\"elementor-image-box-img\"><a href=\"https:\/\/programadestinosmexico.com\/en\/centro-ecologico-paso-coyol-veracruz\/\" tabindex=\"-1\"><img loading=\"lazy\" decoding=\"async\" width=\"591\" height=\"591\" src=\"https:\/\/programadestinosmexico.com\/wp-content\/uploads\/2023\/10\/Centro-Ecologico-Paso-Coyol.jpg\" class=\"attachment-medium_large size-medium_large wp-image-49343\" alt=\"\" srcset=\"https:\/\/programadestinosmexico.com\/wp-content\/uploads\/2023\/10\/Centro-Ecologico-Paso-Coyol.jpg 591w, https:\/\/programadestinosmexico.com\/wp-content\/uploads\/2023\/10\/Centro-Ecologico-Paso-Coyol-300x300.jpg 300w\" sizes=\"(max-width: 591px) 100vw, 591px\" \/><\/a><\/figure><div class=\"elementor-image-box-content\"><h3 class=\"elementor-image-box-title\"><a href=\"https:\/\/programadestinosmexico.com\/en\/centro-ecologico-paso-coyol-veracruz\/\">Centro Ecol\u00f3gico Paso Coyol<\/a><\/h3><\/div><\/div>\t\t\t\t<\/div>\n\t\t\t\t<\/div>\n\t\t\t\t<\/div>\n\t\t\t\t<\/div>\n\t\t<div class=\"elementor-element elementor-element-6decbe7 e-flex e-con-boxed e-con e-parent\" data-id=\"6decbe7\" data-element_type=\"container\" data-e-type=\"container\" data-settings=\"{&quot;jet_parallax_layout_list&quot;:[]}\">\n\t\t\t\t\t<div class=\"e-con-inner\">\n\t\t\t\t<div class=\"elementor-element elementor-element-27140f3 elementor-widget elementor-widget-heading\" data-id=\"27140f3\" data-element_type=\"widget\" data-e-type=\"widget\" data-widget_type=\"heading.default\">\n\t\t\t\t<div class=\"elementor-widget-container\">\n\t\t\t\t\t<h2 class=\"elementor-heading-title elementor-size-default\">THEME &amp; AMUSEMENT PARKS IN COSCOMATEPEC<\/h2>\t\t\t\t<\/div>\n\t\t\t\t<\/div>\n\t\t\t\t\t<\/div>\n\t\t\t\t<\/div>\n\t\t<div class=\"elementor-element elementor-element-8f14873 e-con-full e-flex e-con e-parent\" data-id=\"8f14873\" data-element_type=\"container\" data-e-type=\"container\" data-settings=\"{&quot;jet_parallax_layout_list&quot;:[]}\">\n\t\t<div class=\"elementor-element elementor-element-8381f5b e-con-full animated-slow e-flex elementor-invisible e-con e-child\" data-id=\"8381f5b\" data-element_type=\"container\" data-e-type=\"container\" data-settings=\"{&quot;jet_parallax_layout_list&quot;:[],&quot;animation&quot;:&quot;fadeInUp&quot;,&quot;animation_delay&quot;:100}\">\n\t\t\t\t<div class=\"elementor-element elementor-element-bcac556 imgzoom elementor-position-top elementor-widget elementor-widget-image-box\" data-id=\"bcac556\" data-element_type=\"widget\" data-e-type=\"widget\" data-widget_type=\"image-box.default\">\n\t\t\t\t<div class=\"elementor-widget-container\">\n\t\t\t\t\t<div class=\"elementor-image-box-wrapper\"><figure class=\"elementor-image-box-img\"><a href=\"https:\/\/programadestinosmexico.com\/en\/rincon-ecologico-xochicalli-veracruz\/\" tabindex=\"-1\"><img loading=\"lazy\" decoding=\"async\" width=\"591\" height=\"591\" src=\"https:\/\/programadestinosmexico.com\/wp-content\/uploads\/2023\/10\/Rincon-Ecologico-Xochicalli.jpg\" class=\"attachment-medium_large size-medium_large wp-image-49345\" alt=\"\" srcset=\"https:\/\/programadestinosmexico.com\/wp-content\/uploads\/2023\/10\/Rincon-Ecologico-Xochicalli.jpg 591w, https:\/\/programadestinosmexico.com\/wp-content\/uploads\/2023\/10\/Rincon-Ecologico-Xochicalli-300x300.jpg 300w\" sizes=\"(max-width: 591px) 100vw, 591px\" \/><\/a><\/figure><div class=\"elementor-image-box-content\"><h3 class=\"elementor-image-box-title\"><a href=\"https:\/\/programadestinosmexico.com\/en\/rincon-ecologico-xochicalli-veracruz\/\">Rinc\u00f3n Ecol\u00f3gico Xochicalli<\/a><\/h3><\/div><\/div>\t\t\t\t<\/div>\n\t\t\t\t<\/div>\n\t\t\t\t<\/div>\n\t\t<div class=\"elementor-element elementor-element-85b1fd7 e-con-full animated-slow e-flex elementor-invisible e-con e-child\" data-id=\"85b1fd7\" data-element_type=\"container\" data-e-type=\"container\" data-settings=\"{&quot;jet_parallax_layout_list&quot;:[],&quot;animation&quot;:&quot;fadeInUp&quot;,&quot;animation_delay&quot;:100}\">\n\t\t\t\t<div class=\"elementor-element elementor-element-22e0063 imgzoom elementor-position-top elementor-widget elementor-widget-image-box\" data-id=\"22e0063\" data-element_type=\"widget\" data-e-type=\"widget\" data-widget_type=\"image-box.default\">\n\t\t\t\t<div class=\"elementor-widget-container\">\n\t\t\t\t\t<div class=\"elementor-image-box-wrapper\"><figure class=\"elementor-image-box-img\"><a href=\"https:\/\/programadestinosmexico.com\/en\/bosque-encantado-veracruz\/\" tabindex=\"-1\"><img loading=\"lazy\" decoding=\"async\" width=\"591\" height=\"591\" src=\"https:\/\/programadestinosmexico.com\/wp-content\/uploads\/2023\/10\/Bosque-Encantado.jpg\" class=\"attachment-medium_large size-medium_large wp-image-49347\" alt=\"\" srcset=\"https:\/\/programadestinosmexico.com\/wp-content\/uploads\/2023\/10\/Bosque-Encantado.jpg 591w, https:\/\/programadestinosmexico.com\/wp-content\/uploads\/2023\/10\/Bosque-Encantado-300x300.jpg 300w\" sizes=\"(max-width: 591px) 100vw, 591px\" \/><\/a><\/figure><div class=\"elementor-image-box-content\"><h3 class=\"elementor-image-box-title\"><a href=\"https:\/\/programadestinosmexico.com\/en\/bosque-encantado-veracruz\/\">Bosque Encantado<\/a><\/h3><\/div><\/div>\t\t\t\t<\/div>\n\t\t\t\t<\/div>\n\t\t\t\t<\/div>\n\t\t<div class=\"elementor-element elementor-element-a995601 e-con-full animated-slow e-flex elementor-invisible e-con e-child\" data-id=\"a995601\" data-element_type=\"container\" data-e-type=\"container\" data-settings=\"{&quot;jet_parallax_layout_list&quot;:[],&quot;animation&quot;:&quot;fadeInUp&quot;,&quot;animation_delay&quot;:100}\">\n\t\t\t\t<div class=\"elementor-element elementor-element-3e305b6 imgzoom elementor-position-top elementor-widget elementor-widget-image-box\" data-id=\"3e305b6\" data-element_type=\"widget\" data-e-type=\"widget\" data-widget_type=\"image-box.default\">\n\t\t\t\t<div class=\"elementor-widget-container\">\n\t\t\t\t\t<div class=\"elementor-image-box-wrapper\"><figure class=\"elementor-image-box-img\"><a href=\"https:\/\/programadestinosmexico.com\/en\/reserva-ecologica-las-canadas-veracruz\/\" tabindex=\"-1\"><img loading=\"lazy\" decoding=\"async\" width=\"591\" height=\"591\" src=\"https:\/\/programadestinosmexico.com\/wp-content\/uploads\/2023\/10\/Reserva-Ecologica-Las-Canadas-.jpg\" class=\"attachment-medium_large size-medium_large wp-image-49349\" alt=\"\" srcset=\"https:\/\/programadestinosmexico.com\/wp-content\/uploads\/2023\/10\/Reserva-Ecologica-Las-Canadas-.jpg 591w, https:\/\/programadestinosmexico.com\/wp-content\/uploads\/2023\/10\/Reserva-Ecologica-Las-Canadas--300x300.jpg 300w\" sizes=\"(max-width: 591px) 100vw, 591px\" \/><\/a><\/figure><div class=\"elementor-image-box-content\"><h3 class=\"elementor-image-box-title\"><a href=\"https:\/\/programadestinosmexico.com\/en\/reserva-ecologica-las-canadas-veracruz\/\">Las Ca\u00f1adas Ecological Reserve<\/a><\/h3><\/div><\/div>\t\t\t\t<\/div>\n\t\t\t\t<\/div>\n\t\t\t\t<\/div>\n\t\t\t\t<\/div>\n\t\t<div class=\"elementor-element elementor-element-1aa9237 e-flex e-con-boxed e-con e-parent\" data-id=\"1aa9237\" data-element_type=\"container\" data-e-type=\"container\" data-settings=\"{&quot;jet_parallax_layout_list&quot;:[]}\">\n\t\t\t\t\t<div class=\"e-con-inner\">\n\t\t\t\t<div class=\"elementor-element elementor-element-a8e1aa6 elementor-widget elementor-widget-heading\" data-id=\"a8e1aa6\" data-element_type=\"widget\" data-e-type=\"widget\" data-widget_type=\"heading.default\">\n\t\t\t\t<div class=\"elementor-widget-container\">\n\t\t\t\t\t<h2 class=\"elementor-heading-title elementor-size-default\">THEME &amp; AMUSEMENT PARKS IN COSTA ESMERALDA<\/h2>\t\t\t\t<\/div>\n\t\t\t\t<\/div>\n\t\t\t\t\t<\/div>\n\t\t\t\t<\/div>\n\t\t<div class=\"elementor-element elementor-element-edad59e e-con-full e-flex e-con e-parent\" data-id=\"edad59e\" data-element_type=\"container\" data-e-type=\"container\" data-settings=\"{&quot;jet_parallax_layout_list&quot;:[]}\">\n\t\t<div class=\"elementor-element elementor-element-3c723de e-con-full animated-slow e-flex elementor-invisible e-con e-child\" data-id=\"3c723de\" data-element_type=\"container\" data-e-type=\"container\" data-settings=\"{&quot;jet_parallax_layout_list&quot;:[],&quot;animation&quot;:&quot;fadeInUp&quot;,&quot;animation_delay&quot;:100}\">\n\t\t\t\t<div class=\"elementor-element elementor-element-4125bd2 imgzoom elementor-position-top elementor-widget elementor-widget-image-box\" data-id=\"4125bd2\" data-element_type=\"widget\" data-e-type=\"widget\" data-widget_type=\"image-box.default\">\n\t\t\t\t<div class=\"elementor-widget-container\">\n\t\t\t\t\t<div class=\"elementor-image-box-wrapper\"><figure class=\"elementor-image-box-img\"><a href=\"https:\/\/programadestinosmexico.com\/en\/manglares-costa-esmeralda-veracruz\/\" tabindex=\"-1\"><img loading=\"lazy\" decoding=\"async\" width=\"591\" height=\"591\" src=\"https:\/\/programadestinosmexico.com\/wp-content\/uploads\/2023\/10\/Manglares-Costa-Esmeralda.jpg\" class=\"attachment-medium_large size-medium_large wp-image-49351\" alt=\"\" srcset=\"https:\/\/programadestinosmexico.com\/wp-content\/uploads\/2023\/10\/Manglares-Costa-Esmeralda.jpg 591w, https:\/\/programadestinosmexico.com\/wp-content\/uploads\/2023\/10\/Manglares-Costa-Esmeralda-300x300.jpg 300w\" sizes=\"(max-width: 591px) 100vw, 591px\" \/><\/a><\/figure><div class=\"elementor-image-box-content\"><h3 class=\"elementor-image-box-title\"><a href=\"https:\/\/programadestinosmexico.com\/en\/manglares-costa-esmeralda-veracruz\/\">Manglares Costa Esmeralda<\/a><\/h3><\/div><\/div>\t\t\t\t<\/div>\n\t\t\t\t<\/div>\n\t\t\t\t<\/div>\n\t\t\t\t<\/div>\n\t\t<div class=\"elementor-element elementor-element-7432e84 e-flex e-con-boxed e-con e-parent\" data-id=\"7432e84\" data-element_type=\"container\" data-e-type=\"container\" data-settings=\"{&quot;jet_parallax_layout_list&quot;:[]}\">\n\t\t\t\t\t<div class=\"e-con-inner\">\n\t\t\t\t<div class=\"elementor-element elementor-element-f9da94e elementor-widget elementor-widget-heading\" data-id=\"f9da94e\" data-element_type=\"widget\" data-e-type=\"widget\" data-widget_type=\"heading.default\">\n\t\t\t\t<div class=\"elementor-widget-container\">\n\t\t\t\t\t<h2 class=\"elementor-heading-title elementor-size-default\">THEME &amp; AMUSEMENT PARKS IN  LOS TUXTLAS<\/h2>\t\t\t\t<\/div>\n\t\t\t\t<\/div>\n\t\t\t\t\t<\/div>\n\t\t\t\t<\/div>\n\t\t<div class=\"elementor-element elementor-element-e17a949 e-con-full e-flex e-con e-parent\" data-id=\"e17a949\" data-element_type=\"container\" data-e-type=\"container\" data-settings=\"{&quot;jet_parallax_layout_list&quot;:[]}\">\n\t\t<div class=\"elementor-element elementor-element-2052656 e-con-full animated-slow e-flex elementor-invisible e-con e-child\" data-id=\"2052656\" data-element_type=\"container\" data-e-type=\"container\" data-settings=\"{&quot;jet_parallax_layout_list&quot;:[],&quot;animation&quot;:&quot;fadeInUp&quot;,&quot;animation_delay&quot;:100}\">\n\t\t\t\t<div class=\"elementor-element elementor-element-ff397c7 imgzoom elementor-position-top elementor-widget elementor-widget-image-box\" data-id=\"ff397c7\" data-element_type=\"widget\" data-e-type=\"widget\" data-widget_type=\"image-box.default\">\n\t\t\t\t<div class=\"elementor-widget-container\">\n\t\t\t\t\t<div class=\"elementor-image-box-wrapper\"><figure class=\"elementor-image-box-img\"><a href=\"https:\/\/programadestinosmexico.com\/en\/reserva-eologica-de-nanciyaga-veracruz\/\" tabindex=\"-1\"><img loading=\"lazy\" decoding=\"async\" width=\"591\" height=\"591\" src=\"https:\/\/programadestinosmexico.com\/wp-content\/uploads\/2023\/10\/Reserva-Ecologica-de-Nanciyaga.jpg\" class=\"attachment-medium_large size-medium_large wp-image-49353\" alt=\"\" srcset=\"https:\/\/programadestinosmexico.com\/wp-content\/uploads\/2023\/10\/Reserva-Ecologica-de-Nanciyaga.jpg 591w, https:\/\/programadestinosmexico.com\/wp-content\/uploads\/2023\/10\/Reserva-Ecologica-de-Nanciyaga-300x300.jpg 300w\" sizes=\"(max-width: 591px) 100vw, 591px\" \/><\/a><\/figure><div class=\"elementor-image-box-content\"><h3 class=\"elementor-image-box-title\"><a href=\"https:\/\/programadestinosmexico.com\/en\/reserva-eologica-de-nanciyaga-veracruz\/\">Reserva Ecol\u00f3g\u00edca de Nanciyaga<\/a><\/h3><\/div><\/div>\t\t\t\t<\/div>\n\t\t\t\t<\/div>\n\t\t\t\t<\/div>\n\t\t<div class=\"elementor-element elementor-element-59adbf0 e-con-full animated-slow e-flex elementor-invisible e-con e-child\" data-id=\"59adbf0\" data-element_type=\"container\" data-e-type=\"container\" data-settings=\"{&quot;jet_parallax_layout_list&quot;:[],&quot;animation&quot;:&quot;fadeInUp&quot;,&quot;animation_delay&quot;:100}\">\n\t\t\t\t<div class=\"elementor-element elementor-element-b47d882 imgzoom elementor-position-top elementor-widget elementor-widget-image-box\" data-id=\"b47d882\" data-element_type=\"widget\" data-e-type=\"widget\" data-widget_type=\"image-box.default\">\n\t\t\t\t<div class=\"elementor-widget-container\">\n\t\t\t\t\t<div class=\"elementor-image-box-wrapper\"><figure class=\"elementor-image-box-img\"><a href=\"https:\/\/programadestinosmexico.com\/en\/prashanti-tebanca-veracruz\/\" tabindex=\"-1\"><img loading=\"lazy\" decoding=\"async\" width=\"591\" height=\"591\" src=\"https:\/\/programadestinosmexico.com\/wp-content\/uploads\/2023\/10\/Prashanti-Tebanca.jpg\" class=\"attachment-medium_large size-medium_large wp-image-49355\" alt=\"\" srcset=\"https:\/\/programadestinosmexico.com\/wp-content\/uploads\/2023\/10\/Prashanti-Tebanca.jpg 591w, https:\/\/programadestinosmexico.com\/wp-content\/uploads\/2023\/10\/Prashanti-Tebanca-300x300.jpg 300w\" sizes=\"(max-width: 591px) 100vw, 591px\" \/><\/a><\/figure><div class=\"elementor-image-box-content\"><h3 class=\"elementor-image-box-title\"><a href=\"https:\/\/programadestinosmexico.com\/en\/prashanti-tebanca-veracruz\/\">Prashanti Tebanca<\/a><\/h3><\/div><\/div>\t\t\t\t<\/div>\n\t\t\t\t<\/div>\n\t\t\t\t<\/div>\n\t\t<div class=\"elementor-element elementor-element-fbf15a2 e-con-full animated-slow e-flex elementor-invisible e-con e-child\" data-id=\"fbf15a2\" data-element_type=\"container\" data-e-type=\"container\" data-settings=\"{&quot;jet_parallax_layout_list&quot;:[],&quot;animation&quot;:&quot;fadeInUp&quot;,&quot;animation_delay&quot;:100}\">\n\t\t\t\t<div class=\"elementor-element elementor-element-d3a8213 imgzoom elementor-position-top elementor-widget elementor-widget-image-box\" data-id=\"d3a8213\" data-element_type=\"widget\" data-e-type=\"widget\" data-widget_type=\"image-box.default\">\n\t\t\t\t<div class=\"elementor-widget-container\">\n\t\t\t\t\t<div class=\"elementor-image-box-wrapper\"><figure class=\"elementor-image-box-img\"><a href=\"https:\/\/programadestinosmexico.com\/en\/la-otra-opcion-veracruz\/\" tabindex=\"-1\"><img loading=\"lazy\" decoding=\"async\" width=\"591\" height=\"591\" src=\"https:\/\/programadestinosmexico.com\/wp-content\/uploads\/2023\/10\/La-Otra-Opcion.jpg\" class=\"attachment-medium_large size-medium_large wp-image-49357\" alt=\"\" srcset=\"https:\/\/programadestinosmexico.com\/wp-content\/uploads\/2023\/10\/La-Otra-Opcion.jpg 591w, https:\/\/programadestinosmexico.com\/wp-content\/uploads\/2023\/10\/La-Otra-Opcion-300x300.jpg 300w\" sizes=\"(max-width: 591px) 100vw, 591px\" \/><\/a><\/figure><div class=\"elementor-image-box-content\"><h3 class=\"elementor-image-box-title\"><a href=\"https:\/\/programadestinosmexico.com\/en\/la-otra-opcion-veracruz\/\">La Otra Opci\u00f3n<\/a><\/h3><\/div><\/div>\t\t\t\t<\/div>\n\t\t\t\t<\/div>\n\t\t\t\t<\/div>\n\t\t\t\t<\/div>\n\t\t<div class=\"elementor-element elementor-element-4efd7e8 e-con-full e-flex e-con e-parent\" data-id=\"4efd7e8\" data-element_type=\"container\" data-e-type=\"container\" data-settings=\"{&quot;jet_parallax_layout_list&quot;:[]}\">\n\t\t<div class=\"elementor-element elementor-element-c5aeb15 e-con-full animated-slow e-flex elementor-invisible e-con e-child\" data-id=\"c5aeb15\" data-element_type=\"container\" data-e-type=\"container\" data-settings=\"{&quot;jet_parallax_layout_list&quot;:[],&quot;animation&quot;:&quot;fadeInUp&quot;,&quot;animation_delay&quot;:100}\">\n\t\t\t\t<div class=\"elementor-element elementor-element-ba2eec6 imgzoom elementor-position-top elementor-widget elementor-widget-image-box\" data-id=\"ba2eec6\" data-element_type=\"widget\" data-e-type=\"widget\" data-widget_type=\"image-box.default\">\n\t\t\t\t<div class=\"elementor-widget-container\">\n\t\t\t\t\t<div class=\"elementor-image-box-wrapper\"><figure class=\"elementor-image-box-img\"><a href=\"https:\/\/programadestinosmexico.com\/en\/poza-reyna-ecoreserva-veracruz\/\" tabindex=\"-1\"><img loading=\"lazy\" decoding=\"async\" width=\"591\" height=\"591\" src=\"https:\/\/programadestinosmexico.com\/wp-content\/uploads\/2023\/10\/Poza-Reyna-Ecoreserva.jpg\" class=\"attachment-medium_large size-medium_large wp-image-49359\" alt=\"\" srcset=\"https:\/\/programadestinosmexico.com\/wp-content\/uploads\/2023\/10\/Poza-Reyna-Ecoreserva.jpg 591w, https:\/\/programadestinosmexico.com\/wp-content\/uploads\/2023\/10\/Poza-Reyna-Ecoreserva-300x300.jpg 300w\" sizes=\"(max-width: 591px) 100vw, 591px\" \/><\/a><\/figure><div class=\"elementor-image-box-content\"><h3 class=\"elementor-image-box-title\"><a href=\"https:\/\/programadestinosmexico.com\/en\/poza-reyna-ecoreserva-veracruz\/\">Poza Reyna Ecoreserva<\/a><\/h3><\/div><\/div>\t\t\t\t<\/div>\n\t\t\t\t<\/div>\n\t\t\t\t<\/div>\n\t\t<div class=\"elementor-element elementor-element-d0b6335 e-con-full animated-slow e-flex elementor-invisible e-con e-child\" data-id=\"d0b6335\" data-element_type=\"container\" data-e-type=\"container\" data-settings=\"{&quot;jet_parallax_layout_list&quot;:[],&quot;animation&quot;:&quot;fadeInUp&quot;,&quot;animation_delay&quot;:100}\">\n\t\t\t\t<div class=\"elementor-element elementor-element-35358ab imgzoom elementor-position-top elementor-widget elementor-widget-image-box\" data-id=\"35358ab\" data-element_type=\"widget\" data-e-type=\"widget\" data-widget_type=\"image-box.default\">\n\t\t\t\t<div class=\"elementor-widget-container\">\n\t\t\t\t\t<div class=\"elementor-image-box-wrapper\"><figure class=\"elementor-image-box-img\"><a href=\"https:\/\/programadestinosmexico.com\/en\/ecoparque-la-punta-veracruz\/\" tabindex=\"-1\"><img loading=\"lazy\" decoding=\"async\" width=\"591\" height=\"591\" src=\"https:\/\/programadestinosmexico.com\/wp-content\/uploads\/2023\/10\/Ecoparque-La-Punta-.jpg\" class=\"attachment-medium_large size-medium_large wp-image-49361\" alt=\"\" srcset=\"https:\/\/programadestinosmexico.com\/wp-content\/uploads\/2023\/10\/Ecoparque-La-Punta-.jpg 591w, https:\/\/programadestinosmexico.com\/wp-content\/uploads\/2023\/10\/Ecoparque-La-Punta--300x300.jpg 300w\" sizes=\"(max-width: 591px) 100vw, 591px\" \/><\/a><\/figure><div class=\"elementor-image-box-content\"><h3 class=\"elementor-image-box-title\"><a href=\"https:\/\/programadestinosmexico.com\/en\/ecoparque-la-punta-veracruz\/\">Ecoparque La Punta<\/a><\/h3><\/div><\/div>\t\t\t\t<\/div>\n\t\t\t\t<\/div>\n\t\t\t\t<\/div>\n\t\t<div class=\"elementor-element elementor-element-d0cf806 e-con-full animated-slow e-flex elementor-invisible e-con e-child\" data-id=\"d0cf806\" data-element_type=\"container\" data-e-type=\"container\" data-settings=\"{&quot;jet_parallax_layout_list&quot;:[],&quot;animation&quot;:&quot;fadeInUp&quot;,&quot;animation_delay&quot;:100}\">\n\t\t\t\t<div class=\"elementor-element elementor-element-aacb249 imgzoom elementor-position-top elementor-widget elementor-widget-image-box\" data-id=\"aacb249\" data-element_type=\"widget\" data-e-type=\"widget\" data-widget_type=\"image-box.default\">\n\t\t\t\t<div class=\"elementor-widget-container\">\n\t\t\t\t\t<div class=\"elementor-image-box-wrapper\"><figure class=\"elementor-image-box-img\"><a href=\"https:\/\/programadestinosmexico.com\/en\/lago-el-apompal-veracruz\/\" tabindex=\"-1\"><img loading=\"lazy\" decoding=\"async\" width=\"591\" height=\"591\" src=\"https:\/\/programadestinosmexico.com\/wp-content\/uploads\/2023\/10\/Lago-El-Apompal.jpg\" class=\"attachment-medium_large size-medium_large wp-image-49363\" alt=\"\" srcset=\"https:\/\/programadestinosmexico.com\/wp-content\/uploads\/2023\/10\/Lago-El-Apompal.jpg 591w, https:\/\/programadestinosmexico.com\/wp-content\/uploads\/2023\/10\/Lago-El-Apompal-300x300.jpg 300w\" sizes=\"(max-width: 591px) 100vw, 591px\" \/><\/a><\/figure><div class=\"elementor-image-box-content\"><h3 class=\"elementor-image-box-title\"><a href=\"https:\/\/programadestinosmexico.com\/en\/lago-el-apompal-veracruz\/\">Lago El Apompal<\/a><\/h3><\/div><\/div>\t\t\t\t<\/div>\n\t\t\t\t<\/div>\n\t\t\t\t<\/div>\n\t\t\t\t<\/div>\n\t\t<div class=\"elementor-element elementor-element-65dbb46 e-con-full e-flex e-con e-parent\" data-id=\"65dbb46\" data-element_type=\"container\" data-e-type=\"container\" data-settings=\"{&quot;jet_parallax_layout_list&quot;:[]}\">\n\t\t<div class=\"elementor-element elementor-element-40f893e e-con-full animated-slow e-flex elementor-invisible e-con e-child\" data-id=\"40f893e\" data-element_type=\"container\" data-e-type=\"container\" data-settings=\"{&quot;jet_parallax_layout_list&quot;:[],&quot;animation&quot;:&quot;fadeInUp&quot;,&quot;animation_delay&quot;:100}\">\n\t\t\t\t<div class=\"elementor-element elementor-element-40826ec imgzoom elementor-position-top elementor-widget elementor-widget-image-box\" data-id=\"40826ec\" data-element_type=\"widget\" data-e-type=\"widget\" data-widget_type=\"image-box.default\">\n\t\t\t\t<div class=\"elementor-widget-container\">\n\t\t\t\t\t<div class=\"elementor-image-box-wrapper\"><figure class=\"elementor-image-box-img\"><a href=\"https:\/\/programadestinosmexico.com\/en\/centro-ecoturistico-las-margaritas-cabanas-encantadas-veracruz\/\" tabindex=\"-1\"><img loading=\"lazy\" decoding=\"async\" width=\"591\" height=\"591\" src=\"https:\/\/programadestinosmexico.com\/wp-content\/uploads\/2023\/10\/Centro-Ecoturistico-Las-Margaritas-Cabanas-Encantadas.jpg\" class=\"attachment-medium_large size-medium_large wp-image-49365\" alt=\"\" srcset=\"https:\/\/programadestinosmexico.com\/wp-content\/uploads\/2023\/10\/Centro-Ecoturistico-Las-Margaritas-Cabanas-Encantadas.jpg 591w, https:\/\/programadestinosmexico.com\/wp-content\/uploads\/2023\/10\/Centro-Ecoturistico-Las-Margaritas-Cabanas-Encantadas-300x300.jpg 300w\" sizes=\"(max-width: 591px) 100vw, 591px\" \/><\/a><\/figure><div class=\"elementor-image-box-content\"><h3 class=\"elementor-image-box-title\"><a href=\"https:\/\/programadestinosmexico.com\/en\/centro-ecoturistico-las-margaritas-cabanas-encantadas-veracruz\/\">Centro Ecotur\u00edstico Las Margaritas, Caba\u00f1as Encantadas<\/a><\/h3><\/div><\/div>\t\t\t\t<\/div>\n\t\t\t\t<\/div>\n\t\t\t\t<\/div>\n\t\t<div class=\"elementor-element elementor-element-0b13601 e-con-full animated-slow e-flex elementor-invisible e-con e-child\" data-id=\"0b13601\" data-element_type=\"container\" data-e-type=\"container\" data-settings=\"{&quot;jet_parallax_layout_list&quot;:[],&quot;animation&quot;:&quot;fadeInUp&quot;,&quot;animation_delay&quot;:100}\">\n\t\t\t\t<div class=\"elementor-element elementor-element-5245c43 imgzoom elementor-position-top elementor-widget elementor-widget-image-box\" data-id=\"5245c43\" data-element_type=\"widget\" data-e-type=\"widget\" data-widget_type=\"image-box.default\">\n\t\t\t\t<div class=\"elementor-widget-container\">\n\t\t\t\t\t<div class=\"elementor-image-box-wrapper\"><figure class=\"elementor-image-box-img\"><a href=\"https:\/\/programadestinosmexico.com\/en\/rancho-los-amigos-veracruz\/\" tabindex=\"-1\"><img loading=\"lazy\" decoding=\"async\" width=\"591\" height=\"591\" src=\"https:\/\/programadestinosmexico.com\/wp-content\/uploads\/2023\/10\/Rancho-Los-Amigos.jpg\" class=\"attachment-medium_large size-medium_large wp-image-49367\" alt=\"\" srcset=\"https:\/\/programadestinosmexico.com\/wp-content\/uploads\/2023\/10\/Rancho-Los-Amigos.jpg 591w, https:\/\/programadestinosmexico.com\/wp-content\/uploads\/2023\/10\/Rancho-Los-Amigos-300x300.jpg 300w\" sizes=\"(max-width: 591px) 100vw, 591px\" \/><\/a><\/figure><div class=\"elementor-image-box-content\"><h3 class=\"elementor-image-box-title\"><a href=\"https:\/\/programadestinosmexico.com\/en\/rancho-los-amigos-veracruz\/\">Rancho Los Amigos<\/a><\/h3><\/div><\/div>\t\t\t\t<\/div>\n\t\t\t\t<\/div>\n\t\t\t\t<\/div>\n\t\t\t\t<\/div>\n\t\t<div class=\"elementor-element elementor-element-4e188c4 e-flex e-con-boxed e-con e-parent\" data-id=\"4e188c4\" data-element_type=\"container\" data-e-type=\"container\" data-settings=\"{&quot;jet_parallax_layout_list&quot;:[]}\">\n\t\t\t\t\t<div class=\"e-con-inner\">\n\t\t\t\t<div class=\"elementor-element elementor-element-f259b05 elementor-widget elementor-widget-heading\" data-id=\"f259b05\" data-element_type=\"widget\" data-e-type=\"widget\" data-widget_type=\"heading.default\">\n\t\t\t\t<div class=\"elementor-widget-container\">\n\t\t\t\t\t<h2 class=\"elementor-heading-title elementor-size-default\">THEME &amp; AMUSEMENT PARKS IN ORIZABA<\/h2>\t\t\t\t<\/div>\n\t\t\t\t<\/div>\n\t\t\t\t\t<\/div>\n\t\t\t\t<\/div>\n\t\t<div class=\"elementor-element elementor-element-3157baa e-con-full e-flex e-con e-parent\" data-id=\"3157baa\" data-element_type=\"container\" data-e-type=\"container\" data-settings=\"{&quot;jet_parallax_layout_list&quot;:[]}\">\n\t\t<div class=\"elementor-element elementor-element-fc4942f e-con-full animated-slow e-flex elementor-invisible e-con e-child\" data-id=\"fc4942f\" data-element_type=\"container\" data-e-type=\"container\" data-settings=\"{&quot;jet_parallax_layout_list&quot;:[],&quot;animation&quot;:&quot;fadeInUp&quot;,&quot;animation_delay&quot;:100}\">\n\t\t\t\t<div class=\"elementor-element elementor-element-2b72dfc imgzoom elementor-position-top elementor-widget elementor-widget-image-box\" data-id=\"2b72dfc\" data-element_type=\"widget\" data-e-type=\"widget\" data-widget_type=\"image-box.default\">\n\t\t\t\t<div class=\"elementor-widget-container\">\n\t\t\t\t\t<div class=\"elementor-image-box-wrapper\"><figure class=\"elementor-image-box-img\"><a href=\"https:\/\/programadestinosmexico.com\/en\/ecoparque-cerro-del-borrego-veracruz\/\" tabindex=\"-1\"><img loading=\"lazy\" decoding=\"async\" width=\"591\" height=\"591\" src=\"https:\/\/programadestinosmexico.com\/wp-content\/uploads\/2023\/10\/Ecoparque-Cerro-del-Borrego.jpg\" class=\"attachment-medium_large size-medium_large wp-image-49369\" alt=\"\" srcset=\"https:\/\/programadestinosmexico.com\/wp-content\/uploads\/2023\/10\/Ecoparque-Cerro-del-Borrego.jpg 591w, https:\/\/programadestinosmexico.com\/wp-content\/uploads\/2023\/10\/Ecoparque-Cerro-del-Borrego-300x300.jpg 300w\" sizes=\"(max-width: 591px) 100vw, 591px\" \/><\/a><\/figure><div class=\"elementor-image-box-content\"><h3 class=\"elementor-image-box-title\"><a href=\"https:\/\/programadestinosmexico.com\/en\/ecoparque-cerro-del-borrego-veracruz\/\">Ecoparque Cerro del Borrego<\/a><\/h3><\/div><\/div>\t\t\t\t<\/div>\n\t\t\t\t<\/div>\n\t\t\t\t<\/div>\n\t\t<div class=\"elementor-element elementor-element-369a5bc e-con-full animated-slow e-flex elementor-invisible e-con e-child\" data-id=\"369a5bc\" data-element_type=\"container\" data-e-type=\"container\" data-settings=\"{&quot;jet_parallax_layout_list&quot;:[],&quot;animation&quot;:&quot;fadeInUp&quot;,&quot;animation_delay&quot;:100}\">\n\t\t\t\t<div class=\"elementor-element elementor-element-360f105 imgzoom elementor-position-top elementor-widget elementor-widget-image-box\" data-id=\"360f105\" data-element_type=\"widget\" data-e-type=\"widget\" data-widget_type=\"image-box.default\">\n\t\t\t\t<div class=\"elementor-widget-container\">\n\t\t\t\t\t<div class=\"elementor-image-box-wrapper\"><figure class=\"elementor-image-box-img\"><a href=\"https:\/\/programadestinosmexico.com\/en\/ecoparque-cerro-de-escamela-veracruz\/\" tabindex=\"-1\"><img loading=\"lazy\" decoding=\"async\" width=\"591\" height=\"591\" src=\"https:\/\/programadestinosmexico.com\/wp-content\/uploads\/2023\/10\/Ecoparque-Cerro-de-Escamela.jpg\" class=\"attachment-medium_large size-medium_large wp-image-49371\" alt=\"\" srcset=\"https:\/\/programadestinosmexico.com\/wp-content\/uploads\/2023\/10\/Ecoparque-Cerro-de-Escamela.jpg 591w, https:\/\/programadestinosmexico.com\/wp-content\/uploads\/2023\/10\/Ecoparque-Cerro-de-Escamela-300x300.jpg 300w\" sizes=\"(max-width: 591px) 100vw, 591px\" \/><\/a><\/figure><div class=\"elementor-image-box-content\"><h3 class=\"elementor-image-box-title\"><a href=\"https:\/\/programadestinosmexico.com\/en\/ecoparque-cerro-de-escamela-veracruz\/\">Ecoparque Cerro de Escamela<\/a><\/h3><\/div><\/div>\t\t\t\t<\/div>\n\t\t\t\t<\/div>\n\t\t\t\t<\/div>\n\t\t<div class=\"elementor-element elementor-element-7be5aaf e-con-full animated-slow e-flex elementor-invisible e-con e-child\" data-id=\"7be5aaf\" data-element_type=\"container\" data-e-type=\"container\" data-settings=\"{&quot;jet_parallax_layout_list&quot;:[],&quot;animation&quot;:&quot;fadeInUp&quot;,&quot;animation_delay&quot;:100}\">\n\t\t\t\t<div class=\"elementor-element elementor-element-5681003 imgzoom elementor-position-top elementor-widget elementor-widget-image-box\" data-id=\"5681003\" data-element_type=\"widget\" data-e-type=\"widget\" data-widget_type=\"image-box.default\">\n\t\t\t\t<div class=\"elementor-widget-container\">\n\t\t\t\t\t<div class=\"elementor-image-box-wrapper\"><figure class=\"elementor-image-box-img\"><a href=\"https:\/\/programadestinosmexico.com\/en\/laguna-ojo-de-agua-veracruz\/\" tabindex=\"-1\"><img loading=\"lazy\" decoding=\"async\" width=\"591\" height=\"591\" src=\"https:\/\/programadestinosmexico.com\/wp-content\/uploads\/2023\/10\/Laguna-Ojo-de-Agua.jpg\" class=\"attachment-medium_large size-medium_large wp-image-49373\" alt=\"\" srcset=\"https:\/\/programadestinosmexico.com\/wp-content\/uploads\/2023\/10\/Laguna-Ojo-de-Agua.jpg 591w, https:\/\/programadestinosmexico.com\/wp-content\/uploads\/2023\/10\/Laguna-Ojo-de-Agua-300x300.jpg 300w\" sizes=\"(max-width: 591px) 100vw, 591px\" \/><\/a><\/figure><div class=\"elementor-image-box-content\"><h3 class=\"elementor-image-box-title\"><a href=\"https:\/\/programadestinosmexico.com\/en\/laguna-ojo-de-agua-veracruz\/\">Laguna Ojo de Agua<\/a><\/h3><\/div><\/div>\t\t\t\t<\/div>\n\t\t\t\t<\/div>\n\t\t\t\t<\/div>\n\t\t\t\t<\/div>\n\t\t<div class=\"elementor-element elementor-element-a62c5a1 e-con-full e-flex e-con e-parent\" data-id=\"a62c5a1\" data-element_type=\"container\" data-e-type=\"container\" data-settings=\"{&quot;jet_parallax_layout_list&quot;:[]}\">\n\t\t<div class=\"elementor-element elementor-element-bec600c e-con-full animated-slow e-flex elementor-invisible e-con e-child\" data-id=\"bec600c\" data-element_type=\"container\" data-e-type=\"container\" data-settings=\"{&quot;jet_parallax_layout_list&quot;:[],&quot;animation&quot;:&quot;fadeInUp&quot;,&quot;animation_delay&quot;:100}\">\n\t\t\t\t<div class=\"elementor-element elementor-element-d6103b9 imgzoom elementor-position-top elementor-widget elementor-widget-image-box\" data-id=\"d6103b9\" data-element_type=\"widget\" data-e-type=\"widget\" data-widget_type=\"image-box.default\">\n\t\t\t\t<div class=\"elementor-widget-container\">\n\t\t\t\t\t<div class=\"elementor-image-box-wrapper\"><figure class=\"elementor-image-box-img\"><a href=\"https:\/\/programadestinosmexico.com\/en\/parque-nacional-canon-de-rio-blanco-veracruz\/\" tabindex=\"-1\"><img loading=\"lazy\" decoding=\"async\" width=\"591\" height=\"591\" src=\"https:\/\/programadestinosmexico.com\/wp-content\/uploads\/2023\/10\/Parque-Nacional-Canon-de-Rio-Blanco.jpg\" class=\"attachment-medium_large size-medium_large wp-image-49375\" alt=\"\" srcset=\"https:\/\/programadestinosmexico.com\/wp-content\/uploads\/2023\/10\/Parque-Nacional-Canon-de-Rio-Blanco.jpg 591w, https:\/\/programadestinosmexico.com\/wp-content\/uploads\/2023\/10\/Parque-Nacional-Canon-de-Rio-Blanco-300x300.jpg 300w\" sizes=\"(max-width: 591px) 100vw, 591px\" \/><\/a><\/figure><div class=\"elementor-image-box-content\"><h3 class=\"elementor-image-box-title\"><a href=\"https:\/\/programadestinosmexico.com\/en\/parque-nacional-canon-de-rio-blanco-veracruz\/\">Rio Blanco Canyon National Park<\/a><\/h3><\/div><\/div>\t\t\t\t<\/div>\n\t\t\t\t<\/div>\n\t\t\t\t<\/div>\n\t\t<div class=\"elementor-element elementor-element-8c858bc e-con-full animated-slow e-flex elementor-invisible e-con e-child\" data-id=\"8c858bc\" data-element_type=\"container\" data-e-type=\"container\" data-settings=\"{&quot;jet_parallax_layout_list&quot;:[],&quot;animation&quot;:&quot;fadeInUp&quot;,&quot;animation_delay&quot;:100}\">\n\t\t\t\t<div class=\"elementor-element elementor-element-07facab imgzoom elementor-position-top elementor-widget elementor-widget-image-box\" data-id=\"07facab\" data-element_type=\"widget\" data-e-type=\"widget\" data-widget_type=\"image-box.default\">\n\t\t\t\t<div class=\"elementor-widget-container\">\n\t\t\t\t\t<div class=\"elementor-image-box-wrapper\"><figure class=\"elementor-image-box-img\"><a href=\"https:\/\/programadestinosmexico.com\/en\/parque-de-las-sonrisas-veracruz\/\" tabindex=\"-1\"><img loading=\"lazy\" decoding=\"async\" width=\"591\" height=\"591\" src=\"https:\/\/programadestinosmexico.com\/wp-content\/uploads\/2023\/10\/Parque-de-las-Sonrisas.jpg\" class=\"attachment-medium_large size-medium_large wp-image-49377\" alt=\"\" srcset=\"https:\/\/programadestinosmexico.com\/wp-content\/uploads\/2023\/10\/Parque-de-las-Sonrisas.jpg 591w, https:\/\/programadestinosmexico.com\/wp-content\/uploads\/2023\/10\/Parque-de-las-Sonrisas-300x300.jpg 300w\" sizes=\"(max-width: 591px) 100vw, 591px\" \/><\/a><\/figure><div class=\"elementor-image-box-content\"><h3 class=\"elementor-image-box-title\"><a href=\"https:\/\/programadestinosmexico.com\/en\/parque-de-las-sonrisas-veracruz\/\">Parque de las Sonrisas<\/a><\/h3><\/div><\/div>\t\t\t\t<\/div>\n\t\t\t\t<\/div>\n\t\t\t\t<\/div>\n\t\t<div class=\"elementor-element elementor-element-64e93dd e-con-full animated-slow e-flex elementor-invisible e-con e-child\" data-id=\"64e93dd\" data-element_type=\"container\" data-e-type=\"container\" data-settings=\"{&quot;jet_parallax_layout_list&quot;:[],&quot;animation&quot;:&quot;fadeInUp&quot;,&quot;animation_delay&quot;:100}\">\n\t\t\t\t<div class=\"elementor-element elementor-element-2bac329 imgzoom elementor-position-top elementor-widget elementor-widget-image-box\" data-id=\"2bac329\" data-element_type=\"widget\" data-e-type=\"widget\" data-widget_type=\"image-box.default\">\n\t\t\t\t<div class=\"elementor-widget-container\">\n\t\t\t\t\t<div class=\"elementor-image-box-wrapper\"><figure class=\"elementor-image-box-img\"><a href=\"https:\/\/programadestinosmexico.com\/en\/parque-de-dinosauros-expo-parque-veracruz\/\" tabindex=\"-1\"><img loading=\"lazy\" decoding=\"async\" width=\"591\" height=\"591\" src=\"https:\/\/programadestinosmexico.com\/wp-content\/uploads\/2023\/10\/Parque-de-Dinosauros-Expo-Parque.jpg\" class=\"attachment-medium_large size-medium_large wp-image-49379\" alt=\"\" srcset=\"https:\/\/programadestinosmexico.com\/wp-content\/uploads\/2023\/10\/Parque-de-Dinosauros-Expo-Parque.jpg 591w, https:\/\/programadestinosmexico.com\/wp-content\/uploads\/2023\/10\/Parque-de-Dinosauros-Expo-Parque-300x300.jpg 300w\" sizes=\"(max-width: 591px) 100vw, 591px\" \/><\/a><\/figure><div class=\"elementor-image-box-content\"><h3 class=\"elementor-image-box-title\"><a href=\"https:\/\/programadestinosmexico.com\/en\/parque-de-dinosauros-expo-parque-veracruz\/\">Parque de Dinosauros \u201cExpo Parque\u201d<\/a><\/h3><\/div><\/div>\t\t\t\t<\/div>\n\t\t\t\t<\/div>\n\t\t\t\t<\/div>\n\t\t\t\t<\/div>\n\t\t<div class=\"elementor-element elementor-element-d6fea91 e-flex e-con-boxed e-con e-parent\" data-id=\"d6fea91\" data-element_type=\"container\" data-e-type=\"container\" data-settings=\"{&quot;jet_parallax_layout_list&quot;:[]}\">\n\t\t\t\t\t<div class=\"e-con-inner\">\n\t\t\t\t<div class=\"elementor-element elementor-element-5d66ae2 elementor-widget elementor-widget-heading\" data-id=\"5d66ae2\" data-element_type=\"widget\" data-e-type=\"widget\" data-widget_type=\"heading.default\">\n\t\t\t\t<div class=\"elementor-widget-container\">\n\t\t\t\t\t<h2 class=\"elementor-heading-title elementor-size-default\">THEME &amp; AMUSEMENT PARKS IN PAPANTLA\n<\/h2>\t\t\t\t<\/div>\n\t\t\t\t<\/div>\n\t\t\t\t\t<\/div>\n\t\t\t\t<\/div>\n\t\t<div class=\"elementor-element elementor-element-1ef80c0 e-con-full e-flex e-con e-parent\" data-id=\"1ef80c0\" data-element_type=\"container\" data-e-type=\"container\" data-settings=\"{&quot;jet_parallax_layout_list&quot;:[]}\">\n\t\t<div class=\"elementor-element elementor-element-1ede029 e-con-full animated-slow e-flex elementor-invisible e-con e-child\" data-id=\"1ede029\" data-element_type=\"container\" data-e-type=\"container\" data-settings=\"{&quot;jet_parallax_layout_list&quot;:[],&quot;animation&quot;:&quot;fadeInUp&quot;,&quot;animation_delay&quot;:100}\">\n\t\t\t\t<div class=\"elementor-element elementor-element-ad52c95 imgzoom elementor-position-top elementor-widget elementor-widget-image-box\" data-id=\"ad52c95\" data-element_type=\"widget\" data-e-type=\"widget\" data-widget_type=\"image-box.default\">\n\t\t\t\t<div class=\"elementor-widget-container\">\n\t\t\t\t\t<div class=\"elementor-image-box-wrapper\"><figure class=\"elementor-image-box-img\"><a href=\"https:\/\/programadestinosmexico.com\/en\/rancho-hotel-el-carmen-veracruz\/\" tabindex=\"-1\"><img loading=\"lazy\" decoding=\"async\" width=\"591\" height=\"591\" src=\"https:\/\/programadestinosmexico.com\/wp-content\/uploads\/2023\/10\/Rancho-Hotel-El-Carmen.jpg\" class=\"attachment-medium_large size-medium_large wp-image-49381\" alt=\"\" srcset=\"https:\/\/programadestinosmexico.com\/wp-content\/uploads\/2023\/10\/Rancho-Hotel-El-Carmen.jpg 591w, https:\/\/programadestinosmexico.com\/wp-content\/uploads\/2023\/10\/Rancho-Hotel-El-Carmen-300x300.jpg 300w\" sizes=\"(max-width: 591px) 100vw, 591px\" \/><\/a><\/figure><div class=\"elementor-image-box-content\"><h3 class=\"elementor-image-box-title\"><a href=\"https:\/\/programadestinosmexico.com\/en\/rancho-hotel-el-carmen-veracruz\/\">Rancho Hotel El Carmen<\/a><\/h3><\/div><\/div>\t\t\t\t<\/div>\n\t\t\t\t<\/div>\n\t\t\t\t<\/div>\n\t\t<div class=\"elementor-element elementor-element-bd6c581 e-con-full animated-slow e-flex elementor-invisible e-con e-child\" data-id=\"bd6c581\" data-element_type=\"container\" data-e-type=\"container\" data-settings=\"{&quot;jet_parallax_layout_list&quot;:[],&quot;animation&quot;:&quot;fadeInUp&quot;,&quot;animation_delay&quot;:100}\">\n\t\t\t\t<div class=\"elementor-element elementor-element-3fbac25 imgzoom elementor-position-top elementor-widget elementor-widget-image-box\" data-id=\"3fbac25\" data-element_type=\"widget\" data-e-type=\"widget\" data-widget_type=\"image-box.default\">\n\t\t\t\t<div class=\"elementor-widget-container\">\n\t\t\t\t\t<div class=\"elementor-image-box-wrapper\"><figure class=\"elementor-image-box-img\"><a href=\"https:\/\/programadestinosmexico.com\/en\/parque-takilhsukut-veracruz\/\" tabindex=\"-1\"><img loading=\"lazy\" decoding=\"async\" width=\"591\" height=\"591\" src=\"https:\/\/programadestinosmexico.com\/wp-content\/uploads\/2023\/10\/Parque-Takilhsukut-.jpg\" class=\"attachment-medium_large size-medium_large wp-image-49383\" alt=\"\" srcset=\"https:\/\/programadestinosmexico.com\/wp-content\/uploads\/2023\/10\/Parque-Takilhsukut-.jpg 591w, https:\/\/programadestinosmexico.com\/wp-content\/uploads\/2023\/10\/Parque-Takilhsukut--300x300.jpg 300w\" sizes=\"(max-width: 591px) 100vw, 591px\" \/><\/a><\/figure><div class=\"elementor-image-box-content\"><h3 class=\"elementor-image-box-title\"><a href=\"https:\/\/programadestinosmexico.com\/en\/parque-takilhsukut-veracruz\/\">Parque Takilhsukut<\/a><\/h3><\/div><\/div>\t\t\t\t<\/div>\n\t\t\t\t<\/div>\n\t\t\t\t<\/div>\n\t\t<div class=\"elementor-element elementor-element-741a1be e-con-full animated-slow e-flex elementor-invisible e-con e-child\" data-id=\"741a1be\" data-element_type=\"container\" data-e-type=\"container\" data-settings=\"{&quot;jet_parallax_layout_list&quot;:[],&quot;animation&quot;:&quot;fadeInUp&quot;,&quot;animation_delay&quot;:100}\">\n\t\t\t\t<div class=\"elementor-element elementor-element-c64e3b1 imgzoom elementor-position-top elementor-widget elementor-widget-image-box\" data-id=\"c64e3b1\" data-element_type=\"widget\" data-e-type=\"widget\" data-widget_type=\"image-box.default\">\n\t\t\t\t<div class=\"elementor-widget-container\">\n\t\t\t\t\t<div class=\"elementor-image-box-wrapper\"><figure class=\"elementor-image-box-img\"><a href=\"https:\/\/programadestinosmexico.com\/en\/centro-ecoturistico-tlenkuali-veracruz\/\" tabindex=\"-1\"><img loading=\"lazy\" decoding=\"async\" width=\"591\" height=\"591\" src=\"https:\/\/programadestinosmexico.com\/wp-content\/uploads\/2023\/10\/Centro-Ecoturistico-Tlenkuali.jpg\" class=\"attachment-medium_large size-medium_large wp-image-49385\" alt=\"\" srcset=\"https:\/\/programadestinosmexico.com\/wp-content\/uploads\/2023\/10\/Centro-Ecoturistico-Tlenkuali.jpg 591w, https:\/\/programadestinosmexico.com\/wp-content\/uploads\/2023\/10\/Centro-Ecoturistico-Tlenkuali-300x300.jpg 300w\" sizes=\"(max-width: 591px) 100vw, 591px\" \/><\/a><\/figure><div class=\"elementor-image-box-content\"><h3 class=\"elementor-image-box-title\"><a href=\"https:\/\/programadestinosmexico.com\/en\/centro-ecoturistico-tlenkuali-veracruz\/\">Centro Ecotur\u00edstico Tlenkuali<\/a><\/h3><\/div><\/div>\t\t\t\t<\/div>\n\t\t\t\t<\/div>\n\t\t\t\t<\/div>\n\t\t\t\t<\/div>\n\t\t<div class=\"elementor-element elementor-element-517a478 e-con-full e-flex e-con e-parent\" data-id=\"517a478\" data-element_type=\"container\" data-e-type=\"container\" data-settings=\"{&quot;jet_parallax_layout_list&quot;:[]}\">\n\t\t<div class=\"elementor-element elementor-element-c191f47 e-con-full animated-slow e-flex elementor-invisible e-con e-child\" data-id=\"c191f47\" data-element_type=\"container\" data-e-type=\"container\" data-settings=\"{&quot;jet_parallax_layout_list&quot;:[],&quot;animation&quot;:&quot;fadeInUp&quot;,&quot;animation_delay&quot;:100}\">\n\t\t\t\t<div class=\"elementor-element elementor-element-dbe43a9 imgzoom elementor-position-top elementor-widget elementor-widget-image-box\" data-id=\"dbe43a9\" data-element_type=\"widget\" data-e-type=\"widget\" data-widget_type=\"image-box.default\">\n\t\t\t\t<div class=\"elementor-widget-container\">\n\t\t\t\t\t<div class=\"elementor-image-box-wrapper\"><figure class=\"elementor-image-box-img\"><a href=\"https:\/\/programadestinosmexico.com\/en\/centro-ecoturistico-el-remolino-veracruz\/\" tabindex=\"-1\"><img loading=\"lazy\" decoding=\"async\" width=\"591\" height=\"591\" src=\"https:\/\/programadestinosmexico.com\/wp-content\/uploads\/2023\/10\/Centro-Ecoturistico-El-Remolino-.jpg\" class=\"attachment-medium_large size-medium_large wp-image-49387\" alt=\"\" srcset=\"https:\/\/programadestinosmexico.com\/wp-content\/uploads\/2023\/10\/Centro-Ecoturistico-El-Remolino-.jpg 591w, https:\/\/programadestinosmexico.com\/wp-content\/uploads\/2023\/10\/Centro-Ecoturistico-El-Remolino--300x300.jpg 300w\" sizes=\"(max-width: 591px) 100vw, 591px\" \/><\/a><\/figure><div class=\"elementor-image-box-content\"><h3 class=\"elementor-image-box-title\"><a href=\"https:\/\/programadestinosmexico.com\/en\/centro-ecoturistico-el-remolino-veracruz\/\">Centro Ecotur\u00edstico El Remolino<\/a><\/h3><\/div><\/div>\t\t\t\t<\/div>\n\t\t\t\t<\/div>\n\t\t\t\t<\/div>\n\t\t<div class=\"elementor-element elementor-element-c6a737b e-con-full animated-slow e-flex elementor-invisible e-con e-child\" data-id=\"c6a737b\" data-element_type=\"container\" data-e-type=\"container\" data-settings=\"{&quot;jet_parallax_layout_list&quot;:[],&quot;animation&quot;:&quot;fadeInUp&quot;,&quot;animation_delay&quot;:100}\">\n\t\t\t\t<div class=\"elementor-element elementor-element-f1573fd imgzoom elementor-position-top elementor-widget elementor-widget-image-box\" data-id=\"f1573fd\" data-element_type=\"widget\" data-e-type=\"widget\" data-widget_type=\"image-box.default\">\n\t\t\t\t<div class=\"elementor-widget-container\">\n\t\t\t\t\t<div class=\"elementor-image-box-wrapper\"><figure class=\"elementor-image-box-img\"><a href=\"https:\/\/programadestinosmexico.com\/en\/ecopark-xanath-papantla-veracruz\/\" tabindex=\"-1\"><img loading=\"lazy\" decoding=\"async\" width=\"591\" height=\"591\" src=\"https:\/\/programadestinosmexico.com\/wp-content\/uploads\/2023\/10\/Ecopark-Xanath-Papantla.jpg\" class=\"attachment-medium_large size-medium_large wp-image-49392\" alt=\"\" srcset=\"https:\/\/programadestinosmexico.com\/wp-content\/uploads\/2023\/10\/Ecopark-Xanath-Papantla.jpg 591w, https:\/\/programadestinosmexico.com\/wp-content\/uploads\/2023\/10\/Ecopark-Xanath-Papantla-300x300.jpg 300w\" sizes=\"(max-width: 591px) 100vw, 591px\" \/><\/a><\/figure><div class=\"elementor-image-box-content\"><h3 class=\"elementor-image-box-title\"><a href=\"https:\/\/programadestinosmexico.com\/en\/ecopark-xanath-papantla-veracruz\/\">Ecopark Xanath - Papantla<\/a><\/h3><\/div><\/div>\t\t\t\t<\/div>\n\t\t\t\t<\/div>\n\t\t\t\t<\/div>\n\t\t\t\t<\/div>\n\t\t<div class=\"elementor-element elementor-element-e7a9b77 e-flex e-con-boxed e-con e-parent\" data-id=\"e7a9b77\" data-element_type=\"container\" data-e-type=\"container\" data-settings=\"{&quot;jet_parallax_layout_list&quot;:[]}\">\n\t\t\t\t\t<div class=\"e-con-inner\">\n\t\t\t\t<div class=\"elementor-element elementor-element-fd3b1c3 elementor-widget elementor-widget-heading\" data-id=\"fd3b1c3\" data-element_type=\"widget\" data-e-type=\"widget\" data-widget_type=\"heading.default\">\n\t\t\t\t<div class=\"elementor-widget-container\">\n\t\t\t\t\t<h2 class=\"elementor-heading-title elementor-size-default\">THEME &amp; AMUSEMENT PARKS IN PORT OF VERACRUZ\n<\/h2>\t\t\t\t<\/div>\n\t\t\t\t<\/div>\n\t\t\t\t\t<\/div>\n\t\t\t\t<\/div>\n\t\t<div class=\"elementor-element elementor-element-99d4c3a e-con-full e-flex e-con e-parent\" data-id=\"99d4c3a\" data-element_type=\"container\" data-e-type=\"container\" data-settings=\"{&quot;jet_parallax_layout_list&quot;:[]}\">\n\t\t<div class=\"elementor-element elementor-element-86690d5 e-con-full animated-slow e-flex elementor-invisible e-con e-child\" data-id=\"86690d5\" data-element_type=\"container\" data-e-type=\"container\" data-settings=\"{&quot;jet_parallax_layout_list&quot;:[],&quot;animation&quot;:&quot;fadeInUp&quot;,&quot;animation_delay&quot;:100}\">\n\t\t\t\t<div class=\"elementor-element elementor-element-f96781c imgzoom elementor-position-top elementor-widget elementor-widget-image-box\" data-id=\"f96781c\" data-element_type=\"widget\" data-e-type=\"widget\" data-widget_type=\"image-box.default\">\n\t\t\t\t<div class=\"elementor-widget-container\">\n\t\t\t\t\t<div class=\"elementor-image-box-wrapper\"><figure class=\"elementor-image-box-img\"><a href=\"https:\/\/programadestinosmexico.com\/en\/acuario-de-veracruz\/\" tabindex=\"-1\"><img loading=\"lazy\" decoding=\"async\" width=\"591\" height=\"591\" src=\"https:\/\/programadestinosmexico.com\/wp-content\/uploads\/2023\/10\/Acuario-Veracruz.jpg\" class=\"attachment-medium_large size-medium_large wp-image-49395\" alt=\"\" srcset=\"https:\/\/programadestinosmexico.com\/wp-content\/uploads\/2023\/10\/Acuario-Veracruz.jpg 591w, https:\/\/programadestinosmexico.com\/wp-content\/uploads\/2023\/10\/Acuario-Veracruz-300x300.jpg 300w\" sizes=\"(max-width: 591px) 100vw, 591px\" \/><\/a><\/figure><div class=\"elementor-image-box-content\"><h3 class=\"elementor-image-box-title\"><a href=\"https:\/\/programadestinosmexico.com\/en\/acuario-de-veracruz\/\">Acuario de Veracruz<\/a><\/h3><\/div><\/div>\t\t\t\t<\/div>\n\t\t\t\t<\/div>\n\t\t\t\t<\/div>\n\t\t<div class=\"elementor-element elementor-element-5a20b44 e-con-full animated-slow e-flex elementor-invisible e-con e-child\" data-id=\"5a20b44\" data-element_type=\"container\" data-e-type=\"container\" data-settings=\"{&quot;jet_parallax_layout_list&quot;:[],&quot;animation&quot;:&quot;fadeInUp&quot;,&quot;animation_delay&quot;:100}\">\n\t\t\t\t<div class=\"elementor-element elementor-element-ce284c5 imgzoom elementor-position-top elementor-widget elementor-widget-image-box\" data-id=\"ce284c5\" data-element_type=\"widget\" data-e-type=\"widget\" data-widget_type=\"image-box.default\">\n\t\t\t\t<div class=\"elementor-widget-container\">\n\t\t\t\t\t<div class=\"elementor-image-box-wrapper\"><figure class=\"elementor-image-box-img\"><a href=\"https:\/\/programadestinosmexico.com\/en\/parque-ecologico-ruiz-cortines-veracruz\/\" tabindex=\"-1\"><img loading=\"lazy\" decoding=\"async\" width=\"591\" height=\"591\" src=\"https:\/\/programadestinosmexico.com\/wp-content\/uploads\/2023\/10\/Parque-Ecologico-Ruiz-Cortines.jpg\" class=\"attachment-medium_large size-medium_large wp-image-49400\" alt=\"\" srcset=\"https:\/\/programadestinosmexico.com\/wp-content\/uploads\/2023\/10\/Parque-Ecologico-Ruiz-Cortines.jpg 591w, https:\/\/programadestinosmexico.com\/wp-content\/uploads\/2023\/10\/Parque-Ecologico-Ruiz-Cortines-300x300.jpg 300w\" sizes=\"(max-width: 591px) 100vw, 591px\" \/><\/a><\/figure><div class=\"elementor-image-box-content\"><h3 class=\"elementor-image-box-title\"><a href=\"https:\/\/programadestinosmexico.com\/en\/parque-ecologico-ruiz-cortines-veracruz\/\">Parque Ecol\u00f3gico Ru\u00edz Cortines<\/a><\/h3><\/div><\/div>\t\t\t\t<\/div>\n\t\t\t\t<\/div>\n\t\t\t\t<\/div>\n\t\t<div class=\"elementor-element elementor-element-83ed16d e-con-full animated-slow e-flex elementor-invisible e-con e-child\" data-id=\"83ed16d\" data-element_type=\"container\" data-e-type=\"container\" data-settings=\"{&quot;jet_parallax_layout_list&quot;:[],&quot;animation&quot;:&quot;fadeInUp&quot;,&quot;animation_delay&quot;:100}\">\n\t\t\t\t<div class=\"elementor-element elementor-element-cc81130 imgzoom elementor-position-top elementor-widget elementor-widget-image-box\" data-id=\"cc81130\" data-element_type=\"widget\" data-e-type=\"widget\" data-widget_type=\"image-box.default\">\n\t\t\t\t<div class=\"elementor-widget-container\">\n\t\t\t\t\t<div class=\"elementor-image-box-wrapper\"><figure class=\"elementor-image-box-img\"><a href=\"https:\/\/programadestinosmexico.com\/en\/parque-recreativo-cri-cri-veracruz\/\" tabindex=\"-1\"><img loading=\"lazy\" decoding=\"async\" width=\"591\" height=\"591\" src=\"https:\/\/programadestinosmexico.com\/wp-content\/uploads\/2023\/10\/Parque-Recreativo-Cri-Cri.jpg\" class=\"attachment-medium_large size-medium_large wp-image-49402\" alt=\"\" srcset=\"https:\/\/programadestinosmexico.com\/wp-content\/uploads\/2023\/10\/Parque-Recreativo-Cri-Cri.jpg 591w, https:\/\/programadestinosmexico.com\/wp-content\/uploads\/2023\/10\/Parque-Recreativo-Cri-Cri-300x300.jpg 300w\" sizes=\"(max-width: 591px) 100vw, 591px\" \/><\/a><\/figure><div class=\"elementor-image-box-content\"><h3 class=\"elementor-image-box-title\"><a href=\"https:\/\/programadestinosmexico.com\/en\/parque-recreativo-cri-cri-veracruz\/\">Parque Recreativo \"Cri-Cri\"<\/a><\/h3><\/div><\/div>\t\t\t\t<\/div>\n\t\t\t\t<\/div>\n\t\t\t\t<\/div>\n\t\t\t\t<\/div>\n\t\t<div class=\"elementor-element elementor-element-d289e7c e-con-full e-flex e-con e-parent\" data-id=\"d289e7c\" data-element_type=\"container\" data-e-type=\"container\" data-settings=\"{&quot;jet_parallax_layout_list&quot;:[]}\">\n\t\t<div class=\"elementor-element elementor-element-6ac8e61 e-con-full animated-slow e-flex elementor-invisible e-con e-child\" data-id=\"6ac8e61\" data-element_type=\"container\" data-e-type=\"container\" data-settings=\"{&quot;jet_parallax_layout_list&quot;:[],&quot;animation&quot;:&quot;fadeInUp&quot;,&quot;animation_delay&quot;:100}\">\n\t\t\t\t<div class=\"elementor-element elementor-element-46b93df imgzoom elementor-position-top elementor-widget elementor-widget-image-box\" data-id=\"46b93df\" data-element_type=\"widget\" data-e-type=\"widget\" data-widget_type=\"image-box.default\">\n\t\t\t\t<div class=\"elementor-widget-container\">\n\t\t\t\t\t<div class=\"elementor-image-box-wrapper\"><figure class=\"elementor-image-box-img\"><a href=\"https:\/\/programadestinosmexico.com\/en\/parque-zoologico-miguel-angel-de-quevedo-veracruz\/\" tabindex=\"-1\"><img loading=\"lazy\" decoding=\"async\" width=\"591\" height=\"591\" src=\"https:\/\/programadestinosmexico.com\/wp-content\/uploads\/2023\/10\/Parque-Zoologico-Miguel-Angel-de-Quevedo.jpg\" class=\"attachment-medium_large size-medium_large wp-image-49404\" alt=\"\" srcset=\"https:\/\/programadestinosmexico.com\/wp-content\/uploads\/2023\/10\/Parque-Zoologico-Miguel-Angel-de-Quevedo.jpg 591w, https:\/\/programadestinosmexico.com\/wp-content\/uploads\/2023\/10\/Parque-Zoologico-Miguel-Angel-de-Quevedo-300x300.jpg 300w\" sizes=\"(max-width: 591px) 100vw, 591px\" \/><\/a><\/figure><div class=\"elementor-image-box-content\"><h3 class=\"elementor-image-box-title\"><a href=\"https:\/\/programadestinosmexico.com\/en\/parque-zoologico-miguel-angel-de-quevedo-veracruz\/\">Parque Zool\u00f3gico Miguel \u00c1ngel de Quevedo<\/a><\/h3><\/div><\/div>\t\t\t\t<\/div>\n\t\t\t\t<\/div>\n\t\t\t\t<\/div>\n\t\t<div class=\"elementor-element elementor-element-bbd54f2 e-con-full animated-slow e-flex elementor-invisible e-con e-child\" data-id=\"bbd54f2\" data-element_type=\"container\" data-e-type=\"container\" data-settings=\"{&quot;jet_parallax_layout_list&quot;:[],&quot;animation&quot;:&quot;fadeInUp&quot;,&quot;animation_delay&quot;:100}\">\n\t\t\t\t<div class=\"elementor-element elementor-element-187315c imgzoom elementor-position-top elementor-widget elementor-widget-image-box\" data-id=\"187315c\" data-element_type=\"widget\" data-e-type=\"widget\" data-widget_type=\"image-box.default\">\n\t\t\t\t<div class=\"elementor-widget-container\">\n\t\t\t\t\t<div class=\"elementor-image-box-wrapper\"><figure class=\"elementor-image-box-img\"><a href=\"https:\/\/programadestinosmexico.com\/en\/parque-acuatico-inbursa-veracruz\/\" tabindex=\"-1\"><img loading=\"lazy\" decoding=\"async\" width=\"591\" height=\"591\" src=\"https:\/\/programadestinosmexico.com\/wp-content\/uploads\/2023\/10\/Parque-Acuatico-Inbursa.jpg\" class=\"attachment-medium_large size-medium_large wp-image-49406\" alt=\"\" srcset=\"https:\/\/programadestinosmexico.com\/wp-content\/uploads\/2023\/10\/Parque-Acuatico-Inbursa.jpg 591w, https:\/\/programadestinosmexico.com\/wp-content\/uploads\/2023\/10\/Parque-Acuatico-Inbursa-300x300.jpg 300w\" sizes=\"(max-width: 591px) 100vw, 591px\" \/><\/a><\/figure><div class=\"elementor-image-box-content\"><h3 class=\"elementor-image-box-title\"><a href=\"https:\/\/programadestinosmexico.com\/en\/parque-acuatico-inbursa-veracruz\/\">Parque Acu\u00e1tico Inbursa<\/a><\/h3><\/div><\/div>\t\t\t\t<\/div>\n\t\t\t\t<\/div>\n\t\t\t\t<\/div>\n\t\t<div class=\"elementor-element elementor-element-da8dfef e-con-full animated-slow e-flex elementor-invisible e-con e-child\" data-id=\"da8dfef\" data-element_type=\"container\" data-e-type=\"container\" data-settings=\"{&quot;jet_parallax_layout_list&quot;:[],&quot;animation&quot;:&quot;fadeInUp&quot;,&quot;animation_delay&quot;:100}\">\n\t\t\t\t<div class=\"elementor-element elementor-element-05c9458 imgzoom elementor-position-top elementor-widget elementor-widget-image-box\" data-id=\"05c9458\" data-element_type=\"widget\" data-e-type=\"widget\" data-widget_type=\"image-box.default\">\n\t\t\t\t<div class=\"elementor-widget-container\">\n\t\t\t\t\t<div class=\"elementor-image-box-wrapper\"><figure class=\"elementor-image-box-img\"><a href=\"https:\/\/programadestinosmexico.com\/en\/eco-aldea-tamarindos-veracruz\/\" tabindex=\"-1\"><img loading=\"lazy\" decoding=\"async\" width=\"591\" height=\"591\" src=\"https:\/\/programadestinosmexico.com\/wp-content\/uploads\/2023\/10\/Eco-Aldea-Tamarindos.jpg\" class=\"attachment-medium_large size-medium_large wp-image-49408\" alt=\"\" srcset=\"https:\/\/programadestinosmexico.com\/wp-content\/uploads\/2023\/10\/Eco-Aldea-Tamarindos.jpg 591w, https:\/\/programadestinosmexico.com\/wp-content\/uploads\/2023\/10\/Eco-Aldea-Tamarindos-300x300.jpg 300w\" sizes=\"(max-width: 591px) 100vw, 591px\" \/><\/a><\/figure><div class=\"elementor-image-box-content\"><h3 class=\"elementor-image-box-title\"><a href=\"https:\/\/programadestinosmexico.com\/en\/eco-aldea-tamarindos-veracruz\/\">Eco Aldea Tamarindos<\/a><\/h3><\/div><\/div>\t\t\t\t<\/div>\n\t\t\t\t<\/div>\n\t\t\t\t<\/div>\n\t\t\t\t<\/div>\n\t\t<div class=\"elementor-element elementor-element-307ee81 e-flex e-con-boxed e-con e-parent\" data-id=\"307ee81\" data-element_type=\"container\" data-e-type=\"container\" data-settings=\"{&quot;jet_parallax_layout_list&quot;:[]}\">\n\t\t\t\t\t<div class=\"e-con-inner\">\n\t\t\t\t<div class=\"elementor-element elementor-element-6235999 elementor-widget elementor-widget-heading\" data-id=\"6235999\" data-element_type=\"widget\" data-e-type=\"widget\" data-widget_type=\"heading.default\">\n\t\t\t\t<div class=\"elementor-widget-container\">\n\t\t\t\t\t<h2 class=\"elementor-heading-title elementor-size-default\">THEME &amp; AMUSEMENT PARKS IN XALAPA<\/h2>\t\t\t\t<\/div>\n\t\t\t\t<\/div>\n\t\t\t\t\t<\/div>\n\t\t\t\t<\/div>\n\t\t<div class=\"elementor-element elementor-element-b376415 e-con-full e-flex e-con e-parent\" data-id=\"b376415\" data-element_type=\"container\" data-e-type=\"container\" data-settings=\"{&quot;jet_parallax_layout_list&quot;:[]}\">\n\t\t<div class=\"elementor-element elementor-element-8a27a5d e-con-full animated-slow e-flex elementor-invisible e-con e-child\" data-id=\"8a27a5d\" data-element_type=\"container\" data-e-type=\"container\" data-settings=\"{&quot;jet_parallax_layout_list&quot;:[],&quot;animation&quot;:&quot;fadeInUp&quot;,&quot;animation_delay&quot;:100}\">\n\t\t\t\t<div class=\"elementor-element elementor-element-1b16c44 imgzoom elementor-position-top elementor-widget elementor-widget-image-box\" data-id=\"1b16c44\" data-element_type=\"widget\" data-e-type=\"widget\" data-widget_type=\"image-box.default\">\n\t\t\t\t<div class=\"elementor-widget-container\">\n\t\t\t\t\t<div class=\"elementor-image-box-wrapper\"><figure class=\"elementor-image-box-img\"><a href=\"https:\/\/programadestinosmexico.com\/en\/jardin-boranico-francisco-javier-clavijero-veracruz\/\" tabindex=\"-1\"><img loading=\"lazy\" decoding=\"async\" width=\"591\" height=\"591\" src=\"https:\/\/programadestinosmexico.com\/wp-content\/uploads\/2023\/10\/Jardin-Botanico-Francisco-Javier-Clavijero-.jpg\" class=\"attachment-medium_large size-medium_large wp-image-49410\" alt=\"\" srcset=\"https:\/\/programadestinosmexico.com\/wp-content\/uploads\/2023\/10\/Jardin-Botanico-Francisco-Javier-Clavijero-.jpg 591w, https:\/\/programadestinosmexico.com\/wp-content\/uploads\/2023\/10\/Jardin-Botanico-Francisco-Javier-Clavijero--300x300.jpg 300w\" sizes=\"(max-width: 591px) 100vw, 591px\" \/><\/a><\/figure><div class=\"elementor-image-box-content\"><h3 class=\"elementor-image-box-title\"><a href=\"https:\/\/programadestinosmexico.com\/en\/jardin-boranico-francisco-javier-clavijero-veracruz\/\">Jard\u00edn Bot\u00e1nico Francisco Javier Clavijero (Botanical Garden)<\/a><\/h3><\/div><\/div>\t\t\t\t<\/div>\n\t\t\t\t<\/div>\n\t\t\t\t<\/div>\n\t\t<div class=\"elementor-element elementor-element-6d380df e-con-full animated-slow e-flex elementor-invisible e-con e-child\" data-id=\"6d380df\" data-element_type=\"container\" data-e-type=\"container\" data-settings=\"{&quot;jet_parallax_layout_list&quot;:[],&quot;animation&quot;:&quot;fadeInUp&quot;,&quot;animation_delay&quot;:100}\">\n\t\t\t\t<div class=\"elementor-element elementor-element-bf35479 imgzoom elementor-position-top elementor-widget elementor-widget-image-box\" data-id=\"bf35479\" data-element_type=\"widget\" data-e-type=\"widget\" data-widget_type=\"image-box.default\">\n\t\t\t\t<div class=\"elementor-widget-container\">\n\t\t\t\t\t<div class=\"elementor-image-box-wrapper\"><figure class=\"elementor-image-box-img\"><a href=\"https:\/\/programadestinosmexico.com\/en\/parque-los-berros-veracruz\/\" tabindex=\"-1\"><img loading=\"lazy\" decoding=\"async\" width=\"591\" height=\"591\" src=\"https:\/\/programadestinosmexico.com\/wp-content\/uploads\/2023\/10\/Parque-los-Berros.jpg\" class=\"attachment-medium_large size-medium_large wp-image-49412\" alt=\"\" srcset=\"https:\/\/programadestinosmexico.com\/wp-content\/uploads\/2023\/10\/Parque-los-Berros.jpg 591w, https:\/\/programadestinosmexico.com\/wp-content\/uploads\/2023\/10\/Parque-los-Berros-300x300.jpg 300w\" sizes=\"(max-width: 591px) 100vw, 591px\" \/><\/a><\/figure><div class=\"elementor-image-box-content\"><h3 class=\"elementor-image-box-title\"><a href=\"https:\/\/programadestinosmexico.com\/en\/parque-los-berros-veracruz\/\">Parque los Berros<\/a><\/h3><\/div><\/div>\t\t\t\t<\/div>\n\t\t\t\t<\/div>\n\t\t\t\t<\/div>\n\t\t<div class=\"elementor-element elementor-element-8e9fcab e-con-full animated-slow e-flex elementor-invisible e-con e-child\" data-id=\"8e9fcab\" data-element_type=\"container\" data-e-type=\"container\" data-settings=\"{&quot;jet_parallax_layout_list&quot;:[],&quot;animation&quot;:&quot;fadeInUp&quot;,&quot;animation_delay&quot;:100}\">\n\t\t\t\t<div class=\"elementor-element elementor-element-a753872 imgzoom elementor-position-top elementor-widget elementor-widget-image-box\" data-id=\"a753872\" data-element_type=\"widget\" data-e-type=\"widget\" data-widget_type=\"image-box.default\">\n\t\t\t\t<div class=\"elementor-widget-container\">\n\t\t\t\t\t<div class=\"elementor-image-box-wrapper\"><figure class=\"elementor-image-box-img\"><a href=\"https:\/\/programadestinosmexico.com\/en\/parque-los-tecajetes-veracruz\/\" tabindex=\"-1\"><img loading=\"lazy\" decoding=\"async\" width=\"591\" height=\"591\" src=\"https:\/\/programadestinosmexico.com\/wp-content\/uploads\/2023\/10\/Parque-Los-Tecajetes.jpg\" class=\"attachment-medium_large size-medium_large wp-image-49414\" alt=\"\" srcset=\"https:\/\/programadestinosmexico.com\/wp-content\/uploads\/2023\/10\/Parque-Los-Tecajetes.jpg 591w, https:\/\/programadestinosmexico.com\/wp-content\/uploads\/2023\/10\/Parque-Los-Tecajetes-300x300.jpg 300w\" sizes=\"(max-width: 591px) 100vw, 591px\" \/><\/a><\/figure><div class=\"elementor-image-box-content\"><h3 class=\"elementor-image-box-title\"><a href=\"https:\/\/programadestinosmexico.com\/en\/parque-los-tecajetes-veracruz\/\">Parque Los Tecajetes<\/a><\/h3><\/div><\/div>\t\t\t\t<\/div>\n\t\t\t\t<\/div>\n\t\t\t\t<\/div>\n\t\t\t\t<\/div>\n\t\t<div class=\"elementor-element elementor-element-e01bdac e-con-full e-flex e-con e-parent\" data-id=\"e01bdac\" data-element_type=\"container\" data-e-type=\"container\" data-settings=\"{&quot;jet_parallax_layout_list&quot;:[]}\">\n\t\t<div class=\"elementor-element elementor-element-1354838 e-con-full animated-slow e-flex elementor-invisible e-con e-child\" data-id=\"1354838\" data-element_type=\"container\" data-e-type=\"container\" data-settings=\"{&quot;jet_parallax_layout_list&quot;:[],&quot;animation&quot;:&quot;fadeInUp&quot;,&quot;animation_delay&quot;:100}\">\n\t\t\t\t<div class=\"elementor-element elementor-element-32cbc78 imgzoom elementor-position-top elementor-widget elementor-widget-image-box\" data-id=\"32cbc78\" data-element_type=\"widget\" data-e-type=\"widget\" data-widget_type=\"image-box.default\">\n\t\t\t\t<div class=\"elementor-widget-container\">\n\t\t\t\t\t<div class=\"elementor-image-box-wrapper\"><figure class=\"elementor-image-box-img\"><a href=\"https:\/\/programadestinosmexico.com\/en\/parque-juarez-veracruz\/\" tabindex=\"-1\"><img loading=\"lazy\" decoding=\"async\" width=\"591\" height=\"591\" src=\"https:\/\/programadestinosmexico.com\/wp-content\/uploads\/2023\/10\/Parque-Juarez-.jpg\" class=\"attachment-medium_large size-medium_large wp-image-49416\" alt=\"\" srcset=\"https:\/\/programadestinosmexico.com\/wp-content\/uploads\/2023\/10\/Parque-Juarez-.jpg 591w, https:\/\/programadestinosmexico.com\/wp-content\/uploads\/2023\/10\/Parque-Juarez--300x300.jpg 300w\" sizes=\"(max-width: 591px) 100vw, 591px\" \/><\/a><\/figure><div class=\"elementor-image-box-content\"><h3 class=\"elementor-image-box-title\"><a href=\"https:\/\/programadestinosmexico.com\/en\/parque-juarez-veracruz\/\">Parque Ju\u00e1rez<\/a><\/h3><\/div><\/div>\t\t\t\t<\/div>\n\t\t\t\t<\/div>\n\t\t\t\t<\/div>\n\t\t<div class=\"elementor-element elementor-element-c0dcb3c e-con-full animated-slow e-flex elementor-invisible e-con e-child\" data-id=\"c0dcb3c\" data-element_type=\"container\" data-e-type=\"container\" data-settings=\"{&quot;jet_parallax_layout_list&quot;:[],&quot;animation&quot;:&quot;fadeInUp&quot;,&quot;animation_delay&quot;:100}\">\n\t\t\t\t<div class=\"elementor-element elementor-element-06b405e imgzoom elementor-position-top elementor-widget elementor-widget-image-box\" data-id=\"06b405e\" data-element_type=\"widget\" data-e-type=\"widget\" data-widget_type=\"image-box.default\">\n\t\t\t\t<div class=\"elementor-widget-container\">\n\t\t\t\t\t<div class=\"elementor-image-box-wrapper\"><figure class=\"elementor-image-box-img\"><a href=\"https:\/\/programadestinosmexico.com\/en\/santuario-el-pezma-veracruz\/\" tabindex=\"-1\"><img loading=\"lazy\" decoding=\"async\" width=\"591\" height=\"591\" src=\"https:\/\/programadestinosmexico.com\/wp-content\/uploads\/2023\/10\/Santuario-el-Pezma.jpg\" class=\"attachment-medium_large size-medium_large wp-image-49418\" alt=\"\" srcset=\"https:\/\/programadestinosmexico.com\/wp-content\/uploads\/2023\/10\/Santuario-el-Pezma.jpg 591w, https:\/\/programadestinosmexico.com\/wp-content\/uploads\/2023\/10\/Santuario-el-Pezma-300x300.jpg 300w\" sizes=\"(max-width: 591px) 100vw, 591px\" \/><\/a><\/figure><div class=\"elementor-image-box-content\"><h3 class=\"elementor-image-box-title\"><a href=\"https:\/\/programadestinosmexico.com\/en\/santuario-el-pezma-veracruz\/\">Santuario el Pezma<\/a><\/h3><\/div><\/div>\t\t\t\t<\/div>\n\t\t\t\t<\/div>\n\t\t\t\t<\/div>\n\t\t<div class=\"elementor-element elementor-element-1afc3db e-con-full animated-slow e-flex elementor-invisible e-con e-child\" data-id=\"1afc3db\" data-element_type=\"container\" data-e-type=\"container\" data-settings=\"{&quot;jet_parallax_layout_list&quot;:[],&quot;animation&quot;:&quot;fadeInUp&quot;,&quot;animation_delay&quot;:100}\">\n\t\t\t\t<div class=\"elementor-element elementor-element-bdea8d4 imgzoom elementor-position-top elementor-widget elementor-widget-image-box\" data-id=\"bdea8d4\" data-element_type=\"widget\" data-e-type=\"widget\" data-widget_type=\"image-box.default\">\n\t\t\t\t<div class=\"elementor-widget-container\">\n\t\t\t\t\t<div class=\"elementor-image-box-wrapper\"><figure class=\"elementor-image-box-img\"><a href=\"https:\/\/programadestinosmexico.com\/en\/ecoturismo-canadas-del-pixquiac-veracruz\/\" tabindex=\"-1\"><img loading=\"lazy\" decoding=\"async\" width=\"591\" height=\"591\" src=\"https:\/\/programadestinosmexico.com\/wp-content\/uploads\/2023\/10\/Ecoturismo-Canadas-del-Pixquiac.jpg\" class=\"attachment-medium_large size-medium_large wp-image-49420\" alt=\"\" srcset=\"https:\/\/programadestinosmexico.com\/wp-content\/uploads\/2023\/10\/Ecoturismo-Canadas-del-Pixquiac.jpg 591w, https:\/\/programadestinosmexico.com\/wp-content\/uploads\/2023\/10\/Ecoturismo-Canadas-del-Pixquiac-300x300.jpg 300w\" sizes=\"(max-width: 591px) 100vw, 591px\" \/><\/a><\/figure><div class=\"elementor-image-box-content\"><h3 class=\"elementor-image-box-title\"><a href=\"https:\/\/programadestinosmexico.com\/en\/ecoturismo-canadas-del-pixquiac-veracruz\/\">Ecoturismo Ca\u00f1adas del Pixquiac<\/a><\/h3><\/div><\/div>\t\t\t\t<\/div>\n\t\t\t\t<\/div>\n\t\t\t\t<\/div>\n\t\t\t\t<\/div>\n\t\t<div class=\"elementor-element elementor-element-fc7999c e-flex e-con-boxed e-con e-parent\" data-id=\"fc7999c\" data-element_type=\"container\" data-e-type=\"container\" data-settings=\"{&quot;jet_parallax_layout_list&quot;:[]}\">\n\t\t\t\t\t<div class=\"e-con-inner\">\n\t\t\t\t<div class=\"elementor-element elementor-element-52b1dba elementor-widget elementor-widget-heading\" data-id=\"52b1dba\" data-element_type=\"widget\" data-e-type=\"widget\" data-widget_type=\"heading.default\">\n\t\t\t\t<div class=\"elementor-widget-container\">\n\t\t\t\t\t<h2 class=\"elementor-heading-title elementor-size-default\">THEME &amp; AMUSEMENT PARKS IN XICO<\/h2>\t\t\t\t<\/div>\n\t\t\t\t<\/div>\n\t\t\t\t\t<\/div>\n\t\t\t\t<\/div>\n\t\t<div class=\"elementor-element elementor-element-7b8929d e-con-full e-flex e-con e-parent\" data-id=\"7b8929d\" data-element_type=\"container\" data-e-type=\"container\" data-settings=\"{&quot;jet_parallax_layout_list&quot;:[]}\">\n\t\t<div class=\"elementor-element elementor-element-aa4ef02 e-con-full animated-slow e-flex elementor-invisible e-con e-child\" data-id=\"aa4ef02\" data-element_type=\"container\" data-e-type=\"container\" data-settings=\"{&quot;jet_parallax_layout_list&quot;:[],&quot;animation&quot;:&quot;fadeInUp&quot;,&quot;animation_delay&quot;:100}\">\n\t\t\t\t<div class=\"elementor-element elementor-element-8c8adc5 imgzoom elementor-position-top elementor-widget elementor-widget-image-box\" data-id=\"8c8adc5\" data-element_type=\"widget\" data-e-type=\"widget\" data-widget_type=\"image-box.default\">\n\t\t\t\t<div class=\"elementor-widget-container\">\n\t\t\t\t\t<div class=\"elementor-image-box-wrapper\"><figure class=\"elementor-image-box-img\"><a href=\"https:\/\/programadestinosmexico.com\/en\/cabanas-la-chicharra-veracruz\/\" tabindex=\"-1\"><img loading=\"lazy\" decoding=\"async\" width=\"591\" height=\"591\" src=\"https:\/\/programadestinosmexico.com\/wp-content\/uploads\/2023\/10\/Cabanas-La-Chicharra.jpg\" class=\"attachment-medium_large size-medium_large wp-image-49425\" alt=\"\" srcset=\"https:\/\/programadestinosmexico.com\/wp-content\/uploads\/2023\/10\/Cabanas-La-Chicharra.jpg 591w, https:\/\/programadestinosmexico.com\/wp-content\/uploads\/2023\/10\/Cabanas-La-Chicharra-300x300.jpg 300w\" sizes=\"(max-width: 591px) 100vw, 591px\" \/><\/a><\/figure><div class=\"elementor-image-box-content\"><h3 class=\"elementor-image-box-title\"><a href=\"https:\/\/programadestinosmexico.com\/en\/cabanas-la-chicharra-veracruz\/\">Caba\u00f1as La Chicharra<\/a><\/h3><\/div><\/div>\t\t\t\t<\/div>\n\t\t\t\t<\/div>\n\t\t\t\t<\/div>\n\t\t\t\t<\/div>\n\t\t<div class=\"elementor-element elementor-element-49082da e-flex e-con-boxed e-con e-parent\" data-id=\"49082da\" data-element_type=\"container\" data-e-type=\"container\" data-settings=\"{&quot;jet_parallax_layout_list&quot;:[]}\">\n\t\t\t\t\t<div class=\"e-con-inner\">\n\t\t\t\t<div class=\"elementor-element elementor-element-60e68a8 elementor-widget elementor-widget-heading\" data-id=\"60e68a8\" data-element_type=\"widget\" data-e-type=\"widget\" data-widget_type=\"heading.default\">\n\t\t\t\t<div class=\"elementor-widget-container\">\n\t\t\t\t\t<h2 class=\"elementor-heading-title elementor-size-default\">THEME &amp; AMUSEMENT PARKS IN ZOZOCOLCO<\/h2>\t\t\t\t<\/div>\n\t\t\t\t<\/div>\n\t\t\t\t\t<\/div>\n\t\t\t\t<\/div>\n\t\t<div class=\"elementor-element elementor-element-9199404 e-con-full e-flex e-con e-parent\" data-id=\"9199404\" data-element_type=\"container\" data-e-type=\"container\" data-settings=\"{&quot;jet_parallax_layout_list&quot;:[]}\">\n\t\t<div class=\"elementor-element elementor-element-4862d79 e-con-full animated-slow e-flex elementor-invisible e-con e-child\" data-id=\"4862d79\" data-element_type=\"container\" data-e-type=\"container\" data-settings=\"{&quot;jet_parallax_layout_list&quot;:[],&quot;animation&quot;:&quot;fadeInUp&quot;,&quot;animation_delay&quot;:100}\">\n\t\t\t\t<div class=\"elementor-element elementor-element-f32de65 imgzoom elementor-position-top elementor-widget elementor-widget-image-box\" data-id=\"f32de65\" data-element_type=\"widget\" data-e-type=\"widget\" data-widget_type=\"image-box.default\">\n\t\t\t\t<div class=\"elementor-widget-container\">\n\t\t\t\t\t<div class=\"elementor-image-box-wrapper\"><figure class=\"elementor-image-box-img\"><a href=\"https:\/\/programadestinosmexico.com\/en\/centro-ecoturistico-cantaros-del-sol-veracruz\/\" tabindex=\"-1\"><img loading=\"lazy\" decoding=\"async\" width=\"591\" height=\"591\" src=\"https:\/\/programadestinosmexico.com\/wp-content\/uploads\/2023\/10\/Centro-Ecoturistico-Cantaros-del-Sol.jpg\" class=\"attachment-medium_large size-medium_large wp-image-49427\" alt=\"\" srcset=\"https:\/\/programadestinosmexico.com\/wp-content\/uploads\/2023\/10\/Centro-Ecoturistico-Cantaros-del-Sol.jpg 591w, https:\/\/programadestinosmexico.com\/wp-content\/uploads\/2023\/10\/Centro-Ecoturistico-Cantaros-del-Sol-300x300.jpg 300w\" sizes=\"(max-width: 591px) 100vw, 591px\" \/><\/a><\/figure><div class=\"elementor-image-box-content\"><h3 class=\"elementor-image-box-title\"><a href=\"https:\/\/programadestinosmexico.com\/en\/centro-ecoturistico-cantaros-del-sol-veracruz\/\">Centro Ecotur\u00edstico C\u00e1ntaros del Sol<\/a><\/h3><\/div><\/div>\t\t\t\t<\/div>\n\t\t\t\t<\/div>\n\t\t\t\t<\/div>\n\t\t\t\t<\/div>\n\t\t<div class=\"elementor-element elementor-element-fb3bdd5 e-flex e-con-boxed e-con e-parent\" data-id=\"fb3bdd5\" data-element_type=\"container\" data-e-type=\"container\" data-settings=\"{&quot;jet_parallax_layout_list&quot;:[],&quot;background_background&quot;:&quot;classic&quot;}\">\n\t\t\t\t\t<div class=\"e-con-inner\">\n\t\t\t\t<div class=\"elementor-element elementor-element-ab4d102 elementor-widget elementor-widget-heading\" data-id=\"ab4d102\" data-element_type=\"widget\" data-e-type=\"widget\" data-widget_type=\"heading.default\">\n\t\t\t\t<div class=\"elementor-widget-container\">\n\t\t\t\t\t<h2 class=\"elementor-heading-title elementor-size-default\"><a href=\"https:\/\/programadestinosmexico.civitatis.com\/mx\/veracruz\/\" target=\"_blank\" rel=\"noopener\">VERACRUZ  Top Tours &amp; Activities<\/a><\/h2>\t\t\t\t<\/div>\n\t\t\t\t<\/div>\n\t\t\t\t\t<\/div>\n\t\t\t\t<\/div>\n\t\t<div class=\"elementor-element elementor-element-80fa8df e-flex e-con-boxed e-con e-parent\" data-id=\"80fa8df\" data-element_type=\"container\" data-e-type=\"container\" data-settings=\"{&quot;background_background&quot;:&quot;classic&quot;,&quot;jet_parallax_layout_list&quot;:[]}\">\n\t\t\t\t\t<div class=\"e-con-inner\">\n\t\t\t\t<div class=\"elementor-element elementor-element-3b1e3c5 elementor-widget elementor-widget-heading\" data-id=\"3b1e3c5\" data-element_type=\"widget\" data-e-type=\"widget\" data-widget_type=\"heading.default\">\n\t\t\t\t<div class=\"elementor-widget-container\">\n\t\t\t\t\t<h2 class=\"elementor-heading-title elementor-size-default\"><a href=\"https:\/\/reservar.programadestinosmexico.com\">PLAN YOUR TRIP<\/a><\/h2>\t\t\t\t<\/div>\n\t\t\t\t<\/div>\n\t\t\t\t\t<\/div>\n\t\t\t\t<\/div>\n\t\t<div class=\"elementor-element elementor-element-55cddca e-flex e-con-boxed e-con e-parent\" data-id=\"55cddca\" data-element_type=\"container\" data-e-type=\"container\" data-settings=\"{&quot;jet_parallax_layout_list&quot;:[],&quot;background_background&quot;:&quot;classic&quot;}\">\n\t\t\t\t\t<div class=\"e-con-inner\">\n\t\t<div class=\"elementor-element elementor-element-51dde0d e-con-full animated-slow e-flex elementor-invisible e-con e-child\" data-id=\"51dde0d\" data-element_type=\"container\" data-e-type=\"container\" data-settings=\"{&quot;jet_parallax_layout_list&quot;:[],&quot;animation&quot;:&quot;fadeInUp&quot;}\">\n\t\t\t\t<div class=\"elementor-element elementor-element-5269d5e elementor-widget elementor-widget-image\" data-id=\"5269d5e\" data-element_type=\"widget\" data-e-type=\"widget\" data-widget_type=\"image.default\">\n\t\t\t\t<div class=\"elementor-widget-container\">\n\t\t\t\t\t\t\t\t\t\t\t\t\t\t\t\t<a href=\"https:\/\/reservar.programadestinosmexico.com\/puerto-de-veracruz\/hoteles\">\n\t\t\t\t\t\t\t<img loading=\"lazy\" decoding=\"async\" width=\"768\" height=\"510\" src=\"https:\/\/programadestinosmexico.com\/wp-content\/uploads\/2023\/09\/image-1366-768x510.jpeg\" class=\"attachment-medium_large size-medium_large wp-image-23638\" alt=\"\" srcset=\"https:\/\/programadestinosmexico.com\/wp-content\/uploads\/2023\/09\/image-1366-768x510.jpeg 768w, https:\/\/programadestinosmexico.com\/wp-content\/uploads\/2023\/09\/image-1366-300x199.jpeg 300w, https:\/\/programadestinosmexico.com\/wp-content\/uploads\/2023\/09\/image-1366-1024x680.jpeg 1024w, https:\/\/programadestinosmexico.com\/wp-content\/uploads\/2023\/09\/image-1366-1536x1020.jpeg 1536w, https:\/\/programadestinosmexico.com\/wp-content\/uploads\/2023\/09\/image-1366-2048x1360.jpeg 2048w\" sizes=\"(max-width: 768px) 100vw, 768px\" \/>\t\t\t\t\t\t\t\t<\/a>\n\t\t\t\t\t\t\t\t\t\t\t\t\t\t\t<\/div>\n\t\t\t\t<\/div>\n\t\t\t\t<\/div>\n\t\t<div class=\"elementor-element elementor-element-ad2c290 e-con-full animated-slow e-flex elementor-invisible e-con e-child\" data-id=\"ad2c290\" data-element_type=\"container\" data-e-type=\"container\" data-settings=\"{&quot;jet_parallax_layout_list&quot;:[],&quot;animation&quot;:&quot;fadeInRight&quot;,&quot;background_background&quot;:&quot;classic&quot;}\">\n\t\t\t\t<div class=\"elementor-element elementor-element-5d3e62d elementor-widget elementor-widget-heading\" data-id=\"5d3e62d\" data-element_type=\"widget\" data-e-type=\"widget\" data-widget_type=\"heading.default\">\n\t\t\t\t<div class=\"elementor-widget-container\">\n\t\t\t\t\t<h2 class=\"elementor-heading-title elementor-size-default\"><a href=\"https:\/\/reservar.programadestinosmexico.com\/puerto-de-veracruz\/hoteles\">Where to Stay in Veracruz<\/a><\/h2>\t\t\t\t<\/div>\n\t\t\t\t<\/div>\n\t\t\t\t<div class=\"elementor-element elementor-element-a2a2d5a elementor-widget elementor-widget-heading\" data-id=\"a2a2d5a\" data-element_type=\"widget\" data-e-type=\"widget\" data-widget_type=\"heading.default\">\n\t\t\t\t<div class=\"elementor-widget-container\">\n\t\t\t\t\t<h2 class=\"elementor-heading-title elementor-size-default\"><a href=\"https:\/\/reservar.programadestinosmexico.com\/puerto-de-veracruz\/hoteles\">Up to<\/a><\/h2>\t\t\t\t<\/div>\n\t\t\t\t<\/div>\n\t\t\t\t<div class=\"elementor-element elementor-element-968ac23 elementor-widget elementor-widget-heading\" data-id=\"968ac23\" data-element_type=\"widget\" data-e-type=\"widget\" data-widget_type=\"heading.default\">\n\t\t\t\t<div class=\"elementor-widget-container\">\n\t\t\t\t\t<h2 class=\"elementor-heading-title elementor-size-default\"><a href=\"https:\/\/reservar.programadestinosmexico.com\/puerto-de-veracruz\/hoteles\">45%<\/a><\/h2>\t\t\t\t<\/div>\n\t\t\t\t<\/div>\n\t\t\t\t<div class=\"elementor-element elementor-element-bbc8a26 elementor-widget elementor-widget-heading\" data-id=\"bbc8a26\" data-element_type=\"widget\" data-e-type=\"widget\" data-widget_type=\"heading.default\">\n\t\t\t\t<div class=\"elementor-widget-container\">\n\t\t\t\t\t<h2 class=\"elementor-heading-title elementor-size-default\"><a href=\"https:\/\/reservar.programadestinosmexico.com\/puerto-de-veracruz\/hoteles\">Off<\/a><\/h2>\t\t\t\t<\/div>\n\t\t\t\t<\/div>\n\t\t\t\t<\/div>\n\t\t\t\t\t<\/div>\n\t\t\t\t<\/div>\n\t\t<div class=\"elementor-element elementor-element-2f3ab79 e-flex e-con-boxed e-con e-parent\" data-id=\"2f3ab79\" data-element_type=\"container\" data-e-type=\"container\" data-settings=\"{&quot;background_background&quot;:&quot;classic&quot;,&quot;jet_parallax_layout_list&quot;:[]}\">\n\t\t\t\t\t<div class=\"e-con-inner\">\n\t\t\t\t<div class=\"elementor-element elementor-element-ba92f17 elementor-widget elementor-widget-heading\" data-id=\"ba92f17\" data-element_type=\"widget\" data-e-type=\"widget\" data-widget_type=\"heading.default\">\n\t\t\t\t<div class=\"elementor-widget-container\">\n\t\t\t\t\t<h2 class=\"elementor-heading-title elementor-size-default\"><a href=\"https:\/\/reservar.programadestinosmexico.com\">TAKE ADVANTAGE OF THE BEST OFFERS<\/a><\/h2>\t\t\t\t<\/div>\n\t\t\t\t<\/div>\n\t\t\t\t\t<\/div>\n\t\t\t\t<\/div>\n\t\t<div class=\"elementor-element elementor-element-267a8e8 e-con-full e-flex e-con e-parent\" data-id=\"267a8e8\" data-element_type=\"container\" data-e-type=\"container\" data-settings=\"{&quot;jet_parallax_layout_list&quot;:[]}\">\n\t\t<div class=\"elementor-element elementor-element-5e89fe0 e-con-full animated-slow e-flex elementor-invisible e-con e-child\" data-id=\"5e89fe0\" data-element_type=\"container\" data-e-type=\"container\" data-settings=\"{&quot;jet_parallax_layout_list&quot;:[],&quot;animation&quot;:&quot;fadeInLeft&quot;}\">\n\t\t\t\t<div class=\"elementor-element elementor-element-1233b8d elementor-widget elementor-widget-heading\" data-id=\"1233b8d\" data-element_type=\"widget\" data-e-type=\"widget\" data-widget_type=\"heading.default\">\n\t\t\t\t<div class=\"elementor-widget-container\">\n\t\t\t\t\t<h2 class=\"elementor-heading-title elementor-size-default\">3 MUST VISIT DESTINATIONS IN VERACRUZ<\/h2>\t\t\t\t<\/div>\n\t\t\t\t<\/div>\n\t\t\t\t<\/div>\n\t\t<div class=\"elementor-element elementor-element-bd0415e e-con-full animated-slow e-flex elementor-invisible e-con e-child\" data-id=\"bd0415e\" data-element_type=\"container\" data-e-type=\"container\" data-settings=\"{&quot;jet_parallax_layout_list&quot;:[],&quot;animation&quot;:&quot;fadeInUp&quot;,&quot;animation_delay&quot;:100}\">\n\t\t\t\t<div class=\"elementor-element elementor-element-50c019f imgzoom elementor-position-top elementor-widget elementor-widget-image-box\" data-id=\"50c019f\" data-element_type=\"widget\" data-e-type=\"widget\" data-widget_type=\"image-box.default\">\n\t\t\t\t<div class=\"elementor-widget-container\">\n\t\t\t\t\t<div class=\"elementor-image-box-wrapper\"><figure class=\"elementor-image-box-img\"><a href=\"https:\/\/programadestinosmexico.com\/en\/que-ver-y-hacer-en-xalapa\/\" tabindex=\"-1\"><img loading=\"lazy\" decoding=\"async\" width=\"300\" height=\"300\" src=\"https:\/\/programadestinosmexico.com\/wp-content\/uploads\/2023\/08\/Visita-el-Museo-de-Antropologia-en-Xalapa-300x300.jpg\" class=\"attachment-medium size-medium wp-image-11684\" alt=\"\" srcset=\"https:\/\/programadestinosmexico.com\/wp-content\/uploads\/2023\/08\/Visita-el-Museo-de-Antropologia-en-Xalapa-300x300.jpg 300w, https:\/\/programadestinosmexico.com\/wp-content\/uploads\/2023\/08\/Visita-el-Museo-de-Antropologia-en-Xalapa.jpg 591w\" sizes=\"(max-width: 300px) 100vw, 300px\" \/><\/a><\/figure><div class=\"elementor-image-box-content\"><h3 class=\"elementor-image-box-title\"><a href=\"https:\/\/programadestinosmexico.com\/en\/que-ver-y-hacer-en-xalapa\/\">Xalapa<\/a><\/h3><\/div><\/div>\t\t\t\t<\/div>\n\t\t\t\t<\/div>\n\t\t\t\t<\/div>\n\t\t<div class=\"elementor-element elementor-element-5c90d56 e-con-full animated-slow e-flex elementor-invisible e-con e-child\" data-id=\"5c90d56\" data-element_type=\"container\" data-e-type=\"container\" data-settings=\"{&quot;jet_parallax_layout_list&quot;:[],&quot;animation&quot;:&quot;fadeInUp&quot;,&quot;animation_delay&quot;:200}\">\n\t\t\t\t<div class=\"elementor-element elementor-element-314af47 imgzoom elementor-position-top elementor-widget elementor-widget-image-box\" data-id=\"314af47\" data-element_type=\"widget\" data-e-type=\"widget\" data-widget_type=\"image-box.default\">\n\t\t\t\t<div class=\"elementor-widget-container\">\n\t\t\t\t\t<div class=\"elementor-image-box-wrapper\"><figure class=\"elementor-image-box-img\"><a href=\"\" tabindex=\"-1\"><img loading=\"lazy\" decoding=\"async\" width=\"300\" height=\"300\" src=\"https:\/\/programadestinosmexico.com\/wp-content\/uploads\/2023\/08\/Disfruta-de-la-playa-de-Mocambo-en-Veracruz-300x300.jpg\" class=\"attachment-medium size-medium wp-image-11686\" alt=\"\" srcset=\"https:\/\/programadestinosmexico.com\/wp-content\/uploads\/2023\/08\/Disfruta-de-la-playa-de-Mocambo-en-Veracruz-300x300.jpg 300w, https:\/\/programadestinosmexico.com\/wp-content\/uploads\/2023\/08\/Disfruta-de-la-playa-de-Mocambo-en-Veracruz.jpg 591w\" sizes=\"(max-width: 300px) 100vw, 300px\" \/><\/a><\/figure><div class=\"elementor-image-box-content\"><h3 class=\"elementor-image-box-title\"><a href=\"\">Veracruz<\/a><\/h3><\/div><\/div>\t\t\t\t<\/div>\n\t\t\t\t<\/div>\n\t\t\t\t<\/div>\n\t\t<div class=\"elementor-element elementor-element-4615665 e-con-full animated-slow e-flex elementor-invisible e-con e-child\" data-id=\"4615665\" data-element_type=\"container\" data-e-type=\"container\" data-settings=\"{&quot;jet_parallax_layout_list&quot;:[],&quot;animation&quot;:&quot;fadeInUp&quot;,&quot;animation_delay&quot;:300}\">\n\t\t\t\t<div class=\"elementor-element elementor-element-1f8eaed imgzoom elementor-position-top elementor-widget elementor-widget-image-box\" data-id=\"1f8eaed\" data-element_type=\"widget\" data-e-type=\"widget\" data-widget_type=\"image-box.default\">\n\t\t\t\t<div class=\"elementor-widget-container\">\n\t\t\t\t\t<div class=\"elementor-image-box-wrapper\"><figure class=\"elementor-image-box-img\"><a href=\"\" tabindex=\"-1\"><img loading=\"lazy\" decoding=\"async\" width=\"300\" height=\"300\" src=\"https:\/\/programadestinosmexico.com\/wp-content\/uploads\/2023\/08\/Visita-la-Ex-Hacienda-de-Orduna-cerca-de-Coatepec-300x300.jpg\" class=\"attachment-medium size-medium wp-image-11688\" alt=\"\" srcset=\"https:\/\/programadestinosmexico.com\/wp-content\/uploads\/2023\/08\/Visita-la-Ex-Hacienda-de-Orduna-cerca-de-Coatepec-300x300.jpg 300w, https:\/\/programadestinosmexico.com\/wp-content\/uploads\/2023\/08\/Visita-la-Ex-Hacienda-de-Orduna-cerca-de-Coatepec.jpg 591w\" sizes=\"(max-width: 300px) 100vw, 300px\" \/><\/a><\/figure><div class=\"elementor-image-box-content\"><h3 class=\"elementor-image-box-title\"><a href=\"\">Coatepec<\/a><\/h3><\/div><\/div>\t\t\t\t<\/div>\n\t\t\t\t<\/div>\n\t\t\t\t<\/div>\n\t\t\t\t<\/div>\n\t\t<div class=\"elementor-element elementor-element-22fa58b e-flex e-con-boxed e-con e-parent\" data-id=\"22fa58b\" data-element_type=\"container\" data-e-type=\"container\" data-settings=\"{&quot;jet_parallax_layout_list&quot;:[],&quot;background_background&quot;:&quot;classic&quot;}\">\n\t\t\t\t\t<div class=\"e-con-inner\">\n\t\t<div class=\"elementor-element elementor-element-c9a6431 e-con-full animated-slow e-flex elementor-invisible e-con e-child\" data-id=\"c9a6431\" data-element_type=\"container\" data-e-type=\"container\" data-settings=\"{&quot;jet_parallax_layout_list&quot;:[],&quot;animation&quot;:&quot;fadeInUp&quot;}\">\n\t\t\t\t<div class=\"elementor-element elementor-element-740f593 elementor-widget elementor-widget-image\" data-id=\"740f593\" data-element_type=\"widget\" data-e-type=\"widget\" data-widget_type=\"image.default\">\n\t\t\t\t<div class=\"elementor-widget-container\">\n\t\t\t\t\t\t\t\t\t\t\t\t\t\t\t\t<a href=\"https:\/\/programadestinosmexico.com\/en\/guias-turisticas-de-mexico\/\">\n\t\t\t\t\t\t\t<img loading=\"lazy\" decoding=\"async\" width=\"768\" height=\"510\" src=\"https:\/\/programadestinosmexico.com\/wp-content\/uploads\/2024\/01\/ATRACTIVOS-TURISTICOS-VERACRUZ-768x510.jpg\" class=\"attachment-medium_large size-medium_large wp-image-88477\" alt=\"\" srcset=\"https:\/\/programadestinosmexico.com\/wp-content\/uploads\/2024\/01\/ATRACTIVOS-TURISTICOS-VERACRUZ-768x510.jpg 768w, https:\/\/programadestinosmexico.com\/wp-content\/uploads\/2024\/01\/ATRACTIVOS-TURISTICOS-VERACRUZ-300x199.jpg 300w, https:\/\/programadestinosmexico.com\/wp-content\/uploads\/2024\/01\/ATRACTIVOS-TURISTICOS-VERACRUZ-1024x680.jpg 1024w, https:\/\/programadestinosmexico.com\/wp-content\/uploads\/2024\/01\/ATRACTIVOS-TURISTICOS-VERACRUZ-1536x1020.jpg 1536w, https:\/\/programadestinosmexico.com\/wp-content\/uploads\/2024\/01\/ATRACTIVOS-TURISTICOS-VERACRUZ-2048x1360.jpg 2048w\" sizes=\"(max-width: 768px) 100vw, 768px\" \/>\t\t\t\t\t\t\t\t<\/a>\n\t\t\t\t\t\t\t\t\t\t\t\t\t\t\t<\/div>\n\t\t\t\t<\/div>\n\t\t\t\t<\/div>\n\t\t<div class=\"elementor-element elementor-element-bb4dce0 e-con-full animated-slow e-flex elementor-invisible e-con e-child\" data-id=\"bb4dce0\" data-element_type=\"container\" data-e-type=\"container\" data-settings=\"{&quot;jet_parallax_layout_list&quot;:[],&quot;animation&quot;:&quot;fadeInRight&quot;,&quot;background_background&quot;:&quot;classic&quot;}\">\n\t\t\t\t<div class=\"elementor-element elementor-element-1923dba elementor-widget elementor-widget-heading\" data-id=\"1923dba\" data-element_type=\"widget\" data-e-type=\"widget\" data-widget_type=\"heading.default\">\n\t\t\t\t<div class=\"elementor-widget-container\">\n\t\t\t\t\t<h2 class=\"elementor-heading-title elementor-size-default\"><a href=\"https:\/\/programadestinosmexico.com\/en\/guias-turisticas-de-mexico\/\">Download your Free Travel Guide<\/a><\/h2>\t\t\t\t<\/div>\n\t\t\t\t<\/div>\n\t\t\t\t<div class=\"elementor-element elementor-element-a3affa0 elementor-widget elementor-widget-text-editor\" data-id=\"a3affa0\" data-element_type=\"widget\" data-e-type=\"widget\" data-widget_type=\"text-editor.default\">\n\t\t\t\t<div class=\"elementor-widget-container\">\n\t\t\t\t\t\t\t\t\t<p>and enjoy an unforgettable vacation<\/p>\t\t\t\t\t\t\t\t<\/div>\n\t\t\t\t<\/div>\n\t\t\t\t<div class=\"elementor-element elementor-element-891ae66 elementor-widget elementor-widget-jet-button\" data-id=\"891ae66\" data-element_type=\"widget\" data-e-type=\"widget\" data-widget_type=\"jet-button.default\">\n\t\t\t\t<div class=\"elementor-widget-container\">\n\t\t\t\t\t<div class=\"elementor-jet-button jet-elements\"><div class=\"jet-button__container\">\n\t<a class=\"jet-button__instance jet-button__instance--icon-right hover-effect-0\" href=\"https:\/\/programadestinosmexico.com\/en\/guias-turisticas-de-mexico\/\">\n\t\t<div class=\"jet-button__plane jet-button__plane-normal\"><\/div>\n\t\t<div class=\"jet-button__plane jet-button__plane-hover\"><\/div>\n\t\t<div class=\"jet-button__state jet-button__state-normal\">\n\t\t\t<span class=\"jet-button__icon jet-elements-icon\"><i aria-hidden=\"true\" class=\"fas fa-arrow-right\"><\/i><\/span><span class=\"jet-button__label\">Click Here<\/span>\t\t<\/div>\n\t\t<div class=\"jet-button__state jet-button__state-hover\">\n\t\t\t<span class=\"jet-button__icon jet-elements-icon\"><i aria-hidden=\"true\" class=\"fas fa-arrow-right\"><\/i><\/span><span class=\"jet-button__label\">Click Here<\/span>\t\t<\/div>\n\t<\/a>\n<\/div>\n<\/div>\t\t\t\t<\/div>\n\t\t\t\t<\/div>\n\t\t\t\t<\/div>\n\t\t\t\t\t<\/div>\n\t\t\t\t<\/div>\n\t\t\t\t<\/div>","protected":false},"excerpt":{"rendered":"<p>Veracruz es un estado lleno de maravillas naturales que son el escenario de muchos de los parques recreativos del estado.<br \/>\nVeracruz is a state full of natural wonders that serve as the setting for many of the state&#8217;s recreational parks.<\/p>","protected":false},"author":2,"featured_media":49313,"parent":0,"menu_order":0,"comment_status":"closed","ping_status":"closed","template":"","meta":{"om_disable_all_campaigns":false,"_monsterinsights_skip_tracking":false,"_monsterinsights_sitenote_active":false,"_monsterinsights_sitenote_note":"","_monsterinsights_sitenote_category":0,"footnotes":""},"class_list":["post-49299","page","type-page","status-publish","has-post-thumbnail","hentry"],"_links":{"self":[{"href":"https:\/\/programadestinosmexico.com\/en\/wp-json\/wp\/v2\/pages\/49299","targetHints":{"allow":["GET"]}}],"collection":[{"href":"https:\/\/programadestinosmexico.com\/en\/wp-json\/wp\/v2\/pages"}],"about":[{"href":"https:\/\/programadestinosmexico.com\/en\/wp-json\/wp\/v2\/types\/page"}],"author":[{"embeddable":true,"href":"https:\/\/programadestinosmexico.com\/en\/wp-json\/wp\/v2\/users\/2"}],"replies":[{"embeddable":true,"href":"https:\/\/programadestinosmexico.com\/en\/wp-json\/wp\/v2\/comments?post=49299"}],"version-history":[{"count":54,"href":"https:\/\/programadestinosmexico.com\/en\/wp-json\/wp\/v2\/pages\/49299\/revisions"}],"predecessor-version":[{"id":165236,"href":"https:\/\/programadestinosmexico.com\/en\/wp-json\/wp\/v2\/pages\/49299\/revisions\/165236"}],"wp:featuredmedia":[{"embeddable":true,"href":"https:\/\/programadestinosmexico.com\/en\/wp-json\/wp\/v2\/media\/49313"}],"wp:attachment":[{"href":"https:\/\/programadestinosmexico.com\/en\/wp-json\/wp\/v2\/media?parent=49299"}],"curies":[{"name":"wp","href":"https:\/\/api.w.org\/{rel}","templated":true}]}}