{"id":43181,"date":"2023-10-18T13:41:39","date_gmt":"2023-10-18T19:41:39","guid":{"rendered":"https:\/\/programadestinosmexico.com\/?page_id=43181"},"modified":"2025-03-03T14:49:11","modified_gmt":"2025-03-03T20:49:11","slug":"arquitectura-colonial-en-veracruz","status":"publish","type":"page","link":"https:\/\/programadestinosmexico.com\/en\/arquitectura-colonial-en-veracruz\/","title":{"rendered":"Arquitectura Colonial en Veracruz"},"content":{"rendered":"<div data-elementor-type=\"wp-post\" data-elementor-id=\"43181\" class=\"elementor elementor-43181\" data-elementor-post-type=\"page\">\n\t\t\t\t\t\t<section class=\"elementor-section elementor-top-section elementor-element elementor-element-262f7890 elementor-section-full_width elementor-hidden-mobile elementor-section-height-default elementor-section-height-default\" data-id=\"262f7890\" data-element_type=\"section\" data-e-type=\"section\" data-settings=\"{&quot;jet_parallax_layout_list&quot;:[]}\">\n\t\t\t\t\t\t<div class=\"elementor-container elementor-column-gap-default\">\n\t\t\t\t\t<div class=\"elementor-column elementor-col-100 elementor-top-column elementor-element elementor-element-c27901e\" data-id=\"c27901e\" data-element_type=\"column\" data-e-type=\"column\">\n\t\t\t<div class=\"elementor-widget-wrap elementor-element-populated\">\n\t\t\t\t\t\t<div class=\"elementor-element elementor-element-9d928c7 elementor-widget elementor-widget-jet-slider\" data-id=\"9d928c7\" data-element_type=\"widget\" data-e-type=\"widget\" data-settings=\"{&quot;slider_height&quot;:{&quot;unit&quot;:&quot;px&quot;,&quot;size&quot;:400,&quot;sizes&quot;:[]},&quot;slider_height_tablet&quot;:{&quot;unit&quot;:&quot;px&quot;,&quot;size&quot;:&quot;&quot;,&quot;sizes&quot;:[]},&quot;slider_height_mobile&quot;:{&quot;unit&quot;:&quot;px&quot;,&quot;size&quot;:&quot;&quot;,&quot;sizes&quot;:[]}}\" data-widget_type=\"jet-slider.default\">\n\t\t\t\t<div class=\"elementor-widget-container\">\n\t\t\t\t\t<div class=\"elementor-jet-slider jet-elements\">\n<div class=\"jet-slider jet-slider__image-exact\" data-settings='{&quot;sliderWidth&quot;:1,&quot;sliderHeight&quot;:1,&quot;sliderNavigation&quot;:false,&quot;sliderNavigationIcon&quot;:&quot;jet-slider__arrow-icon-9d928c7&quot;,&quot;sliderNaviOnHover&quot;:false,&quot;sliderPagination&quot;:false,&quot;sliderAutoplay&quot;:true,&quot;sliderAutoplayDelay&quot;:5000,&quot;sliderAutoplayOnHover&quot;:&quot;pause&quot;,&quot;sliderFullScreen&quot;:false,&quot;sliderFullscreenIcon&quot;:&quot;jet-slider__fullscreen-icon-9d928c7&quot;,&quot;sliderShuffle&quot;:false,&quot;sliderLoop&quot;:true,&quot;sliderFadeMode&quot;:false,&quot;slideDistance&quot;:1,&quot;slideDuration&quot;:500,&quot;imageScaleMode&quot;:&quot;exact&quot;,&quot;thumbnails&quot;:false,&quot;thumbnailWidth&quot;:120,&quot;thumbnailHeight&quot;:80,&quot;rightToLeft&quot;:false,&quot;touchswipe&quot;:true,&quot;fractionPag&quot;:false,&quot;fractionPrefix&quot;:&quot;&quot;,&quot;fractionSeparator&quot;:&quot;\\\/&quot;,&quot;fractionSuffix&quot;:&quot;&quot;,&quot;autoSliderHeight&quot;:false}'>\n\t\n<div  class=\"slider-pro\">\n\t<div class=\"jet-slider__arrow-icon-9d928c7 hidden-html\"><\/div><div class=\"jet-slider__fullscreen-icon-9d928c7 hidden-html\"><\/div>\t<div class=\"jet-slider__items sp-slides\">\n\n\n<div  class=\"jet-slider__item sp-slide elementor-repeater-item-ac78bb5\"><img decoding=\"async\" class=\"sp-image\" src=\"https:\/\/programadestinosmexico.com\/wp-content\/uploads\/2023\/10\/Arquitectura-Colonial-Veracruz.jpg\" alt=\"Arquitectura Colonial Veracruz\" loading=\"lazy\"><div class=\"jet-slider__content sp-layer\" data-position=\"centerCenter\" data-width=\"100%\" data-height=\"100%\" data-horizontal=\"0%\" data-show-transition=\"up\" data-show-duration=\"400\" data-show-delay=\"400\" >\n\t\t<div class=\"jet-slider__content-item\">\n\t\t\t<div class=\"jet-slider__content-inner\"> \n\n\t\t\t\t\t\t<div class=\"jet-slider__button-wrapper\">\t\t\t\t\t\t<\/div><\/div>\n\t\t<\/div>\n\t\t\t<\/div>\n<\/div>\n\n<div  class=\"jet-slider__item sp-slide elementor-repeater-item-e37d146\"><img decoding=\"async\" class=\"sp-image\" src=\"https:\/\/programadestinosmexico.com\/wp-content\/uploads\/2023\/10\/Arquitectura-Colonial-Veracruz-3.jpg\" alt=\"Arquitectura Colonial Veracruz 3\" loading=\"lazy\"><div class=\"jet-slider__content sp-layer\" data-position=\"centerCenter\" data-width=\"100%\" data-height=\"100%\" data-horizontal=\"0%\" data-show-transition=\"up\" data-show-duration=\"400\" data-show-delay=\"400\" >\n\t\t<div class=\"jet-slider__content-item\">\n\t\t\t<div class=\"jet-slider__content-inner\"> \n\n\t\t\t\t\t\t<div class=\"jet-slider__button-wrapper\">\t\t\t\t\t\t<\/div><\/div>\n\t\t<\/div>\n\t\t\t<\/div>\n<\/div>\n\n<div  class=\"jet-slider__item sp-slide elementor-repeater-item-8abbd1b\"><img decoding=\"async\" class=\"sp-image\" src=\"https:\/\/programadestinosmexico.com\/wp-content\/uploads\/2023\/10\/Arquitectura-Colonial-Veracruz-2.jpg\" alt=\"Arquitectura Colonial Veracruz 2\" loading=\"lazy\"><div class=\"jet-slider__content sp-layer\" data-position=\"centerCenter\" data-width=\"100%\" data-height=\"100%\" data-horizontal=\"0%\" data-show-transition=\"up\" data-show-duration=\"400\" data-show-delay=\"400\" >\n\t\t<div class=\"jet-slider__content-item\">\n\t\t\t<div class=\"jet-slider__content-inner\"> \n\n\t\t\t\t\t\t<div class=\"jet-slider__button-wrapper\">\t\t\t\t\t\t<\/div><\/div>\n\t\t<\/div>\n\t\t\t<\/div>\n<\/div>\n\n<\/div>\n<\/div>\n<\/div>\n<\/div>\t\t\t\t<\/div>\n\t\t\t\t<\/div>\n\t\t\t\t\t<\/div>\n\t\t<\/div>\n\t\t\t\t\t<\/div>\n\t\t<\/section>\n\t\t\t\t<section class=\"elementor-section elementor-top-section elementor-element elementor-element-c562a06 elementor-section-full_width elementor-hidden-desktop elementor-hidden-tablet elementor-section-height-default elementor-section-height-default\" data-id=\"c562a06\" data-element_type=\"section\" data-e-type=\"section\" data-settings=\"{&quot;jet_parallax_layout_list&quot;:[]}\">\n\t\t\t\t\t\t<div class=\"elementor-container elementor-column-gap-default\">\n\t\t\t\t\t<div class=\"elementor-column elementor-col-100 elementor-top-column elementor-element elementor-element-b82c695\" data-id=\"b82c695\" data-element_type=\"column\" data-e-type=\"column\">\n\t\t\t<div class=\"elementor-widget-wrap elementor-element-populated\">\n\t\t\t\t\t\t<div class=\"elementor-element elementor-element-144938d elementor-widget elementor-widget-jet-slider\" data-id=\"144938d\" data-element_type=\"widget\" data-e-type=\"widget\" data-settings=\"{&quot;slider_height&quot;:{&quot;unit&quot;:&quot;px&quot;,&quot;size&quot;:400,&quot;sizes&quot;:[]},&quot;slider_height_tablet&quot;:{&quot;unit&quot;:&quot;px&quot;,&quot;size&quot;:&quot;&quot;,&quot;sizes&quot;:[]},&quot;slider_height_mobile&quot;:{&quot;unit&quot;:&quot;px&quot;,&quot;size&quot;:&quot;&quot;,&quot;sizes&quot;:[]}}\" data-widget_type=\"jet-slider.default\">\n\t\t\t\t<div class=\"elementor-widget-container\">\n\t\t\t\t\t<div class=\"elementor-jet-slider jet-elements\">\n<div class=\"jet-slider jet-slider__image-exact\" data-settings='{&quot;sliderWidth&quot;:1,&quot;sliderHeight&quot;:1,&quot;sliderNavigation&quot;:false,&quot;sliderNavigationIcon&quot;:&quot;jet-slider__arrow-icon-144938d&quot;,&quot;sliderNaviOnHover&quot;:false,&quot;sliderPagination&quot;:false,&quot;sliderAutoplay&quot;:true,&quot;sliderAutoplayDelay&quot;:5000,&quot;sliderAutoplayOnHover&quot;:&quot;pause&quot;,&quot;sliderFullScreen&quot;:false,&quot;sliderFullscreenIcon&quot;:&quot;jet-slider__fullscreen-icon-144938d&quot;,&quot;sliderShuffle&quot;:false,&quot;sliderLoop&quot;:true,&quot;sliderFadeMode&quot;:false,&quot;slideDistance&quot;:1,&quot;slideDuration&quot;:500,&quot;imageScaleMode&quot;:&quot;exact&quot;,&quot;thumbnails&quot;:false,&quot;thumbnailWidth&quot;:120,&quot;thumbnailHeight&quot;:80,&quot;rightToLeft&quot;:false,&quot;touchswipe&quot;:true,&quot;fractionPag&quot;:false,&quot;fractionPrefix&quot;:&quot;&quot;,&quot;fractionSeparator&quot;:&quot;\\\/&quot;,&quot;fractionSuffix&quot;:&quot;&quot;,&quot;autoSliderHeight&quot;:false}'>\n\t\n<div  class=\"slider-pro\">\n\t<div class=\"jet-slider__arrow-icon-144938d hidden-html\"><\/div><div class=\"jet-slider__fullscreen-icon-144938d hidden-html\"><\/div>\t<div class=\"jet-slider__items sp-slides\">\n\n\n<div  class=\"jet-slider__item sp-slide elementor-repeater-item-ac78bb5\"><img decoding=\"async\" class=\"sp-image\" src=\"https:\/\/programadestinosmexico.com\/wp-content\/uploads\/2023\/10\/Arquitectura-Colonial-Veracruz.jpg\" alt=\"Arquitectura Colonial Veracruz\" loading=\"lazy\"><div class=\"jet-slider__content sp-layer\" data-position=\"centerCenter\" data-width=\"100%\" data-height=\"100%\" data-horizontal=\"0%\" data-show-transition=\"up\" data-show-duration=\"400\" data-show-delay=\"400\" >\n\t\t<div class=\"jet-slider__content-item\">\n\t\t\t<div class=\"jet-slider__content-inner\"> \n\n\t\t\t\t\t\t<div class=\"jet-slider__button-wrapper\">\t\t\t\t\t\t<\/div><\/div>\n\t\t<\/div>\n\t\t\t<\/div>\n<\/div>\n\n<div  class=\"jet-slider__item sp-slide elementor-repeater-item-e37d146\"><img decoding=\"async\" class=\"sp-image\" src=\"https:\/\/programadestinosmexico.com\/wp-content\/uploads\/2023\/10\/Arquitectura-Colonial-Veracruz-3.jpg\" alt=\"Arquitectura Colonial Veracruz 3\" loading=\"lazy\"><div class=\"jet-slider__content sp-layer\" data-position=\"centerCenter\" data-width=\"100%\" data-height=\"100%\" data-horizontal=\"0%\" data-show-transition=\"up\" data-show-duration=\"400\" data-show-delay=\"400\" >\n\t\t<div class=\"jet-slider__content-item\">\n\t\t\t<div class=\"jet-slider__content-inner\"> \n\n\t\t\t\t\t\t<div class=\"jet-slider__button-wrapper\">\t\t\t\t\t\t<\/div><\/div>\n\t\t<\/div>\n\t\t\t<\/div>\n<\/div>\n\n<div  class=\"jet-slider__item sp-slide elementor-repeater-item-8abbd1b\"><img decoding=\"async\" class=\"sp-image\" src=\"https:\/\/programadestinosmexico.com\/wp-content\/uploads\/2023\/10\/Arquitectura-Colonial-Veracruz-2.jpg\" alt=\"Arquitectura Colonial Veracruz 2\" loading=\"lazy\"><div class=\"jet-slider__content sp-layer\" data-position=\"centerCenter\" data-width=\"100%\" data-height=\"100%\" data-horizontal=\"0%\" data-show-transition=\"up\" data-show-duration=\"400\" data-show-delay=\"400\" >\n\t\t<div class=\"jet-slider__content-item\">\n\t\t\t<div class=\"jet-slider__content-inner\"> \n\n\t\t\t\t\t\t<div class=\"jet-slider__button-wrapper\">\t\t\t\t\t\t<\/div><\/div>\n\t\t<\/div>\n\t\t\t<\/div>\n<\/div>\n\n<\/div>\n<\/div>\n<\/div>\n<\/div>\t\t\t\t<\/div>\n\t\t\t\t<\/div>\n\t\t\t\t\t<\/div>\n\t\t<\/div>\n\t\t\t\t\t<\/div>\n\t\t<\/section>\n\t\t<div class=\"elementor-element elementor-element-6d9ff20 e-flex e-con-boxed elementor-invisible e-con e-parent\" data-id=\"6d9ff20\" data-element_type=\"container\" data-e-type=\"container\" data-settings=\"{&quot;jet_parallax_layout_list&quot;:[],&quot;animation&quot;:&quot;fadeInUp&quot;}\">\n\t\t\t\t\t<div class=\"e-con-inner\">\n\t\t\t\t<div class=\"elementor-element elementor-element-c4fbed5 elementor-widget elementor-widget-jet-accordion\" data-id=\"c4fbed5\" data-element_type=\"widget\" data-e-type=\"widget\" data-widget_type=\"jet-accordion.default\">\n\t\t\t\t<div class=\"elementor-widget-container\">\n\t\t\t\t\t\t\t\t\t<div class=\"jet-accordion\" data-settings=\"{&quot;collapsible&quot;:false,&quot;ajaxTemplate&quot;:false,&quot;switchScrolling&quot;:false,&quot;switchScrollingOffset&quot;:0,&quot;switchScrollingDelay&quot;:500}\">\n\t\t\t<div class=\"jet-accordion__inner\">\n\t\t\t\t<div class=\"jet-accordion__item jet-toggle jet-toggle-move-up-effect\">\n\t\t\t\t\t\t\t<div id=\"jet-toggle-control-2061\" class=\"jet-toggle__control elementor-menu-anchor\" data-toggle=\"1\" role=\"button\" tabindex=\"0\" aria-controls=\"jet-toggle-content-2061\" aria-expanded=\"false\" data-template-id=\"4477\">\n\t\t\t\t\t\t\t\t<div class=\"jet-toggle__label-icon jet-toggle-icon-position-left\"><span class=\"jet-toggle__icon icon-normal jet-tabs-icon\"><i class=\"fas fa-plus\"><\/i><\/span><span class=\"jet-toggle__icon icon-active jet-tabs-icon\"><i class=\"fas fa-minus\"><\/i><\/span><\/div><div class=\"jet-toggle__label-text\">EXPLORING THE WONDERS OF COLONIAL ARCHITECTURE IN MEXICO<\/div>\t\t\t\t\t\t\t<\/div>\n\t\t\t\t\t\t\t<div id=\"jet-toggle-content-2061\" class=\"jet-toggle__content\" data-toggle=\"1\" role=\"region\" data-template-id=\"4477\">\n\t\t\t\t\t\t\t\t<div class=\"jet-toggle__content-inner\">\t\t<div data-elementor-type=\"section\" data-elementor-id=\"4477\" class=\"elementor elementor-4477\" data-elementor-post-type=\"elementor_library\">\n\t\t\t<div class=\"elementor-element elementor-element-e1f3ade elementor-hidden-mobile e-flex e-con-boxed e-con e-parent\" data-id=\"e1f3ade\" data-element_type=\"container\" data-e-type=\"container\" data-settings=\"{&quot;jet_parallax_layout_list&quot;:[]}\">\n\t\t\t\t\t<div class=\"e-con-inner\">\n\t\t<div class=\"elementor-element elementor-element-d7ea833 e-con-full e-flex e-con e-child\" data-id=\"d7ea833\" data-element_type=\"container\" data-e-type=\"container\" data-settings=\"{&quot;background_background&quot;:&quot;classic&quot;,&quot;jet_parallax_layout_list&quot;:[]}\">\n\t\t<div class=\"elementor-element elementor-element-a77a6ab e-flex e-con-boxed e-con e-child\" data-id=\"a77a6ab\" data-element_type=\"container\" data-e-type=\"container\" data-settings=\"{&quot;background_background&quot;:&quot;classic&quot;,&quot;jet_parallax_layout_list&quot;:[]}\">\n\t\t\t\t\t<div class=\"e-con-inner\">\n\t\t\t\t<div class=\"elementor-element elementor-element-7b0f781 elementor-widget elementor-widget-heading\" data-id=\"7b0f781\" data-element_type=\"widget\" data-e-type=\"widget\" data-widget_type=\"heading.default\">\n\t\t\t\t<div class=\"elementor-widget-container\">\n\t\t\t\t\t<h2 class=\"elementor-heading-title elementor-size-default\"><a href=\"https:\/\/programadestinosmexico.com\/golf\/los-cabos.html\">Campeche<\/a><\/h2>\t\t\t\t<\/div>\n\t\t\t\t<\/div>\n\t\t\t\t\t<\/div>\n\t\t\t\t<\/div>\n\t\t\t\t<div class=\"elementor-element elementor-element-de2e26a elementor-widget elementor-widget-image\" data-id=\"de2e26a\" data-element_type=\"widget\" data-e-type=\"widget\" data-widget_type=\"image.default\">\n\t\t\t\t<div class=\"elementor-widget-container\">\n\t\t\t\t\t\t\t\t\t\t\t\t\t\t\t\t<a href=\"https:\/\/programadestinosmexico.com\/en\/arquitectura-colonial-en-campeche\/\">\n\t\t\t\t\t\t\t<img fetchpriority=\"high\" decoding=\"async\" width=\"425\" height=\"282\" src=\"https:\/\/programadestinosmexico.com\/wp-content\/uploads\/2023\/04\/ARQUITECTURA-COLONIAL-CAMPECHE.jpg\" class=\"attachment-medium_large size-medium_large wp-image-2433\" alt=\"\" srcset=\"https:\/\/programadestinosmexico.com\/wp-content\/uploads\/2023\/04\/ARQUITECTURA-COLONIAL-CAMPECHE.jpg 425w, https:\/\/programadestinosmexico.com\/wp-content\/uploads\/2023\/04\/ARQUITECTURA-COLONIAL-CAMPECHE-300x199.jpg 300w\" sizes=\"(max-width: 425px) 100vw, 425px\" \/>\t\t\t\t\t\t\t\t<\/a>\n\t\t\t\t\t\t\t\t\t\t\t\t\t\t\t<\/div>\n\t\t\t\t<\/div>\n\t\t<div class=\"elementor-element elementor-element-069a833 e-flex e-con-boxed e-con e-child\" data-id=\"069a833\" data-element_type=\"container\" data-e-type=\"container\" data-settings=\"{&quot;background_background&quot;:&quot;classic&quot;,&quot;jet_parallax_layout_list&quot;:[]}\">\n\t\t\t\t\t<div class=\"e-con-inner\">\n\t\t\t\t<div class=\"elementor-element elementor-element-c5feab6 elementor-widget elementor-widget-heading\" data-id=\"c5feab6\" data-element_type=\"widget\" data-e-type=\"widget\" data-widget_type=\"heading.default\">\n\t\t\t\t<div class=\"elementor-widget-container\">\n\t\t\t\t\t<h2 class=\"elementor-heading-title elementor-size-default\"><a href=\"https:\/\/programadestinosmexico.com\/golf\/cancun.html\">Mexico City<\/a><\/h2>\t\t\t\t<\/div>\n\t\t\t\t<\/div>\n\t\t\t\t\t<\/div>\n\t\t\t\t<\/div>\n\t\t\t\t<div class=\"elementor-element elementor-element-9d8e8d8 elementor-widget elementor-widget-image\" data-id=\"9d8e8d8\" data-element_type=\"widget\" data-e-type=\"widget\" data-widget_type=\"image.default\">\n\t\t\t\t<div class=\"elementor-widget-container\">\n\t\t\t\t\t\t\t\t\t\t\t\t\t\t\t\t<a href=\"https:\/\/programadestinosmexico.com\/en\/arquitectura-colonial-en-la-ciudad-de-mexico\/\">\n\t\t\t\t\t\t\t<img decoding=\"async\" width=\"768\" height=\"510\" src=\"https:\/\/programadestinosmexico.com\/wp-content\/uploads\/2023\/08\/ARQUITECTURA-COLONIAL-CIUDAD-DE-MEXICO-768x510.jpg\" class=\"attachment-medium_large size-medium_large wp-image-5765\" alt=\"\" srcset=\"https:\/\/programadestinosmexico.com\/wp-content\/uploads\/2023\/08\/ARQUITECTURA-COLONIAL-CIUDAD-DE-MEXICO-768x510.jpg 768w, https:\/\/programadestinosmexico.com\/wp-content\/uploads\/2023\/08\/ARQUITECTURA-COLONIAL-CIUDAD-DE-MEXICO-300x199.jpg 300w, https:\/\/programadestinosmexico.com\/wp-content\/uploads\/2023\/08\/ARQUITECTURA-COLONIAL-CIUDAD-DE-MEXICO-1024x680.jpg 1024w, https:\/\/programadestinosmexico.com\/wp-content\/uploads\/2023\/08\/ARQUITECTURA-COLONIAL-CIUDAD-DE-MEXICO-1536x1020.jpg 1536w, https:\/\/programadestinosmexico.com\/wp-content\/uploads\/2023\/08\/ARQUITECTURA-COLONIAL-CIUDAD-DE-MEXICO-2048x1360.jpg 2048w\" sizes=\"(max-width: 768px) 100vw, 768px\" \/>\t\t\t\t\t\t\t\t<\/a>\n\t\t\t\t\t\t\t\t\t\t\t\t\t\t\t<\/div>\n\t\t\t\t<\/div>\n\t\t<div class=\"elementor-element elementor-element-5acbee5 e-flex e-con-boxed e-con e-child\" data-id=\"5acbee5\" data-element_type=\"container\" data-e-type=\"container\" data-settings=\"{&quot;background_background&quot;:&quot;classic&quot;,&quot;jet_parallax_layout_list&quot;:[]}\">\n\t\t\t\t\t<div class=\"e-con-inner\">\n\t\t\t\t<div class=\"elementor-element elementor-element-70f1b88 elementor-widget elementor-widget-heading\" data-id=\"70f1b88\" data-element_type=\"widget\" data-e-type=\"widget\" data-widget_type=\"heading.default\">\n\t\t\t\t<div class=\"elementor-widget-container\">\n\t\t\t\t\t<h2 class=\"elementor-heading-title elementor-size-default\">Tlaxcala<\/h2>\t\t\t\t<\/div>\n\t\t\t\t<\/div>\n\t\t\t\t\t<\/div>\n\t\t\t\t<\/div>\n\t\t\t\t<div class=\"elementor-element elementor-element-2feecea elementor-widget elementor-widget-image\" data-id=\"2feecea\" data-element_type=\"widget\" data-e-type=\"widget\" data-widget_type=\"image.default\">\n\t\t\t\t<div class=\"elementor-widget-container\">\n\t\t\t\t\t\t\t\t\t\t\t\t\t\t\t\t<a href=\"https:\/\/programadestinosmexico.com\/en\/arquitectura-colonial-en-tlaxcala\/\">\n\t\t\t\t\t\t\t<img decoding=\"async\" width=\"425\" height=\"282\" src=\"https:\/\/programadestinosmexico.com\/wp-content\/uploads\/2023\/04\/ARQUITECTURA-COLONIAL-TLAXCALA.jpg\" class=\"attachment-medium_large size-medium_large wp-image-2437\" alt=\"\" srcset=\"https:\/\/programadestinosmexico.com\/wp-content\/uploads\/2023\/04\/ARQUITECTURA-COLONIAL-TLAXCALA.jpg 425w, https:\/\/programadestinosmexico.com\/wp-content\/uploads\/2023\/04\/ARQUITECTURA-COLONIAL-TLAXCALA-300x199.jpg 300w\" sizes=\"(max-width: 425px) 100vw, 425px\" \/>\t\t\t\t\t\t\t\t<\/a>\n\t\t\t\t\t\t\t\t\t\t\t\t\t\t\t<\/div>\n\t\t\t\t<\/div>\n\t\t\t\t<\/div>\n\t\t<div class=\"elementor-element elementor-element-017e748 e-con-full e-flex e-con e-child\" data-id=\"017e748\" data-element_type=\"container\" data-e-type=\"container\" data-settings=\"{&quot;background_background&quot;:&quot;classic&quot;,&quot;jet_parallax_layout_list&quot;:[]}\">\n\t\t<div class=\"elementor-element elementor-element-fc0f478 e-flex e-con-boxed e-con e-child\" data-id=\"fc0f478\" data-element_type=\"container\" data-e-type=\"container\" data-settings=\"{&quot;jet_parallax_layout_list&quot;:[]}\">\n\t\t\t\t\t<div class=\"e-con-inner\">\n\t\t<div class=\"elementor-element elementor-element-2230571 e-con-full e-flex e-con e-child\" data-id=\"2230571\" data-element_type=\"container\" data-e-type=\"container\" data-settings=\"{&quot;jet_parallax_layout_list&quot;:[]}\">\n\t\t\t\t<div class=\"elementor-element elementor-element-7f3461c elementor-widget elementor-widget-heading\" data-id=\"7f3461c\" data-element_type=\"widget\" data-e-type=\"widget\" data-widget_type=\"heading.default\">\n\t\t\t\t<div class=\"elementor-widget-container\">\n\t\t\t\t\t<h2 class=\"elementor-heading-title elementor-size-default\">Northern Mexico<\/h2>\t\t\t\t<\/div>\n\t\t\t\t<\/div>\n\t\t\t\t<div class=\"elementor-element elementor-element-c2845dd elementor-widget elementor-widget-html\" data-id=\"c2845dd\" data-element_type=\"widget\" data-e-type=\"widget\" data-widget_type=\"html.default\">\n\t\t\t\t<div class=\"elementor-widget-container\">\n\t\t\t\t\t<!DOCTYPE html>\n<html lang=\"es\">\n<head>\n<meta charset=\"UTF-8\">\n<meta name=\"viewport\" content=\"width=device-width, initial-scale=1.0\">\n<title>Men\u00fa desplegable personalizable<\/title>\n<link rel=\"stylesheet\" href=\"https:\/\/cdnjs.cloudflare.com\/ajax\/libs\/font-awesome\/6.0.0-beta3\/css\/all.min.css\" crossorigin=\"anonymous\" \/>\n<style>\n  body {\n    font-family: Arial, sans-serif;\n  }\n\n  .menu-principal {\n    list-style-type: none;\n    margin: 0;\n    padding: 0;\n    background-color: #33333300;\n    width: 200px;\n  }\n\n  .menu-item {\n    position: relative;\n  }\n\n  .menu-item a {\n    display: block;\n    padding: 8px 16px;\n    color: #5E5E5E;\n    text-decoration: none;\n    line-height: 14px; \/* Cambiado aqu\u00ed *\/\n  }\n\n  .menu-item a:hover {\n    background-color: #11111100;\n    color: #B7BEA0;\n  }\n\n  .sub-menu {\n    display: none;\n    position: relative;\n    list-style-type: none;\n    margin: 0;\n    padding: 0;\n    background-color: #33333300;\n    width: 100%;\n  }\n\n  .sub-menu a {\n    padding: 8px 16px;\n    color: #5E5E5E;\n    text-decoration: none;\n    line-height: 14px; \/* Cambiado aqu\u00ed *\/\n  }\n\n  .sub-menu a:hover {\n    background-color: #11111100;\n    color: #B7BEA0;\n  }\n\n  .menu-item:hover .sub-menu {\n    display: block;\n  }\n\n<\/style>\n<\/head>\n<body>\n\n<ul class=\"menu-principal\">\n  <li class=\"menu-item\">\n    <a href=\"https:\/\/programadestinosmexico.com\/en\/arquitectura-colonial-en-baja-california\/\">Baja California <i class=\"fas fa-angle-right desplegable\"><\/i><\/a>\n    <ul class=\"sub-menu\">\n      <li><a href=\"https:\/\/programadestinosmexico.com\/en\/arquitectura-colonial-en-baja-california\/\">Sitios Misionales<\/a><\/li>\n     \n      <!-- Agrega m\u00e1s elementos de submen\u00fa aqu\u00ed -->\n    <\/ul>\n  <\/li>\n  <li class=\"menu-item\">\n    <a href=\"https:\/\/programadestinosmexico.com\/en\/arquitectura-colonial-en-baja-california-sur\/\">Baja California Sur <i class=\"fas fa-angle-right desplegable\"><\/i><\/a>\n    <ul class=\"sub-menu\">\n      <li><a href=\"https:\/\/programadestinosmexico.com\/en\/arquitectura-colonial-en-baja-california-sur\/\">Sitios Misionales<\/a><\/li>\n          \n      <!-- Agrega m\u00e1s elementos de submen\u00fa aqu\u00ed -->\n    <\/ul>\n  <\/li>\n<li class=\"menu-item\">\n  <a href=\"https:\/\/programadestinosmexico.com\/en\/arquitectura-colonial-en-chihuahua\/\">Chihuahua <i class=\"fas fa-angle-right desplegable\"><\/i><\/a>\n  <ul class=\"sub-menu\">\n    <li><a href=\"https:\/\/programadestinosmexico.com\/en\/arquitectura-colonial-en-chihuahua\/\">Chihuahua<\/a><\/li>\n   \n    <!-- Agrega m\u00e1s elementos de submen\u00fa aqu\u00ed -->\n  <\/ul>\n<\/li>\n<li class=\"menu-item\">\n  <a href=\"https:\/\/programadestinosmexico.com\/en\/arquitectura-colonial-en-saltillo\/\">Coahuila <i class=\"fas fa-angle-right desplegable\"><\/i><\/a>\n  <ul class=\"sub-menu\">\n    <li><a href=\"https:\/\/programadestinosmexico.com\/en\/arquitectura-colonial-en-saltillo\/\">Saltillo<\/a><\/li>\n   \n    <!-- Agrega m\u00e1s elementos de submen\u00fa aqu\u00ed -->\n  <\/ul>\n<\/li>\n<li class=\"menu-item\">\n  <a href=\"https:\/\/programadestinosmexico.com\/en\/arquitectura-colonial-en-durango\/\">Durango <i class=\"fas fa-angle-right desplegable\"><\/i><\/a>\n  <ul class=\"sub-menu\">\n    <li><a href=\"https:\/\/programadestinosmexico.com\/en\/arquitectura-colonial-en-durango\/\">Durango<\/a><\/li>\n   \n      <!-- Agrega m\u00e1s elementos de submen\u00fa aqu\u00ed -->\n\n  <\/ul>\n<\/li>\n<li class=\"menu-item\">\n  <a href=\"https:\/\/programadestinosmexico.com\/en\/arquitectura-colonial-en-zacatecas\/\">Zacatecas <i class=\"fas fa-angle-right desplegable\"><\/i><\/a>\n  <ul class=\"sub-menu\">\n    <li><a href=\"https:\/\/programadestinosmexico.com\/en\/arquitectura-colonial-en-zacatecas\/\">Zacatecas<\/a><\/li>\n    <!-- Agrega m\u00e1s elementos de submen\u00fa aqu\u00ed -->\n  <\/ul>\n<\/li>\n<\/ul>\n\n<script>\n  const menuItems = document.querySelectorAll(\".menu-item\");\n  \n  menuItems.forEach(menuItem => {\n    menuItem.addEventListener(\"mouseenter\", () => {\n      const icono = menuItem.querySelector(\".desplegable\");\n      if (icono) {\n        icono.classList.remove(\"fa-angle-right\");\n        icono.classList.add(\"fa-angle-down\");\n      }\n    });\n\n    menuItem.addEventListener(\"mouseleave\", () => {\n      const icono = menuItem.querySelector(\".desplegable\");\n      if (icono) {\n        icono.classList.remove(\"fa-angle-down\");\n        icono.classList.add(\"fa-angle-right\");\n      }\n    });\n  });\n<\/script>\n<\/body>\n<\/html>\n\t\t\t\t<\/div>\n\t\t\t\t<\/div>\n\t\t\t\t<\/div>\n\t\t<div class=\"elementor-element elementor-element-a82c19c e-con-full e-flex e-con e-child\" data-id=\"a82c19c\" data-element_type=\"container\" data-e-type=\"container\" data-settings=\"{&quot;jet_parallax_layout_list&quot;:[]}\">\n\t\t\t\t<div class=\"elementor-element elementor-element-80da567 elementor-widget elementor-widget-heading\" data-id=\"80da567\" data-element_type=\"widget\" data-e-type=\"widget\" data-widget_type=\"heading.default\">\n\t\t\t\t<div class=\"elementor-widget-container\">\n\t\t\t\t\t<h2 class=\"elementor-heading-title elementor-size-default\">Central Mexico<\/h2>\t\t\t\t<\/div>\n\t\t\t\t<\/div>\n\t\t\t\t<div class=\"elementor-element elementor-element-e3e979d elementor-widget elementor-widget-html\" data-id=\"e3e979d\" data-element_type=\"widget\" data-e-type=\"widget\" data-widget_type=\"html.default\">\n\t\t\t\t<div class=\"elementor-widget-container\">\n\t\t\t\t\t<!DOCTYPE html>\n<html lang=\"es\">\n<head>\n<meta charset=\"UTF-8\">\n<meta name=\"viewport\" content=\"width=device-width, initial-scale=1.0\">\n<title>Men\u00fa desplegable personalizable<\/title>\n<link rel=\"stylesheet\" href=\"https:\/\/cdnjs.cloudflare.com\/ajax\/libs\/font-awesome\/6.0.0-beta3\/css\/all.min.css\" crossorigin=\"anonymous\" \/>\n<style>\n  body {\n    font-family: Arial, sans-serif;\n  }\n\n  .menu-principal {\n    list-style-type: none;\n    margin: 0;\n    padding: 0;\n    background-color: #33333300;\n    width: 200px;\n  }\n\n  .menu-item {\n    position: relative;\n  }\n\n  .menu-item a {\n    display: block;\n    padding: 8px 16px;\n    color: #5E5E5E;\n    text-decoration: none;\n    line-height: 14px; \/* Cambiado aqu\u00ed *\/\n  }\n\n  .menu-item a:hover {\n    background-color: #11111100;\n    color: #B7BEA0;\n  }\n\n  .sub-menu {\n    display: none;\n    position: relative;\n    list-style-type: none;\n    margin: 0;\n    padding: 0;\n    background-color: #33333300;\n    width: 100%;\n  }\n\n  .sub-menu a {\n    padding: 8px 16px;\n    color: #5E5E5E;\n    text-decoration: none;\n    line-height: 14px; \/* Cambiado aqu\u00ed *\/\n  }\n\n  .sub-menu a:hover {\n    background-color: #11111100;\n    color: #B7BEA0;\n  }\n\n  .menu-item:hover .sub-menu {\n    display: block;\n  }\n\n<\/style>\n<\/head>\n<body>\n\n<ul class=\"menu-principal\">\n  <li class=\"menu-item\">\n    <a href=\"https:\/\/programadestinosmexico.com\/en\/arquitectura-colonial-en-aguascalientes\/\">Aguascalientes <i class=\"fas fa-angle-right desplegable\"><\/i><\/a>\n    <ul class=\"sub-menu\">\n      <li><a href=\"https:\/\/programadestinosmexico.com\/en\/arquitectura-colonial-en-aguascalientes\/\">Aguascalientes<\/a><\/li>\n      <!-- Agrega m\u00e1s elementos de submen\u00fa aqu\u00ed -->\n    <\/ul>\n  <\/li>\n<li class=\"menu-item\">\n  <a href=\"https:\/\/programadestinosmexico.com\/en\/arquitectura-colonial-en-la-ciudad-de-mexico\/\">Mexico City <i class=\"fas fa-angle-right desplegable\"><\/i><\/a>\n  <ul class=\"sub-menu\">\n    <li><a href=\"https:\/\/programadestinosmexico.com\/en\/arquitectura-colonial-en-la-ciudad-de-mexico\/\">Mexico City<\/a><\/li>\n \n    <!-- Agrega m\u00e1s elementos de submen\u00fa aqu\u00ed -->\n  <\/ul>\n<\/li>\n<li class=\"menu-item\">\n  <a href=\"https:\/\/programadestinosmexico.com\/en\/arquitectura-colonial-en-toluca\/\">Estado de M\u00e9xico <i class=\"fas fa-angle-right desplegable\"><\/i><\/a>\n  <ul class=\"sub-menu\">\n    <li><a href=\"https:\/\/programadestinosmexico.com\/en\/arquitectura-colonial-en-toluca\/\">Toluca<\/a><\/li>\n  \n    <!-- Agrega m\u00e1s elementos de submen\u00fa aqu\u00ed -->\n  <\/ul>\n<\/li>\n<li class=\"menu-item\">\n  <a href=\"https:\/\/programadestinosmexico.com\/en\/arquitectura-colonial-en-guanajuato\/\">Guanajuato <i class=\"fas fa-angle-right desplegable\"><\/i><\/a>\n  <ul class=\"sub-menu\">\n    <li><a href=\"https:\/\/programadestinosmexico.com\/en\/arquitectura-colonial-en-celaya\/\">Celaya<\/a><\/li>\n    <li><a href=\"https:\/\/programadestinosmexico.com\/en\/arquitectura-colonial-en-guanajuato\/\">Guanajuato<\/a><\/li>\n    <li><a href=\"https:\/\/programadestinosmexico.com\/en\/arquitectura-colonial-en-irapuato\/\">Irapuato<\/a><\/li>\n    <li><a href=\"https:\/\/programadestinosmexico.com\/en\/arquitectura-colonial-en-leon\/\"\">Le\u00f3n<\/a><\/li>\n    <li><a href=\"https:\/\/programadestinosmexico.com\/en\/arquitectura-colonial-en-san-miguel-de-allende\/\">San Miguel de Allende<\/a><\/li>\n    <!-- Agrega m\u00e1s elementos de submen\u00fa aqu\u00ed -->\n  <\/ul>\n<\/li>\n<li class=\"menu-item\">\n  <a href=\"https:\/\/programadestinosmexico.com\/en\/arquitectura-colonial-en-pachuca\/\">Hidalgo <i class=\"fas fa-angle-right desplegable\"><\/i><\/a>\n  <ul class=\"sub-menu\">\n    <li><a href=\"https:\/\/programadestinosmexico.com\/en\/arquitectura-colonial-en-pachuca\/\">Pachuca<\/a><\/li>\n    <!-- Agrega m\u00e1s elementos de submen\u00fa aqu\u00ed -->\n  <\/ul>\n<\/li>\n<li class=\"menu-item\">\n  <a href=\"https:\/\/programadestinosmexico.com\/en\/arquitectura-colonial-en-guadalajara\/\">Jalisco <i class=\"fas fa-angle-right desplegable\"><\/i><\/a>\n  <ul class=\"sub-menu\">\n    <li><a href=\"https:\/\/programadestinosmexico.com\/en\/arquitectura-colonial-en-guadalajara\/\">Guadalajara<\/a><\/li>\n\n    <!-- Agrega m\u00e1s elementos de submen\u00fa aqu\u00ed -->\n  <\/ul>\n<\/li>\n<li class=\"menu-item\">\n  <a href=\"https:\/\/programadestinosmexico.com\/en\/arquitectura-colonial-en-morelia\/\">Michoac\u00e1n <i class=\"fas fa-angle-right desplegable\"><\/i><\/a>\n  <ul class=\"sub-menu\">\n    <li><a href=\"https:\/\/programadestinosmexico.com\/en\/arquitectura-colonial-en-morelia\/\">Morelia<\/a><\/li>\n     <li><a href=\"https:\/\/programadestinosmexico.com\/en\/arquitectura-colonial-en-patzcuaro\/\">P\u00e1tzcuaro<\/a><\/li>\n    <!-- Agrega m\u00e1s elementos de submen\u00fa aqu\u00ed -->\n  <\/ul>\n<\/li>\n<li class=\"menu-item\">\n  <a href=\"https:\/\/programadestinosmexico.com\/en\/arquitectura-colonial-en-cuernavaca\/\">Morelos <i class=\"fas fa-angle-right desplegable\"><\/i><\/a>\n  <ul class=\"sub-menu\">\n  <li><a href=\"https:\/\/programadestinosmexico.com\/en\/arquitectura-colonial-en-cuautla\/\">Cuautla<\/a><\/li>\n    <li><a href=\"https:\/\/programadestinosmexico.com\/en\/arquitectura-colonial-en-cuernavaca\/\"\">Cuernavaca y alrededores<\/a><\/li>\n    <!-- Agrega m\u00e1s elementos de submen\u00fa aqu\u00ed -->\n    <\/ul>\n<\/li>\n<li class=\"menu-item\">\n  <a href=\"https:\/\/programadestinosmexico.com\/en\/arquitectura-colonial-en-tepic\/\">Nayarit <i class=\"fas fa-angle-right desplegable\"><\/i><\/a>\n  <ul class=\"sub-menu\">\n        <li><a href=\"https:\/\/programadestinosmexico.com\/en\/arquitectura-colonial-en-tepic\/\">Tepic<\/a><\/li>\n    <!-- Agrega m\u00e1s elementos de submen\u00fa aqu\u00ed -->\n  <\/ul>\n<\/li>\n<li class=\"menu-item\">\n  <a href=\"https:\/\/programadestinosmexico.com\/en\/arquitectura-colonial-en-puebla\/\">Puebla <i class=\"fas fa-angle-right desplegable\"><\/i><\/a>\n  <ul class=\"sub-menu\">\n    <li><a href=\"https:\/\/programadestinosmexico.com\/en\/arquitectura-colonial-en-puebla\/\">Puebla<\/a><\/li>\n    <li><a href=\"https:\/\/programadestinosmexico.com\/en\/arquitectura-colonial-en-tehuacan\/\">Tehuac\u00e1n<\/a><\/li>\n    <!-- Agrega m\u00e1s elementos de submen\u00fa aqu\u00ed -->\n  <\/ul>\n<\/li>\n<li class=\"menu-item\">\n  <a href=\"https:\/\/programadestinosmexico.com\/en\/arquitectura-colonial-en-queretaro\/\">Quer\u00e9taro <i class=\"fas fa-angle-right desplegable\"><\/i><\/a>\n  <ul class=\"sub-menu\">\n    <li><a href=\"https:\/\/programadestinosmexico.com\/en\/arquitectura-colonial-misiones-de-la-sierra-gorda-en-queretaro\/\">Misiones de la Sierra Gorda<\/a><\/li>\n    <li><a href=\"https:\/\/programadestinosmexico.com\/en\/arquitectura-colonial-en-queretaro\/\">Quer\u00e9taro<\/a><\/li>\n\n    <!-- Agrega m\u00e1s elementos de submen\u00fa aqu\u00ed -->\n  <\/ul>\n<\/li>\n<li class=\"menu-item\">\n  <a href=\"https:\/\/programadestinosmexico.com\/en\/arquitectura-colonial-en-san-luis-potosi\/\">San Luis Potos\u00ed <i class=\"fas fa-angle-right desplegable\"><\/i><\/a>\n  <ul class=\"sub-menu\">\n    <li><a href=\"https:\/\/programadestinosmexico.com\/en\/arquitectura-colonial-en-san-luis-potosi\/\">San Luis Potos\u00ed<\/a><\/li>\n    <!-- Agrega m\u00e1s elementos de submen\u00fa aqu\u00ed -->\n  <\/ul>\n<\/li>\n<li class=\"menu-item\">\n  <a href=\"https:\/\/programadestinosmexico.com\/en\/arquitectura-colonial-en-tlaxcala\/\">Tlaxcala<i class=\"fas fa-angle-right desplegable\"><\/i><\/a>\n  <ul class=\"sub-menu\">\n    <li><a href=\"https:\/\/programadestinosmexico.com\/en\/arquitectura-colonial-en-tlaxcala\/\">Tlaxcala<\/a><\/li>\n    <!-- Agrega m\u00e1s elementos de submen\u00fa aqu\u00ed -->\n  <\/ul>\n<\/li>\n<li class=\"menu-item\">\n  <a href=\"https:\/\/programadestinosmexico.com\/en\/arquitectura-colonial-en-veracruz\/\">Veracruz <i class=\"fas fa-angle-right desplegable\"><\/i><\/a>\n  <ul class=\"sub-menu\">\n    <li><a href=\"https:\/\/programadestinosmexico.com\/en\/arquitectura-colonial-en-cordoba\/\">C\u00f3rdoba<\/a><\/li>\n    <li><a href=\"https:\/\/programadestinosmexico.com\/en\/arquitectura-colonial-en-orizaba\/\">Orizaba<\/a><\/li>\n    <li><a href=\"https:\/\/programadestinosmexico.com\/en\/arquitectura-colonial-en-veracruz\/\">Veracruz<\/a><\/li>\n    <li><a href=\"https:\/\/programadestinosmexico.com\/en\/arquitectura-colonial-en-xalapa\/\">Xalapa<\/a><\/li>\n    <!-- Agrega m\u00e1s elementos de submen\u00fa aqu\u00ed -->\n  <\/ul>\n<\/li>\n<\/ul>\n\n<script>\n  const menuItems = document.querySelectorAll(\".menu-item\");\n  \n  menuItems.forEach(menuItem => {\n    menuItem.addEventListener(\"mouseenter\", () => {\n      const icono = menuItem.querySelector(\".desplegable\");\n      if (icono) {\n        icono.classList.remove(\"fa-angle-right\");\n        icono.classList.add(\"fa-angle-down\");\n      }\n    });\n\n    menuItem.addEventListener(\"mouseleave\", () => {\n      const icono = menuItem.querySelector(\".desplegable\");\n      if (icono) {\n        icono.classList.remove(\"fa-angle-down\");\n        icono.classList.add(\"fa-angle-right\");\n      }\n    });\n  });\n<\/script>\n<\/body>\n<\/html>\n\t\t\t\t<\/div>\n\t\t\t\t<\/div>\n\t\t\t\t<\/div>\n\t\t<div class=\"elementor-element elementor-element-fecd82a e-con-full e-flex e-con e-child\" data-id=\"fecd82a\" data-element_type=\"container\" data-e-type=\"container\" data-settings=\"{&quot;jet_parallax_layout_list&quot;:[]}\">\n\t\t\t\t<div class=\"elementor-element elementor-element-cb59dfa elementor-widget elementor-widget-heading\" data-id=\"cb59dfa\" data-element_type=\"widget\" data-e-type=\"widget\" data-widget_type=\"heading.default\">\n\t\t\t\t<div class=\"elementor-widget-container\">\n\t\t\t\t\t<h2 class=\"elementor-heading-title elementor-size-default\">Southern Mexico<\/h2>\t\t\t\t<\/div>\n\t\t\t\t<\/div>\n\t\t\t\t<div class=\"elementor-element elementor-element-a68c6dd elementor-widget elementor-widget-html\" data-id=\"a68c6dd\" data-element_type=\"widget\" data-e-type=\"widget\" data-widget_type=\"html.default\">\n\t\t\t\t<div class=\"elementor-widget-container\">\n\t\t\t\t\t<!DOCTYPE html>\n<html lang=\"es\">\n<head>\n<meta charset=\"UTF-8\">\n<meta name=\"viewport\" content=\"width=device-width, initial-scale=1.0\">\n<title>Men\u00fa desplegable personalizable<\/title>\n<link rel=\"stylesheet\" href=\"https:\/\/cdnjs.cloudflare.com\/ajax\/libs\/font-awesome\/6.0.0-beta3\/css\/all.min.css\" crossorigin=\"anonymous\" \/>\n<style>\n  body {\n    font-family: Arial, sans-serif;\n  }\n\n  .menu-principal {\n    list-style-type: none;\n    margin: 0;\n    padding: 0;\n    background-color: #33333300;\n    width: 200px;\n  }\n\n  .menu-item {\n    position: relative;\n  }\n\n  .menu-item a {\n    display: block;\n    padding: 8px 16px;\n    color: #5E5E5E;\n    text-decoration: none;\n    line-height: 14px; \/* Cambiado aqu\u00ed *\/\n  }\n\n  .menu-item a:hover {\n    background-color: #11111100;\n    color: #B7BEA0;\n  }\n\n  .sub-menu {\n    display: none;\n    position: relative;\n    list-style-type: none;\n    margin: 0;\n    padding: 0;\n    background-color: #33333300;\n    width: 100%;\n  }\n\n  .sub-menu a {\n    padding: 8px 16px;\n    color: #5E5E5E;\n    text-decoration: none;\n    line-height: 14px; \/* Cambiado aqu\u00ed *\/\n  }\n\n  .sub-menu a:hover {\n    background-color: #11111100;\n    color: #B7BEA0;\n  }\n\n  .menu-item:hover .sub-menu {\n    display: block;\n  }\n\n<\/style>\n<\/head>\n<body>\n\n<ul class=\"menu-principal\">\n  <li class=\"menu-item\">\n    <a href=\"https:\/\/programadestinosmexico.com\/en\/arquitectura-colonial-en-campeche\/\">Campeche <i class=\"fas fa-angle-right desplegable\"><\/i><\/a>\n    <ul class=\"sub-menu\">\n      <li><a href=\"https:\/\/programadestinosmexico.com\/en\/arquitectura-colonial-en-campeche\/\">Campeche<\/a><\/li>\n\n      <!-- Agrega m\u00e1s elementos de submen\u00fa aqu\u00ed -->\n    <\/ul>\n  <\/li>\n<li class=\"menu-item\">\n  <a href=\"https:\/\/programadestinosmexico.com\/en\/arquitectura-colonial-en-san-cristobal-de-las-casas\/\">Chiapas <i class=\"fas fa-angle-right desplegable\"><\/i><\/a>\n  <ul class=\"sub-menu\">\n    <li><a href=\"https:\/\/programadestinosmexico.com\/en\/arquitectura-colonial-en-san-cristobal-de-las-casas\/\"> San Crist\u00f3bal de las Casas<\/a><\/li>\n    <!-- Agrega m\u00e1s elementos de submen\u00fa aqu\u00ed -->\n  <\/ul>\n<\/li>\n<li class=\"menu-item\">\n  <a href=\"https:\/\/programadestinosmexico.com\/en\/arquitectura-colonial-en-taxco\/\">Guerrero <i class=\"fas fa-angle-right desplegable\"><\/i><\/a>\n  <ul class=\"sub-menu\">\n    <li><a href=\"https:\/\/programadestinosmexico.com\/en\/arquitectura-colonial-en-taxco-6\/\">Taxco<\/a><\/li>\n    \n    <!-- Agrega m\u00e1s elementos de submen\u00fa aqu\u00ed -->\n  <\/ul>\n<\/li>\n<li class=\"menu-item\">\n  <a href=\"https:\/\/programadestinosmexico.com\/en\/arquitectura-colonial-en-oaxaca\/\">Oaxaca <i class=\"fas fa-angle-right desplegable\"><\/i><\/a>\n  <ul class=\"sub-menu\">\n    <li><a href=\"https:\/\/programadestinosmexico.com\/en\/arquitectura-colonial-en-oaxaca\/\">Oaxaca<\/a><\/li>\n    <!-- Agrega m\u00e1s elementos de submen\u00fa aqu\u00ed -->\n  <\/ul>\n<\/li>\n<li class=\"menu-item\">\n  <a href=\"https:\/\/programadestinosmexico.com\/en\/arquitectura-colonial-en-merida\/\">Yucat\u00e1n <i class=\"fas fa-angle-right desplegable\"><\/i><\/a>\n  <ul class=\"sub-menu\">\n    <li><a href=\"https:\/\/programadestinosmexico.com\/en\/arquitectura-colonial-en-merida\/\">M\u00e9rida<\/a><\/li>\n    <li><a href=\"https:\/\/programadestinosmexico.com\/en\/arquitectura-colonial-en-valladolid\/\">Valladolid,<\/a><\/li>\n    <!-- Agrega m\u00e1s elementos de submen\u00fa aqu\u00ed -->\n  <\/ul>\n<\/li>\n<\/ul>\n\n<script>\n  const menuItems = document.querySelectorAll(\".menu-item\");\n  \n  menuItems.forEach(menuItem => {\n    menuItem.addEventListener(\"mouseenter\", () => {\n      const icono = menuItem.querySelector(\".desplegable\");\n      if (icono) {\n        icono.classList.remove(\"fa-angle-right\");\n        icono.classList.add(\"fa-angle-down\");\n      }\n    });\n\n    menuItem.addEventListener(\"mouseleave\", () => {\n      const icono = menuItem.querySelector(\".desplegable\");\n      if (icono) {\n        icono.classList.remove(\"fa-angle-down\");\n        icono.classList.add(\"fa-angle-right\");\n      }\n    });\n  });\n<\/script>\n<\/body>\n<\/html>\n\t\t\t\t<\/div>\n\t\t\t\t<\/div>\n\t\t\t\t<\/div>\n\t\t\t\t\t<\/div>\n\t\t\t\t<\/div>\n\t\t\t\t<\/div>\n\t\t\t\t\t<\/div>\n\t\t\t\t<\/div>\n\t\t<div class=\"elementor-element elementor-element-a66ed7a elementor-hidden-desktop elementor-hidden-tablet e-flex e-con-boxed e-con e-parent\" data-id=\"a66ed7a\" data-element_type=\"container\" data-e-type=\"container\" data-settings=\"{&quot;jet_parallax_layout_list&quot;:[]}\">\n\t\t\t\t\t<div class=\"e-con-inner\">\n\t\t<div class=\"elementor-element elementor-element-8e81318 e-con-full e-flex e-con e-child\" data-id=\"8e81318\" data-element_type=\"container\" data-e-type=\"container\" data-settings=\"{&quot;background_background&quot;:&quot;classic&quot;,&quot;jet_parallax_layout_list&quot;:[]}\">\n\t\t<div class=\"elementor-element elementor-element-08f867e e-flex e-con-boxed e-con e-child\" data-id=\"08f867e\" data-element_type=\"container\" data-e-type=\"container\" data-settings=\"{&quot;background_background&quot;:&quot;classic&quot;,&quot;jet_parallax_layout_list&quot;:[]}\">\n\t\t\t\t\t<div class=\"e-con-inner\">\n\t\t\t\t<div class=\"elementor-element elementor-element-be62de4 elementor-widget elementor-widget-heading\" data-id=\"be62de4\" data-element_type=\"widget\" data-e-type=\"widget\" data-widget_type=\"heading.default\">\n\t\t\t\t<div class=\"elementor-widget-container\">\n\t\t\t\t\t<h2 class=\"elementor-heading-title elementor-size-default\">Morelos<\/h2>\t\t\t\t<\/div>\n\t\t\t\t<\/div>\n\t\t\t\t\t<\/div>\n\t\t\t\t<\/div>\n\t\t\t\t<div class=\"elementor-element elementor-element-ba6c38b elementor-widget elementor-widget-image\" data-id=\"ba6c38b\" data-element_type=\"widget\" data-e-type=\"widget\" data-widget_type=\"image.default\">\n\t\t\t\t<div class=\"elementor-widget-container\">\n\t\t\t\t\t\t\t\t\t\t\t\t\t\t\t\t<a href=\"https:\/\/programadestinosmexico.com\/en\/arquitectura-colonial-en-cuernavaca\/\">\n\t\t\t\t\t\t\t<img loading=\"lazy\" decoding=\"async\" width=\"768\" height=\"510\" src=\"https:\/\/programadestinosmexico.com\/wp-content\/uploads\/2023\/08\/ARQUITECTURA-COLONIAL-MORELOS-768x510.jpg\" class=\"attachment-medium_large size-medium_large wp-image-11764\" alt=\"\" srcset=\"https:\/\/programadestinosmexico.com\/wp-content\/uploads\/2023\/08\/ARQUITECTURA-COLONIAL-MORELOS-768x510.jpg 768w, https:\/\/programadestinosmexico.com\/wp-content\/uploads\/2023\/08\/ARQUITECTURA-COLONIAL-MORELOS-300x199.jpg 300w, https:\/\/programadestinosmexico.com\/wp-content\/uploads\/2023\/08\/ARQUITECTURA-COLONIAL-MORELOS-1024x680.jpg 1024w, https:\/\/programadestinosmexico.com\/wp-content\/uploads\/2023\/08\/ARQUITECTURA-COLONIAL-MORELOS-1536x1020.jpg 1536w, https:\/\/programadestinosmexico.com\/wp-content\/uploads\/2023\/08\/ARQUITECTURA-COLONIAL-MORELOS-2048x1360.jpg 2048w\" sizes=\"(max-width: 768px) 100vw, 768px\" \/>\t\t\t\t\t\t\t\t<\/a>\n\t\t\t\t\t\t\t\t\t\t\t\t\t\t\t<\/div>\n\t\t\t\t<\/div>\n\t\t<div class=\"elementor-element elementor-element-02368dd e-flex e-con-boxed e-con e-child\" data-id=\"02368dd\" data-element_type=\"container\" data-e-type=\"container\" data-settings=\"{&quot;background_background&quot;:&quot;classic&quot;,&quot;jet_parallax_layout_list&quot;:[]}\">\n\t\t\t\t\t<div class=\"e-con-inner\">\n\t\t\t\t<div class=\"elementor-element elementor-element-f6ca30c elementor-widget elementor-widget-heading\" data-id=\"f6ca30c\" data-element_type=\"widget\" data-e-type=\"widget\" data-widget_type=\"heading.default\">\n\t\t\t\t<div class=\"elementor-widget-container\">\n\t\t\t\t\t<h2 class=\"elementor-heading-title elementor-size-default\">Mexico City<\/h2>\t\t\t\t<\/div>\n\t\t\t\t<\/div>\n\t\t\t\t\t<\/div>\n\t\t\t\t<\/div>\n\t\t\t\t<div class=\"elementor-element elementor-element-f767aa7 elementor-widget elementor-widget-image\" data-id=\"f767aa7\" data-element_type=\"widget\" data-e-type=\"widget\" data-widget_type=\"image.default\">\n\t\t\t\t<div class=\"elementor-widget-container\">\n\t\t\t\t\t\t\t\t\t\t\t\t\t\t\t\t<a href=\"https:\/\/programadestinosmexico.com\/en\/arquitectura-colonial-en-la-ciudad-de-mexico\/\">\n\t\t\t\t\t\t\t<img decoding=\"async\" width=\"768\" height=\"510\" src=\"https:\/\/programadestinosmexico.com\/wp-content\/uploads\/2023\/08\/ARQUITECTURA-COLONIAL-CIUDAD-DE-MEXICO-768x510.jpg\" class=\"attachment-medium_large size-medium_large wp-image-5765\" alt=\"\" srcset=\"https:\/\/programadestinosmexico.com\/wp-content\/uploads\/2023\/08\/ARQUITECTURA-COLONIAL-CIUDAD-DE-MEXICO-768x510.jpg 768w, https:\/\/programadestinosmexico.com\/wp-content\/uploads\/2023\/08\/ARQUITECTURA-COLONIAL-CIUDAD-DE-MEXICO-300x199.jpg 300w, https:\/\/programadestinosmexico.com\/wp-content\/uploads\/2023\/08\/ARQUITECTURA-COLONIAL-CIUDAD-DE-MEXICO-1024x680.jpg 1024w, https:\/\/programadestinosmexico.com\/wp-content\/uploads\/2023\/08\/ARQUITECTURA-COLONIAL-CIUDAD-DE-MEXICO-1536x1020.jpg 1536w, https:\/\/programadestinosmexico.com\/wp-content\/uploads\/2023\/08\/ARQUITECTURA-COLONIAL-CIUDAD-DE-MEXICO-2048x1360.jpg 2048w\" sizes=\"(max-width: 768px) 100vw, 768px\" \/>\t\t\t\t\t\t\t\t<\/a>\n\t\t\t\t\t\t\t\t\t\t\t\t\t\t\t<\/div>\n\t\t\t\t<\/div>\n\t\t<div class=\"elementor-element elementor-element-879fbf6 e-flex e-con-boxed e-con e-child\" data-id=\"879fbf6\" data-element_type=\"container\" data-e-type=\"container\" data-settings=\"{&quot;background_background&quot;:&quot;classic&quot;,&quot;jet_parallax_layout_list&quot;:[]}\">\n\t\t\t\t\t<div class=\"e-con-inner\">\n\t\t\t\t<div class=\"elementor-element elementor-element-495f14e elementor-widget elementor-widget-heading\" data-id=\"495f14e\" data-element_type=\"widget\" data-e-type=\"widget\" data-widget_type=\"heading.default\">\n\t\t\t\t<div class=\"elementor-widget-container\">\n\t\t\t\t\t<h2 class=\"elementor-heading-title elementor-size-default\">Guanajuato<\/h2>\t\t\t\t<\/div>\n\t\t\t\t<\/div>\n\t\t\t\t\t<\/div>\n\t\t\t\t<\/div>\n\t\t\t\t<div class=\"elementor-element elementor-element-f3ae6de elementor-widget elementor-widget-image\" data-id=\"f3ae6de\" data-element_type=\"widget\" data-e-type=\"widget\" data-widget_type=\"image.default\">\n\t\t\t\t<div class=\"elementor-widget-container\">\n\t\t\t\t\t\t\t\t\t\t\t\t\t\t\t\t<a href=\"https:\/\/programadestinosmexico.com\/en\/arquitectura-colonial-en-guanajuato\/\">\n\t\t\t\t\t\t\t<img loading=\"lazy\" decoding=\"async\" width=\"661\" height=\"439\" src=\"https:\/\/programadestinosmexico.com\/wp-content\/uploads\/2023\/08\/ARQUITECTURA-COLONIAL-GUANAJUATO.jpg\" class=\"attachment-medium_large size-medium_large wp-image-2460\" alt=\"\" srcset=\"https:\/\/programadestinosmexico.com\/wp-content\/uploads\/2023\/08\/ARQUITECTURA-COLONIAL-GUANAJUATO.jpg 661w, https:\/\/programadestinosmexico.com\/wp-content\/uploads\/2023\/08\/ARQUITECTURA-COLONIAL-GUANAJUATO-300x199.jpg 300w\" sizes=\"(max-width: 661px) 100vw, 661px\" \/>\t\t\t\t\t\t\t\t<\/a>\n\t\t\t\t\t\t\t\t\t\t\t\t\t\t\t<\/div>\n\t\t\t\t<\/div>\n\t\t\t\t<\/div>\n\t\t<div class=\"elementor-element elementor-element-aa0d64d e-con-full e-flex e-con e-child\" data-id=\"aa0d64d\" data-element_type=\"container\" data-e-type=\"container\" data-settings=\"{&quot;background_background&quot;:&quot;classic&quot;,&quot;jet_parallax_layout_list&quot;:[]}\">\n\t\t<div class=\"elementor-element elementor-element-2ac5c27 e-con-full e-flex e-con e-child\" data-id=\"2ac5c27\" data-element_type=\"container\" data-e-type=\"container\" data-settings=\"{&quot;jet_parallax_layout_list&quot;:[]}\">\n\t\t<div class=\"elementor-element elementor-element-5e12471 e-con-full e-flex e-con e-child\" data-id=\"5e12471\" data-element_type=\"container\" data-e-type=\"container\" data-settings=\"{&quot;jet_parallax_layout_list&quot;:[]}\">\n\t\t\t\t<div class=\"elementor-element elementor-element-e1d4fa3 elementor-widget elementor-widget-heading\" data-id=\"e1d4fa3\" data-element_type=\"widget\" data-e-type=\"widget\" data-widget_type=\"heading.default\">\n\t\t\t\t<div class=\"elementor-widget-container\">\n\t\t\t\t\t<h2 class=\"elementor-heading-title elementor-size-default\">Northern Mexico<\/h2>\t\t\t\t<\/div>\n\t\t\t\t<\/div>\n\t\t\t\t<div class=\"elementor-element elementor-element-96ceadd elementor-widget elementor-widget-html\" data-id=\"96ceadd\" data-element_type=\"widget\" data-e-type=\"widget\" data-widget_type=\"html.default\">\n\t\t\t\t<div class=\"elementor-widget-container\">\n\t\t\t\t\t<!DOCTYPE html>\n<html lang=\"es\">\n<head>\n<meta charset=\"UTF-8\">\n<meta name=\"viewport\" content=\"width=device-width, initial-scale=1.0\">\n<title>Men\u00fa desplegable personalizable<\/title>\n<link rel=\"stylesheet\" href=\"https:\/\/cdnjs.cloudflare.com\/ajax\/libs\/font-awesome\/6.0.0-beta3\/css\/all.min.css\" crossorigin=\"anonymous\" \/>\n<style>\n  body {\n    font-family: Arial, sans-serif;\n  }\n\n  .menu-principal {\n    list-style-type: none;\n    margin: 0;\n    padding: 0;\n    background-color: #33333300;\n    width: 200px;\n  }\n\n  .menu-item {\n    position: relative;\n  }\n\n  .menu-item a {\n    display: block;\n    padding: 8px 16px;\n    color: #5E5E5E;\n    text-decoration: none;\n    line-height: 14px; \/* Cambiado aqu\u00ed *\/\n  }\n\n  .menu-item a:hover {\n    background-color: #11111100;\n    color: #B7BEA0;\n  }\n\n  .sub-menu {\n    display: none;\n    position: relative;\n    list-style-type: none;\n    margin: 0;\n    padding: 0;\n    background-color: #33333300;\n    width: 100%;\n  }\n\n  .sub-menu a {\n    padding: 8px 16px;\n    color: #5E5E5E;\n    text-decoration: none;\n    line-height: 14px; \/* Cambiado aqu\u00ed *\/\n  }\n\n  .sub-menu a:hover {\n    background-color: #11111100;\n    color: #B7BEA0;\n  }\n\n  .menu-item:hover .sub-menu {\n    display: block;\n  }\n\n<\/style>\n<\/head>\n<body>\n\n<ul class=\"menu-principal\">\n  <li class=\"menu-item\">\n    <a href=\"https:\/\/programadestinosmexico.com\/en\/arquitectura-colonial-en-baja-california\/\">Baja California <i class=\"fas fa-angle-right desplegable\"><\/i><\/a>\n    <ul class=\"sub-menu\">\n      <li><a href=\"https:\/\/programadestinosmexico.com\/en\/arquitectura-colonial-en-baja-california\/\">Sitios Misionales<\/a><\/li>\n     \n      <!-- Agrega m\u00e1s elementos de submen\u00fa aqu\u00ed -->\n    <\/ul>\n  <\/li>\n  <li class=\"menu-item\">\n    <a href=\"https:\/\/programadestinosmexico.com\/en\/arquitectura-colonial-en-baja-california-sur\/\">Baja California Sur <i class=\"fas fa-angle-right desplegable\"><\/i><\/a>\n    <ul class=\"sub-menu\">\n      <li><a href=\"https:\/\/programadestinosmexico.com\/en\/arquitectura-colonial-en-baja-california-sur\/\">Sitios Misionales<\/a><\/li>\n          \n      <!-- Agrega m\u00e1s elementos de submen\u00fa aqu\u00ed -->\n    <\/ul>\n  <\/li>\n<li class=\"menu-item\">\n  <a href=\"https:\/\/programadestinosmexico.com\/en\/arquitectura-colonial-en-chihuahua\/\">Chihuahua <i class=\"fas fa-angle-right desplegable\"><\/i><\/a>\n  <ul class=\"sub-menu\">\n    <li><a href=\"https:\/\/programadestinosmexico.com\/en\/arquitectura-colonial-en-chihuahua\/\">Chihuahua<\/a><\/li>\n   \n    <!-- Agrega m\u00e1s elementos de submen\u00fa aqu\u00ed -->\n  <\/ul>\n<\/li>\n<li class=\"menu-item\">\n  <a href=\"https:\/\/programadestinosmexico.com\/en\/arquitectura-colonial-en-saltillo\/\">Coahuila <i class=\"fas fa-angle-right desplegable\"><\/i><\/a>\n  <ul class=\"sub-menu\">\n    <li><a href=\"https:\/\/programadestinosmexico.com\/en\/arquitectura-colonial-en-saltillo\/\">Saltillo<\/a><\/li>\n   \n    <!-- Agrega m\u00e1s elementos de submen\u00fa aqu\u00ed -->\n  <\/ul>\n<\/li>\n<li class=\"menu-item\">\n  <a href=\"https:\/\/programadestinosmexico.com\/en\/arquitectura-colonial-en-durango\/\">Durango <i class=\"fas fa-angle-right desplegable\"><\/i><\/a>\n  <ul class=\"sub-menu\">\n    <li><a href=\"https:\/\/programadestinosmexico.com\/en\/arquitectura-colonial-en-durango\/\">Durango<\/a><\/li>\n   \n      <!-- Agrega m\u00e1s elementos de submen\u00fa aqu\u00ed -->\n\n  <\/ul>\n<\/li>\n<li class=\"menu-item\">\n  <a href=\"https:\/\/programadestinosmexico.com\/en\/arquitectura-colonial-en-zacatecas\/\">Zacatecas <i class=\"fas fa-angle-right desplegable\"><\/i><\/a>\n  <ul class=\"sub-menu\">\n    <li><a href=\"https:\/\/programadestinosmexico.com\/en\/arquitectura-colonial-en-zacatecas\/\">Zacatecas<\/a><\/li>\n    <!-- Agrega m\u00e1s elementos de submen\u00fa aqu\u00ed -->\n  <\/ul>\n<\/li>\n<\/ul>\n\n<script>\n  const menuItems = document.querySelectorAll(\".menu-item\");\n  \n  menuItems.forEach(menuItem => {\n    menuItem.addEventListener(\"mouseenter\", () => {\n      const icono = menuItem.querySelector(\".desplegable\");\n      if (icono) {\n        icono.classList.remove(\"fa-angle-right\");\n        icono.classList.add(\"fa-angle-down\");\n      }\n    });\n\n    menuItem.addEventListener(\"mouseleave\", () => {\n      const icono = menuItem.querySelector(\".desplegable\");\n      if (icono) {\n        icono.classList.remove(\"fa-angle-down\");\n        icono.classList.add(\"fa-angle-right\");\n      }\n    });\n  });\n<\/script>\n<\/body>\n<\/html>\n\t\t\t\t<\/div>\n\t\t\t\t<\/div>\n\t\t\t\t<\/div>\n\t\t\t\t<\/div>\n\t\t<div class=\"elementor-element elementor-element-7aa2917 e-con-full e-flex e-con e-child\" data-id=\"7aa2917\" data-element_type=\"container\" data-e-type=\"container\" data-settings=\"{&quot;jet_parallax_layout_list&quot;:[]}\">\n\t\t<div class=\"elementor-element elementor-element-12ecf8c e-con-full e-flex e-con e-child\" data-id=\"12ecf8c\" data-element_type=\"container\" data-e-type=\"container\" data-settings=\"{&quot;jet_parallax_layout_list&quot;:[]}\">\n\t\t<div class=\"elementor-element elementor-element-edec5c8 e-con-full e-flex e-con e-child\" data-id=\"edec5c8\" data-element_type=\"container\" data-e-type=\"container\" data-settings=\"{&quot;jet_parallax_layout_list&quot;:[]}\">\n\t\t\t\t<div class=\"elementor-element elementor-element-9a16b4d elementor-widget elementor-widget-heading\" data-id=\"9a16b4d\" data-element_type=\"widget\" data-e-type=\"widget\" data-widget_type=\"heading.default\">\n\t\t\t\t<div class=\"elementor-widget-container\">\n\t\t\t\t\t<h2 class=\"elementor-heading-title elementor-size-default\">Central Mexico<\/h2>\t\t\t\t<\/div>\n\t\t\t\t<\/div>\n\t\t\t\t<div class=\"elementor-element elementor-element-1d9de5a elementor-widget elementor-widget-html\" data-id=\"1d9de5a\" data-element_type=\"widget\" data-e-type=\"widget\" data-widget_type=\"html.default\">\n\t\t\t\t<div class=\"elementor-widget-container\">\n\t\t\t\t\t<!DOCTYPE html>\n<html lang=\"es\">\n<head>\n<meta charset=\"UTF-8\">\n<meta name=\"viewport\" content=\"width=device-width, initial-scale=1.0\">\n<title>Men\u00fa desplegable personalizable<\/title>\n<link rel=\"stylesheet\" href=\"https:\/\/cdnjs.cloudflare.com\/ajax\/libs\/font-awesome\/6.0.0-beta3\/css\/all.min.css\" crossorigin=\"anonymous\" \/>\n<style>\n  body {\n    font-family: Arial, sans-serif;\n  }\n\n  .menu-principal {\n    list-style-type: none;\n    margin: 0;\n    padding: 0;\n    background-color: #33333300;\n    width: 200px;\n  }\n\n  .menu-item {\n    position: relative;\n  }\n\n  .menu-item a {\n    display: block;\n    padding: 8px 16px;\n    color: #5E5E5E;\n    text-decoration: none;\n    line-height: 14px; \/* Cambiado aqu\u00ed *\/\n  }\n\n  .menu-item a:hover {\n    background-color: #11111100;\n    color: #B7BEA0;\n  }\n\n  .sub-menu {\n    display: none;\n    position: relative;\n    list-style-type: none;\n    margin: 0;\n    padding: 0;\n    background-color: #33333300;\n    width: 100%;\n  }\n\n  .sub-menu a {\n    padding: 8px 16px;\n    color: #5E5E5E;\n    text-decoration: none;\n    line-height: 14px; \/* Cambiado aqu\u00ed *\/\n  }\n\n  .sub-menu a:hover {\n    background-color: #11111100;\n    color: #B7BEA0;\n  }\n\n  .menu-item:hover .sub-menu {\n    display: block;\n  }\n\n<\/style>\n<\/head>\n<body>\n\n<ul class=\"menu-principal\">\n  <li class=\"menu-item\">\n    <a href=\"https:\/\/programadestinosmexico.com\/en\/arquitectura-colonial-en-aguascalientes\/\">Aguascalientes <i class=\"fas fa-angle-right desplegable\"><\/i><\/a>\n    <ul class=\"sub-menu\">\n      <li><a href=\"https:\/\/programadestinosmexico.com\/en\/arquitectura-colonial-en-aguascalientes\/\">Aguascalientes<\/a><\/li>\n      <!-- Agrega m\u00e1s elementos de submen\u00fa aqu\u00ed -->\n    <\/ul>\n  <\/li>\n<li class=\"menu-item\">\n  <a href=\"https:\/\/programadestinosmexico.com\/en\/arquitectura-colonial-en-la-ciudad-de-mexico\/\">Mexico City <i class=\"fas fa-angle-right desplegable\"><\/i><\/a>\n  <ul class=\"sub-menu\">\n    <li><a href=\"https:\/\/programadestinosmexico.com\/en\/arquitectura-colonial-en-la-ciudad-de-mexico\/\">Mexico City<\/a><\/li>\n \n    <!-- Agrega m\u00e1s elementos de submen\u00fa aqu\u00ed -->\n  <\/ul>\n<\/li>\n<li class=\"menu-item\">\n  <a href=\"https:\/\/programadestinosmexico.com\/en\/arquitectura-colonial-en-toluca\/\">Estado de M\u00e9xico <i class=\"fas fa-angle-right desplegable\"><\/i><\/a>\n  <ul class=\"sub-menu\">\n    <li><a href=\"https:\/\/programadestinosmexico.com\/en\/arquitectura-colonial-en-toluca\/\">Toluca<\/a><\/li>\n  \n    <!-- Agrega m\u00e1s elementos de submen\u00fa aqu\u00ed -->\n  <\/ul>\n<\/li>\n<li class=\"menu-item\">\n  <a href=\"https:\/\/programadestinosmexico.com\/en\/arquitectura-colonial-en-guanajuato\/\">Guanajuato <i class=\"fas fa-angle-right desplegable\"><\/i><\/a>\n  <ul class=\"sub-menu\">\n    <li><a href=\"https:\/\/programadestinosmexico.com\/en\/arquitectura-colonial-en-celaya\/\">Celaya<\/a><\/li>\n    <li><a href=\"https:\/\/programadestinosmexico.com\/en\/arquitectura-colonial-en-guanajuato\/\">Guanajuato<\/a><\/li>\n    <li><a href=\"https:\/\/programadestinosmexico.com\/en\/arquitectura-colonial-en-irapuato\/\">Irapuato<\/a><\/li>\n    <li><a href=\"https:\/\/programadestinosmexico.com\/en\/arquitectura-colonial-en-leon\/\"\">Le\u00f3n<\/a><\/li>\n    <li><a href=\"https:\/\/programadestinosmexico.com\/en\/arquitectura-colonial-en-san-miguel-de-allende\/\">San Miguel de Allende<\/a><\/li>\n    <!-- Agrega m\u00e1s elementos de submen\u00fa aqu\u00ed -->\n  <\/ul>\n<\/li>\n<li class=\"menu-item\">\n  <a href=\"https:\/\/programadestinosmexico.com\/en\/arquitectura-colonial-en-pachuca\/\">Hidalgo <i class=\"fas fa-angle-right desplegable\"><\/i><\/a>\n  <ul class=\"sub-menu\">\n    <li><a href=\"https:\/\/programadestinosmexico.com\/en\/arquitectura-colonial-en-pachuca\/\">Pachuca<\/a><\/li>\n    <!-- Agrega m\u00e1s elementos de submen\u00fa aqu\u00ed -->\n  <\/ul>\n<\/li>\n<li class=\"menu-item\">\n  <a href=\"https:\/\/programadestinosmexico.com\/en\/arquitectura-colonial-en-guadalajara\/\">Jalisco <i class=\"fas fa-angle-right desplegable\"><\/i><\/a>\n  <ul class=\"sub-menu\">\n    <li><a href=\"https:\/\/programadestinosmexico.com\/en\/arquitectura-colonial-en-guadalajara\/\">Guadalajara<\/a><\/li>\n\n    <!-- Agrega m\u00e1s elementos de submen\u00fa aqu\u00ed -->\n  <\/ul>\n<\/li>\n<li class=\"menu-item\">\n  <a href=\"https:\/\/programadestinosmexico.com\/en\/arquitectura-colonial-en-morelia\/\">Michoac\u00e1n <i class=\"fas fa-angle-right desplegable\"><\/i><\/a>\n  <ul class=\"sub-menu\">\n    <li><a href=\"https:\/\/programadestinosmexico.com\/en\/arquitectura-colonial-en-morelia\/\">Morelia<\/a><\/li>\n     <li><a href=\"https:\/\/programadestinosmexico.com\/en\/arquitectura-colonial-en-patzcuaro\/\">P\u00e1tzcuaro<\/a><\/li>\n    <!-- Agrega m\u00e1s elementos de submen\u00fa aqu\u00ed -->\n  <\/ul>\n<\/li>\n<li class=\"menu-item\">\n  <a href=\"https:\/\/programadestinosmexico.com\/en\/arquitectura-colonial-en-cuernavaca\/\">Morelos <i class=\"fas fa-angle-right desplegable\"><\/i><\/a>\n  <ul class=\"sub-menu\">\n  <li><a href=\"https:\/\/programadestinosmexico.com\/en\/arquitectura-colonial-en-cuautla\/\">Cuautla<\/a><\/li>\n    <li><a href=\"https:\/\/programadestinosmexico.com\/en\/arquitectura-colonial-en-cuernavaca\/\"\">Cuernavaca y alrededores<\/a><\/li>\n    <!-- Agrega m\u00e1s elementos de submen\u00fa aqu\u00ed -->\n    <\/ul>\n<\/li>\n<li class=\"menu-item\">\n  <a href=\"https:\/\/programadestinosmexico.com\/en\/arquitectura-colonial-en-tepic\/\">Nayarit <i class=\"fas fa-angle-right desplegable\"><\/i><\/a>\n  <ul class=\"sub-menu\">\n        <li><a href=\"https:\/\/programadestinosmexico.com\/en\/arquitectura-colonial-en-tepic\/\">Tepic<\/a><\/li>\n    <!-- Agrega m\u00e1s elementos de submen\u00fa aqu\u00ed -->\n  <\/ul>\n<\/li>\n<li class=\"menu-item\">\n  <a href=\"https:\/\/programadestinosmexico.com\/en\/arquitectura-colonial-en-puebla\/\">Puebla <i class=\"fas fa-angle-right desplegable\"><\/i><\/a>\n  <ul class=\"sub-menu\">\n    <li><a href=\"https:\/\/programadestinosmexico.com\/en\/arquitectura-colonial-en-puebla\/\">Puebla<\/a><\/li>\n    <li><a href=\"https:\/\/programadestinosmexico.com\/en\/arquitectura-colonial-en-tehuacan\/\">Tehuac\u00e1n<\/a><\/li>\n    <!-- Agrega m\u00e1s elementos de submen\u00fa aqu\u00ed -->\n  <\/ul>\n<\/li>\n<li class=\"menu-item\">\n  <a href=\"https:\/\/programadestinosmexico.com\/en\/arquitectura-colonial-en-queretaro\/\">Quer\u00e9taro <i class=\"fas fa-angle-right desplegable\"><\/i><\/a>\n  <ul class=\"sub-menu\">\n    <li><a href=\"https:\/\/programadestinosmexico.com\/en\/arquitectura-colonial-misiones-de-la-sierra-gorda-en-queretaro\/\">Misiones de la Sierra Gorda<\/a><\/li>\n    <li><a href=\"https:\/\/programadestinosmexico.com\/en\/arquitectura-colonial-en-queretaro\/\">Quer\u00e9taro<\/a><\/li>\n\n    <!-- Agrega m\u00e1s elementos de submen\u00fa aqu\u00ed -->\n  <\/ul>\n<\/li>\n<li class=\"menu-item\">\n  <a href=\"https:\/\/programadestinosmexico.com\/en\/arquitectura-colonial-en-san-luis-potosi\/\">San Luis Potos\u00ed <i class=\"fas fa-angle-right desplegable\"><\/i><\/a>\n  <ul class=\"sub-menu\">\n    <li><a href=\"https:\/\/programadestinosmexico.com\/en\/arquitectura-colonial-en-san-luis-potosi\/\">San Luis Potos\u00ed<\/a><\/li>\n    <!-- Agrega m\u00e1s elementos de submen\u00fa aqu\u00ed -->\n  <\/ul>\n<\/li>\n<li class=\"menu-item\">\n  <a href=\"https:\/\/programadestinosmexico.com\/en\/arquitectura-colonial-en-tlaxcala\/\">Tlaxcala<i class=\"fas fa-angle-right desplegable\"><\/i><\/a>\n  <ul class=\"sub-menu\">\n    <li><a href=\"https:\/\/programadestinosmexico.com\/en\/arquitectura-colonial-en-tlaxcala\/\">Tlaxcala<\/a><\/li>\n    <!-- Agrega m\u00e1s elementos de submen\u00fa aqu\u00ed -->\n  <\/ul>\n<\/li>\n<li class=\"menu-item\">\n  <a href=\"https:\/\/programadestinosmexico.com\/en\/arquitectura-colonial-en-veracruz\/\">Veracruz <i class=\"fas fa-angle-right desplegable\"><\/i><\/a>\n  <ul class=\"sub-menu\">\n    <li><a href=\"https:\/\/programadestinosmexico.com\/en\/arquitectura-colonial-en-cordoba\/\">C\u00f3rdoba<\/a><\/li>\n    <li><a href=\"https:\/\/programadestinosmexico.com\/en\/arquitectura-colonial-en-orizaba\/\">Orizaba<\/a><\/li>\n    <li><a href=\"https:\/\/programadestinosmexico.com\/en\/arquitectura-colonial-en-veracruz\/\">Veracruz<\/a><\/li>\n    <li><a href=\"https:\/\/programadestinosmexico.com\/en\/arquitectura-colonial-en-xalapa\/\">Xalapa<\/a><\/li>\n    <!-- Agrega m\u00e1s elementos de submen\u00fa aqu\u00ed -->\n  <\/ul>\n<\/li>\n<\/ul>\n\n<script>\n  const menuItems = document.querySelectorAll(\".menu-item\");\n  \n  menuItems.forEach(menuItem => {\n    menuItem.addEventListener(\"mouseenter\", () => {\n      const icono = menuItem.querySelector(\".desplegable\");\n      if (icono) {\n        icono.classList.remove(\"fa-angle-right\");\n        icono.classList.add(\"fa-angle-down\");\n      }\n    });\n\n    menuItem.addEventListener(\"mouseleave\", () => {\n      const icono = menuItem.querySelector(\".desplegable\");\n      if (icono) {\n        icono.classList.remove(\"fa-angle-down\");\n        icono.classList.add(\"fa-angle-right\");\n      }\n    });\n  });\n<\/script>\n<\/body>\n<\/html>\n\t\t\t\t<\/div>\n\t\t\t\t<\/div>\n\t\t\t\t<\/div>\n\t\t\t\t<\/div>\n\t\t\t\t<\/div>\n\t\t<div class=\"elementor-element elementor-element-6d43077 e-con-full e-flex e-con e-child\" data-id=\"6d43077\" data-element_type=\"container\" data-e-type=\"container\" data-settings=\"{&quot;jet_parallax_layout_list&quot;:[]}\">\n\t\t<div class=\"elementor-element elementor-element-4817877 e-con-full e-flex e-con e-child\" data-id=\"4817877\" data-element_type=\"container\" data-e-type=\"container\" data-settings=\"{&quot;jet_parallax_layout_list&quot;:[]}\">\n\t\t\t\t<div class=\"elementor-element elementor-element-047bd58 elementor-widget elementor-widget-heading\" data-id=\"047bd58\" data-element_type=\"widget\" data-e-type=\"widget\" data-widget_type=\"heading.default\">\n\t\t\t\t<div class=\"elementor-widget-container\">\n\t\t\t\t\t<h2 class=\"elementor-heading-title elementor-size-default\">Southern Mexico<\/h2>\t\t\t\t<\/div>\n\t\t\t\t<\/div>\n\t\t\t\t<div class=\"elementor-element elementor-element-ff9c837 elementor-widget elementor-widget-html\" data-id=\"ff9c837\" data-element_type=\"widget\" data-e-type=\"widget\" data-widget_type=\"html.default\">\n\t\t\t\t<div class=\"elementor-widget-container\">\n\t\t\t\t\t<!DOCTYPE html>\n<html lang=\"es\">\n<head>\n<meta charset=\"UTF-8\">\n<meta name=\"viewport\" content=\"width=device-width, initial-scale=1.0\">\n<title>Men\u00fa desplegable personalizable<\/title>\n<link rel=\"stylesheet\" href=\"https:\/\/cdnjs.cloudflare.com\/ajax\/libs\/font-awesome\/6.0.0-beta3\/css\/all.min.css\" crossorigin=\"anonymous\" \/>\n<style>\n  body {\n    font-family: Arial, sans-serif;\n  }\n\n  .menu-principal {\n    list-style-type: none;\n    margin: 0;\n    padding: 0;\n    background-color: #33333300;\n    width: 200px;\n  }\n\n  .menu-item {\n    position: relative;\n  }\n\n  .menu-item a {\n    display: block;\n    padding: 8px 16px;\n    color: #5E5E5E;\n    text-decoration: none;\n    line-height: 14px; \/* Cambiado aqu\u00ed *\/\n  }\n\n  .menu-item a:hover {\n    background-color: #11111100;\n    color: #B7BEA0;\n  }\n\n  .sub-menu {\n    display: none;\n    position: relative;\n    list-style-type: none;\n    margin: 0;\n    padding: 0;\n    background-color: #33333300;\n    width: 100%;\n  }\n\n  .sub-menu a {\n    padding: 8px 16px;\n    color: #5E5E5E;\n    text-decoration: none;\n    line-height: 14px; \/* Cambiado aqu\u00ed *\/\n  }\n\n  .sub-menu a:hover {\n    background-color: #11111100;\n    color: #B7BEA0;\n  }\n\n  .menu-item:hover .sub-menu {\n    display: block;\n  }\n\n<\/style>\n<\/head>\n<body>\n\n<ul class=\"menu-principal\">\n  <li class=\"menu-item\">\n    <a href=\"https:\/\/programadestinosmexico.com\/en\/arquitectura-colonial-en-campeche\/\">Campeche <i class=\"fas fa-angle-right desplegable\"><\/i><\/a>\n    <ul class=\"sub-menu\">\n      <li><a href=\"https:\/\/programadestinosmexico.com\/en\/arquitectura-colonial-en-campeche\/\">Campeche<\/a><\/li>\n\n      <!-- Agrega m\u00e1s elementos de submen\u00fa aqu\u00ed -->\n    <\/ul>\n  <\/li>\n<li class=\"menu-item\">\n  <a href=\"https:\/\/programadestinosmexico.com\/en\/arquitectura-colonial-en-san-cristobal-de-las-casas\/\">Chiapas <i class=\"fas fa-angle-right desplegable\"><\/i><\/a>\n  <ul class=\"sub-menu\">\n    <li><a href=\"https:\/\/programadestinosmexico.com\/en\/arquitectura-colonial-en-san-cristobal-de-las-casas\/\"> San Crist\u00f3bal de las Casas<\/a><\/li>\n    <!-- Agrega m\u00e1s elementos de submen\u00fa aqu\u00ed -->\n  <\/ul>\n<\/li>\n<li class=\"menu-item\">\n  <a href=\"https:\/\/programadestinosmexico.com\/en\/arquitectura-colonial-en-taxco\/\">Guerrero <i class=\"fas fa-angle-right desplegable\"><\/i><\/a>\n  <ul class=\"sub-menu\">\n    <li><a href=\"https:\/\/programadestinosmexico.com\/en\/arquitectura-colonial-en-taxco\/\">Taxco<\/a><\/li>\n    \n    <!-- Agrega m\u00e1s elementos de submen\u00fa aqu\u00ed -->\n  <\/ul>\n<\/li>\n<li class=\"menu-item\">\n  <a href=\"https:\/\/programadestinosmexico.com\/en\/arquitectura-colonial-en-oaxaca\/\">Oaxaca <i class=\"fas fa-angle-right desplegable\"><\/i><\/a>\n  <ul class=\"sub-menu\">\n    <li><a href=\"https:\/\/programadestinosmexico.com\/en\/arquitectura-colonial-en-oaxaca\/\">Oaxaca<\/a><\/li>\n    <!-- Agrega m\u00e1s elementos de submen\u00fa aqu\u00ed -->\n  <\/ul>\n<\/li>\n<li class=\"menu-item\">\n  <a href=\"https:\/\/programadestinosmexico.com\/en\/arquitectura-colonial-en-merida\/\">Yucat\u00e1n <i class=\"fas fa-angle-right desplegable\"><\/i><\/a>\n  <ul class=\"sub-menu\">\n    <li><a href=\"https:\/\/programadestinosmexico.com\/en\/arquitectura-colonial-en-merida\/\">M\u00e9rida<\/a><\/li>\n    <li><a href=\"https:\/\/programadestinosmexico.com\/en\/arquitectura-colonial-en-valladolid\/\">Valladolid,<\/a><\/li>\n    <!-- Agrega m\u00e1s elementos de submen\u00fa aqu\u00ed -->\n  <\/ul>\n<\/li>\n<\/ul>\n\n<script>\n  const menuItems = document.querySelectorAll(\".menu-item\");\n  \n  menuItems.forEach(menuItem => {\n    menuItem.addEventListener(\"mouseenter\", () => {\n      const icono = menuItem.querySelector(\".desplegable\");\n      if (icono) {\n        icono.classList.remove(\"fa-angle-right\");\n        icono.classList.add(\"fa-angle-down\");\n      }\n    });\n\n    menuItem.addEventListener(\"mouseleave\", () => {\n      const icono = menuItem.querySelector(\".desplegable\");\n      if (icono) {\n        icono.classList.remove(\"fa-angle-down\");\n        icono.classList.add(\"fa-angle-right\");\n      }\n    });\n  });\n<\/script>\n<\/body>\n<\/html>\n\t\t\t\t<\/div>\n\t\t\t\t<\/div>\n\t\t\t\t<\/div>\n\t\t\t\t<\/div>\n\t\t\t\t<\/div>\n\t\t\t\t\t<\/div>\n\t\t\t\t<\/div>\n\t\t\t\t<\/div>\n\t\t<\/div>\n\t\t\t\t\t\t\t<\/div>\n\t\t\t\t\t\t<\/div>\t\t\t<\/div>\n\t\t<\/div>\n\t\t\t\t\t\t<\/div>\n\t\t\t\t<\/div>\n\t\t\t\t\t<\/div>\n\t\t\t\t<\/div>\n\t\t<div class=\"elementor-element elementor-element-72e14cb e-flex e-con-boxed e-con e-parent\" data-id=\"72e14cb\" data-element_type=\"container\" data-e-type=\"container\" data-settings=\"{&quot;jet_parallax_layout_list&quot;:[]}\">\n\t\t\t\t\t<div class=\"e-con-inner\">\n\t\t<div class=\"elementor-element elementor-element-2c7477b e-flex e-con-boxed e-con e-child\" data-id=\"2c7477b\" data-element_type=\"container\" data-e-type=\"container\" data-settings=\"{&quot;jet_parallax_layout_list&quot;:[],&quot;background_background&quot;:&quot;classic&quot;}\">\n\t\t\t\t\t<div class=\"e-con-inner\">\n\t\t<div class=\"elementor-element elementor-element-d85bcdc e-con-full animated-slow e-flex elementor-invisible e-con e-child\" data-id=\"d85bcdc\" data-element_type=\"container\" data-e-type=\"container\" data-settings=\"{&quot;jet_parallax_layout_list&quot;:[],&quot;animation&quot;:&quot;fadeInLeft&quot;}\">\n\t\t\t\t<div class=\"elementor-element elementor-element-80f916e elementor-widget elementor-widget-heading\" data-id=\"80f916e\" data-element_type=\"widget\" data-e-type=\"widget\" data-widget_type=\"heading.default\">\n\t\t\t\t<div class=\"elementor-widget-container\">\n\t\t\t\t\t<h1 class=\"elementor-heading-title elementor-size-default\">COLONIAL BUILDINGS IN VERACRUZ<\/h1>\t\t\t\t<\/div>\n\t\t\t\t<\/div>\n\t\t\t\t<\/div>\n\t\t\t\t\t<\/div>\n\t\t\t\t<\/div>\n\t\t\t\t\t<\/div>\n\t\t\t\t<\/div>\n\t\t<div class=\"elementor-element elementor-element-e4868be e-flex e-con-boxed e-con e-parent\" data-id=\"e4868be\" data-element_type=\"container\" data-e-type=\"container\" data-settings=\"{&quot;jet_parallax_layout_list&quot;:[]}\">\n\t\t\t\t\t<div class=\"e-con-inner\">\n\t\t<div class=\"elementor-element elementor-element-47fdf4b e-con-full animated-slow e-flex elementor-invisible e-con e-child\" data-id=\"47fdf4b\" data-element_type=\"container\" data-e-type=\"container\" data-settings=\"{&quot;jet_parallax_layout_list&quot;:[],&quot;animation&quot;:&quot;fadeInUp&quot;,&quot;animation_delay&quot;:100}\">\n\t\t\t\t<div class=\"elementor-element elementor-element-d6a9101 imgzoom elementor-position-top elementor-widget elementor-widget-image-box\" data-id=\"d6a9101\" data-element_type=\"widget\" data-e-type=\"widget\" data-widget_type=\"image-box.default\">\n\t\t\t\t<div class=\"elementor-widget-container\">\n\t\t\t\t\t<div class=\"elementor-image-box-wrapper\"><figure class=\"elementor-image-box-img\"><a href=\"https:\/\/programadestinosmexico.com\/en\/palacio-municipal-veracruz\/\" tabindex=\"-1\"><img loading=\"lazy\" decoding=\"async\" width=\"300\" height=\"300\" src=\"https:\/\/programadestinosmexico.com\/wp-content\/uploads\/2023\/10\/Palacio-Municipal-1-1-300x300.jpg\" class=\"attachment-medium size-medium wp-image-43212\" alt=\"\" srcset=\"https:\/\/programadestinosmexico.com\/wp-content\/uploads\/2023\/10\/Palacio-Municipal-1-1-300x300.jpg 300w, https:\/\/programadestinosmexico.com\/wp-content\/uploads\/2023\/10\/Palacio-Municipal-1-1.jpg 591w\" sizes=\"(max-width: 300px) 100vw, 300px\" \/><\/a><\/figure><div class=\"elementor-image-box-content\"><h3 class=\"elementor-image-box-title\"><a href=\"https:\/\/programadestinosmexico.com\/en\/palacio-municipal-veracruz\/\">Palacio Municipal (City Hall)<\/a><\/h3><\/div><\/div>\t\t\t\t<\/div>\n\t\t\t\t<\/div>\n\t\t\t\t<\/div>\n\t\t<div class=\"elementor-element elementor-element-8e1a495 e-con-full animated-slow e-flex elementor-invisible e-con e-child\" data-id=\"8e1a495\" data-element_type=\"container\" data-e-type=\"container\" data-settings=\"{&quot;jet_parallax_layout_list&quot;:[],&quot;animation&quot;:&quot;fadeInUp&quot;,&quot;animation_delay&quot;:100}\">\n\t\t\t\t<div class=\"elementor-element elementor-element-a4f19c1 imgzoom elementor-position-top elementor-widget elementor-widget-image-box\" data-id=\"a4f19c1\" data-element_type=\"widget\" data-e-type=\"widget\" data-widget_type=\"image-box.default\">\n\t\t\t\t<div class=\"elementor-widget-container\">\n\t\t\t\t\t<div class=\"elementor-image-box-wrapper\"><figure class=\"elementor-image-box-img\"><a href=\"https:\/\/programadestinosmexico.com\/en\/centro-cultural-las-ataranzas-veracruz\/\" tabindex=\"-1\"><img loading=\"lazy\" decoding=\"async\" width=\"300\" height=\"300\" src=\"https:\/\/programadestinosmexico.com\/wp-content\/uploads\/2023\/10\/Las-Ataranzas--300x300.jpg\" class=\"attachment-medium size-medium wp-image-43210\" alt=\"\" srcset=\"https:\/\/programadestinosmexico.com\/wp-content\/uploads\/2023\/10\/Las-Ataranzas--300x300.jpg 300w, https:\/\/programadestinosmexico.com\/wp-content\/uploads\/2023\/10\/Las-Ataranzas-.jpg 591w\" sizes=\"(max-width: 300px) 100vw, 300px\" \/><\/a><\/figure><div class=\"elementor-image-box-content\"><h3 class=\"elementor-image-box-title\"><a href=\"https:\/\/programadestinosmexico.com\/en\/centro-cultural-las-ataranzas-veracruz\/\">Centro Cultural Las Ataranzas<\/a><\/h3><\/div><\/div>\t\t\t\t<\/div>\n\t\t\t\t<\/div>\n\t\t\t\t<\/div>\n\t\t<div class=\"elementor-element elementor-element-d1f2ca6 e-con-full animated-slow e-flex elementor-invisible e-con e-child\" data-id=\"d1f2ca6\" data-element_type=\"container\" data-e-type=\"container\" data-settings=\"{&quot;jet_parallax_layout_list&quot;:[],&quot;animation&quot;:&quot;fadeInUp&quot;,&quot;animation_delay&quot;:100}\">\n\t\t\t\t<div class=\"elementor-element elementor-element-563c60e imgzoom elementor-position-top elementor-widget elementor-widget-image-box\" data-id=\"563c60e\" data-element_type=\"widget\" data-e-type=\"widget\" data-widget_type=\"image-box.default\">\n\t\t\t\t<div class=\"elementor-widget-container\">\n\t\t\t\t\t<div class=\"elementor-image-box-wrapper\"><figure class=\"elementor-image-box-img\"><a href=\"https:\/\/programadestinosmexico.com\/en\/archivo-y-biblioteca-historicos-veracruz\/\" tabindex=\"-1\"><img loading=\"lazy\" decoding=\"async\" width=\"300\" height=\"300\" src=\"https:\/\/programadestinosmexico.com\/wp-content\/uploads\/2023\/10\/Archivo-y-Biblioteca-Historicos-de-la-Ciudad-de-Veracruz-300x300.jpg\" class=\"attachment-medium size-medium wp-image-41881\" alt=\"\" srcset=\"https:\/\/programadestinosmexico.com\/wp-content\/uploads\/2023\/10\/Archivo-y-Biblioteca-Historicos-de-la-Ciudad-de-Veracruz-300x300.jpg 300w, https:\/\/programadestinosmexico.com\/wp-content\/uploads\/2023\/10\/Archivo-y-Biblioteca-Historicos-de-la-Ciudad-de-Veracruz.jpg 591w\" sizes=\"(max-width: 300px) 100vw, 300px\" \/><\/a><\/figure><div class=\"elementor-image-box-content\"><h3 class=\"elementor-image-box-title\"><a href=\"https:\/\/programadestinosmexico.com\/en\/archivo-y-biblioteca-historicos-veracruz\/\">Archivo y Biblioteca Hist\u00f3ricos<\/a><\/h3><\/div><\/div>\t\t\t\t<\/div>\n\t\t\t\t<\/div>\n\t\t\t\t<\/div>\n\t\t<div class=\"elementor-element elementor-element-f94b3e0 e-con-full animated-slow e-flex elementor-invisible e-con e-child\" data-id=\"f94b3e0\" data-element_type=\"container\" data-e-type=\"container\" data-settings=\"{&quot;jet_parallax_layout_list&quot;:[],&quot;animation&quot;:&quot;fadeInUp&quot;,&quot;animation_delay&quot;:100}\">\n\t\t\t\t<div class=\"elementor-element elementor-element-63943a7 imgzoom elementor-position-top elementor-widget elementor-widget-image-box\" data-id=\"63943a7\" data-element_type=\"widget\" data-e-type=\"widget\" data-widget_type=\"image-box.default\">\n\t\t\t\t<div class=\"elementor-widget-container\">\n\t\t\t\t\t<div class=\"elementor-image-box-wrapper\"><figure class=\"elementor-image-box-img\"><a href=\"https:\/\/programadestinosmexico.com\/en\/catedral-de-veracruz\/\" tabindex=\"-1\"><img loading=\"lazy\" decoding=\"async\" width=\"300\" height=\"300\" src=\"https:\/\/programadestinosmexico.com\/wp-content\/uploads\/2023\/09\/Catedral-de-Veracruz--300x300.jpg\" class=\"attachment-medium size-medium wp-image-18735\" alt=\"\" srcset=\"https:\/\/programadestinosmexico.com\/wp-content\/uploads\/2023\/09\/Catedral-de-Veracruz--300x300.jpg 300w, https:\/\/programadestinosmexico.com\/wp-content\/uploads\/2023\/09\/Catedral-de-Veracruz-.jpg 591w\" sizes=\"(max-width: 300px) 100vw, 300px\" \/><\/a><\/figure><div class=\"elementor-image-box-content\"><h3 class=\"elementor-image-box-title\"><a href=\"https:\/\/programadestinosmexico.com\/en\/catedral-de-veracruz\/\">Catedral de Veracruz<\/a><\/h3><\/div><\/div>\t\t\t\t<\/div>\n\t\t\t\t<\/div>\n\t\t\t\t<\/div>\n\t\t\t\t\t<\/div>\n\t\t\t\t<\/div>\n\t\t<div class=\"elementor-element elementor-element-6b7b261 e-flex e-con-boxed e-con e-parent\" data-id=\"6b7b261\" data-element_type=\"container\" data-e-type=\"container\" data-settings=\"{&quot;jet_parallax_layout_list&quot;:[]}\">\n\t\t\t\t\t<div class=\"e-con-inner\">\n\t\t<div class=\"elementor-element elementor-element-74f5c59 e-con-full animated-slow e-flex elementor-invisible e-con e-child\" data-id=\"74f5c59\" data-element_type=\"container\" data-e-type=\"container\" data-settings=\"{&quot;jet_parallax_layout_list&quot;:[],&quot;animation&quot;:&quot;fadeInUp&quot;,&quot;animation_delay&quot;:100}\">\n\t\t\t\t<div class=\"elementor-element elementor-element-47d9b00 imgzoom elementor-position-top elementor-widget elementor-widget-image-box\" data-id=\"47d9b00\" data-element_type=\"widget\" data-e-type=\"widget\" data-widget_type=\"image-box.default\">\n\t\t\t\t<div class=\"elementor-widget-container\">\n\t\t\t\t\t<div class=\"elementor-image-box-wrapper\"><figure class=\"elementor-image-box-img\"><a href=\"https:\/\/programadestinosmexico.com\/en\/museo-de-sitio-baluarte-de-santiago-veracruz\/\" tabindex=\"-1\"><img loading=\"lazy\" decoding=\"async\" width=\"300\" height=\"300\" src=\"https:\/\/programadestinosmexico.com\/wp-content\/uploads\/2023\/10\/Baluarte-de-Santiago-1-300x300.jpg\" class=\"attachment-medium size-medium wp-image-43205\" alt=\"\" srcset=\"https:\/\/programadestinosmexico.com\/wp-content\/uploads\/2023\/10\/Baluarte-de-Santiago-1-300x300.jpg 300w, https:\/\/programadestinosmexico.com\/wp-content\/uploads\/2023\/10\/Baluarte-de-Santiago-1.jpg 591w\" sizes=\"(max-width: 300px) 100vw, 300px\" \/><\/a><\/figure><div class=\"elementor-image-box-content\"><h3 class=\"elementor-image-box-title\"><a href=\"https:\/\/programadestinosmexico.com\/en\/museo-de-sitio-baluarte-de-santiago-veracruz\/\">Museo Baluarte de Santiago<\/a><\/h3><\/div><\/div>\t\t\t\t<\/div>\n\t\t\t\t<\/div>\n\t\t\t\t<\/div>\n\t\t<div class=\"elementor-element elementor-element-c83f4df e-con-full animated-slow e-flex elementor-invisible e-con e-child\" data-id=\"c83f4df\" data-element_type=\"container\" data-e-type=\"container\" data-settings=\"{&quot;jet_parallax_layout_list&quot;:[],&quot;animation&quot;:&quot;fadeInUp&quot;,&quot;animation_delay&quot;:100}\">\n\t\t\t\t<div class=\"elementor-element elementor-element-149ec73 imgzoom elementor-position-top elementor-widget elementor-widget-image-box\" data-id=\"149ec73\" data-element_type=\"widget\" data-e-type=\"widget\" data-widget_type=\"image-box.default\">\n\t\t\t\t<div class=\"elementor-widget-container\">\n\t\t\t\t\t<div class=\"elementor-image-box-wrapper\"><figure class=\"elementor-image-box-img\"><a href=\"https:\/\/programadestinosmexico.com\/en\/museo-del-fuerte-de-san-juan-de-ulua-veracruz\/\" tabindex=\"-1\"><img loading=\"lazy\" decoding=\"async\" width=\"300\" height=\"300\" src=\"https:\/\/programadestinosmexico.com\/wp-content\/uploads\/2023\/10\/San-Juan-de-Ulua--300x300.jpg\" class=\"attachment-medium size-medium wp-image-43214\" alt=\"\" srcset=\"https:\/\/programadestinosmexico.com\/wp-content\/uploads\/2023\/10\/San-Juan-de-Ulua--300x300.jpg 300w, https:\/\/programadestinosmexico.com\/wp-content\/uploads\/2023\/10\/San-Juan-de-Ulua-.jpg 591w\" sizes=\"(max-width: 300px) 100vw, 300px\" \/><\/a><\/figure><div class=\"elementor-image-box-content\"><h3 class=\"elementor-image-box-title\"><a href=\"https:\/\/programadestinosmexico.com\/en\/museo-del-fuerte-de-san-juan-de-ulua-veracruz\/\">Museo del Fuerte de San Juan de Ul\u00faa<\/a><\/h3><\/div><\/div>\t\t\t\t<\/div>\n\t\t\t\t<\/div>\n\t\t\t\t<\/div>\n\t\t\t\t\t<\/div>\n\t\t\t\t<\/div>\n\t\t<div class=\"elementor-element elementor-element-4d0184f e-flex e-con-boxed e-con e-parent\" data-id=\"4d0184f\" data-element_type=\"container\" data-e-type=\"container\" data-settings=\"{&quot;jet_parallax_layout_list&quot;:[],&quot;background_background&quot;:&quot;classic&quot;}\">\n\t\t\t\t\t<div class=\"e-con-inner\">\n\t\t\t\t<div class=\"elementor-element elementor-element-eedbcf7 elementor-widget elementor-widget-heading\" data-id=\"eedbcf7\" data-element_type=\"widget\" data-e-type=\"widget\" data-widget_type=\"heading.default\">\n\t\t\t\t<div class=\"elementor-widget-container\">\n\t\t\t\t\t<h2 class=\"elementor-heading-title elementor-size-default\"><a href=\"https:\/\/programadestinosmexico.civitatis.com\/es\/veracruz\/\" target=\"_blank\" rel=\"noopener\">VERACRUZ  Top Tours &amp; Activities<\/a><\/h2>\t\t\t\t<\/div>\n\t\t\t\t<\/div>\n\t\t\t\t\t<\/div>\n\t\t\t\t<\/div>\n\t\t<div class=\"elementor-element elementor-element-e550e34 e-flex e-con-boxed e-con e-parent\" data-id=\"e550e34\" data-element_type=\"container\" data-e-type=\"container\" data-settings=\"{&quot;background_background&quot;:&quot;classic&quot;,&quot;jet_parallax_layout_list&quot;:[]}\">\n\t\t\t\t\t<div class=\"e-con-inner\">\n\t\t\t\t<div class=\"elementor-element elementor-element-307566b elementor-widget elementor-widget-heading\" data-id=\"307566b\" data-element_type=\"widget\" data-e-type=\"widget\" data-widget_type=\"heading.default\">\n\t\t\t\t<div class=\"elementor-widget-container\">\n\t\t\t\t\t<h2 class=\"elementor-heading-title elementor-size-default\"><a href=\"https:\/\/reservar.programadestinosmexico.com\">PLAN YOUR TRIP<\/a><\/h2>\t\t\t\t<\/div>\n\t\t\t\t<\/div>\n\t\t\t\t\t<\/div>\n\t\t\t\t<\/div>\n\t\t<div class=\"elementor-element elementor-element-4670261 e-flex e-con-boxed e-con e-parent\" data-id=\"4670261\" data-element_type=\"container\" data-e-type=\"container\" data-settings=\"{&quot;jet_parallax_layout_list&quot;:[],&quot;background_background&quot;:&quot;classic&quot;}\">\n\t\t\t\t\t<div class=\"e-con-inner\">\n\t\t<div class=\"elementor-element elementor-element-6578189 e-con-full animated-slow e-flex elementor-invisible e-con e-child\" data-id=\"6578189\" data-element_type=\"container\" data-e-type=\"container\" data-settings=\"{&quot;jet_parallax_layout_list&quot;:[],&quot;animation&quot;:&quot;fadeInUp&quot;}\">\n\t\t\t\t<div class=\"elementor-element elementor-element-b5440c1 elementor-widget elementor-widget-image\" data-id=\"b5440c1\" data-element_type=\"widget\" data-e-type=\"widget\" data-widget_type=\"image.default\">\n\t\t\t\t<div class=\"elementor-widget-container\">\n\t\t\t\t\t\t\t\t\t\t\t\t\t\t\t\t<a href=\"https:\/\/reservar.programadestinosmexico.com\/puerto-de-veracruz\/hoteles\">\n\t\t\t\t\t\t\t<img loading=\"lazy\" decoding=\"async\" width=\"768\" height=\"510\" src=\"https:\/\/programadestinosmexico.com\/wp-content\/uploads\/2023\/09\/image-1366-768x510.jpeg\" class=\"attachment-medium_large size-medium_large wp-image-23638\" alt=\"\" srcset=\"https:\/\/programadestinosmexico.com\/wp-content\/uploads\/2023\/09\/image-1366-768x510.jpeg 768w, https:\/\/programadestinosmexico.com\/wp-content\/uploads\/2023\/09\/image-1366-300x199.jpeg 300w, https:\/\/programadestinosmexico.com\/wp-content\/uploads\/2023\/09\/image-1366-1024x680.jpeg 1024w, https:\/\/programadestinosmexico.com\/wp-content\/uploads\/2023\/09\/image-1366-1536x1020.jpeg 1536w, https:\/\/programadestinosmexico.com\/wp-content\/uploads\/2023\/09\/image-1366-2048x1360.jpeg 2048w\" sizes=\"(max-width: 768px) 100vw, 768px\" \/>\t\t\t\t\t\t\t\t<\/a>\n\t\t\t\t\t\t\t\t\t\t\t\t\t\t\t<\/div>\n\t\t\t\t<\/div>\n\t\t\t\t<\/div>\n\t\t<div class=\"elementor-element elementor-element-819f812 e-con-full animated-slow e-flex elementor-invisible e-con e-child\" data-id=\"819f812\" data-element_type=\"container\" data-e-type=\"container\" data-settings=\"{&quot;jet_parallax_layout_list&quot;:[],&quot;animation&quot;:&quot;fadeInRight&quot;,&quot;background_background&quot;:&quot;classic&quot;}\">\n\t\t\t\t<div class=\"elementor-element elementor-element-a456129 elementor-widget elementor-widget-heading\" data-id=\"a456129\" data-element_type=\"widget\" data-e-type=\"widget\" data-widget_type=\"heading.default\">\n\t\t\t\t<div class=\"elementor-widget-container\">\n\t\t\t\t\t<h2 class=\"elementor-heading-title elementor-size-default\"><a href=\"https:\/\/reservar.programadestinosmexico.com\/puerto-de-veracruz\/hoteles\">Where to Stay in Veracruz<\/a><\/h2>\t\t\t\t<\/div>\n\t\t\t\t<\/div>\n\t\t\t\t<div class=\"elementor-element elementor-element-770c5ea elementor-widget elementor-widget-heading\" data-id=\"770c5ea\" data-element_type=\"widget\" data-e-type=\"widget\" data-widget_type=\"heading.default\">\n\t\t\t\t<div class=\"elementor-widget-container\">\n\t\t\t\t\t<h2 class=\"elementor-heading-title elementor-size-default\"><a href=\"https:\/\/reservar.programadestinosmexico.com\/puerto-de-veracruz\/hoteles\">Up to<\/a><\/h2>\t\t\t\t<\/div>\n\t\t\t\t<\/div>\n\t\t\t\t<div class=\"elementor-element elementor-element-d2e8de5 elementor-widget elementor-widget-heading\" data-id=\"d2e8de5\" data-element_type=\"widget\" data-e-type=\"widget\" data-widget_type=\"heading.default\">\n\t\t\t\t<div class=\"elementor-widget-container\">\n\t\t\t\t\t<h2 class=\"elementor-heading-title elementor-size-default\"><a href=\"https:\/\/reservar.programadestinosmexico.com\/puerto-de-veracruz\/hoteles\">45%<\/a><\/h2>\t\t\t\t<\/div>\n\t\t\t\t<\/div>\n\t\t\t\t<div class=\"elementor-element elementor-element-5239a41 elementor-widget elementor-widget-heading\" data-id=\"5239a41\" data-element_type=\"widget\" data-e-type=\"widget\" data-widget_type=\"heading.default\">\n\t\t\t\t<div class=\"elementor-widget-container\">\n\t\t\t\t\t<h2 class=\"elementor-heading-title elementor-size-default\"><a href=\"https:\/\/reservar.programadestinosmexico.com\/puerto-de-veracruz\/hoteles\">Off<\/a><\/h2>\t\t\t\t<\/div>\n\t\t\t\t<\/div>\n\t\t\t\t<\/div>\n\t\t\t\t\t<\/div>\n\t\t\t\t<\/div>\n\t\t<div class=\"elementor-element elementor-element-f6504bc e-flex e-con-boxed e-con e-parent\" data-id=\"f6504bc\" data-element_type=\"container\" data-e-type=\"container\" data-settings=\"{&quot;background_background&quot;:&quot;classic&quot;,&quot;jet_parallax_layout_list&quot;:[]}\">\n\t\t\t\t\t<div class=\"e-con-inner\">\n\t\t\t\t<div class=\"elementor-element elementor-element-dfe8df7 elementor-widget elementor-widget-heading\" data-id=\"dfe8df7\" data-element_type=\"widget\" data-e-type=\"widget\" data-widget_type=\"heading.default\">\n\t\t\t\t<div class=\"elementor-widget-container\">\n\t\t\t\t\t<h2 class=\"elementor-heading-title elementor-size-default\"><a href=\"https:\/\/reservar.programadestinosmexico.com\">TAKE ADVANTAGE OF THE BEST OFFERS<\/a><\/h2>\t\t\t\t<\/div>\n\t\t\t\t<\/div>\n\t\t\t\t\t<\/div>\n\t\t\t\t<\/div>\n\t\t<div class=\"elementor-element elementor-element-9506492 e-flex e-con-boxed e-con e-parent\" data-id=\"9506492\" data-element_type=\"container\" data-e-type=\"container\" data-settings=\"{&quot;jet_parallax_layout_list&quot;:[]}\">\n\t\t\t\t\t<div class=\"e-con-inner\">\n\t\t<div class=\"elementor-element elementor-element-9d4f833 e-con-full animated-slow e-flex elementor-invisible e-con e-child\" data-id=\"9d4f833\" data-element_type=\"container\" data-e-type=\"container\" data-settings=\"{&quot;jet_parallax_layout_list&quot;:[],&quot;animation&quot;:&quot;fadeInUp&quot;}\">\n\t\t\t\t<div class=\"elementor-element elementor-element-31e414d elementor-widget elementor-widget-image\" data-id=\"31e414d\" data-element_type=\"widget\" data-e-type=\"widget\" data-widget_type=\"image.default\">\n\t\t\t\t<div class=\"elementor-widget-container\">\n\t\t\t\t\t\t\t\t\t\t\t\t\t\t\t\t<a href=\"https:\/\/programadestinosmexico.com\/en\/que-ver-y-hacer-en-veracruz\/\">\n\t\t\t\t\t\t\t<img loading=\"lazy\" decoding=\"async\" width=\"709\" height=\"471\" src=\"https:\/\/programadestinosmexico.com\/wp-content\/uploads\/2023\/09\/VERACRUZ.jpg\" class=\"attachment-medium_large size-medium_large wp-image-18587\" alt=\"\" srcset=\"https:\/\/programadestinosmexico.com\/wp-content\/uploads\/2023\/09\/VERACRUZ.jpg 709w, https:\/\/programadestinosmexico.com\/wp-content\/uploads\/2023\/09\/VERACRUZ-300x199.jpg 300w\" sizes=\"(max-width: 709px) 100vw, 709px\" \/>\t\t\t\t\t\t\t\t<\/a>\n\t\t\t\t\t\t\t\t\t\t\t\t\t\t\t<\/div>\n\t\t\t\t<\/div>\n\t\t\t\t<\/div>\n\t\t<div class=\"elementor-element elementor-element-aeaf67e e-con-full animated-slow e-flex elementor-invisible e-con e-child\" data-id=\"aeaf67e\" data-element_type=\"container\" data-e-type=\"container\" data-settings=\"{&quot;jet_parallax_layout_list&quot;:[],&quot;animation&quot;:&quot;fadeInRight&quot;}\">\n\t\t\t\t<div class=\"elementor-element elementor-element-2d855e1 elementor-widget elementor-widget-heading\" data-id=\"2d855e1\" data-element_type=\"widget\" data-e-type=\"widget\" data-widget_type=\"heading.default\">\n\t\t\t\t<div class=\"elementor-widget-container\">\n\t\t\t\t\t<h2 class=\"elementor-heading-title elementor-size-default\"><a href=\"https:\/\/programadestinosmexico.com\/en\/que-ver-y-hacer-en-veracruz\/\">WHAT TO SEE &amp; DO IN VERACRUZ<\/a><\/h2>\t\t\t\t<\/div>\n\t\t\t\t<\/div>\n\t\t\t\t<div class=\"elementor-element elementor-element-b6fb13a elementor-widget elementor-widget-text-editor\" data-id=\"b6fb13a\" data-element_type=\"widget\" data-e-type=\"widget\" data-widget_type=\"text-editor.default\">\n\t\t\t\t<div class=\"elementor-widget-container\">\n\t\t\t\t\t\t\t\t\t<p>HISTORIC PORT WITH A UNIQUE MIX OF CULTURES AND FLAVORS<\/p><h2>\u00a0<\/h2>\t\t\t\t\t\t\t\t<\/div>\n\t\t\t\t<\/div>\n\t\t\t\t<\/div>\n\t\t\t\t\t<\/div>\n\t\t\t\t<\/div>\n\t\t<div class=\"elementor-element elementor-element-4640e6a e-flex e-con-boxed e-con e-parent\" data-id=\"4640e6a\" data-element_type=\"container\" data-e-type=\"container\" data-settings=\"{&quot;jet_parallax_layout_list&quot;:[],&quot;background_background&quot;:&quot;classic&quot;}\">\n\t\t\t\t\t<div class=\"e-con-inner\">\n\t\t<div class=\"elementor-element elementor-element-256bfc4 e-con-full animated-slow e-flex elementor-invisible e-con e-child\" data-id=\"256bfc4\" data-element_type=\"container\" data-e-type=\"container\" data-settings=\"{&quot;jet_parallax_layout_list&quot;:[],&quot;animation&quot;:&quot;fadeInUp&quot;}\">\n\t\t\t\t<div class=\"elementor-element elementor-element-00936e1 elementor-widget elementor-widget-image\" data-id=\"00936e1\" data-element_type=\"widget\" data-e-type=\"widget\" data-widget_type=\"image.default\">\n\t\t\t\t<div class=\"elementor-widget-container\">\n\t\t\t\t\t\t\t\t\t\t\t\t\t\t\t\t<a href=\"https:\/\/programadestinosmexico.com\/en\/guias-turisticas-de-mexico\/\">\n\t\t\t\t\t\t\t<img loading=\"lazy\" decoding=\"async\" width=\"768\" height=\"510\" src=\"https:\/\/programadestinosmexico.com\/wp-content\/uploads\/2023\/10\/ARQUITECTURA-COLONIAL-VERACRUZ-1-768x510.jpg\" class=\"attachment-medium_large size-medium_large wp-image-44077\" alt=\"\" srcset=\"https:\/\/programadestinosmexico.com\/wp-content\/uploads\/2023\/10\/ARQUITECTURA-COLONIAL-VERACRUZ-1-768x510.jpg 768w, https:\/\/programadestinosmexico.com\/wp-content\/uploads\/2023\/10\/ARQUITECTURA-COLONIAL-VERACRUZ-1-300x199.jpg 300w, https:\/\/programadestinosmexico.com\/wp-content\/uploads\/2023\/10\/ARQUITECTURA-COLONIAL-VERACRUZ-1-1024x680.jpg 1024w, https:\/\/programadestinosmexico.com\/wp-content\/uploads\/2023\/10\/ARQUITECTURA-COLONIAL-VERACRUZ-1-1536x1020.jpg 1536w, https:\/\/programadestinosmexico.com\/wp-content\/uploads\/2023\/10\/ARQUITECTURA-COLONIAL-VERACRUZ-1-2048x1360.jpg 2048w\" sizes=\"(max-width: 768px) 100vw, 768px\" \/>\t\t\t\t\t\t\t\t<\/a>\n\t\t\t\t\t\t\t\t\t\t\t\t\t\t\t<\/div>\n\t\t\t\t<\/div>\n\t\t\t\t<\/div>\n\t\t<div class=\"elementor-element elementor-element-b95ad65 e-con-full animated-slow e-flex elementor-invisible e-con e-child\" data-id=\"b95ad65\" data-element_type=\"container\" data-e-type=\"container\" data-settings=\"{&quot;jet_parallax_layout_list&quot;:[],&quot;animation&quot;:&quot;fadeInRight&quot;,&quot;background_background&quot;:&quot;classic&quot;}\">\n\t\t\t\t<div class=\"elementor-element elementor-element-827c967 elementor-widget elementor-widget-heading\" data-id=\"827c967\" data-element_type=\"widget\" data-e-type=\"widget\" data-widget_type=\"heading.default\">\n\t\t\t\t<div class=\"elementor-widget-container\">\n\t\t\t\t\t<h2 class=\"elementor-heading-title elementor-size-default\"><a href=\"https:\/\/programadestinosmexico.com\/en\/guias-turisticas-de-mexico\/\">Download your Free Travel Guide<\/a><\/h2>\t\t\t\t<\/div>\n\t\t\t\t<\/div>\n\t\t\t\t<div class=\"elementor-element elementor-element-edf9123 elementor-widget elementor-widget-text-editor\" data-id=\"edf9123\" data-element_type=\"widget\" data-e-type=\"widget\" data-widget_type=\"text-editor.default\">\n\t\t\t\t<div class=\"elementor-widget-container\">\n\t\t\t\t\t\t\t\t\t<p>and enjoy an unforgettable vacation<\/p>\t\t\t\t\t\t\t\t<\/div>\n\t\t\t\t<\/div>\n\t\t\t\t<div class=\"elementor-element elementor-element-a98dcbb elementor-widget elementor-widget-jet-button\" data-id=\"a98dcbb\" data-element_type=\"widget\" data-e-type=\"widget\" data-widget_type=\"jet-button.default\">\n\t\t\t\t<div class=\"elementor-widget-container\">\n\t\t\t\t\t<div class=\"elementor-jet-button jet-elements\"><div class=\"jet-button__container\">\n\t<a class=\"jet-button__instance jet-button__instance--icon-right hover-effect-0\" href=\"https:\/\/programadestinosmexico.com\/en\/guias-turisticas-de-mexico\/\">\n\t\t<div class=\"jet-button__plane jet-button__plane-normal\"><\/div>\n\t\t<div class=\"jet-button__plane jet-button__plane-hover\"><\/div>\n\t\t<div class=\"jet-button__state jet-button__state-normal\">\n\t\t\t<span class=\"jet-button__icon jet-elements-icon\"><i aria-hidden=\"true\" class=\"fas fa-arrow-right\"><\/i><\/span><span class=\"jet-button__label\">Click Here<\/span>\t\t<\/div>\n\t\t<div class=\"jet-button__state jet-button__state-hover\">\n\t\t\t<span class=\"jet-button__icon jet-elements-icon\"><i aria-hidden=\"true\" class=\"fas fa-arrow-right\"><\/i><\/span><span class=\"jet-button__label\">Click Here<\/span>\t\t<\/div>\n\t<\/a>\n<\/div>\n<\/div>\t\t\t\t<\/div>\n\t\t\t\t<\/div>\n\t\t\t\t<\/div>\n\t\t\t\t\t<\/div>\n\t\t\t\t<\/div>\n\t\t\t\t<\/div>","protected":false},"excerpt":{"rendered":"<p>DESCUBRE LA ARQUITECTURA COLONIAL POR DESTINO Campeche Ciudad de M\u00e9xico Tlaxcala Norte Men\u00fa desplegable personalizable Baja California Sitios Misionales Baja California Sur Sitios Misionales Chihuahua Chihuahua Coahuila Saltillo Durango Durango Zacatecas Zacatecas Centro Men\u00fa desplegable personalizable Aguascalientes Aguascalientes Ciudad de M\u00e9xico Ciudad de M\u00e9xico Estado de M\u00e9xico Toluca Guanajuato Celaya Guanajuato Irapuato<\/p>","protected":false},"author":2,"featured_media":41885,"parent":0,"menu_order":0,"comment_status":"closed","ping_status":"closed","template":"","meta":{"om_disable_all_campaigns":false,"_monsterinsights_skip_tracking":false,"_monsterinsights_sitenote_active":false,"_monsterinsights_sitenote_note":"","_monsterinsights_sitenote_category":0,"footnotes":""},"class_list":["post-43181","page","type-page","status-publish","has-post-thumbnail","hentry"],"_links":{"self":[{"href":"https:\/\/programadestinosmexico.com\/en\/wp-json\/wp\/v2\/pages\/43181","targetHints":{"allow":["GET"]}}],"collection":[{"href":"https:\/\/programadestinosmexico.com\/en\/wp-json\/wp\/v2\/pages"}],"about":[{"href":"https:\/\/programadestinosmexico.com\/en\/wp-json\/wp\/v2\/types\/page"}],"author":[{"embeddable":true,"href":"https:\/\/programadestinosmexico.com\/en\/wp-json\/wp\/v2\/users\/2"}],"replies":[{"embeddable":true,"href":"https:\/\/programadestinosmexico.com\/en\/wp-json\/wp\/v2\/comments?post=43181"}],"version-history":[{"count":56,"href":"https:\/\/programadestinosmexico.com\/en\/wp-json\/wp\/v2\/pages\/43181\/revisions"}],"predecessor-version":[{"id":165038,"href":"https:\/\/programadestinosmexico.com\/en\/wp-json\/wp\/v2\/pages\/43181\/revisions\/165038"}],"wp:featuredmedia":[{"embeddable":true,"href":"https:\/\/programadestinosmexico.com\/en\/wp-json\/wp\/v2\/media\/41885"}],"wp:attachment":[{"href":"https:\/\/programadestinosmexico.com\/en\/wp-json\/wp\/v2\/media?parent=43181"}],"curies":[{"name":"wp","href":"https:\/\/api.w.org\/{rel}","templated":true}]}}